{"version":"1.0","provider_name":"Sport24","provider_url":"https:\/\/sport24.24.hu","author_name":"Bruckner G\u00e1bor","author_url":"https:\/\/sport24.24.hu\/author\/brucknerg\/","title":"Elpuszt\u00edtja vagy felemeli az olasz focit, ha elt\u00f6rlik a l\u00e9gi\u00f3sok fizet\u00e9s\u00e9nek ad\u00f3kedvezm\u00e9ny\u00e9t?","html":"A Premier League \u00e9s a La Liga brut\u00e1lis f\u00f6l\u00e9ny\u00e9t l\u00e1tva Olaszorsz\u00e1gban \u00fagy pr\u00f3b\u00e1lt\u00e1k meg seg\u00edteni a nagy klubok felz\u00e1rk\u00f3z\u00e1s\u00e1t a nemzetk\u00f6zi \u00e9lmez\u0151nyh\u00f6z, hogy \u2013 hasonl\u00f3an a spanyolokn\u00e1l is l\u00e9tez\u0151 szab\u00e1lyoz\u00e1shoz \u2013 50 sz\u00e1zal\u00e9kos ad\u00f3kedvezm\u00e9nyt biztos\u00edtottak a k\u00fclf\u00f6ldr\u0151l \u00e9rkez\u0151 j\u00e1t\u00e9kosok fizet\u00e9s\u00e9hez. Az elgondol\u00e1s az volt, hogy ha venni nem is tudnak vil\u00e1gszt\u00e1rokat az olasz gig\u00e1szok, legal\u00e1bb a lej\u00e1r\u00f3 szerz\u0151d\u00e9s\u0171, vagy probl\u00e9m\u00e1s st\u00e1tusz\u00fa klasszisokat\r\n\r\n<span class=\"highlight-block\">kihal\u00e1szhass\u00e1k a zavarosb\u00f3l a versenyk\u00e9pes fizet\u00e9ssel.<\/span>\r\n\r\nTekintve, hogy olasz csapat legut\u00f3bb 2010-ben tudott nagy nemzetk\u00f6zi tr\u00f3fe\u00e1t nyerni (eln\u00e9z\u00e9st, de <a href=\"https:\/\/rangado.24.hu\/nemzetkozi_foci\/2022\/05\/25\/konferencia-liga-roma-feyenoord-donto\/\">az AS Roma \u00e1ltal tavaly elnyert Konferencia Lig\u00e1t<\/a> nem tudom ide sorolni), r\u00e1f\u00e9rt az er\u0151s\u00edt\u00e9s a klubokra, amelyek nem is t\u00e9tlenkedtek. A szab\u00e1lyoz\u00e1s \u00e9letbe l\u00e9p\u00e9s\u00e9nek k\u00f6sz\u00f6nhet\u0151en tudta a Juve elhozni <strong>Cristiano Ronald\u00f3t<\/strong>, <strong>Paul Pogb\u00e1t<\/strong> \u00e9s <strong>Angel Di Mari\u00e1t<\/strong>, az Inter <strong>Romelu Lukakut<\/strong>, a Milan <strong>Zlatan Ibrahimovicot<\/strong> \u00e9s <strong>Luka Jovicot<\/strong>, a Roma pedig t\u00f6bbek k\u00f6z\u00f6tt <strong>Jos\u00e9 Mourinh\u00f3t<\/strong>. Sokra nem ment vele egyik sem, de ez m\u00e1r nem a szab\u00e1lyokon m\u00falt.\r\n\r\n[caption id=\"attachment_11469\" align=\"alignnone\" width=\"3000\"]<img class=\"size-full wp-image-11469\" src=\"https:\/\/sport24.24.hu\/app\/uploads\/sites\/24\/2023\/12\/mourinho.jpg\" alt=\"\" width=\"3000\" height=\"2000\" \/> Jos\u00e9 Mourinho, az AS Roma vezet\u0151edz\u0151je.[\/caption]\r\n<h2>Internazionale \u2013 nem csak Mil\u00e1n\u00f3ban<\/h2>\r\nA l\u00e9gi\u00f3sok k\u00e9rd\u00e9se mindig is sarkalatos pontja volt az olasz futballnak. Hol tiltott\u00e1k, hol k\u00e9t-, majd h\u00e1rom f\u0151ben maxim\u00e1lt\u00e1k a k\u00fclf\u00f6ldiek l\u00e9tsz\u00e1m\u00e1t, v\u00e9g\u00fcl 1997-ben feloldott\u00e1k a korl\u00e1toz\u00e1sokat, \u00e9s a Serie A-t el\u00f6z\u00f6nl\u00f6tt\u00e9k a l\u00e9gi\u00f3sok. Akkoriban az\u00e9rt m\u00e1s szelek f\u00fajtak, hiszen minden vil\u00e1gszt\u00e1r Olaszorsz\u00e1gban akart j\u00e1tszani, \u00e9s ez a Premier League el\u0151ret\u00f6r\u00e9s\u00e9ig \u00edgy is maradt. A 2010-es \u00e9vekre nagyot fordult a vil\u00e1g, a t\u0151keer\u0151s t\u00e1mogat\u00f3k (ezek ekkort\u00e1jt m\u00e1r olajhercegeket, oligarch\u00e1kat \u00e9s esetenk\u00e9nt a k\u00ednai korm\u00e1nyt jelentett\u00e9k) hi\u00e1ny\u00e1ban az olasz klubok vesz\u00edtettek a s\u00falyukb\u00f3l a nemzetk\u00f6zi porondon, ezt pr\u00f3b\u00e1lt\u00e1k meg kompenz\u00e1lni a honaty\u00e1k a N\u00f6veked\u00e9si Dekr\u00e9tum n\u00e9vre keresztelt szab\u00e1lyoz\u00e1ssal.\r\n\r\nAz ad\u00f3szab\u00e1lyok v\u00e1ltoz\u00e1s\u00e1nak az els\u0151 pillanatt\u00f3l kezdve akadtak ellenz\u0151i,\r\n\r\n<span class=\"highlight-block\">a leghangosabban a j\u00e1t\u00e9kosok szakszervezete kukor\u00e9kolt, <\/span>\r\n\r\nmondv\u00e1n, ha olcs\u00f3bb l\u00e9gi\u00f3sokat hozni, akkor nemcsak a tehets\u00e9ges olasz fiatalok helyzete lehetetlen\u00fcl el, hanem az ut\u00e1np\u00f3tl\u00e1sra ford\u00edtand\u00f3 er\u0151forr\u00e1sok is elapadnak. Mondanom sem kell, \u00edgy is lett.\r\n\r\nTekintve, hogy az olasz v\u00e1logatott zsin\u00f3rban k\u00e9t vil\u00e1gbajnoks\u00e1got volt k\u00e9nytelen ki\u00fclni, \u00e9s az \u00e9ppen lez\u00e1rult Eb-selejtez\u0151kben is v\u00e9rt izzadva harcolta ki a hely\u00e9t a torn\u00e1n, megvolt a kell\u0151 mun\u00edci\u00f3 a t\u00f6rv\u00e9ny ellenz\u0151inek a kez\u00e9ben, akik az ut\u00f3bbi hetekben \u00f3ri\u00e1si lobbiharcot folytattak <strong>Andrea Abodi<\/strong> sportminisztern\u00e9l. Az m\u00e1r hossz\u00fa ideje tudott volt, hogy a szab\u00e1lyt megsz\u00fcntetik, de a klubok addig nyomultak, m\u00edg \u00edg\u00e9retet kaptak r\u00e1, hogy csak 2024 febru\u00e1rj\u00e1ban \u2013 az \u00e1tigazol\u00e1si id\u0151szak v\u00e9g\u00e9n \u2013 helyezik hat\u00e1lyon k\u00edv\u00fclre azt. A kr\u0151zusok v\u00e9lhet\u0151en \u00fagy k\u00e9sz\u00fcltek, hogy alaposan megnyomj\u00e1k a t\u00e9li \u00e1tigazol\u00e1si piacot, hiszen akit a hat\u00e1rid\u0151 lej\u00e1rt\u00e1ig szerz\u0151dtetnek, arra \u00f6t \u00e9vig m\u00e9g vonatkoznak a fizet\u00e9sk\u00f6nny\u00edt\u0151 szab\u00e1lyok. A minisztertan\u00e1cs azonban mindenkit lesokkolt, amikor kider\u00fclt, nincs hosszabb\u00edt\u00e1s, a szab\u00e1ly december 31-\u00e9n \u00e9rv\u00e9ny\u00e9t veszti.\r\n<h2>Beindult a sirat\u00f3asszony-k\u00f3rus<\/h2>\r\n\u201eA hat\u00e1rozat, amennyiben hivataloss\u00e1 v\u00e1lik, pontosan ellent\u00e9tes eredm\u00e9nyt hoz majd a d\u00f6nt\u00e9shoz\u00f3k sz\u00e1nd\u00e9k\u00e1val\u201d \u2013 zokogja az \u00e9terbe b\u00e1nat\u00e1t a Lega Serie A. Az els\u0151 oszt\u00e1ly\u00fa csapatokat t\u00f6m\u00f6r\u00edt\u0151 liga \u00e9rvel\u00e9se szerint a v\u00e1ltoztat\u00e1s eredm\u00e9nye az lesz, hogy nemzetk\u00f6zi szinten versenyk\u00e9ptelenebbek lesznek az olasz csapatok, amelyek \u00edgy kevesebb bev\u00e9telt is fognak termelni, \u00e9s \u00edgy kevesebb ad\u00f3t is fizetnek be az \u00e1llamkassz\u00e1ba.\r\n<div class=\"payable-content-section\"><\/div>\r\n\u201eMicsoda idi\u00f3tas\u00e1g\u201d \u2013 jelezte el\u00e9gedetlens\u00e9g\u00e9t a Lazio eln\u00f6k-tulajdonosa, <strong>Claudio Lotito<\/strong>, a Milan r\u00e9sz\u00e9r\u0151l pedig <strong>Giorgio Furlani<\/strong> nemes egyszer\u0171s\u00e9ggel k\u00f6z\u00f6lte, hogy a d\u00f6nt\u00e9s \u201eelpuszt\u00edtja az olasz futballt\u201d. A liga \u00e1ltal kiadott \u00e1ll\u00e1sfoglal\u00e1s azt is felhozza, hogy tavaly mindh\u00e1rom eur\u00f3pai kupasorozatban volt olasz d\u00f6nt\u0151s (mondjuk, egyik sem nyerte meg a fin\u00e1l\u00e9t), \u00e9s hogy mind\u00f6ssze \u00f6tven j\u00e1t\u00e9kos van a Serie A-ban, aki a haszon\u00e9lvez\u0151je a szab\u00e1lyoz\u00e1snak, ami eleny\u00e9sz\u0151 sz\u00e1m az els\u0151 oszt\u00e1ly\u00fa klubok \u00e1ltal alkalmazott 653 futballist\u00e1hoz k\u00e9pest. Hozz\u00e1teszik, az \u00f6sszesen nagyj\u00e1b\u00f3l 150 milli\u00f3 be nem fizetett ad\u00f3 sokkal t\u00f6bbet sz\u00e1m\u00edt a kluboknak, mint amennyit az olasz \u00e1llamh\u00e1ztart\u00e1snak sz\u00e1m\u00edtana. Ezek nyom\u00f3s \u00e9rvek, validak is, csak h\u00e1t ott van a m\u00e1sik oldal.\r\n\r\nA bev\u00e1ndorl\u00e1sellenes, nacionalista politikus, <strong>Matteo Salvini<\/strong> szerint\r\n<blockquote class=\"small-quote\">mor\u00e1lisan elfogadhatatlan, hogy multimilliomos futballist\u00e1knak ad\u00f3kedvezm\u00e9nyt biztos\u00edtsunk ahelyett, hogy a r\u00e1juk k\u00f6lt\u00f6tt p\u00e9nzt a saj\u00e1t tehets\u00e9geinkre ford\u00edtan\u00e1nk.<\/blockquote>\r\nA futballist\u00e1k \u00e9rdekv\u00e9delmi szervezete (AIC) eln\u00f6ke, <strong>Giancarlo Giorgetti<\/strong> hozz\u00e1teszi, a gazdas\u00e1gi szempontok helyett az olasz sport \u00e9rdekeit kellene el\u0151t\u00e9rbe helyezni, de kit\u00e9rt arra is, hogy \u201eriaszt\u00f3 adatok t\u00e1rultak fel az olasz \u00e9s k\u00fclf\u00f6ldi j\u00e1t\u00e9kosok ar\u00e1ny\u00e1t illet\u0151en.\u201d\r\n\r\n\u201eVannak klubok, amelyekben a j\u00e1t\u00e9kosok kilencven sz\u00e1zal\u00e9ka idegenl\u00e9gi\u00f3s, de szinte mindenhol azt l\u00e1tjuk, hogy l\u00e9nyegesen t\u00f6bb k\u00fclf\u00f6ldi futballist\u00e1t alkalmaznak, mint olasz U21-est. Meg kell \u00e1ll\u00edtanunk ezt a folyamatot, \u00e9s versenyegyenl\u0151s\u00e9get kell biztos\u00edtanunk a saj\u00e1t nevel\u00e9s\u0171 fiataloknak, mert ez nemcsak az ut\u00e1np\u00f3tl\u00e1s m\u0171k\u00f6d\u00e9s\u00e9re, hanem a v\u00e1logatottjainkra is nagy hat\u00e1ssal van\u201d \u2013 \u00edrta \u00e1ll\u00e1sfoglal\u00e1s\u00e1ban az AIC vezet\u0151je.\r\n\r\n<span class=\"highlight-block\">K\u00f6zben a liga m\u00e1r egy l\u00e9p\u00e9ssel tov\u00e1bb is ment mindenkin\u00e9l, <\/span>\r\n\r\namikor k\u00f6zlem\u00e9ny\u00e9ben azt \u00edrta, ha a minisztertan\u00e1cs el is k\u00f6veti azt a hib\u00e1t, hogy visszavonja a szab\u00e1lyt, rem\u00e9lik, hogy a v\u00e9gs\u0151 sz\u00f3t kimond\u00f3 olasz parlament m\u00e9g \u201ej\u00f3v\u00e1 teszi a bakit\u201d.\r\n\r\n[caption id=\"attachment_11470\" align=\"alignnone\" width=\"3500\"]<img class=\"size-full wp-image-11470\" src=\"https:\/\/sport24.24.hu\/app\/uploads\/sites\/24\/2023\/12\/davide-calabria.jpg\" alt=\"\" width=\"3500\" height=\"2333\" \/> Az AC Milan a szezonban rendre egy olasszal, Davide Calabri\u00e1val (balr\u00f3l a m\u00e1sodik) a kezd\u0151ben \u00e1ll fel.[\/caption]\r\n\r\nDe vajon t\u00e9nyleg bakir\u00f3l besz\u00e9l\u00fcnk? Mi, magyarok sem tudjuk hova tenni a l\u00e9gi\u00f3sokkal kit\u00f6m\u00f6tt k\u00e9zilabdacsapataink sikereit, a taorendszer \u00e1ltal visszahozott \u00e1llami profizmusnak k\u00f6sz\u00f6nhet\u0151en mi l\u00e1tjuk csak igaz\u00e1n, mennyire kontraprodukt\u00edv tud lenni, ha mesters\u00e9gesen alak\u00edtanak egy versenyrendszert. Az MLSZ fiatalszab\u00e1lya sem m\u0171k\u00f6dik, az UEFA homegrown rule-ja m\u00e9g kev\u00e9sb\u00e9, de ezek legal\u00e1bb j\u00f3hiszem\u0171 szab\u00e1lyok. A Decreto Crescita viszont egy rossz szab\u00e1ly, m\u00e9ghozz\u00e1 pontosan az\u00e9rt, amit az AIC mond: gyakorlatilag lehetetlen helyzetbe, de mindenk\u00e9ppen rendk\u00edv\u00fcl s\u00falyos versenyh\u00e1tr\u00e1nyba hozza az olasz fiatalokat, akik \u00e9rtelemszer\u0171en nem lehetnek olyan szinten, mint egy kipr\u00f3b\u00e1lt, rutinos l\u00e9gi\u00f3s, de a tetej\u00e9be m\u00e9g dr\u00e1g\u00e1bb\u00e1 is teszik \u0151ket.\r\n\r\n\u00c9s miel\u0151tt azt gondoln\u00e1nk, hogy a szab\u00e1ly haszon\u00e9lvez\u0151i csak a nemzetk\u00f6zi sikerekre \u00e1h\u00edtoz\u00f3 nagy klubok, n\u00e9zz\u00fcnk v\u00e9gig a Serie A als\u00f3h\u00e1z\u00e1n!\r\n\r\n<span class=\"highlight-block-small\">A legut\u00f3bbi fordul\u00f3ban a csontutols\u00f3 Salernitana kezd\u0151j\u00e9ben mind\u00f6ssze h\u00e1rom olasz volt, a lef\u00faj\u00e1s pillanat\u00e1ban pedig egy sem. <\/span>\r\n\r\nA kies\u0151 helyen \u00e1ll\u00f3 Hellas Verona szint\u00e9n h\u00e1rom olaszt tudott a kezd\u0151j\u00e9ben, a meccs v\u00e9g\u00e9n m\u00e1r csak a kapus, <strong>Lorenzo Montipo<\/strong> k\u00e9pviselte haz\u00e1j\u00e1t a csapatban. Az \u00e9pphogy nem kies\u0151 Udines\u00e9ben k\u00e9t hazai kezdett, \u00e9s b\u00e1r vannak \u00fcd\u00edt\u0151 kiv\u00e9telek (Sassuolo, Empoli), a Milan p\u00e9ld\u00e1ul eg\u00e9sz \u00e9vben egyetlen olasszal j\u00e1tszik: a csapatkapit\u00e1ny, <strong>Davide Calabria<\/strong> tal\u00e1n \u00e9ppen ez\u00e9rt csapatkapit\u00e1ny.\r\n\r\n[prefabricated_shortcode in_app=\"0\" code=\"%3Cdiv%20class%3D%22article_box_border%22%20style%3D%22background%3A%20url%28%27https%3A%2F%2F24.p3k.hu%2Fapp%2Fuploads%2Fsites%2F24%2F2021%2F05%2Fsport24-pattern.png%27%29%20no-repeat%20left%20-16px%20%23f3f3f4%3B%20border%3A%20none%3B%22%3E%0D%0A%3Cdiv%20class%3D%22article_solidheader%22%3E%0D%0A%3Ch2%20style%3D%22color%3A%20%23111115%21important%3B%20font-size%3A%2036px%3B%20font-weight%3A%20bold%3B%20margin-bottom%3A%2030px%3B%20margin-top%3A%2020px%3B%20text-align%3A%20center%3B%20line-height%3A%2036px%3B%22%3E%3Cimg%20class%3D%22aligncenter%20size-full%20wp-image-141%22%20src%3D%22https%3A%2F%2F24.p3k.hu%2Fapp%2Fuploads%2Fsites%2F24%2F2021%2F05%2Fs24-logo-dt.png%22%20alt%3D%22%22%20width%3D%22408%22%20height%3D%2290%22%20%2F%3E%3C%2Fh2%3E%0D%0A%3Ch2%20style%3D%22color%3A%20%23111115%21important%3B%20font-size%3A%2036px%3B%20font-weight%3A%20bold%3B%20margin-bottom%3A%2030px%3B%20margin-top%3A%2020px%3B%20text-align%3A%20center%3B%20line-height%3A%2040px%3B%22%3ECsatlakozz%20a%20Sport24%20k%C3%B6z%C3%B6ss%C3%A9ghez%2C%20mondd%20el%20v%C3%A9lem%C3%A9nyedet%20z%C3%A1rt%20Facebook-csoportunkban%2C%20%C3%A9s%20vegy%C3%A9l%20r%C3%A9szt%20csak%20el%C5%91fizet%C5%91knek%20el%C3%A9rhet%C5%91%20exkluz%C3%ADv%20esem%C3%A9nyeinken.%3C%2Fh2%3E%0D%0A%3C%2Fdiv%3E%0D%0A%3Cp%20style%3D%22background%3A%20%2357A600%3B%20margin-top%3A%2020px%3B%20padding%3A%2020px%3B%20text-align%3A%20center%3B%22%3E%3Ca%20style%3D%22color%3A%20%23ffffff%3B%20font-size%3A%2026px%3B%20font-weight%3A%20600%3B%22%20href%3D%22https%3A%2F%2Fwww.facebook.com%2Fgroups%2F212344460412327%22%3ECSATLAKOZOM%3C%2Fa%3E%3C%2Fp%3E%0D%0A%0D%0A%3C%2Fdiv%3E\"]","type":"rich","thumbnail_url":"https:\/\/s.24.hu\/app\/uploads\/sites\/24\/2023\/12\/salernitana-milan-150x150.jpg","thumbnail_width":150,"thumbnail_height":150}