{"version":"1.0","provider_name":"Sport24","provider_url":"https:\/\/sport24.24.hu","author_name":"Bruckner G\u00e1bor","author_url":"https:\/\/sport24.24.hu\/author\/brucknerg\/","title":"Bullshit-bing\u00f3 az \u00faj Szuperliga, de a futball kataliz\u00e1tor\u00e1nak \u00e9ppen j\u00f3 lehet","html":"Az term\u00e9szetes, hogy a nagy siker\u0171 filmekb\u0151l folytat\u00e1s k\u00e9sz\u00fcl, de egy kev\u00e9sb\u00e9 nagy siker\u0171 projektnek is neki lehet veselkedni: \u00edgy t\u00f6rt\u00e9nt a labdar\u00fag\u00f3 Szuperlig\u00e1val is. A Szuperliga 1.0 vill\u00e1mgyorsan \u00f6sszeomlott \u2013 ha jelz\u0151ket keres\u00fcnk a megval\u00f3s\u00edt\u00e1s\u00e1ra, akkor a d\u00f6bbenetesen amat\u0151rt\u0151l a sz\u00e1nalmasan gyeng\u00e9ig haszn\u00e1lhatunk n\u00e9h\u00e1nyat \u2013, a futball keretrendszer\u00e9nek sz\u00e9tfesz\u00edt\u00e9s\u00e9re tett puccsszer\u0171 k\u00eds\u00e9rlet befuccsolt.\r\n\r\nA Szuperliga \u00faj tervezete r\u00f6gt\u00f6n az ut\u00e1n jelent meg, hogy az Eur\u00f3pai Uni\u00f3 B\u00edr\u00f3s\u00e1ga <a href=\"https:\/\/curia.europa.eu\/jcms\/upload\/docs\/application\/pdf\/2023-12\/cp230203en.pdf\" target=\"_blank\" rel=\"noopener\">k\u00f6zz\u00e9tette d\u00f6nt\u00e9s\u00e9t<\/a>, amely szerint a labdar\u00fag\u00e1s cs\u00facsszervei (a vil\u00e1gszervezet: FIFA \u00e9s az eur\u00f3pai sz\u00f6vets\u00e9g: UEFA) <a href=\"https:\/\/rangado.24.hu\/nemzetkozi_foci\/2023\/12\/21\/europai-szuperliga-europai-unio-birosaga-dontes\/\" target=\"_blank\" rel=\"noopener\">vissza\u00e9ltek domin\u00e1ns hatalmi poz\u00edci\u00f3jukkal<\/a>, amikor (szankci\u00f3kkal fenyeget\u0151zve \u00e9s j\u00f3v\u00e1hagy\u00e1sukat megvonva) ellehetetlen\u00edtett\u00e9k a klubok potenci\u00e1lis Szuperliga-csatlakoz\u00e1s\u00e1t. A d\u00f6nt\u00e9s szerint a nemzetk\u00f6zi futballszervezetek nem akad\u00e1lyozhatj\u00e1k meg a 2021-ben l\u00e1tottakhoz hasonl\u00f3an a konkurens sorozatok elindul\u00e1s\u00e1t, mivel elj\u00e1r\u00e1suk ellent\u00e9tes volt az EU versenyszab\u00e1lyaival. Ugyanakkor a b\u00edr\u00f3s\u00e1g kimondja azt is:\r\n<blockquote class=\"small-quote\">Ez nem azt jelenti, hogy egy Szuperliga-projektet musz\u00e1j lenne j\u00f3v\u00e1hagyni.<\/blockquote>\r\nA d\u00f6nt\u00e9st a Szuperliga m\u00f6g\u00f6tt \u00e1ll\u00f3 A22 Sports gy\u0151zelemk\u00e9nt \u00e9rt\u00e9kelte, kijelentve: a futball felszabadult, a klubok saj\u00e1t kez\u00fckbe vehetik sorsukat. Az A22 saj\u00e1t YouTube-csatorn\u00e1j\u00e1n egyb\u0151l k\u00f6zz\u00e9 is tette az \u00faj Szuperliga-tervezetet:\r\n<ul>\r\n \t<li>Szt\u00e1r Liga (16 klub; 2 kies\u0151): 16 csapat 2 nyolcas csoportban k\u00f6rm\u00e9rk\u0151z\u00e9st v\u00edv oda-visszav\u00e1g\u00f3s alapon. A k\u00e9t csoport els\u0151 4 helyezettje tov\u00e1bbjut a kies\u00e9ses szakaszba, a k\u00e9t csoportutols\u00f3 kiesik az Arany Lig\u00e1ba. A kies\u00e9ses szakaszban a negyed- \u00e9s el\u0151d\u00f6nt\u0151k oda-visszav\u00e1g\u00f3s rendszerben zajlanak, a d\u00f6nt\u0151 egym\u00e9rk\u0151z\u00e9ses.<\/li>\r\n \t<li>Arany Liga (16 klub; 2 kies\u0151, 2 feljut\u00f3): 16 csapat 2 nyolcas csoportban k\u00f6rm\u00e9rk\u0151z\u00e9st v\u00edv oda-visszav\u00e1g\u00f3s alapon. A k\u00e9t csoport els\u0151 4 helyezettje tov\u00e1bbjut a kies\u00e9ses szakaszba, a k\u00e9t csoportutols\u00f3 kiesik a K\u00e9k Lig\u00e1ba. A kies\u00e9ses szakaszban a negyed- \u00e9s el\u0151d\u00f6nt\u0151k oda-visszav\u00e1g\u00f3s rendszerben zajlanak, a d\u00f6nt\u0151 egym\u00e9rk\u0151z\u00e9ses. A k\u00e9t d\u00f6nt\u0151s feljut a Szt\u00e1r Lig\u00e1ba.<\/li>\r\n \t<li>K\u00e9k Liga (32 klub; 20 kies\u0151, 2 feljut\u00f3): 32 csapat 4 nyolcas csoportban k\u00f6rm\u00e9rk\u0151z\u00e9st v\u00edv oda-visszav\u00e1g\u00f3s alapon. A n\u00e9gy csoport els\u0151 2 helyezettje tov\u00e1bbjut a kies\u00e9ses szakaszba. A kies\u00e9ses szakaszban a negyed- \u00e9s el\u0151d\u00f6nt\u0151k oda-visszav\u00e1g\u00f3s rendszerben zajlanak, a d\u00f6nt\u0151 egym\u00e9rk\u0151z\u00e9ses. A k\u00e9t d\u00f6nt\u0151s feljut az Arany Lig\u00e1ba. A legrosszabb 20 csapat kiesik, a hely\u00fcket a k\u00f6vetkez\u0151 id\u00e9nyben a nemzeti bajnoks\u00e1gokb\u00f3l t\u00f6ltik fel.<\/li>\r\n<\/ul>\r\nhttps:\/\/www.youtube.com\/watch?v=uJkqwo1__8k\r\n\r\nA m\u00e9rk\u0151z\u00e9seket h\u00e9t k\u00f6zben j\u00e1tszan\u00e1k \u2013 \u00edgy nem \u00fctk\u00f6zne a Szuperliga a bajnoki k\u00fczdelmekkel \u2013, fix helyek sem lenn\u00e9nek. J\u00f3l l\u00e1tszik, hogy az A22 megpr\u00f3b\u00e1lta az els\u0151 pr\u00f3b\u00e1lkoz\u00e1s legs\u00falyosabb kritik\u00e1t kapott r\u00e9szeit \u2013 z\u00e1rt k\u00fczdelemsorozat, nincs kies\u00e9s-feljut\u00e1s, \u00fctk\u00f6z\u00e9si lehet\u0151s\u00e9g a bajnoks\u00e1gokkal \u2013 kijav\u00edtani.\r\n\r\n<span class=\"highlight-block\">A legnagyobb \u00edg\u00e9retet a szervezet a szurkol\u00f3knak tette: <\/span>\r\n\r\na terv szerint saj\u00e1t multim\u00e9di\u00e1s platformj\u00e1n ingyenesen el\u00e9rhet\u0151k lenn\u00e9nek a m\u00e9rk\u0151z\u00e9sek. Ez nagy k\u00fcl\u00f6nbs\u00e9g lenne a mostani helyzethez k\u00e9pest, amelyben a k\u00f6zvet\u00edt\u00e9si jogok birtokosai gyakran el\u0151fizet\u0151s platform(ok)ra viszik a Bajnokok Lig\u00e1ja k\u00f6zvet\u00edt\u00e9seit, ez pedig jelent\u0151s k\u00f6lts\u00e9get jelent a szurkol\u00f3knak.\r\n\r\nA korrig\u00e1lt Szuperliga-terv mindenkinek megpr\u00f3b\u00e1l valamit k\u00edn\u00e1lni:\r\n<ul>\r\n \t<li>a kluboknak jelent\u0151sen magasabb bev\u00e9telt, t\u00f6bb garant\u00e1lt m\u00e9rk\u0151z\u00e9st (8 helyett 14), hazai-idegenbeli p\u00e1rharcot minden esetben (ez az \u00faj, sv\u00e1jci rendszer\u0171 BL-ben nem \u00edgy lesz),<\/li>\r\n \t<li>a Szuperlig\u00e1b\u00f3l kimarad\u00f3knak, a futballpiramis alacsonyabb szintj\u00e9n \u00e1ll\u00f3knak b\u0151kez\u0171bb p\u00e9nzlecsorgat\u00e1st,<\/li>\r\n \t<li>a szurkol\u00f3knak a saj\u00e1t streamingplatformon (Unify) ingyenesen el\u00e9rhet\u0151 meccseket,<\/li>\r\n \t<li>a nemzeti bajnoks\u00e1goknak azt, hogy tiszteletben tartja hagyom\u00e1nyos, h\u00e9tv\u00e9gi id\u0151pontjaikat,<\/li>\r\n \t<li>a z\u00e1rt versenysorozatoknak ellenz\u0151knek a rendszer (relat\u00edv) nyitotts\u00e1g\u00e1t,<\/li>\r\n \t<li>az \u0151szi csoportm\u00e9rk\u0151z\u00e9sek \u00e9rdektelens\u00e9g\u00e9t b\u00edr\u00e1l\u00f3knak magasabb min\u0151s\u00e9g\u0171 meccseket,<\/li>\r\n \t<li>a n\u0151i futballnak egy saj\u00e1t, 32 csapatos Szuperlig\u00e1t.<\/li>\r\n<\/ul>\r\n\u201eOlyan aj\u00e1nlattal akarunk el\u0151\u00e1llni, amely lassacsk\u00e1n meg tudja gy\u0151zni mind a klubokat, mind a szurkol\u00f3kat. Sz\u00e9les k\u00f6r\u0171 eszmecser\u00e9t akarunk kezdem\u00e9nyezni a futballr\u00f3l. A legfontosabb, hogy ezt most m\u00e1r ny\u00edltan meg lehet tenni: nem kell szankci\u00f3kt\u00f3l \u00e9s b\u00fcntet\u00e9sekt\u0151l f\u00e9lni\u201d \u2013 mondta a BBC-nek <strong>Bernd Reichart<\/strong>, az A22 \u00fcgyvezet\u0151je.\r\n\r\nCsali teh\u00e1t t\u00f6bb is l\u00f3g a horg\u00e1szbot v\u00e9g\u00e9n, kap\u00e1s azonban (egyel\u0151re) alig. A projekt mellett rend\u00edthetetlen\u00fcl kitart\u00f3 Real Madrid \u00e9s Barcelona \u2013 e k\u00e9t klub profit\u00e1lhatna a legt\u00f6bbet, mivel ha elindul a Szuperliga, jelent\u0151s \u201elojalit\u00e1si b\u00f3nusszal\u201d is sz\u00e1molhat \u2013 nyilv\u00e1n tov\u00e1bbra is t\u00e1mogatja azt, a Real-eln\u00f6k <strong>Florentino P\u00e9rez<\/strong> pedig tov\u00e1bbra is kulcsfigura.\r\n\r\n[caption id=\"attachment_11445\" align=\"aligncenter\" width=\"2000\"]<img class=\"size-full wp-image-11445\" src=\"https:\/\/sport24.24.hu\/app\/uploads\/sites\/24\/2023\/12\/000_32ll794-masolat.jpg\" alt=\"\" width=\"2000\" height=\"1333\" \/> Florentino P\u00e9rez[\/caption]\r\n\r\nA vezet\u0151 klubok t\u00f6bbs\u00e9ge azonban igyekezett elhat\u00e1rol\u00f3dni a tervezett\u0151l, jelezve, nem sz\u00e1nd\u00e9kozik kil\u00e9pni a jelenlegi keretek k\u00f6z\u00fcl (cinikusabb indokl\u00e1ssal: megv\u00e1rja el\u0151bb, mit hoz a konyh\u00e1ra a megreform\u00e1lt BL). A legfontosabb eur\u00f3pai klubok z\u00f6m\u00e9t t\u00f6m\u00f6r\u00edt\u0151, a PSG-vez\u00e9r <strong>Nasszer al-Khelaifi<\/strong> \u00e1ltal vezetett ECA szint\u00e9n ellen\u00e9rdekelt f\u00e9lnek sz\u00e1m\u00edt. Az \u00e9rintett toplig\u00e1k k\u00f6z\u00fcl a Premier League, a La Liga, a Ligue 1 \u00e9s a Bundesliga \u00e1ll\u00e1spontja Szuperliga-ellenes, az olasz klubok t\u00f6bbs\u00e9ge szint\u00e9n t\u00e1vols\u00e1got tartott a kezdem\u00e9nyez\u00e9st\u0151l. Az UEFA a v\u00e1rakoz\u00e1soknak megfelel\u0151en a Szuperliga \u00e9letk\u00e9ptelens\u00e9g\u00e9re c\u00e9lozgatott (az eln\u00f6k <strong>Aleksander Ceferin<\/strong> Zoomon megtartott sajt\u00f3t\u00e1j\u00e9koztat\u00f3j\u00e1n g\u00fanyosan megjegyezte, csin\u00e1ljanak, amit akarnak, elind\u00edthatj\u00e1k a fantasztikus, k\u00e9tklubos versenysorozatukat), a FIFA-komment\u00e1r pedig arra utalt, hogy a b\u00edr\u00f3s\u00e1gi d\u00f6nt\u00e9s val\u00f3j\u00e1ban semmin sem v\u00e1ltoztatott.\r\n\r\nEgyvalamin az\u00e9rt tal\u00e1n igen:\r\n\r\n<span class=\"highlight-block\">a d\u00f6nt\u00e9s alapj\u00e1n nem lehet er\u0151b\u0151l eltiporni egy konkurens versenysorozat elind\u00edt\u00e1s\u00e1t. <\/span>\r\n\r\nAz ajt\u00f3 kit\u00e1rult \u2013 ha nem is a Szuperliga, hanem egy UEFA-riv\u00e1lis elitsorozatr\u00f3l sz\u00f3l\u00f3 \u00e9rdemi diskurzus el\u0151tt. A Szuperliga terve ugyanis (b\u00e1rmennyire is \u00e9rthet\u0151 a f\u0151k\u00e9nt szurkol\u00f3i berzenked\u00e9s) racion\u00e1lis. A vil\u00e1gfutball afel\u00e9 halad, hogy sz\u00e9tfesz\u00edtse a status quo jelentette kereteket. Minden nemzetk\u00f6zi versenysorozat duzzad (t\u00f6bb meccs, t\u00f6bb k\u00f6zvet\u00edt\u00e9s, t\u00f6bb bev\u00e9tel), a FIFA a klubvil\u00e1gbajnoks\u00e1g felturb\u00f3z\u00e1s\u00e1val elit (igaz, csak n\u00e9gy\u00e9venk\u00e9nt megrendezend\u0151) konkurenci\u00e1t k\u00edn\u00e1l a BL-nek \u00e9s telepump\u00e1lja p\u00e9nzzel a nem eur\u00f3pai r\u00e9sztvev\u0151ket is. Ha az eur\u00f3pai Szuperliga elind\u00edt\u00e1s\u00e1t nem lehet er\u0151b\u0151l lenyomni, akkor konkurens versenysorozatok tervei fognak keringeni, a klubok pedig d\u00f6nthetnek, melyiket v\u00e1lasztj\u00e1k. Az \u00fct\u0151k\u00e1rty\u00e1k jelenleg (m\u00e9g?) ink\u00e1bb az UEFA kez\u00e9ben vannak: mellett\u00fck \u00e1llnak a toplig\u00e1k, illetve az ECA nagy t\u00f6mbje; a Szuperlig\u00e1nak a Real, Barcelona du\u00f3n k\u00edv\u00fcl j\u00f3 n\u00e9h\u00e1ny nagy\u00e1gy\u00fat meg kellene m\u00e9g gy\u0151znie ahhoz, hogy komolyan lehessen venni.\r\n\r\nUgyanakkor a Szuperliga (sokkal) t\u00f6bb p\u00e9nzt \u00e9s magasabb min\u0151s\u00e9get \u00edg\u00e9r. A futball szerepl\u0151inek pedig t\u00f6bb p\u00e9nzre van sz\u00fcks\u00e9g\u00fck: a koronav\u00edrus-vil\u00e1gj\u00e1rv\u00e1ny megmutatta, hogy m\u00e9g a legnagyobbak is sebezhet\u0151k, a bajnoks\u00e1gok eltart\u00f3k\u00e9pess\u00e9ge is v\u00e9ges. A status quo fenntart\u00e1sa a legjobb anyagi helyzetben l\u00e9v\u0151, m\u00e1rkak\u00e9nt is a leger\u0151sebbnek sz\u00e1m\u00edt\u00f3 angol Premier League klubjainak, valamint az olaj\u00e1llamokkal \u00f6sszefon\u00f3dott csapatoknak kedvez.\r\n\r\nA legnagyobb klubok tudj\u00e1k, hogy igaz\u00e1n az \u00e1ltaluk szolg\u00e1ltatott sz\u00f3rakoz\u00e1sra k\u00edv\u00e1ncsi a nemzetk\u00f6zi n\u00e9z\u0151k\u00f6z\u00f6ns\u00e9g. Egy m\u00e9g nagyobb bev\u00e9telt hoz\u00f3, a p\u00e9nzek eloszt\u00e1s\u00e1ba a kluboknak t\u00f6bb belesz\u00f3l\u00e1st biztos\u00edt\u00f3 elit versenysorozat \u00e9rthet\u0151en vonz\u00f3 lehet sz\u00e1mukra, a t\u00f6bb p\u00e9nz mellett a nagyobb bev\u00e9teli biztons\u00e1g pedig legal\u00e1bb ennyire fontos. Mindenki megpr\u00f3b\u00e1l helyezkedni, \u00e9s k\u00f6zben \u00e1talakul a futballvil\u00e1g: nagyobb k\u00fczdelemsorozatok j\u00f6nnek l\u00e9tre, megv\u00e1ltoznak a szervezeti strukt\u00far\u00e1k (gondoljunk a klubh\u00e1l\u00f3zati modellek el\u0151ret\u00f6r\u00e9s\u00e9re), \u00e9s elk\u00e9pzelhet\u0151, hogy el\u0151bb-ut\u00f3bb j\u00f6n egy szerepl\u0151, amely felbor\u00edtja a nemzetk\u00f6zi sportszervezetek ir\u00e1ny\u00edtotta rendszert. M\u00e1s sport\u00e1gakban erre m\u00e1r l\u00e1ttunk p\u00e9ld\u00e1kat.\r\n\r\n\u201eA d\u00f6nt\u00e9s kicsit megv\u00e1ltoztatta a keretrendszert \u00e9s \u00faj lehet\u0151s\u00e9geket nyitott meg. Term\u00e9szetesen PR-h\u00e1bor\u00fa is folyik az \u00e9rintett felek k\u00f6z\u00f6tt, de el\u0151bb-ut\u00f3bb le kell \u00fclni\u00fck t\u00e1rgyalni egym\u00e1ssal (\u2026) Az [A22] azt \u00e1ll\u00edtja, a futball v\u00e9gre megszabadult az UEFA monop\u00f3lium\u00e1t\u00f3l, \u00e9s a klubok v\u00e9gre ny\u00edltan megvitathatj\u00e1k annak j\u00f6v\u0151j\u00e9t.\r\n<blockquote>\u00dagy t\u0171nik, a kluboknak ki\u00edrt sorozatok m\u00e1r nem annyira ragadj\u00e1k meg a figyelmet, mint r\u00e9gebben. Kev\u00e9s az igazi t\u00e9ttel b\u00edr\u00f3 m\u00e9rk\u0151z\u00e9s, igaz\u00e1b\u00f3l csak tavasszal lesznek \u00e9rdekesek a k\u00fczdelmek. A szurkol\u00f3k egy r\u00e9sz\u00e9t ez m\u00e1r nem \u00e9rdekli, friss megk\u00f6zel\u00edt\u00e9sre lenne sz\u00fcks\u00e9g<\/blockquote>\r\n\u2013 mondta a futballszak\u00edr\u00f3 <strong>Guillem Balague<\/strong> a BBC <a href=\"https:\/\/www.bbc.co.uk\/sounds\/play\/p0h11t97\" target=\"_blank\" rel=\"noopener\">Football Daily podcastj\u00e9ben<\/a>. Balague ugyanakkor k\u00e9telkedik abban, hogy a Szuperliga ingyenes tartalmat \u00edg\u00e9r\u0151 modellje megval\u00f3s\u00edthat\u00f3.\r\n\r\n\u201eEz a harc a p\u00e9nzr\u0151l, illetve a javak kontroll\u00e1l\u00e1s\u00e1r\u00f3l sz\u00f3l. A Szuperliga \u2013 illetve az azt t\u00e1mogat\u00f3 Real Madrid \u00e9s Barcelona \u2013 a Premier League \u00e9s az \u00e1ltaluk klub\u00e1llamoknak h\u00edvott jelens\u00e9g ellen k\u00fczd (\u2026) A f\u0151 probl\u00e9m\u00e1juk az, hogy korl\u00e1tozottak a p\u00e9nz\u00fcgyi lehet\u0151s\u00e9geik, \u00e9s ez\u00e9rt a konkurencia elh\u00faz t\u0151l\u00fck, az oll\u00f3 csak nagyobbra \u00e9s nagyobbra ny\u00edlik. T\u00f6bb p\u00e9nzt akarnak, de m\u00e9g fontosabb, hogy m\u00e1sk\u00e9pp osztan\u00e1k el. Mellesleg a futballpiramis als\u00f3bb szintjeire visszacsorgatott p\u00e9nz is h\u00e1romszorosa lenne annak, amit az UEFA \u00edg\u00e9r. Ezzel \u2013 \u00e9s azzal, hogy vit\u00e1t kell nyitni a futballt em\u00e9szt\u0151 probl\u00e9m\u00e1kr\u00f3l \u2013 egyet\u00e9rtek. Igenis, vit\u00e1zni kell; \u00e9s ha sz\u00fcks\u00e9ges, \u00e1t kell rajzolni a hat\u00e1rokat, \u00e1t\u00edrni a kereteket, szab\u00e1lyokat. A Szuperliga tervezett form\u00e1tum\u00e1val viszont nem \u00e9rtek egyet, mert b\u00e1r azt \u00e1ll\u00edtj\u00e1k, ez meritokr\u00e1cia, k\u00f6zben egy\u00e9rtelm\u0171en nem az. \u00c9s egy pillanatig sem hiszem el azt, hogy teljesen ingyenes tartalmat k\u00edn\u00e1ln\u00e1nak a n\u00e9z\u0151knek, mert ez gazdas\u00e1gi szempontb\u00f3l nonszensz\u201d \u2013 v\u00e9lekedett.\r\n\r\n[caption id=\"attachment_11446\" align=\"aligncenter\" width=\"4884\"]<img class=\"size-full wp-image-11446\" src=\"https:\/\/sport24.24.hu\/app\/uploads\/sites\/24\/2023\/12\/k_epa20210420132.jpg\" alt=\"\" width=\"4884\" height=\"3617\" \/> A Chelsea Szuperlig\u00e1hoz csatlakoz\u00e1sa ellen t\u00fcntetnek a klub szurkol\u00f3i a londoni Stamford Bridge el\u0151tt 2021. \u00e1prilis 20-\u00e1n.[\/caption]\r\n\r\nEr\u0151sebben fogalmazva: az A22 ugyan meritokr\u00e1ci\u00e1t, nyitott rendszert emleget, de javaslata olyan, mint egy bullshit-bing\u00f3. A kritikus szeml\u00e9l\u0151 kipip\u00e1lhatja a PR- \u00e9s kamuszag\u00fa pontokat. Meritokr\u00e1cia (pipa!). Kies\u00e9s-feljut\u00e1s (pipa!). B\u00e9relt helyek hi\u00e1nya (pipa!). Lehet\u0151s\u00e9g a nemzeti bajnoks\u00e1gok k\u00e9pvisel\u0151i sz\u00e1m\u00e1ra (pipa!). Kisz\u00e1m\u00edthat\u00f3, magasabb bev\u00e9telek (pipa!). Ingyenes tartalom a szurkol\u00f3knak (pipa!).\r\n\r\nK\u00f6zben nem esett m\u00e9g sz\u00f3 arr\u00f3l, mi alapj\u00e1n soroln\u00e1k be a csapatokat a h\u00e1romszint\u0171 Szuperliga-piramisba.\r\n\r\n<span class=\"highlight-block\">A bemutatott rendszer eg\u00e9szen minim\u00e1lis felfel\u00e9 \u00e1raml\u00e1st biztos\u00edt, <\/span>\r\n\r\n\u00e9rdemi cser\u00e9l\u0151d\u00e9s csak a legals\u00f3, harmadik szintj\u00e9n lenne a piramisnak. Az A22 r\u00e9sz\u00e9r\u0151l Reichart \u00fcgyvezet\u0151 ki is mondta, a jelenlegi versenyrendszerben az eur\u00f3pai szinten kiemelked\u0151en teljes\u00edt\u0151 klubok a k\u00f6vetkez\u0151 id\u00e9nyben (bajnoki helyez\u00e9s\u00fckt\u0151l f\u00fcgg\u0151en) lemaradhatnak a kontinent\u00e1lis szerepl\u00e9sr\u0151l, ez pedig \u201enem fair\u201d. M\u00e1sok lehet, azt mondan\u00e1k: ilyen az \u00e9rdemi meritokr\u00e1cia...\r\n\r\nSok szempontb\u00f3l az \u00faj Szuperliga-tervezet ink\u00e1bb csak sz\u00f3fia besz\u00e9dnek t\u0171nik, \u00e9rdemi t\u00e1mogat\u00e1s n\u00e9lk\u00fcl. Viszont kataliz\u00e1tornak megfelelhet, f\u0151k\u00e9nt a b\u00edr\u00f3s\u00e1gi d\u00f6nt\u00e9ssel egy\u00fctt: ha megsz\u0171nik a nagy futballszervezetek versenyszervez\u00e9si monop\u00f3liuma, akkor \u00e9rdemi vita indulhat, amely jelent\u0151s \u00e1talakul\u00e1shoz vezethet. Am\u00edg nem j\u00f6n egy m\u00e9g jobban \u00e1tgondolt, \u00e9s (ez m\u00e9g fontosabb) j\u00f3val sz\u00e9lesebb k\u00f6r\u0171 t\u00e1mogat\u00e1st \u00e9lvez\u0151 tervezet, addig a klubok t\u00f6bbs\u00e9ge val\u00f3sz\u00edn\u0171leg a jelenlegi, m\u00e1r bej\u00e1ratott rendszer mell\u00e9 \u00e1ll.\r\n\r\n<span class=\"highlight-block-small\">De vajon mi t\u00f6rt\u00e9nik, ha felbomlik egyszer az UEFA-ECA egy\u00fcttm\u0171k\u00f6d\u00e9s?<\/span>\r\n\r\nMi lesz, ha a klubok el\u0151tt t\u00f6bb versenyeztet\u00e9si alternat\u00edva ny\u00edlik meg a nemzetk\u00f6zi sz\u00ednt\u00e9ren? Mennyire lesz cs\u00e1b\u00edt\u00f3, ha egy UEFA-riv\u00e1lis versenysorozat sosem l\u00e1tott p\u00e9nz\u00fcgyi t\u00e1mogat\u00e1st tud projektje mell\u00e9 \u00e1ll\u00edtani?\r\n\r\nMert szurkol\u00f3i akarat ide, meritokr\u00e1cia oda, min\u0151s\u00e9gi k\u00e9rd\u00e9sek amoda, a legnagyobb klubok szem\u00e9ben a legfontosabb t\u00e9nyez\u0151 a kisz\u00e1m\u00edthat\u00f3an \u00e9rkez\u0151, sz\u00e1mukra kedvez\u0151en elosztott, egyre n\u00f6vekv\u0151 mennyis\u00e9g\u0171 p\u00e9nz lesz. Amelyik szervezet ezt biztos\u00edtja, az kritikus t\u00f6meget nyerhet meg mag\u00e1nak. Jelenleg \u2013 m\u00e1r csak t\u00f6rt\u00e9nelmi okokb\u00f3l is \u2013 ez az UEFA. De ki tudja, t\u00edz \u00e9v m\u00falva melyik lesz az?\r\n\r\n[prefabricated_shortcode in_app=\"0\" code=\"%3Cdiv%20class%3D%22article_box_border%22%20style%3D%22background%3A%20url%28%27https%3A%2F%2F24.p3k.hu%2Fapp%2Fuploads%2Fsites%2F24%2F2021%2F05%2Fsport24-pattern.png%27%29%20no-repeat%20left%20-16px%20%23f3f3f4%3B%20border%3A%20none%3B%22%3E%0D%0A%3Cdiv%20class%3D%22article_solidheader%22%3E%0D%0A%3Ch2%20style%3D%22color%3A%20%23111115%21important%3B%20font-size%3A%2036px%3B%20font-weight%3A%20bold%3B%20margin-bottom%3A%2030px%3B%20margin-top%3A%2020px%3B%20text-align%3A%20center%3B%20line-height%3A%2036px%3B%22%3E%3Cimg%20class%3D%22aligncenter%20size-full%20wp-image-141%22%20src%3D%22https%3A%2F%2F24.p3k.hu%2Fapp%2Fuploads%2Fsites%2F24%2F2021%2F05%2Fs24-logo-dt.png%22%20alt%3D%22%22%20width%3D%22408%22%20height%3D%2290%22%20%2F%3E%3C%2Fh2%3E%0D%0A%3Ch2%20style%3D%22color%3A%20%23111115%21important%3B%20font-size%3A%2036px%3B%20font-weight%3A%20bold%3B%20margin-bottom%3A%2030px%3B%20margin-top%3A%2020px%3B%20text-align%3A%20center%3B%20line-height%3A%2040px%3B%22%3ECsatlakozz%20a%20Sport24%20k%C3%B6z%C3%B6ss%C3%A9ghez%2C%20mondd%20el%20v%C3%A9lem%C3%A9nyedet%20z%C3%A1rt%20Facebook-csoportunkban%2C%20%C3%A9s%20vegy%C3%A9l%20r%C3%A9szt%20csak%20el%C5%91fizet%C5%91knek%20el%C3%A9rhet%C5%91%20exkluz%C3%ADv%20esem%C3%A9nyeinken.%3C%2Fh2%3E%0D%0A%3C%2Fdiv%3E%0D%0A%3Cp%20style%3D%22background%3A%20%2357A600%3B%20margin-top%3A%2020px%3B%20padding%3A%2020px%3B%20text-align%3A%20center%3B%22%3E%3Ca%20style%3D%22color%3A%20%23ffffff%3B%20font-size%3A%2026px%3B%20font-weight%3A%20600%3B%22%20href%3D%22https%3A%2F%2Fwww.facebook.com%2Fgroups%2F212344460412327%22%3ECSATLAKOZOM%3C%2Fa%3E%3C%2Fp%3E%0D%0A%0D%0A%3C%2Fdiv%3E\"]","type":"rich","thumbnail_url":"https:\/\/s.24.hu\/app\/uploads\/sites\/24\/2023\/12\/gettyimages-1313881700-masolat-150x150.jpg","thumbnail_width":150,"thumbnail_height":150}