{"version":"1.0","provider_name":"Sport24","provider_url":"https:\/\/sport24.24.hu","author_name":"Bruckner G\u00e1bor","author_url":"https:\/\/sport24.24.hu\/author\/brucknerg\/","title":"M\u00e9g mindig a City a PL legnagyobb es\u00e9lyese, csak Guardiol\u00e1nak hely\u00e9re kell raknia a v\u00e9delem darabjait","html":"Tizenh\u00e9t fordul\u00f3 ut\u00e1n a Manchester City az \u00f6t\u00f6dik helyen \u00e1ll az angol \u00e9lvonal tabell\u00e1j\u00e1n, h\u00e1tr\u00e1nya \u2013 k\u00e9t meccsel kevesebbet j\u00e1tszva \u2013 nyolc pont a listavezet\u0151 Liverpoollal szemben. <strong>Pep Guardiola<\/strong> csapata a legut\u00f3bbi hat bajnokij\u00e1b\u00f3l csak egyet tudott megnyerni, azt is az \u00fajonc Luton Town ellen, vesztett \u00e1ll\u00e1sb\u00f3l ford\u00edtva. A teljes\u00edtm\u00e9nyt vizsg\u00e1lva besz\u00e9lhet\u00fcnk-e formahanyatl\u00e1sr\u00f3l, vagy az ut\u00f3bbi hetek eredm\u00e9nyei csak a k\u00f6r\u00fclm\u00e9nyek szerencs\u00e9tlen alakul\u00e1s\u00e1nak a k\u00f6vetkezm\u00e9nyei?\r\n\r\nM\u00e9g miel\u0151tt belev\u00e1gn\u00e1nk, \u00e9rdemes lesz\u00f6gezni, hogy\r\n\r\n<span class=\"highlight-block\">a Citynek kor\u00e1bban is voltak kisebb hull\u00e1mv\u00f6lgyei. <\/span>\r\n\r\nA 2020\/21-es \u00e9vad kezdet\u00e9n p\u00e9ld\u00e1ul akadt egy olyan peri\u00f3dus, amikor tizenegy bajnokib\u00f3l csak n\u00e9gyet nyert meg. R\u00f6gt\u00f6n ezt k\u00f6vet\u0151en azonban volt egy tizen\u00f6tmeccses (!) gy\u0151zelmi sz\u00e9ri\u00e1ja, \u00e9s a szezon v\u00e9g\u00e9n bajnok is lett. Guardiol\u00e1ra jellemz\u0151, hogy minden \u00e9vben v\u00e1ltoztat valamit a taktik\u00e1n. N\u00e9ha ez azzal j\u00e1r, hogy az id\u00e9ny elej\u00e9n becs\u00faszik n\u00e9h\u00e1ny kellemetlen eredm\u00e9ny, de azt\u00e1n a katal\u00e1n edz\u0151 elv\u00e9gzi a sz\u00fcks\u00e9ges finomhangol\u00e1sokat, \u00e9s ut\u00e1na m\u00e1r csak az a k\u00e9rd\u00e9s, mikor emelheti magasba a tr\u00f3fe\u00e1t a csapat. Egy\u00e1ltal\u00e1n nem biztos, hogy ez most is ilyen sim\u00e1n megy majd, de a jelenlegi h\u00e1tr\u00e1ny miatt m\u00e9g nem kell temetni a manchesteriek bajnoki es\u00e9lyeit.\r\n\r\nA City eredm\u00e9nyeit eddig nagym\u00e9rt\u00e9kben befoly\u00e1solt\u00e1k a s\u00e9r\u00fcl\u00e9sek \u00e9s az eltilt\u00e1sok. Hi\u00e1ba besz\u00e9l\u00fcnk a vil\u00e1g legjobb csapat\u00e1r\u00f3l, amelynek r\u00e1ad\u00e1sul kiapadhatatlan anyagi forr\u00e1s \u00e1ll a rendelkez\u00e9s\u00e9re, vannak olyan meghat\u00e1roz\u00f3 j\u00e1t\u00e9kosok, akiket nem lehet p\u00f3tolni a rendszerben. <strong>Kevin De Bruyne<\/strong> tavaszi s\u00e9r\u00fcl\u00e9se a Burnley elleni els\u0151 bajnoki fordul\u00f3ban ki\u00fajult \u2013 ebben a szezonban mind\u00f6ssze 23 percet j\u00e1tszott \u2013, csak az ut\u00f3bbi napokban kezdte meg az edz\u00e9seket.\r\n\r\n<strong>John Stones<\/strong>, aki a legut\u00f3bbi \u00e9vadban a csapat egyik legfontosabb j\u00e1t\u00e9kos\u00e1v\u00e1 l\u00e9pett el\u0151, mostan\u00e1ig \u00f6sszesen 370 percet t\u00f6lt\u00f6tt a p\u00e1ly\u00e1n a Premier League-ben. A nagy rem\u00e9nyekkel igazolt <strong>Mateo Kovacic<\/strong> is t\u00f6bbsz\u00f6r volt s\u00e9r\u00fclt, neki 672 perc jutott a bajnoks\u00e1gban.\r\n\r\n<span class=\"highlight-block-small\"><strong>Rodri<\/strong> eltilt\u00e1s miatt eddig h\u00e1rom meccset hagyott ki \u2013 a City mindh\u00e1rom m\u00e9rk\u0151z\u00e9st elvesz\u00edtette (Wolves\u2013City 2-1, Arsenal\u2013City 1-0, Aston Villa\u2013City 1-0).<\/span>\r\n\r\nA lej\u00e1tszott tizenh\u00e9t fordul\u00f3 alatt mind\u00f6ssze h\u00e1romszor fordult el\u0151, hogy a manchesteriek v\u00e9delme ugyanabban az \u00f6sszet\u00e9telben \u00e1llt fel k\u00e9t egym\u00e1st k\u00f6vet\u0151 meccsen. A s\u00e9r\u00fcl\u00e9sek \u00e9s eltilt\u00e1sok mellett \u00edgy Guardiol\u00e1nak az is a gondja, hogy m\u00e9g nem tal\u00e1lta meg azt a v\u00e9d\u0151n\u00e9gyest, amelyik folyamatosan j\u00f3 teljes\u00edtm\u00e9nyt tudna ny\u00fajtani.\r\n\r\nA v\u00e9delem \u00e1lland\u00f3 vari\u00e1l\u00e1sa sohasem j\u00f3, azt a csapat mindig meg\u00e9rzi. A City eset\u00e9ben is ezen a ter\u00fcleten marad el a teljes\u00edtm\u00e9ny a v\u00e1rtt\u00f3l.\r\n\r\n<span class=\"highlight-block-small\">Guardiol\u00e1\u00e9k tizenh\u00e9t fordul\u00f3ban h\u00fasz g\u00f3lt kaptak; \u00f6sszehasonl\u00edt\u00e1sk\u00e9ppen: a 2018\/19-es \u00e9vadban 23 kapott g\u00f3llal lettek bajnokok.<\/span>\r\n\r\nJ\u00f3 h\u00edr azonban, hogy az egy\u00fcttes v\u00e1rhat\u00f3 kapott g\u00f3ljainak sz\u00e1ma (xGA) csak 16,5, vagyis az ellenfelek egyel\u0151re b\u0151ven fel\u00fclteljes\u00edtenek a City ellen (az al\u00e1bbi grafikon az \u00f6ng\u00f3lokat nem tartalmazza). \u00d6sszess\u00e9g\u00e9ben teh\u00e1t nincs gond a csapatv\u00e9dekez\u00e9ssel, a meglep\u0151en sok kapott g\u00f3l az \u00f6sszeszokotts\u00e1g hi\u00e1ny\u00e1ra \u00e9s az ebb\u0151l fakad\u00f3 egy\u00e9ni hib\u00e1k sz\u00e1ml\u00e1j\u00e1ra \u00edrhat\u00f3 els\u0151sorban. <em>(Az els\u0151 k\u00e9t \u00e1bra a Boxing Day el\u0151tti \u00e1llapotot mutatja.)<\/em>\r\n\r\n<img class=\"alignnone size-full wp-image-11421\" src=\"https:\/\/sport24.24.hu\/app\/uploads\/sites\/24\/2023\/12\/1-4.png\" alt=\"\" width=\"2382\" height=\"1590\" \/>\r\n\r\nIlyen v\u00e9delem m\u00f6g\u00f6tt a kapusnak sincs k\u00f6nny\u0171 dolga. <strong>\u00c9derson<\/strong> sz\u00e1mtalanszor bizony\u00edtotta az elm\u00falt \u00e9vekben, hogy a vil\u00e1g egyik legjobb kapusa, most viszont jelent\u0151sen visszaesett a teljes\u00edtm\u00e9nye. A h\u00fasz csapat \u2013 j\u00e1t\u00e9kpercek alapj\u00e1n \u2013 els\u0151 sz\u00e1m\u00fa kapusai k\u00f6z\u00fcl \u00c9dersonnnak a m\u00e1sodik legrosszabb a v\u00e9d\u00e9si hat\u00e9konys\u00e1ga, mind\u00f6ssze 63,8 sz\u00e1zal\u00e9k. Teljes karrierj\u00e9t tekintve enn\u00e9l csak egyszer volt rosszabb a v\u00e9d\u00e9si mutat\u00f3ja, az ezt megel\u0151z\u0151 szezonban (62,3 sz\u00e1zal\u00e9k).\r\n<div class=\"payable-content-section\"><\/div>\r\nHa a megel\u0151z\u00f6tt kapott g\u00f3lok sz\u00e1m\u00e1t vizsg\u00e1ljuk \u2013 vagyis azt, hogy az ellenfelek kapura tart\u00f3 l\u00f6v\u00e9seinek min\u0151s\u00e9g\u00e9hez k\u00e9pest (PSxG) h\u00e1ny g\u00f3lt kapott \u00c9derson \u2013, akkor is hasonl\u00f3 k\u00f6vetkeztet\u00e9sre jutunk. A PSxG alapj\u00e1n a brazil kapusnak 15,9 g\u00f3lt kellett volna kapnia, ehhez k\u00e9pest tizenkilencet kapott (\u00f6ng\u00f3lok n\u00e9lk\u00fcl), vagyis h\u00e1romg\u00f3los m\u00ednuszban van. Az igaz\u00e1n j\u00f3 kapusoknak ez a mutat\u00f3ja pluszban szokott lenni, \u00fagyhogy a szezon h\u00e1tral\u00e9v\u0151 r\u00e9sz\u00e9ben \u00c9dersonnak sz\u00fcks\u00e9ge lesz j\u00f3 n\u00e9h\u00e1ny brav\u00farra, ha id\u00e9n is ehhez a k\u00f6rh\u00f6z akar tartozni.\r\n\r\n<img class=\"alignnone size-full wp-image-11422\" src=\"https:\/\/sport24.24.hu\/app\/uploads\/sites\/24\/2023\/12\/2-3.png\" alt=\"\" width=\"2382\" height=\"1590\" \/>\r\n\r\nGuardiol\u00e1\u00e9k a g\u00f3ljaik 65 sz\u00e1zal\u00e9k\u00e1t a 60. perc ut\u00e1n kapt\u00e1k, \u00e9s ezek k\u00f6z\u00fcl t\u00f6bb is a gy\u0151zelembe ker\u00fclt: a Chelsea \u00e9s a Tottenham ellen k\u00e9tszer is el\u0151nyben voltak az utols\u00f3 f\u00e9l\u00f3r\u00e1ban, m\u00e9gis mindk\u00e9t meccsnek d\u00f6ntetlen lett a v\u00e9ge (4-4 \u00e9s 3-3); a Liverpool a 80. percben egyenl\u00edtett ellen\u00fck (1-1); a Crystal Palace pedig k\u00e9tg\u00f3los h\u00e1tr\u00e1nyt dolgozott le az utols\u00f3 tizen\u00f6t percben (2-2).\r\n\r\n<span class=\"highlight-block\">Ezen a n\u00e9gy meccsen a City nyolc pontot adott le gy\u0151ztes \u00e1ll\u00e1sb\u00f3l. <\/span>\r\n\r\nEz is olyasmi, ami eddig nem volt jellemz\u0151 a manchesteriekre, hiszen ha volt csapat, amelyik tudja, hogy mik\u00e9ppen kell kontroll\u00e1lni egy meccset, pl\u00e1ne gy\u0151ztes \u00e1ll\u00e1sn\u00e1l, akkor az a City. Egy\u00e9bk\u00e9nt a h\u00e1rom veres\u00e9g alkalm\u00e1val is az utols\u00f3 f\u00e9l\u00f3r\u00e1ban kapt\u00e1k a mindent eld\u00f6nt\u0151 g\u00f3lt:\r\n<ul>\r\n \t<li>a Wolverhampton a 66. percben szerezte a gy\u0151ztes tal\u00e1latot (1\u20132)<\/li>\r\n \t<li><strong>Gabriel Martinelli<\/strong> a 86. percben nyerte meg a meccset az Arsenalnak (0\u20131)<\/li>\r\n \t<li>az Aston Villa a 74. percben szerzett g\u00f3llal gy\u0151z\u00f6tt (0\u20131).<\/li>\r\n<\/ul>\r\n<img class=\"alignnone size-full wp-image-11423\" src=\"https:\/\/sport24.24.hu\/app\/uploads\/sites\/24\/2023\/12\/3-4.png\" alt=\"\" width=\"2382\" height=\"1590\" \/>\r\n\r\nEzek alapj\u00e1n is egy\u00e9rtelm\u0171en l\u00e1tszik, hogy a v\u00e9dekez\u00e9ssel gondok vannak, t\u00e1mad\u00e1sban viszont nincs jelent\u0151sebb visszaes\u00e9s m\u00e9g annak ellen\u00e9re sem, hogy a t\u00e1mad\u00e1svezet\u00e9sek szempontj\u00e1b\u00f3l legfontosabb j\u00e1t\u00e9kos, De Bruyne eddig nem j\u00e1tszott egy percet sem. A City nem vezet minden mutat\u00f3ban, de p\u00e9ld\u00e1ul a g\u00f3lok, a l\u00f6v\u00e9sek, az xG \u00e9s a tizenhatoson bel\u00fcli labda\u00e9rint\u00e9sek tekintet\u00e9ben is minimum a top 3-ban van.\r\n\r\n<strong>Erling Haaland<\/strong> is vezeti a g\u00f3ll\u00f6v\u0151list\u00e1t a tizenn\u00e9gy g\u00f3lj\u00e1val, pedig ha valakinek, akkor neki t\u00e9nyleg hi\u00e1nyozhat De Bruyne. Az al\u00e1bbi grafikonon a City t\u00edzmeccses xG \u00e9s xGA g\u00f6rg\u0151\u00e1tlaga l\u00e1that\u00f3 a 2020\/21-es \u00e9vadt\u00f3l kezd\u0151d\u0151en. Ezt a h\u00e1rom \u00e9s f\u00e9l \u00e9ves peri\u00f3dust vizsg\u00e1lva r\u00e9szint meg\u00e1llap\u00edthat\u00f3, hogy a City teljes\u00edtm\u00e9ny\u00e9ben szinte sosincs komolyabb ingadoz\u00e1s, r\u00e9szint az az\u00e9rt l\u00e1tszik, hogy jelenleg a megszokottn\u00e1l valamivel magasabb a csapat xGA-ja. A mostani peri\u00f3dusban 1,14, ilyen magas legut\u00f3bb 2020 \u0151sz\u00e9n volt. T\u00e9ny teh\u00e1t, hogy nem most tet\u0151zik a City teljes\u00edtm\u00e9nye, de a legt\u00f6bb csapat csak \u00e1lmodozik egy ehhez hasonl\u00f3 g\u00f6rb\u00e9r\u0151l.\r\n\r\n<img class=\"alignnone size-full wp-image-11424\" src=\"https:\/\/sport24.24.hu\/app\/uploads\/sites\/24\/2023\/12\/4-4.png\" alt=\"\" width=\"2382\" height=\"1590\" \/>\r\n\r\nAz imm\u00e1r klubvil\u00e1gbajnok City szerda este az Everton vend\u00e9gek\u00e9nt folytatja a Premier League-ben. Az Everton a bajnoks\u00e1g legjobb form\u00e1ban l\u00e9v\u0151 csapata az elm\u00falt \u00f6t meccs alapj\u00e1n, ennek ellen\u00e9re a helyzeteit nem tudja j\u00f3l kihaszn\u00e1lni, az xG-j\u00e9hez k\u00e9pest (28,6) kev\u00e9s g\u00f3lt szerez (23). A manchesteriek szempontj\u00e1b\u00f3l kulcsfontoss\u00e1g\u00fa lesz, hogy a liverpooliak ne ellen\u00fck kezdj\u00e9k meg t\u00f6rleszteni az ad\u00f3ss\u00e1got. Mint l\u00e1thattuk, ha ezt siker\u00fcl megakad\u00e1lyozni, akkor szinte garant\u00e1lt a siker.\r\n\r\n<em>A szerz\u0151 Kov\u00e1cs G\u00e1bor, az FTC adatelemz\u0151je.<\/em>\r\n\r\n[prefabricated_shortcode in_app=\"0\" code=\"%3Cdiv%20class%3D%22article_box_border%22%20style%3D%22background%3A%20url%28%27https%3A%2F%2F24.p3k.hu%2Fapp%2Fuploads%2Fsites%2F24%2F2021%2F05%2Fsport24-pattern.png%27%29%20no-repeat%20left%20-16px%20%23f3f3f4%3B%20border%3A%20none%3B%22%3E%0D%0A%3Cdiv%20class%3D%22article_solidheader%22%3E%0D%0A%3Ch2%20style%3D%22color%3A%20%23111115%21important%3B%20font-size%3A%2036px%3B%20font-weight%3A%20bold%3B%20margin-bottom%3A%2030px%3B%20margin-top%3A%2020px%3B%20text-align%3A%20center%3B%20line-height%3A%2036px%3B%22%3E%3Cimg%20class%3D%22aligncenter%20size-full%20wp-image-141%22%20src%3D%22https%3A%2F%2F24.p3k.hu%2Fapp%2Fuploads%2Fsites%2F24%2F2021%2F05%2Fs24-logo-dt.png%22%20alt%3D%22%22%20width%3D%22408%22%20height%3D%2290%22%20%2F%3E%3C%2Fh2%3E%0D%0A%3Ch2%20style%3D%22color%3A%20%23111115%21important%3B%20font-size%3A%2036px%3B%20font-weight%3A%20bold%3B%20margin-bottom%3A%2030px%3B%20margin-top%3A%2020px%3B%20text-align%3A%20center%3B%20line-height%3A%2040px%3B%22%3ECsatlakozz%20a%20Sport24%20k%C3%B6z%C3%B6ss%C3%A9ghez%2C%20mondd%20el%20v%C3%A9lem%C3%A9nyedet%20z%C3%A1rt%20Facebook-csoportunkban%2C%20%C3%A9s%20vegy%C3%A9l%20r%C3%A9szt%20csak%20el%C5%91fizet%C5%91knek%20el%C3%A9rhet%C5%91%20exkluz%C3%ADv%20esem%C3%A9nyeinken.%3C%2Fh2%3E%0D%0A%3C%2Fdiv%3E%0D%0A%3Cp%20style%3D%22background%3A%20%2357A600%3B%20margin-top%3A%2020px%3B%20padding%3A%2020px%3B%20text-align%3A%20center%3B%22%3E%3Ca%20style%3D%22color%3A%20%23ffffff%3B%20font-size%3A%2026px%3B%20font-weight%3A%20600%3B%22%20href%3D%22https%3A%2F%2Fwww.facebook.com%2Fgroups%2F212344460412327%22%3ECSATLAKOZOM%3C%2Fa%3E%3C%2Fp%3E%0D%0A%0D%0A%3C%2Fdiv%3E\"]","type":"rich","thumbnail_url":"https:\/\/s.24.hu\/app\/uploads\/sites\/24\/2023\/12\/075_breton-fifaclub231221_npvm1-150x150.jpg","thumbnail_width":150,"thumbnail_height":150}