{"version":"1.0","provider_name":"Sport24","provider_url":"https:\/\/sport24.24.hu","author_name":"Bruckner G\u00e1bor","author_url":"https:\/\/sport24.24.hu\/author\/brucknerg\/","title":"Sok csapat, sok p\u00e9nz: a FIFA a felturb\u00f3zott klubv\u00e9b\u00e9vel a BL bajsz\u00e1t h\u00fazogatn\u00e1","html":"A Manchester City a jap\u00e1n Urava Red Diamonds csapat\u00e1val m\u00e9rk\u0151z\u00f6tt meg (\u00e9s gy\u0151z\u00f6tt sim\u00e1n), hogy elfoglalja hely\u00e9t a 2023-as klubvil\u00e1gbajnoks\u00e1g d\u00f6nt\u0151j\u00e9ben, melybe els\u0151k\u00e9nt a brazil Fluminense jutott be (\u201e\u00e1ldozata\u201d az egyiptomi al-Ahli volt). Kev\u00e9sb\u00e9 udvariasan: a Manchester City egy (viszonylag) keveseket \u00e9rdekl\u0151 ellenf\u00e9llel \u00f6sszecsapva jut be egy keveseket \u00e9rdekl\u0151 torna d\u00f6nt\u0151j\u00e9be, amelynek fin\u00e1l\u00e9ja D\u00e9l-Amerik\u00e1ban m\u00e9g csak-csak \u00e9rdekes lesz, de Eur\u00f3p\u00e1ban j\u00f3val kev\u00e9ss\u00e9. M\u00e9g kev\u00e9sb\u00e9 udvariasan: a FIFA-klubvil\u00e1gbajnoks\u00e1g jelen form\u00e1j\u00e1ban csak ny\u0171g, \u00e9s kis t\u00falz\u00e1ssal senkit sem mozgat meg, lesz\u00e1m\u00edtva az idei \u00f6t\u00f6dik nagy tr\u00f3fe\u00e1j\u00e1ra hajt\u00f3 manchesteri \u00e9s a meglepet\u00e9sre k\u00e9sz\u00fcl\u0151 ri\u00f3i csapatot \u00e9s h\u00edveit.\r\n\r\nEz az\u00e9rt nem az igazi.\r\n\r\nA klubvil\u00e1gbajnoks\u00e1g probl\u00e9m\u00e1ival m\u00e1r foglalkoztunk kor\u00e1bban: az \u00e9v v\u00e9g\u00e9re beszuszakolt torna n\u00e9ha csak plusz ny\u0171gnek \u00e9rz\u0151dik, az \u00e9rdekl\u0151d\u00e9s nem kiemelked\u0151, a v\u00e9gkimenetel el\u0151re megj\u00f3solhat\u00f3. A legut\u00f3bbi t\u00edz alkalommal \u2013 \u00e9s a legut\u00f3bbi tizenhatb\u00f3l tizen\u00f6tsz\u00f6r \u2013 eur\u00f3pai klub diadalmaskodott, izgalom legink\u00e1bb csak abban van, hogy az aktu\u00e1lis BL-gy\u0151ztes d\u00e9l-amerikai, \u00e1zsiai, k\u00f6z\u00e9p\/\u00e9szak-amerikai, vagy afrikai csapatot ver meg a d\u00f6nt\u0151ben. A p\u00e9nzd\u00edj sem kiemelked\u0151 \u2013 a nyit\u00f3m\u00e9rk\u0151z\u00e9s vesztese csak 500 000 amerikai doll\u00e1rt kapott, a gy\u0151ztes 5, a d\u00f6nt\u0151 vesztese 4 milli\u00f3 doll\u00e1rral gazdagodik, az \u00f6sszes p\u00e9nzd\u00edj 16 milli\u00f3.\r\n\r\n[caption id=\"attachment_11375\" align=\"alignnone\" width=\"2000\"]<img class=\"size-full wp-image-11375\" src=\"https:\/\/sport24.24.hu\/app\/uploads\/sites\/24\/2023\/12\/075_breton-fifaclub231221_npsxv-masolat.jpg\" alt=\"\" width=\"2000\" height=\"1333\" \/> Fernando Diniz, a Fluminense vezet\u0151edz\u0151je \u00e9s Felipe Melo, a Fluminense \u00e9s Braz\u00edlia k\u00f6z\u00e9ph\u00e1tv\u00e9dje a Manchester City\u2013Fluminense m\u00e9rk\u0151z\u00e9s el\u0151tti sajt\u00f3t\u00e1j\u00e9koztat\u00f3n.[\/caption]\r\n\r\nA FIFA-klubv\u00e9b\u00e9 eddig nem sikert\u00f6rt\u00e9net, \u00e1m 2025-ben j\u00f6n az \u00faj, 32 csapatos, ny\u00e1ri szupertorna. A profi j\u00e1t\u00e9kosok \u00e9rdekv\u00e9delmi szervezete (FIFPro) m\u00e1r kor\u00e1bban agg\u00e1lyait fejezte ki a plusz meccsterhel\u00e9s miatt, a 44 profi labdar\u00fag\u00f3lig\u00e1t \u00f6sszefog\u00f3 World Leagues Forum lobbicsoport (mely a Premier League-et, a La Lig\u00e1t, a Serie A-t \u00e9s a Bundeslig\u00e1t is tagjai k\u00f6z\u00f6tt tudhatja) pedig hivatalos tiltakoz\u00f3 levelet k\u00fcld\u00f6tt a FIFA-nak. A lev\u00e9lben a vil\u00e1gszervezet kem\u00e9ny kritik\u00e1t kap, mivel az al\u00e1\u00edr\u00f3k \u00e1ll\u00e1spontja szerint:\r\n<ul>\r\n \t<li>nem veszi figyelembe a nemzeti futballsorozatok \u00e9rdekeit<\/li>\r\n \t<li>tov\u00e1bbi m\u00e9rk\u0151z\u00e9seket visz be a nemzetk\u00f6zi meccsnapt\u00e1rba, holott a j\u00e1t\u00e9kosok m\u00e1r \u00edgy is t\u00falterheltek<\/li>\r\n \t<li>saj\u00e1t \u00e9rdekeit m\u00e1sok (tagorsz\u00e1gai \u00e9s azok versenysorozatai) \u00e9rdekei el\u00e9 helyezi, pedig ez vil\u00e1gszervezetk\u00e9nt nem szerencs\u00e9s<\/li>\r\n<\/ul>\r\nAz eur\u00f3pai topklubok t\u00f6bbs\u00e9g\u00e9t t\u00f6m\u00f6r\u00edt\u0151 European Club Association (ECA) ugyanakkor t\u00e1mogatja <a href=\"https:\/\/www.ecaeurope.com\/news-media-releases\/eca-executive-committee-and-board-decisions-from-copenhagen\/\" target=\"_blank\" rel=\"noopener\">a FIFA kezdem\u00e9nyez\u00e9s\u00e9t<\/a> a klubv\u00e9b\u00e9 \u00e1talak\u00edt\u00e1s\u00e1ra.\r\n<blockquote>Az ECA melegen \u00fcdv\u00f6zli a FIFA tan\u00e1cs\u00e1nak bejelent\u00e9s\u00e9t az \u00faj klubvil\u00e1gbajnoks\u00e1ggal kapcsolatban. Az \u00faj versenysorozat l\u00e9trehoz\u00e1sa fantasztikus h\u00edr a labdar\u00fag\u00f3vil\u00e1gnak \u00e9s az eur\u00f3pai kluboknak is, melyek 12 garant\u00e1lt helyet kapnak az els\u0151 torn\u00e1n<\/blockquote>\r\n\u2013 <a href=\"https:\/\/www.linkedin.com\/company\/european-club-association\/?miniCompanyUrn=urn%3Ali%3Afsd_company%3A1708236&amp;lipi=urn%3Ali%3Apage%3Acompanies_company_posts_index%3Be88374cd-e410-42ce-ad2b-f4943bbf4a10\" target=\"_blank\" rel=\"noopener\">\u00edrta a szervezet<\/a>.\r\n\r\nA FIFA hosszas v\u00e1rakoz\u00e1s ut\u00e1n december 17-\u00e9n k\u00f6z\u00f6lte a 2025-re tervezett, 32 csapatos klubvil\u00e1gbajnoks\u00e1g r\u00e9szleteit. Azt m\u00e1r eddig is lehetett tudni, hogy a helysz\u00edn az Egyes\u00fclt \u00c1llamok lesz, a form\u00e1tum a 32 csapatos vil\u00e1gbajnoks\u00e1g\u00e9hoz hasonl\u00f3 (b\u00e1r bronzmeccs nem lesz), de a vil\u00e1gszervezet most a kor\u00e1bbin\u00e1l sokkal t\u00f6bbet el\u00e1rult. A kvalifik\u00e1ci\u00f3 egy n\u00e9gy\u00e9ves pontsz\u00e1m\u00edt\u00e1s alapj\u00e1n d\u0151l el: kvalifik\u00e1lj\u00e1k magukat a kontinent\u00e1lis Bajnokok Lig\u00e1ja gy\u0151ztesei, valamint a pontsz\u00e1m\u00edt\u00e1s alapj\u00e1n a f\u00f6ldr\u00e9sz\u00fck els\u0151 sz\u00e1m\u00fa sorozat\u00e1ban legjobban teljes\u00edt\u0151 csapatok. Orsz\u00e1gonk\u00e9nt legfeljebb k\u00e9t csapat juthat ki, de ez a korl\u00e1toz\u00e1s a kontinent\u00e1lis BL gy\u0151zteseire nem vonatkozik (teh\u00e1t p\u00e9ld\u00e1ul ha az Arsenal megnyeri a 2023\/24-es BL-t, akkor indulhat, de m\u00e1s angol klub m\u00e1r nem kvalifik\u00e1lhatja mag\u00e1t). A klubmundi\u00e1lon ezek alapj\u00e1n a k\u00f6vetkez\u0151 csapatok indulhatnak:\r\n\r\n<strong>AFRIKA (CAF, 4 hely):<\/strong>\r\n<ul>\r\n \t<li>al-Ahli (egyiptomi, a 2020\/21-es \u00e9s 2022\/23-as afrikai BL gy\u0151ztese),<\/li>\r\n \t<li>Vidad Casablanca (a 2021\/22-es afrikai BL-gy\u0151ztese),<\/li>\r\n \t<li>a 2023\/24-es afrikai BL-gy\u0151ztese*,<\/li>\r\n \t<li>a 4 \u00e9ves pontsz\u00e1m\u00edt\u00e1s legjobb afrikai csapata.<\/li>\r\n<\/ul>\r\n<strong>\u00c1ZSIA (AFC, 4 hely):<\/strong>\r\n<ul>\r\n \t<li>al-Hilal (sza\u00fadi, a 2021-es \u00e1zsiai BL gy\u0151ztese).<\/li>\r\n \t<li>Urava Red Diamonds (jap\u00e1n, a 2022-es \u00e1zsiai BL-gy\u0151ztese).<\/li>\r\n \t<li>a 2023\/24-es \u00e1zsiai BL gy\u0151ztese*.<\/li>\r\n \t<li>a 4 \u00e9ves pontsz\u00e1m\u00edt\u00e1s legjobb \u00e1zsiai csapata.<\/li>\r\n<\/ul>\r\n<strong>D\u00c9L-AMERIKA (CONMEBOL, 6 hely):<\/strong>\r\n<ul>\r\n \t<li>Palmeiras (brazil, a 2021-es Libertadores Kupa gy\u0151ztese),<\/li>\r\n \t<li>Flamengo (brazil, a 2022-es Libertadores Kupa gy\u0151ztese),<\/li>\r\n \t<li>Fluminense (brazil, a 2023-as Libertadores Kupa gy\u0151ztese),<\/li>\r\n \t<li>a 2024-es Libertadores Kupa gy\u0151ztese*,<\/li>\r\n \t<li>a 4 \u00e9ves pontsz\u00e1m\u00edt\u00e1s legjobb d\u00e9l-amerikai csapata,<\/li>\r\n \t<li>a 4 \u00e9ves pontsz\u00e1m\u00edt\u00e1s m\u00e1sodik legjobb d\u00e9l-amerikai csapata.<\/li>\r\n<\/ul>\r\n<strong>EUR\u00d3PA (UEFA, 12 hely):<\/strong>\r\n<ul>\r\n \t<li>Chelsea (angol, a 2020\/21-es BL gy\u0151ztese),<\/li>\r\n \t<li>Real Madrid (spanyol, a 2021\/22-es BL gy\u0151ztese),<\/li>\r\n \t<li>Manchester City (angol, a 2022\/23-as BL gy\u0151ztese),<\/li>\r\n \t<li>Bayern M\u00fcnchen (n\u00e9met, <a href=\"https:\/\/www.fotcalc.com\/4-year-ranking\" target=\"_blank\" rel=\"noopener\">az UEFA 4 \u00e9ves pontsz\u00e1m\u00edt\u00e1s alapj\u00e1n<\/a>),<\/li>\r\n \t<li>PSG (francia, az UEFA 4 \u00e9ves pontsz\u00e1m\u00edt\u00e1s alapj\u00e1n),<\/li>\r\n \t<li>Internazionale (olasz, az UEFA 4 \u00e9ves pontsz\u00e1m\u00edt\u00e1s alapj\u00e1n),<\/li>\r\n \t<li>Porto (portug\u00e1l, az UEFA 4 \u00e9ves pontsz\u00e1m\u00edt\u00e1s alapj\u00e1n),<\/li>\r\n \t<li>Benfica (portug\u00e1l, az UEFA 4 \u00e9ves pontsz\u00e1m\u00edt\u00e1s alapj\u00e1n),<\/li>\r\n \t<li>a 2023\/24-es BL gy\u0151ztese*,<\/li>\r\n \t<li>a 4 \u00e9ves pontsz\u00e1m\u00edt\u00e1s legjobb eur\u00f3pai csapata**,<\/li>\r\n \t<li>a 4 \u00e9ves pontsz\u00e1m\u00edt\u00e1s m\u00e1sodik legjobb eur\u00f3pai csapata **,<\/li>\r\n \t<li>a 4 \u00e9ves pontsz\u00e1m\u00edt\u00e1s harmadik legjobb eur\u00f3pai csapata**.<\/li>\r\n<\/ul>\r\n<strong>\u00c9SZAK-AMERIKA, K\u00d6Z\u00c9P-AMERIKA \u00c9S KARIBI T\u00c9RS\u00c9G (CONCACAF, 4+1 hely):<\/strong>\r\n<ul>\r\n \t<li>Monterrey (mexik\u00f3i, a 2021-es CONCACAF BL gy\u0151ztese),<\/li>\r\n \t<li>Seattle Sounders (egyes\u00fclt \u00e1llamokbeli, a 2022-es CONCACAF BL gy\u0151ztese),<\/li>\r\n \t<li>Le\u00f3n (mexik\u00f3i, a 2023-as CONCACAF BL gy\u0151ztese),<\/li>\r\n \t<li>a 2024-es CONCACAF BL gy\u0151ztese,<\/li>\r\n \t<li>h\u00e1zigazda hely (egy egyes\u00fclt \u00e1llamokbeli csapatnak fenntartva).<\/li>\r\n<\/ul>\r\n<strong>\u00d3CE\u00c1NIA (OFC, 1 hely):<\/strong>\r\n<ul>\r\n \t<li>Auckland City (\u00faj-z\u00e9landi, a 4 \u00e9ves pontsz\u00e1m\u00edt\u00e1s legjobb \u00f3ce\u00e1niai csapata).<\/li>\r\n<\/ul>\r\n*: ha m\u00e1r kvalifik\u00e1lta mag\u00e1t a klub, akkor a 4 \u00e9ves pontsz\u00e1m\u00edt\u00e1s k\u00f6vetkez\u0151, m\u00e9g nem kijutott csapat\u00e1ra sz\u00e1ll a hely\r\n\r\n**: a versenyben lev\u0151 eur\u00f3pai csapatok: Borussia Dortmund (n\u00e9met), Atl\u00e9tico Madrid (spanyol), RB Leipzig (n\u00e9met), Barcelona (spanyol), Juventus (olasz), Napoli (olasz), RB Salzburg (osztr\u00e1k), Lazio (olasz)\r\n\r\nhttps:\/\/twitter.com\/FIFAcom\/status\/1736407350745895174\r\n<div class=\"payable-content-section\"><\/div>\r\nEgy ilyen mez\u0151nnyel az\u00e9rt m\u00e1r eg\u00e9szen m\u00e1s a le\u00e1nyz\u00f3 (illetve a klub-vb) fekv\u00e9se. Ott lesz a torn\u00e1n m\u00e1r biztosan a vil\u00e1g \u2013 k\u00f6z\u00f6ss\u00e9gi m\u00e9di\u00e1s k\u00f6vet\u0151t\u00e1bor alapj\u00e1n \u2013 h\u00fasz legn\u00e9pszer\u0171bb klubj\u00e1b\u00f3l nyolc (\u00e9s ott lehet m\u00e9g tov\u00e1bbi \u00f6t-h\u00e9t); a legnagyobb bev\u00e9tel\u0171 klubokb\u00f3l h\u00e9t (\u00e9s ott lehet tov\u00e1bbi n\u00e9gy). Az anyagi r\u00e9szletekr\u0151l semmit sem tudni (legal\u00e1bbis hivatalosan a FIFA nem kommunik\u00e1lt semmit): a vil\u00e1gszervezet 2023\u20132026-os b\u00fcdzs\u00e9j\u00e9ben <a href=\"https:\/\/publications.fifa.com\/en\/annual-report-2022\/finances\/2023-2026-cycle-budget-and-2024-detailed-budget\/\" target=\"_blank\" rel=\"noopener\">m\u00e9g nem sz\u00e1moltak az \u00faj torn\u00e1val<\/a>, a szponzori \u00e9s k\u00f6zvet\u00edt\u00e9si meg\u00e1llapod\u00e1sokat m\u00e9g nem k\u00f6t\u00f6tt\u00e9k meg. A FIFA ak\u00e1r saj\u00e1t m\u00e9diaplatformj\u00e1val \u2013 ez a 2022-ben elind\u00edtott FIFA Plus \u2013 is sz\u00e1molhat a k\u00f6zvet\u00edt\u00e9sek eset\u00e9n. A ny\u00e1rra \u00e1thelyezett, egyh\u00f3napos torn\u00e1t\u00f3l joggal v\u00e1rhat a vil\u00e1gszervezet jelent\u0151s bev\u00e9telt, a klubokat ugyanakkor nagy p\u00e9nzd\u00edjakkal kellene \u00e9desgetnie, hogy azok el\u00e9g komolyan vegy\u00e9k a klub-vb-t. <a href=\"https:\/\/www.skysports.com\/football\/news\/11945\/13032963\/fifa-announces-32-team-club-world-cup-from-2025-with-chelsea-and-man-city-through-as-liverpool-and-man-utd-miss-out\" target=\"_blank\" rel=\"noopener\">A Sky Sports<\/a>\r\n\r\n<span class=\"highlight-block\">csapatonk\u00e9nt (minimum) 50 milli\u00f3 fontr\u00f3l \u00edrt, ami hatalmas n\u00f6veked\u00e9s lenne. <\/span>\r\n\r\nAmennyiben igaz a p\u00e9nzd\u00edj volumen\u00e9nek ekkora n\u00f6veked\u00e9se, akkor az \u00faj versenysorozat jelent\u0151s versenytorz\u00edt\u00f3 hat\u00e1ssal is b\u00edrna: m\u00e9g a Porto vagy a Benfica eset\u00e9ben is jelent\u0151s egy plusz 50 milli\u00f3 fontos bev\u00e9tel, de k\u00e9pzelj\u00fck el ezt az al-Ahli, a Vidad, a Le\u00f3n, a Monterrey, az Urava Reds vagy pl\u00e1ne az Auckland City eset\u00e9ben.\r\n\r\nA kib\u0151v\u00edtett klub-vb f\u0151leg a CONCACAF-t\u00e9rs\u00e9gben okozhat probl\u00e9m\u00e1t, mert 2025-ben a jelek szerint egyszerre lesz az Egyes\u00fclt \u00c1llamokban az Aranykupa (azaz a kontinensviadal), illetve a FIFA-klubvil\u00e1gbajnoks\u00e1g. A z\u00f3na \u00f6t csapat\u00e1t (Seattle Sounders, Le\u00f3n, Monterrey, a 2024-es CONCACAF BL-gy\u0151ztes \u00e9s a h\u00e1zigazda jog\u00e1n szerepl\u0151 klub) mindk\u00e9t torna \u00e9rinti, ahogyan a t\u00f6bbi f\u00f6ldr\u00e9sz klubv\u00e9b\u00e9re kvalifik\u00e1lt klubjaiban szerepl\u0151 CONCACAF-j\u00e1t\u00e9kosok st\u00e1tusza is k\u00e9rd\u00e9ses. Gyakorlati p\u00e9ld\u00e1val szeml\u00e9ltetve: hol j\u00e1tszik majd Jes\u00fas Corona, a Monterrey \u00e9s a mexik\u00f3i v\u00e1logatott kulcsj\u00e1t\u00e9kosa, ha munk\u00e1ltat\u00f3ja a klubv\u00e9b\u00e9n, v\u00e1logatottja meg az Aranykup\u00e1n \u00e9rdekelt? Azt a ny\u00e1r \u00f3ta tudjuk, hogy a FIFA \u00e9s a CONCACAF folyamatosan egyeztet a k\u00e9t torna \u00fctk\u00f6z\u00e9se miatt \u2013 a c\u00e9l egy win-win szitu\u00e1ci\u00f3 el\u00e9r\u00e9se, \u00e1m ez makul\u00e1tlanul aligha megval\u00f3s\u00edthat\u00f3.\r\n\r\n[caption id=\"attachment_11376\" align=\"alignnone\" width=\"2000\"]<img class=\"size-full wp-image-11376\" src=\"https:\/\/sport24.24.hu\/app\/uploads\/sites\/24\/2023\/12\/000_347878x-masolat.jpg\" alt=\"\" width=\"2000\" height=\"1333\" \/> A CONCACAF eln\u00f6ke, Victor Montagliani besz\u00e9det mond a Copa America labdar\u00fag\u00f3-verseny sorsol\u00e1s\u00e1n.[\/caption]\r\n\r\nA legjobban (egyel\u0151re) a FIFPro akadt ki a terveken. A j\u00e1t\u00e9kosok \u00e9rdekv\u00e9delmi szervezete \u00e9les hang\u00fa k\u00f6zlem\u00e9nyben b\u00edr\u00e1lta a FIFA-t, \u00e9s jelezte azt is, hogy a vil\u00e1gszervezet kommunik\u00e1lni sem volt hajland\u00f3 vel\u00fck bizonyos k\u00e9rd\u00e9sekben.\r\n<blockquote>A FIFA tan\u00e1cs\u00e1nak d\u00f6nt\u00e9se bizony\u00edtja, hogy a szervezet (\u2026) nem t\u00f6r\u0151dik a r\u00e9sztvev\u0151 j\u00e1t\u00e9kosok ment\u00e1lis meg fizik\u00e1lis eg\u00e9szs\u00e9g\u00e9vel, \u00e9s azok mag\u00e1n- \u00e9s csal\u00e1di \u00e9let\u00e9t sem veszi figyelembe. A kib\u0151v\u00edtett torna al\u00e1\u00e1ssa a 2024\/25-\u00f6s id\u00e9ny v\u00e9gi pihen\u0151id\u0151t (\u2026) A j\u00e1t\u00e9kosoknak 11 h\u00f3napos id\u00e9ny v\u00e9g\u00e9n kell m\u00e9g egy torn\u00e1n szerepelni\u00fck, \u00e9s aligha lesz elegend\u0151 pihen\u0151j\u00fck a k\u00f6vetkez\u0151 \u00e9vad kezdete el\u0151tt<\/blockquote>\r\n\u2013 <a href=\"https:\/\/www.fifpro.org\/en\/supporting-players\/competitions-innovation-and-growth\/competition-design-and-structures\/fifpro-statement-scheduling-of-2025-fifa-club-world-cup\" target=\"_blank\" rel=\"noopener\">\u00edrta komm\u00fcnik\u00e9j\u00e9ben a FIFPro<\/a>.\r\n\r\n\u201eElfogadom, hogy a futballnapt\u00e1r zs\u00fafolt, de ez a torna csak n\u00e9gy\u00e9vente lesz, \u00e9s term\u00e9szetesen tiszteletben kell tartani a k\u00f6telez\u0151, azt k\u00f6vet\u0151 pihen\u0151id\u0151t. A torn\u00e1nak jelent\u0151s pozit\u00edv hat\u00e1sa lesz a r\u00e9sztvev\u0151kre, mivel \u00faj forr\u00e1sokhoz juttatja azokat, ennek hat\u00e1s\u00e1ra pedig fejl\u0151dhetnek \u00e9s versenyk\u00e9pesebbek lehetnek. Mi, eur\u00f3paiak szerencs\u00e9sek vagyunk, de fontos, hogy a labdar\u00fag\u00e1sb\u00f3l t\u00e9nyleg glob\u00e1lis j\u00e1t\u00e9kot csin\u00e1ljunk, \u00e9s seg\u00edts\u00fck m\u00e1s csapatok fejl\u0151d\u00e9s\u00e9t\u201d \u2013 <a href=\"https:\/\/theathletic.com\/5148603\/2023\/12\/19\/club-world-cup-arsene-wenger\/\" target=\"_blank\" rel=\"noopener\">jelentette ki<\/a> erre a FIFA glob\u00e1lis futballfejleszt\u00e9si felel\u0151sek\u00e9nt dolgoz\u00f3 <strong>Ars\u00e9ne Wenger<\/strong>.\r\n\r\nAz Arsenal exmenedzser\u00e9nek k\u00e9ts\u00e9gtelen\u00fcl igaza van abban, hogy a torna jelent\u0151s \u00faj bev\u00e9telekhez juttatja majd a nem eur\u00f3pai klubokat, amelyeknek nagy sz\u00fcks\u00e9g\u00fck is van ehhez a jobb versenyk\u00e9pess\u00e9ghez. Mi t\u00f6bb, azt is lehet mondani, hogy a FIFA feladata nem a status quo konzerv\u00e1l\u00e1sa, hanem a futballban rejl\u0151 (ak\u00e1r p\u00e9nz\u00fcgyi, ak\u00e1r szakmai) lehet\u0151s\u00e9gek megnyit\u00e1sa a nem privilegiz\u00e1lt helyzet\u0171 f\u00f6ldr\u00e9szek sz\u00e1m\u00e1ra.\r\n\r\nA sz\u00e9p szavak mellett az\u00e9rt az is kimondhat\u00f3, hogy\r\n\r\n<span class=\"highlight-block\">a FIFA-nak nagy sz\u00fcks\u00e9ge van egy \u00fajabb fej\u0151steh\u00e9n-projektre, <\/span>\r\n\r\namely jelent\u0151s m\u00e9dia- \u00e9s k\u00f6z\u00f6ns\u00e9g\u00e9rdekl\u0151d\u00e9st gener\u00e1l. A vil\u00e1gszervezet bev\u00e9teli mix\u00e9t (nem meglep\u0151 m\u00f3don) a f\u00e9rfi feln\u0151tt-vil\u00e1gbajnoks\u00e1g domin\u00e1lja, \u00e9s a FIFA-nak nincs nagy m\u00e1sodik torn\u00e1ja, szemben mondjuk az UEFA-val vagy a CONMEBOL-lal. A kib\u0151v\u00edtett klubv\u00e9b\u00e9 egy\u00e9rtelm\u0171en sokkal vonz\u00f3bb, mint a jelenlegi: 32 klub versenyezhet, melyek t\u00f6bbs\u00e9ge m\u00f6g\u00f6tt hatalmas szurkol\u00f3t\u00e1bor \u00e1ll, a nem eur\u00f3pai csapatok (nekik mindig fontosabb volt a torna) lehet\u0151s\u00e9get kapnak arra, hogy t\u00e9thelyzetben \u00f6sszem\u00e9rhess\u00e9k erej\u00fcket az \u00f6reg kontinens legjobbjaival. Az \u00faj torna j\u00f3val nagyobb szakmai kih\u00edv\u00e1st is jelent, t\u00f6bb meccsel, jobb ellenfelekkel; a n\u00e9gy\u00e9venk\u00e9nti rendez\u00e9s plusz preszt\u00edzst adhat.\r\n\r\nA nemzetk\u00f6zi klubfutball status qu\u00f3j\u00e1nak felr\u00fag\u00e1sa legink\u00e1bb az UEFA-nak f\u00e1jhat, hiszen eddig a Bajnokok Lig\u00e1ja prim\u00e1tus\u00e1t \u00e9p \u00e9sszel senki sem k\u00e9rd\u0151jelezhette meg. Az els\u0151 sz\u00e1m\u00fa eur\u00f3pai kupasorozat sosem l\u00e1tott bev\u00e9teleket, szakmai fejl\u0151d\u00e9st \u00e9s \u00e9rdekl\u0151d\u00e9st hozott a kontinens csapatainak, \u00e9s persze a f\u00f6ldr\u00e9sz sz\u00f6vets\u00e9g\u00e9nek is. Az \u00faj klubv\u00e9b\u00e9 nem telepszik r\u00e1 az eur\u00f3pai BL-re, de \u2013 id\u0151vel? \u2013 megingathatja hely\u00e9t a klubfutball tr\u00f3nj\u00e1n. Ehhez persze lehet, hogy \u00e9vtizedek kellenek.\r\n\r\nAmi eg\u00e9szen biztos: a klubvil\u00e1gbajnoks\u00e1g \u00e1talak\u00edt\u00e1s\u00e1val folytat\u00f3dik a futballtorn\u00e1k expanzi\u00f3ja. Minden \u2013 kontinent\u00e1lis vagy vil\u00e1gszint\u0171 \u2013 torna nagyobb l\u00e9tsz\u00e1m\u00fa, grandi\u00f3zusabb lesz, term\u00e9szetesen egyr\u00e9szt a sz\u00e9lesebb reprezent\u00e1ci\u00f3, m\u00e1sr\u00e9szt (\u00e9s f\u0151k\u00e9nt) a nagyobb bev\u00e9telek el\u00e9r\u00e9s\u00e9nek sz\u00e1nd\u00e9ka miatt. A FIFA hangzatos, az \u00faj klubv\u00e9b\u00e9vel kapcsolatos sz\u00f3lamait \u00e9rdemes fenntart\u00e1sokkal kezelni, de\r\n\r\n<span class=\"highlight-block\">az \u00e1talak\u00edtott torna egy\u00e1ltal\u00e1n nem \u00f6rd\u00f6gt\u0151l val\u00f3 \u00f6tlet, <\/span>\r\n\r\n\u00e9s kifejezetten \u00e9rdekes k\u00fczdelmeket is hozhat. Legfeljebb felesleges. De h\u00e1t, ha valami igaz\u00e1n felesleges, akkor az a jelenlegi form\u00e1tum\u00fa klubvil\u00e1gbajnoks\u00e1g, amelyb\u0151l 2024-t\u0151l egy \u00e1talak\u00edtott Interkontinent\u00e1lis Kupa lesz (a d\u00f6nt\u0151ben az eur\u00f3pai BL gy\u0151ztese fix helyet kap).\r\n\r\n[caption id=\"attachment_11377\" align=\"alignnone\" width=\"2000\"]<img class=\"size-full wp-image-11377\" src=\"https:\/\/sport24.24.hu\/app\/uploads\/sites\/24\/2023\/12\/075_breton-fifaclub231221_npcyy-masolat.jpg\" alt=\"\" width=\"2000\" height=\"1333\" \/> A Manchester City j\u00e1t\u00e9kosai a Manchester City\u2013Fluminense m\u00e9rk\u0151z\u00e9st megel\u0151z\u0151 edz\u00e9sen.[\/caption]\r\n\r\nA 2023-as ki\u00edr\u00e1sban a ma esti Manchester City\u2013Fluminense d\u00f6nt\u0151vel b\u00facs\u00fazott a r\u00e9gi t\u00edpus\u00fa klubvil\u00e1gbajnoks\u00e1g. Meglepet\u00e9s lett volna, ha a fin\u00e1l\u00e9ban nem jelenne meg az angol \u00e9s a brazil klubfutball k\u00f6zti (f\u0151leg anyagiak tekintet\u00e9ben) szakad\u00e9knyi k\u00fcl\u00f6nbs\u00e9g, a City ennek megfelel\u0151en <a href=\"https:\/\/rangado.24.hu\/nemzetkozi_foci\/2023\/12\/22\/klubvilagbajnoksag-donto-manchester-city-fluminense-julian-alvarez-gol\/\">4-0-ra sim\u00e1zta le<\/a> a meccset. A 2025-\u00f6s klubv\u00e9b\u00e9n m\u00e1r egy maratoni torna v\u00e9g\u00e9n fesz\u00fcl egym\u00e1snak k\u00e9t topklub: sokkal nagyobb lesz a hype, sokkal t\u00f6bb a p\u00e9nz, minden bizonnyal nagyobb az \u00e9rdekl\u0151d\u00e9s. A FIFA \u2013 az \u00e9rthet\u0151 fenntart\u00e1sok ellen\u00e9re \u2013 nagyot h\u00fazhat az \u00faj torn\u00e1val. Az, hogy rendesen meg tudja-e h\u00fazkodni a \u201eBL-oroszl\u00e1n\u201d bajsz\u00e1t, majd elv\u00e1lik n\u00e9h\u00e1ny ki\u00edr\u00e1s alatt.\r\n\r\n[prefabricated_shortcode in_app=\"0\" code=\"%3Cdiv%20class%3D%22article_box_border%22%20style%3D%22background%3A%20url%28%27https%3A%2F%2F24.p3k.hu%2Fapp%2Fuploads%2Fsites%2F24%2F2021%2F05%2Fsport24-pattern.png%27%29%20no-repeat%20left%20-16px%20%23f3f3f4%3B%20border%3A%20none%3B%22%3E%0D%0A%3Cdiv%20class%3D%22article_solidheader%22%3E%0D%0A%3Ch2%20style%3D%22color%3A%20%23111115%21important%3B%20font-size%3A%2036px%3B%20font-weight%3A%20bold%3B%20margin-bottom%3A%2030px%3B%20margin-top%3A%2020px%3B%20text-align%3A%20center%3B%20line-height%3A%2036px%3B%22%3E%3Cimg%20class%3D%22aligncenter%20size-full%20wp-image-141%22%20src%3D%22https%3A%2F%2F24.p3k.hu%2Fapp%2Fuploads%2Fsites%2F24%2F2021%2F05%2Fs24-logo-dt.png%22%20alt%3D%22%22%20width%3D%22408%22%20height%3D%2290%22%20%2F%3E%3C%2Fh2%3E%0D%0A%3Ch2%20style%3D%22color%3A%20%23111115%21important%3B%20font-size%3A%2036px%3B%20font-weight%3A%20bold%3B%20margin-bottom%3A%2030px%3B%20margin-top%3A%2020px%3B%20text-align%3A%20center%3B%20line-height%3A%2040px%3B%22%3ECsatlakozz%20a%20Sport24%20k%C3%B6z%C3%B6ss%C3%A9ghez%2C%20mondd%20el%20v%C3%A9lem%C3%A9nyedet%20z%C3%A1rt%20Facebook-csoportunkban%2C%20%C3%A9s%20vegy%C3%A9l%20r%C3%A9szt%20csak%20el%C5%91fizet%C5%91knek%20el%C3%A9rhet%C5%91%20exkluz%C3%ADv%20esem%C3%A9nyeinken.%3C%2Fh2%3E%0D%0A%3C%2Fdiv%3E%0D%0A%3Cp%20style%3D%22background%3A%20%2357A600%3B%20margin-top%3A%2020px%3B%20padding%3A%2020px%3B%20text-align%3A%20center%3B%22%3E%3Ca%20style%3D%22color%3A%20%23ffffff%3B%20font-size%3A%2026px%3B%20font-weight%3A%20600%3B%22%20href%3D%22https%3A%2F%2Fwww.facebook.com%2Fgroups%2F212344460412327%22%3ECSATLAKOZOM%3C%2Fa%3E%3C%2Fp%3E%0D%0A%0D%0A%3C%2Fdiv%3E\"]","type":"rich","thumbnail_url":"https:\/\/s.24.hu\/app\/uploads\/sites\/24\/2023\/12\/000_348l7ke-masolat-150x150.jpg","thumbnail_width":150,"thumbnail_height":150}