{"version":"1.0","provider_name":"Sport24","provider_url":"https:\/\/sport24.24.hu","author_name":"Bruckner G\u00e1bor","author_url":"https:\/\/sport24.24.hu\/author\/brucknerg\/","title":"Ha magyar Leicester nem is lesz a Paks, egy \u00e9remre j\u00f3 lehet","html":"A \u201et\u00e9li tr\u00f3nr\u00f3l\u201d m\u00e1r siker\u00fclt letasz\u00edtani a Ferencv\u00e1rost. Ez sem kis fegyvert\u00e9ny az FTC \u00e1ltal az ut\u00f3bbi \u00e9vekben monopoliz\u00e1lt NB I-ben: legut\u00f3bb 2016\/17-ben volt olyan \u00e9vad, hogy nem els\u0151k\u00e9nt vonultak pihen\u0151re a f\u0151v\u00e1rosi z\u00f6ld-feh\u00e9rek. Arra az\u00e9rt ne fogadjunk nagy \u00f6sszegben, hogy a 2018\/19 \u00f3ta tart\u00f3 bajnoki arany\u00e9rem-sz\u00e9ri\u00e1juk megszakad: a keret\u00fck er\u0151ss\u00e9ge \u00e9s min\u0151s\u00e9ge nagy val\u00f3sz\u00edn\u0171s\u00e9ggel a tr\u00f3non tartja \u0151ket. Hacsak\u2026 hacsak nem lesz m\u00e9g egy olyan rossz tavaszuk, mint a 2023-as. Mert az m\u00e1r t\u00e9nyleg t\u00fal sok lenne.\r\n\r\n<strong>Dejan Stankovic<\/strong> a t\u00e9len el\u0151sz\u00f6r kap lehet\u0151s\u00e9get arra, hogy teljes felk\u00e9sz\u00fcl\u00e9st vez\u00e9nyeljen, v\u00e1ltoztat\u00e1sokat eszk\u00f6z\u00f6lj\u00f6n a keretben, \u00e9s el\u0151sz\u00f6r lesznek kipihent j\u00e1t\u00e9kosai, hiszen menet k\u00f6zben \u00fclt le a kispadra, \u00e9s a Fradinak j\u00f3form\u00e1n szusszan\u00e1snyi sz\u00fcnete sem volt az \u0151szi szezonban. Ez \u00f6sszess\u00e9g\u00e9ben nem sok j\u00f3t \u00edg\u00e9r a riv\u00e1lisoknak; a k\u00e9rd\u00e9s ink\u00e1bb az, hogy\r\n\r\n<span class=\"highlight-block\">mik\u00e9nt viseli az ut\u00f3bbi id\u0151szakban a szoros hazai versenyfut\u00e1st\u00f3l elszokott Fradi az \u00e1lland\u00f3 gy\u0151zelmi k\u00e9nyszert. <\/span>\r\n\r\nA legut\u00f3bbi hat bajnoks\u00e1gb\u00f3l csup\u00e1n m\u00e1sodszor fordul el\u0151, hogy a magyar rekordbajnoknak nincs jelent\u0151s f\u00f3rja az \u0151szi szezon v\u00e9g\u00e9n. A m\u00e1sik hasonl\u00f3 eset a 2021\/22-es volt, amikor egyetlen pont volt az el\u0151ny a t\u00e9li sz\u00fcnet el\u0151tt a Kisv\u00e1rda \u00e9s a Pusk\u00e1s Akad\u00e9mia el\u0151tt, hogy azt\u00e1n differencia tavasszal hatalmasra duzzadjon (az id\u00e9ny v\u00e9g\u00e9n a Fradi 12 ponttal v\u00e9gzett a Kisv\u00e1rda \u00e9s 17-tel a Pusk\u00e1s Akad\u00e9mia el\u0151tt).\r\n\r\n<iframe class=\"flourish-embed-iframe\" style=\"width: 100%; height: 600px;\" title=\"Interactive or visual content\" src=\"https:\/\/flo.uri.sh\/visualisation\/16177051\/embed\" frameborder=\"0\" scrolling=\"no\"><\/iframe>\r\n<div style=\"width: 100%!; margin-top: 4px!important; text-align: right!important;\"><a class=\"flourish-credit\" style=\"text-decoration: none!important;\" href=\"https:\/\/public.flourish.studio\/visualisation\/16177051\/?utm_source=embed&amp;utm_campaign=visualisation\/16177051\" target=\"_top\" rel=\"noopener\"><img style=\"width: 105px!important; height: 16px!important; border: none!important; margin: 0!important;\" src=\"https:\/\/public.flourish.studio\/resources\/made_with_flourish.svg\" alt=\"Made with Flourish\" \/> <\/a><\/div>\r\nAz eg\u00e9szen biztosan meglepet\u00e9s, hogy a 2023-as napt\u00e1ri \u00e9v alapj\u00e1n a Ferencv\u00e1ros \u00e9s a Paks az NB I legponter\u0151sebb csapata \u2013 term\u00e9szetesen nem az el\u0151bbi, hanem az ut\u00f3bbi helyez\u00e9se a meglep\u0151. Mindk\u00e9t egy\u00fcttes 62-62 pontot gy\u0171jt\u00f6tt ebben az \u00e9vben. \u00d6sszehasonl\u00edt\u00e1sul: 2022-ben 20, 2021-ben 9, 2020-ban 18, 2019-ben 12 ponttal szerzett t\u00f6bbet a Ferencv\u00e1ros egy napt\u00e1ri \u00e9vben, mint a legk\u00f6zelebbi riv\u00e1lisa. Ha ez rendes bajnoki tabella lenne, akkor a Paks csak g\u00f3lk\u00fcl\u00f6nbs\u00e9ggel szorulna az FTC m\u00f6g\u00e9.\r\n\r\nEz \u00f6nmag\u00e1ban is mutatja, milyen j\u00f3t tett <strong>Bogn\u00e1r Gy\u00f6rgy<\/strong> visszahozatala a lehet\u0151s\u00e9geihez m\u00e9rten (\u00fajfent) kiemelked\u0151en szerepl\u0151 tolnai klubnak. A \u201eBogn\u00e1rball\u201d \u00e9rdekess\u00e9geivel kor\u00e1bban m\u00e1r t\u00f6bbsz\u00f6r foglalkoztunk, \u00e9s \u00e9rdemes ezt megtenn\u00fcnk m\u00e9g egyszer, ez\u00fattal p\u00e1rhuzamokat vonva egy m\u00e1sik sikeres \u201ekisv\u00e1rosi\u201d klubbal az 1990-es \u00e9vekb\u0151l. Mert b\u00e1r a <strong>Csank J\u00e1nos<\/strong> vezette V\u00e1c FC \u00e9s a Bogn\u00e1r Gy\u00f6rgy ir\u00e1ny\u00edtotta Paks st\u00edlusa elt\u00e9r (el\u0151bbiben sokkal jobban egyens\u00falyban volt a t\u00e1mad\u00e1s \u00e9s a v\u00e9dekez\u00e9s, ut\u00f3bbi er\u0151sen \u201eels\u0151ker\u00e9k-meghajt\u00e1s\u00fa\u201d), t\u00f6bb p\u00e1rhuzam is van k\u00f6zt\u00fck.\r\n\r\nMindk\u00e9t esetben az alapk\u00e9rd\u00e9s:\r\n\r\n<span class=\"highlight-block-small\">mivel tud versenyel\u0151nyt szerezni egy viszonylag kis, nem tradicion\u00e1lis NB I-es klub, amelynek az anyagi lehet\u0151s\u00e9gei korl\u00e1tozottak?<\/span>\r\n\r\nA p\u00e1ly\u00e1n k\u00edv\u00fcl a v\u00e1lasz egyr\u00e9szt a klubir\u00e1ny\u00edt\u00e1sban, annak min\u0151s\u00e9g\u00e9ben \u00e9s \u00e1lland\u00f3s\u00e1g\u00e1ban rejlik (amit <strong>Haraszti Zsolt<\/strong> \u00e9s koll\u00e9g\u00e1i hossz\u00fa t\u00e1von v\u00e9ghez visznek, az mindenk\u00e9ppen megs\u00fcvegelend\u0151), m\u00e1sr\u00e9szt meg az igazol\u00e1spolitik\u00e1ban. Mind a V\u00e1c, mind a Paks olyan klub, amely el\u0151szeretettel biztos\u00edt m\u00e1sodik es\u00e9lyt j\u00e1t\u00e9kosoknak \u2013 ak\u00e1r karrierj\u00fck \u00fajra\u00e9leszt\u00e9s\u00e9re hajt\u00f3kr\u00f3l, ak\u00e1r \u00faj k\u00f6rnyezetre v\u00e1gy\u00f3kr\u00f3l, ak\u00e1r egy nagyobb csapat ut\u00e1n t\u00f6bb j\u00e1t\u00e9klehet\u0151s\u00e9gre \u00e1h\u00edtoz\u00f3kr\u00f3l van sz\u00f3. A Paks manaps\u00e1g egy plusz \u00fct\u0151k\u00e1rty\u00e1t is kij\u00e1tszhat: mivel csak magyar futballist\u00e1kat foglalkoztat, j\u00e1t\u00e9kosai biztosak lehetnek abban, hogy nem szor\u00edtja ki \u0151ket a k\u00fclf\u00f6ldr\u0151l felbukkan\u00f3 konkurencia. Ez az NB I-et ismerve nem is kis vonzer\u0151t jelenthet\u2026\r\n\r\nA p\u00e1ly\u00e1n pedig hasonl\u00f3 a k\u00e9rd\u00e9s: hogyan lehet egy lefel\u00e9 egy\u00e1ltal\u00e1n nem kil\u00f3g\u00f3, megfelel\u0151en rutinos, \u00e1m (a bajnoks\u00e1got figyelembe v\u00e9ve) nem topkateg\u00f3ri\u00e1s kerettel eredm\u00e9nyesen szerepelni? Min\u0151s\u00e9gb\u0151l, \u00fagymond er\u0151b\u0151l nem lehet lenyomni a konkurenci\u00e1t. M\u00e1st kell kital\u00e1lni. Valami olyat, amit\u0151l a nagyobb, er\u0151sebb, dr\u00e1g\u00e1bb keret\u0171 csapatok kellemetlen\u00fcl \u00e9rzik magukat; olyasvalamit, amit\u0151l kiegyenl\u00edt\u0151dnek az er\u0151viszonyok. Ez lehet p\u00e9ld\u00e1ul:\r\n<ul>\r\n \t<li>A pontr\u00fag\u00e1sok kiemelked\u0151 kihaszn\u00e1l\u00e1sa (kiv\u00e1l\u00f3 \u201ekiegyenl\u00edt\u0151 t\u00e9nyez\u0151\u201d, mert egy sokkal er\u0151sebb keret\u0171 csapatnak nincs el\u0151nye ilyen esetekben; a t\u00e1mad\u00f3 csapat tudja, mi fog t\u00f6rt\u00e9nni, a v\u00e9dekez\u0151 csak sejtheti). Sok szabadr\u00fag\u00e1s, sz\u00f6glet, tizenegyes kiharcol\u00e1sa.<\/li>\r\n \t<li>A lig\u00e1ban szokatlan j\u00e1t\u00e9kst\u00edlus (p\u00e9ld\u00e1ul ilyen a Paks agressz\u00edv, direkt, er\u0151sen t\u00e1mad\u00f3 szellem\u0171 j\u00e1t\u00e9ka)<\/li>\r\n \t<li>Kellemetlen, leegyszer\u0171s\u00edtett j\u00e1t\u00e9k, amivel bajl\u00f3dnak a \u201eszofisztik\u00e1ltabb\u201d riv\u00e1lisok. Sok magas labda, sok bead\u00e1s (annak idej\u00e9n a Stoke City vagy a Darmstadt elleni meccseket j\u00f3 n\u00e9h\u00e1ny PL-, illetve Bundesliga-vet\u00e9lyt\u00e1rs megemlegette)<\/li>\r\n<\/ul>\r\nAz els\u0151 pontot a kilencvenes \u00e9vek eleji v\u00e1ci aranycsapat \u00e9s a mostani Paks is kipip\u00e1lja. Egy k\u00f6zel azonos (116, illetve 120 bajnoki m\u00e9rk\u0151z\u00e9ses) mint\u00e1n a Paks \u00e9s a V\u00e1c eset\u00e9ben is igaz volt az, hogy a sz\u00f6glet- \u00e9s a szabadr\u00fag\u00e1sokat igen j\u00f3l haszn\u00e1lj\u00e1k ki: a paksiak g\u00f3ljaik 28,3, a v\u00e1ciak 32 sz\u00e1zal\u00e9k\u00e1t szerezt\u00e9k pontr\u00fag\u00e1sokb\u00f3l ebben az id\u0151szakban. A tizenegyeseket, nagy bedob\u00e1sokat besz\u00e1m\u00edtva mindk\u00e9t csapat 40 sz\u00e1zal\u00e9k f\u00f6l\u00f6tt van. A Statsbomb egy 2017-es elemz\u00e9sben arra h\u00edvta fel a figyelmet, hogy egy csapat \u00e1ltal\u00e1ban meccsenk\u00e9nt 0,3 g\u00f3lra sz\u00e1m\u00edthat pontr\u00fag\u00e1sokb\u00f3l (a tizenegyeseket nem sz\u00e1m\u00edtva). Ez a V\u00e1c \u00e9s a Paks eset\u00e9ben is j\u00f3val magasabb enn\u00e9l; 0,59, illetve 0,53, ami igen j\u00f3 pontr\u00fag\u00e1s-kihaszn\u00e1l\u00e1sra utal.\r\n\r\n<iframe class=\"flourish-embed-iframe\" style=\"width: 100%; height: 600px;\" title=\"Interactive or visual content\" src=\"https:\/\/flo.uri.sh\/visualisation\/16163183\/embed\" frameborder=\"0\" scrolling=\"no\"><\/iframe>\r\n<div style=\"width: 100%!; margin-top: 4px!important; text-align: right!important;\"><a class=\"flourish-credit\" style=\"text-decoration: none!important;\" href=\"https:\/\/public.flourish.studio\/visualisation\/16163183\/?utm_source=embed&amp;utm_campaign=visualisation\/16163183\" target=\"_top\" rel=\"noopener\"><img style=\"width: 105px!important; height: 16px!important; border: none!important; margin: 0!important;\" src=\"https:\/\/public.flourish.studio\/resources\/made_with_flourish.svg\" alt=\"Made with Flourish\" \/> <\/a><\/div>\r\n<div class=\"payable-content-section\"><\/div>\r\nA Paks ebben az id\u00e9nyben magasan kiemelkedik a mez\u0151nyb\u0151l a sz\u00f6glet ut\u00e1n szerzett g\u00f3lokat (11) tekintve, 8 fejes g\u00f3lj\u00e1val pedig a m\u00e1sodik a vonatkoz\u00f3 rangsorban \u2013 fontos szerepe van ebben a ball\u00e1bas pontr\u00fag\u00f3-specialista <strong>Mezei Szabolcsnak<\/strong>, aki az MTK-t\u00f3l \u00e9rkezett a ny\u00e1ron. A paksiak k\u00eds\u00e9rleteznek a legt\u00f6bbet fejesekkel, ezek ut\u00e1n aligha meglep\u0151, hogy a bead\u00e1sok sz\u00e1m\u00e1ban (17,63\/meccs a WyScout adatai szerint) is rangels\u0151k. Az \u00f6v\u00e9k a m\u00e1sodik legt\u00f6bb sz\u00f6glet, \u00e9s az elszenvedett szab\u00e1lytalans\u00e1gok sz\u00e1m\u00e1t n\u00e9zve is az \u00e9lbolyban vannak.\r\n\r\nAz el\u0151z\u0151 id\u00e9nyben (ekkor Bogn\u00e1r Gy\u00f6rgy csak a tavasszal vezette a csapatot; az id\u00e9nyt <strong>Waltner R\u00f3berttel<\/strong> kezdte az egy\u00fcttes) messze a legt\u00f6bb fejes g\u00f3lt (20) szerezte a Paks, a bead\u00e1sok, a kapura ir\u00e1ny\u00edtott fejesek, az elszenvedett szab\u00e1lytalans\u00e1gok rangsor\u00e1ban 2. vagy 3. volt. K\u00e9t id\u00e9nnyel kor\u00e1bban: a Paks vezette a fejes g\u00f3lok \u00e9s sz\u00f6glet ut\u00e1n szerzett g\u00f3lok rangsor\u00e1t, els\u0151 volt a kapura ir\u00e1ny\u00edtott fejesek \u00e9s a bead\u00e1sok sz\u00e1m\u00e1ban is. M\u00e9g egy id\u00e9nyt \u201evisszalapozva\u201d: a paksiak\u00e9 a (holtversenyben) a legt\u00f6bb fejes g\u00f3l \u00e9s a legt\u00f6bb sz\u00f6glet ut\u00e1ni g\u00f3l, \u0151k vezettek a fejes k\u00eds\u00e9rletek \u00e9s bead\u00e1sok sz\u00e1m\u00e1ban is. A minta egy\u00e9rtelm\u0171en kirajzol\u00f3dik.\r\n\r\n<span class=\"highlight-block\">Magukt\u00f3l ezek a szitu\u00e1ci\u00f3k term\u00e9szetesen nem alakulnak ki. <\/span>\r\n\r\nAhogyan annak idej\u00e9n a v\u00e1ci csapat v\u00e1logatott v\u00e9d\u0151je, <strong>Nagy Tibor<\/strong> mondta az \u00c9szak-Magyarorsz\u00e1gnak:\r\n\r\n\u201eSokszor mondt\u00e1k r\u00e1nk, hogy pontr\u00fag\u00e1s-specialist\u00e1k vagyunk, igen, ezt a taktikai elemet [Csank J\u00e1nos] be\u00e9p\u00edtette, \u00e1m azt nem tett\u00e9k hozz\u00e1, hogy ahhoz t\u00e1madni is kell, el kell jutni az ellenf\u00e9l kapuj\u00e1ig.\u201d\r\n\r\nT\u00e1mad\u00e1sokban pedig nincs hi\u00e1ny \u2013 nem volt V\u00e1cott, \u00e9s nincs Bogn\u00e1r Gy\u00f6rgy Paks\u00e1n\u00e1l sem. Az ellenfelek nyilv\u00e1n tudj\u00e1k, mire sz\u00e1m\u00edtsanak (ilyen szempontb\u00f3l a Csank-f\u00e9le V\u00e1c is nyitott k\u00f6nyv volt), de a felk\u00e9sz\u00fcl\u00e9s egy dolog, a lev\u00e9dekez\u00e9s pedig egy teljesen m\u00e1sik.\r\n\r\n<iframe class=\"flourish-embed-iframe\" style=\"width: 100%; height: 600px;\" title=\"Interactive or visual content\" src=\"https:\/\/flo.uri.sh\/visualisation\/16178915\/embed\" frameborder=\"0\" scrolling=\"no\"><\/iframe>\r\n<div style=\"width: 100%!; margin-top: 4px!important; text-align: right!important;\"><a class=\"flourish-credit\" style=\"text-decoration: none!important;\" href=\"https:\/\/public.flourish.studio\/visualisation\/16178915\/?utm_source=embed&amp;utm_campaign=visualisation\/16178915\" target=\"_top\" rel=\"noopener\"><img style=\"width: 105px!important; height: 16px!important; border: none!important; margin: 0!important;\" src=\"https:\/\/public.flourish.studio\/resources\/made_with_flourish.svg\" alt=\"Made with Flourish\" \/> <\/a><\/div>\r\nAmi viszont felt\u0171n\u0151: a kor\u00e1bbi \u00e9vekhez k\u00e9pest j\u00f3val stabilabb a v\u00e9delem. Ha az \u0151szi z\u00e1r\u00f3fordul\u00f3ban a Paks nem kapott volna sima h\u00e1rmast a Feh\u00e9rv\u00e1rt\u00f3l (ehelyett lehozza a meccset null\u00e1ra), akkor kapott g\u00f3lok tekintet\u00e9ben els\u0151 helyen z\u00e1rt volna az NB I-ben. A \u201evolna\u201d a sportban nem j\u00e1tszik, de az\u00e9rt ennek a val\u00f3sz\u00edn\u0171s\u00e9ge nemr\u00e9g m\u00e9g egyenl\u0151nek t\u0171nt azzal, hogy a meccs alatt egy uf\u00f3 sz\u00e1ll le a Feh\u00e9rv\u00e1ri \u00fati stadion kezd\u0151k\u00f6r\u00e9be\u2026\r\n\r\nA WyScout indexe szerint\r\n\r\n<span class=\"highlight-block\"><strong>Szappanos P\u00e9ter<\/strong> bizonyult \u0151sszel az \u00e9lvonal legjobb kapus\u00e1nak <\/span>\r\n\r\n\u2013 a Feh\u00e9rv\u00e1r elleni m\u00e9rk\u0151z\u00e9s els\u0151 f\u00e9lidej\u00e9ben pihent, hogy <a href=\"https:\/\/rangado.24.hu\/magyar_foci\/2023\/12\/17\/magyar-foci-nb-1-fehervar-paks-bognar-gyorgy-mlsz\/\" target=\"_blank\" rel=\"noopener\">helyette <strong>Simon Barnab\u00e1s<\/strong> gy\u0171jtse a fiatalperceket<\/a> \u00e9s a klub az azok ut\u00e1n j\u00e1r\u00f3 juttat\u00e1st \u2013, v\u00e9d\u00e9seivel, a h\u00e1tv\u00e9dsort \u00f6sszefog\u00f3 munk\u00e1j\u00e1val nagyban hozz\u00e1j\u00e1rult a Paks \u0151szi els\u0151s\u00e9g\u00e9hez.\r\n\r\nA tolnaiak jelent\u0151sen jav\u00edtottak v\u00e9dekez\u0151 p\u00e1rharcaik mutat\u00f3j\u00e1n is (62,4 sz\u00e1zal\u00e9kban nyert\u00e9k meg azokat \u2013 az elm\u00falt h\u00e1rom \u00e9vad vonatkoz\u00f3 adata 59,4, 59,5, illetve 57.8 sz\u00e1zal\u00e9k). A massz\u00edvabb csapatv\u00e9dekez\u00e9s fontos adal\u00e9k volt a jobb helyez\u00e9s el\u00e9r\u00e9s\u00e9hez. A Paks tov\u00e1bbra is direkt, agressz\u00edv, keveset birtokolja a labd\u00e1t, sokat oper\u00e1l bead\u00e1sokkal \u00e9s pontr\u00fag\u00e1sokkal, sok labd\u00e1t vesz\u00edt, de sokat is szerez \u2013 az elm\u00falt \u00e9vek j\u00e1t\u00e9ka most is visszak\u00f6sz\u00f6n, \u201ecsak\u201d \u00e9ppen megszil\u00e1rdult a h\u00e1ts\u00f3 alakzat. Lehet: a Paks m\u00e1r \u201ecsup\u00e1n\u201d b\u00e1tor, de nem vakmer\u0151 \u2013 \u00e9s ez jav\u00e1ra v\u00e1lt a csapat eredm\u00e9nyess\u00e9g\u00e9nek.\r\n\r\nHogy ezzel dobog\u00f3ra lehet-e ker\u00fclni? <a href=\"https:\/\/magyarnemzet.hu\/sport\/2023\/12\/paks-nb-i-haraszti-zsolt\" target=\"_blank\" rel=\"noopener\">A Magyar Nemzetnek nyilatkoz\u00f3<\/a> Haraszti Zsolt szerint a bajnoki c\u00edmr\u0151l nem \u00e1lmodoznak, \u00e1lmodozhatnak, de az els\u0151 n\u00e9gy hely egyik\u00e9nek el\u00e9r\u00e9se re\u00e1lis c\u00e9lkit\u0171z\u00e9s. Ez eddig csak k\u00e9tszer (a klubrekordot jelent\u0151 ez\u00fcst\u00e9rmet hoz\u00f3 2010\/11-es id\u00e9nyben, \u00e9s a 4. hellyel v\u00e9gz\u0151d\u0151 2020\/21-esben) siker\u00fclt.\r\n\r\nA Paks az elm\u00falt h\u00e1rom id\u00e9ny mindegyik\u00e9ben eredm\u00e9nyesebb volt tavasszal, mint \u0151sszel. Ha ez most is \u00f6sszej\u00f6n, akkor lassan lehet szemezni a dobog\u00f3val\u2026 Bajnoks\u00e1gr\u00f3l egyel\u0151re t\u00e9nyleg nem \u00e9rdemes \u00e1lmodni: az adatok arra utalnak, hogy az \u0151sszel a Paks egy\u00e9rtelm\u0171en fel\u00fclteljes\u00edtett a bajnoks\u00e1gban, m\u00edg a Fradib\u00f3l nagyon sokat kivehetett a ny\u00e1r \u00f3ta tart\u00f3 eur\u00f3pai kupaszerepl\u00e9s \u00e9s a csapatot s\u00fajt\u00f3 s\u00e9r\u00fcl\u00e9shull\u00e1m. A favorit tov\u00e1bbra is a Ferencv\u00e1ros \u2013 ett\u0151l f\u00fcggetlen\u00fcl\r\n\r\n<span class=\"highlight-block\">a Paks sz\u00edvesen j\u00e1tszana \u201emagyar Leicestert\u201d, m\u00e1r ameddig lehet.<\/span>\r\n\r\n[prefabricated_shortcode in_app=\"0\" code=\"%3Cdiv%20class%3D%22article_box_border%22%20style%3D%22background%3A%20url%28%27https%3A%2F%2F24.p3k.hu%2Fapp%2Fuploads%2Fsites%2F24%2F2021%2F05%2Fsport24-pattern.png%27%29%20no-repeat%20left%20-16px%20%23f3f3f4%3B%20border%3A%20none%3B%22%3E%0D%0A%3Cdiv%20class%3D%22article_solidheader%22%3E%0D%0A%3Ch2%20style%3D%22color%3A%20%23111115%21important%3B%20font-size%3A%2036px%3B%20font-weight%3A%20bold%3B%20margin-bottom%3A%2030px%3B%20margin-top%3A%2020px%3B%20text-align%3A%20center%3B%20line-height%3A%2036px%3B%22%3E%3Cimg%20class%3D%22aligncenter%20size-full%20wp-image-141%22%20src%3D%22https%3A%2F%2F24.p3k.hu%2Fapp%2Fuploads%2Fsites%2F24%2F2021%2F05%2Fs24-logo-dt.png%22%20alt%3D%22%22%20width%3D%22408%22%20height%3D%2290%22%20%2F%3E%3C%2Fh2%3E%0D%0A%3Ch2%20style%3D%22color%3A%20%23111115%21important%3B%20font-size%3A%2036px%3B%20font-weight%3A%20bold%3B%20margin-bottom%3A%2030px%3B%20margin-top%3A%2020px%3B%20text-align%3A%20center%3B%20line-height%3A%2040px%3B%22%3ECsatlakozz%20a%20Sport24%20k%C3%B6z%C3%B6ss%C3%A9ghez%2C%20mondd%20el%20v%C3%A9lem%C3%A9nyedet%20z%C3%A1rt%20Facebook-csoportunkban%2C%20%C3%A9s%20vegy%C3%A9l%20r%C3%A9szt%20csak%20el%C5%91fizet%C5%91knek%20el%C3%A9rhet%C5%91%20exkluz%C3%ADv%20esem%C3%A9nyeinken.%3C%2Fh2%3E%0D%0A%3C%2Fdiv%3E%0D%0A%3Cp%20style%3D%22background%3A%20%2357A600%3B%20margin-top%3A%2020px%3B%20padding%3A%2020px%3B%20text-align%3A%20center%3B%22%3E%3Ca%20style%3D%22color%3A%20%23ffffff%3B%20font-size%3A%2026px%3B%20font-weight%3A%20600%3B%22%20href%3D%22https%3A%2F%2Fwww.facebook.com%2Fgroups%2F212344460412327%22%3ECSATLAKOZOM%3C%2Fa%3E%3C%2Fp%3E%0D%0A%0D%0A%3C%2Fdiv%3E\"]","type":"rich","thumbnail_url":"https:\/\/s.24.hu\/app\/uploads\/sites\/24\/2023\/12\/paks-150x150.jpg","thumbnail_width":150,"thumbnail_height":150}