{"version":"1.0","provider_name":"Sport24","provider_url":"https:\/\/sport24.24.hu","author_name":"Bruckner G\u00e1bor","author_url":"https:\/\/sport24.24.hu\/author\/brucknerg\/","title":"Sao Paulo del\u00edriumban: a Barcelona ut\u00e1n a Milan is fejet hajtott","html":"Azt lehet mondani: a kilencvenes \u00e9vek elej\u00e9n Sao Paulo a futballvil\u00e1g k\u00f6zepe volt. A brazil v\u00e1ros nev\u00e9t visel\u0151 csapat, a Sao Paulo FC az 1992-es Vil\u00e1g Kupa-m\u00e9rk\u0151z\u00e9sen legy\u0151zte a Barcelon\u00e1t, az 1993-ason a \u201efel\u00fclm\u00falhatatlan\u201d Milant.\r\n\r\nAz ut\u00f3bbi brav\u00farnak \u00e9ppen harminc \u00e9ve.\r\n\r\nA dupl\u00e1z\u00e1s a VK-ban \u2013 \u00e9s persze a Libertadores Kup\u00e1ban \u2013 az\u00e9rt is \u00e9rdekes, mert az SPFC az 1992-es brazil bajnoks\u00e1gban hatodik, az 1993-asban negyedik, az 1994-esben megint hatodik volt. (A Libertadores Kup\u00e1ban akkor is d\u00f6nt\u0151t v\u00edvott, de harmadszorra nem nyert.)\r\n\r\nA t\u00f6rt\u00e9net m\u00e1r 1992 augusztus\u00e1ban megkezd\u0151d\u00f6tt, mert La Corun\u00e1ban, a hagyom\u00e1nyos ny\u00e1ri Teresa Herrera torna d\u00f6nt\u0151j\u00e9ben \u00f6sszefutott a Sao Paulo \u00e9s a Barcelona; a brazil csapat felt\u0171n\u0151en sim\u00e1n, 4-1-re gy\u0151z\u00f6tt. A Toki\u00f3ban rendezett interkontinent\u00e1lis meccsen m\u00e1r nehezebben nyert, mert a bolg\u00e1r <strong>Hriszto Sztoicskov<\/strong> par\u00e1d\u00e9s emel\u00e9s\u00e9vel a katal\u00e1n csapat jutott vezet\u00e9shez.\r\n\r\n<iframe title=\"YouTube video player\" src=\"https:\/\/www.youtube.com\/embed\/qXObdmCwBlA?si=Qw9Yib0fEb99M6y7\" width=\"560\" height=\"315\" frameborder=\"0\" allowfullscreen=\"allowfullscreen\"><\/iframe>\u00c1m <strong>Rai<\/strong>, aki m\u00e1r La Corun\u00e1ban is k\u00e9tszer z\u00f6rgetett be <strong>Andoni Zubizarreta<\/strong> kapusnak, el\u0151bb <strong>M\u00fcller<\/strong> bal oldali akci\u00f3ja \u00e9s keresztbe l\u0151tt labd\u00e1ja ut\u00e1n egyenl\u00edtett, majd ugyanoda tekerte a szabadr\u00fag\u00e1st, ahov\u00e1 Sztoicskov \u00edvelt az els\u0151 f\u00e9lid\u0151ben: a jobb fels\u0151 sarokba (2-1).\r\n\r\n<strong>Johan Cruyff<\/strong>, a Barcelona edz\u0151je m\u00e9rgesen mondta:\r\n<blockquote>Ezt a tal\u00e1lkoz\u00f3t mi vesztett\u00fck el, m\u00e9gpedig az\u00e9rt, mert az el\u0151ny megszerz\u00e9se ut\u00e1n csak \u00e1lldog\u00e1ltunk a p\u00e1ly\u00e1n. Volt n\u00e9h\u00e1ny j\u00e1t\u00e9kosunk, p\u00e9ld\u00e1ul Guardiola, aki mintha ott sem lett volna a gyepen.<\/blockquote>\r\n<strong>Pep Guardiola<\/strong> \u00edgy nyilatkozott: \u201eMost nem f\u0171z\u00f6k komment\u00e1rt a kritik\u00e1hoz, \u00e9s nem min\u0151s\u00edtem az edz\u0151i taktik\u00e1t sem. Majd, ha lecsendesednek a ked\u00e9lyek.\u201d\r\n\r\nEk\u00f6zben Sao Paulo del\u00edriumban volt a hajnali \u00f3r\u00e1kban.\r\n\r\nAhogyan 1993. december 12-\u00e9n is. Pedig a csapat e k\u00e9t \u00e9vben nem sokat pihent: el\u0151bb 97, majd 84 m\u00e9rk\u0151z\u00e9st j\u00e1tszott. A 181 meccsnek nagyj\u00e1b\u00f3l a fel\u00e9t (92) nyerte meg, kevesebb mint a negyed\u00e9t (40) elvesztette. A legfontosabbakat azonban rendre diadallal z\u00e1rta.\r\n\r\nA Milan elleni meccs m\u00e9g az el\u0151z\u0151 VK-pr\u00f3b\u00e1n\u00e1l is nagyobb feladatnak tetszett. A v\u00f6r\u00f6s-feket\u00e9k az 1992\/93-as \u00e9vadban alig k\u00e9t veres\u00e9ggel nyert\u00e9k meg az olasz bajnoks\u00e1got, azt\u00e1n\r\n\r\n<span class=\"highlight-block\">1993 \u0151sz\u00e9n a Serie A-ban csak egyszer kaptak ki<\/span>\r\n\r\n(a Sampdori\u00e1t\u00f3l 3-2-re), \u00e9s \u00fagy h\u00f3d\u00edtott\u00e1k el ism\u00e9t a scudett\u00f3t, hogy egyetlen fordul\u00f3 volt, amely ut\u00e1n nem \u00e1lltak az \u00e9len.\r\n\r\nA hab a tort\u00e1ra pedig azzal ker\u00fclt, hogy a Milan az ath\u00e9ni BL-d\u00f6nt\u0151ben kolossz\u00e1lis j\u00e1t\u00e9kkal 4-0-ra \u201elemosta\u201d a Barcelon\u00e1t.\r\n\r\nIgaz, a Sao Paul\u00f3val szemben <strong>Brian Laudrup, Gianluigi Lentini, Marco Simone, Dejan Savicevic<\/strong> \u00e9s <strong>Marco van Basten<\/strong> is hi\u00e1nyzott s\u00e9r\u00fcl\u00e9s miatt. \u00c1m az is igaz: Ath\u00e9nban Lentini \u00e9s Simone v\u00e9gig a cserepadon \u00fclt, Laudrup \u00e9s Van Basten m\u00e9g ott sem. Savicevic viszont j\u00e1tszott, eg\u00e9szen kiemelked\u0151en, maxim\u00e1lis 10-esre.\r\n\r\nA Sao Paulo Jap\u00e1nban nyolc olyan j\u00e1t\u00e9kost vonultatott fel, akit <strong>Carlos Alberto Parreira<\/strong> sz\u00f6vets\u00e9gi kapit\u00e1ny beh\u00edvott a n\u00e9gy nappal a Vil\u00e1g Kupa-tal\u00e1lkoz\u00f3 ut\u00e1n tartott Mexik\u00f3\u2013Braz\u00edlia m\u00e9rk\u0151z\u00e9sre (0-1). A nyolcak \u2013 <strong>Zetti, Cafu, Valber, Ronaldao, Dinho, Leonardo, M\u00fcller, Palhinha<\/strong> \u2013 k\u00f6z\u00fcl a guadalajarai Jalisco stadionban csak Cafu \u00e9s Valber nem l\u00e9pett p\u00e1ly\u00e1ra, \u00f6ten kezdtek, Leonardo csere volt.\r\n<div class=\"payable-content-section\"><\/div>\r\nHozz\u00e1juk csatlakozott a 38 esztend\u0151s <strong>Toninho Cerezo<\/strong>, akit\r\n\r\n<span class=\"highlight-block\">el\u0151rehaladott kora miatt m\u00e1r nem invit\u00e1ltak a v\u00e1logatottba, <\/span>\r\n\r\nviszont Toki\u00f3b\u00f3l \u2013 ahogyan Rai egy \u00e9vvel kor\u00e1bban \u2013 elvitte a meccs legjobbj\u00e1nak felaj\u00e1nlott Toyota Celica g\u00e9pkocsit. A veter\u00e1n szerezte meg m\u00e1sodszor a vezet\u00e9st a Sao Paul\u00f3nak (2-1), majd 2-2 ut\u00e1n, a befejez\u00e9s el\u0151tt h\u00e1rom perccel \u0151 ind\u00edtotta a gy\u0151ztes g\u00f3lt szerz\u0151 M\u00fcllert (3-2).\r\n\r\n[caption id=\"attachment_11260\" align=\"alignnone\" width=\"1253\"]<img class=\"size-full wp-image-11260\" src=\"https:\/\/sport24.24.hu\/app\/uploads\/sites\/24\/2023\/12\/labdarugas_1984-1539917471__pages185-185.jpg\" alt=\"\" width=\"1253\" height=\"1480\" \/> Toninho Cerezo[\/caption]\r\n\r\nAz eredm\u00e9ny az\u00e9rt is szenz\u00e1ci\u00f3t keltett, mert \u2013 mik\u00e9nt mondani szok\u00e1s \u2013 a Milan m\u00e1skor \u201eegy szezonban nem kapott h\u00e1rom g\u00f3lt\u201d, nemhogy m\u00e1sf\u00e9l \u00f3ra alatt. R\u00e1ad\u00e1sul a s\u00e9r\u00fcl\u00e9sek ellen\u00e9re egy\u00e1ltal\u00e1n nem \u00e1llt fel rosszul: a <strong>Rossi \u2013 Panucci, Franco Baresi, Costacurta, Paolo Maldini \u2013 Dossena, Desailly, Albertini <\/strong>(<strong>Orlando<\/strong>),<strong> Massaro \u2013 Papin, Raducioiu <\/strong>(<strong>Tassotti<\/strong>) \u00f6sszet\u00e9tel a vil\u00e1g legt\u00f6bb hely\u00e9n \u201eelment\u201d volna.\r\n\r\nA Sao Paulo FC-t Tele Santana ir\u00e1ny\u00edtotta, akit t\u00f6bben \u201ea brazil futball utols\u00f3 romantikusak\u00e9nt\u201d emlegettek, miut\u00e1n az 1982-es \u00e9s az 1986-os vil\u00e1gbajnoks\u00e1gon \u0151 dirig\u00e1lta a seleca\u00f3t, amely ragyog\u00f3 el\u0151ad\u00e1saival mindk\u00e9t Mundialon \u00f6r\u00f6kre nyomot hagyott, de v\u00e9gs\u0151 soron eredm\u00e9nytelen maradt. A szambat\u00e1ncos egy\u00fcttes az 1982-es torn\u00e1n sokak szerint a k\u00e9pess\u00e9gek alapj\u00e1n a legjobb volt, b\u00e1r Junior, Toninho Cerezo, <strong>Falcao, Socrates, Zico, Eder<\/strong> vil\u00e1gklasszis\u00e1hoz k\u00e9pest megh\u00f6kkent\u0151en gyenge centerrel, <strong>Serginho Chulap\u00e1val<\/strong> j\u00e1tszott, ami nyilv\u00e1nval\u00f3an a kapit\u00e1ny felel\u0151ss\u00e9ge, mik\u00e9nt r\u00e9szben az is, hogy a m\u0171v\u00e9szegy\u00fcttes m\u00e9g a legjobb n\u00e9gy k\u00f6z\u00e9 sem jutott.\r\n\r\nAz 1986-os vb-n a futballt\u00f6rt\u00e9net technikailag legmagasabb sz\u00ednvonal\u00fa m\u00e9rk\u0151z\u00e9seinek egyik\u00e9n esett ki a brazil csapat a negyedd\u00f6nt\u0151 tizenegyesp\u00e1rbaj\u00e1ban a franci\u00e1kkal szemben, ott meg az volt a difi, hogy Santana \u2013 soha be nem igazol\u00f3dott gyan\u00fa miatt \u2013 a torna kezdete el\u0151tt hazak\u00fcldte brili\u00e1ns csat\u00e1rvirtu\u00f3z\u00e1t, <strong>Renato Gauch\u00f3t<\/strong>.\r\n\r\n<span class=\"highlight-block\">A Sao Paul\u00f3n\u00e1l viszont val\u00f3ban m\u00edtoszt teremtett. <\/span>\r\n\r\nA csapat megism\u00e9telt sikere olyan maradand\u00f3 hat\u00e1st v\u00e1ltott ki, hogy a harmincadik \u00e9vfordul\u00f3 alkalm\u00e1b\u00f3l december 16-\u00e1n a Sao Paul\u00f3-i Morumbi stadionban eml\u00e9kmeccset rendeznek az SPFC \u00e9s a Milan \u00f6regfi\u00fai k\u00f6z\u00f6tt. A brazil csapatban a k\u00e9s\u0151bb a Milanban is futballoz\u00f3 Cafu, valamint Valber, Ronaldao, Palhinha, tov\u00e1bb\u00e1 a 2005-ben a Liverpool elleni 1-0-val szint\u00e9n klub Vil\u00e1g Kup\u00e1t nyer\u0151 <strong>Cicinho, Lugano, Aloisio, Josu\u00e9, Amoroso<\/strong> bizonyosan p\u00e1ly\u00e1ra l\u00e9p, ak\u00e1rcsak az it\u00e1liai egy\u00fcttes 1993-as \u00e9s k\u00e9s\u0151bbi tagjai k\u00f6z\u00fcl a szint\u00e9n brazil <strong>Dida, Roque Junior, Andr\u00e9 Cruz<\/strong> \u00e9s <strong>Serginho<\/strong>, tov\u00e1bb\u00e1 <strong>Costacurta, Panucci, Seedorf<\/strong>. A Sao Paulo j\u00e1t\u00e9kosak\u00e9nt 2002-ben vil\u00e1gbajnok, a Milan futballist\u00e1jak\u00e9nt 2007-ben aranylabd\u00e1s Kak\u00e1 a tervek szerint mindk\u00e9t oldalon szerepel.\r\n\r\n\u201eB\u00fcszkes\u00e9ggel t\u00f6lt el benn\u00fcnket, hogy a labdar\u00fag\u00e1s \u00f3ri\u00e1sait ism\u00e9t k\u00f6sz\u00f6nthetj\u00fck a Morumbiban, a futball templom\u00e1ban\u201d \u2013 lelkendezett <strong>Eduardo Toni<\/strong>, a Sao Paulo FC marketing-igazgat\u00f3ja.\r\n\r\nAz AC Milan egy\u00e9bk\u00e9nt december 16-\u00e1n alakult 1899-ben, teh\u00e1t a g\u00e1la idej\u00e9n a 124. sz\u00fclet\u00e9snapj\u00e1t \u00fcnnepli.\r\n\r\nHa m\u00e1r 1993. december 12-\u00e9n nem volt mit \u00fcnnepelnie.\r\n\r\n[prefabricated_shortcode in_app=\"0\" code=\"%3Cdiv%20class%3D%22article_box_border%22%20style%3D%22background%3A%20url%28%27https%3A%2F%2F24.p3k.hu%2Fapp%2Fuploads%2Fsites%2F24%2F2021%2F05%2Fsport24-pattern.png%27%29%20no-repeat%20left%20-16px%20%23f3f3f4%3B%20border%3A%20none%3B%22%3E%0D%0A%3Cdiv%20class%3D%22article_solidheader%22%3E%0D%0A%3Ch2%20style%3D%22color%3A%20%23111115%21important%3B%20font-size%3A%2036px%3B%20font-weight%3A%20bold%3B%20margin-bottom%3A%2030px%3B%20margin-top%3A%2020px%3B%20text-align%3A%20center%3B%20line-height%3A%2036px%3B%22%3E%3Cimg%20class%3D%22aligncenter%20size-full%20wp-image-141%22%20src%3D%22https%3A%2F%2F24.p3k.hu%2Fapp%2Fuploads%2Fsites%2F24%2F2021%2F05%2Fs24-logo-dt.png%22%20alt%3D%22%22%20width%3D%22408%22%20height%3D%2290%22%20%2F%3E%3C%2Fh2%3E%0D%0A%3Ch2%20style%3D%22color%3A%20%23111115%21important%3B%20font-size%3A%2036px%3B%20font-weight%3A%20bold%3B%20margin-bottom%3A%2030px%3B%20margin-top%3A%2020px%3B%20text-align%3A%20center%3B%20line-height%3A%2040px%3B%22%3ECsatlakozz%20a%20Sport24%20k%C3%B6z%C3%B6ss%C3%A9ghez%2C%20mondd%20el%20v%C3%A9lem%C3%A9nyedet%20z%C3%A1rt%20Facebook-csoportunkban%2C%20%C3%A9s%20vegy%C3%A9l%20r%C3%A9szt%20csak%20el%C5%91fizet%C5%91knek%20el%C3%A9rhet%C5%91%20exkluz%C3%ADv%20esem%C3%A9nyeinken.%3C%2Fh2%3E%0D%0A%3C%2Fdiv%3E%0D%0A%3Cp%20style%3D%22background%3A%20%2357A600%3B%20margin-top%3A%2020px%3B%20padding%3A%2020px%3B%20text-align%3A%20center%3B%22%3E%3Ca%20style%3D%22color%3A%20%23ffffff%3B%20font-size%3A%2026px%3B%20font-weight%3A%20600%3B%22%20href%3D%22https%3A%2F%2Fwww.facebook.com%2Fgroups%2F212344460412327%22%3ECSATLAKOZOM%3C%2Fa%3E%3C%2Fp%3E%0D%0A%0D%0A%3C%2Fdiv%3E\"]","type":"rich","thumbnail_url":"https:\/\/s.24.hu\/app\/uploads\/sites\/24\/2023\/12\/focivilag_1993__pages101-101-1-150x150.jpg","thumbnail_width":150,"thumbnail_height":150}