{"version":"1.0","provider_name":"Sport24","provider_url":"https:\/\/sport24.24.hu","author_name":"Fut\u00f3 Csaba","author_url":"https:\/\/sport24.24.hu\/author\/futocs\/","title":"Vajon beindul v\u00e9gre a vil\u00e1g egyik legrosszabb v\u00e1logatottja?","html":"Hogy egy \u00faj korszak kezdetek\u00e9nt tekint\u00fcnk-e r\u00e1 vissza, arra majd az id\u0151 megadja a v\u00e1laszt, de az biztos, hogy t\u00f6rt\u00e9nelmi meccset rendeztek okt\u00f3ber 17-\u00e9n Iszl\u00e1m\u00e1b\u00e1dban. Pakiszt\u00e1n v\u00e1logatottja otthon fogadta Kambodzs\u00e1t, a 68. percben egy bedob\u00e1s ut\u00e1n <strong>Fareed Ullah Khan<\/strong> az \u00e9gbe l\u0151tte a labd\u00e1t, a v\u00e9d\u0151knek nem siker\u00fclt felszabad\u00edtaniuk, <strong>Harun Hamid<\/strong> pedig tizenhat m\u00e9terr\u0151l laposan a h\u00e1l\u00f3ba l\u0151tt.\r\n\r\n<span class=\"highlight-block-small\">Pakiszt\u00e1n nyolc \u00e9v ut\u00e1n j\u00e1tszott ism\u00e9t hazai p\u00e1ly\u00e1n, \u00e9s ez az 1-0 volt az orsz\u00e1g t\u00f6rt\u00e9net\u00e9nek els\u0151 gy\u0151ztes m\u00e9rk\u0151z\u00e9se a vil\u00e1gbajnoki selejtez\u0151sorozatban. A p\u00e1rharc el\u0151tt 32 m\u00e9rk\u0151z\u00e9sen n\u00e9gy d\u00f6ntetlen \u00e9s harminck\u00e9t veres\u00e9g volt a m\u00e9rleg 12 szerzett \u00e9s 122 kapott g\u00f3l mellett.<\/span>\r\n\r\nKambodzsa ellen m\u00e1r az els\u0151 m\u00e9rk\u0151z\u00e9sen meglepet\u00e9st okozott a vil\u00e1g egyik leggyeng\u00e9bb nemzeti csapata (195. hely a vil\u00e1granglist\u00e1n) azzal, hogy a nagy riv\u00e1lis otthon\u00e1ban 0-0-t j\u00e1tszott. Az pedig, hogy a visszav\u00e1g\u00f3t 1-0-ra megnyerte azt is jelenti, hogy el\u0151sz\u00f6r \u00e9lte t\u00fal az el\u0151selejtez\u0151t, \u00e9s az \u00e1zsiai kvalifik\u00e1ci\u00f3 m\u00e1sodik szakasz\u00e1ba jutott.\r\n\r\nhttps:\/\/youtu.be\/0ci_9W-Mp00?si=8kppA6p-l6RelZIl&amp;t=1\r\n\r\nAz eur\u00f3pai labdar\u00fag\u00e1sban mostanra m\u00e1r nem sz\u00e1m\u00edt akkora meglepet\u00e9snek, ha egy futballt\u00f6rpe egy n\u00e1la es\u00e9lyesebb csapat dolg\u00e1t megnehez\u00edti, ne adj isten m\u00e9g le is gy\u0151zi. \u00cdgy tulajdonk\u00e9ppen apr\u00f3s\u00e1gnak is t\u0171nhetne, hogy egy szer\u00e9ny k\u00e9pess\u00e9g\u0171 csapatnak egyszer v\u00e9gre kij\u00f6tt a l\u00e9p\u00e9s, csakhogy Pakiszt\u00e1n nem egy mini\u00e1llam, hanem a vil\u00e1g \u00f6t\u00f6dik legn\u00e9pesebb orsz\u00e1ga, \u00e9s k\u00f6nnyen lehet, hogy ez a siker egy biztat\u00f3bb j\u00f6v\u0151 fel\u00e9 vezet\u0151 \u00fat els\u0151 kilom\u00e9tere volt ez a helyi labdar\u00fag\u00e1s sz\u00e1m\u00e1ra.\r\n\r\nPakiszt\u00e1n 1947-ben v\u00e1lt f\u00fcggetlen \u00e1llamm\u00e1, az orsz\u00e1g labdar\u00fag\u00f3-sz\u00f6vets\u00e9ge pedig a r\u00e1 k\u00f6vetkez\u0151 \u00e9vben m\u00e1r tagja volt a FIFA-nak, \u00e9s akkor elindult a helyi bajnoks\u00e1g is. A v\u00e1logatott 1950-ben j\u00e1tszotta els\u0151 hivatalos m\u00e9rk\u0151z\u00e9s\u00e9t \u2013 a r\u00e9gi\u00f3 akkori szok\u00e1sainak megfelel\u0151en a j\u00e1t\u00e9kosok eleinte mez\u00edtl\u00e1b r\u00fagt\u00e1k a labd\u00e1t \u2013, \u00e9s Pakiszt\u00e1n tagja volt annak a 13 orsz\u00e1gnak, amely \u00e9letre keltette az AFC-t, vagyis az \u00e1zsiai sz\u00f6vets\u00e9get.\r\n\r\nA hatvanas \u00e9vek voltak a pakiszt\u00e1ni sport arany\u00e9vei: a gyeplabda-v\u00e1logatott k\u00e9t olimpiai arany\u00e9rmet sz\u00e1ll\u00edtott ebben az id\u0151szakban, \u00e9s egyre er\u0151s\u00f6d\u00f6tt a krikett is. Azokat az \u00e9veket tartj\u00e1k a pakiszt\u00e1ni labdar\u00fag\u00e1s aranykorszak\u00e1nak,\r\n\r\n<span class=\"highlight-block-small\">ekkor j\u00e1tszott <strong>Abdul Ghafoor<\/strong> is, akit nemes egyszer\u0171s\u00e9ggel csak a Pakiszt\u00e1ni Pel\u00e9nek, vagy Pakiszt\u00e1n Fekete Gy\u00f6ngyszem\u00e9nek h\u00edvtak.<\/span>\r\n\r\nGhafoor Karachiban, egy tengerparti v\u00e1rosban sz\u00fcletett, amely egy\u00e9bk\u00e9nt a legn\u00e9pesebb az orsz\u00e1gban. Szok\u00e1s Kis Braz\u00edliak\u00e9nt emlegetni, az \u00e9vtizedek sor\u00e1n ugyanis sz\u00e1mos tehets\u00e9get adott Karachi a pakiszt\u00e1ni labdar\u00fag\u00e1snak.\r\n\r\nEkkoriban eur\u00f3pai csapatok is s\u0171r\u0171n ell\u00e1togattak pakiszt\u00e1ni t\u00far\u00e1kra, \u00e9s rengeteg sz\u00fcl\u0151 vitte focizni a gyerek\u00e9t, abban b\u00edzva, hogy a sport kit\u00f6r\u00e9si lehet\u0151s\u00e9get biztos\u00edt majd sz\u00e1mukra. A biztat\u00f3 kezd\u00e9s ut\u00e1n a folytat\u00e1s m\u00e1r nem volt ennyire sz\u00edvder\u00edt\u0151 Pakiszt\u00e1n labdar\u00fag\u00e1sa sz\u00e1m\u00e1ra, \u00e9s az is sokatmond\u00f3, hogy m\u00e9g ebben az aranykorszakban is maximum csak hangos gy\u0151zelmei voltak a nemzeti csapatnak, de igaz\u00e1n nagy sikerei nem. Az els\u0151 \u00c1zsia Kupa selejtez\u0151j\u00e9t\u0151l p\u00e9ld\u00e1ul politikai okokb\u00f3l l\u00e9pett vissza a csapat, majd k\u00e9tszeri nekifut\u00e1sra sem siker\u00fclt kijutnia a torn\u00e1ra, az 1972-es, az 1976-os \u00e9s az 1980-as esem\u00e9ny kvalifik\u00e1ci\u00f3j\u00e1ban pedig anyagi okokb\u00f3l el sem indult. \u00c9s mivel az igaz\u00e1n fontos m\u00e9rk\u0151z\u00e9seket kihagyta a nemzeti csapat, a korai lelkesed\u00e9s is al\u00e1bbhagyott a szurkol\u00f3k k\u00f6r\u00e9ben.\r\n\r\nA nyolcvanas \u00e9vekben volt egy felfel\u00e9 \u00edvel\u0151 id\u0151szaka Pakiszt\u00e1nnak, region\u00e1lis szinten mindenk\u00e9ppen: h\u00e1rom dobog\u00f3s helyez\u00e9st, k\u00f6zte k\u00e9t aranyat siker\u00fclt el\u00e9rni ugyanis a D\u00e9l-\u00e1zsiai J\u00e1t\u00e9kokon. A vil\u00e1gfutballban azonban tov\u00e1bbra sem volt t\u00e9nyez\u0151 Pakiszt\u00e1n, amely az anyagi okokb\u00f3l t\u00f6rt\u00e9nt t\u00e1voll\u00e9te ut\u00e1n az 1984-es \u00c1zsia Kup\u00e1ra, majd az 1990-es vil\u00e1gbajnoks\u00e1gra pr\u00f3b\u00e1lt meg kijutni, de nem j\u00e1rt sikerrel, \u00e9s az\u00f3ta sem siker\u00fclt el\u00e9rnie egyetlen valamireval\u00f3 torna csoportk\u00f6r\u00e9t sem.\r\n\r\n<span class=\"highlight-block-small\">B\u00e1r a krikett m\u00f6g\u00f6tt m\u00e9g mindig a futball sz\u00e1m\u00edt a m\u00e1sodik legn\u00e9pszer\u0171bb sportnak az orsz\u00e1gban, az amat\u00f6rizmusb\u00f3l azonban sosem tudott kit\u00f6rni.<\/span>\r\n<div class=\"payable-content-section\"><\/div>\r\nJ\u00f3l p\u00e9ld\u00e1zza ezt a bajnoks\u00e1g t\u00f6rt\u00e9nete is, amely ugyan t\u00f6bb \u00e9vtizedes m\u00faltra tekint vissza, de sok\u00e1ig egyenes kies\u00e9ses torna volt, mint egy kupak\u00fczdelem. A k\u00e9tezres \u00e9vekben j\u00f6tt a nagy \u00e1talak\u00edt\u00e1s, \u00e1tnevezt\u00e9k a sorozatot Premier League-\u00e9, csakhogy a j\u00f3l cseng\u0151 n\u00e9v csillog\u00f3 futballt nem hozott mag\u00e1val. R\u00e1ad\u00e1sul a pakiszt\u00e1ni sz\u00f6vets\u00e9g (PFF) m\u0171k\u00f6d\u00e9s\u00e9t felf\u00fcggesztette a FIFA a k\u00f6zelm\u00faltban, k\u00e9tszer is, minek hat\u00e1s\u00e1ra a helyi PL 2015 \u00e9s 2019, majd 2019 \u00e9s 2021 k\u00f6z\u00f6tt is sz\u00fcnetelt.\r\n\r\n[caption id=\"attachment_11252\" align=\"alignnone\" width=\"2500\"]<img class=\"size-full wp-image-11252\" src=\"https:\/\/sport24.24.hu\/app\/uploads\/sites\/24\/2023\/12\/pakisztan1.jpg\" alt=\"\" width=\"2500\" height=\"1667\" \/> Pillanatk\u00e9p Pakiszt\u00e1n \u00e1s T\u00e1dzsikiszt\u00e1n vb-selejtez\u0151j\u00e9r\u0151l.[\/caption]\r\n\r\nEz igaz\u00e1n komoly csap\u00e1s volt a helyi labdar\u00fag\u00e1snak, mert ez azt is jelentette, hogy a csapatok nem vehettek r\u00e9szt a nemzetk\u00f6zi sorozatokban, az orsz\u00e1g pedig kimaradt a fejleszt\u00e9si programokb\u00f3l \u00e9s tov\u00e1bbk\u00e9pz\u00e9sekb\u0151l. A tilt\u00e1s a v\u00e1logatottat is el\u00e9rte, amely 2019 \u00e9s 2022 k\u00f6z\u00f6tt egyetlen m\u00e9rk\u0151z\u00e9st sem j\u00e1tszott.\r\n\r\nA pakiszt\u00e1ni sz\u00f6vets\u00e9g mindennapjait a politikai csat\u00e1roz\u00e1sok jellemezt\u00e9k, mindig politikusok ir\u00e1ny\u00edtott\u00e1k, akik magukkal voltak elfoglalva, nem pedig a sport\u00e1g el\u0151r\u00e9bb vitel\u00e9vel.\r\n<blockquote>A futball sokadrang\u00fa volt mindig is. A FIFA-t\u00f3l kapott p\u00e9nzt szem\u00e9lyes c\u00e9lokra haszn\u00e1lt\u00e1k fel<\/blockquote>\r\n\u2013 mondta az al-Jazeer\u00e1nak a 26-szoros v\u00e1logatott <strong>Kaleemullah Khan<\/strong>, aki szerint ennek k\u00f6vetkezm\u00e9nye, hogy az ut\u00e1np\u00f3tl\u00e1s-nevel\u00e9sben semmilyen el\u0151rel\u00e9p\u00e9s nem t\u00f6rt\u00e9nt, ami legink\u00e1bb a v\u00e1logatott teljes\u00edtm\u00e9ny\u00e9n csap\u00f3dott le. Khan megoldand\u00f3 probl\u00e9mak\u00e9nt felhozta a bajnoks\u00e1got is, amit minden jellemez, csak az \u00e1lland\u00f3s\u00e1g sem, a nemzeti csapat j\u00faniusi \u00e9s okt\u00f3beri m\u00e9rk\u0151z\u00e9sei k\u00f6z\u00f6tt a j\u00e1t\u00e9kosok t\u00f6bbs\u00e9ge ugyanis nem j\u00e1tszott t\u00e9tmeccset.\r\n<blockquote>Sajn\u00e1lom a helyi j\u00e1t\u00e9kosokat, mert sz\u00e1mukra a j\u00e1t\u00e9k a meg\u00e9lhet\u00e9st jelenti, \u00edgy azt\u00e1n k\u00e9nytelenek csendben maradni. Az elm\u00falt \u00e9vekben h\u00e1trafel\u00e9 haladtak a dolgok a sport\u00e1gban, az egyetlen pozit\u00edvum az, hogy a nemzeti csapatnak lesznek eml\u00e9kezetes momentumai<\/blockquote>\r\n\u2013 ezt m\u00e1r az az <strong>Adnan Ahmed<\/strong> mondta <a href=\"https:\/\/www.theguardian.com\/football\/2023\/oct\/16\/pakistan-brings-international-football-home-after-a-bitter-power-struggle\">a Guardiannak<\/a>, aki Burnley-ben sz\u00fcletett, megfordult a Ferencv\u00e1ros csapat\u00e1ban is, a pakiszt\u00e1ni v\u00e1logatottat pedig 2007 \u00e9s 2013 k\u00f6z\u00f6tt \u00f6sszesen 27 alkalommal k\u00e9pviselte. Ahmed 2016-ban visszavonult, de most tagja egy olyan f\u00fcggetlen t\u00e1rsas\u00e1gnak, amely 15-30 \u00e9ves tervet dolgozott ki a pakiszt\u00e1ni futball felz\u00e1rk\u00f3ztat\u00e1s\u00e1ra.\r\n\r\nHogy ez megval\u00f3suljon, ahhoz \u00e1lland\u00f3s\u00e1g kellene a pakiszt\u00e1ni futballvezet\u00e9sben, \u00e1m ez egyel\u0151re \u00e1lom. Jelenleg egy megb\u00edzott test\u00fclet vezeti a sz\u00f6vets\u00e9get, a tervek szerint tavasszal lesz majd eln\u00f6kv\u00e1laszt\u00e1s, de v\u00e1rhat\u00f3ak m\u00e9g belharcok addig.\r\n\r\n[caption id=\"attachment_11250\" align=\"alignnone\" width=\"1024\"]<img class=\"size-full wp-image-11250\" src=\"https:\/\/sport24.24.hu\/app\/uploads\/sites\/24\/2023\/12\/stephen-constantine.jpg\" alt=\"\" width=\"1024\" height=\"682\" \/> Stephen Constantine, a pakiszt\u00e1ni v\u00e1logatott sz\u00f6vets\u00e9gi kapit\u00e1nya.[\/caption]\r\n\r\nAm\u00edg a sz\u00f6vets\u00e9g egyenesbe nem j\u00f6n, addig a v\u00e1logatotton a vil\u00e1g szeme, a j\u00f3 eredm\u00e9nyeket pedig egy angol edz\u0151, <strong>Stephen Constantine<\/strong> sz\u00e1ll\u00edthatja, aki a szomsz\u00e9dban m\u00e1r elind\u00edtott egy folyamatot. A szakember ir\u00e1ny\u00edt\u00e1sa mellett az indiai v\u00e1logatott elkezdett \u00e9letjeleket mutatni, a csapat 2015 m\u00e1rcius\u00e1ban m\u00e9g csak a 173. volt a vil\u00e1granglist\u00e1n, 2018 december\u00e9ben azonban m\u00e1r a 97. helyen \u00e1llt, \u00e9s kijutott a 2019-es \u00c1zsia Kup\u00e1ra, ahol b\u00e1r csoportutols\u00f3k\u00e9nt z\u00e1rt, Thaif\u00f6ld ellen nyerni tudott, ami 1964 \u00f3ta els\u0151 gy\u0151zelem volt India sz\u00e1m\u00e1ra a torn\u00e1n.\r\n\r\nA pakiszt\u00e1ni v\u00e1logatott \u00e9l\u00e9re id\u00e9n szeptemberben kinevezett Constantine dolg\u00e1t k\u00f6nny\u00edti, hogy egyre t\u00f6bben csatlakozn\u00e1nak a diaszp\u00f3r\u00e1b\u00f3l a v\u00e1logatotthoz. A legut\u00f3bbi m\u00e9rk\u0151z\u00e9seken olyan j\u00e1t\u00e9kosok is p\u00e1lya l\u00e9ptek, akik D\u00e1ni\u00e1ban vagy Angli\u00e1ban sz\u00fclettek, ottani alacsonyabb oszt\u00e1ly\u00fa bajnoks\u00e1gban futballoznak, b\u00e1r a keret nagy r\u00e9sz\u00e9t m\u00e9g \u00edgy is a pakiszt\u00e1ni bajnoks\u00e1gban szerepl\u0151k teszik ki, ami viszont a fentebb taglaltak miatt az\u00e9rt probl\u00e9m\u00e1s is.\r\n\r\nA sz\u00f6vets\u00e9gi kapit\u00e1ny \u00e9rezhet\u0151en a maximumot akarja kihozni a csapat\u00e1b\u00f3l, amit\u0151l egyel\u0151re nagyon messze van Pakiszt\u00e1n. A csapat a vb-selejtez\u0151 m\u00e1sodik szakasz\u00e1ban Sza\u00fad-Ar\u00e1bi\u00e1val, Jord\u00e1ni\u00e1val \u00e9s T\u00e1dzsikiszt\u00e1nnal ker\u00fclt egy csoportba, az els\u0151 k\u00e9t fordul\u00f3 alapj\u00e1n t\u00fal sok rem\u00e9nyei nem lehetnek: Pakiszt\u00e1n csak egy g\u00f3lt szerzett, mik\u00f6zben t\u00edzet kapott, enn\u00e9l rosszabb mutat\u00f3ja az eg\u00e9sz mez\u0151nyb\u0151l csak Afganiszt\u00e1nnak \u00e9s Mianmarnak van.\r\n<blockquote>Nem \u00e9rdemelj\u00fck meg, hogy ezen a szinten szerepelj\u00fcnk. Ha Pakiszt\u00e1nban azt hiszik, a csoportk\u00f6r az, ahol tanulni lehet, akkor nagyot t\u00e9vednek. Itt azt kell megmutatni, amit tudunk, azt, hogyan birk\u00f3zunk meg a nagy feladatokkal. Meglepett, de a pakiszt\u00e1ni labdar\u00fag\u00e1s nem tanult semmit<\/blockquote>\r\n\u2013 f\u00fcst\u00f6lg\u00f6tt Constantine a T\u00e1dzsikiszt\u00e1n elleni hazai 6-1-es veres\u00e9g ut\u00e1n, majd azt hozta fel, s\u00fcrg\u0151sen kezdeni kell valamit a bajnoks\u00e1ggal, mert m\u00edg Nep\u00e1lban \u00e9s a Mald\u00edv-szigeteken is megoldott a helyi liga sorsa, Pakiszt\u00e1n nem, \u00edgy azt\u00e1n nem lehet helyben fel\u00e9p\u00edteni a j\u00e1t\u00e9kosokat, akik adott esetben ak\u00e1r k\u00fclf\u00f6ldre ker\u00fclhetn\u00e9nek.\r\n\r\nValami megmozdult a pakiszt\u00e1ni fociban, de az egy\u00e9rtelm\u0171 hogy a bajnoks\u00e1g gaty\u00e1ba r\u00e1z\u00e1sa lenne az egyik legfontosabb teend\u0151. Mindenesetre a v\u00e1logatott m\u00e1r \u00e9vtizedek \u00f3ta nem l\u00e1tott magass\u00e1gokba jutott, ami tal\u00e1n elind\u00edt olyan folyamatokat, aminek a k\u00f6vetkezm\u00e9nye az lesz, hogy ne egy pofoz\u00f3g\u00e9p legyen Pakiszt\u00e1n.","type":"rich","thumbnail_url":"https:\/\/s.24.hu\/app\/uploads\/sites\/24\/2023\/12\/pakisztan-150x150.jpg","thumbnail_width":150,"thumbnail_height":150}