{"version":"1.0","provider_name":"Sport24","provider_url":"https:\/\/sport24.24.hu","author_name":"Bruckner G\u00e1bor","author_url":"https:\/\/sport24.24.hu\/author\/brucknerg\/","title":"Amit el\u00f6l bel\u0151nek, azt h\u00e1tul beengedik \u2013 \u00edgy fest eddig D\u00e1rdai\u00e9k szezonja","html":"A Hertha legut\u00f3bb az utols\u00f3 helyen z\u00e1rt a Bundeslig\u00e1ban, \u00edgy t\u00edz \u00e9v ut\u00e1n kiesett az \u00e9lvonalb\u00f3l. A csapatot 2022 j\u00fanius\u00e1t\u00f3l 2023 \u00e1prilis\u00e1ig <strong>Sandro Schwarz<\/strong> ir\u00e1ny\u00edtotta, meneszt\u00e9se ut\u00e1n a kor\u00e1bbi sikeredz\u0151t, <strong>D\u00e1rdai P\u00e1lt<\/strong> nevezt\u00e9k ki, de a kies\u00e9st \u0151 sem tudta elker\u00fclni. A ny\u00e1ron \u2013 \u00e9rtelemszer\u0171en \u2013 t\u00f6bb kulcsj\u00e1t\u00e9kos\u00e1t is elvesz\u00edtette az egy\u00fcttes: t\u00e1vozott a h\u00e1zi g\u00f3lkir\u00e1ly <strong>Dodi Luk\u00e9bakio<\/strong> (Sevilla), <strong>Oliver Christensen<\/strong> (Fiorentina), <strong>Lucas Tousart<\/strong> (Union Berlin), <strong>Marco Richter<\/strong> (Mainz), <strong>Suat Serdar<\/strong> (Hellas Verona), <strong>Filip Uremovic<\/strong> (Hajduk Split), <strong>Jessic Ngankam<\/strong> (Eintracht Frankfurt) \u00e9s <strong>Stevan Jovetic<\/strong> (Olimpiakosz) is. Ez nyolc j\u00e1t\u00e9kos, de rajtuk k\u00edv\u00fcl is sokan elmentek.\r\n\r\n<span class=\"highlight-block\">D\u00e1rdainak teh\u00e1t teljesen \u00faj csapatot kellett \u00e9p\u00edtenie <\/span>\r\n\r\na Bundesliga 2-re. Persze az \u00e9rkez\u0151ket hosszasan lehetne sorolni, de a Hertha idei teljes\u00edtm\u00e9ny\u00e9nek elemz\u00e9sekor k\u00e9t nevet \u00e9rdemes k\u00fcl\u00f6n kiemelni: <strong>Haris Tabakovic\u00e9t<\/strong>, akit az Austria Wient\u0151l siker\u00fclt megszerezni, \u00e9s <strong>Fabian Rees\u00e9\u00e9t<\/strong>, aki a Holstein Kielt\u0151l igazolt \u00e1t Berlinbe. Az \u0151 j\u00e1t\u00e9kuk, kapcsolatuk az, amely meghat\u00e1rozza a Hertha eddigi szezonj\u00e1t.\r\n\r\n[caption id=\"attachment_11149\" align=\"alignnone\" width=\"3500\"]<img class=\"size-full wp-image-11149\" src=\"https:\/\/sport24.24.hu\/app\/uploads\/sites\/24\/2023\/12\/dardai-pal.jpg\" alt=\"\" width=\"3500\" height=\"2202\" \/> D\u00e1rdai P\u00e1l, a Hertha vezet\u0151edz\u0151je.[\/caption]\r\n\r\nD\u00e1rdai\u00e9k finoman sz\u00f3lva sem kezdt\u00e9k j\u00f3l a m\u00e1sodoszt\u00e1lyt: az els\u0151 h\u00e1rom bajnokijukat elvesz\u00edtett\u00e9k, \u00e9s m\u00e9g csak g\u00f3lt sem szereztek. A negyedik fordul\u00f3ban hazai p\u00e1ly\u00e1n lett meg az els\u0151 siker, egy 5-0-s gy\u0151zelem a Greuther F\u00fcrth ellen. Egy h\u00e9ttel k\u00e9s\u0151bb, a Magdeburg vend\u00e9gek\u00e9nt a Hertha n\u00e9gyszer (!) is megszerezte a vezet\u00e9st, ennek ellen\u00e9re 6-4-es veres\u00e9get szenvedett. Az az\u00f3ta lej\u00e1tszott kilenc meccsen siker\u00fclt jav\u00edtani a m\u00e9rlegen, k\u00e9t veres\u00e9g \u00e9s h\u00e1rom d\u00f6ntetlen mellett n\u00e9gyszer nyert a berlini csapat. Most a tizedik helyen \u00e1ll a t\u00e1bl\u00e1zaton, a h\u00e1tr\u00e1nya nyolc pont a m\u00e1r oszt\u00e1lyoz\u00f3s helyen l\u00e9v\u0151 Holstein Kielhez k\u00e9pest.\r\n\r\nDe n\u00e9zz\u00fck, milyen teljes\u00edtm\u00e9ny lapul a Hertha eredm\u00e9nyei m\u00f6g\u00f6tt!\r\n<div class=\"payable-content-section\"><\/div>\r\n<img class=\"alignnone size-full wp-image-11132\" src=\"https:\/\/sport24.24.hu\/app\/uploads\/sites\/24\/2023\/12\/1-2.png\" alt=\"\" width=\"2382\" height=\"1590\" \/>\r\n\r\nA csapat t\u00e1mad\u00f3j\u00e1t\u00e9ka alapvet\u0151en rendben van, ha a b\u00fcntet\u0151ket nem sz\u00e1moljuk, akkor a Hamburg \u00e9s a Karlsruher ut\u00e1n a Hertha xG-je (20,9) a legmagasabb a lig\u00e1ban. A 20,9-es xG mell\u00e9 24 szerzett g\u00f3l p\u00e1rosul (b\u00fcntet\u0151 n\u00e9lk\u00fcl), vagyis a csapat helyzetkihaszn\u00e1l\u00e1sa is j\u00f3. A gond ink\u00e1bb a v\u00e9dekez\u00e9ssel van, hiszen a Hertha xGA-ja a hatodik legnagyobb a Bundesliga 2 mez\u0151ny\u00e9ben, eg\u00e9szen pontosan 20,6. Vagyis azt mondhatjuk, hogy azokat a min\u0151s\u00e9gi helyzeteket, amelyeket el\u00f6l kialak\u00edt az egy\u00fcttes, azt h\u00e1tul az ellenfeleknek is megengedi. A sokg\u00f3los, kontroll\u00e1latlan meccsek pedig \u00e1ltal\u00e1ban kisz\u00e1m\u00edthatatlanok \u2013 ez l\u00e1tszik a Hertha eredm\u00e9nysor\u00e1n is.\r\n\r\n<img class=\"alignnone size-full wp-image-11133\" src=\"https:\/\/sport24.24.hu\/app\/uploads\/sites\/24\/2023\/12\/2-2.png\" alt=\"\" width=\"2382\" height=\"1590\" \/>\r\n\r\nA t\u00e1mad\u00f3j\u00e1t\u00e9kn\u00e1l maradva: a Hertha \u00e1tlagosan 45,8 sz\u00e1zal\u00e9kban birtokolja a labd\u00e1t, a t\u00e1mad\u00f3harmadbeli labda\u00e9rint\u00e9sek sz\u00e1m\u00e1t tekintve pedig az utols\u00f3 el\u0151tti helyen \u00e1ll a bajnoks\u00e1gban. Ez azt jelenti, hogy nem marad ott tart\u00f3san az ellenf\u00e9l v\u00e9d\u0151harmad\u00e1ban, nem helyez \u00e1lland\u00f3 nyom\u00e1st a kapura. Ez l\u00e1tszik a kapura l\u00f6v\u00e9sek sz\u00e1m\u00e1n is: a Herth\u00e1nak 186 l\u00f6v\u00e9se volt eddig, enn\u00e9l tizenk\u00e9t csapat is t\u00f6bbsz\u00f6r pr\u00f3b\u00e1lkozott. Pedig D\u00e1rdai\u00e9k feltal\u00e1lj\u00e1k magukat, ha bejutnak az ellenf\u00e9l tizenhatos\u00e1ra.\r\n\r\n<span class=\"highlight-block-small\">A f\u0151v\u00e1rosiak \u2013 egy kiv\u00e9telt lesz\u00e1m\u00edtva \u2013 minden g\u00f3ljukat a tizenhatoson bel\u00fclr\u0151l szerezt\u00e9k, \u00e9s nekik a harmadik legkisebb a kaput\u00f3l sz\u00e1m\u00edtott \u00e1tlagos l\u00f6v\u00e9st\u00e1vols\u00e1guk. <\/span>\r\n\r\nAz adatok \u00e9s a g\u00f3lok poz\u00edci\u00f3i egy\u00e9bk\u00e9nt azt is j\u00f3l megmutatj\u00e1k, hogy a Hertha t\u00e1mad\u00e1sai a 196 centis k\u00f6z\u00e9pcsat\u00e1rra vannak kihegyezve \u2013 err\u0151l k\u00e9s\u0151bb m\u00e9g lesz sz\u00f3.\r\n\r\n<img class=\"alignnone size-full wp-image-11134\" src=\"https:\/\/sport24.24.hu\/app\/uploads\/sites\/24\/2023\/12\/3-2.png\" alt=\"\" width=\"2382\" height=\"1590\" \/>\r\n\r\nAzt is mondhatn\u00e1nk, hogy min\u0151s\u00e9gre j\u00f3 a Hertha, csak a volument kellene feltorn\u00e1szni mell\u00e9. A helyzetig viszont el kell jutni, \u00e9s ezen a t\u00e9ren m\u00e9g van hova fejl\u0151dnie a csapatnak. Az eg\u00e9sz modern futball abba az ir\u00e1nyba tart, hogy egyre kevesebb a t\u00e1voli l\u00f6v\u00e9s, a csapatok ink\u00e1bb megpr\u00f3b\u00e1lj\u00e1k bevinni a labd\u00e1t a tizenhatoson bel\u00fclre (ezt l\u00e1thattuk a Hertha l\u0151lapj\u00e1n is). A Herth\u00e1nak viszont gondja van azzal, hogy bepasszolja a labd\u00e1t erre a ter\u00fcletre; ahogyan az \u00e1br\u00e1n is l\u00e1tszik, csak \u00f6t csapatot tud megel\u0151zni a lig\u00e1ban ebben a tekintetben. A tizenhatoson bel\u00fcl v\u00e9get \u00e9r\u0151 labdavezet\u00e9sek sz\u00e1m\u00e1t illet\u0151en sokkal jobb a helyzet, ezen a list\u00e1n \u00f6t\u00f6dik a Hertha. Ez azt jelenti, hogy a csapat legink\u00e1bb egy\u00e9ni j\u00e1t\u00e9k nyom\u00e1n tud eljutni az ellenf\u00e9l kapuja el\u00e9.\r\n\r\n<img class=\"alignnone size-full wp-image-11135\" src=\"https:\/\/sport24.24.hu\/app\/uploads\/sites\/24\/2023\/12\/4-2.png\" alt=\"\" width=\"2382\" height=\"1590\" \/>\r\n\r\n\u00c9s ha m\u00e1r egy\u00e9nek, akkor eljutottunk a bevezet\u0151ben eml\u00edtett k\u00e9t j\u00e1t\u00e9kosig, Haris Tabakovicig \u00e9s Fabian Rees\u00e9ig. Ha az el\u0151bb az volt a mond\u00e1s, hogy a Hertha csak ritk\u00e1n tud eljutni az ellenf\u00e9l tizenhatos\u00e1ra, \u00e9s akkor is f\u0151leg egy\u00e9ni j\u00e1t\u00e9kb\u00f3l, akkor ez az \u00e1bra m\u00e9g nyomaszt\u00f3bbnak mutatja a helyzetet. Nem el\u00e9g, hogy kev\u00e9s vesz\u00e9lyes passza \u00e9s labdavezet\u00e9se van a Herth\u00e1nak (vesz\u00e9lyes passz alatt tov\u00e1bbra is a tizenhatoson bel\u00fclre passzolt labd\u00e1kat, vesz\u00e9lyes labdavezet\u00e9s alatt pedig a tizenhatoson bel\u00fcl v\u00e9get \u00e9r\u0151 labdavezet\u00e9seket \u00e9rtj\u00fck), de az is egy ember \u00e9rdeme. Rees\u00e9nek t\u00f6bb mint h\u00e1romszor annyi ilyen akci\u00f3ja volt, mint a list\u00e1n m\u00e1sodik <strong>Marten Winklernek<\/strong>.\r\n\r\n<img class=\"alignnone size-full wp-image-11136\" src=\"https:\/\/sport24.24.hu\/app\/uploads\/sites\/24\/2023\/12\/5-1.png\" alt=\"\" width=\"2382\" height=\"1590\" \/>\r\n\r\n<span class=\"highlight-block\">Reese a legt\u00f6bb mutat\u00f3ban \u00e9len \u00e1ll a csapaton bel\u00fcl, <\/span>\r\n\r\nde a 26 \u00e9ves n\u00e9met a bajnoks\u00e1gban is az egyik legjobb j\u00e1t\u00e9kosnak sz\u00e1m\u00edt. Ha megn\u00e9zz\u00fck p\u00e9ld\u00e1ul a 90 percre vet\u00edtett l\u00f6v\u00e9st eredm\u00e9nyez\u0151 akci\u00f3k sz\u00e1m\u00e1t, Reese a m\u00e1sodik helyen \u00e1ll (5,5 ilyen akci\u00f3 m\u00e9rk\u0151z\u00e9senk\u00e9nt). Az \u00e1ltal\u00e1ban balsz\u00e9ls\u0151t j\u00e1tsz\u00f3 Reese teh\u00e1t abszol\u00fat meghat\u00e1roz\u00f3 ember a Herth\u00e1ban, kis t\u00falz\u00e1ssal azt is mondhatn\u00e1nk, hogy minden vesz\u00e9lyes akci\u00f3\u00e9rt \u00e9s helyzet\u00e9rt, ami az ellenf\u00e9l tizenhatos\u00e1n\u00e1l t\u00f6rt\u00e9nik, \u0151 felel. D\u00e1rdai\u00e9knak nyilv\u00e1n nagy \u00e1ld\u00e1s, hogy van egy ilyen extra j\u00e1t\u00e9kos a keret\u00fckben, ugyanakkor vesz\u00e9lyes is lehet, ha egyetlen emberen m\u00falik a csapat t\u00e1mad\u00f3j\u00e1t\u00e9ka.\r\n\r\n<img class=\"alignnone size-full wp-image-11137\" src=\"https:\/\/sport24.24.hu\/app\/uploads\/sites\/24\/2023\/12\/6-1.png\" alt=\"\" width=\"2382\" height=\"1590\" \/>\r\n\r\nReese n\u00e9gy g\u00f3lj\u00e1val \u00e9s n\u00e9gy g\u00f3lpassz\u00e1val a kanadai t\u00e1bl\u00e1zaton is j\u00f3l \u00e1ll, ezen a t\u00e9ren viszont Tabakovic az els\u0151, aki m\u00e1r kilenc g\u00f3lt szerzett. A bosny\u00e1k igazi c\u00e9lemberk\u00e9nt funkcion\u00e1l, fizikai adotts\u00e1gainak k\u00f6sz\u00f6nhet\u0151en a mez\u0151nyben meg tudja tartani a labd\u00e1t, a kapu el\u0151tt pedig remek\u00fcl \u00e9rkezik a bead\u00e1sokra. A k\u00e9t j\u00e1t\u00e9kos k\u00f6z\u00f6tti kapcsolat is nagyon j\u00f3l m\u0171k\u00f6dik a p\u00e1ly\u00e1n, Reese bead\u00e1sainak rendszeresen Tabakovic a c\u00e9lpontja, aki a g\u00f3ljainak t\u00f6bb mint a fel\u00e9t sz\u00e9lr\u0151l bel\u0151tt labda ut\u00e1n szerezte.\r\n\r\n\u00cdgy \u00e1ll jelenleg a Hertha j\u00e1t\u00e9kos- \u00e9s csapatszinten. El\u0151zetesen val\u00f3sz\u00edn\u0171leg mindenki jobb szerepl\u00e9sre sz\u00e1m\u00edtott a berliniekt\u0151l, de\r\n\r\n<span class=\"highlight-block\">egy\u00e1ltal\u00e1n nem rem\u00e9nytelen az egy\u00fcttes helyzete. <\/span>\r\n\r\nA tabell\u00e1t eln\u00e9zve el\u00e9g nagy dar\u00e1l\u00f3 a m\u00e1sodoszt\u00e1ly, egy jobb hull\u00e1mot elkapva t\u00f6bb helyet is lehet ugrani r\u00f6vid id\u0151 alatt. A Hertha mellett egy\u00e9bk\u00e9nt t\u00f6bb nagym\u00falt\u00fa, vagy a k\u00f6zelm\u00faltban m\u00e9g \u00e9lvonalbeli csapat is szenved egyel\u0151re: a Schalke p\u00e9ld\u00e1ul csak a 16., a Kaiserslautern 11., a N\u00fcrnberg 9.\r\n\r\nD\u00e1rdai\u00e9k legk\u00f6zelebb a hatodik Elversberget fogadj\u00e1k, hazai p\u00e1ly\u00e1n, vas\u00e1rnap kora d\u00e9lut\u00e1n.\r\n\r\n<em>A szerz\u0151 Kov\u00e1cs G\u00e1bor, az FTC adatelemz\u0151je.<\/em>\r\n\r\n[prefabricated_shortcode in_app=\"0\" code=\"%3Cdiv%20class%3D%22article_box_border%22%20style%3D%22background%3A%20url%28%27https%3A%2F%2F24.p3k.hu%2Fapp%2Fuploads%2Fsites%2F24%2F2021%2F05%2Fsport24-pattern.png%27%29%20no-repeat%20left%20-16px%20%23f3f3f4%3B%20border%3A%20none%3B%22%3E%0D%0A%3Cdiv%20class%3D%22article_solidheader%22%3E%0D%0A%3Ch2%20style%3D%22color%3A%20%23111115%21important%3B%20font-size%3A%2036px%3B%20font-weight%3A%20bold%3B%20margin-bottom%3A%2030px%3B%20margin-top%3A%2020px%3B%20text-align%3A%20center%3B%20line-height%3A%2036px%3B%22%3E%3Cimg%20class%3D%22aligncenter%20size-full%20wp-image-141%22%20src%3D%22https%3A%2F%2F24.p3k.hu%2Fapp%2Fuploads%2Fsites%2F24%2F2021%2F05%2Fs24-logo-dt.png%22%20alt%3D%22%22%20width%3D%22408%22%20height%3D%2290%22%20%2F%3E%3C%2Fh2%3E%0D%0A%3Ch2%20style%3D%22color%3A%20%23111115%21important%3B%20font-size%3A%2036px%3B%20font-weight%3A%20bold%3B%20margin-bottom%3A%2030px%3B%20margin-top%3A%2020px%3B%20text-align%3A%20center%3B%20line-height%3A%2040px%3B%22%3ECsatlakozz%20a%20Sport24%20k%C3%B6z%C3%B6ss%C3%A9ghez%2C%20mondd%20el%20v%C3%A9lem%C3%A9nyedet%20z%C3%A1rt%20Facebook-csoportunkban%2C%20%C3%A9s%20vegy%C3%A9l%20r%C3%A9szt%20csak%20el%C5%91fizet%C5%91knek%20el%C3%A9rhet%C5%91%20exkluz%C3%ADv%20esem%C3%A9nyeinken.%3C%2Fh2%3E%0D%0A%3C%2Fdiv%3E%0D%0A%3Cp%20style%3D%22background%3A%20%2357A600%3B%20margin-top%3A%2020px%3B%20padding%3A%2020px%3B%20text-align%3A%20center%3B%22%3E%3Ca%20style%3D%22color%3A%20%23ffffff%3B%20font-size%3A%2026px%3B%20font-weight%3A%20600%3B%22%20href%3D%22https%3A%2F%2Fwww.facebook.com%2Fgroups%2F212344460412327%22%3ECSATLAKOZOM%3C%2Fa%3E%3C%2Fp%3E%0D%0A%0D%0A%3C%2Fdiv%3E\"]","type":"rich","thumbnail_url":"https:\/\/s.24.hu\/app\/uploads\/sites\/24\/2023\/12\/043_dpa-pa_231124-99-67801_dpai-masolat-150x150.jpg","thumbnail_width":150,"thumbnail_height":150}