{"version":"1.0","provider_name":"Sport24","provider_url":"https:\/\/sport24.24.hu","author_name":"Bruckner G\u00e1bor","author_url":"https:\/\/sport24.24.hu\/author\/brucknerg\/","title":"A m\u00e1gikus magyar v\u00f6r\u00f6s \u00f6rd\u00f6g\u00f6kkel szemben Anglia \u00fagy vesz\u00edtette el az \u00e9vsz\u00e1zad m\u00e9rk\u0151z\u00e9s\u00e9t, ahogyan a gyarmatait","html":"Az volt a m\u00edtosz, hogy a magyar v\u00e1logatott 1953. november 25-\u00e9n megt\u00f6rte Anglia 90 \u00e9ves otthoni veretlens\u00e9g\u00e9t. Ebb\u0151l annyi igaz: az angol sz\u00f6vets\u00e9get 90 \u00e9vvel kor\u00e1bban alap\u00edtott\u00e1k, \u00e9s olyan csapat, amely nem a Brit-szigetekr\u0151l \u00e9rkezett, nem nyert Angli\u00e1ban. Mert az \u00e9vsz\u00e1zad m\u00e9rk\u0151z\u00e9s\u00e9ig a sk\u00f3tok 11-szer, a walesiek 7-szer, az \u00edrek egyszer gy\u0151ztek az angolok vend\u00e9gek\u00e9nt, \u00e9s az els\u0151 egy\u00fcttes a csatorn\u00e1n t\u00falr\u00f3l csak 1923-ban fordult meg a szigetorsz\u00e1gban: a belg\u00e1k 6-1-re kaptak ki a londoni Highbury stadionban.\r\n\r\nA 90 \u00e9v teh\u00e1t val\u00f3j\u00e1ban 30 volt 1953-ban, ez alatt az angolok 23 meccset v\u00edvtak hazai p\u00e1ly\u00e1n kontinent\u00e1lis, illetve d\u00e9l-amerikai vet\u00e9lyt\u00e1rssal, tov\u00e1bb\u00e1 az Eur\u00f3pa-, valamint a vil\u00e1gv\u00e1logatottal, \u00e9s a m\u00e9rleg\u00fck val\u00f3ban impon\u00e1l\u00f3 volt: 19 gy\u0151zelmet \u00e9s 4 d\u00f6ntetlent tartalmazott a lelt\u00e1r. R\u00e1ad\u00e1sul a belg\u00e1kon t\u00fal sz\u00e9pen megpakolt\u00e1k a spanyolokat (7-1), a hollandokat (8-2), a sv\u00e1jciakat (6-0) vagy 1936-ban a<strong> Szab\u00f3 Antal<\/strong> \u2013 <strong>V\u00e1g\u00f3<\/strong>, <strong>B\u00edr\u00f3<\/strong> \u2013 <strong>L\u00e1z\u00e1r<\/strong>, <strong>S\u00e1rosi Gy\u00f6rgy<\/strong>, <strong>Dud\u00e1s<\/strong> \u2013 <strong>Sas<\/strong>, <strong>Vincze<\/strong>, <strong>Cseh II<\/strong>, <strong>Zsengell\u00e9r<\/strong>, <strong>Titkos<\/strong> g\u00e1la-\u00f6ssze\u00e1ll\u00edt\u00e1sban fell\u00e9p\u0151, k\u00e9t \u00e9vvel k\u00e9s\u0151bb vb-d\u00f6nt\u0151t j\u00e1tsz\u00f3 magyarokat (6-2).\r\n\r\nAz \u00f6tvenh\u00e1rmas meccsnek persze nagy jelent\u0151s\u00e9ge volt.<strong>\u00a0Leo Horn<\/strong> holland j\u00e1t\u00e9kvezet\u0151 azt mondta:\r\n<blockquote>Meg kellett kapaszkodnom az asztal sz\u00e9l\u00e9ben, amikor a holland sz\u00f6vets\u00e9g titk\u00e1r\u00e1t\u00f3l telefonon megtudtam, hogy felk\u00e9rtek az Anglia\u2013Magyarorsz\u00e1g m\u00e9rk\u0151z\u00e9s vezet\u00e9s\u00e9re.<\/blockquote>\r\nEhhez k\u00e9pest semmis\u00e9g, de t\u00e9ny: a Szabad Ifj\u00fas\u00e1g c\u00edm\u0171 lapban 1953. november 7-t\u0151l folytat\u00e1sos sorozat jelent meg <em>A rongylabd\u00e1t\u00f3l a Wembley stadionig<\/em> c\u00edmmel.\r\n\r\nPedig <strong>R\u00e1kosi M\u00e1ty\u00e1s<\/strong> \u2013 enyh\u00e9n sz\u00f3lva \u2013 nem \u00f6r\u00fclt annak, hogy <strong>Sebes Guszt\u00e1v<\/strong> 1952-ben Sv\u00e1jcban \u201e\u00f6nfej\u0171en\u201d elfogadta <strong>Stanley Rous<\/strong> londoni megh\u00edv\u00e1s\u00e1t. A sz\u00f6vets\u00e9gi kapit\u00e1ny m\u00e1r m\u00e1sodszor j\u00e1tszott ak\u00e1r az \u00e9let\u00e9vel is: el\u0151sz\u00f6r az 1952-es olimpiai bajnoki d\u00f6nt\u0151n (2-0), amely el\u0151tt a legdermeszt\u0151bb \u201epajt\u00e1s\u201d felh\u00edvta, hogy a magyar csapat rem\u00e9lhet\u0151en legy\u0151zi a \u201el\u00e1ncos kutya\u201d <strong>Tito<\/strong> Jugoszl\u00e1vi\u00e1j\u00e1t, m\u00e1sodszor meg a 6-3-at megel\u0151z\u0151en.\r\n\r\nNem is b\u00edzott semmit a v\u00e9letlenre. A csapat egy h\u00e9ttel a meccs el\u0151tt indult vonattal P\u00e1rizsba, de aznap m\u00e9g edz\u0151m\u00e9rk\u0151z\u00e9st j\u00e1tszott a K\u0151b\u00e1nyai D\u00f3zs\u00e1val (9-1), m\u00e9gpedig \u00fagy, hogy a n\u00e9pligeti j\u00e1t\u00e9kteret pontosan akkor\u00e1ra b\u0151v\u00edtett\u00e9k, amekkora a Wembley b\u00e1rsonyos p\u00e1ly\u00e1ja volt. K\u00e9t nappal k\u00e9s\u0151bb P\u00e1rizsban tal\u00e1lkozott a v\u00e1logatott azzal a Billancourt-ral, amelyben Sebes futballozott akkor, amikor \u2013 az 1920-as \u00e9vek derek\u00e1n \u2013 Franciaorsz\u00e1gban k\u00e9tkezi munk\u00e1snak \u00e1llt, \u00e9s az \u00fczemi csapatban felfedezt\u00e9k.\r\n\r\nHonfit\u00e1rsaink 18-1-re gy\u0151ztek, \u00e1m az ellenf\u00e9l g\u00f3lszerz\u0151je is j\u00f3 nev\u0171 j\u00e1t\u00e9kos volt. \u00dagy h\u00edvt\u00e1k: <strong>Dumas<\/strong>.\r\n\r\nA k\u00f6nnyed sz\u00f3rakoz\u00e1s meg az\u00e9rt kellett, mert a London el\u0151tti utols\u00f3 hazai v\u00e1logatott m\u00e9rk\u0151z\u00e9s,\r\n\r\n<span class=\"highlight-block\">a sv\u00e9dek elleni 2-2 ut\u00e1n a csal\u00f3dott n\u00e9z\u0151k legvadabbjai lek\u00f6pd\u00f6stek n\u00e9h\u00e1ny levonul\u00f3 magyar labdar\u00fag\u00f3t.<\/span>\r\n\r\nAngli\u00e1ban, m\u00edg el nem kezd\u0151d\u00f6tt a meccs, len\u00e9zt\u00e9k a mieinket. \u201eN\u00e9zd azt a k\u00f6v\u00e9r kis fick\u00f3t!\u201d \u2013 mutattak <strong>Pusk\u00e1s Ferencre<\/strong> a kezd\u0151r\u00fag\u00e1s el\u0151tt. \u00d6tvenh\u00e9t m\u00e1sodperccel k\u00e9s\u0151bb a labda <strong>Gil Merrick<\/strong> kapuj\u00e1ba ker\u00fclt, \u00e9s 28 perc eltelt\u00e9vel m\u00e1r 4-1-re vezettek a m\u00e1gikus magyarok.\r\n\r\n<img class=\"aligncenter size-full wp-image-11060\" src=\"https:\/\/sport24.24.hu\/app\/uploads\/sites\/24\/2023\/11\/gettyimages-1242162.jpg\" alt=\"\" width=\"2873\" height=\"2191\" \/>\r\n\r\nSz\u0171k f\u00e9l \u00f3r\u00e1n bel\u00fcl apr\u00f3 darabokra t\u00f6rt az angol fels\u0151bbrend\u0171s\u00e9g legend\u00e1ja.\r\n\r\nA The Guardian hatvan percr\u0151l cikkezett: \u201eEgy \u00f3ra leforg\u00e1sa alatt \u2013 hiszen a magyarok az utols\u00f3 harmadban engedtek a nyom\u00e1sb\u00f3l \u2013 megmutatkozott az angol futball \u00f6nel\u00e9g\u00fclts\u00e9ge \u00e9s elszigetelts\u00e9ge. 1953. november 25. ut\u00e1n a r\u00e9gi bizonyoss\u00e1gok egyike sem volt biztos t\u00f6bb\u00e9.\u201d\r\n\r\nPusk\u00e1sr\u00f3l meg \u00e9vtizedek m\u00falt\u00e1n azt \u00edrta a BBC News:\r\n<blockquote>A magyar csapatkapit\u00e1ny alacsony volt \u00e9s t\u00fals\u00falyos, ink\u00e1bb hasonl\u00edtott egy hord\u00f3 \u00e9des tokaji borra, mint egy labdar\u00fag\u00f3ra.<\/blockquote>\r\nNem tudta, hogyan kell fejelni, \u00e9s soha nem haszn\u00e1lta a jobb l\u00e1b\u00e1t. Ezt lesz\u00e1m\u00edtva zseni\u00e1lis volt. A 85 v\u00e1logatott meccsen szerzett 84 g\u00f3lj\u00e1val olyan rekordot \u00e1ll\u00edtott fel, amelynek akkora virtu\u00f3zok, mint <strong>Pel\u00e9<\/strong> vagy <strong>Maradona<\/strong>\u00a0m\u00e9g csak a k\u00f6zel\u00e9be sem ker\u00fcltek.\u201d\r\n\r\n<strong>Vittorio Pozzo,<\/strong> az 1934-ben \u00e9s 1938-ban vil\u00e1gbajnok olasz v\u00e1logatott szakvezet\u0151je, aki a La Stampa c\u00edm\u0171 lapot tud\u00f3s\u00edtotta Londonb\u00f3l, \u00edgy lelkendezett: \u201eE nagyszer\u0171 j\u00e1t\u00e9k, a labdar\u00fag\u00e1s minden rajong\u00f3j\u00e1nak, de a sport \u00f6sszes h\u00edv\u00e9nek is meg kell jegyeznie az 1953. november 25-ei d\u00e1tumot. E nap felejthetetlen marad azok sz\u00e1m\u00e1ra is, akik nem voltak abban a szerencs\u00e9s helyzetben, hogy jelen legyenek a Wembley stadionban. Korszakalkot\u00f3 esem\u00e9ny ez a futball t\u00f6rt\u00e9net\u00e9ben.\u201d\r\n<div class=\"payable-content-section\"><\/div>\r\nA <strong>Grosics<\/strong> (Honv\u00e9d, helyette <strong>Gell\u00e9r<\/strong>, V\u00f6r\u00f6s Lobog\u00f3, 83. perc) \u2013 <strong>Buz\u00e1nszky<\/strong> (Dorog), <strong>L\u00f3r\u00e1nt<\/strong> (Honv\u00e9d), <strong>Zakari\u00e1s<\/strong>, <strong>Lantos<\/strong> (mindkett\u0151 V\u00f6r\u00f6s Lobog\u00f3) \u2013 <strong>Bozsik<\/strong> (Honv\u00e9d), <strong>Hidegkuti<\/strong> (V\u00f6r\u00f6s Lobog\u00f3) \u2013 <strong>Budai II<\/strong>, <strong>Kocsis<\/strong>, Pusk\u00e1s, <strong>Czibor<\/strong> (mind Honv\u00e9d) \u00f6sszet\u00e9tel\u0171 magyar egy\u00fcttesb\u0151l a kulcsfigura Hidegkuti N\u00e1ndor volt. A britek ekk\u00e9ppen jellemezt\u00e9k: \u201eM\u00e9lyen j\u00e1tszott, hamis 9-esk\u00e9nt, <strong>Harry Johnston<\/strong> nem tudta, mit tegyen vele, ebb\u0151l ad\u00f3d\u00f3an a vend\u00e9g karmesternek maradt tere \u00e9s ideje dikt\u00e1lni a j\u00e1t\u00e9kot. Angol szemmel a 6-3 rossz volt, de j\u00f3 is, mert az eredm\u00e9ny alig t\u00fckr\u00f6zte a magyarok f\u00f6l\u00e9ny\u00e9t.\u201d\r\n\r\nA megsz\u00e9gyen\u00fclt h\u00e1zigazd\u00e1k ezzel a tizeneggyel vonultak fel: Merrick (Birmingham) \u2013 <strong>Ramsey<\/strong> (Tottenham), <strong>Johnston<\/strong> (Blackpool), <strong>Eckersley<\/strong> (Blackburn) \u2013 <strong>Wright<\/strong> (Wolverhampton), <strong>Dickinson<\/strong> (Portsmouth) \u2013 <strong>Matthews<\/strong>, <strong>Taylor<\/strong>, <strong>Mortensen<\/strong> (mind Blackpool), <strong>Sewell<\/strong> (Sheffield Wednesday), <strong>Robb<\/strong> (Tottenham). N\u00e9gyen j\u00e1tszottak azok k\u00f6z\u00fcl, akik hat h\u00f3nappal kor\u00e1bban a Blackpool sz\u00edneiben diadalt arattak a Boltonnal v\u00edvott FA Kupa-d\u00f6nt\u0151ben (4-3). A britek szerint \u201eaz volt az a nap, amikor a futball \u00e1tvette a krikett prim\u00e1tus\u00e1t Angli\u00e1ban\u201d.\r\n\r\n<span class=\"highlight-block\">A 6-3 ut\u00e1n a szigetorsz\u00e1gban nyilv\u00e1n sokan gondolt\u00e1k, hogy m\u00e9gis maradni kellett volna a krikettn\u00e9l\u2026<\/span>\r\n\r\n<img class=\"aligncenter size-full wp-image-11061\" src=\"https:\/\/sport24.24.hu\/app\/uploads\/sites\/24\/2023\/11\/gettyimages-613495124.jpg\" alt=\"\" width=\"3558\" height=\"2824\" \/>\r\n\r\nA Wembley t\u00f6bb mint 100 ezer n\u00e9z\u0151je aznap d\u00e9lut\u00e1n azt hitte, a leend\u0151 vil\u00e1gbajnokot l\u00e1tja. S t\u00e9nyleg \u00edgy t\u00f6rt\u00e9nt. Csak a siker nem 1954-ben, a berni Wankdorf stadionban j\u00f6tt el, hanem 1966-ban ugyanazon a londoni p\u00e1ly\u00e1n, \u00e9s nem Magyarorsz\u00e1g, hanem Anglia sz\u00e1m\u00e1ra.\r\n\r\nA hat\u00e1st illet\u0151en a leghitelesebb a brit sajt\u00f3b\u00f3l id\u00e9zni. A glasgow-i The Scotsman kaj\u00e1nkodott:\r\n<blockquote>Anglia ugyan\u00fagy vesz\u00edtette el ezt a m\u00e9rk\u0151z\u00e9st, ahogyan a gyarmatait vesz\u00edtette el.<\/blockquote>\r\n\u00c1m az angol v\u00e9lem\u00e9nyek nyilv\u00e1nval\u00f3an mentesek maradtak minden k\u00e1r\u00f6r\u00f6mt\u0151l, ehhez k\u00e9pest az Evening Standard f\u0151c\u00edme az volt: \u201e\u00c9ljen Magyarorsz\u00e1g!\u201d A The Times arr\u00f3l sz\u00e1molt be b\u00e1natosan: \u201eAz angol v\u00e9delmet foszl\u00e1nyokra t\u00e9pte a b\u00e1mulatosan j\u00e1tsz\u00f3 magyar csat\u00e1rsor. Sz\u00e1zezer n\u00e9z\u0151 l\u00e1tta az istenek alkony\u00e1t.\u201d\r\n\r\nA Daily Telegraph sem k\u00f6nt\u00f6rfalazott: \u201eA magyar v\u00e1logatott az els\u0151 perct\u0151l kezdve korl\u00e1tlan ura volt a p\u00e1ly\u00e1nak. Sokkal jobban j\u00e1tszott, mint a legut\u00f3bb Londonban l\u00e1tott Eur\u00f3pa-v\u00e1logatott. Az eredm\u00e9ny eg\u00e9szen k\u00f6nnyen k\u00e9t sz\u00e1mjegy\u0171 is lehetett volna.\u201d\r\n\r\nA Sporting Life szerint\r\n<blockquote class=\"small-quote\">Anglia az \u00e9vad legjobb j\u00e1t\u00e9k\u00e1t ny\u00fajtotta, \u00e9s m\u00e9g ezzel sem volt egyetlen pillanatnyi es\u00e9lye.<\/blockquote>\r\nA v\u00e1logat\u00f3k b\u00e1rhogyan \u00e1ll\u00edtott\u00e1k volna \u00f6ssze az egy\u00fcttest, ugyanez az eredm\u00e9ny.\u201d\r\n\r\nA Daily Mail is haz\u00e1nk fiair\u00f3l \u00e1radozott: \u201eM\u0171v\u00e9szet\u00fckkel gy\u00f6ny\u00f6r\u0171s\u00e9get szereztek mindenkinek. A szerdai futballesem\u00e9nyre sok\u00e1ig eml\u00e9keznek majd a Wembley szerencs\u00e9s szurkol\u00f3i \u00e9s a telev\u00edzi\u00f3n\u00e9z\u0151k milli\u00f3i.\u201d\r\n\r\nhttps:\/\/www.youtube.com\/watch?v=yqp6GSgRtRs\r\n\r\nA Daily Express \u00fagy v\u00e9lte: \u201eA v\u00f6r\u00f6s \u00f6rd\u00f6g\u00f6k mellett az angol j\u00e1t\u00e9kosok nagypap\u00e1knak t\u0171ntek, akik j\u00e1tszadozni pr\u00f3b\u00e1ltak az unok\u00e1ikkal, akiket \u0151k tan\u00edtottak.\u201d\r\n\r\n<img class=\"aligncenter size-full wp-image-11062\" src=\"https:\/\/sport24.24.hu\/app\/uploads\/sites\/24\/2023\/11\/gettyimages-73665610.jpg\" alt=\"\" width=\"4376\" height=\"3491\" \/>\r\n\r\nA Daily Herald s\u00falyosabb p\u00e1rhuzamot vont: \u201eJ\u00e1t\u00e9kosaink kont\u00e1roknak l\u00e1tszottak a sokkal gyorsabb, \u00fcgyesebb \u00e9s \u00e1ll\u00f3k\u00e9pesebb magyarokkal szemben. Legf\u0151bb rem\u00e9nys\u00e9g\u00fcnk, a Matthews, Taylor jobbsz\u00e1rny olyannak t\u0171nt fel a m\u00e9rk\u0151z\u00e9sen, mint a ny\u00edl \u00e9s az \u00edj az atombomba ellen.\u201d\r\n\r\nMeglehet, akkor is g\u00f3lokkal gy\u0151z a Hidegkuti (3), Pusk\u00e1s (2) \u00e9s Bozsik g\u00f3lj\u00e1val az 53. percben m\u00e1r 6-2-re vezet\u0151 magyar csapat, ha egy \u00f3ra m\u00falt\u00e1n Sebes bevetheti valamennyi tartal\u00e9kj\u00e1t, Gell\u00e9r S\u00e1ndoron k\u00edv\u00fcl <strong>Kov\u00e1cs Imr\u00e9t<\/strong>, <strong>S\u00e1ndor K\u00e1rolyt<\/strong>, <strong>Palot\u00e1s P\u00e9tert<\/strong> (mind V\u00f6r\u00f6s Lobog\u00f3), <strong>V\u00e1rhidi P\u00e1lt<\/strong>, <strong>T\u00f3th Mih\u00e1lyt<\/strong> (mindkett\u0151 Bp. D\u00f3zsa), valamint <strong>Csord\u00e1s Lajost<\/strong> (Vasas). A meg\u00e1llapod\u00e1s szerint azonban csak egy j\u00e1t\u00e9kost lehetett cser\u00e9lni, \u00edgy\r\n\r\n<span class=\"highlight-block\">a padon \u00fcl\u0151k t\u00f6bbs\u00e9ge csup\u00e1n n\u00e9z\u0151k\u00e9nt \u00fcnnepelhetett.<\/span>\r\n\r\nA vil\u00e1grasz\u00f3l\u00f3 6-3-at a Szabad N\u00e9p a k\u00f6vetkez\u0151k\u00e9ppen komment\u00e1lta: \u201eAhhoz, hogy sportol\u00f3ink olyan eredm\u00e9nyeket \u00e9rhessenek el, mint ma, hogy tehets\u00e9g\u00fck min\u00e9l teljesebben, min\u00e9l szabadabban \u00e9rv\u00e9nyes\u00fclj\u00f6n, olyan haz\u00e1ban kell \u00e9lni\u00fck, mint a mi haz\u00e1nk, egy szabad n\u00e9p haz\u00e1ja. N\u00e1lunk a p\u00e1rt, a korm\u00e1ny, az eg\u00e9sz n\u00e9p szeretettel gondoskodik a sportr\u00f3l, a sportol\u00e1si lehet\u0151s\u00e9gek biztos\u00edt\u00e1s\u00e1r\u00f3l, mert a sport az eg\u00e9szs\u00e9ges, \u00e9letvid\u00e1m, \u00f6ntudatos fiatalok nevel\u00e9s\u00e9nek egyik legfontosabb eszk\u00f6ze, a dolgoz\u00f3k \u00e9let\u00e9nek egyik nagy \u00f6r\u00f6me, mert n\u00e1lunk a fiatalokat az eg\u00e9sz n\u00e9p szeretete veszi k\u00f6r\u00fcl. A n\u00e9pi demokratikus Magyarorsz\u00e1gon megvan a lehet\u0151s\u00e9ge annak, hogy mindenki szabadon sportolhasson, s b\u00e1rmely sport\u00e1gban a legmagasabbra fokozhassa k\u00e9pess\u00e9geit. K\u00f6lts\u00e9gvet\u00e9s\u00fcnk \u00e9vr\u0151l \u00e9vre nagyobb \u00f6sszeget juttat a sport fejleszt\u00e9s\u00e9re. A h\u00e1bor\u00fa el\u0151tti 45 ezerrel szemben 500 ezer versenysportol\u00f3nk van, s m\u00f6g\u00f6tt\u00fck a tehets\u00e9gek eg\u00e9sz sora nevel\u0151dik a Munk\u00e1ra, Harcra K\u00e9sz mozgalomban r\u00e9sztvev\u0151k hatalmas sereg\u00e9ben.\r\n<blockquote>A sportol\u00f3k sz\u00e1m\u00e1ra egyre t\u00f6bb stadion, sporttelep, uszoda, v\u00edzitelep, tornacsarnok \u00e9s m\u00e1s sportl\u00e9tes\u00edtm\u00e9ny \u00e9p\u00fcl, amelyek d\u00edjtalanul \u00e1llnak a sport ir\u00e1nt \u00e9rdekl\u0151d\u0151k rendelkez\u00e9s\u00e9re. A h\u00e1rom\u00e9ves tervben 220 \u00faj p\u00e1lya l\u00e9tes\u00fclt, az \u00f6t\u00e9ves tervben eddig 400 \u00faj falusi p\u00e1lya nyitotta meg kapuit. N\u00e9h\u00e1ny h\u00f3nappal ezel\u0151tt felavattuk gy\u00f6ny\u00f6r\u0171 N\u00e9pstadionunkat.<\/blockquote>\r\nN\u00e9ha \u00fagy tetszik, m\u00e9gsem mindenben fordul oly gyorsan a v\u00e1ltoz\u00f3 vil\u00e1g.\r\n\r\n[prefabricated_shortcode in_app=\"0\" code=\"%3Cdiv%20class%3D%22article_box_border%22%20style%3D%22background%3A%20url%28%27https%3A%2F%2F24.p3k.hu%2Fapp%2Fuploads%2Fsites%2F24%2F2021%2F05%2Fsport24-pattern.png%27%29%20no-repeat%20left%20-16px%20%23f3f3f4%3B%20border%3A%20none%3B%22%3E%0D%0A%3Cdiv%20class%3D%22article_solidheader%22%3E%0D%0A%3Ch2%20style%3D%22color%3A%20%23111115%21important%3B%20font-size%3A%2036px%3B%20font-weight%3A%20bold%3B%20margin-bottom%3A%2030px%3B%20margin-top%3A%2020px%3B%20text-align%3A%20center%3B%20line-height%3A%2036px%3B%22%3E%3Cimg%20class%3D%22aligncenter%20size-full%20wp-image-141%22%20src%3D%22https%3A%2F%2F24.p3k.hu%2Fapp%2Fuploads%2Fsites%2F24%2F2021%2F05%2Fs24-logo-dt.png%22%20alt%3D%22%22%20width%3D%22408%22%20height%3D%2290%22%20%2F%3E%3C%2Fh2%3E%0D%0A%3Ch2%20style%3D%22color%3A%20%23111115%21important%3B%20font-size%3A%2036px%3B%20font-weight%3A%20bold%3B%20margin-bottom%3A%2030px%3B%20margin-top%3A%2020px%3B%20text-align%3A%20center%3B%20line-height%3A%2040px%3B%22%3ECsatlakozz%20a%20Sport24%20k%C3%B6z%C3%B6ss%C3%A9ghez%2C%20mondd%20el%20v%C3%A9lem%C3%A9nyedet%20z%C3%A1rt%20Facebook-csoportunkban%2C%20%C3%A9s%20vegy%C3%A9l%20r%C3%A9szt%20csak%20el%C5%91fizet%C5%91knek%20el%C3%A9rhet%C5%91%20exkluz%C3%ADv%20esem%C3%A9nyeinken.%3C%2Fh2%3E%0D%0A%3C%2Fdiv%3E%0D%0A%3Cp%20style%3D%22background%3A%20%2357A600%3B%20margin-top%3A%2020px%3B%20padding%3A%2020px%3B%20text-align%3A%20center%3B%22%3E%3Ca%20style%3D%22color%3A%20%23ffffff%3B%20font-size%3A%2026px%3B%20font-weight%3A%20600%3B%22%20href%3D%22https%3A%2F%2Fwww.facebook.com%2Fgroups%2F212344460412327%22%3ECSATLAKOZOM%3C%2Fa%3E%3C%2Fp%3E%0D%0A%0D%0A%3C%2Fdiv%3E\"]","type":"rich","thumbnail_url":"https:\/\/s.24.hu\/app\/uploads\/sites\/24\/2023\/11\/gettyimages-830277306-masolat-150x150.jpg","thumbnail_width":150,"thumbnail_height":150}