{"version":"1.0","provider_name":"Sport24","provider_url":"https:\/\/sport24.24.hu","author_name":"Bruckner G\u00e1bor","author_url":"https:\/\/sport24.24.hu\/author\/brucknerg\/","title":"Minden p\u00e9nzt meg\u00e9rhet Endrick, a Madridba tart\u00f3, zseni\u00e1lis tini","html":"Az Endrickben rejl\u0151 lehet\u0151s\u00e9gekr\u0151l sokat el\u00e1rul, hogy <strong>Fernando Diniz<\/strong> 17 \u00e9vesen \u00e9s 108 naposan megh\u00edvta a v\u00e1logatott vb-selejtez\u0151kre k\u00e9sz\u00fcl\u0151 keret\u00e9be. A brazil futball t\u00f6rt\u00e9net\u00e9ben ezel\u0151tt h\u00e1rom labdar\u00fag\u00f3 ker\u00fclt 18 \u00e9ves kora el\u0151tt a nemzeti csapatba, <strong>Pel\u00e9, Edu<\/strong> \u00e9s <strong>Ronaldo<\/strong>. Mindh\u00e1rman vil\u00e1gbajnokok lettek, Pel\u00e9 \u00e9s Ronaldo pedig minden id\u0151k legnagyobb j\u00e1t\u00e9kosai k\u00f6z\u00e9 emelkedett, \u00e9s vb-d\u00f6nt\u0151(k)ben is g\u00f3lokat szerzett.\r\n\r\nAz el\u0151z\u0151 kerethirdet\u00e9s idej\u00e9n m\u00e9g mindenki meglep\u0151d\u00f6tt volna a Palmeiras fiatal j\u00e1t\u00e9kos\u00e1nak neve hallat\u00e1n, de\r\n\r\n<span class=\"highlight-block\">egy h\u00f3nap alatt minden megv\u00e1ltozott. S\u0151t gyakorlatilag egyetlen meccs alatt.<\/span>\r\n\r\nA m\u00e1sf\u00e9l hete rendezett Botafogo\u2013Palmeiras m\u00e9rk\u0151z\u00e9st el\u0151zetesen is a bajnoks\u00e1g legfontosabb m\u00e9rk\u0151z\u00e9s\u00e9nek gondolt\u00e1k, ut\u00f3lag viszont m\u00e1r ink\u00e1bb <a href=\"https:\/\/rangado.24.hu\/nemzetkozi_foci\/2023\/11\/02\/botafogo-palmeiras-endrick-real-madrid-dupla\/\">a Brasileirao t\u00f6rt\u00e9net\u00e9nek egyik legnagyobb tal\u00e1lkoz\u00f3jak\u00e9nt<\/a> emlegetik. A rajt \u00f3ta listavezet\u0151 Botafogo el\u0151nye \u2013 ami m\u00e1r 13 pont is volt a teljes mez\u0151nnyel \u00e9s \u00edgy a Palmeiras-szal szemben is \u2013 ezen a meccsen ism\u00e9t a nagyon stabil t\u00edzre zs\u00edrosodhatott. H\u00e9t fordul\u00f3val a v\u00e9ge el\u0151tt ez gyakorlatilag eld\u00f6nthette a brazil bajnoki c\u00edm sors\u00e1t. A sz\u00fcnetre ez meg is t\u00f6rt\u00e9nt, hiszen a hazai p\u00e1ly\u00e1n j\u00e1tsz\u00f3 Botafogo g\u00e1l\u00e1zva, lehet\u0151s\u00e9geit messze nem teljesen kiakn\u00e1zva vezetett 3-0-ra. Ami a sz\u00fcnet ut\u00e1n k\u00f6vetkezett, azt csak k\u00f6zhelyekkel vagy parajelens\u00e9gekkel lehet magyar\u00e1zni. Az el\u0151bbiekn\u00e9l maradva: a m\u00e9rk\u0151z\u00e9s addig tart, am\u00edg a j\u00e1t\u00e9kvezet\u0151 le nem f\u00fajja, a labda g\u00f6mb\u00f6ly\u0171, isten \u00fatjai kif\u00fcrk\u00e9szhetetlenek, aki mer az nyer, b\u00e1trak\u00e9 a szerencse \u00e9s legf\u0151k\u00e9pp kicsi a bors, de er\u0151s. Endrick legal\u00e1bbis nem nagy, 171 centi, \u00e9s t\u00e9nyleg er\u0151s \u2013 ahogyan ezen a meccsen ism\u00e9telten \u00e9s az eddigiekn\u00e9l is szembe\u00f6tl\u0151bben kider\u00fclt \u2013 lelkileg is. A fiatal j\u00e1t\u00e9kos vezet\u00e9s\u00e9vel a Palmeiras megford\u00edtotta a tal\u00e1lkoz\u00f3t, 4-3-ra nyert. Endrick l\u0151tt egy g\u00f3lt sz\u00f3l\u00f3b\u00f3l, h\u00e1rom-n\u00e9gy v\u00e9d\u0151t fak\u00e9pn\u00e9l hagyva, \u00e9s egy m\u00e1sikat, amelyn\u00e9l ballal l\u00f6v\u0151cselt mutatott be, k\u00f6zben igaz\u00e1b\u00f3l a felpattan\u00f3 labd\u00e1t t\u00e9rddel lek\u00e9sz\u00edtette a labd\u00e1t a h\u00e1l\u00f3ig z\u00fad\u00edt\u00f3 l\u00f6v\u00e9shez. K\u00e9t zseni\u00e1lis g\u00f3l. De nem puszt\u00e1n ez keltett \u00e1ltal\u00e1nos felt\u0171n\u00e9st a csodameccsen, hanem az, hogy\r\n\r\n<span class=\"highlight-block-small\">az els\u0151 tal\u00e1lata ut\u00e1n a h\u00e1l\u00f3b\u00f3l rohanva szedte ki, \u00e9s vitte k\u00f6z\u00e9pre a labd\u00e1t 1-3-as \u00e1ll\u00e1sn\u00e1l, k\u00f6zben mag\u00e1ra mutogatva azt kiab\u00e1lta a t\u00f6bbieknek: \u201eD\u00e1 a bola em mim!\u201d \u201eAdj\u00e1tok nekem a labd\u00e1t!\u201d Ez a k\u00f6ly\u00f6k, a lehetetlen helyzetben is hitt, \u00e9s mag\u00e1ra v\u00e1llalta a felel\u0151ss\u00e9get.<\/span>\r\n\r\n<img class=\"size-full wp-image-10858\" src=\"https:\/\/sport24.24.hu\/app\/uploads\/sites\/24\/2023\/11\/055_agif568291.jpg\" alt=\"\" width=\"3719\" height=\"2482\" \/>\r\n\r\nL\u00e1ngot gy\u00fajtott j\u00e1t\u00e9kost\u00e1rsaiban, v\u00e9gs\u0151 soron pedig megv\u00e1ltoztatta a bajnoks\u00e1g menet\u00e9t. (Persze, kellett hozz\u00e1 m\u00e9g egy-k\u00e9t t\u00e9nyez\u0151, t\u00f6bbek k\u00f6z\u00f6tt egy kiv\u00e9dett tizenegyes, csapatt\u00e1rs\u00e1t\u00f3l, <strong>Wevertont\u00f3l,<\/strong> meg egy ki\u00e1ll\u00edt\u00e1s.) A meccs ut\u00e1n ezt mondta: \u201eOlyan j\u00e1t\u00e9kos vagyok, aki a neh\u00e9z pillanatokban t\u0171nik fel. Szeretem megc\u00e1folni a kritik\u00e1kat, szeretem megmutatni, ki vagyok. Egy kissr\u00e1c vagyok, aki most boldog \u00e9s \u00e9rettebb.\u201d\r\n\r\n\u00c9s Endrick t\u00e9nyleg szereti a fesz\u00fclt, t\u00e9ttel b\u00edr\u00f3 helyzeteket. 2022-ben 5 m\u00e9rk\u0151z\u00e9st j\u00e1tszott koroszt\u00e1lyos orsz\u00e1gos \u00e9s nemzetk\u00f6zi torn\u00e1k d\u00f6nt\u0151iben, mindig id\u0151sebbek k\u00f6z\u00f6tt futballozva, \u00e9s mindegyiken betal\u00e1lt, \u00f6sszesen h\u00e9t g\u00f3lt szerzett, \u00e9s mindegyiket meg is nyerte aktu\u00e1lis csapat\u00e1val. De az a \u201egyerekfoci\u201d.\r\n<div class=\"payable-content-section\"><\/div>\r\nAz idei \u00e9vet a feln\u0151ttek k\u00f6z\u00f6tt kezdve Endrick dolgai nem mentek igaz\u00e1n j\u00f3l, de edz\u0151je,<strong> Abel Ferreira<\/strong> priznicet tett a k\u00f6zv\u00e9lem\u00e9ny v\u00e1rakoz\u00e1st\u00f3l forr\u00f3 homlok\u00e1ra, \u00e9s kijelentette,\r\n\r\n<span class=\"highlight-block\">Endrick majd akkor l\u0151 g\u00f3lt, ha kell. <\/span>\r\n\r\nSz\u00f3 se r\u00f3la, a tini az els\u0151 g\u00f3ljait az \u00e1llami bajnoks\u00e1g d\u00f6nt\u0151j\u00e9nek m\u00e9rk\u0151z\u00e9sein szerezte, egyet idegenben, amivel nagyobb veres\u00e9gt\u0151l \u00f3vta meg csapat\u00e1t, egyet pedig otthon, amivel be is biztos\u00edtotta a tr\u00f3fe\u00e1t. Egy h\u00e9ttel k\u00e9s\u0151bb az eg\u00e9sz brazil orsz\u00e1gos bajnoks\u00e1g els\u0151 tal\u00e1lat\u00e1t is \u0151 jegyezte. Att\u00f3l kezdve viszont k\u00e9t \u00e9s f\u00e9l h\u00f3nap alatt csak egyszer ker\u00fclt a kezd\u0151csapatba.\r\n\r\nN\u00e9lk\u00fcle is ment a Palmeirasnak; az alapvet\u0151en h\u00e1rom t\u00e1mad\u00f3s fel\u00e1ll\u00e1sban Endrick posztj\u00e1ra, a kilences\u00e9re egy, a v\u00e1logatottban is bemutatkoz\u00f3 futballista, <strong>Rony<\/strong> szem\u00e9ly\u00e9ben megvolt a favorit. Endrick olykor cserek\u00e9nt is megvillantotta k\u00e9pess\u00e9geit, de igazi es\u00e9lyt nem kapott. Amikor augusztus v\u00e9g\u00e9n megs\u00e9r\u00fclt <strong>Dudu<\/strong>, a t\u00e1mad\u00f3h\u00e1rmas baloldali tagja, a csapat teljes\u00edtm\u00e9nye visszaesett, ugyanis \u0151 volt az, aki a legkreat\u00edvabb j\u00e1t\u00e9kosk\u00e9nt a helyzetek nagy r\u00e9sz\u00e9t kialak\u00edtotta, aki az egy-egyeivel megbontotta az ellenfeleket. Endrick \u00edgy is csak akkor ker\u00fclt a meccsek elej\u00e9t\u0151l a p\u00e1ly\u00e1ra, ha azt egy fontosabb m\u00e9rk\u0151z\u00e9s el\u0151tt a rot\u00e1ci\u00f3 megk\u00f6vetelte. Gyakorlatilag a Libertadores Kup\u00e1b\u00f3l t\u00f6rt\u00e9nt kies\u00e9s ut\u00e1n v\u00e1lt az alapcsapat r\u00e9sz\u00e9v\u00e9, amikor az egyik nagy c\u00e9l a Boca Juniors elleni el\u0151d\u00f6nt\u0151s kies\u00e9ssel el\u00faszott, a m\u00e1sik pedig (a bajnoki c\u00edm) nagyon t\u00e1volinak t\u0171nt. Az argentinok ellen kapott egy f\u00e9lid\u0151 bebizony\u00edtotta, hogy sokkal jobban megy a j\u00e1t\u00e9k a nagy rem\u00e9nys\u00e9ggel a p\u00e1ly\u00e1n, de ez akkor m\u00e1r nem tudott seg\u00edteni a csapaton. Abel Ferreira nyilv\u00e1nval\u00f3an hib\u00e1zott, ebben a szak\u00e9rt\u0151k nagy r\u00e9sze m\u00e1r egyet\u00e9rt.\r\n\r\n<img class=\"alignnone size-full wp-image-10860\" src=\"https:\/\/sport24.24.hu\/app\/uploads\/sites\/24\/2023\/11\/055_agif569636.jpg\" alt=\"\" width=\"4787\" height=\"3191\" \/>\r\n\r\nEndrick \u00faj feladatk\u00f6rbe is ker\u00fclt. Az alapvet\u0151en centerk\u00e9nt nevelked\u0151 j\u00e1t\u00e9kos kiker\u00fclt a jobb oldalra, ahol nagyobb ter\u00fclethez jutott, vagy egy k\u00e9tcsat\u00e1ros rendszerben gyakran l\u00e9pett vissza m\u00e9lys\u00e9gben, \u00e9s szinte t\u00edzesk\u00e9nt seg\u00edtette a j\u00e1t\u00e9kot. Mindkett\u0151 igen j\u00f3l \u00e1llt neki, \u00e9s b\u00e1rhogyan is, de t\u0151le indultak a vesz\u00e9lyes t\u00e1mad\u00e1sok. Cseleivel, rendk\u00edv\u00fcl gyors megindul\u00e1saival, k\u00e9nyszer\u00edt\u0151ivel, kiugrat\u00e1saival \u0151 tudta p\u00f3tolni a kiesett t\u00e1rsat, Dudut. A Botafogo elleni m\u00e9rk\u0151z\u00e9st k\u00f6vet\u0151en \u00fajra l\u00e1tv\u00e1nyos \u00e9s h\u00e1rom pontot garant\u00e1l\u00f3 g\u00f3lt szerzett az Atl\u00e9tico Paranaense ellen. Produkci\u00f3i ut\u00e1n a sz\u00e1mos futballal foglalkoz\u00f3 m\u0171sor m\u00e9g sz\u00e1mosabb szak\u00e9rt\u0151j\u00e9nek mindegyike szuperlat\u00edvuszokban \u00e1radozik Endrickr\u0151l, vita csak abban alakul ki, hogy j\u00e1t\u00e9kst\u00edlus\u00e1ban <strong>Romario<\/strong> vagy Ronaldo ut\u00f3dja-e. Dinamizmusa Ronald\u00f3\u00e9, n\u00e9h\u00e1ny megold\u00e1sa, magass\u00e1ga, lefordul\u00e1sa Romari\u00f3t id\u00e9zi, viszont mindkett\u0151j\u00fckn\u00e9l l\u00e9nyegesen r\u00e1men\u0151sebb labdaszerz\u00e9sben. Endrick\r\n\r\n<span class=\"highlight-block\">a 18. sz\u00fclet\u00e9snapja ut\u00e1n, 2024 nyar\u00e1n ker\u00fcl majd \u00e1t Madridba, <\/span>\r\n\r\nde hogy mennyi p\u00e9nz\u00e9rt, az m\u00e9g mindig nem d\u0151lt el, \u00e9s e tekintetben a Realn\u00e1l m\u00e9g izgulhatnak. A 35 milli\u00f3 eur\u00f3nyi fix \u00f6sszegen fel\u00fcl minden \u00f6t g\u00f3l ut\u00e1n \u00fajabb 2,5 milli\u00f3t kell fizetni, eg\u00e9szen addig, am\u00edg Endrick el nem \u00e9ri a 25 g\u00f3lt. Jelenleg 12-n\u00e9l, azaz 5 milli\u00f3 eur\u00f3n\u00e1l tart, bev\u00e1logat\u00e1sa pedig \u00fajabb, nem nyilv\u00e1nos \u00f6sszeget jelent. Az is igaz, ha befutja a neki j\u00f3solt p\u00e1ly\u00e1t, akkor minden p\u00e9nzt meg\u00e9r.\r\n<h2>A Botafogo\u2013Palmeiras m\u00e9rk\u0151z\u00e9s \u00f6sszefoglal\u00f3ja:<\/h2>\r\nhttps:\/\/www.youtube.com\/watch?v=O52pG0Ef6BY&amp;ab_channel=UOLEsporte\r\n\r\n[prefabricated_shortcode in_app=\"0\" code=\"%3Cdiv%20class%3D%22article_box_border%22%20style%3D%22background%3A%20url%28%27https%3A%2F%2F24.p3k.hu%2Fapp%2Fuploads%2Fsites%2F24%2F2021%2F05%2Fsport24-pattern.png%27%29%20no-repeat%20left%20-16px%20%23f3f3f4%3B%20border%3A%20none%3B%22%3E%0D%0A%3Cdiv%20class%3D%22article_solidheader%22%3E%0D%0A%3Ch2%20style%3D%22color%3A%20%23111115%21important%3B%20font-size%3A%2036px%3B%20font-weight%3A%20bold%3B%20margin-bottom%3A%2030px%3B%20margin-top%3A%2020px%3B%20text-align%3A%20center%3B%20line-height%3A%2036px%3B%22%3E%3Cimg%20class%3D%22aligncenter%20size-full%20wp-image-141%22%20src%3D%22https%3A%2F%2F24.p3k.hu%2Fapp%2Fuploads%2Fsites%2F24%2F2021%2F05%2Fs24-logo-dt.png%22%20alt%3D%22%22%20width%3D%22408%22%20height%3D%2290%22%20%2F%3E%3C%2Fh2%3E%0D%0A%3Ch2%20style%3D%22color%3A%20%23111115%21important%3B%20font-size%3A%2036px%3B%20font-weight%3A%20bold%3B%20margin-bottom%3A%2030px%3B%20margin-top%3A%2020px%3B%20text-align%3A%20center%3B%20line-height%3A%2040px%3B%22%3ECsatlakozz%20a%20Sport24%20k%C3%B6z%C3%B6ss%C3%A9ghez%2C%20mondd%20el%20v%C3%A9lem%C3%A9nyedet%20z%C3%A1rt%20Facebook-csoportunkban%2C%20%C3%A9s%20vegy%C3%A9l%20r%C3%A9szt%20csak%20el%C5%91fizet%C5%91knek%20el%C3%A9rhet%C5%91%20exkluz%C3%ADv%20esem%C3%A9nyeinken.%3C%2Fh2%3E%0D%0A%3C%2Fdiv%3E%0D%0A%3Cp%20style%3D%22background%3A%20%2357A600%3B%20margin-top%3A%2020px%3B%20padding%3A%2020px%3B%20text-align%3A%20center%3B%22%3E%3Ca%20style%3D%22color%3A%20%23ffffff%3B%20font-size%3A%2026px%3B%20font-weight%3A%20600%3B%22%20href%3D%22https%3A%2F%2Fwww.facebook.com%2Fgroups%2F212344460412327%22%3ECSATLAKOZOM%3C%2Fa%3E%3C%2Fp%3E%0D%0A%0D%0A%3C%2Fdiv%3E\"]","type":"rich","thumbnail_url":"https:\/\/s.24.hu\/app\/uploads\/sites\/24\/2023\/11\/000_32mp4kn-150x150.jpg","thumbnail_width":150,"thumbnail_height":150}