{"version":"1.0","provider_name":"Sport24","provider_url":"https:\/\/sport24.24.hu","author_name":"Fut\u00f3 Csaba","author_url":"https:\/\/sport24.24.hu\/author\/futocs\/","title":"Ink\u00e1bb mennyis\u00e9gben, mint min\u0151s\u00e9gben javult a Fradi j\u00e1t\u00e9ka a kapu el\u0151tt, de a trendet \u00e9rt\u00e9kelni kell","html":"B\u00e1r <a href=\"https:\/\/rangado.24.hu\/magyar_foci\/2023\/11\/05\/kecskemet-nb-i-ferencvaros-sarbirkozas\/\">Kecskem\u00e9ten elvesz\u00edtette veretlens\u00e9g\u00e9t<\/a> <strong>Dejan Stankoviccsal<\/strong>, cs\u00fct\u00f6rt\u00f6k este a Fradinak enn\u00e9l j\u00f3val komolyabb feladata volt, hiszen az eur\u00f3pai porondon egy esetleges gy\u0151zelemmel a csapat komoly el\u0151nyt szerezhetett volna a csoportja m\u00e1sodik hely\u00e9\u00e9rt val\u00f3 versenyfut\u00e1sban.\r\n\r\nA Ferencv\u00e1ros kezd\u0151j\u00e9ben viszonylag kev\u00e9s meglepet\u00e9s akadt: <strong>Dibusz<\/strong> el\u0151tt a v\u00e9delem tengely\u00e9n ism\u00e9t a <strong>Mmaee<\/strong>\u2013<strong>Ciss\u00e9<\/strong> du\u00f3ra esett a v\u00e1laszt\u00e1s, \u00e1m baloldalt <strong>Ram\u00edrez<\/strong> helyett ez\u00fattal <strong>Civic<\/strong> szerepelt a csapatban, jobboldalt pedig <strong>Botka<\/strong> helyett <strong>Makreckis<\/strong> ker\u00fclt h\u00e1tr\u00e9bb a p\u00e1ly\u00e1n. <strong>Sig\u00e9r<\/strong> mellett <strong>Abu Fani<\/strong> ez\u00fattal is m\u00e9lyebb szerepk\u00f6rb\u0151l mozgatta a csapatot, el\u00f6l pedig <strong>Traor\u00e9<\/strong> ker\u00fclt be negyedik t\u00e1mad\u00f3nak <strong>Zachariassen<\/strong>, <strong>Marquinhos<\/strong> \u00e9s a s\u00e9r\u00fclt <strong>Varga Barnab\u00e1s<\/strong> helyett j\u00e1tsz\u00f3 <strong>Pesic<\/strong> mell\u00e9.\r\n\r\nA m\u00e9rk\u0151z\u00e9s k\u00e9pe a hasonl\u00f3 eredm\u00e9ny ellen\u00e9re el\u00e9gg\u00e9 k\u00fcl\u00f6nb\u00f6z\u00f6tt att\u00f3l, amit Belgiumban l\u00e1thattunk a Ferencv\u00e1rost\u00f3l. <a href=\"https:\/\/sport24.24.hu\/foci\/2023\/10\/27\/konferencia-liga-genk-ftc-elemzes\/\">Az els\u0151 m\u00e9rk\u0151z\u00e9st elemz\u0151 cikk\u00fcnkben<\/a> \u00fagy \u00f6sszegezt\u00fck: a k\u00e9t csapat let\u00e1mad\u00e1sa t\u00f6k\u00e9letesen kikapcsolta a t\u00e1mad\u00f3j\u00e1t\u00e9kot, hazai p\u00e1ly\u00e1n pedig a ferencv\u00e1rosiak r\u00e9sz\u00e9r\u0151l b\u00e1trabb labd\u00e1s j\u00e1t\u00e9kra lesz majd sz\u00fcks\u00e9g. Cs\u00fct\u00f6rt\u00f6k este mindezt a Fradit\u00f3l m\u00e1r sokkal t\u00f6bbsz\u00f6r l\u00e1ttuk vissza. Ehhez az ellenf\u00e9l v\u00e9dekez\u00e9s\u00e9re is sz\u00fcks\u00e9g volt, \u00e1m a ferencv\u00e1rosi szakmai st\u00e1bot is dics\u00e9ret illeti, hiszen a magyar bajnok maga is eredm\u00e9nyesen kezelte ezeket a szitu\u00e1ci\u00f3kat.\r\n\r\nA Genk labda elleni j\u00e1t\u00e9k\u00e1ban ugyanis gyakran megfigyelhett\u00fck, hogy idegenben j\u00e1tszva valamivel kev\u00e9sb\u00e9 t\u00e1madt\u00e1k le a Fradi labdakihozatalait. B\u00e1r a ferencv\u00e1rosi kapuskir\u00fag\u00e1sokra a Genk fell\u00e9pett emberfog\u00e1ssal let\u00e1madni, a hazai csapat meglep\u0151en sok labd\u00e1t tudott \u00f6sszeszedni ezekb\u0151l a szitu\u00e1ci\u00f3kb\u00f3l. Dibusz\u00e9k ugyanis ez\u00fattal j\u00f3l l\u00e1that\u00f3an fel voltak k\u00e9sz\u00edtve arra, mit tegyenek akkor, ha a labd\u00e1t a nagy nyom\u00e1s alatt nem lehet a f\u00f6ld\u00f6n megj\u00e1tszva, biztons\u00e1gosan kihozni. A megold\u00e1s az volt, hogy a hat h\u00e1tuls\u00f3 j\u00e1t\u00e9kos visszal\u00e9pett megind\u00edtani a labdakihozatalt, \u00e1m a ferencv\u00e1rosi kapus m\u00e9gis fel\u00edvelte a labd\u00e1t.\r\n\r\n<span class=\"highlight-block-small\">A fell\u00e9p\u0151 belga k\u00f6z\u00e9pp\u00e1ly\u00e1sokat kicsalogatva \u00edgy Pesicnek vagy Traor\u00e9nak nagyobb ter\u00fclete maradt ahhoz, hogy a belg\u00e1k megny\u00fajtott v\u00e9dekez\u0151 alakzat\u00e1n bel\u00fcl megtarts\u00e1k Dibusz kir\u00fag\u00e1sait.<\/span>\r\n\r\nA f\u00e9lp\u00e1lya k\u00f6rny\u00e9k\u00e9n \u00f6sszeszedett labd\u00e1kat pedig azonnali ind\u00edt\u00e1s helyett gyakran tudta k\u00f6rbe j\u00e1ratni a Fradi, \u00edgy hosszabb peri\u00f3dusokra siker\u00fclt az ellenfelet k\u00f6z\u00e9ps\u0151 blokkba k\u00e9nyszer\u00edteni. Hogy ez mennyire elt\u00e9r az els\u0151 m\u00e9rk\u0151z\u00e9s k\u00e9p\u00e9t\u0151l, azt a sz\u00e1mok is megmutatj\u00e1k: a cs\u00fct\u00f6rt\u00f6k esti m\u00e9rk\u0151z\u00e9sen a Fradi 333 sikeres passzb\u00f3l 153-at teljes\u00edtett az ellenf\u00e9l t\u00e9rfel\u00e9n, m\u00edg Belgiumban ez az ar\u00e1ny 309-b\u0151l 112 volt. A visszav\u00e1g\u00f3n teh\u00e1t a Ferencv\u00e1ros t\u00f6bb passzt teljes\u00edtett az ellenf\u00e9l t\u00e9rfel\u00e9n, mint a saj\u00e1tj\u00e1n, ami k\u00e9ts\u00e9gk\u00edv\u00fcl el\u0151rel\u00e9p\u00e9st jelent.\r\n<div class=\"payable-content-section\"><\/div>\r\n<img class=\"alignnone size-full wp-image-10817\" src=\"https:\/\/sport24.24.hu\/app\/uploads\/sites\/24\/2023\/11\/ftcgenk1.png\" alt=\"\" width=\"1280\" height=\"720\" \/>\r\n\r\n<em>Ferencv\u00e1rosi labdabirtokl\u00e1s, els\u0151 f\u00e1zis. A hat h\u00e1tuls\u00f3 ferencv\u00e1rosi j\u00e1t\u00e9kos visszal\u00e9p, mintha ki akarn\u00e1k hozni a labd\u00e1t, val\u00f3j\u00e1ban magukra h\u00fazz\u00e1k a Genk 4-4-2-es emberfog\u00e1s alap\u00fa let\u00e1mad\u00e1s\u00e1t, ami m\u00e9lys\u00e9gben sz\u00e9th\u00fazza az ellenfelet, \u00e9s megnyitja a ter\u00fcletet a n\u00e9gy t\u00e1mad\u00f3hoz fel\u00edvelt labd\u00e1knak.<\/em>\r\n\r\nA belg\u00e1k v\u00e9dekez\u00e9sben nem h\u00faz\u00f3dtak vissza a saj\u00e1t t\u00e9rfel\u00fckre, az els\u0151 n\u00e9h\u00e1ny passzt gyakran megengedt\u00e9k a magyar bajnoknak. Dejan Stankovic csapata \u00edgy az els\u0151 m\u00e9rk\u0151z\u00e9shez k\u00e9pest sokkal t\u00f6bbsz\u00f6r tudott berendezkedni a poz\u00edci\u00f3s j\u00e1t\u00e9khoz sz\u00fcks\u00e9ges alapszerkezetbe. A k\u00e9t v\u00e9dekez\u0151 k\u00f6z\u00e9pp\u00e1ly\u00e1s k\u00f6z\u00fcl ez\u00fattal ink\u00e1bb Abu Fani maradt az eredeti, hatos poz\u00edci\u00f3ban, m\u00edg Sig\u00e9r gyakran a jobb f\u00e9lter\u00fclet fel\u00e9 mozgott, \u00e1tv\u00e9ve a gyakran felfut\u00f3 jobbh\u00e1tv\u00e9d, Makreckis poz\u00edci\u00f3j\u00e1t.\r\n\r\nA hosszabb labdaj\u00e1rat\u00e1sra a Genk az els\u0151 sorban v\u00e9dekez\u0151 <strong>Zeqiri<\/strong> \u00e9s <strong>el-Khannous<\/strong> vezet\u00e9s\u00e9vel feljebb l\u00e9pett a 4-4-2-es k\u00f6z\u00e9ps\u0151 blokkb\u00f3l, a megemelt labd\u00e1kat a ferencv\u00e1rosi h\u00e1ts\u00f3 sornak t\u00f6bbnyire \u00edgy is volt ideje pontosan megl\u0151ni, \u00edgy sok keresztlabda futott ki a sz\u00e9lre, k\u00fcl\u00f6n\u00f6sen a jobb oldalra Makreckis \u00e9s Traor\u00e9 fel\u00e9. El\u0151bbi \u00edgy az ellenf\u00e9l v\u00e9dekez\u00e9s\u00e9t sz\u00e9th\u00fazva, ut\u00f3bbi pedig befel\u00e9 cselezve pr\u00f3b\u00e1lkozhatott l\u00f6v\u0151helyzetet kialak\u00edtani.\r\n\r\n<img class=\"alignnone size-full wp-image-10818\" src=\"https:\/\/sport24.24.hu\/app\/uploads\/sites\/24\/2023\/11\/ftcgenk2.png\" alt=\"\" width=\"1280\" height=\"720\" \/>\r\n\r\n<em>Ferencv\u00e1rosi labdabirtokl\u00e1s, m\u00e1sodik f\u00e1zis. A Genk 4-4-2-es k\u00f6z\u00e9ps\u0151 blokkb\u00f3l kimozdult a ferencv\u00e1rosi labdaj\u00e1rat\u00e1sra. Ciss\u00e9 \u00edgy kihagyja a labdaj\u00e1rat\u00e1sb\u00f3l a visszal\u00e9p\u0151 Abu Fanit \u00e9s emelten Makreckishez forgat.<\/em>\r\n\r\n<img class=\"alignnone size-full wp-image-10819\" src=\"https:\/\/sport24.24.hu\/app\/uploads\/sites\/24\/2023\/11\/ftcgenk3.png\" alt=\"\" width=\"1280\" height=\"720\" \/>\r\n\r\n<em>Ferencv\u00e1rosi labdabirtokl\u00e1s, harmadik f\u00e1zis. A Fradi berendezkedik az ellenf\u00e9l t\u00e9rfel\u00e9n, Makreckis befel\u00e9 passzolja a labd\u00e1t, \u00e1m Traor\u00e9 csak t\u00e1volr\u00f3l tud l\u0151ni. Pesic itt kimozog a sz\u00e9lre, \u00edgy Sig\u00e9rnek kell beindulni.<\/em>\r\n\r\n<span class=\"highlight-block-small\">Hozz\u00e1 kell tenni ugyanakkor, hogy a p\u00e1lya els\u0151 k\u00e9t harmad\u00e1ban mutatott fejl\u0151d\u00e9s a kapu el\u0151tt ink\u00e1bb mennyis\u00e9gi, mintsem min\u0151s\u00e9gi fejl\u0151d\u00e9ssel p\u00e1rosult.<\/span>\r\n\r\nB\u00e1r a Fradi sokkal magasabb xG-mutat\u00f3t dolgozott ki, mint az idegenbeli m\u00e9rk\u0151z\u00e9sen, akci\u00f3b\u00f3l (xG open play) csak minim\u00e1lis el\u0151nyre tudott szert tenni. R\u00e1ad\u00e1sul ennek is egy jelent\u0151s r\u00e9sze (0.64) a 21-b\u0151l k\u00e9t pr\u00f3b\u00e1lkoz\u00e1sra jutott: Abu Fani kipattan\u00f3ja, majd Pesic g\u00f3lja. Azt is \u00e9rdemes megfigyelni, hogy a 21 ferencv\u00e1rosi l\u00f6v\u00e9sb\u0151l 9 a tizenhatoson k\u00edv\u00fclr\u0151l \u00e9rkezett, a Genk eset\u00e9ben ez az ar\u00e1ny 14-b\u0151l 4 volt.\r\n\r\n<img class=\"alignnone size-full wp-image-10823\" src=\"https:\/\/sport24.24.hu\/app\/uploads\/sites\/24\/2023\/11\/ftcgenk7.png\" alt=\"\" width=\"719\" height=\"906\" \/>\r\n\r\n<span class=\"highlight-block-small\">A sikerhez term\u00e9szetesen a Ferencv\u00e1ros v\u00e9dekez\u00e9se is kellett. A szerb edz\u0151 \u00e9rkez\u00e9se \u00f3ta az egyik legfontosabb \u00fajdons\u00e1g volt, hogy a Csercseszov-korszakkal ellent\u00e9tben a csapat az ellenf\u00e9l t\u00e9rfel\u00e9n is agressz\u00edvan let\u00e1madja az ellenfeleket.<\/span>\r\n\r\nAz els\u0151 m\u00e9rk\u0151z\u00e9sen mind az ellenf\u00e9l t\u00e9rfel\u00e9n, mind a magasabb ter\u00fcleteken, mind a felez\u0151vonal k\u00f6rny\u00e9k\u00e9n siker\u00fclt az ellenf\u00e9l t\u00e1mad\u00e1sait megb\u00e9n\u00edtani, az agressz\u00edv emberfog\u00e1sos v\u00e9dekez\u00e9snek k\u00f6sz\u00f6nhet\u0151en. A visszav\u00e1g\u00f3n az ellenf\u00e9l t\u00e9rfel\u00e9n val\u00f3 let\u00e1mad\u00e1st m\u00e1r periodikusan az els\u0151 f\u00e9lid\u0151ben is felv\u00e1ltotta a k\u00f6z\u00e9pmagasan t\u00f6rt\u00e9n\u0151 v\u00e9dekez\u00e9s. Ha a Genk j\u00e1t\u00e9kosai az els\u0151 let\u00e1mad\u00e1si k\u00eds\u00e9rletet \u00e1tj\u00e1tszott\u00e1k, akkor a gyors \u00e1tt\u00f6r\u00e9s lehet\u0151s\u00e9g\u00e9t lez\u00e1rva a Fradi ink\u00e1bb 4-4-2-be rendez\u0151d\u00f6tt \u00e1t, megengedve a belg\u00e1knak az ellenf\u00e9l t\u00e9rfel\u00e9n val\u00f3 labdaj\u00e1rat\u00e1st. K\u00e9s\u0151bb pedig, sz\u00fcks\u00e9g eset\u00e9n, a k\u00f6z\u00e9ps\u0151 blokkb\u00f3l kimozdulva ak\u00e1r visszafel\u00e9 is lehetett terelni a vend\u00e9gek labdakihozatalait. Nem v\u00e9letlen, hogy a m\u00e9rk\u0151z\u00e9s eg\u00e9sz\u00e9ben a Genk 196-ot tudott passzolni a saj\u00e1t t\u00e9rf\u00e9len, m\u00edg a felez\u0151vonalon t\u00fal csak 141-et. A m\u00e9rk\u0151z\u00e9s bizonyos szakaszaiban, k\u00fcl\u00f6n\u00f6sen az egyg\u00f3los vezet\u00e9s birtok\u00e1ban, id\u0151nk\u00e9nt ism\u00e9t el\u0151fordult, hogy a Ferencv\u00e1ros v\u00e9dekez\u00e9se t\u00fal m\u00e9lyen a saj\u00e1t kapuja el\u0151tt ragadt. Ez vezetett <strong>Munoz<\/strong> egyenl\u00edt\u0151 g\u00f3lj\u00e1hoz is.\r\n\r\n<img class=\"alignnone size-full wp-image-10820\" src=\"https:\/\/sport24.24.hu\/app\/uploads\/sites\/24\/2023\/11\/ftcgenk4.png\" alt=\"\" width=\"1280\" height=\"720\" \/>\r\n\r\n<em>Ferencv\u00e1rosi v\u00e9dekez\u00e9s, els\u0151 f\u00e1zis. A Fradi emberfog\u00e1ssal t\u00e1mad le, mindenki a saj\u00e1t ellenfel\u00e9t k\u00f6vetve tol\u00f3dik, az ellenf\u00e9l \u00edvel\u00e9sre k\u00e9nyszer\u00fcl.<\/em>\r\n\r\n<img class=\"alignnone size-full wp-image-10821\" src=\"https:\/\/sport24.24.hu\/app\/uploads\/sites\/24\/2023\/11\/ftcgenk5.png\" alt=\"\" width=\"1280\" height=\"720\" \/>\r\n\r\n<em>Ferencv\u00e1rosi v\u00e9dekez\u00e9s, m\u00e1sodik f\u00e1zis. A f\u00e9lp\u00e1lya k\u00f6rny\u00e9k\u00e9n is proakt\u00edvan, emberfog\u00e1ssal v\u00e9dekezik a Fradi, a belg\u00e1k nem tudnak a t\u00e9rfel\u00fcnk\u00f6n berendezkedni.<\/em>\r\n\r\n<img class=\"alignnone size-full wp-image-10822\" src=\"https:\/\/sport24.24.hu\/app\/uploads\/sites\/24\/2023\/11\/ftcgenk6.png\" alt=\"\" width=\"1280\" height=\"720\" \/>\r\n\r\n<em>Ferencv\u00e1rosi v\u00e9dekez\u00e9s, harmadik f\u00e1zis. A saj\u00e1t kapu el\u0151tt megny\u00falik a t\u00e1vols\u00e1g a ferencv\u00e1rosi k\u00f6z\u00e9pp\u00e1ly\u00e1sok k\u00f6z\u00f6tt. Paintsil befel\u00e9 cselez, \u00edgy Galarza ember\u00e9nek kell r\u00e1 kil\u00e9pnie. Galarza \u00fcresen kaphatja a labd\u00e1t, befel\u00e9 cselez, l\u00f6v\u00e9s\u00e9b\u0151l a felfut\u00f3 jobbh\u00e1tv\u00e9d Munoz egyenl\u00edt.<\/em>\r\n\r\n\u00d6sszess\u00e9g\u00e9ben teh\u00e1t a Ferencv\u00e1ros labd\u00e1s j\u00e1t\u00e9kban el\u0151re tudott l\u00e9pni az el\u0151z\u0151 nemzetk\u00f6zi m\u00e9rk\u0151z\u00e9shez k\u00e9pest.\r\n\r\n<span class=\"highlight-block-small\">B\u00e1r ez az ellenf\u00e9l kapuja el\u0151tt csak kisebb min\u0151s\u00e9g\u0171 helyzeteket eredm\u00e9nyezett, a trendet mindenk\u00e9ppen \u00e9rt\u00e9kelni kell.<\/span>\r\n\r\nA Genk keret\u00e9nek \u00e9rt\u00e9ke majdnem h\u00e1romszoros a Ferencv\u00e1ros\u00e9hoz k\u00e9pest, ennek ellen\u00e9re a magyar bajnok mindk\u00e9t m\u00e9rk\u0151z\u00e9sen egyenrang\u00fa ellenfele tudott lenni a belg\u00e1knak, s\u0151t n\u00e9gy m\u00e9rk\u0151z\u00e9s ut\u00e1n veretlen\u00fcl \u00e1ll a csoportban. Mivel a Cukaricki tov\u00e1bbra is pont n\u00e9lk\u00fcl \u00e1ll a csoport utols\u00f3 hely\u00e9n, a versenyfut\u00e1s a h\u00e1rom csapat k\u00f6z\u00f6tt ak\u00e1r az utols\u00f3 k\u00f6rig is folytat\u00f3dhat a k\u00e9t tov\u00e1bbjut\u00f3 hely\u00e9rt. Eddigi teljes\u00edtm\u00e9nye alapj\u00e1n azonban a Ferencv\u00e1rost rem\u00e9lhet\u0151leg tov\u00e1bbra sem kell majd f\u00e9lteni.","type":"rich","thumbnail_url":"https:\/\/s.24.hu\/app\/uploads\/sites\/24\/2023\/11\/fradi-genk-150x150.jpg","thumbnail_width":150,"thumbnail_height":150}