{"version":"1.0","provider_name":"Sport24","provider_url":"https:\/\/sport24.24.hu","author_name":"Bruckner G\u00e1bor","author_url":"https:\/\/sport24.24.hu\/author\/brucknerg\/","title":"Ha inog is Ten Hag alatt a kispad, a kir\u00fag\u00e1s\u00e1val csak \u00fajabb \u00e1tmeneti id\u0151szak k\u00f6vetkezne a Manchester Unitedn\u00e9l","html":"A Manchester United tizenegy m\u00e9rk\u0151z\u00e9s ut\u00e1n 18 ponttal mind\u00f6ssze nyolcadik a Premier League-ben, az \u00e9llovas Manchester Cityt\u0151l cikk\u00fcnk meg\u00edr\u00e1sakor kilenc ponttal lemaradva. A Bajnokok Lig\u00e1j\u00e1ban h\u00e1rom csoportm\u00e9rk\u0151z\u00e9sb\u0151l kett\u0151t elvesz\u00edtett <strong>Erik ten Hag<\/strong> csapata, ezeken a tal\u00e1lkoz\u00f3kon \u00f6sszesen hat g\u00f3lt szerzett \u00e9s hetet kapott az egy\u00fcttes. A jelenlegi helyzet teh\u00e1t mindk\u00e9t sorozatban aggaszt\u00f3nak t\u0171nik, eln\u00e9zve a riv\u00e1lisok k\u00f6z\u00f6tti massz\u00edv versenyfut\u00e1st.\r\n\r\nA klub probl\u00e9m\u00e1i term\u00e9szetesen t\u00f6bb r\u00e9teg\u0171ek. Egy h\u00f3nappal ezel\u0151tt <a href=\"https:\/\/sport24.24.hu\/foci\/2023\/09\/26\/manchester-united-valsag-erik-ten-hag-helyzete\/\" target=\"_blank\" rel=\"noopener\">m\u00e1r meg\u00edrtuk<\/a>, <strong>Sir Alex Ferguson<\/strong> t\u00e1voz\u00e1sa \u00f3ta mennyire hi\u00e1nyzik a vezet\u00e9s r\u00e9sz\u00e9r\u0151l egy \u00e1tfog\u00f3 klubstrat\u00e9gia. Ennek \u201eeredm\u00e9nyek\u00e9nt\u201d a kilincset egym\u00e1snak \u00e1tad\u00f3 edz\u0151k k\u00f6z\u00fcl senki sem kapott el\u00e9g id\u0151t a kibontakoz\u00e1sra, \u00edgy sosem siker\u00fclt konzisztens, \u00f6sszeill\u0151 j\u00e1t\u00e9koskeretet kialak\u00edtani. Nem meglep\u0151 teh\u00e1t, hogy az elm\u00falt \u00e9veket a United a transzferpiacon is massz\u00edv vesztes\u00e9ggel z\u00e1rta.\r\n\r\nErik ten Hagnak teh\u00e1t k\u00e9ts\u00e9gtelen\u00fcl id\u0151re \u00e9s t\u00fcrelemre van sz\u00fcks\u00e9ge. A legut\u00f3bbi bajnoki bronz\u00e9remmel, FA Kupa-ez\u00fcsttel \u00e9s Ligakupa-gy\u0151zelemmel a holland mester az eredm\u00e9nyess\u00e9g ter\u00e9n m\u00e1r n\u00e9mileg el\u0151re is l\u00e9pett el\u0151deihez k\u00e9pest. M\u00e9gsem ker\u00fclhetj\u00fck el a k\u00e9rd\u00e9st:\r\n\r\n<span class=\"highlight-block-small\">mi\u00e9rt n\u00e9z ki a United j\u00e1t\u00e9ka ennyire pocs\u00e9kul az ut\u00f3bbi hetekben?<\/span>\r\n\r\nAmi az \u00e1tigazol\u00e1sokat illeti: Ten Hag a tavaly ny\u00e1ri \u00e9rkez\u00e9s\u00e9t\u0151l kezdve nagyon is komoly belesz\u00f3l\u00e1st kapott a j\u00e1t\u00e9koskeret kialak\u00edt\u00e1s\u00e1ba. A United m\u00e1r a m\u00falt esztend\u0151 nyar\u00e1n t\u00f6bb olyan j\u00e1t\u00e9kost is hozott, akinek illeszkednie kell a holland edz\u0151 j\u00e1t\u00e9kelk\u00e9pzel\u00e9s\u00e9be. <strong>Lisandro Martinez<\/strong> \u00e9s <strong>Antony<\/strong> j\u00e1tszott az \u00e1ltala vezetett Ajaxban, mik\u00f6zben r\u00e9gebbr\u0151l a d\u00e1n <strong>Christian Eriksennek<\/strong> is van k\u00f6t\u0151d\u00e9se az amszterdami iskol\u00e1hoz. <strong>Tyrell Malaci\u00e1t<\/strong> szint\u00e9n Hollandi\u00e1b\u00f3l, a Feyenoordb\u00f3l szemelte ki, a k\u00f6z\u00e9pp\u00e1lya sz\u0171r\u00e9s\u00e9re pedig az ex-re\u00e1los, id\u0151s\u00f6d\u0151 Casemiro \u00e9rkezett. \u0150ket az id\u00e9n ny\u00e1ron Ten Hag \u00fajabb kor\u00e1bbi j\u00e1t\u00e9kosa, a l\u00e1bbal er\u0151s kapus, <strong>Andr\u00e9 Onana<\/strong> k\u00f6vette, visszat\u00e9rt a klubhoz a rutinos k\u00f6z\u00e9ph\u00e1tv\u00e9d <strong>Jonny Evans<\/strong>, valamint a t\u00e1mad\u00f3 szekci\u00f3ba <strong>Mason Mount<\/strong> meg a fiatal d\u00e1n csat\u00e1r, <strong>Rasmus Hojlund<\/strong>.\r\n\r\nErik ten Hag edz\u0151i elk\u00e9pzel\u00e9s\u00e9r\u0151l \u00e9s \u00e9let\u00fatj\u00e1r\u00f3l <a href=\"https:\/\/sport24.24.hu\/foci\/2021\/12\/04\/erik-ten-hag-ajax-karrierut-elemzes\/\" target=\"_blank\" rel=\"noopener\">k\u00e9t \u00e9vvel ezel\u0151tt m\u00e1r mi is \u00edrtunk<\/a>. Edz\u0151k\u00e9nt sokat tanult <strong>Pep Guardiol\u00e1t\u00f3l<\/strong>, \u00e1m az \u0151 proakt\u00edv, labdabirtokl\u00e1sra \u00e9p\u00fcl\u0151 futballj\u00e1t a saj\u00e1t sz\u00e1ja \u00edze szerint alak\u00edtotta, \u00e9s egy nagyobb egy\u00e9ni szabads\u00e1gfokkal m\u0171k\u00f6d\u0151, a p\u00e1lya k\u00f6z\u00e9ps\u0151 ter\u00fcleteire jobban koncentr\u00e1l\u00f3, l\u00e1tv\u00e1nyos j\u00e1t\u00e9kkal juttatta 2019 tavasz\u00e1n a Bajnokok Lig\u00e1ja el\u0151d\u00f6nt\u0151j\u00e9be fiatal csapat\u00e1t.\r\n<blockquote class=\"small-quote\">Mindig lesznek ellent\u00e9tes v\u00e9lem\u00e9nyek, amelyek befoly\u00e1solnak, de edz\u0151k\u00e9nt a saj\u00e1t utadat kell j\u00e1rnod<\/blockquote>\r\n\u2013 mondta akkori sikereir\u0151l.\r\n\r\nEhhez k\u00e9pest a Manchester City elleni megsemmis\u00edt\u0151, hazai 0-3 ut\u00e1n a k\u00f6vetkez\u0151t nyilatkozta:\r\n\r\n\u201eSoha. Soha nem fogjuk azt a futballt j\u00e1tszani, mint az Ajaxn\u00e1l. M\u00e1s j\u00e1t\u00e9kosaim vannak \u00e9s nem is ez\u00e9rt \u00e9rkeztem ide. A labdar\u00fag\u00f3k szabj\u00e1k meg, hogyan futballozik a csapat. Az Ajaxnak nagyon karakterisztikus j\u00e1t\u00e9kst\u00edlusa van, a Manchester Unitedn\u00e9l mindig ett\u0151l elt\u00e9r\u0151t fogok k\u00e9rni, ahogyan tavaly is tettem. Sokkal direktebb focit j\u00e1tszunk itt, mert itt ehhez vannak meg a j\u00e1t\u00e9kosaim.\u201d\r\n\r\n[caption id=\"attachment_10757\" align=\"alignnone\" width=\"2000\"]<img class=\"size-full wp-image-10757\" src=\"https:\/\/sport24.24.hu\/app\/uploads\/sites\/24\/2023\/11\/000_33zx3dr.jpg\" alt=\"\" width=\"2000\" height=\"1333\" \/> A Manchester United argentin k\u00f6z\u00e9pp\u00e1ly\u00e1sa, Alejandro Garnacho (pirosban) a szombati, Fulham elleni bajnokin[\/caption]\r\n\r\nTen Hag kijelent\u00e9se nem alaptalan:\r\n\r\n<span class=\"highlight-block-small\">a vil\u00e1g taktikailag tal\u00e1n leger\u0151sebb, v\u00e9dekez\u00e9sben pedig az egyik legintenz\u00edvebb lig\u00e1j\u00e1ban a Manchester United nyilv\u00e1n nem tud labd\u00e1val olyan m\u00e9rt\u00e9kben domin\u00e1lni, mint az Ajax a holland bajnoks\u00e1gban. <\/span>\r\n\r\nM\u00e9gis \u00e9rdemes r\u00e1pillantani a csapatok j\u00e1t\u00e9k\u00e1t jelz\u0151 n\u00e9h\u00e1ny mutat\u00f3ra. Az OPPDA-mutat\u00f3 (az ellenf\u00e9lnek enged\u00e9lyezett passzok sz\u00e1ma a saj\u00e1t t\u00e9rfel\u00e9n), gyakorlatilag a let\u00e1mad\u00e1s intenzit\u00e1s\u00e1t m\u00e9r\u0151 PPDA inverze: azt mutatja meg, hogy az adott csapatnak az ellenf\u00e9l h\u00e1ny passzt enged meg a saj\u00e1t t\u00e9rfel\u00e9n. Ebb\u0151l k\u00e9tf\u00e9le k\u00f6vetkeztet\u00e9st is lesz\u0171rhet\u00fcnk: r\u00e9szint, hogy mennyire k\u00e9pes az adott csapat nyom\u00e1s alatt kihozni a labd\u00e1t, r\u00e9szint meg, hogy mennyire magasan merik let\u00e1madni az ellenfelek. Nos, a Manchester United 15.11-es mutat\u00f3ja a hatodik a Premier League mez\u0151ny\u00e9ben. Ez messze elmarad, mondjuk, az els\u0151 k\u00e9t helyezett Manchester City (20.83) \u00e9s Arsenal (19.03) sz\u00e1mait\u00f3l, de \u00e9rdekes m\u00f3don magasabb, mint az egy\u00e9bk\u00e9nt sok labdabirtokl\u00e1ssal j\u00e1tsz\u00f3 Tottenham (12.92) mutat\u00f3ja. A United teljes\u00edtm\u00e9nye e tekintetben a tavalyi 13.66-os \u00e9rt\u00e9khez k\u00e9pest hat\u00e1rozottan n\u00f6vekv\u0151 tendenci\u00e1t mutat.\r\n\r\nEzt r\u00e9szben nyilv\u00e1n magyar\u00e1zhatn\u00e1, hogy a kisebb csapatok jobban vissza\u00e1llnak a United ellen, \u00edgy az egy\u00fcttes b\u00e1r szeretne, m\u00e9gsem k\u00e9pes direktebb j\u00e1t\u00e9kot j\u00e1tszani. \u00c1m, mint a meccsk\u00e9peken l\u00e1tni fogjuk: nem ez a helyzet. Ak\u00e1rmilyen is legyen a j\u00e1t\u00e9k, egyel\u0151re t\u00e9ny: a pirosmezesek 19.36-os xG-mutat\u00f3ja mind\u00f6ssze a tizenkettedik (!) a mez\u0151nyben, mik\u00f6zben a legut\u00f3bbi \u00e9vad v\u00e9g\u00e9n a hatodik legmagasabb mutat\u00f3t hozt\u00e1k \u00f6ssze a bajnoks\u00e1gban. A sz\u00e1mokban teh\u00e1t itt mutatkozik meg \u00a0a legnagyobb visszaes\u00e9s: b\u00e1r a j\u00e1t\u00e9k az el\u0151z\u0151 \u00e9vadhoz k\u00e9pest nem v\u00e1ltozott drasztikusan, m\u00e9gis sokkal rosszabbul m\u0171k\u00f6dik. De vajon mi\u00e9rt?\r\n\r\n<span class=\"highlight-block\">A csapat els\u0151 s\u00falyos probl\u00e9m\u00e1ja a nyom\u00e1s alatti \u00e9p\u00edtkez\u00e9s. <\/span>\r\n\r\nB\u00e1r Erik ten Hag j\u00e1t\u00e9kelk\u00e9pzel\u00e9s\u00e9b\u0151l m\u00e1r az amszterdami id\u0151szakban is a r\u00f6vid passzos futball volt a legismertebb, nem szabad elfelejteni: olykor az akkori csapata is megny\u00fajtotta a p\u00e1ly\u00e1t, hogy Onana fel\u00edvel\u00e9se ut\u00e1n az egym\u00e1shoz k\u00f6zel helyezked\u0151 t\u00e1mad\u00f3k \u00f6sszeszedhess\u00e9k a fel\u00edvelt labd\u00e1t. Neh\u00e9z megmondani, hogy ez mennyire volt sz\u00e1nd\u00e9kos, ugyanis a labdabirtokl\u00e1s kezdet\u00e9n a bels\u0151 v\u00e9d\u0151k hajlamosak voltak elszakadni a csapat t\u00f6bbi r\u00e9sz\u00e9t\u0151l. Most a Unitedben ez m\u00e9g ink\u00e1bb l\u00e1tszik: a k\u00f6z\u00e9ph\u00e1tv\u00e9dek gyakran nem tudnak m\u00e9lys\u00e9gben id\u0151ben visszal\u00e9pni, hogy a kapust passzopci\u00f3kkal seg\u00edts\u00e9k. A k\u00e9t sz\u00e9ls\u0151 v\u00e9d\u0151, <strong>Diogo Dalot<\/strong> \u00e9s a s\u00e9r\u00fcl\u00e9sek miatt odavez\u00e9nyelt <strong>Victor Lindel\u00f6f<\/strong> gyakran befel\u00e9 mozog, ami miatt mindketten megj\u00e1tszhatatlanok a t\u00e1mad\u00e1s\u00e9p\u00edt\u00e9s els\u0151 f\u00e1zis\u00e1ban. A Manchester City elleni meccsk\u00e9pek ezt t\u00f6k\u00e9letesen megmutatj\u00e1k, de kisebb csapatok, p\u00e9ld\u00e1ul a Sheffield United ellen is hasonl\u00f3 probl\u00e9m\u00e1i voltak a t\u00e1rsas\u00e1gnak. Az egyetlen megold\u00e1s ezekben a szitu\u00e1ci\u00f3kban sokszor a fel\u00edvel\u00e9s marad, nem tudnak gyors, direkt kombin\u00e1ci\u00f3kkal a let\u00e1mad\u00f3 v\u00e9delem m\u00f6g\u00e9 ker\u00fclni, ami elengedhetetlen lenne az edz\u0151 \u00e1ltal v\u00edzion\u00e1lt direktebb j\u00e1t\u00e9khoz. A fel\u00edvelt labd\u00e1k ut\u00e1ni helyzeteket sem uralja a United el\u00e9gg\u00e9 ahhoz, hogy abb\u00f3l vesz\u00e9lyes \u00e1tt\u00f6r\u00e9seket tudjon vezetni. A labdakihozatal impotenci\u00e1j\u00e1t mutatja, hogy a csapatb\u00f3l a legmagasabb xGBuildup mutat\u00f3ja (azon t\u00e1mad\u00e1sok xG-\u00e9rt\u00e9k\u00e9nek \u00f6sszege, amelyben a j\u00e1t\u00e9kos l\u00f6v\u00e9s vagy kulcspassz n\u00e9lk\u00fcl vesz r\u00e9szt) messze <strong>Bruno Fernandesnek<\/strong> van (3.66). Fontos, hogy \u00e9szrevegy\u00fck: Fernandes \u00e1ltal\u00e1ban a 4-2-3-1-es fel\u00e1ll\u00e1s el\u00fcls\u0151 posztjain, t\u00edzesk\u00e9nt, vagy valamelyik sz\u00e9lr\u0151l befel\u00e9 mozogva j\u00e1tszik, a labdakihozatalokhoz teh\u00e1t elvileg nem kimondottan neki kellene visszal\u00e9pnie. B\u00e1r eddig is megszokhattuk t\u0151le, hogy nagyon szabadon futballozik, ezzel szerkezetileg valamennyire m\u00e9gis megbontja a csapatot. Ha az xGbuildup mutat\u00f3ba a kulcspasszokat \u00e9s a l\u00f6v\u00e9seket is belesz\u00e1m\u00edtjuk (xGChain), abban is a portug\u00e1l a leger\u0151sebb (6.77). Az, hogy a csapat ennyire \u00e9p\u00edt az \u0151 szabad j\u00e1t\u00e9k\u00e1ra, k\u00eds\u00e9rtetiesen eml\u00e9keztet a Solskajer-\u00e9ra probl\u00e9m\u00e1ira.\r\n<div class=\"payable-content-section\"><\/div>\r\n<img class=\"alignnone size-full wp-image-10738\" src=\"https:\/\/sport24.24.hu\/app\/uploads\/sites\/24\/2023\/11\/united1.png\" alt=\"\" width=\"1024\" height=\"576\" \/>\r\n\r\n<img class=\"alignnone size-full wp-image-10739\" src=\"https:\/\/sport24.24.hu\/app\/uploads\/sites\/24\/2023\/11\/united2.png\" alt=\"\" width=\"1024\" height=\"576\" \/>\r\n\r\n<em>Labdakihozatal a Manchester City ellen. A labda Onan\u00e1n\u00e1l, Lindel\u00f6f azonban t\u00fal k\u00f6zel, \u00edgy Grealish nyugodtan a m\u00e1sik ir\u00e1nyba terelheti. A m\u00e1sik k\u00f6z\u00e9ph\u00e1tv\u00e9d, Evans teljesen az oldalvonal mellett, Lindel\u00f6fnek pedig visszafel\u00e9 kell mozognia. A City k\u00f6nnyed\u00e9n oldalra szor\u00edtja a Unitedet, kisz\u00e1m\u00edthat\u00f3 fel\u00edvel\u00e9s a jelenet v\u00e9ge.<\/em>\r\n\r\nA United teh\u00e1t direkt j\u00e1t\u00e9kb\u00f3l nemigen tud vesz\u00e9lyeztetni, de a helyzet fel\u00e1llt fal ellen, bet\u00f6m\u00f6r\u00fcl\u0151 ellenfelekkel szemben sem sokkal biztat\u00f3bb. A United az ellenf\u00e9lt\u0151l \u00e9s a rendelkez\u00e9sre \u00e1ll\u00f3 j\u00e1t\u00e9koskerett\u0151l f\u00fcgg\u0151en t\u00f6bbf\u00e9le szerkezetet is haszn\u00e1l ezekben a szitu\u00e1ci\u00f3kban. Gyakran megfigyelhetj\u00fck, hogy a k\u00e9t v\u00e9dekez\u0151 k\u00f6z\u00e9pp\u00e1ly\u00e1s egyike \u2013 \u00e1ltal\u00e1ban <strong>Casemiro<\/strong> \u2013 visszal\u00e9p a k\u00e9t bels\u0151 v\u00e9d\u0151 vonal\u00e1ba, mik\u00f6zben a k\u00e9t sz\u00e9ls\u0151h\u00e1tv\u00e9d feljebb h\u00faz\u00f3dik, ak\u00e1rcsak Ten Hag amszterdami id\u0151szak\u00e1ban. Olyan is el\u0151fordul, hogy a k\u00e9t bels\u0151 v\u00e9d\u0151 egyed\u00fcl marad, Dalot \u00e9s balh\u00e1tv\u00e9d t\u00e1rsa pedig befel\u00e9 h\u00faz\u00f3dik, ilyenkor ink\u00e1bb a sz\u00e9ls\u0151k adj\u00e1k a sz\u00e9less\u00e9get.\r\n\r\n<span class=\"highlight-block\">A labda j\u00e1rat\u00e1sa azonban szinte minden szerkezetben lass\u00fa, <\/span>\r\n\r\na k\u00f6z\u00e9ph\u00e1tv\u00e9deknek sokat kell v\u00e1rniuk a labda megj\u00e1tsz\u00e1s\u00e1val; gyakran l\u00e1tszik, hogy a t\u00e1rsak k\u00f6z\u00fcl mindenki mozg\u00e1sban van, de senki sem \u00e9rkezik meg a megfelel\u0151 poz\u00edci\u00f3kba. Ez\u00e9rt a United t\u00f6bbsz\u00f6r hossz\u00fa keresztlabd\u00e1kkal, a sz\u00e9len igyekszik bead\u00f3 poz\u00edci\u00f3ba ker\u00fclni. \u00c1m a vesz\u00e9lyes \u00e1tt\u00f6r\u00e9sekhez sokszor hi\u00e1nyoznak a j\u00f3l \u00fctemezett befut\u00e1sok. Bruno Fernandes \u2013 akinek ezekb\u0151l a legt\u00f6bbet kellene v\u00e9grehajtania \u2013 rendre az\u00e9rt nem \u00e9r fel a megfelel\u0151 \u00fctemben, mert jobb h\u00edj\u00e1n szabad emberk\u00e9nt neki kell seg\u00edtenie a labda j\u00e1rat\u00e1s\u00e1t. Gyakran megfigyelhetj\u00fck azt is, hogy az el\u00f6l helyezked\u0151 t\u00e1mad\u00f3k ugyan t\u00falt\u00f6ltik a labda oldal\u00e1t, m\u00e9gsem megj\u00e1tszhat\u00f3k a vonalak k\u00f6z\u00f6tt, mert a kapunak h\u00e1ttal, gyakran az ellenf\u00e9l v\u00e9d\u0151ihez k\u00f6zel helyezkednek. L\u00e1tsz\u00f3lag nincs megbesz\u00e9lve, kinek kellene visszal\u00e9pnie a vonalak k\u00f6z\u00e9 \u00e9s kinek kellene elvinnie a v\u00e9d\u0151ket, ami dinamiz\u00e1lhatn\u00e1 ezeket a szitu\u00e1ci\u00f3kat. \u00cdgy sem els\u0151 sz\u00e1nd\u00e9kb\u00f3l, sem visszat\u00e1mad\u00e1sb\u00f3l nem tudnak el\u00e9g helyzetet kialak\u00edtani.\r\n\r\n<img class=\"alignnone size-full wp-image-10740\" src=\"https:\/\/sport24.24.hu\/app\/uploads\/sites\/24\/2023\/11\/united8.png\" alt=\"\" width=\"854\" height=\"480\" \/>\r\n\r\n<img class=\"alignnone size-full wp-image-10741\" src=\"https:\/\/sport24.24.hu\/app\/uploads\/sites\/24\/2023\/11\/united9.png\" alt=\"\" width=\"854\" height=\"480\" \/>\r\n\r\n<em>Labdabirtokl\u00e1s a K\u00f6benhavn ellen. A United j\u00f3l kivehet\u0151 3-1-6-os szerkezetben j\u00e1ratja a labd\u00e1t, de sz\u00e9lt\u00e9ben \u00e9s hossz\u00e1ban is t\u00fal nagy a t\u00e1vols\u00e1g a j\u00e1t\u00e9kosok k\u00f6z\u00f6tt. A keresztlabda ut\u00e1n jobb h\u00edj\u00e1n Rashford pr\u00f3b\u00e1l befel\u00e9 cselezve l\u00f6v\u0151helyzetet kialak\u00edtani, csakhogy az ellenf\u00e9l is ezt a ter\u00fcletet \u0151rzi a legjobban.<\/em>\r\n\r\n<img class=\"alignnone size-full wp-image-10742\" src=\"https:\/\/sport24.24.hu\/app\/uploads\/sites\/24\/2023\/11\/united10.png\" alt=\"\" width=\"1024\" height=\"576\" \/>\r\n\r\n<img class=\"alignnone size-full wp-image-10743\" src=\"https:\/\/sport24.24.hu\/app\/uploads\/sites\/24\/2023\/11\/united11.png\" alt=\"\" width=\"1024\" height=\"576\" \/>\r\n\r\n<em>Egy sikeres labdabirtokl\u00e1si jelenet a Fulham ellen. A k\u00e9t sz\u00e9ls\u0151 v\u00e9d\u0151 befel\u00e9 mozog, Evans McTominay-hez passzol. \u0150 a balsz\u00e9ls\u0151 Garnach\u00f3hoz forgat, Fernandes indul be a folyos\u00f3ba. A visszagur\u00edt\u00e1s is j\u00f3 \u00f6tlet, \u00e1m a v\u00e9d\u0151 lef\u00fcleli.<\/em>\r\n\r\nAz el\u00e9gtelen t\u00e1mad\u00f3j\u00e1t\u00e9k azonban nem az egyetlen probl\u00e9ma Manchester v\u00f6r\u00f6s fel\u00e9n. Erik Ten Hag rugalmas, egy\u00e9nk\u00f6zpont\u00fa t\u00e1mad\u00f3j\u00e1t\u00e9k\u00e1hoz Amszterdamban emberfog\u00e1sra \u00e9p\u00fcl\u0151, szint\u00e9n egy\u00e9nk\u00f6zpont\u00fa let\u00e1mad\u00e1s duk\u00e1lt, ami lehet\u0151v\u00e9 tette a labda min\u00e9l el\u0151bbi megszerz\u00e9s\u00e9t. Az idei United azonban 12.38-as PPDA-mutat\u00f3j\u00e1val (az ellenf\u00e9lnek enged\u00e9lyezett passzok a saj\u00e1t t\u00e9rfel\u00e9n) mind\u00f6ssze tizedik a mez\u0151nyben, vagyis nem tartozik a legagressz\u00edvabban let\u00e1mad\u00f3 egy\u00fcttesek k\u00f6z\u00e9. Ez az el\u0151z\u0151 \u00e9vadban sem volt m\u00e1sk\u00e9pp, az akkori 11.52-es \u00e9rt\u00e9k a kilencedik volt a mez\u0151nyben. A kev\u00e9sb\u00e9 agressz\u00edv let\u00e1mad\u00e1s miatt a United kevesebb labd\u00e1t szerez az ellenf\u00e9l t\u00e9rfel\u00e9n, \u00edgy ezekb\u0151l a szitu\u00e1ci\u00f3kb\u00f3l sem tud direkt t\u00e1mad\u00e1sokat vezetni. M\u00e9g nagyobb probl\u00e9ma, hogy a sebezhet\u0151 let\u00e1mad\u00e1st \u00e1tj\u00e1tszva az ellenfelek sokszor lend\u00fcletb\u0151l vezethetik a labd\u00e1t a v\u00e9delemre, \u00edgy h\u00e1tul a sok emberfog\u00e1s miatt az indokoltn\u00e1l gyakran nagyobb ter\u00fclet ny\u00edlik. Ami az engedett helyzetek min\u0151s\u00e9g\u00e9t illeti, 19.36 xGA-val a United v\u00e9dekez\u00e9se jelenleg mind\u00f6ssze a tizennegyedik (!) legjobb a PL-ben, mik\u00f6zben legut\u00f3bb az \u00f6t\u00f6dik legkevesebb helyzetet engedt\u00e9k az ellenfeleknek. A let\u00e1mad\u00e1s gyenges\u00e9geire t\u00f6k\u00e9letesen r\u00e1mutatott a City elleni m\u00e9rk\u0151z\u00e9s, amelyen Guardiola csapata gond n\u00e9lk\u00fcl kicsalogatta \u00e9s beszor\u00edtotta \u0151ket.\r\n\r\n<img class=\"alignnone size-full wp-image-10744\" src=\"https:\/\/sport24.24.hu\/app\/uploads\/sites\/24\/2023\/11\/united3.png\" alt=\"\" width=\"1024\" height=\"576\" \/>\r\n\r\n<em>A m\u00e1sodik City-g\u00f3l t\u00f6rt\u00e9net\u00e9nek kezdete. Ederson a visszal\u00e9p\u0151 Fodenhez emeli ki a labd\u00e1t, akivel a balh\u00e1tv\u00e9d Lindel\u00f6f magasan fell\u00e9p az ellenf\u00e9l t\u00e9rfel\u00e9re. \u0150 Walkeren kereszt\u00fcl a felmozg\u00f3 Rodrit hozza j\u00e1t\u00e9kba. A City visszal\u00e9p\u00e9sei miatt a United emberfog\u00e1sos v\u00e9dekez\u00e9se sz\u00e9tcs\u00faszik, Rodri hatalmas ter\u00fcletben viheti fel a labd\u00e1t.<\/em>\r\n\r\n<img class=\"alignnone size-full wp-image-10745\" src=\"https:\/\/sport24.24.hu\/app\/uploads\/sites\/24\/2023\/11\/united4.png\" alt=\"\" width=\"1024\" height=\"576\" \/>\r\n\r\n<em>A folytat\u00e1s. A k\u00e9t fell\u00e9p\u0151 sz\u00e9ls\u0151h\u00e1tv\u00e9d nem \u00e9r vissza, mik\u00f6zben a k\u00e9t v\u00e9dekez\u0151 k\u00f6z\u00e9pp\u00e1ly\u00e1snak is visszafel\u00e9 kell futnia. Dalot fennragad, \u00edgy Fernandeznek kell jobbh\u00e1tv\u00e9dbe v\u00e1ltania. Alvarez \u00edgy Grealish ir\u00e1ny\u00e1ba forgat, aki temp\u00f3el\u0151nyben \u00e9s min\u0151s\u00e9gi el\u0151nyben van.<\/em>\r\n\r\n<img class=\"alignnone size-full wp-image-10746\" src=\"https:\/\/sport24.24.hu\/app\/uploads\/sites\/24\/2023\/11\/united5.png\" alt=\"\" width=\"1024\" height=\"576\" \/>\r\n\r\n<em>A befejez\u00e9s. Silva m\u00f6g\u00e9 ker\u00fcl Grealish-nek, minek nyom\u00e1n kett\u0151 az egyben kij\u00e1tssz\u00e1k Fernandest. Figyelj\u00fck meg, hogy Dalot csak most \u00e9r vissza Fernandes eredeti hely\u00e9re. Az emberfog\u00f3 v\u00e9delem teljesen a labda oldal\u00e1ra koncentr\u00e1l, \u00edgy a vak oldalon \u00e9rkez\u0151 Haaland teljesen szabadon fejelhet a kapuba.<\/em>\r\n\r\n<img class=\"alignnone size-full wp-image-10752\" src=\"https:\/\/sport24.24.hu\/app\/uploads\/sites\/24\/2023\/11\/united66-1.png\" alt=\"\" width=\"1024\" height=\"576\" \/>\r\n\r\n&nbsp;\r\n\r\n<em>V\u00e9dekez\u00e9s a k\u00f6z\u00e9ps\u0151 blokkban: Walker labdavezet\u00e9ssel mag\u00e1ra h\u00fazza a n\u00e9gy t\u00e1mad\u00f3t, majd a m\u00e9lys\u00e9gb\u0151l \u00e9rkez\u0151 Rodrihoz passzol. Ek\u00f6zben Stones az egyik, Bernardo Silva a m\u00e1sik v\u00e9dekez\u0151 k\u00f6z\u00e9pp\u00e1ly\u00e1st mozgatja ki.<\/em>\r\n\r\n\u00d6sszes\u00e9g\u00e9ben teh\u00e1t a Manchester Unitednek a j\u00e1t\u00e9k minden f\u00e1zis\u00e1ban nagy probl\u00e9m\u00e1i vannak. B\u00e1r elmond\u00e1sa szerint Ten Hag valamivel direktebb j\u00e1t\u00e9kot szeretne l\u00e1tni, a l\u00e1tottak alapj\u00e1n m\u00e9gis neh\u00e9z megmondani, hogy csapata mivel szeretne igaz\u00e1n vesz\u00e9lyes lenni, milyen harcmodorral a leger\u0151sebb. Noha a Unitedet az ut\u00f3bbi hetekben val\u00f3ban jelent\u0151s s\u00e9r\u00fcl\u00e9shull\u00e1m s\u00fajtja, ez nem lehet elegend\u0151 kifog\u00e1s. S\u00e9r\u00fcl\u00e9sek ugyanis az \u00e9lcsapatokn\u00e1l (p\u00e9ld\u00e1ul az Arsenaln\u00e1l \u00e9s a Cityn\u00e9l) is el\u0151fordultak, az \u0151 teljes\u00edtm\u00e9ny\u00fck m\u00e9gsem esett vissza ilyen m\u00e9rt\u00e9kben az el\u0151z\u0151 \u00e9vadhoz k\u00e9pest. M\u00e1sr\u00e9szt: Ten Hag majdnem m\u00e1sf\u00e9l szezont \u00e9s rengeteg j\u00e1t\u00e9kost kapott az elk\u00e9pzel\u00e9sei megval\u00f3s\u00edt\u00e1s\u00e1hoz; mindezek m\u00e9gsem t\u0171nnek egy j\u00f3l m\u0171k\u00f6d\u0151 rendszer helyettes\u00edthet\u0151 fogaskerekeinek. Sokan pedzegetik, vajon inog-e a kispad a holland edz\u0151 alatt, \u00e1m az \u0151 esetleges kir\u00fag\u00e1s\u00e1val \u00fajabb \u00e1tmeneti id\u0151szak k\u00f6vetkezne, \u00e9s a csapat m\u00e9g azt a hossz\u00fa t\u00e1v\u00fa identit\u00e1s\u00e1t is elvesz\u00edten\u00e9, amennyit a Ten Hag-f\u00e9le futball elemeib\u0151l legut\u00f3bb legal\u00e1bb cs\u00edr\u00e1iban l\u00e1thattunk. Egy j\u00f3l m\u0171k\u00f6d\u0151 klubstrukt\u00fara \u00e9s egy sportigazgat\u00f3 nyilv\u00e1nval\u00f3an j\u00f3t tenne a klubnak,\r\n\r\n<span class=\"highlight-block\"> a jelenlegi kr\u00edzisb\u0151l r\u00f6vid t\u00e1von azonban csak maga Ten Hag r\u00e1ngathatja ki a csapatot.<\/span>\r\n\r\nAlighanem ez a feladat lesz az \u0151 igazi fokm\u00e9r\u0151je.\r\n\r\n[prefabricated_shortcode in_app=\"0\" code=\"%3Cdiv%20class%3D%22article_box_border%22%20style%3D%22background%3A%20url%28%27https%3A%2F%2F24.p3k.hu%2Fapp%2Fuploads%2Fsites%2F24%2F2021%2F05%2Fsport24-pattern.png%27%29%20no-repeat%20left%20-16px%20%23f3f3f4%3B%20border%3A%20none%3B%22%3E%0D%0A%3Cdiv%20class%3D%22article_solidheader%22%3E%0D%0A%3Ch2%20style%3D%22color%3A%20%23111115%21important%3B%20font-size%3A%2036px%3B%20font-weight%3A%20bold%3B%20margin-bottom%3A%2030px%3B%20margin-top%3A%2020px%3B%20text-align%3A%20center%3B%20line-height%3A%2036px%3B%22%3E%3Cimg%20class%3D%22aligncenter%20size-full%20wp-image-141%22%20src%3D%22https%3A%2F%2F24.p3k.hu%2Fapp%2Fuploads%2Fsites%2F24%2F2021%2F05%2Fs24-logo-dt.png%22%20alt%3D%22%22%20width%3D%22408%22%20height%3D%2290%22%20%2F%3E%3C%2Fh2%3E%0D%0A%3Ch2%20style%3D%22color%3A%20%23111115%21important%3B%20font-size%3A%2036px%3B%20font-weight%3A%20bold%3B%20margin-bottom%3A%2030px%3B%20margin-top%3A%2020px%3B%20text-align%3A%20center%3B%20line-height%3A%2040px%3B%22%3ECsatlakozz%20a%20Sport24%20k%C3%B6z%C3%B6ss%C3%A9ghez%2C%20mondd%20el%20v%C3%A9lem%C3%A9nyedet%20z%C3%A1rt%20Facebook-csoportunkban%2C%20%C3%A9s%20vegy%C3%A9l%20r%C3%A9szt%20csak%20el%C5%91fizet%C5%91knek%20el%C3%A9rhet%C5%91%20exkluz%C3%ADv%20esem%C3%A9nyeinken.%3C%2Fh2%3E%0D%0A%3C%2Fdiv%3E%0D%0A%3Cp%20style%3D%22background%3A%20%2357A600%3B%20margin-top%3A%2020px%3B%20padding%3A%2020px%3B%20text-align%3A%20center%3B%22%3E%3Ca%20style%3D%22color%3A%20%23ffffff%3B%20font-size%3A%2026px%3B%20font-weight%3A%20600%3B%22%20href%3D%22https%3A%2F%2Fwww.facebook.com%2Fgroups%2F212344460412327%22%3ECSATLAKOZOM%3C%2Fa%3E%3C%2Fp%3E%0D%0A%0D%0A%3C%2Fdiv%3E\"]","type":"rich","thumbnail_url":"https:\/\/s.24.hu\/app\/uploads\/sites\/24\/2023\/11\/000_33zv7kb-150x150.jpg","thumbnail_width":150,"thumbnail_height":150}