{"version":"1.0","provider_name":"Sport24","provider_url":"https:\/\/sport24.24.hu","author_name":"Fut\u00f3 Csaba","author_url":"https:\/\/sport24.24.hu\/author\/futocs\/","title":"T\u00f6rt\u00e9nelmi v\u00e1ls\u00e1gban fuldokol az Ajax, a kies\u00e9s k\u00eds\u00e9rtete is megjelent","html":"<span class=\"highlight-block-small\">A kies\u00e9s k\u00eds\u00e9rtete ijesztgeti az Ajaxot.<\/span>\r\n\r\nLegal\u00e1bbis egy szellemes PSV-szurkol\u00f3 \u00edgy gondolja: a k\u00eds\u00e9rtetjelmezbe \u00f6lt\u00f6z\u00f6tt drukker az eindhoveniek Ajax elleni cs\u00facsrangad\u00f3j\u00e1n (5\u20132, az id\u00e9nyben l\u00e1tottak alapj\u00e1n pap\u00edrforma-eredm\u00e9ny, ink\u00e1bb az volt a meglep\u0151, hogy az amszterdamiak a f\u00e9lid\u0151ben m\u00e9g vezettek) szaladg\u00e1lt a stadion lel\u00e1t\u00f3in, nagy der\u00fclts\u00e9get keltve a hazai szurkol\u00f3k k\u00f6r\u00e9ben.\r\n\r\nAz Ajax-drukkerek arc\u00e1n kev\u00e9sb\u00e9 lehetett \u0151szinte a mosoly.\r\n\r\nhttps:\/\/twitter.com\/thomasvanschaik\/status\/1718649208947769455\r\n\r\nA holland rekordbajnok sosem l\u00e1tott kr\u00edzisben van. A 36-szoros arany\u00e9rmes \u2013 a bajnoks\u00e1gok t\u00f6bb mint negyed\u00e9t az amszterdami klub nyerte meg \u2013, h\u00faszszoros kupagy\u0151ztes, n\u00e9gyszeres BEK\/BL-gy\u0151ztes klub eg\u00e9szen \u00e9rtelmezhetetlen\u00fcl szerepel, sereghajt\u00f3 a bajnoks\u00e1gban, m\u00e9rlege 1\u20132\u20135. Ebben az id\u00e9nyben b\u0151ven van t\u00e9m\u00e1ul szolg\u00e1l\u00f3 m\u00e9lyrep\u00fcl\u00e9ssztori az eur\u00f3pai futballban. <a href=\"https:\/\/sport24.24.hu\/foci\/2023\/10\/29\/a-lyon-valsaganak-okai-jean-michel-aulas-juninho-penambucano-john-textor\/\">Az Olympique Lyon k\u00e1lv\u00e1ri\u00e1j\u00e1r\u00f3l<\/a> m\u00e1r \u00edrtunk, az elm\u00falt \u00e9vekben fantasztikusan szerepl\u0151 Union Berlin egym\u00e1s ut\u00e1n t\u00edz veres\u00e9get szenvedett el, de <a href=\"https:\/\/rangado.24.hu\/nemzetkozi_foci\/2023\/09\/26\/holland-foci-ajax-amsterdam-valsaga\/\">az Ajax d\u00f6bbenetes id\u00e9nykezdete<\/a> t\u00e1n minden m\u00e1st alulm\u00fal. M\u00e1r csak a t\u00f6rt\u00e9nelem ok\u00e1n is.\r\n\r\nEgy adattal k\u00f6nnyen megvil\u00e1g\u00edthat\u00f3, hogy mi\u00e9rt sz\u00e1m\u00edt historikus gyal\u00e1zatnak, amit az Ajax ebben az id\u00e9nyben m\u0171vel. Az Ajax m\u00e1r \u00f6t bajnoki zak\u00f3n\u00e1l tart ebben az id\u00e9nyben.\r\n\r\n<span class=\"highlight-block-small\">A m\u00e1sodik vil\u00e1gh\u00e1bor\u00fa \u00f3ta 49 (!) olyan szezon volt, amelyben az amszterdami topklub az eg\u00e9sz bajnoks\u00e1g alatt \u00f6t vagy kevesebb veres\u00e9get szenvedett el.<\/span>\r\n\r\nA profi Eredivisie 1956 \u00f3ta \u00edr\u00f3d\u00f3 t\u00f6rt\u00e9net\u00e9ben az Ajaxnak csup\u00e1n egyszer volt negat\u00edv m\u00e9rlege (1964\/65), ez egyben a legrosszabb bajnoki helyez\u00e9st (13.) eredm\u00e9nyezte. Az akkori horrorid\u00e9ny az\u00f3ta is viszony\u00edt\u00e1si pont, de ahogy a Voetbal International \u00edrta: 2023 az \u00faj 1964. Az Ajax sorban d\u00f6nt\u00f6geti a negat\u00edv rekordokat (nyeretlens\u00e9gi sorozat, legrosszabb helyez\u00e9s bajnoki id\u00e9ny k\u00f6zben, legrosszabb id\u00e9nykezdet), olyannyira, hogy \u2013 mint l\u00e1ttuk \u2013 m\u00e9g a kies\u00e9s k\u00eds\u00e9rtet\u00e9t is felriasztotta. Persze igen val\u00f3sz\u00edn\u0171tlen, hogy az Ajax kiessen, de az biztos, a mostani szerepl\u00e9s t\u00e9nyleg \u00e9rtelmezhetetlen.\r\n\r\nhttps:\/\/www.youtube.com\/watch?v=fMS3I7ooNPY\r\n\r\n<strong>B\u00e9rczes Tibor<\/strong> <em>A holland foci<\/em> c\u00edm\u0171 k\u00f6nyv\u00e9ben remek portr\u00e9t rajzol a tradicion\u00e1lisan k\u00f6z\u00e9poszt\u00e1lybeli, kozmopolita, \u201em\u0171v\u00e9szi hajlam\u00fa\u201d, saj\u00e1t nagyv\u00e1ros\u00e1ban \u2013 a kisebb, de sz\u00e1mottev\u0151 helyi riv\u00e1lissal b\u00edr\u00f3 Feyenoorddal (Sparta Rotterdam) vagy PSV-vel (FC Eindhoven) ellent\u00e9tben \u2013 tot\u00e1lis egyeduralkod\u00f3 klubr\u00f3l, melyet titkon b\u00e1mulnak \u00e9s ny\u00edltan h\u0151n ut\u00e1lnak a riv\u00e1lisok. A vet\u00e9lyt\u00e1rsak szemsz\u00f6g\u00e9b\u0151l n\u00e9zve az Ajax olyasmi, mint N\u00e9metorsz\u00e1gban a Bayern M\u00fcnchen: t\u00fal sikeres, t\u00fal gazdag \u00e9s t\u00fal arrog\u00e1ns.\r\n\r\nAz Ajax \u00e9s a holland futball k\u00e9z a k\u00e9zben emelkedett fel. Az amszterdami klub volt az els\u0151 holland BEK-d\u00f6nt\u0151s (viszont a Feyenoord az els\u0151 BEK-gy\u0151ztes), az egyetlen holland BL-gy\u0151ztes, a kontinent\u00e1lis- \u00e9s vil\u00e1gporondon legeredm\u00e9nyesebb holland klub. B\u00e1r a Bosman-szab\u00e1ly \u00e9s a <strong>Louis van Gaal<\/strong> f\u00e9le aranycsapat sz\u00e9tszed\u00e9se \u00f3ta az Ajax nem tud igaz\u00e1n hatalmi t\u00e9nyez\u0151 lenni Eur\u00f3p\u00e1ban (lesz\u00e1m\u00edtva az <strong>Erik ten Hag<\/strong> vezet\u00e9s\u00e9vel bemutatott csod\u00e1latos, BL-el\u0151d\u00f6nt\u0151ig tart\u00f3 menetel\u00e9st), Hollandi\u00e1ban \u0151rzi rangels\u0151 poz\u00edci\u00f3j\u00e1t. \u00c9s b\u00e1r minden \u00e9vtizedben j\u00f6n egy kr\u00edzis \u2013 nem ritk\u00e1n belvillong\u00e1ssal egy\u00fctt \u2013, abb\u00f3l rendre siker\u00fcl visszapattanni.\r\n\r\nA mostani m\u00e9lyrep\u00fcl\u00e9s kimondottan v\u00e1ratlan. Az Ajax 2018\/19 \u00e9s 2021\/22 k\u00f6z\u00f6tt nem adta \u00e1t az els\u0151 helyet (a koronav\u00edrus-vil\u00e1gj\u00e1rv\u00e1ny miatt f\u00e9lbeszak\u00edtott bajnoks\u00e1gban is az els\u0151 helyen \u00e1llt, de nem kapta meg a bajnoki c\u00edmet), \u00e9s a legut\u00f3bbi, 2022\/23-as id\u00e9nyben ugyan \u201ecsak\u201d bronz\u00e9rmes lett, de h\u00e1t az ilyen ingadoz\u00e1sok m\u00e9g Amszterdamban is belef\u00e9rnek. Az el\u0151z\u0151 \u00e9vi csapat \u00f6t veres\u00e9get szenvedett el a 34 m\u00e9rk\u0151z\u00e9ses bajnoks\u00e1gban, annyit, mint a mostani az els\u0151 nyolc fordul\u00f3ban. Az Ajax b\u00e9kaperspekt\u00edv\u00e1b\u00f3l n\u00e9zi a tabell\u00e1t, \u0151si riv\u00e1lisai k\u00f6z\u00fcl a PSV 25, a Feyenoord 18 ponttal van el\u0151tte.\r\n\r\n<span class=\"highlight-block-small\">Ez \u2013 a kifejez\u00e9s refr\u00e9nk\u00e9nt t\u00e9r vissza \u2013 egyszerre sz\u00e9gyenletes \u00e9s \u00e9rtelmezhetetlen.<\/span>\r\n<div class=\"payable-content-section\"><\/div>\r\nHa az \u00f6sszeoml\u00e1s m\u00f6g\u00f6tt \u00e1ll\u00f3 okokr\u00f3l k\u00e9rdez\u00fcnk holland Ajax-drukkereket, alighanem a legt\u00f6bben 2022-re mutatnak vissza: ekkor k\u00e9nyszer\u00fclt t\u00e1vozni a futballigazgat\u00f3k\u00e9nt remek munk\u00e1t v\u00e9gz\u0151 (\u00e1m n\u0151i koll\u00e9g\u00e1it \u00fczeneteivel zaklat\u00f3, erk\u00f6lcsileg v\u00e1llalhatatlan helyzetbe ker\u00fcl\u0151) <strong>Marc Overmars<\/strong>, majd bontott szerz\u0151d\u00e9st a Manchester United h\u00edv\u00e1s\u00e1ra igent mond\u00f3 sikeredz\u0151 Erik ten Hag. Ahogy ez el\u00e9g gyakran megt\u00f6rt\u00e9nik, a strat\u00e9giai poz\u00edci\u00f3ban lev\u0151 Overmars hagyta a nagyobb \u0171rt, de a Ten Hag helyett kinevezett <strong>Alfred Schreuder<\/strong> is csak b\u0151 f\u00e9l \u00e9vig h\u00fazta (az el\u0151z\u0151 id\u00e9nyt <strong>John Heitinga<\/strong> fejezte be a kispadon). Overmars r\u00e1ad\u00e1sul olyan rendszert hagyott maga m\u00f6g\u00f6tt, amelyet igaz\u00e1n csak \u0151 tudott m\u0171k\u00f6dtetni.\r\n<blockquote>Ahelyett, hogy rendes j\u00e1t\u00e9kosmegfigyel\u0151 \u00e9s adatb\u00e1zis-elemz\u0151 rendszert \u00e1ll\u00edtott volna fel, Overmars a munk\u00e1ja j\u00f3 r\u00e9sz\u00e9t a WhatsAppon v\u00e9gezte, felhaszn\u00e1lva j\u00e1t\u00e9kosk\u00e9nt kiv\u00edvott h\u00edrnev\u00e9t, amely megnyitotta neki az ajt\u00f3kat \u2013 \u00e1m ezek a kapcsolatok nem \u00e1lltak nyitva az Ajax, mint klub el\u0151tt<\/blockquote>\r\n\u2013 <a href=\"https:\/\/theathletic.com\/4901460\/2023\/09\/27\/ajax-crisis-mislintat\/\">\u00edrta a The Athletic<\/a> a klub kr\u00edzis\u00e9r\u0151l sz\u00f3l\u00f3 \u00f6sszefoglal\u00f3j\u00e1ban.\r\n\r\nHa ez igaz, akkor Overmars munk\u00e1j\u00e1t kv\u00e1zi csak Overmars tudn\u00e1 elv\u00e9gezni \u2013 a t\u00e1voz\u00f3 technikai igazgat\u00f3nak nem is siker\u00fclt megfelel\u0151 ut\u00f3dot tal\u00e1lni. A 2022\/23-as id\u00e9ny bronz\u00e9rme ugyan nem volt katasztrof\u00e1lis, \u00e1m a holland bajnoks\u00e1g harmadik helye nem \u00e9r Bajnokok Lig\u00e1ja-szerepl\u00e9st. \u00cdgy azt\u00e1n el\u0151\u00e1llt az a helyzet, ami az ajaxosoknak m\u00e1r vagy h\u00e1rom \u00e9vtizede ismer\u0151s: el kellett adni p\u00e1r ifj\u00fa szt\u00e1rt \u00e9s toptehets\u00e9get, hogy a klub bev\u00e9telhez jusson, \u00e9s \u00fajra tudja tervezni k\u00f6zelj\u00f6v\u0151j\u00e9t.\r\n\r\nAz \u00fajratervez\u00e9s szem\u00e9lyi v\u00e1ltoz\u00e1sokkal j\u00e1rt egy\u00fctt. Az Ajax kinevezte Overmars ut\u00f3djak\u00e9nt a j\u00e1t\u00e9kosmegfigyel\u0151k\u00e9nt \u00e9s sportigazgat\u00f3k\u00e9nt a kor\u00e1bban a Borussia Dortmundban, az Arsenaln\u00e1l \u00e9s a VfB Stuttgartnal is megfordult <strong>Sven Mislintatot<\/strong>. Mislintat nagy n\u00e9v volt, annak ellen\u00e9re, hogy a n\u00e9met futballban (els\u0151sorban a Dortmundn\u00e1l) kiv\u00edvott magas renom\u00e9j\u00e1t kicsit megingatta londoni szerepv\u00e1llal\u00e1sa. Vezet\u0151edz\u0151nek a Sparta Rotterdammal j\u00f3l szerepl\u0151 <strong>Maurice Steijn<\/strong> j\u00f6tt \u2013 egy olyan tr\u00e9ner, akinek az \u00e9gvil\u00e1gon semmi tapasztalata sem volt topklubok ir\u00e1ny\u00edt\u00e1s\u00e1ban.\r\n\r\n[caption id=\"attachment_10684\" align=\"alignnone\" width=\"1024\"]<img class=\"size-full wp-image-10684\" src=\"https:\/\/sport24.24.hu\/app\/uploads\/sites\/24\/2023\/10\/maurice-steijn.jpg\" alt=\"\" width=\"1024\" height=\"682\" \/> Maurice Steijn kinevez\u00e9se rizik\u00f3s d\u00f6nt\u00e9snek t\u0171nt, nem is v\u00e1lt be.[\/caption]\r\n\r\nEz nem felt\u00e9tlen\u00fcl probl\u00e9ma, b\u00e1r az Ajax edz\u0151i \u00e1ltal\u00e1ban vagy viszonylag nagy nevek voltak, vagy szorosan k\u00f6t\u0151dtek j\u00e1t\u00e9kos-, esetleg st\u00e1btagm\u00faltjuk miatt az amszterdami klubhoz. De h\u00e1t a k\u00f6zelm\u00falt legnagyobb sikereit el\u00e9r\u0151 Erik ten Hag pont nem ilyen volt: karrierje sor\u00e1n jobb\u00e1ra k\u00f6z\u00e9pcsapatokban szerepelt (egyszer sem volt a holland futball nagy tri\u00e1sz\u00e1nak k\u00f6tel\u00e9k\u00e9ben), edz\u0151k\u00e9nt sem volt nagyon sok tapasztalata, nagycsapatn\u00e1l meg annyi, amennyit a Bayern M\u00fcnchen m\u00e1sodik egy\u00fcttes\u00e9n\u00e9l szerzett.\r\n\r\nAz Ajaxn\u00e1l abban rem\u00e9nykedhettek, hogy Steijnb\u0151l \u00fajabb Ten Hag lesz, aki el\u0151bb sikereket arat Hollandi\u00e1ban, majd ugr\u00f3deszkak\u00e9nt haszn\u00e1lja a klubot a toplig\u00e1k ir\u00e1ny\u00e1ba, de ehelyett az der\u00fclt ki, hogy t\u00fal nagy falat neki az orsz\u00e1g legsikeresebb klubj\u00e1nak ir\u00e1ny\u00edt\u00e1sa. Az Ajax f\u00f6rtelmesen kezdte az id\u00e9nyt. El\u0151bb Mislintat rep\u00fclt: hivatalosan a pocs\u00e9k id\u00e9nyrajt (bele\u00e9rtve az \u00e1tigazol\u00e1sokat) \u00e9s a klubn\u00e1l uralkod\u00f3 \u201enyugtalans\u00e1g\u201d volt a meneszt\u00e9s oka. Hozz\u00e1j\u00e1rulhatott a d\u00f6nt\u00e9shez az is, hogy Mislintat egyik igazol\u00e1s\u00e1n\u00e1l (<strong>Borna Sosa<\/strong> szerz\u0151dtet\u00e9s\u00e9n\u00e9l) felvet\u0151d\u00f6tt az \u00e9rdek\u00fctk\u00f6z\u00e9s a sportigazgat\u00f3i tiszts\u00e9g \u00e9s az \u00fczlet ny\u00e9lbe \u00fct\u00e9s\u00e9n\u00e9l seg\u00e9dkez\u0151 scoutingiroda k\u00f6z\u00f6tt (ut\u00f3bbi \u00e1ll\u00edt\u00f3lag \u00fczleti-r\u00e9sztulajdonosi \u00f6sszefon\u00f3d\u00e1sban lehetett Mislintattal), \u00e9s az Ajax ez\u00e9rt vizsg\u00e1latot rendelt el. A klub tagadta, hogy a vizsg\u00e1latnak lett volna k\u00f6ze a vezet\u0151 meneszt\u00e9s\u00e9hez. Ekkor m\u00e1r Mislintat \u00e9s Steijn sem volt j\u00f3ban, s\u0151t: \u00e1ll\u00edt\u00f3lag az el\u0151bbi bement az \u00f6lt\u00f6z\u0151be, \u00e9s megeml\u00edtette az ut\u00f3bbi potenci\u00e1lis meneszt\u00e9s\u00e9t a j\u00e1t\u00e9kosoknak.\r\n\r\nMislintatnak kellett el\u0151bb mennie: \u0151t szeptember 25-\u00e9n r\u00fagt\u00e1k ki, <a href=\"https:\/\/rangado.24.hu\/nemzetkozi_foci\/2023\/10\/23\/edzovaltas-ajax-tavozott-maurice-steijn\/\">Steijn egy h\u00f3nappal sem h\u00fazta tov\u00e1bb<\/a>, okt\u00f3ber 23-\u00e1n \u2013 csup\u00e1n 11 m\u00e9rk\u0151z\u00e9s ut\u00e1n \u2013 neki is lef\u0151tt a k\u00e1v\u00e9. Az Ajax hossz\u00fa t\u00e1vra tervezett a Mislintat, Steijn du\u00f3val, de m\u00e9g november el\u0151tt kirakta mindkett\u0151t, ami biztos jele a teljes v\u00e1ls\u00e1gnak. M\u00e9g egy szinttel feljebb sincs rend \u00e9s nyugalom: az el\u0151z\u0151 id\u00e9ny v\u00e9g\u00e9n lemondott \u00fcgyvezet\u0151i poz\u00edci\u00f3j\u00e1r\u00f3l a kimer\u00fclt (\u00e9s regn\u00e1l\u00e1sa v\u00e9ge fel\u00e9 sokat kritiz\u00e1lt) kapuslegenda, <strong>Edwin van der Sar<\/strong>, aki azt\u00e1n a ny\u00e1ron agyv\u00e9rz\u00e9st kapott. Ritk\u00e1n l\u00e1that\u00f3, t\u00f6bbszint\u0171 vezet\u0151i \u00e9s szakmai kr\u00edzissel kell szemben\u00e9znie az amszterdamiaknak.\r\n<ul>\r\n \t<li>T\u00e1vozott a klubot t\u00f6k\u00e9letesen ismer\u0151 \u00fcgyvezet\u0151<\/li>\r\n \t<li>T\u00e1vozni k\u00e9nyszer\u00fclt a sikeres sportigazgat\u00f3, ut\u00f3dl\u00e1s\u00e1t el\u0151bb nem siker\u00fclt megoldani (munkak\u00f6reit \u201esz\u00e9tdobt\u00e1k\u201d t\u00f6bb ember k\u00f6z\u00f6tt), majd a ny\u00e1ron kinevezett strat\u00e9giai f\u0151n\u00f6k h\u00f3napok alatt megbukott<\/li>\r\n \t<li>Elment a sikeredz\u0151, ut\u00f3dja gyorsan megbukott, majd az \u00faj, a topklubok szintj\u00e9n teljesen rutintalan szakvezet\u0151 szint\u00e9n rossz v\u00e1laszt\u00e1snak bizonyult \u2013 2022 m\u00e1jusa \u00f3ta m\u00e1r \u00f6t edz\u0151 \u00fclt a kispadon<\/li>\r\n \t<li>Ten Hag sikercsapat\u00e1b\u00f3l eladt\u00e1k a kulcsemberek j\u00f3 r\u00e9sz\u00e9t (ehhez az Ajaxn\u00e1l hozz\u00e1 vannak szokva), p\u00f3tl\u00e1suk viszont nem igaz\u00e1n siker\u00fclt (ehhez m\u00e1r nincsenek), \u00e9s a csapat meggyeng\u00fclt<\/li>\r\n \t<li>BL-bev\u00e9telek h\u00edj\u00e1n a klub tov\u00e1bbi elad\u00e1sokra k\u00e9nyszer\u00fclt, \u00e9s az \u00faj szerzem\u00e9nyek (m\u00e9g?) nem bizony\u00edtottak<\/li>\r\n<\/ul>\r\nNincs nyugalom az ut\u00e1np\u00f3tl\u00e1sban sem: az el\u0151z\u0151 id\u00e9ny v\u00e9g\u00e9n elk\u00f6sz\u00f6nt a 2016-t\u00f3l az akad\u00e9mi\u00e1t ir\u00e1ny\u00edt\u00f3 <strong>Sa\u00efd Ouaali<\/strong>. A j\u00e1t\u00e9kosmegfigyel\u0151 r\u00e9szleget h\u00e9t \u00e9vig vezet\u0151 <strong>Henk Veldmate<\/strong> is t\u00e1vozott, ut\u00f3dja augusztusban a Manchester Cityt\u0151l, illetve a City Football Groupt\u00f3l \u00e9rkez\u0151 <strong>Kelvin de Lang<\/strong> lett. A Jong Ajax t\u00f6kutols\u00f3 a holland m\u00e1sodoszt\u00e1lyban, jelenleg a klub els\u0151 \u00e9s m\u00e1sodik csapata is sereghajt\u00f3 saj\u00e1t bajnoks\u00e1g\u00e1ban.\r\n\r\nAz Ajax folyamatosan reflektorf\u00e9nyben van, a klub k\u00f6r\u00fcl \u00e1lland\u00f3 a m\u00e9diahiszt\u00e9ria, a klubh\u00e1zon bel\u00fcl gyakori a belvillong\u00e1s, a sajt\u00f3nak sziv\u00e1rogtat\u00e1s \u00e9s a frakci\u00f3z\u00e1s (a legh\u00edrhedtebb p\u00e9ld\u00e1ja ennek az egykori Cruyff\u2013Van Gaal polg\u00e1rh\u00e1bor\u00fa).\r\n<ul>\r\n \t<li>K\u00f6zponti k\u00e9rd\u00e9s az ajaxoss\u00e1g, a k\u00edv\u00fclr\u0151l \u00e9rkez\u0151 szakemberek nem tudj\u00e1k k\u00f6nnyen elfogadtatni magukat<\/li>\r\n \t<li>M\u00e9g ink\u00e1bb k\u00f6zponti k\u00e9rd\u00e9s az eredm\u00e9nyess\u00e9g: a t\u00fcrelmi id\u0151szak minim\u00e1lis, a p\u00e1ly\u00e1n azonnal bizony\u00edtani kell, k\u00fcl\u00f6nben a k\u00f6zeg \u00e9s a fanatikus szurkol\u00f3t\u00e1bor a vezet\u0151k ellen fordulhat<\/li>\r\n<\/ul>\r\n[caption id=\"attachment_10685\" align=\"alignnone\" width=\"1024\"]<img class=\"size-full wp-image-10685\" src=\"https:\/\/sport24.24.hu\/app\/uploads\/sites\/24\/2023\/10\/ajax1.jpg\" alt=\"\" width=\"1024\" height=\"682\" \/> Vert amszterdami sereg a PSV elleni bajnoki rangad\u00f3 ut\u00e1n.[\/caption]\r\n\r\nA klubh\u00e1z \u00fcgyvezet\u0151i igazgat\u00f3i sz\u00e9k\u00e9t\u0151l a kispadig mindenhol hatalmi v\u00e1kuum alakult ki, a p\u00e1ly\u00e1n pedig tragikus teljes\u00edtm\u00e9nyt ny\u00fajtott a csapat. Az Eredivisie 2023\/24-es id\u00e9ny\u00e9ben 90 percre vet\u00edtve az Ajax kapta a legt\u00f6bb g\u00f3lt, a csapat v\u00e9dekez\u00e9se romokban hever. Ennek m\u00e1r voltak el\u0151jelei: az el\u0151z\u0151 bajnoks\u00e1gban 38 g\u00f3lt kapott az amszterdami csapat, a legt\u00f6bbet 2008\/09 \u00f3ta. Az ellenfelek \u00e1ltal kidolgozott helyzetek min\u0151s\u00e9g\u00e9t (xGA) n\u00e9zve az Ajax a negyedik legrosszabb, a \u201ekapott\u201d l\u00f6v\u00e9sek \u00e1tlag\u00e1t tekintve a hatodik legrosszabb a mez\u0151nyben. Az Opta \u00e9s a WyScout modellje is azt mutatja, hogy az Ajax a kidolgozott helyzetek min\u0151s\u00e9ge (xG) alapj\u00e1n a nyolcb\u00f3l hat bajnokij\u00e1n alulmaradt. Az Opta elemz\u0151oldala (The Analyst) <a href=\"https:\/\/theanalyst.com\/eu\/2023\/10\/what-on-earth-is-going-on-at-ajax-stats-dutch-eredivisie\/\">\u201erendk\u00edv\u00fcl treh\u00e1nynak \u00e9s t\u00fal nyitottnak\u201d nevezte<\/a> az Ajax v\u00e9dekez\u00e9s\u00e9t.\r\n\r\n<span class=\"highlight-block-small\">K\u00f6zben az Ajaxot h\u00edress\u00e9 \u00e9s naggy\u00e1 tev\u0151 t\u00e1mad\u00f3j\u00e1t\u00e9k is megb\u00e9nult: xG alapj\u00e1n a k\u00f6z\u00e9pmez\u0151nyben van a klub, nem siker\u00fcl elegend\u0151 tiszta helyzetet kidolgozni, \u00edgy a hat\u00e9konys\u00e1g sem az igazi.<\/span>\r\n\r\nPersze ez abb\u00f3l is fakad, hogy nem siker\u00fcl el\u00e9g labd\u00e1t el\u00e9g pontosan bejuttatni a t\u00e1mad\u00f3harmadba (ebben a PSV \u00e9s a Feyenoord messze az Ajax el\u0151tt j\u00e1r, de a t\u00e1mad\u00f3 szektor labd\u00e1val t\u00f6m\u00e9s\u00e9ben m\u00e9g a Twente \u00e9s a kis Almere City is megel\u0151zi az amszterdamiakat). Az \u00f6sszk\u00e9p alapj\u00e1n az\u00e9rt az Ajax \u2013 ha r\u00e1ncba szedi a v\u00e9delm\u00e9t \u2013 nem a h\u00e1ts\u00f3 r\u00e9gi\u00f3 tagj\u00e1nak \u00edg\u00e9rkezik.\r\n\r\nDe \u2013 \u00e9s ez el\u00e9g hangs\u00falyos \u201ede\u201d \u2013 ne becs\u00fclj\u00fck le a negat\u00edv spir\u00e1l ment\u00e1lis hat\u00e1sait. Minden sz\u00e9tes\u0151ben van, \u00e9s egy ekkora klubn\u00e1l m\u00e1r egyetlen, k\u00f6z\u00e9pmez\u0151nyben t\u00f6lt\u00f6tt id\u00e9ny is val\u00f3s\u00e1gos katasztr\u00f3f\u00e1nak sz\u00e1m\u00edt. Ezt m\u00e1s, hasonl\u00f3an egyoldal\u00fa bajnoks\u00e1gban is megtapasztalhatt\u00e1k a topklubok: a hollandhoz hasonl\u00f3an egy nagy tri\u00f3 uralma alatt \u00e1ll\u00f3 portug\u00e1l lig\u00e1ban a Benfica eset\u00e9ben gyal\u00e1zatnak sz\u00e1m\u00edtott egy 6. hely (2000\/01), a Port\u00f3nak t\u00f6rt\u00e9nelmi m\u00e9lypontot jelentett a 9. poz\u00edci\u00f3 (1969\/70), a Sporting CP-n\u00e9l egy 7. hely (2012\/13) van a sz\u00e9gyentabl\u00f3n. A Bundeslig\u00e1ban a Bayern M\u00fcnchen csup\u00e1n n\u00e9gyszer v\u00e9gzett 7. vagy rosszabb helyen (a negat\u00edv rekord a 12., 1977\/79-b\u00f3l). Hollandi\u00e1ban a Feyenoordnak a 11. hely (1957\/58 \u00e9s 1989\/90), a PSV-nek a 14. (1967\/68), az Ajaxnak a 13. (1964\/65) a legrosszabb teljes\u00edtm\u00e9nye. Az ilyen csapatokn\u00e1l egyszer\u0171en nincs a klub fogalomk\u00e9szlet\u00e9ben a kies\u00e9s elleni harc, az ilyesmire senki sincs felk\u00e9sz\u00fclve. Ez\u00e9rt k\u00fcl\u00f6n\u00f6sen vesz\u00e9lyes, ha egy nagy klub a vesz\u00e9lyz\u00f3n\u00e1ba sodr\u00f3dik (N\u00e9metorsz\u00e1gban az elm\u00falt \u00e9vtizedben erre j\u00f3 p\u00e1r p\u00e9lda volt): b\u00e1rmilyen magas is a preszt\u00edzs\u00fck, nincs meg az az als\u00f3h\u00e1zi rutinjuk, ami egy j\u00f3val kisebb, ing\u00e1z\u00f3 egyes\u00fcletn\u00e9l adva van. Mert egyszer\u0171en a klub nem ide tartozik.\r\n\r\nAz Ajaxn\u00e1l a klubra jellemz\u0151 m\u00f3don egy volt j\u00e1t\u00e9kosban l\u00e1tj\u00e1k az embert, aki kir\u00e1ngathatja a csapat szeker\u00e9t a nagyon m\u00e9ly k\u00e1ty\u00fab\u00f3l. Okt\u00f3ber 30-\u00e1n a j\u00e1t\u00e9kosk\u00e9nt Eur\u00f3pa-bajnok, KEK- \u00e9s UEFA Kupa-gy\u0151ztes <strong>John van\u2019t Schipet<\/strong> nevezt\u00e9k ki megb\u00edzott vezet\u0151edz\u0151nek. Van\u2019t Schip edz\u0151i pedigr\u00e9je el\u00e9g szer\u00e9ny, taktikailag nem tartj\u00e1k kiemelked\u0151en k\u00e9pzettnek, \u00e1m j\u00f3 csapat\u00e9p\u00edt\u0151k\u00e9nt \u00e9s kellemes emberk\u00e9nt ismerik. \u00c9vekig dolgozott ut\u00e1np\u00f3tl\u00e1s-, majd m\u00e1sodedz\u0151k\u00e9nt az Ajaxn\u00e1l (egy m\u00e9rk\u0151z\u00e9sen megb\u00edzottk\u00e9nt m\u00e9g az els\u0151 csapat kispadj\u00e1ra is le\u00fclt), Ajax-DNS-e van, bej\u00e1rta a vil\u00e1got, \u00e9s m\u00e1r a v\u00e1logatott futballban is szerzett tapasztalatot (volt a holland nemzeti csapat st\u00e1bj\u00e1ban, G\u00f6r\u00f6gorsz\u00e1gban pedig sz\u00f6vets\u00e9gi kapit\u00e1nyk\u00e9nt dolgozott). El\u0151sz\u00f6r vezet\u0151edz\u0151k\u00e9nt, majd technikai szerepk\u00f6rben sz\u00e1m\u00edtanak r\u00e1.\r\n\r\n[caption id=\"attachment_10686\" align=\"alignnone\" width=\"4678\"]<img class=\"size-full wp-image-10686\" src=\"https:\/\/sport24.24.hu\/app\/uploads\/sites\/24\/2023\/10\/van-tschip.jpg\" alt=\"\" width=\"4678\" height=\"3119\" \/> John van't Schip, az Ajax \u00faj vezet\u0151edz\u0151je.[\/caption]\r\n<blockquote>John val\u00f3di ajaxos, akinek rengeteg helyi \u00e9s nemzetk\u00f6zi tapasztata van, p\u00e1ly\u00e1n \u00e9s azon k\u00edv\u00fcl. Sz\u00e1munkra \u0151 a megfelel\u0151 v\u00e1laszt\u00e1s<\/blockquote>\r\n\u2013 k\u00f6sz\u00f6nt\u00f6tte az \u00faj sepr\u0171t <strong>John van Halst<\/strong> \u00fcgyvezet\u0151. Van\u2019t Schip bemutat\u00e1sakor elmondta: feles\u00e9ge, a nemr\u00e9g r\u00e1kban elhunyt <strong>Danielle<\/strong> k\u00edv\u00e1ns\u00e1ga volt, hogy visszat\u00e9rjen az Ajaxhoz, ha erre lehet\u0151s\u00e9ge ny\u00edlik.\r\n\r\n\u201eSajnos ezt m\u00e1r nem \u00e9rhette meg, de lehet, valahonnan fentr\u0151l \u0151 is seg\u00edtett. Az Ajax az \u00e9n klubom, az Ajax tett engem j\u00f3 j\u00e1t\u00e9koss\u00e1, ez\u00e9rt h\u00e1l\u00e1val tartozom. A klubnak mag\u00e1ra kell tal\u00e1lnia, \u00e9s \u00f6r\u00f6mmel seg\u00edtek\u201d \u2013 k\u00f6sz\u00f6nt be.\r\n\r\n<span class=\"highlight-block-small\">Az\u00e9rt az idei kr\u00edzis m\u00e9lys\u00e9g\u00e9t jelzi, hogy az \u00f6t\u00f6dik helyn\u00e9l jobbat nem is igen v\u00e1rnak t\u0151le.<\/span>","type":"rich","thumbnail_url":"https:\/\/s.24.hu\/app\/uploads\/sites\/24\/2023\/10\/ajax-150x150.jpg","thumbnail_width":150,"thumbnail_height":150}