{"version":"1.0","provider_name":"Sport24","provider_url":"https:\/\/sport24.24.hu","author_name":"Bruckner G\u00e1bor","author_url":"https:\/\/sport24.24.hu\/author\/brucknerg\/","title":"Kiegyenl\u00edtett meccset v\u00edvott Genkben a Fradi, a budapesti visszav\u00e1g\u00f3n enn\u00e9l jobb j\u00e1t\u00e9k kell a gy\u0151zelemhez","html":"<strong>Dejan Stankovic<\/strong> egy\u00fcttese biztat\u00f3 el\u0151jelekkel utazhatott Belgiumba a harmadik eur\u00f3pai csoportm\u00e9rk\u0151z\u00e9sre, a z\u00f6ld-feh\u00e9rek ugyanis addig minden porondon veretlenek voltak a szerb edz\u0151vel. A Konferencia Lig\u00e1ban a Cukaricki elleni sima gy\u0151zelmet a Fiorentina elleni fordulatos d\u00f6ntetlen k\u00f6vette, m\u00edg a hazai bajnoks\u00e1gban a m\u00falt h\u00e9t v\u00e9g\u00e9n a mostan\u00e1ban \u00edg\u00e9retesen futballoz\u00f3 Di\u00f3sgy\u0151rt siker\u00fclt legy\u0151zni. Az ut\u00f3bbi gy\u0151zelem azonban vez\u00e9r\u00e1ldozatot k\u00f6vetelt: <strong>Varga Barnab\u00e1st<\/strong> egy \u00fctk\u00f6z\u00e9s ut\u00e1n le kellett cser\u00e9lni, \u00e9s cs\u00fct\u00f6rt\u00f6k este sem \u00e1llhatott az egy\u00fcttes rendelkez\u00e9s\u00e9re.\r\n\r\nA kezd\u0151csapatban <strong>Dibusz<\/strong> el\u0151tt \u00edgy <strong>Botka, Sammy Mmaee, Ciss\u00e9<\/strong> \u00e9s <strong>Cristian Ramirez<\/strong> alkotta a n\u00e9gyf\u0151s v\u00e9delmet, a k\u00f6z\u00e9pp\u00e1ly\u00e1n <strong>Sig\u00e9r<\/strong> mellett <strong>Abu Fani<\/strong> \u00e9s <strong>Zachariassen<\/strong> kapott helyet. A s\u00e9r\u00fclt Varg\u00e1t, ahogyan az v\u00e1rhat\u00f3 volt, <strong>Pesic<\/strong> helyettes\u00edtette, \u0151t viszont <strong>Marquinhos<\/strong> mellett meglepet\u00e9sre az eredetileg h\u00e1tr\u00e9bb j\u00e1tsz\u00f3 <strong>Makreckis<\/strong> t\u00e1mogatta, csak\u00fagy, mint a DVTK ellen. A belga ellenf\u00e9llel szemben, mint l\u00e1tni fogjuk,\r\n\r\n<span class=\"highlight-block\">ennek a h\u00faz\u00e1snak legink\u00e1bb a v\u00e9dekez\u00e9sben vette haszn\u00e1t a Fradi.<\/span>\r\n\r\nA m\u00e9rk\u0151z\u00e9s eg\u00e9sz\u00e9ben a Genk 51 sz\u00e1zal\u00e9kban birtokolta a labd\u00e1t, az ar\u00e1ny teh\u00e1t meglehet\u0151sen kiegyenl\u00edtett volt. Ez\u00fattal azonban ez nem az az eset volt, amikor a k\u00e9t csapat egyenl\u0151en hossz\u00fa peri\u00f3dusokra rendezkedik be labd\u00e1val az ellenf\u00e9l v\u00e9dekez\u00e9s\u00e9vel szemben: a k\u00e9t csapat let\u00e1mad\u00e1sa t\u00f6k\u00e9letesen semleges\u00edtette az ellenf\u00e9l korl\u00e1tozott k\u00e9pess\u00e9g\u0171 t\u00e1mad\u00f3j\u00e1t\u00e9k\u00e1t.\r\n\r\nA Fiorentina elleni m\u00e9rk\u0151z\u00e9s <a href=\"https:\/\/sport24.24.hu\/foci\/2023\/10\/06\/fiorentina-ferencvaros-konferencia-liga-elemzes\/\">ut\u00e1n meg\u00edrtuk<\/a>, milyen fontos szerepet j\u00e1tszott a z\u00f6ld-feh\u00e9rek let\u00e1mad\u00e1sa abban, hogy az els\u0151 hatvan perc szinte t\u00f6k\u00e9letesen siker\u00fclt a magyar bajnok sz\u00e1m\u00e1ra. Az FTC Belgiumban sem vett vissza ebb\u0151l, s ahogyan azt Stankovic els\u0151 heteiben m\u00e1r megszokhattuk, er\u0151s emberfog\u00e1ssal pr\u00f3b\u00e1lta megakad\u00e1lyozni az ellenf\u00e9l labdakihozatalait. \u00c1m ez\u00fattal Marquinhos a balsz\u00e9lr\u0151l l\u00e9pett fel Pesic mell\u00e9, m\u00edg Makreckis passz\u00edvabban \u0151rizte a riv\u00e1lis felfut\u00f3 balh\u00e1tv\u00e9dj\u00e9t, <strong>Arteag\u00e1t<\/strong>. A c\u00e9l most is leggyakrabban az ellenf\u00e9l oldalra szor\u00edt\u00e1sa volt. Sokszor siker\u00fclt is a belg\u00e1kat \u00edvel\u00e9sre vagy el\u0151rev\u00e1gott labd\u00e1ra k\u00e9nyszer\u00edteni.\r\n\r\n<img class=\"alignnone size-full wp-image-10633\" src=\"https:\/\/sport24.24.hu\/app\/uploads\/sites\/24\/2023\/10\/krcftc1.png\" alt=\"\" width=\"1280\" height=\"720\" \/>\r\n\r\n<em>Belga labdakihozatal, ferencv\u00e1rosi let\u00e1mad\u00e1s. A k\u00e9t k\u00f6z\u00e9ph\u00e1tv\u00e9d sz\u00e9th\u00fazza a p\u00e1ly\u00e1t, a k\u00f6z\u00e9pp\u00e1ly\u00e1sok t\u00fal messze helyezkednek egym\u00e1st\u00f3l, \u00edgy nagyon neh\u00e9z kihozni a labd\u00e1t. A Fradi \u00edgy k\u00f6nnyed\u00e9n le tud t\u00e1madni: Pesic \u00e9s Marquinhos a k\u00e9t bels\u0151 v\u00e9d\u0151re figyel, Abu Fani a m\u00e9lys\u00e9gi ir\u00e1ny\u00edt\u00f3 Galarz\u00e1t veszi fel, Makreckis pedig h\u00e1tr\u00e9bb marad a felfut\u00f3 balh\u00e1tv\u00e9ddel.<\/em>\r\n\r\n<img class=\"alignnone size-full wp-image-10634\" src=\"https:\/\/sport24.24.hu\/app\/uploads\/sites\/24\/2023\/10\/krcftc2.png\" alt=\"\" width=\"1280\" height=\"720\" \/>\r\n\r\n<em>A folytat\u00e1s: a belg\u00e1k a sz\u00e9len pr\u00f3b\u00e1lnak h\u00e1romsz\u00f6gelni, a ferencv\u00e1rosiak, emberfog\u00e1ssal a labda oldal\u00e1ra tol\u00f3dnak. A szabadon m\u00e1szk\u00e1l\u00f3 k\u00f6z\u00e9pp\u00e1ly\u00e1s El Khannous visszal\u00e9p, \u0151t Sammy Mmaee k\u00f6veti.<\/em>\r\n\r\n<img class=\"alignnone size-full wp-image-10635\" src=\"https:\/\/sport24.24.hu\/app\/uploads\/sites\/24\/2023\/10\/krcftc3.png\" alt=\"\" width=\"1280\" height=\"720\" \/>\r\n\r\n<em>Hasonl\u00f3 jelenet k\u00e9s\u0151bb: a k\u00e9t k\u00f6z\u00e9ph\u00e1tv\u00e9d \u00e9s a bels\u0151 k\u00f6z\u00e9pp\u00e1ly\u00e1sok is emberfog\u00e1s alatt, a kapus Vendevoordt \u00edvel\u00e9sre k\u00e9nyszer\u00fcl.<\/em>\r\n\r\nEnnek megfelel\u0151en a Genk ritk\u00e1n tudott berendezkedni az ellenf\u00e9l t\u00e9rfel\u00e9n.\u00a0 A Ferencv\u00e1ros j\u00f3l m\u0171k\u00f6d\u0151 let\u00e1mad\u00e1sa mellett a saj\u00e1t j\u00e1t\u00e9kszervez\u00e9s\u00fck sem k\u00f6nny\u00edtette meg a belg\u00e1k dolg\u00e1t: a hazai csapat j\u00e1t\u00e9kosai ritk\u00e1n helyezkedtek a poz\u00edci\u00f3s j\u00e1t\u00e9k alapelvei szerint, ugyanakkor elmozg\u00f3 j\u00e1t\u00e9kkal sem tudt\u00e1k a megfelel\u0151 \u00f6temben kij\u00e1tszani Stankovic egy\u00fcttes\u00e9nek emberfog\u00e1s\u00e1t. Gyakran megfigyelhett\u00fck a labdabirtokl\u00e1sukon, hogy a k\u00fcl\u00f6nb\u00f6z\u0151 ter\u00fcletek t\u00falt\u00f6lt\u00e9se helyett ink\u00e1bb sz\u00e9th\u00fazt\u00e1k a saj\u00e1t szerkezet\u00fcket, az \u00edgy megn\u00f6vekedett t\u00e1vols\u00e1gokon kereszt\u00fcl pedig lehetetlen volt sz\u00e1mukra megfelel\u0151 \u00fctemben j\u00e1ratni a labd\u00e1t. Gyakran k\u00e9nyszer\u00fcltek \u2013 befel\u00e9 cselez\u00e9ssel \u2013 egy\u00e9ni megmozdul\u00e1sokra, a Ferencv\u00e1ros kor\u00e1bbi gh\u00e1nai l\u00e9gi\u00f3sa, <strong>Joseph Paintsil<\/strong> sokszor volt akt\u00edv az ilyen szitu\u00e1ci\u00f3kban.\r\n<div class=\"payable-content-section\"><\/div>\r\nB\u00e1r az FTC v\u00e9dekez\u00e9se id\u0151nk\u00e9nt a saj\u00e1t t\u00e9rf\u00e9lre szorult vissza,\r\n\r\n<span class=\"highlight-block\">a hazaiak akci\u00f3b\u00f3l nem tudtak komoly vesz\u00e9lyt jelenteni. <\/span>\r\n\r\nEzt j\u00f3l mutatja, hogy az els\u0151 f\u00e9lid\u0151ben a Genk akci\u00f3b\u00f3l csak Paintsil t\u00e1voli l\u00f6v\u00e9se r\u00e9v\u00e9n tudott vesz\u00e9lyeztetni, a t\u00f6bbi pr\u00f3b\u00e1lkoz\u00e1s m\u00e9g a kapuig sem jutott el, blokkolva lett. \u00c9rdemes kiemelni, hogy a Fradi v\u00e9dekez\u00e9se a saj\u00e1t kapuja el\u0151tt sem v\u00e1lt t\u00fals\u00e1gosan passz\u00edvv\u00e1. Stankovic er\u0151s emberfog\u00e1sra \u00e9p\u00fcl\u0151 rendszer\u00e9nek ugyanis h\u00e1tr\u00e1nya, hogy id\u0151nk\u00e9nt t\u00fal nagy ter\u00fcletek ny\u00edlnak az egym\u00e1s mellett j\u00e1tsz\u00f3 j\u00e1t\u00e9kosok k\u00f6z\u00f6tt, \u00e1m el\u0151nye, hogy k\u00f6nnyebb azonnali nyom\u00e1st helyezni a labd\u00e1s j\u00e1t\u00e9kosra. Ez ut\u00f3bbit cs\u00fct\u00f6rt\u00f6k este t\u00f6bbsz\u00f6r tapasztalhattuk meg: a kil\u00e9p\u0151 k\u00f6z\u00e9pp\u00e1ly\u00e1sok k\u00f6z\u00fcl mindig volt, aki nyom\u00e1st helyezzen a labd\u00e1sra, \u00edgy a belga t\u00e1mad\u00e1sokat gyakran siker\u00fclt vesz\u00e9lytelen ter\u00fcletekre szor\u00edtani, kisz\u00e1m\u00edthat\u00f3 be\u00edvel\u00e9sekre korl\u00e1tozni.\r\n\r\n<img class=\"alignnone size-full wp-image-10636\" src=\"https:\/\/sport24.24.hu\/app\/uploads\/sites\/24\/2023\/10\/krcftc4.png\" alt=\"\" width=\"1280\" height=\"720\" \/>\r\n\r\n<em>Belga labdabirtokl\u00e1s \u00e9s ferencv\u00e1rosi v\u00e9dekez\u00e9s: a k\u00f6z\u00e9ph\u00e1tv\u00e9d McKenzie bel\u00e9p a j\u00e1t\u00e9kba, \u00e1m a hazai csapat bal- \u00e9s jobboldala kett\u00e9szakad, senki sem helyezkedik az ellenf\u00e9l v\u00e9d\u0151vonalai k\u00f6z\u00f6tt. V\u00e9g\u00fcl a balh\u00e1tv\u00e9d beindul, \u00e9s Paintsil mozog be a sz\u00e9lr\u0151l k\u00f6z\u00e9pre. \u0150t azonban Botka b\u00e1tran k\u00f6veti, mik\u00f6zben a k\u00f6z\u00e9pp\u00e1lya is el\u0151refel\u00e9 v\u00e9dekezik. Ferencv\u00e1rosi labdaszerz\u00e9s a jelenet v\u00e9ge.<\/em>\r\n\r\n<span class=\"highlight-block-small\">A sikeres v\u00e9dekez\u00e9s ugyanakkor Belgiumban nem p\u00e1rosult olyan hat\u00e9kony t\u00e1mad\u00f3j\u00e1t\u00e9kkal, mint az olaszorsz\u00e1gi m\u00e9rk\u0151z\u00e9s els\u0151 fel\u00e9ben. <\/span>\r\n\r\nA magyar rekordbajnok ez\u00fattal is a labda oldal\u00e1t t\u00f6ltve, gyors kombin\u00e1ci\u00f3kkal akarta \u00e1tj\u00e1tszani az ellenf\u00e9l let\u00e1mad\u00e1s\u00e1t, hogy azt\u00e1n az vet\u00e9lyt\u00e1rs rendez\u0151d\u00e9s\u00e9t megel\u0151zve, lend\u00fcletb\u0151l t\u00f6rhessen be a v\u00e9delem m\u00f6g\u00e9. Ezeknek a t\u00f6bbnyire sz\u00e9leken vezetett t\u00e1mad\u00e1soknak azonban megvan az a h\u00e1tr\u00e1nyuk, hogy megfelel\u0151en agressz\u00edv let\u00e1mad\u00e1ssal, k\u00fcl\u00f6n\u00f6sen emberfog\u00e1ssal, k\u00f6nnyed\u00e9n a sz\u00e9lre lehet szor\u00edtani \u0151ket. A Genk pontosan ezt mutatta meg: 4-4-2-es, a Fradi\u00e9hoz hasonl\u00f3an emberfog\u00e1sra \u00e9p\u00fcl\u0151 let\u00e1mad\u00e1sa ugyan\u00fagy sikeresen akasztotta meg a ferencv\u00e1rosi labdakihozatalokat, ahogyan a belg\u00e1k maguk is szenvedtek az ellenf\u00e9l nyom\u00e1sa alatt. A Fradi a sz\u00e9len, legink\u00e1bb a sz\u00e9ls\u0151 v\u00e9d\u0151, az egyik k\u00f6z\u00e9pp\u00e1ly\u00e1s \u00e9s a sz\u00e9ls\u0151 h\u00e1romsz\u00f6g\u00e9vel pr\u00f3b\u00e1lt kombin\u00e1lni, \u00e1m ezek az akci\u00f3k legink\u00e1bb a sz\u00e9lre l\u0151tt ind\u00edt\u00e1sokkal v\u00e9gz\u0151dtek. Az FTC t\u00f6bbsz\u00f6r pr\u00f3b\u00e1lt helycser\u00e9ket, v\u00e1lt\u00e1sokat alkalmazni a belg\u00e1k emberfog\u00e1sa ellen, de ebb\u0151l csak egy-k\u00e9t alkalommal siker\u00fclt vesz\u00e9lyes t\u00e1mad\u00e1st kialak\u00edtani. Egy\u00e9nileg Abu Fani ez\u00fattal is a ferencv\u00e1rosiak egyik legvesz\u00e9lyesebb j\u00e1t\u00e9kosa volt: k\u00e9t helyzetet alak\u00edtott ki \u00e9s kilenc sikeres passzt juttatott el a t\u00e1mad\u00f3harmadba. Hi\u00e1ba \u00e9rkezett a m\u00e1sodik f\u00e9lid\u0151ben n\u00e9gy t\u00e1mad\u00f3 (<strong>Ben Rhomdane, Owusu, Abena <\/strong>\u00e9s <strong>Lisztes<\/strong>) is a p\u00e1ly\u00e1ra, a m\u00e1sodik f\u00e9lid\u0151 legnagyobb helyzete m\u00e9gis egy sz\u00f6glet ut\u00e1n alakult ki, amikor Owusu kapuf\u00e1j\u00e1t a g\u00f3lvonalr\u00f3l r\u00fagt\u00e1k ki a hazaiak.\r\n\r\n<img class=\"alignnone size-full wp-image-10637\" src=\"https:\/\/sport24.24.hu\/app\/uploads\/sites\/24\/2023\/10\/krcftc5.png\" alt=\"\" width=\"1280\" height=\"720\" \/>\r\n\r\n<img class=\"alignnone size-full wp-image-10638\" src=\"https:\/\/sport24.24.hu\/app\/uploads\/sites\/24\/2023\/10\/krcftc6.png\" alt=\"\" width=\"1280\" height=\"720\" \/>\r\n\r\n<em>A Genk szint\u00e9n emberfog\u00e1ssal t\u00e1mad le, Mmaee Abu Fani bevon\u00e1s\u00e1val Ramirezhez j\u00e1tszik a bal sz\u00e9lre. A belg\u00e1k emberfog\u00e1ssal agressz\u00edven tol\u00f3dnak, Marquinhos azonban elfut az \u00edg\u00e9retes poz\u00edci\u00f3b\u00f3l, \u00edgy elhamarkodott ind\u00edt\u00e1s lesz a jelenet v\u00e9ge.<\/em>\r\n\r\n<img class=\"alignnone size-full wp-image-10639\" src=\"https:\/\/sport24.24.hu\/app\/uploads\/sites\/24\/2023\/10\/krcftc7.png\" alt=\"\" width=\"1280\" height=\"720\" \/>\r\n\r\n<em>A Ferencv\u00e1ros poz\u00edci\u00f3s j\u00e1t\u00e9kra rendezkedik be, a belg\u00e1k pedig kimozdulnak a k\u00f6z\u00e9ps\u0151 blokkb\u00f3l. Az egyik k\u00f6z\u00e9pcsat\u00e1r a labd\u00e1st t\u00e1madja, \u00edgy a Fradi megint a sz\u00e9lek fel\u00e9 h\u00e1romsz\u00f6gel. Makreckis azonban a kapunak h\u00e1ttal kapja a labd\u00e1t, \u00e9s faultolj\u00e1k.<\/em>\r\n\r\n<img class=\"alignnone size-full wp-image-10640\" src=\"https:\/\/sport24.24.hu\/app\/uploads\/sites\/24\/2023\/10\/krcftc8.png\" alt=\"\" width=\"1280\" height=\"720\" \/>\r\n\r\n<em>Egy sikeres kombin\u00e1ci\u00f3: a befel\u00e9 mozg\u00f3 Marquninhos mag\u00e1val viszi az ellenf\u00e9l k\u00f6z\u00e9pp\u00e1ly\u00e1s\u00e1t, ami passzs\u00e1vot nyit a p\u00e1lya k\u00f6zepe fel\u00e9. A felfut\u00f3 Ramirez \u00edgy \u00e1tl\u00f3san a visszal\u00e9p\u0151 Pesichez passzol, aki a m\u00e9lys\u00e9gb\u0151l, harmadik emberk\u00e9nt felfut\u00f3 Sig\u00e9rt j\u00e1tssza meg. B\u00e1r a jelent v\u00e9g\u00e9n Zachariassen l\u00f6v\u00e9s\u00e9t blokkolj\u00e1k, elm\u00e9letben mindk\u00e9t j\u00e1tkelem kit\u0171n\u0151en alkalmas az emberfog\u00e1sos v\u00e9dekez\u00e9s felt\u00f6r\u00e9s\u00e9re.<\/em>\r\n\r\nA m\u00e9rk\u0151z\u00e9s l\u0151t\u00e9rk\u00e9p\u00e9t megn\u00e9zve hasonl\u00f3 k\u00f6vetkeztet\u00e9sekre juthatunk: mindk\u00e9t csapat kev\u00e9s igaz\u00e1n vesz\u00e9lyes helyzetet tudott kidolgozni. Akci\u00f3b\u00f3l (xG open play) azonban Stankovic csapata m\u00e9g a hazaiakn\u00e1l is kev\u00e9sb\u00e9 volt vesz\u00e9lyes: a 0.31 ebben a tekintetben nagyon alacsony mutat\u00f3. A legvesz\u00e9lyesebb helyzeteket pontr\u00fag\u00e1sb\u00f3l siker\u00fclt kidolgozni.\r\n\r\n<img class=\"alignnone size-full wp-image-10641\" src=\"https:\/\/sport24.24.hu\/app\/uploads\/sites\/24\/2023\/10\/krcftc9.png\" alt=\"\" width=\"730\" height=\"933\" \/>\r\n\r\n\u00d6sszess\u00e9g\u00e9ben a ferencv\u00e1rosiak stabilan meg\u00f3vt\u00e1k kapujukat a g\u00f3lt\u00f3l az eg\u00e9sz m\u00e9rk\u0151z\u00e9sen. M\u00edg Firenz\u00e9ben a Fradi a m\u00e9rk\u0151z\u00e9s utols\u00f3 f\u00e9l\u00f3r\u00e1j\u00e1ra eml\u00e9kezetes m\u00f3don beszorult, most egyetlen hosszabb peri\u00f3dusban sem ingott meg komolyan a h\u00e1ts\u00f3 alakzat stabilit\u00e1sa. Ugyanez azonban a m\u00e1sik oldalr\u00f3l is elmondhat\u00f3:\r\n\r\n<span class=\"highlight-block\">a magyar bajnok t\u00e1mad\u00e1sban m\u00e9g az ellenf\u00e9ln\u00e9l is kev\u00e9sb\u00e9 volt vesz\u00e9lyes. <\/span>\r\n\r\nB\u00e1r a Genk nem mutatta meg, hogy a Ferencv\u00e1rosn\u00e1l jelent\u0151sen nagyobb j\u00e1t\u00e9ker\u0151t k\u00e9pviselne, hazai p\u00e1ly\u00e1n Stankovic csapat\u00e1t\u00f3l a cs\u00fct\u00f6rt\u00f6kin\u00e9l sokkal jobb labd\u00e1s j\u00e1t\u00e9kra lesz sz\u00fcks\u00e9g. A pont n\u00e9lk\u00fcli Cukaricki el\u0151tt ugyanis mindh\u00e1rom riv\u00e1lisnak 5 pontja van. A biztos tov\u00e1bbjut\u00e1shoz hazai p\u00e1ly\u00e1n is elkelne m\u00e9g legal\u00e1bb egy gy\u0151zelem.\r\n\r\n[prefabricated_shortcode in_app=\"0\" code=\"%3Cdiv%20class%3D%22article_box_border%22%20style%3D%22background%3A%20url%28%27https%3A%2F%2F24.p3k.hu%2Fapp%2Fuploads%2Fsites%2F24%2F2021%2F05%2Fsport24-pattern.png%27%29%20no-repeat%20left%20-16px%20%23f3f3f4%3B%20border%3A%20none%3B%22%3E%0D%0A%3Cdiv%20class%3D%22article_solidheader%22%3E%0D%0A%3Ch2%20style%3D%22color%3A%20%23111115%21important%3B%20font-size%3A%2036px%3B%20font-weight%3A%20bold%3B%20margin-bottom%3A%2030px%3B%20margin-top%3A%2020px%3B%20text-align%3A%20center%3B%20line-height%3A%2036px%3B%22%3E%3Cimg%20class%3D%22aligncenter%20size-full%20wp-image-141%22%20src%3D%22https%3A%2F%2F24.p3k.hu%2Fapp%2Fuploads%2Fsites%2F24%2F2021%2F05%2Fs24-logo-dt.png%22%20alt%3D%22%22%20width%3D%22408%22%20height%3D%2290%22%20%2F%3E%3C%2Fh2%3E%0D%0A%3Ch2%20style%3D%22color%3A%20%23111115%21important%3B%20font-size%3A%2036px%3B%20font-weight%3A%20bold%3B%20margin-bottom%3A%2030px%3B%20margin-top%3A%2020px%3B%20text-align%3A%20center%3B%20line-height%3A%2040px%3B%22%3ECsatlakozz%20a%20Sport24%20k%C3%B6z%C3%B6ss%C3%A9ghez%2C%20mondd%20el%20v%C3%A9lem%C3%A9nyedet%20z%C3%A1rt%20Facebook-csoportunkban%2C%20%C3%A9s%20vegy%C3%A9l%20r%C3%A9szt%20csak%20el%C5%91fizet%C5%91knek%20el%C3%A9rhet%C5%91%20exkluz%C3%ADv%20esem%C3%A9nyeinken.%3C%2Fh2%3E%0D%0A%3C%2Fdiv%3E%0D%0A%3Cp%20style%3D%22background%3A%20%2357A600%3B%20margin-top%3A%2020px%3B%20padding%3A%2020px%3B%20text-align%3A%20center%3B%22%3E%3Ca%20style%3D%22color%3A%20%23ffffff%3B%20font-size%3A%2026px%3B%20font-weight%3A%20600%3B%22%20href%3D%22https%3A%2F%2Fwww.facebook.com%2Fgroups%2F212344460412327%22%3ECSATLAKOZOM%3C%2Fa%3E%3C%2Fp%3E%0D%0A%0D%0A%3C%2Fdiv%3E\"]","type":"rich","thumbnail_url":"https:\/\/s.24.hu\/app\/uploads\/sites\/24\/2023\/10\/dibusz-150x150.jpg","thumbnail_width":150,"thumbnail_height":150}