{"version":"1.0","provider_name":"Sport24","provider_url":"https:\/\/sport24.24.hu","author_name":"Bruckner G\u00e1bor","author_url":"https:\/\/sport24.24.hu\/author\/brucknerg\/","title":"\u00d6t karika, n\u00e9gy magyar g\u00f3l, h\u00e1rom bolg\u00e1r ki\u00e1ll\u00edt\u00e1s","html":"Az 1968-as olimpiai futballtorna hasonl\u00f3k\u00e9ppen k\u00fcl\u00f6n\u00f6s v\u00e9get \u00e9rt, mint ahogyan a selejtez\u0151i kezd\u0151dtek.\r\n\r\n<span class=\"highlight-block-small\">Alapszab\u00e1ly volt, hogy az \u00f6tkarik\u00e1s m\u00e9rk\u0151z\u00e9seken nem szerepelhetnek azok, akik ak\u00e1r egy percre is p\u00e1ly\u00e1ra l\u00e9ptek a vil\u00e1gbajnoks\u00e1gon.<\/span>\r\n\r\nEhhez k\u00e9pest a Szovjetuni\u00f3, amelynek v\u00e1logatottja a n\u00e9gy k\u00f6z\u00e9 jutott az 1966-os vb-n, a legjobbjaival \u00e1llt fel a csehszlov\u00e1kok elleni olimpiai kvalifik\u00e1ci\u00f3s p\u00e1rharcra, m\u00e9gpedig t\u00edz nappal azut\u00e1n, hogy az Eur\u00f3pa-bajnoks\u00e1g negyedd\u00f6nt\u0151j\u00e9ben a moszkvai 3-0-val kiejtette a Budapesten 2-0-ra gy\u0151ztes magyar csapatot.\r\n\r\nA NOB eln\u00e9zett e furcsas\u00e1g f\u00f6l\u00f6tt, a csehszlov\u00e1kok viszont a moszkvai 2-3-at 3-0-s hazai diadallal feledtett\u00e9k sz\u0171k h\u00e1rom h\u00f3nappal a csehszlov\u00e1kiai bevonul\u00e1s el\u0151tt. Az ostravai h\u00e1zigazd\u00e1k szint\u00e9n a legjobbjaikat k\u00fcldt\u00e9k a p\u00e1ly\u00e1ra, \u00e1m az olimpi\u00e1ra m\u00e1r a B csapatukat deleg\u00e1lt\u00e1k, j\u00f3llehet Csehszlov\u00e1kia nem szerepelt az 1966-os vb tizenhatos mez\u0151ny\u00e9ben.\r\n\r\nBulg\u00e1ria v\u00e1logatottja viszont ott volt \u201966-ban \u2013 egy csoportban a magyar egy\u00fcttessel \u2013, \u00e9s az\u00e9rt sem gondolt az A csapat fell\u00e9ptet\u00e9s\u00e9re az olimpiai selejtez\u0151ben, mert az Eb-n szint\u00e9n a legjobb nyolc k\u00f6z\u00e9 ker\u00fclt, \u00e9s els\u0151 sor\u00e1t az olaszokkal v\u00edvott negyedd\u00f6nt\u0151re (3-2, 0-2) tartogatta. Ellenben az NDK, amelyet a magyar v\u00e1logatott fosztott meg az 1966-os vb-szerepl\u00e9s lehet\u0151s\u00e9g\u00e9t\u0151l, a \u201enagy\u201d csapat\u00e1val futballozott az \u00f6tkarik\u00e1s selejtez\u0151ben, ez\u00e9rt is \u00edrta a N\u00e9psport az 1968. \u00e1prilis 10-\u00e9n Sztara Zagor\u00e1ban rendezett bolg\u00e1r\u2013keletn\u00e9met selejtez\u0151r\u0151l (4-1): \u201eVaskos meglepet\u00e9s, hiszen a bolg\u00e1rok m\u00e1sodik csapata l\u00e9pett p\u00e1ly\u00e1ra.\u201d\r\n\r\n[caption id=\"attachment_10600\" align=\"alignnone\" width=\"4200\"]<img class=\"size-full wp-image-10600\" src=\"https:\/\/sport24.24.hu\/app\/uploads\/sites\/24\/2023\/10\/fortepan_73743.jpg\" alt=\"\" width=\"4200\" height=\"2671\" \/> Az olimpia megnyit\u00f3\u00fcnneps\u00e9g\u00e9re v\u00e1rakoz\u00f3 magyar csapat 1968-ban.[\/caption]\r\n\r\nA h\u00e1rom g\u00f3lt szerz\u0151 <strong>Petar Zsekovot<\/strong> az A egy\u00fctteshez is \u00e1th\u00edvt\u00e1k, s \u0151 maradt az egyetlen, aki Bulg\u00e1ria legjobbjai k\u00f6z\u00fcl az olimpi\u00e1n is j\u00e1tszott.\r\n\r\n<span class=\"highlight-block\">A magyarok vegyes csapattal mentek a mexik\u00f3i torn\u00e1ra. <\/span>\r\n\r\nAz Eb-negyedd\u00f6nt\u0151ben kudarcot vall\u00f3 t\u00e1rsas\u00e1gb\u00f3l <strong>Fat\u00e9r K\u00e1roly, Nov\u00e1k Dezs\u0151, Sz\u0171cs Lajos, Fazekas L\u00e1szl\u00f3<\/strong> \u00e9s <strong>Varga Zolt\u00e1n<\/strong> utazott az amerikai kontinensre, b\u00e1r annyiban pontos\u00edtani kell, hogy Fat\u00e9r \u00e9s Fazekas nem vallott kudarcot, hiszen \u0151k ketten csak a gy\u0151ztes pesti m\u00e9rk\u0151z\u00e9sen szerepeltek, a vesztes moszkvain nem.\r\n\r\nVarga azt\u00e1n Guadalajar\u00e1ban lel\u00e9pett, otthagyta a csapatot, majd Mexik\u00f3t is. \u201eDisszid\u00e1l\u00e1sa\u201d, amelyr\u0151l a N\u00e9psport csak h\u00e1rom nappal k\u00e9s\u0151bb, a Salvador elleni 4-0 ut\u00e1n sz\u00e1molt be, sokkolta a k\u00fcld\u00f6tts\u00e9get, a dobbant\u00e1s hat\u00e1s\u00e1ra komoly vesz\u00e9lybe ker\u00fclt a c\u00edmv\u00e9d\u00e9s. (Mivel 1964-ben Magyarorsz\u00e1g egy\u00fcttese h\u00f3d\u00edtotta el az olimpiai arany\u00e9rmet, nem kellett selejtez\u0151ket j\u00e1tszania.)\r\n\r\n[caption id=\"attachment_10602\" align=\"aligncenter\" width=\"435\"]<img class=\"wp-image-10602 size-central-twocol\" src=\"https:\/\/sport24.24.hu\/app\/uploads\/sites\/24\/2023\/10\/0f-435x660.jpg\" alt=\"\" width=\"435\" height=\"660\" \/> Nov\u00e1k Dezs\u0151 a mexik\u00f3i olimpia idej\u00e9n[\/caption]\r\n\r\nTechnikailag p\u00f3tolhat\u00f3 lett volna a ferencv\u00e1rosi 8-as, hiszen ott volt m\u00f6g\u00f6tte egy m\u00e1sik virtu\u00f3z, a szint\u00e9n 8-asban futballoz\u00f3 kispesti <strong>Kocsis Lajos<\/strong>, \u00e1m a huszonegy \u00e9ves karmestert <strong>dr. Lakat K\u00e1roly<\/strong> szakvezet\u0151 nem merte a m\u00e9ly v\u00edzbe dobni. Ink\u00e1bb azt a <strong>Menczel Iv\u00e1nt<\/strong> favoriz\u00e1lta, aki a Vasasban az eleny\u00e9sz\u0151 kisebbs\u00e9ghez tartozott abban a tekintetben, hogy egyszer sem volt bajnok \u00e9s v\u00e1logatott. (A piros-k\u00e9kek 1968-as sztenderdj\u00e9b\u0151l <strong>Bakos S\u00e1ndor, M\u00e9sz\u00f6ly K\u00e1lm\u00e1n, Ih\u00e1sz K\u00e1lm\u00e1n, Mathesz Imre, Fister Ferenc, Moln\u00e1r Dezs\u0151, Pusk\u00e1s Lajos, Farkas J\u00e1nos, Kors\u00f3s Istv\u00e1n<\/strong> jutott el a v\u00e1logatotts\u00e1gig, s hamarosan k\u00f6vette \u0151ket <strong>M\u00fcller S\u00e1ndor<\/strong> \u00e9s <strong>Vid\u00e1ts Csaba<\/strong> is.)\r\n<div class=\"payable-content-section\"><\/div>\r\nA t\u00f6rt\u00e9ntek azt\u00e1n Lakatot igazolt\u00e1k, hiszen\r\n\r\n<span class=\"highlight-block\">Menczel h\u00e1rom g\u00f3lt is jegyzett a torn\u00e1n, <\/span>\r\n\r\n\u00e9s k\u00e9t nagyon fontosat szerzett: a legels\u0151t, valamint azt, amellyel a d\u00f6nt\u0151ben 0-1-r\u0151l egyenl\u00edtett a magyar csapat.\r\n\r\nA keret egy\u00e9bk\u00e9nt \u00edgy festett: Nov\u00e1k, <strong>P\u00e1ncsics Mikl\u00f3s, Juh\u00e1sz Istv\u00e1n<\/strong>, Sz\u0171cs, Varga (mind FTC), <strong>Nosk\u00f3 Ern\u0151<\/strong>, Fazekas, <strong>Dunai Antal, Nagy L\u00e1szl\u00f3<\/strong> (mind \u00dajpest), <strong>Dunai Lajos, S\u00e1rk\u00f6zi Istv\u00e1n<\/strong> (mindkett\u0151 MTK), <strong>Szalay Mikl\u00f3s, B\u00e1sti Istv\u00e1n<\/strong> (mindkett\u0151 Salg\u00f3tarj\u00e1n), Fat\u00e9r (Csepel), <strong>Szarka Zolt\u00e1n<\/strong> (Szombathely), <strong>Keglovich L\u00e1szl\u00f3<\/strong> (Gy\u0151ri ETO), Menczel (Vasas), Kocsis (Honv\u00e9d).\r\n\r\nA Salvador elleni 4-0-t szer\u00e9ny 2-2 k\u00f6vette Gh\u00e1na ellen, majd az Izraellel szemben el\u00e9rt 2-0-val meglett a csoportels\u0151s\u00e9g. A negyedd\u00f6nt\u0151ben v\u00e9rt kellett izzadni a csehszlov\u00e1kokat fel\u00fclm\u00fal\u00f3 guatemalaiak legy\u0151z\u00e9s\u00e9hez, de Sz\u0171cs fejes\u00e9vel csak-csak siker\u00fclt nyerni 1-0-ra, majd az el\u0151d\u00f6nt\u0151ben nem volt ok az izgalomra: Sz\u0171cs mesterh\u00e1rmas\u00e1val \u00e9s Nov\u00e1k k\u00e9t tizenegyes\u00e9vel csont n\u00e9lk\u00fcli \u00f6t\u00f6s ker\u00fclt a jap\u00e1nok h\u00e1l\u00f3j\u00e1ba.\r\n\r\nErre a m\u00e9rk\u0151z\u00e9sre kil\u00e1togatott <strong>Dettmar Cramer<\/strong> nyugatn\u00e9met edz\u0151 is, akit a FIFA felk\u00e9rt, hogy az els\u0151 brazil vil\u00e1gbajnoki c\u00edm tizedik \u00e9vfordul\u00f3ja jegy\u00e9ben rendezett Braz\u00edlia\u2013Vil\u00e1gv\u00e1logatott m\u00e9rk\u0151z\u00e9sre \u00e1ll\u00edtsa \u00f6ssze az All Star Team keret\u00e9t. A Mexik\u00f3ban l\u00e1tottak alapj\u00e1n Cramer megh\u00edvta a m\u00e1r bev\u00e1logatott <strong>Albert Fl\u00f3ri\u00e1n<\/strong> \u00e9s Farkas J\u00e1nos mell\u00e9 Nov\u00e1kot \u00e9s Sz\u0171cs\u00f6t is, \u00edgy a nemzetk\u00f6zi alakulat tagjainak negyed\u00e9t honfit\u00e1rsaink alkott\u00e1k. Ez m\u00e9lt\u00e1n sorolhat\u00f3 a hajdan\u00e1n \u2013 hossz\u00fa \u00e9vtizedekig \u2013 a vil\u00e1g k\u00f6zvetlen \u00e9lvonal\u00e1hoz tartoz\u00f3 magyar labdar\u00fag\u00e1s t\u00f6rt\u00e9net\u00e9nek legeml\u00e9kezetesebb epiz\u00f3djai k\u00f6z\u00e9.\r\n\r\n[caption id=\"attachment_10603\" align=\"alignnone\" width=\"4254\"]<img class=\"size-full wp-image-10603\" src=\"https:\/\/sport24.24.hu\/app\/uploads\/sites\/24\/2023\/10\/fortepan_73766.jpg\" alt=\"\" width=\"4254\" height=\"2697\" \/> Mexik\u00f3v\u00e1ros, 1968.[\/caption]\r\n\r\nAz olimpiai d\u00f6nt\u0151 el\u0151tt nagy megk\u00f6nnyebb\u00fcl\u00e9st keltett, hogy az el\u0151d\u00f6nt\u0151ben a bolg\u00e1r B 3-2-re legy\u0151zte Mexik\u00f3 ut\u00e1np\u00f3tl\u00e1s\u00e1t, mert f\u00e9l\u0151 volt, hogy a vend\u00e9gl\u00e1t\u00f3k csapat\u00e1t nem csup\u00e1n az Azt\u00e9k stadion v\u00e1rhat\u00f3 telt h\u00e1za seg\u00edten\u00e9 a cs\u00facstal\u00e1lkoz\u00f3n. A h\u00e1zigazd\u00e1k t\u00e1voll\u00e9t\u00e9ben nem telt meg az ar\u00e9na, a 110 ezres n\u00e9z\u0151t\u00e9ren \u2013 a hivatalos jelent\u00e9sek szerint \u2013 75 ezren voltak 1968. okt\u00f3ber 26-\u00e1n.\r\n\r\n<span class=\"highlight-block\">Az \u00fajs\u00e1gokat \u00e9s a jegyz\u0151k\u00f6nyveket b\u00f6ng\u00e9szve, nagy k\u00e9rd\u00e9s, mik\u00e9nt \u00e1llt fel a bolg\u00e1r csapat. <\/span>\r\n\r\nA jelent\u00e9sek egy r\u00e9sze ugyanis <strong>Cvetan Veszelinovot<\/strong> t\u00fcnteti fel a kezd\u0151tizenegyben, a forr\u00e1sok m\u00e1sik r\u00e9sze szerint pedig <strong>Jancso Dimitrov<\/strong> szerepelt a csapatban. Ez az\u00e9rt l\u00e9nyeges, mert vagy Veszelinov vagy Dimitrov szerzett vezet\u00e9st a bolg\u00e1roknak, hogy azt\u00e1n azt a k\u00f6z\u00e9pp\u00e1ly\u00e1st, aki kettej\u00fck k\u00f6z\u00fcl a p\u00e1ly\u00e1n volt, lek\u00fcldje a p\u00e1ly\u00e1r\u00f3l <strong>Diego de Leo<\/strong> mexik\u00f3i j\u00e1t\u00e9kvezet\u0151. (\u0150 dirig\u00e1lta a Braz\u00edlia\u2013Vil\u00e1gv\u00e1logatott tal\u00e1lkoz\u00f3t is a ri\u00f3i Maracan\u00e1ban.)\r\n\r\nEl\u0151bb azonban m\u00e9g Menczel remek kap\u00e1sg\u00f3llal egaliz\u00e1lt, egy perccel k\u00e9s\u0151bb pedig Dunai II ugyancsak mintaszer\u0171en a l\u00e9c al\u00e1 k\u00fcld\u00f6tt labd\u00e1val 2-1-re ford\u00edtott.\r\n\r\nEtt\u0151l a bolg\u00e1rok elborultak. Veszelinov vagy Dimitrov Nosk\u00f3ba, <strong>Kiril Ivkov<\/strong> Dunai II-be r\u00fagott durv\u00e1n, majd <strong>Atanasz Hrisztov Mihajlov<\/strong> a b\u00edr\u00f3 fej\u00e9hez v\u00e1gta a labd\u00e1t, \u00fagyhogy az els\u0151 f\u00e9lid\u0151 v\u00e9g\u00e9n nyolcra apadt a bolg\u00e1r l\u00e9tsz\u00e1m, sorj\u00e1ztak a ki\u00e1ll\u00edt\u00e1sok k\u00e9pei.\r\n\r\nA megfogyatkozott ellenf\u00e9llel szemben a sz\u00fcnet ut\u00e1n b\u0151 negyed\u00f3ra alatt 4-1-re alak\u00edtotta az \u00e1ll\u00e1st Dunai II \u00e9s Juh\u00e1sz, akit \u00f6t perccel a befejez\u00e9s el\u0151tt szint\u00e9n az \u00f6lt\u00f6z\u0151be vez\u00e9nyelt a szigor\u00fa j\u00e1t\u00e9kvezet\u0151. \u00c1m az m\u00e1r mit sem sz\u00e1m\u00edtott, az eleinte g\u00f6rcs\u00f6s, majd minden meger\u0151ltet\u00e9st\u0151l mentesen futballoz\u00f3 magyar csapat megszerezte haz\u00e1nk harmadik olimpiai bajnoki c\u00edm\u00e9t labdar\u00fag\u00e1sban.\r\n\r\n[caption id=\"attachment_10604\" align=\"alignnone\" width=\"2004\"]<img class=\"size-full wp-image-10604\" src=\"https:\/\/sport24.24.hu\/app\/uploads\/sites\/24\/2023\/10\/delmagyarorszag_1968_10-1677297317__pages184-184.jpg\" alt=\"\" width=\"2004\" height=\"916\" \/> Magyarorsz\u00e1g olimpiai arany\u00e9rmes labdar\u00fag\u00f3csapata az eredm\u00e9nyhirdet\u00e9s ut\u00e1n.[\/caption]\r\n\r\nLakat doktor el\u00e9rz\u00e9keny\u00fclten eml\u00edtette:\r\n<blockquote>N\u00e9gy \u00e9ve, Toki\u00f3ban azt hittem, mint edz\u0151 el\u00e9rtem a cs\u00facsot, mert nem rem\u00e9ltem, hogy ezt m\u00e9g dupl\u00e1zni is lehet. C\u00edmv\u00e9d\u0151kk\u00e9nt nem j\u00e1tszottunk selejtez\u0151ket, nem volt el\u00e9gg\u00e9 egy\u00fctt a g\u00e1rda, r\u00e9szben ez okozta a hull\u00e1mz\u00f3 teljes\u00edtm\u00e9nyeket. Emellett a labdar\u00fag\u00e1s mez\u0151nye az olimpi\u00e1kon is egyre kiegyens\u00falyozottabb\u00e1 v\u00e1lik. Ma m\u00e1r Guatemala, Izrael vagy Jap\u00e1n legy\u0151z\u00e9se is j\u00f3 teljes\u00edtm\u00e9nynek sz\u00e1m\u00edt, holott kor\u00e1bban az ilyen sikereket nem nagyon \u00e9rt\u00e9kelt\u00fck.<\/blockquote>\r\nAzt\u00e1n 1972-ben, M\u00fcnchenben ez\u00fcst\u00e9rem k\u00f6vetkezett \u2013 noha akkor az A v\u00e1logatott k\u00e9pviselte Magyarorsz\u00e1got \u2013, majd 24 esztendeig kellett v\u00e1rni az \u00fajabb olimpiai szerepl\u00e9sre, amelyet a hatvannyolcas h\u0151s\u00f6k \u00e9s a hetvenkettes \u201ekertek alatt hazakullog\u00f3k\u201d egyike, Dunai Antal szakvezet\u0151 ir\u00e1ny\u00edt\u00e1s\u00e1val siker\u00fclt v\u00e9ghez vinni. Nagy \u00f6r\u00f6m nem volt, hiszen mindh\u00e1rom m\u00e9rk\u0151z\u00e9s\u00e9t elvesztette a csapat, \u00e1m az\u00f3ta az olimpia k\u00f6zel\u00e9be sem jutott a magyar labdar\u00fag\u00e1s, pedig tov\u00e1bbi 27 \u00e9v telt el az atlantai j\u00e1t\u00e9kok \u00f3ta.\r\n\r\nTeh\u00e1t \u2013 b\u00e1r az olimpia futballtorna preszt\u00edzse a k\u00f6zel\u00e9ben sincs nemhogy a vil\u00e1g-, de m\u00e9g az Eur\u00f3pa-bajnoks\u00e1g\u00e9nak sem \u2013, emelj\u00fcnk minimum \u00f6t kalapot a labdar\u00fag\u00e1s m\u00e1ig utols\u00f3 \u00f6tkarik\u00e1s magyar gy\u0151ztesei el\u0151tt.\r\n\r\n[prefabricated_shortcode in_app=\"0\" code=\"%3Cdiv%20class%3D%22article_box_border%22%20style%3D%22background%3A%20url%28%27https%3A%2F%2F24.p3k.hu%2Fapp%2Fuploads%2Fsites%2F24%2F2021%2F05%2Fsport24-pattern.png%27%29%20no-repeat%20left%20-16px%20%23f3f3f4%3B%20border%3A%20none%3B%22%3E%0D%0A%3Cdiv%20class%3D%22article_solidheader%22%3E%0D%0A%3Ch2%20style%3D%22color%3A%20%23111115%21important%3B%20font-size%3A%2036px%3B%20font-weight%3A%20bold%3B%20margin-bottom%3A%2030px%3B%20margin-top%3A%2020px%3B%20text-align%3A%20center%3B%20line-height%3A%2036px%3B%22%3E%3Cimg%20class%3D%22aligncenter%20size-full%20wp-image-141%22%20src%3D%22https%3A%2F%2F24.p3k.hu%2Fapp%2Fuploads%2Fsites%2F24%2F2021%2F05%2Fs24-logo-dt.png%22%20alt%3D%22%22%20width%3D%22408%22%20height%3D%2290%22%20%2F%3E%3C%2Fh2%3E%0D%0A%3Ch2%20style%3D%22color%3A%20%23111115%21important%3B%20font-size%3A%2036px%3B%20font-weight%3A%20bold%3B%20margin-bottom%3A%2030px%3B%20margin-top%3A%2020px%3B%20text-align%3A%20center%3B%20line-height%3A%2040px%3B%22%3ECsatlakozz%20a%20Sport24%20k%C3%B6z%C3%B6ss%C3%A9ghez%2C%20mondd%20el%20v%C3%A9lem%C3%A9nyedet%20z%C3%A1rt%20Facebook-csoportunkban%2C%20%C3%A9s%20vegy%C3%A9l%20r%C3%A9szt%20csak%20el%C5%91fizet%C5%91knek%20el%C3%A9rhet%C5%91%20exkluz%C3%ADv%20esem%C3%A9nyeinken.%3C%2Fh2%3E%0D%0A%3C%2Fdiv%3E%0D%0A%3Cp%20style%3D%22background%3A%20%2357A600%3B%20margin-top%3A%2020px%3B%20padding%3A%2020px%3B%20text-align%3A%20center%3B%22%3E%3Ca%20style%3D%22color%3A%20%23ffffff%3B%20font-size%3A%2026px%3B%20font-weight%3A%20600%3B%22%20href%3D%22https%3A%2F%2Fwww.facebook.com%2Fgroups%2F212344460412327%22%3ECSATLAKOZOM%3C%2Fa%3E%3C%2Fp%3E%0D%0A%0D%0A%3C%2Fdiv%3E\"]","type":"rich","thumbnail_url":"https:\/\/s.24.hu\/app\/uploads\/sites\/24\/2023\/10\/fortepan_73744-masolat-150x150.jpg","thumbnail_width":150,"thumbnail_height":150}