{"version":"1.0","provider_name":"Sport24","provider_url":"https:\/\/sport24.24.hu","author_name":"Bruckner G\u00e1bor","author_url":"https:\/\/sport24.24.hu\/author\/brucknerg\/","title":"Mi\u00e9rt van egyre t\u00f6bb t\u00e1rsrendez\u00e9s a nagy focitorn\u00e1kon?","html":"Az id\u00e9n Kanada \u00e9s az Egyes\u00fclt \u00c1llamok k\u00f6z\u00f6sen rendezte meg a CONCACAF-Aranykup\u00e1t. A k\u00e9t orsz\u00e1g Mexik\u00f3val kieg\u00e9sz\u00fclve a 2026-os vil\u00e1gbajnoks\u00e1g h\u00e1zigazd\u00e1ja lesz. Egy \u00e9vvel k\u00e9s\u0151bb h\u00e1rom kelet-afrikai orsz\u00e1g, Kenya, Tanz\u00e1nia \u00e9s Uganda v\u00e1rja az ANK r\u00e9sztvev\u0151it. 2028-ban \u00f6t h\u00e1zigazd\u00e1ja \u2013 Anglia, \u00c9szak-\u00cdrorsz\u00e1g, \u00cdrorsz\u00e1g, Sk\u00f3cia \u00e9s Wales \u2013 lesz az Eur\u00f3pa-bajnoks\u00e1gnak, amely 2000\u20132032 k\u00f6z\u00f6tt t\u00f6bbsz\u00f6r volt (\u00e9s lesz) t\u00e1rsrendez\u00e9s\u0171, mint sem. Azt\u00e1n j\u00f6n a 2030-as FIFA-monstrum: a centen\u00e1riumi vil\u00e1gbajnoks\u00e1g els\u0151 m\u00e9rk\u0151z\u00e9seit Argent\u00edn\u00e1ban, Uruguay-ban \u00e9s Paraguay-ban j\u00e1tssz\u00e1k, majd a torna meccseinek d\u00f6nt\u0151 t\u00f6bbs\u00e9g\u00e9t Spanyolorsz\u00e1gban, Portug\u00e1li\u00e1ban \u00e9s Marokk\u00f3ban bonyol\u00edtj\u00e1k le. A 2032-es Eb h\u00e1zigazd\u00e1ja Olaszorsz\u00e1g \u00e9s T\u00f6r\u00f6korsz\u00e1g.\r\n\r\nHa nem is \u0151r\u00fclt meg a vil\u00e1g \u2013 b\u00e1r a FIFA 2030-as vb-megval\u00f3s\u00edt\u00e1sa el\u00e9g \u0151r\u00fcletes \u2013, az tiszt\u00e1n l\u00e1tszik, hogy a k\u00f6zelj\u00f6v\u0151 v\u00e1logatott-labdar\u00fag\u00f3esem\u00e9nyei ink\u00e1bb a t\u00e1rsrendez\u00e9sek, mintsem az egy h\u00e1zigazd\u00e1s torn\u00e1k ir\u00e1ny\u00e1ba mutatnak. A 2034-es vil\u00e1gbajnoks\u00e1g megrendez\u00e9s\u00e9re ugyan Sza\u00fad-Ar\u00e1bia a favorit \u2013 el\u00e9g l\u00e1tv\u00e1nyosan kitiszt\u00edtotta a sza\u00fadiak el\u0151tt az utat a FIFA, \u00e9s a hatalmas \u00e1llam vill\u00e1mgyorsan be is jelentette a rendez\u00e9si sz\u00e1nd\u00e9k\u00e1t \u2013, de ez ink\u00e1bb kiv\u00e9telnek t\u0171nik a t\u00e1rsrendez\u00e9sek sor\u00e1ban. Pedig, ha valami, akkor ez olyan jelens\u00e9g volt, amit sok\u00e1ig nehezen vett be a szurkol\u00f3i gyomor.\r\n\r\n<span class=\"highlight-block\">Egy v\u00e1logatott torna \u2013 egy h\u00e1zigazda. \u00cdgy m\u0171k\u00f6d\u00f6tt ez tradicion\u00e1lisan a nemzetk\u00f6zi labdar\u00fag\u00f3\u00e9letben. <\/span>\r\n\r\nEz nem is volt k\u00e9rd\u00e9s: a tornarendez\u00e9s nemzeti \u00fcgy volt, egy orsz\u00e1g labdar\u00fag\u00f3kult\u00far\u00e1j\u00e1nak, infrastruktur\u00e1lis fejleszt\u00e9seinek demonstr\u00e1l\u00e1sa, (sport)politikai-t\u00e1rsadalmi k\u00e9rd\u00e9s. Nem v\u00e9letlen, hogy 1930 \u00e9s 1998 k\u00f6z\u00f6tt m\u00e9g csak fel sem vet\u0151d\u00f6tt komolyan a t\u00e1rsrendez\u00e9s gondolata a vil\u00e1gbajnoks\u00e1gokon, \u00e9s 2000 el\u0151tt csup\u00e1n egyetlen kontinenstorn\u00e1nak (1993, CONCACAF-Aranykupa) volt t\u00f6bb h\u00e1zigazd\u00e1ja. A 2000-t\u0151l kezd\u0151d\u0151 \u00e9r\u00e1ban viszont m\u00e1r 17 (10 m\u00e1r lebonyol\u00edtott \u00e9s 7 j\u00f6v\u0151beni) olyan nagy v\u00e1logatott-torn\u00e1t sz\u00e1molhatunk \u00f6ssze, amelyet t\u00f6bb orsz\u00e1g rendez(ett).\r\n\r\nA vil\u00e1g els\u0151 t\u00e1rsrendez\u00e9se pofonegyszer\u0171 volt: az 1993-as CONCACAF-Aranykup\u00e1t Mexik\u00f3 \u00e9s az Egyes\u00fclt \u00c1llamok rendezte meg, egy helysz\u00edn Mexik\u00f3v\u00e1rosban, egy Dallasban, enn\u00e9l jobban nem kellett bonyol\u00edtani. A 2000-es holland\u2013belga Eb-p\u00e1ly\u00e1zat m\u00e1r j\u00f3val komplik\u00e1ltabb volt, de sikert aratott: a k\u00e9t Benelux-\u00e1llam kimondottan j\u00f3 kontinenstorn\u00e1t tartott. J\u00f6hetett a 2002-es vil\u00e1gbajnoks\u00e1g, de itt m\u00e1r a k\u00fcls\u0151 k\u00e9nyszer is szerepet j\u00e1tszott. Jap\u00e1n \u00e9s riv\u00e1lisa, D\u00e9l-Korea eredetileg k\u00fcl\u00f6n-k\u00fcl\u00f6n k\u00e9sz\u00fclt rendez\u0151nek, de az \u00e1zsiai, az eur\u00f3pai \u00e9s a vil\u00e1gsz\u00f6vets\u00e9g noszogat\u00e1s\u00e1ra v\u00e9g\u00fcl \u00f6ssze\u00e1llt, t\u00f6rt\u00e9nelmi ellent\u00e9tei \u00e9s rivaliz\u00e1l\u00e1sa ellen\u00e9re. A jap\u00e1nokat k\u00fcl\u00f6n\u00f6sen nehezen lehetett meggy\u0151zni arr\u00f3l, hogy t\u00e1rsuljanak.\r\n<blockquote>Gy\u0151zelem ez nek\u00fcnk \u00e9s veres\u00e9g Jap\u00e1nnak. A jap\u00e1nok nem akartak t\u00e1rsrendez\u00e9st, de az utols\u00f3 pillanatban beadt\u00e1k a derekukat. Mi nyert\u00fcnk<\/blockquote>\r\n\u2013 <a href=\"https:\/\/www.nytimes.com\/1996\/06\/01\/sports\/soccer-south-korea-and-japan-will-share-world-cup.html\" target=\"_blank\" rel=\"noopener\">id\u00e9zte a New York Times<\/a> a d\u00e9l-koreai p\u00e1ly\u00e1zati bizotts\u00e1g egyik tagj\u00e1t, <strong>Kim Ga Jungot<\/strong>. A jap\u00e1n J-League akkori f\u0151n\u00f6ke, <strong>Mori Kendzsi<\/strong> \u201ea legrosszabb forgat\u00f3k\u00f6nyvnek\u201d min\u0151s\u00edtette a t\u00e1rsrendez\u00e9st.\r\n\r\nVolt mit elsim\u00edtania a k\u00f6z\u00f6s rendez\u0151bizotts\u00e1gnak a k\u00f6vetkez\u0151 \u00e9vekben, <strong>Sepp Blatter <\/strong>meg is jegyezte, hogy nem ilyen \u201eh\u00e1zass\u00e1gra\u201d gondolt. Csak egy apr\u00f3 p\u00e9lda:\r\n\r\n<span class=\"highlight-block-small\">a k\u00e9t szervez\u0151 f\u00e9l deleg\u00e1ci\u00f3inak h\u00e1rom \u00f3r\u00e1ba telt meg\u00e1llapodniuk a torna hivatalos nev\u00e9ben \u2013 az eld\u00f6ntend\u0151 k\u00e9rd\u00e9s az volt, hogy Korea vagy Jap\u00e1n j\u00f6jj\u00f6n el\u0151bb. <\/span>\r\n\r\n\u00c1m el\u0151bb \u00fajj\u00e1\u00e9p\u00fclt a k\u00e9t orsz\u00e1g stadion-infrastrukt\u00far\u00e1ja, majd sikeres lett az els\u0151 vil\u00e1gbajnoki t\u00e1rsrendez\u00e9s is \u2013 rekordsz\u00e1m\u00fa helysz\u00ednen (10 Jap\u00e1nban, 10 D\u00e9l-Kore\u00e1ban). Vb-t\u00e1rsrendez\u00e9st az\u00f3ta sem l\u00e1ttunk, de 2026-ban \u00e9s 2030-ban kett\u0151t is fogunk. Kontinent\u00e1lis szinten a t\u00e1rsrendez\u00e9s megszokott\u00e1 v\u00e1lt: csak az \u00d3ce\u00e1nia-bajnoks\u00e1gnak \u00e9s a Copa Am\u00e9ric\u00e1nak nem volt m\u00e9g t\u00f6bb h\u00e1zigazd\u00e1ja, minden m\u00e1s FIFA-z\u00f3na viadal\u00e1nak m\u00e1r igen. A j\u00f6v\u0151ben pedig ez lehet a norma.\r\n\r\nEnnek az oka a legink\u00e1bb az, hogy elkezdtek t\u00fal nagyra \u00e9s k\u00f6lts\u00e9gesre n\u0151ni a torn\u00e1k. Az al\u00e1bbi \u00e1br\u00e1n a vil\u00e1gbajnoki rendez\u0151(k)re h\u00e1rul\u00f3 terheket mutatjuk be: a v\u00e9b\u00e9n j\u00e1tsz\u00f3 csapatok, a helysz\u00ednek \u00e9s a m\u00e9rk\u0151z\u00e9sek sz\u00e1m\u00e1t.\r\n\r\n<iframe class=\"flourish-embed-iframe\" style=\"width: 100%;height: 600px\" title=\"Interactive or visual content\" src=\"https:\/\/flo.uri.sh\/visualisation\/15373903\/embed\" frameborder=\"0\" scrolling=\"no\"><\/iframe>\r\n<div style=\"width: 100%!;margin-top: 4px!important;text-align: right!important\"><a class=\"flourish-credit\" style=\"text-decoration: none!important\" href=\"https:\/\/public.flourish.studio\/visualisation\/15373903\/?utm_source=embed&amp;utm_campaign=visualisation\/15373903\" target=\"_top\" rel=\"noopener\"><img style=\"width: 105px!important;height: 16px!important;border: none!important;margin: 0!important\" src=\"https:\/\/public.flourish.studio\/resources\/made_with_flourish.svg\" alt=\"Made with Flourish\" \/> <\/a><\/div>\r\n&nbsp;\r\n\r\nKontinent\u00e1lis szinten is emelked\u0151 a trend: az Eur\u00f3pa-bajnoks\u00e1gon 2016-ban volt l\u00e9tsz\u00e1memel\u00e9s (16 helyett 24), az \u00c1zsia Kup\u00e1n \u00e9s az Afrikai Nemzetek Kup\u00e1j\u00e1n 2019-ben (16 helyett 24), a CONCACAF-Aranykup\u00e1n szint\u00e9n 2019-ben (12 helyett 16). A Copa Am\u00e9rica hagyom\u00e1nyosan t\u00edzcsapatos mez\u0151nye rendre vend\u00e9gcsapatokkal duzzad fel (2016-ban \u00e9s 2024-ben rekordot jelent\u0151 16-ra). Mindenb\u0151l (t\u00fal?) sok lesz: meccsb\u0151l, csapatb\u00f3l, a csapatokkal utaz\u00f3 szurkol\u00f3t\u00e1borokb\u00f3l. \u00c9s ne feledj\u00fck: a deleg\u00e1ci\u00f3knak b\u00e1zist \u00e9s megfelel\u0151 sz\u00e1ll\u00e1st is kell biztos\u00edtani, megfelel\u0151 edz\u0151komplexummal a k\u00f6zelben. Ez hatalmas k\u00f6lts\u00e9g \u00e9s kih\u00edv\u00e1s a rendez\u0151(k)nek. Ha a 48 csapatos vb-vel sz\u00e1molunk: b\u0151 30 \u00e9v alatt megdupl\u00e1z\u00f3dott a vil\u00e1gbajnoks\u00e1g r\u00e9sztvev\u0151inek l\u00e9tsz\u00e1ma , mint ahogy dupl\u00e1z\u00f3dott-tripl\u00e1z\u00f3dott a legt\u00f6bb kontinensviadal\u00e9.\r\n<div class=\"payable-content-section\"><\/div>\r\nUgyanakkor \u00e9rthet\u0151 a FIFA \u00e9s a kontinent\u00e1lis sz\u00f6vets\u00e9gek t\u00f6rekv\u00e9se a torn\u00e1k l\u00e9tsz\u00e1m\u00e1nak felduzzaszt\u00e1s\u00e1ra: t\u00f6bb meccs, t\u00f6bb bev\u00e9tel (legyen az jegy-, catering, merchandising, szponzori vagy k\u00f6zvet\u00edt\u00e9si jogd\u00edjbev\u00e9tel), t\u00f6bb szponzor, t\u00f6bb turista, maga a viadal pedig hosszabb ideig van reflektorf\u00e9nyben. \u00c9s ne feledj\u00fck, a kontinent\u00e1lis sz\u00f6vets\u00e9gek \u00e9gisze al\u00e1 tartoz\u00f3 v\u00e1logatottaknak is j\u00f3l j\u00f6n a l\u00e9tsz\u00e1memel\u00e9s: t\u00f6bb lehet\u0151s\u00e9g ad\u00f3dik sz\u00e1mukra, egy kvalifik\u00e1ci\u00f3 felfel\u00e9 \u00edvel\u0151 szakaszt ind\u00edthat el egy-egy v\u00e1logatott \u00e9let\u00e9ben, no meg plusz anyagi forr\u00e1sokhoz juttathatja a nemzeti sz\u00f6vets\u00e9geket is.\r\n\r\n<span class=\"highlight-block\">A vil\u00e1gbajnoks\u00e1gokon el\u0151\u00edrt infrastruktur\u00e1lis k\u00f6vetelm\u00e9nyeknek m\u00e1r alig-alig k\u00e9pes egyetlen orsz\u00e1g megfelelni. <\/span>\r\n\r\nAz els\u0151 48 csapatos torn\u00e1ra \u2013 2026 \u2013 a FIFA 48 csapatb\u00e1zist (72-b\u0151l kell kiv\u00e1lasztani), az ezekhez tartoz\u00f3 48 edz\u0151komplexumot, minden stadion k\u00f6zel\u00e9ben 2\u20134 csapathotelt \u00edr el\u0151. Minden helysz\u00ednnek legal\u00e1bb 40 000 f\u0151 befogad\u00f3k\u00e9pess\u00e9g\u0171nek kell lennie, az el\u0151d\u00f6nt\u0151knek helyet biztos\u00edt\u00f3 stadionok kapacit\u00e1sa minimum 60 000 f\u0151, a nyit\u00f3m\u00e9rk\u0151z\u00e9s \u00e9s a d\u00f6nt\u0151 helysz\u00edne pedig legal\u00e1bb 80 000-es \u2013 term\u00e9szetesen csak \u00fcl\u0151helyekr\u0151l besz\u00e9l\u00fcnk. A stadionokkal szemben van fenntarthat\u00f3s\u00e1gi k\u00f6vetelm\u00e9ny is.\r\n\r\n<a href=\"https:\/\/medias24.com\/content\/uploads\/2023\/06\/25\/Overview-of-Hosting-Requirements-FIFA-World-Cup-2030.pdf?x78923\" target=\"_blank\" rel=\"noopener\">A 2030-as torna p\u00e1ly\u00e1zati k\u00f6nyve<\/a> szerint minimum 14 megfelel\u0151 stadiont kell prezent\u00e1lni (b\u00e1r a FIFA ink\u00e1bb 14\u201320 lehet\u0151s\u00e9gb\u0151l v\u00e1lasztana), \u00e9s ezekb\u0151l h\u00e9tnek m\u00e1r kor\u00e1bban meg\u00e9p\u00edtettnek kell lennie. Ez a kit\u00e9tel a The Guardian inform\u00e1ci\u00f3i szerint kiker\u00fclt a 2034-es p\u00e1ly\u00e1zati k\u00e9zik\u00f6nyvb\u0151l \u2013 \u00e9s val\u00f3ban, az okt\u00f3ber 4-\u00e9n hat\u00e1lyba l\u00e9pett <a href=\"https:\/\/digitalhub.fifa.com\/m\/28801bb1a9d35eac\/original\/-1861_Bidding-processes-for-the-FIFA-World-Cup-2030-and-the-FIFA-World-Cup-2034.pdf\" target=\"_blank\" rel=\"noopener\">\u00faj sz\u00f6vegv\u00e1ltozat<\/a> m\u00e1r csak n\u00e9gy l\u00e9tez\u0151 stadiont eml\u00edt. A rossz nyelvek szerint ez is arra utal, hogy Sza\u00fad-Ar\u00e1bia \u00fatja ki van k\u00f6vezve a rendez\u00e9s fel\u00e9, hiszen a sza\u00fadiaknak \u00e9rdekes m\u00f3don pont n\u00e9gy, m\u00e1r meg\u00e9p\u00edtett, magas sz\u00ednvonal\u00fa stadionja lesz a 2027-es \u00c1zsia Kupa megrendez\u00e9se miatt.\r\n\r\nA FIFA t\u00e1masztotta k\u00f6vetelm\u00e9nyrendszernek olyannyira nem k\u00f6nny\u0171 megfelelni, hogy jelenlegi infrastrukt\u00far\u00e1j\u00e1val, tov\u00e1bbi fejleszt\u00e9sek n\u00e9lk\u00fcl nem lenne alkalmas egy 48 csapatos vb megrendez\u00e9s\u00e9re\r\n<ul>\r\n \t<li>N\u00e9metorsz\u00e1g (nincs 80 000 n\u00e9z\u0151t befogad\u00f3, csak \u00fcl\u0151helyes stadion, a dortmundi Signal Iduna Park \u00e1ll\u00f3helyekkel \u00e9ri el a 81 365 f\u0151s teljes kapacit\u00e1st),<\/li>\r\n \t<li>Anglia (nincs el\u00e9g 40 000 f\u0151 befogad\u00f3k\u00e9pess\u00e9g f\u00f6l\u00f6tti stadion; m\u00e9g a r\u00f6gbiszent\u00e9ly Twickenham \u00e9s az \u00e9p\u00fcl\u0151 \u00faj Everton-stadion bevon\u00e1s\u00e1val is csak 13 lenne az alkalmas helysz\u00ednek sz\u00e1ma, r\u00e1ad\u00e1sul ezek k\u00f6z\u00fcl 6 londoni),<\/li>\r\n \t<li>Olaszorsz\u00e1g (csak 6, legal\u00e1bb 40 000-es befogad\u00f3k\u00e9pess\u00e9g\u0171 stadion van, a l\u00e9tes\u00edtm\u00e9nyek t\u00f6bbs\u00e9ge elavult),<\/li>\r\n \t<li>Franciaorsz\u00e1g (csup\u00e1n 7, legal\u00e1bb 40 000-es stadion),<\/li>\r\n \t<li>\u00e9s Spanyolorsz\u00e1g (csak 11, legal\u00e1bb 40 000-es stadion) sem.<\/li>\r\n<\/ul>\r\nAz UEFA szab\u00e1lyai \u2013 legal\u00e1bb egy 60\u00a0000-es, egy vagy k\u00e9t 50\u00a0000-es, n\u00e9gy 40\u00a0000-es \u00e9s h\u00e1rom 30\u00a0000-es ar\u00e9na \u2013 sem \u00e9ppen k\u00f6nnyen teljes\u00edthet\u0151k.\r\n\r\nAz egyre b\u0151v\u00fcl\u0151 torn\u00e1khoz egyre t\u00f6bb helysz\u00edn, b\u00e1zis \u00e9s edz\u0151komplexum sz\u00fcks\u00e9ges, \u00e9s a vil\u00e1g- vagy kontinent\u00e1lis sz\u00f6vets\u00e9gek aligha fognak lejjebb adni az ig\u00e9nyeikb\u0151l. Sokatmond\u00f3, hogy a fenti p\u00e9lda alapj\u00e1n tov\u00e1bbi \u00e1talak\u00edt\u00e1s n\u00e9lk\u00fcl m\u00e9g az \u00f6t eur\u00f3pai topbajnoks\u00e1g orsz\u00e1g\u00e1nak stadion-infrastrukt\u00far\u00e1ja sem lenne alkalmas vb-rendez\u00e9sre \u2013 igaz, csak kisebb m\u00f3dos\u00edt\u00e1sokra szorulna. Nagyon kev\u00e9s orsz\u00e1g van, amely a FIFA felt\u00e9telrendszere mellett \u201eak\u00e1r holnap\u201d vil\u00e1gbajnoks\u00e1got tudna rendezni.\r\n\r\n<iframe class=\"flourish-embed-iframe\" style=\"width: 100%;height: 600px\" title=\"Interactive or visual content\" src=\"https:\/\/flo.uri.sh\/visualisation\/15378943\/embed\" frameborder=\"0\" scrolling=\"no\"><\/iframe>\r\n<div style=\"width: 100%!;margin-top: 4px!important;text-align: right!important\"><a class=\"flourish-credit\" style=\"text-decoration: none!important\" href=\"https:\/\/public.flourish.studio\/visualisation\/15378943\/?utm_source=embed&amp;utm_campaign=visualisation\/15378943\" target=\"_top\" rel=\"noopener\"><img style=\"width: 105px!important;height: 16px!important;border: none!important;margin: 0!important\" src=\"https:\/\/public.flourish.studio\/resources\/made_with_flourish.svg\" alt=\"Made with Flourish\" \/> <\/a><\/div>\r\n&nbsp;\r\n\r\nTerm\u00e9szetesen fel lehet h\u00fazni egy csom\u00f3 \u00faj stadiont (ahogyan azt Jap\u00e1n \u00e9s D\u00e9l-Korea, majd Katar tette, \u00e9s ahogyan azt val\u00f3sz\u00edn\u0171leg Sza\u00fad-Ar\u00e1bia is teszi majd), de erre nem mindenhol lesz b\u00fcdzs\u00e9 \u00e9s akarat. A m\u00e1sik logikus ir\u00e1ny a t\u00e1rsrendez\u00e9s. <span class=\"highlight-block-small\">K\u00f6nnyebb teljes\u00edteni az infrastruktur\u00e1lis el\u0151\u00edr\u00e1sokat, eloszlanak a terhek \u00e9s a k\u00f6lts\u00e9gek, kisebb a val\u00f3sz\u00edn\u0171s\u00e9ge, hogy egy orsz\u00e1g \u201efeh\u00e9r elef\u00e1ntok\u201d \u2013 hatalmas fenntart\u00e1si k\u00f6lts\u00e9g\u0171, kihaszn\u00e1latlan l\u00e9tes\u00edtm\u00e9nyek \u2013 sor\u00e1t kapja a nyak\u00e1ba.<\/span>\r\n\r\n\u00cdgy azt\u00e1n t\u00e1rsrendez\u0151k (Spanyolorsz\u00e1g\u2013Portug\u00e1lia\u2013Marokk\u00f3, illetve Argent\u00edna\u2013Uruguay\u2013Paraguay) versengtek volna a 2030-as vil\u00e1gbajnoks\u00e1g rendez\u00e9si jog\u00e1\u00e9rt, hogy azt\u00e1n v\u00e9g\u00fcl a FIFA egy k\u00fcl\u00f6n\u00f6s d\u00f6nt\u00e9ssel \u201emindenkinek oda\u00edt\u00e9lje\u201d a torn\u00e1t.\r\n\r\nT\u00e1rsrendez\u0151k lesznek a 2027-es Afrikai Nemzetek Kup\u00e1ja, valamint a 2028-as \u00e9s 2032-es Eb h\u00e1zigazd\u00e1i. Az m\u00e9g a jobbik eset, ha szomsz\u00e9dos, kultur\u00e1lisan is hasonl\u00f3 orsz\u00e1gok rendeznek egy\u00fctt, de p\u00e9ld\u00e1ul az olasz\u2013t\u00f6r\u00f6k rendez\u0151du\u00f3t vajmi kev\u00e9s dolog k\u00f6ti \u00f6ssze, lesz\u00e1m\u00edtva, hogy a Mediterr\u00e1neum meghat\u00e1roz\u00f3 orsz\u00e1gair\u00f3l van sz\u00f3. A t\u00e1rsul\u00e1s kisebb \u00e9s k\u00f6zepes orsz\u00e1goknak is lehet\u0151s\u00e9get biztos\u00edt \u2013 Portug\u00e1lia vagy Marokk\u00f3 \u00f6n\u00e1ll\u00f3an aligha tudna vil\u00e1gbajnoks\u00e1got rendezni \u2013, ak\u00e1r a r\u00e9gi\u00f3s egy\u00fcttm\u0171k\u00f6d\u00e9st is er\u0151s\u00edtheti.\r\n\r\nAz m\u00e1r m\u00e1s k\u00e9rd\u00e9s, hogy\r\n\r\n<span class=\"highlight-block\">a t\u00e1rsrendez\u00e9s utaz\u00e1si \u00e9s versenyszervez\u00e9si k\u00e9rd\u00e9seket egyar\u00e1nt felvethet. <\/span>\r\n\r\nH\u00e1ny hely j\u00e1rjon sok h\u00e1zigazda eset\u00e9n a t\u00e1rsrendez\u0151knek? A FIFA a 2030-as vil\u00e1gbajnoks\u00e1gra egy laza mozdulattal hat helyet lefoglalt a 48-b\u00f3l \u2013 minden bizonnyal a marad\u00e9k 42-\u00e9rt harcba sz\u00e1ll\u00f3 t\u00f6bbi tagorsz\u00e1g legnagyobb \u00f6r\u00f6m\u00e9re \u2013, az UEFA szab\u00e1lyzata viszont csak k\u00e9t helyet tart fenn az Eb-h\u00e1zigazd\u00e1knak, \u00edgy Anglia, \u00c9szak-\u00cdrorsz\u00e1g, \u00cdrorsz\u00e1g, Sk\u00f3cia \u00e9s Wales megvitathatja, hogy melyik\u00fck lesz automatikus kijut\u00f3 2028-ra. Az angolok m\u00e1r jelezt\u00e9k, \u00f6nk\u00e9nt lemondanak a fix helyr\u0151l, \u00e9s ink\u00e1bb megv\u00edvn\u00e1k a selejtez\u0151ket. A 2030-as vb lebonyol\u00edt\u00e1sa r\u00e9m\u00e1lomszer\u0171 lesz azoknak a csapatoknak, amelyeknek el\u0151sz\u00f6r el kell utazniuk D\u00e9l-Amerik\u00e1ba, hogy azt\u00e1n Spanyolorsz\u00e1gban, Portug\u00e1li\u00e1ban vagy Marokk\u00f3ban folytass\u00e1k \u2013 nem is besz\u00e9lve a szurkol\u00f3t\u00e1boraikr\u00f3l.\r\n\r\nAzt aligha lehet vitatni, hogy a t\u00e1rsrendez\u00e9sekkel valami egyedi elv\u00e9sz a nagy torn\u00e1kb\u00f3l. Nincs meg az az egys\u00e9ges keret, amit a sz\u00f3l\u00f3rendez\u00e9s biztos\u00edtana, a drukkerek nem egy orsz\u00e1got utaznak be kereszt\u00fcl-kasul, megismerve annak stadionjait \u00e9s lakosait. Plusz kih\u00edv\u00e1sokat rejteget(het)nek magukban az utaz\u00e1sok \u00e9s a hat\u00e1r\u00e1tkel\u00e9sek. De a logika \u2013 \u00e9s az \u00fczlet \u2013 a t\u00e1rsrendez\u00e9sek malm\u00e1ra hajtja a vizet. M\u00e1rpedig a logik\u00e1t fel lehet r\u00fagni (m\u00e9g ha nem is \u00e9rdemes), de senki sem ellens\u00e9ge a saj\u00e1t \u00fczlet\u00e9nek. Pl\u00e1ne, ha a labdar\u00fag\u00e1st ir\u00e1ny\u00edt\u00f3 nagy szervezetekr\u0151l van sz\u00f3.\r\n\r\n[prefabricated_shortcode in_app=\"0\" code=\"%3Cdiv%20class%3D%22article_box_border%22%20style%3D%22background%3A%20url%28%27https%3A%2F%2F24.p3k.hu%2Fapp%2Fuploads%2Fsites%2F24%2F2021%2F05%2Fsport24-pattern.png%27%29%20no-repeat%20left%20-16px%20%23f3f3f4%3B%20border%3A%20none%3B%22%3E%0D%0A%3Cdiv%20class%3D%22article_solidheader%22%3E%0D%0A%3Ch2%20style%3D%22color%3A%20%23111115%21important%3B%20font-size%3A%2036px%3B%20font-weight%3A%20bold%3B%20margin-bottom%3A%2030px%3B%20margin-top%3A%2020px%3B%20text-align%3A%20center%3B%20line-height%3A%2036px%3B%22%3E%3Cimg%20class%3D%22aligncenter%20size-full%20wp-image-141%22%20src%3D%22https%3A%2F%2F24.p3k.hu%2Fapp%2Fuploads%2Fsites%2F24%2F2021%2F05%2Fs24-logo-dt.png%22%20alt%3D%22%22%20width%3D%22408%22%20height%3D%2290%22%20%2F%3E%3C%2Fh2%3E%0D%0A%3Ch2%20style%3D%22color%3A%20%23111115%21important%3B%20font-size%3A%2036px%3B%20font-weight%3A%20bold%3B%20margin-bottom%3A%2030px%3B%20margin-top%3A%2020px%3B%20text-align%3A%20center%3B%20line-height%3A%2040px%3B%22%3ECsatlakozz%20a%20Sport24%20k%C3%B6z%C3%B6ss%C3%A9ghez%2C%20mondd%20el%20v%C3%A9lem%C3%A9nyedet%20z%C3%A1rt%20Facebook-csoportunkban%2C%20%C3%A9s%20vegy%C3%A9l%20r%C3%A9szt%20csak%20el%C5%91fizet%C5%91knek%20el%C3%A9rhet%C5%91%20exkluz%C3%ADv%20esem%C3%A9nyeinken.%3C%2Fh2%3E%0D%0A%3C%2Fdiv%3E%0D%0A%3Cp%20style%3D%22background%3A%20%2357A600%3B%20margin-top%3A%2020px%3B%20padding%3A%2020px%3B%20text-align%3A%20center%3B%22%3E%3Ca%20style%3D%22color%3A%20%23ffffff%3B%20font-size%3A%2026px%3B%20font-weight%3A%20600%3B%22%20href%3D%22https%3A%2F%2Fwww.facebook.com%2Fgroups%2F212344460412327%22%3ECSATLAKOZOM%3C%2Fa%3E%3C%2Fp%3E%0D%0A%0D%0A%3C%2Fdiv%3E\"]","type":"rich","thumbnail_url":"https:\/\/s.24.hu\/app\/uploads\/sites\/24\/2023\/10\/gettyimages-666922254-masolat-150x150.jpg","thumbnail_width":150,"thumbnail_height":150}