{"version":"1.0","provider_name":"Sport24","provider_url":"https:\/\/sport24.24.hu","author_name":"Fut\u00f3 Csaba","author_url":"https:\/\/sport24.24.hu\/author\/futocs\/","title":"Mi\u00e9rt szenved egy csapat, amelynek Erling Haaland a csat\u00e1ra?","html":"Hazai p\u00e1ly\u00e1n pr\u00f3b\u00e1lt belekapaszkodni az utols\u00f3 szalmasz\u00e1lba Norv\u00e9gia az Eur\u00f3pa-bajnoki selejtez\u0151sorozatban, Spanyolorsz\u00e1got kellett volna legy\u0151zni ahhoz, hogy legyen m\u00e9g es\u00e9ly megcs\u00edpni az els\u0151 k\u00e9t, automatikus kijut\u00e1st \u00e9r\u0151 hely valamelyik\u00e9t az A csoportban. <strong>Stale Solbakken<\/strong> csapata azonban csal\u00f3d\u00e1st kelt\u0151 teljes\u00edtm\u00e9nyt ny\u00fajtott, momentuma is alig volt a meccsen, a spanyolok pedig<strong> Gavi<\/strong> m\u00e1sodik f\u00e9lid\u0151 elej\u00e9n szerzett \u2013 majd k\u00f6zel \u00f6t perc VAR-oz\u00e1s ut\u00e1n megadott, \u00e9s a norv\u00e9gok \u00e1ltal vitatott \u2013 g\u00f3lj\u00e1val nyertek, kijutottak a n\u00e9metorsz\u00e1gi Eb-re, \u00e9s <a href=\"https:\/\/rangado.24.hu\/nemzetkozi_foci\/2023\/10\/15\/eb-selejtezo-torokorszag-spanyolorszag-es-skocia-kijutott-a-2024-es-tornara\/\">vitt\u00e9k magukkal a sk\u00f3tokat is<\/a>.\r\n\r\nNorv\u00e9gi\u00e1nak m\u00e9g lehet es\u00e9lye oda\u00e9rni a p\u00f3tselejtez\u0151t \u00e9r\u0151 helyek valamelyik\u00e9re, de ehhez sok mindennek kell teljes\u00fclnie. R\u00f6viden a l\u00e9nyeg, hogy a Nemzetek Lig\u00e1ja-rangsorban el\u0151tte \u00e1ll\u00f3 22 v\u00e1logatott \u2013 a h\u00e1zigazda N\u00e9metorsz\u00e1got nem sz\u00e1m\u00edtva \u2013 k\u00f6z\u00fcl tizenhatnak is kvalifik\u00e1lnia kellene az Eb-re a csoportk\u00f6rb\u0151l.\r\n\r\n<span class=\"highlight-block-small\">A rem\u00e9ny teh\u00e1t m\u00e9g \u00e9l, m\u00e1s k\u00e9rd\u00e9s, hogy ezt \u00f6ner\u0151b\u0151l m\u00e1r nem tudja beteljes\u00edteni a csapat, mik\u00f6zben Norv\u00e9gia egy csom\u00f3 \u00edg\u00e9retes j\u00e1t\u00e9kost tudhat a keret\u00e9ben, \u00e9s k\u00e9t olyan klasszissal is rendelkezik, mint <strong>Erling Haaland<\/strong> \u00e9s <strong>Martin \u00d6degaard<\/strong>.<\/span>\r\n\r\nA sz\u00f6vets\u00e9gi kapit\u00e1ny sem ak\u00e1rki, a j\u00e1t\u00e9kos p\u00e1lyafut\u00e1s\u00e1t egy hirtelen sz\u00edvle\u00e1ll\u00e1s miatt id\u0151 el\u0151tt befejez\u0151 Solbakken dolgozott N\u00e9metorsz\u00e1gban a K\u00f6lnn\u00e9l \u00e9s Angli\u00e1ban a Wolverhamptonn\u00e1l is, m\u00edg a K\u00f6benhavnt k\u00e9t id\u0151szakban t\u00f6bb mint 600 m\u00e9rk\u0151z\u00e9sen ir\u00e1ny\u00edtotta. Nyolc d\u00e1n bajnoki c\u00edm \u00e9s n\u00e9gy D\u00e1n Kupa-gy\u0151zelem mellett t\u00f6bbsz\u00f6r is a Bajnokok Lig\u00e1ja, valamint az Eur\u00f3pa Liga csoportk\u00f6r\u00e9be juttatta a csapatot.\r\n\r\n[caption id=\"attachment_10445\" align=\"alignnone\" width=\"1810\"]<img class=\"size-full wp-image-10445\" src=\"https:\/\/sport24.24.hu\/app\/uploads\/sites\/24\/2023\/10\/solbakken.jpg\" alt=\"\" width=\"1810\" height=\"1204\" \/> Stale Solbakken[\/caption]\r\n\r\nLehetne teh\u00e1t szerencs\u00e9s egy\u00fctt\u00e1ll\u00e1sr\u00f3l besz\u00e9lni, az eredm\u00e9nysor m\u00e9gis csal\u00f3d\u00e1st kelt\u0151. Solbakken els\u0151 komoly pr\u00f3bat\u00e9tele a 2022-es vil\u00e1gbajnoki selejtez\u0151sorozat volt, akkor Hollandia \u00e9s T\u00f6r\u00f6korsz\u00e1g is megel\u0151zte Norv\u00e9gi\u00e1t \u2013 amely a k\u00e9t f\u0151 csoportriv\u00e1lis ellen egyszer sem tudott nyerni \u2013, a kapit\u00e1ny azonban nagyon fogadkozott, 99 sz\u00e1zal\u00e9kban biztosnak mondta, hogy csapata ott lesz a n\u00e9metorsz\u00e1gi Eb-n. Rosszul \u00f6regedett ez a kijelent\u00e9se, mivel a norv\u00e9goknak csak a szurkol\u00e1s maradt a h\u00e1tral\u00e9v\u0151 meccsekre, hogy legal\u00e1bb a p\u00f3tselejtez\u0151 meglegyen.\r\n\r\nMeg persze a norv\u00e9g sajt\u00f3 cs\u00e1mcsog\u00e1sa azon, hogy vajon Solbakken-e a megfelel\u0151 ember a sz\u00f6vets\u00e9gi kapit\u00e1nyi posztra. A spanyolok elleni hazai veres\u00e9get k\u00f6vet\u0151en a TV2 p\u00e9ld\u00e1ul a csapatkapit\u00e1nyt, \u00d6degaardot, valamint a v\u00e1logatott v\u00e9d\u0151j\u00e9t, <strong>Leo Skiri \u00d6stigaardot<\/strong> is faggatta err\u0151l, ut\u00f3bbinak egym\u00e1s ut\u00e1n h\u00e1rom k\u00fcl\u00f6nb\u00f6z\u0151 m\u00f3don is feltett\u00e9k az erre vonatkoz\u00f3 k\u00e9rd\u00e9st.\r\n<blockquote>Sohasem voltunk m\u00e9g jobbak. Biztosan ideges\u00edti az embereket, hogy mindig ezt hajtogatom, \u00e9s hogy ism\u00e9t el\u00faszott egy kijut\u00e1s. De t\u00e9nyleg l\u00e9p\u00e9sr\u0151l l\u00e9p\u00e9sre halad a csapat, mi\u00f3ta ez a projekt elkezd\u0151d\u00f6tt, \u00fagy \u00e9rzem, hogy a j\u00f3 \u00faton j\u00e1runk<\/blockquote>\r\n\u2013 \u00e9rt\u00e9kelt \u00d6degaard vas\u00e1rnap este, jelezve, hogy a kerettagok tov\u00e1bbra is megb\u00edznak a kapit\u00e1nyban, \u00e9s abban m\u00e9g a Solbakkent b\u00edr\u00e1l\u00f3 norv\u00e9g szak\u00e9rt\u0151k is egyet\u00e9rtenek, hogy b\u00e1r az eredm\u00e9nyek elmaradnak, r\u00e9g nem l\u00e1tott csapategys\u00e9g jellemzi a v\u00e1logatottat.\r\n\r\n[caption id=\"attachment_10446\" align=\"alignnone\" width=\"2904\"]<img class=\"size-full wp-image-10446\" src=\"https:\/\/sport24.24.hu\/app\/uploads\/sites\/24\/2023\/10\/odegaard.jpg\" alt=\"\" width=\"2904\" height=\"1936\" \/> Martin \u00d6degaard (jobbra) \u00e9s \u00c1lvaro Morata harca a labd\u00e1\u00e9rt a m\u00e1rciusi rangad\u00f3n.[\/caption]\r\n\r\nHa annak okait keress\u00fck, mi\u00e9rt maradnak le rendre a nagy torn\u00e1kr\u00f3l a norv\u00e9gok, k\u00f6nnyen r\u00e1 lehetne v\u00e1gni, hogy az 5,5 milli\u00f3 lakos\u00fa orsz\u00e1gban a t\u00e9li sportok a n\u00e9pszer\u0171ek, \u00e1m ez el\u00e9g olcs\u00f3 magyar\u00e1zat lenne, \u00e9s m\u00e9g csak nem is igaz. Egyfel\u0151l a futballt is sokan szeretik, m\u00e1sfel\u0151l pedig az utols\u00f3 norv\u00e9g Eb-szerepl\u00e9s \u00f3ta sokkal kisebb n\u00e9pess\u00e9g\u0171 nemzetek is sikerrel vett\u00e9k a kvalifik\u00e1ci\u00f3t (el\u00e9g csak Izlandot, \u00c9szak-\u00cdrorsz\u00e1got, Bosznia-Hercegovin\u00e1t vagy az ebben az id\u0151szakban k\u00e9t vb-\u00e9rmet szerz\u0151 Horv\u00e1torsz\u00e1got eml\u00edteni). Az \u00e9szaki r\u00e9gi\u00f3b\u00f3l D\u00e1nia \u00e9s Sv\u00e9dorsz\u00e1g szinte \u00e1lland\u00f3 szerepl\u0151i a vil\u00e1gesem\u00e9nyeknek, a m\u00e1r eml\u00edtett izlandi p\u00e9lda mellett pedig Finnorsz\u00e1got is lehet eml\u00edteni, \u0151k 2021-ben voltak ott az Eb-n.\r\n\r\nNorv\u00e9gia focit\u00f6rt\u00e9nelm\u00e9ben volt egy aranykorszak, amikor 1994-ben \u00e9s 1998-ban vil\u00e1gbajnoks\u00e1gon, 2000-ben pedig Eb-n vett r\u00e9szt a v\u00e1logatott. Meccset mindegyik torn\u00e1n nyert, Franciaorsz\u00e1gban a brazilok legy\u0151z\u00e9se pedig a preszt\u00edzs mellett m\u00e9g tov\u00e1bbjut\u00e1st is \u00e9rt, a nyolcadd\u00f6nt\u0151ben Olaszorsz\u00e1g b\u00facs\u00faztatta azt\u00e1n az \u00e9szaki csapatot. Ekkor a v\u00e1logatott j\u00e1t\u00e9kosai els\u0151sorban Angli\u00e1ban profiskodtak, az orsz\u00e1g pedig az \u00e9len j\u00e1rt a sportanalitik\u00e1ban, amit sikeresen hasznos\u00edtott a futballp\u00e1ly\u00e1n. Az a lend\u00fclet ebben sport\u00e1gban nem tartott ki (nem \u00fagy, mint a t\u00e9li sportokban), jelenleg nincs nemzeti edz\u0151k\u00f6zpont Norv\u00e9gi\u00e1ban, ami el is t\u00fcntette az akkori versenyel\u0151nyt a t\u00f6bbiekkel szemben. \u00cdgy viszont a sikeres selejtez\u0151 teljes\u00edt\u00e9se is sokkal nehezebb, \u00e9s ha a p\u00f3tselejtez\u0151t el is \u00e9rte olykor a csapat, azon m\u00e1r elhasalt \u2013 2015-ben \u00e9pp Magyarorsz\u00e1ggal szemben.\r\n<div class=\"payable-content-section\"><\/div>\r\nA kor\u00e1bban a Feh\u00e9rv\u00e1rt ir\u00e1ny\u00edt\u00f3, jelenleg a sv\u00e9d AIK-t tren\u00edroz\u00f3 <strong>Henning Berg<\/strong> m\u00e9g a spanyolok elleni meccs el\u0151tt <a href=\"https:\/\/www.thenationalnews.com\/sport\/football\/2023\/10\/15\/next-golden-generation-norway-led-by-haaland-have-the-talent-for-a-bright-future\/\">k\u00e9t dolgot emelt ki<\/a> a norv\u00e9g v\u00e1logatott \u00e1ltal\u00e1nos gyeng\u00e9lked\u00e9se kapcs\u00e1n a The National Newsnak nyilatkozva. Szerinte nem seg\u00edti a nemzeti csapat szerepl\u00e9s\u00e9t, hogy tavaszi-\u0151szi lebonyol\u00edt\u00e1sban rendezik a norv\u00e9g \u00e9lvonal m\u00e9rk\u0151z\u00e9seit, \u00edgy amikor a v\u00e1logatott m\u00e1rcius magass\u00e1g\u00e1ban a fontos meccseit v\u00edvja, akkor az otthon j\u00e1tsz\u00f3 j\u00e1t\u00e9kosok m\u00e9g nincsenek meccsterhel\u00e9s alatt. Ugyan a kerettagok t\u00f6bbs\u00e9ge m\u00e1r els\u0151sorban l\u00e9gi\u00f3s, \u00e9s toplig\u00e1b\u00f3l csatlakozik a csapathoz, de val\u00f3ban voltak az Eliteserienb\u0151l \u00e9rkez\u0151 labdar\u00fag\u00f3k a kezd\u0151ben tavasszal is.\r\n\r\n<span class=\"highlight-block-small\">Nagyobb baj az, amit Berg mellett az ESPN-n\u00e9l szak\u00e9rt\u0151 <strong>Jan Aage Fj\u00f6rtoft<\/strong> is <a href=\"https:\/\/www.youtube.com\/watch?v=k-mY23FmiFA\">eml\u00edtett<\/a>, miszerint mintha a norv\u00e9gok elfelejtettek volna v\u00e9d\u0151ket nevelni az elm\u00falt \u00e9vekben, illetve akik vannak, azok csak elv\u00e9tve j\u00e1tszanak, \u00edgy azt\u00e1n hi\u00e1ba j\u00f6tt \u00f6ssze rendk\u00edv\u00fcl min\u0151s\u00e9gi alapanyag a t\u00e1mad\u00f3egys\u00e9gben, ha k\u00f6zben sebezhet\u0151 h\u00e1tul a csapat.<\/span>\r\n\r\nUt\u00f3bbi k\u00e9t probl\u00e9ma a p\u00e1ly\u00e1n \u00f6sszekapcsol\u00f3dott a selejtez\u0151 kezdet\u00e9n. Norv\u00e9gia ugyan j\u00f3 j\u00e1t\u00e9kkal, de 3-0-s spanyolorsz\u00e1gi veres\u00e9ggel kezdett, majd csak 1-1-et j\u00e1tszott Gr\u00fazi\u00e1ban (Georgia), \u00e9s azt\u00e1n j\u00faniusban otthon kapott ki Sk\u00f3ci\u00e1t\u00f3l 2-1-re \u00fagy, hogy a 87. perc kezdet\u00e9n m\u00e9g vezetett. A kapuban ezeken a m\u00e9rk\u0151z\u00e9seken <strong>Orjan Nyland<\/strong> \u00e1llt, aki Sevill\u00e1ban <strong>Bono<\/strong> m\u00f6g\u00e9 szorult, el\u0151tte a v\u00e9delemben pedig az egyik j\u00e1t\u00e9kos az a Leo \u00d6stigaard volt, aki az el\u0151z\u0151 szezonban alig j\u00e1tszott a Napoliban, m\u00edg a hazai bajnoks\u00e1gb\u00f3l \u00e9rkez\u0151 <strong>Stefan Strandberg<\/strong> az els\u0151 k\u00e9t selejtez\u0151s fordul\u00f3 el\u0151tt h\u00f3napokig csak felk\u00e9sz\u00fcl\u00e9si meccseken l\u00e9pett p\u00e1ly\u00e1ra, azaz stabilnak semmik\u00e9ppen sem volt nevezhet\u0151 a v\u00e9delem. Ezt mutatja az \u00f6t bekapott g\u00f3l is, noha nem lehet ezt a h\u00e1rom eml\u00edtett j\u00e1t\u00e9kos nyak\u00e1ba varrni.\r\n\r\n[caption id=\"attachment_10447\" align=\"alignnone\" width=\"4575\"]<img class=\"size-full wp-image-10447\" src=\"https:\/\/sport24.24.hu\/app\/uploads\/sites\/24\/2023\/10\/orjen-nyland.jpg\" alt=\"\" width=\"4575\" height=\"3050\" \/> Orjen Nyland[\/caption]\r\n\r\nAmivel s\u00fcrg\u0151sen kezdenie kell valamit Norv\u00e9gi\u00e1nak, az a fontos m\u00e9rk\u0151z\u00e9seken ny\u00fajtott teljes\u00edtm\u00e9nye. El\u0151ker\u00fclt kor\u00e1bban, hogy a katari vb selejtez\u0151j\u00e9ben nem siker\u00fclt egyik k\u00f6zvetlen ellenfel\u00e9t sem legy\u0151znie, \u00e9s ez a helyzet ugyan v\u00e1ltozott mostanra, csak \u00e9pp nem a j\u00f3 ir\u00e1nyba: h\u00e1rom meccs a spanyol, sk\u00f3t kett\u0151s ellen, h\u00e1rom veres\u00e9g a v\u00e9ge. G\u00f3lt csak egyet siker\u00fclt szerezni (b\u00fcntet\u0151b\u0151l), mik\u00f6zben hatot kapott a csapat.\r\n\r\nA csapat legnagyobb szt\u00e1rja, Haaland a spanyolok elleni nyit\u00e1nyon m\u00e9g nem j\u00e1tszott, ut\u00e1na viszont n\u00e9gy m\u00e9rk\u0151z\u00e9sen hat g\u00f3llal (ezzel holtversenyben harmadik) \u00e9s egy g\u00f3lpasszal seg\u00edtette a csapat\u00e1t, amely h\u00e1romszor nyert \u00e9s egyszer kikapott abban az id\u0151szakban. \u00d6degaard szinte minden percet a p\u00e1ly\u00e1n t\u00f6lt\u00f6tt a selejtez\u0151ben, be is t\u00f6lt\u00f6tte a vez\u00e9r szerep\u00e9t, egy-egy g\u00f3lja \u00e9s g\u00f3lpassza van eddig \u00e9s h\u00e9t helyzetet teremtett a csapatt\u00e1rsaknak. A spanyolok ellen viszont m\u00e1r \u0151k sem a legszebb arcukat mutatt\u00e1k, igaz nem is k\u00f6nny\u0171 egy olyan Spanyolorsz\u00e1g ellen j\u00e1tszani, amely am\u00fagy is szereti mag\u00e1n\u00e1l tudni a labd\u00e1t \u00e9s tulajdonk\u00e9ppen egy d\u00f6ntetlennel is kiegyezne.\r\n\r\n<span class=\"highlight-block-small\">Igaz\u00e1b\u00f3l nem ezen az egy m\u00e9rk\u0151z\u00e9sen m\u00falt a tov\u00e1bbjut\u00e1s, az els\u0151 h\u00e1rom fordul\u00f3ban elsz\u00f3rt nyolc ponttal, illetve Sk\u00f3cia v\u00e1ratlanul j\u00f3 szerepl\u00e9s\u00e9vel nem tudott mit kezdeni Norv\u00e9gia.<\/span>\r\n\r\nA jogos csal\u00f3dotts\u00e1g mellett ugyanakkor nem \u00e1rt a j\u00f6v\u0151be is tekinteni, mert b\u00e1r a jelen nem annyira sz\u00e9p, a folytat\u00e1s el\u00e9gg\u00e9 biztat\u00f3nak t\u0171nik. A jelenlegi v\u00e1logatott magj\u00e1nak \u00e1tlag\u00e9letkora ugyanis 25 \u00e9v, Haaland 23, \u00d6degaard 24, a viszonylag k\u00e9s\u0151n \u00e9r\u0151 <strong>Alexander S\u00f6rloth<\/strong> 27 \u00e9ves, m\u00edg a nagy tehets\u00e9gnek sz\u00e1m\u00edt\u00f3 <strong>Antonio Nusa<\/strong> csak 18, hogy csak p\u00e1rakat emelj\u00fcnk ki.\r\n\r\nA v\u00e9delemben is javul a helyzet, Bono elhagyta a Sevill\u00e1t, \u00edgy Nyland v\u00e9di a spanyol csapat kapuj\u00e1t (igaz, \u0151 m\u00e1r 33 \u00e9ves, sz\u00f3val kapusk\u00e9rd\u00e9s lesz m\u00e9g hamarosan), \u00d6stigaard okt\u00f3ber k\u00f6zep\u00e9n majdnem annyit volt a p\u00e1ly\u00e1n a Napoliban, mint az el\u0151z\u0151 szezonban \u00f6sszesen, a baloldali v\u00e9d\u0151, <strong>Birger Meling<\/strong> pedig a Rennes-ben t\u00f6lt\u00f6tt hull\u00e1mz\u00f3 id\u00e9ny\u00e9t k\u00f6vet\u0151en kezd\u0151j\u00e1t\u00e9kos Koppenh\u00e1g\u00e1ban, ahol a Bajnokok Lig\u00e1j\u00e1ban is gy\u0171jtheti a tapasztalatokat. Ehhez j\u00f6n m\u00e9g, hogy a v\u00e9delem k\u00f6zep\u00e9n bevethet\u0151 <strong>Kristoffer Ajer<\/strong> sz\u00e9p lassan be\u00e9p\u00fcl a Premier League-ben szerepl\u0151 Brentfordba. Ha a tov\u00e1bbiakban is alapemberek tudnak maradni, az a k\u00e9s\u0151bbiekben nagy hat\u00e1ssal lehet a v\u00e1logatott teljes\u00edtm\u00e9ny\u00e9re is.\r\n\r\n\u00c9s m\u00e9g a 2024-es Eur\u00f3pa-bajnoks\u00e1gra is mutatkozik n\u00e9mi rem\u00e9nysug\u00e1r.\r\n\r\n[prefabricated_shortcode in_app=\"0\" code=\"%3Cdiv%20class%3D%22article_box_border%22%20style%3D%22background%3A%20url%28%27https%3A%2F%2F24.p3k.hu%2Fapp%2Fuploads%2Fsites%2F24%2F2021%2F05%2Fsport24-pattern.png%27%29%20no-repeat%20left%20-16px%20%23f3f3f4%3B%20border%3A%20none%3B%22%3E%0D%0A%3Cdiv%20class%3D%22article_solidheader%22%3E%0D%0A%3Ch2%20style%3D%22color%3A%20%23111115%21important%3B%20font-size%3A%2036px%3B%20font-weight%3A%20bold%3B%20margin-bottom%3A%2030px%3B%20margin-top%3A%2020px%3B%20text-align%3A%20center%3B%20line-height%3A%2036px%3B%22%3E%3Cimg%20class%3D%22aligncenter%20size-full%20wp-image-141%22%20src%3D%22https%3A%2F%2F24.p3k.hu%2Fapp%2Fuploads%2Fsites%2F24%2F2021%2F05%2Fs24-logo-dt.png%22%20alt%3D%22%22%20width%3D%22408%22%20height%3D%2290%22%20%2F%3E%3C%2Fh2%3E%0D%0A%3Ch2%20style%3D%22color%3A%20%23111115%21important%3B%20font-size%3A%2036px%3B%20font-weight%3A%20bold%3B%20margin-bottom%3A%2030px%3B%20margin-top%3A%2020px%3B%20text-align%3A%20center%3B%20line-height%3A%2040px%3B%22%3ECsatlakozz%20a%20Sport24%20k%C3%B6z%C3%B6ss%C3%A9ghez%2C%20mondd%20el%20v%C3%A9lem%C3%A9nyedet%20z%C3%A1rt%20Facebook-csoportunkban%2C%20%C3%A9s%20vegy%C3%A9l%20r%C3%A9szt%20csak%20el%C5%91fizet%C5%91knek%20el%C3%A9rhet%C5%91%20exkluz%C3%ADv%20esem%C3%A9nyeinken.%3C%2Fh2%3E%0D%0A%3C%2Fdiv%3E%0D%0A%3Cp%20style%3D%22background%3A%20%2357A600%3B%20margin-top%3A%2020px%3B%20padding%3A%2020px%3B%20text-align%3A%20center%3B%22%3E%3Ca%20style%3D%22color%3A%20%23ffffff%3B%20font-size%3A%2026px%3B%20font-weight%3A%20600%3B%22%20href%3D%22https%3A%2F%2Fwww.facebook.com%2Fgroups%2F212344460412327%22%3ECSATLAKOZOM%3C%2Fa%3E%3C%2Fp%3E%0D%0A%0D%0A%3C%2Fdiv%3E\"]","type":"rich","thumbnail_url":"https:\/\/s.24.hu\/app\/uploads\/sites\/24\/2023\/10\/haaland-150x150.jpg","thumbnail_width":150,"thumbnail_height":150}