{"version":"1.0","provider_name":"Sport24","provider_url":"https:\/\/sport24.24.hu","author_name":"Bruckner G\u00e1bor","author_url":"https:\/\/sport24.24.hu\/author\/brucknerg\/","title":"Ami t\u00edz-h\u00fasz \u00e9ve elk\u00e9pzelhetetlen volt: avagy mi \u00e1ll a szerbek elleni dupla diadal h\u00e1tter\u00e9ben?","html":"B\u00e1r a csapat \u00e9s a k\u00f6zv\u00e9lem\u00e9ny a belgr\u00e1di diadal ut\u00e1n sem tartotta egy\u00e9rtelm\u0171en sorsd\u00f6nt\u0151 m\u00e9rk\u0151z\u00e9snek a Szerbia elleni m\u00e1sodik \u00f6sszecsap\u00e1st, <a href=\"https:\/\/rangado.24.hu\/magyar_foci\/2023\/10\/14\/eb-selejtezo-magyarorszag-szerbia-elo-kozvetites\/\">a szombat esti tal\u00e1lkoz\u00f3<\/a> fontoss\u00e1g\u00e1t m\u00e1r el\u0151zetesen sem lehetett figyelmen k\u00edv\u00fcl hagyni. Egy esetleges \u00fajabb gy\u0151zelemmel ugyanis a magyar v\u00e1logatott tov\u00e1bb n\u00f6velhette volna es\u00e9lyeit a k\u00f6zvetlen kijut\u00e1sra, hiszen m\u00e1r a meccset megel\u0151z\u0151en is veretlen\u00fcl, csoportels\u0151k\u00e9nt vezette a G jel\u0171 csoportot.\r\n\r\nA szerbek \u00f6ssze\u00e1ll\u00edt\u00e1sa sokat v\u00e1ltozott az odav\u00e1g\u00f3hoz k\u00e9pest: <strong>Vanja Milinkovic-Savic<\/strong> kapus el\u0151tt <strong>Erakovic, Milenkovic<\/strong> \u00e9s <strong>Pavlovic<\/strong> lett a h\u00e1rom bels\u0151 v\u00e9d\u0151. A k\u00e9t sz\u00e9len sz\u00e1rnyv\u00e9d\u0151k\u00e9nt pap\u00edron <strong>Zivkovic<\/strong> \u00e9s <strong>Aleksa Terzic<\/strong> j\u00e1tszott, a p\u00e1lya k\u00f6zep\u00e9t a sevillai <strong>Gudelj<\/strong> \u00e9s az imm\u00e1r sza\u00fadi l\u00e9gi\u00f3s <strong>Sergej Milinkovic-Savic<\/strong> foglalta el, el\u00f6l pedig <strong>Mitrovic<\/strong> mellett <strong>Lukic<\/strong> \u00e9s <strong>Gacinovic<\/strong> kapott helyet.\r\n\r\nA magyar v\u00e1logatott kezd\u0151csapat\u00e1ban a legnagyobb k\u00e9rd\u00e9s az volt, hogyan siker\u00fcl p\u00f3tolni a csehek elleni bar\u00e1ts\u00e1gos m\u00e9rk\u0151z\u00e9sen megs\u00e9r\u00fclt <strong>Willi Orb\u00e1nt<\/strong>. Nos, az \u0151 hely\u00e9re<strong> Szalai Attila<\/strong> mell\u00e9 <strong>Lang \u00c1d\u00e1m<\/strong> ker\u00fclt be, a jobb oldali bels\u0151 v\u00e9d\u0151 pedig <strong>Fiola Attila<\/strong> lett. A t\u00f6bbi poszton nem akadt meglepet\u00e9s: a k\u00e9t sz\u00e1rnyv\u00e9d\u0151 <strong>Loic N\u00e9go<\/strong> \u00e9s <strong>Kerkez Milos<\/strong> lett, k\u00f6z\u00e9pen ism\u00e9t <strong>Nagy \u00c1d\u00e1m<\/strong> \u00e9s <strong>Callum Styles<\/strong> kapott helyet, el\u00f6l pedig <strong>Szoboszlai<\/strong> mellett ez\u00fattal is <strong>Sallai Roland<\/strong> \u00e9s <strong>Varga Barnab\u00e1s<\/strong> szerepelt.\r\n\r\nA belgr\u00e1di m\u00e9rk\u0151z\u00e9sen a magyar v\u00e1logatott n\u00e9mi szerencs\u00e9vel, a d\u00f6nt\u0151 pillanatokat a semmib\u0151l a maga jav\u00e1ra ford\u00edtva tudott eredm\u00e9nyes lenni, \u00e1m m\u00e1r akkor is le\u00edrtuk: hossz\u00fa t\u00e1von ez aligha lesz fenntarthat\u00f3. \u00c9s szombat este\r\n\r\n<span class=\"highlight-block\">a mieink m\u00e9g a belgr\u00e1di 46 sz\u00e1zal\u00e9kn\u00e1l is kisebb, 36 sz\u00e1zal\u00e9kos ar\u00e1nyban birtokolt\u00e1k a labd\u00e1t, <\/span>\r\n\r\nde l\u00e1tni fogjuk: a <strong>Rossi<\/strong>-csapat labd\u00e1val \u00edgy hat\u00e9kony tudott lenni.\r\n\r\nA szerbek a magyarokhoz hasonl\u00f3, 5-3-2-es vagy 5-2-3-as alakzatban t\u00e1madt\u00e1k le a riv\u00e1lis labdakihozatalait, melyben az egyik sz\u00e1rnyv\u00e9d\u0151 sz\u00fcks\u00e9g eset\u00e9n ak\u00e1r sz\u00e9ls\u0151k\u00e9nt is fell\u00e9phetett az ellenf\u00e9l t\u00e9rfel\u00e9re presszingelni. A szerbek azonban legt\u00f6bbsz\u00f6r megengedt\u00e9k, hogy a magyar v\u00e1logatott elkezdje a saj\u00e1t kapuja el\u0151tt kihozni a labd\u00e1t. B\u00e1r a Rossi-\u00e9ra utols\u00f3 m\u00e1sf\u00e9l \u00e9v\u00e9ben a magyar v\u00e1logatott labd\u00e1val val\u00f3 j\u00e1t\u00e9ka \u201eteoretikailag\u201d rengeteget fejl\u0151d\u00f6tt, a technikai kivitelez\u00e9sbe olykor m\u00e9g hiba cs\u00faszik.\r\n\r\nFeltehet\u0151leg ezt akart\u00e1k kihaszn\u00e1lni a szerbek, no meg azt, hogy <strong>Dibusz D\u00e9nes<\/strong> passzj\u00e1t\u00e9ka a g\u00f3lvonal el\u0151tt nem olyan magabiztos, mint a s\u00e9r\u00fclt <strong>Gul\u00e1csi P\u00e9ter\u00e9<\/strong>. A magyarok a m\u00e9rk\u0151z\u00e9s els\u0151 szakasz\u00e1ban t\u00f6bbsz\u00f6r k\u00f6vettek el technikai hib\u00e1kat a saj\u00e1t t\u00e9rfel\u00fck\u00f6n, m\u00e1skor pedig k\u00e9nyszerb\u0151l fel kellett, hogy \u00edvelj\u00e9k a labd\u00e1t.\r\n<span class=\"highlight-block\">Az els\u0151 negyed\u00f3ra ut\u00e1n azonban a magyar csapat labd\u00e1val is egyre magabiztosabb lett,<\/span>\r\n\r\n\u00e9s az egyik els\u0151 \u00edg\u00e9retes t\u00e1mad\u00e1sb\u00f3l r\u00f6gt\u00f6n siker\u00fclt is megszerezni a vezet\u00e9st. Rossi egy\u00fcttese az ellenf\u00e9l t\u00e9rfel\u00e9n t\u00f6rt\u00e9n\u0151 hosszabb labdatart\u00e1s helyett tov\u00e1bbra is els\u0151sorban a gyors t\u00e1mad\u00e1sokban b\u00edzott. Ennek megval\u00f3s\u00edt\u00e1s\u00e1ban term\u00e9szetesen a szabadon, sok helycser\u00e9vel oper\u00e1l\u00f3 magyar t\u00e1mad\u00f3sornak jutott f\u0151szerep; a mieink els\u0151sorban az emberfog\u00e1sban gondolkoz\u00f3 szerb v\u00e9d\u0151ket szerett\u00e9k volna kicsalogatni\r\n\r\nT\u00e1mad\u00e1sban a jobb oldalunk valamivel akt\u00edvabb volt: ha a labdakihozatal kezdet\u00e9n a j\u00e1t\u00e9kosok t\u00fal is tel\u00edtett\u00e9k a p\u00e1lya bal oldal\u00e1t, \u00e1ltal\u00e1ban ezek az akci\u00f3k is a jobb oldalon v\u00e9gz\u0151dtek. Loic N\u00e9go egy\u00e9rtelm\u0171en a meccs embere volt: mindk\u00e9t g\u00f3ln\u00e1l \u0151 adta a g\u00f3lpasszt, 0,2-del holtversenyben a legmagasabb v\u00e1rhat\u00f3 g\u00f3lpassz (xA) mutat\u00f3t hozta \u00f6ssze a mez\u0151nyben, lend\u00fcletes, ter\u00fcletbe beindul\u00f3 j\u00e1t\u00e9k\u00e1val pedig taktikailag is a csapat egyik kulcsfigur\u00e1ja volt.\r\n\r\nTerm\u00e9szetesen a bal oldali f\u00e9lter\u00fcletben indul\u00f3 Szoboszlair\u00f3l sem szabad megfeledkezni, akinek a m\u00e9rlege: N\u00e9g\u00f3val holtversenyben a legmagasabb xA-mutat\u00f3, Szalai (69) ut\u00e1n a m\u00e1sodik legt\u00f6bb labda\u00e9rint\u00e9s (61) \u00e9s messze a legt\u00f6bb passz a t\u00e1mad\u00f3harmadba (11). Abban pedig, hogy a magyar v\u00e1logatott sz\u00fcks\u00e9g eset\u00e9n a hossz\u00fa ind\u00edt\u00e1sok fegyver\u00e9t is haszn\u00e1lhatta, Varga Barnab\u00e1snak volt nagy szerepe. A legt\u00f6bb p\u00e1rharcot nyerte meg az eg\u00e9sz mez\u0151nyben (nyolcat), m\u00edg t\u00edz l\u00e9gi p\u00e1rbaj\u00e1b\u00f3l h\u00e9t esetben ker\u00fclt ki gy\u0151ztesen.\r\n\r\nA m\u00e9rk\u0151z\u00e9s legnagyobb r\u00e9sz\u00e9ben azonban a szerbek birtokolt\u00e1k a labd\u00e1t, vegyes sikerrel. A legnagyobb v\u00e1ltoz\u00e1s a belgr\u00e1di m\u00e9rk\u0151z\u00e9shez k\u00e9pest az volt, hogy<strong> Dragan Stojkovic<\/strong> csapata labdabirtokl\u00e1sban \u00f6tr\u0151l n\u00e9gy v\u00e9d\u0151re v\u00e1ltott \u2013 a jobb sz\u00e1rnyv\u00e9d\u0151 Zivkovicb\u00f3l jobbsz\u00e9ls\u0151 lett, a t\u00f6bbiek pedig vele egy\u00fctt tol\u00f3dtak. \u00cdgy viszont a bal sz\u00e9len a bels\u0151 t\u00e1mad\u00f3 Gacinovic mozgott ki sz\u00e9less\u00e9get biztos\u00edtani. A fel\u00e1ll\u00e1s legink\u00e1bb a poz\u00edci\u00f3s j\u00e1t\u00e9kban megszokott 4-3-3\/2-3-5-re hasonl\u00edtott.\r\n<div class=\"payable-content-section\"><\/div>\r\nA magyar csapat azonban fel volt k\u00e9sz\u00edtve arra, mik\u00e9nt reag\u00e1ljon a v\u00e1lt\u00e1sra. Ennek megfelel\u0151en Szoboszlai ink\u00e1bb egy sorral h\u00e1tr\u00e9bb, a k\u00f6z\u00e9pp\u00e1ly\u00e1ra tagoz\u00f3dott be, Sallai \u00e9s Varga z\u00e1rta a p\u00e1lya k\u00f6zep\u00e9t, Nego pedig a sz\u00e9lre kimozg\u00f3 Gacinoviccal maradt h\u00e1tul, alkalmank\u00e9nt a fedez\u0151\u00e1rny\u00e9k\u00e1val Terzicre is kil\u00e9pve. A koncepci\u00f3 is a megszokott volt: alapvet\u0151en\r\n\r\n<span class=\"highlight-block\">hagytuk a szerbeknek, hogy megkezdj\u00e9k az \u00e9p\u00edtkez\u00e9st, <\/span>\r\n\r\n\u00e1m a magyar csapat \u2013 bizonyos jelekre \u2013 meglepet\u00e9sszer\u0171en agressz\u00edvabban is kit\u00e1madott. Az els\u0151 g\u00f3lig \u00edgy a magyar v\u00e1logatott t\u00f6bbsz\u00f6r tudta a szerbeket \u00edvel\u00e9sre k\u00e9nyszer\u00edteni, akik ritk\u00e1n tudtak a t\u00fals\u00f3 t\u00e9rf\u00e9len berendezkedni.\r\n\r\n<img class=\"alignnone size-full wp-image-10431\" src=\"https:\/\/sport24.24.hu\/app\/uploads\/sites\/24\/2023\/10\/hunsrb1.png\" alt=\"\" width=\"1024\" height=\"576\" \/>\r\n\r\n<em>Szerb labdakihozatal \u00e9s magyar let\u00e1mad\u00e1s: a vend\u00e9gek labd\u00e1val n\u00e9gy v\u00e9d\u0151re \u00e1llnak \u00e1t, a jobb oldalon a sz\u00e1rnyv\u00e9d\u0151 Zivkovic, a m\u00e1sikon a sz\u00e9ls\u0151 Gacinovic ad sz\u00e9less\u00e9get. A magyar v\u00e1logatott 5-3-2-ben az els\u0151 n\u00e9h\u00e1ny passzt megengedi az ellenf\u00e9lnek, Varga \u00e9s Sallai a passzs\u00e1vokat z\u00e1rja, valamint sz\u00fcks\u00e9g eset\u00e9n a k\u00e9t oldals\u00f3 j\u00e1t\u00e9kosra is kiv\u00e1lthat. Nego els\u0151dlegesen a bal sz\u00e9lre kimozg\u00f3 Gacinovicot \u0151rzi.<\/em>\r\n\r\nAmikor ez siker\u00fclt, akkor is viszonylag sablonosan j\u00e1tszott\u00e1k a poz\u00edci\u00f3s j\u00e1t\u00e9kot: a v\u00e9delmi blokkon bel\u00fcl helyezked\u0151 k\u00f6z\u00e9ps\u0151 j\u00e1t\u00e9kosaik f\u0151leg csak a kapunak h\u00e1ttal, visszafel\u00e9 tudtak j\u00e1tszani, a sz\u00e9lr\u0151l pedig j\u00f3l kidolgozott m\u00f6g\u00e9- \u00e9s al\u00e1ker\u00fcl\u0151 kombin\u00e1ci\u00f3k helyett gyakran csup\u00e1n bels\u0151 t\u00e1mad\u00f3ik fej\u00e9t kerest\u00e9k. A m\u00e1sodik f\u00e9lid\u0151ben a szerbek a p\u00e1lya k\u00f6zepe helyett m\u00e1r sokkal ink\u00e1bb a labda oldala fel\u00e9 tolt\u00e1k el szerkezet\u00fcket, \u00e9s a magyar csapatot mindink\u00e1bb a kapu el\u00e9 beszor\u00edtva tudtak alkalmank\u00e9nt vesz\u00e9lyt teremteni.\r\n\r\n<img class=\"alignnone size-full wp-image-10432\" src=\"https:\/\/sport24.24.hu\/app\/uploads\/sites\/24\/2023\/10\/hunsrb3.png\" alt=\"\" width=\"1024\" height=\"576\" \/>\r\n\r\n<em>Szerb labdakihozatal \u00e9s magyar v\u00e9dekez\u00e9s a m\u00e1sodik f\u00e9lid\u0151 elej\u00e9n: a vend\u00e9gj\u00e1t\u00e9kosok k\u00f6z\u00fcl Gudelj l\u00e9p vissza harmadik v\u00e9d\u0151nek. A magyar v\u00e1logatott itt m\u00e1r ink\u00e1bb a szok\u00e1sos 5-2-3-ban j\u00e1tszik: az el\u00fcls\u0151 j\u00e1t\u00e9kosok \u00f6tsz\u00f6get form\u00e1lva lez\u00e1rj\u00e1k a p\u00e1lya k\u00f6zep\u00e9t, a h\u00e1ts\u00f3 sor pedig emberfog\u00e1ssal a t\u00e1mad\u00f3kra figyel.<\/em>\r\n\r\nA szerbek legvesz\u00e9lyesebb fegyverei azonban k\u00e9ts\u00e9gk\u00edv\u00fcl a pontr\u00fag\u00e1sok, azokon bel\u00fcl is legink\u00e1bb a sz\u00f6gletek voltak. Az egyenl\u00edt\u0151 g\u00f3ln\u00e1l \u00e9s k\u00e9s\u0151bb is megfigyelhet\u0151 volt, hogy a magyar v\u00e9delmet (\u00e9s saj\u00e1t t\u00e1mad\u00f3ikat) a kapu el\u0151ter\u00e9be betolva, a kapu k\u00f6zvetlen el\u0151ter\u00e9ben szeretn\u00e9nek mismatch-eket, azaz egy\u00e9ni f\u00f6l\u00e9nyeket kialak\u00edtani. Pavlovic g\u00f3lj\u00e1n\u00e1l is l\u00e1tszik: r\u00f6gz\u00edtett helyzetekn\u00e9l a kapu el\u0151tt ezek a p\u00e1rharcok gyakran t\u00f6bbet sz\u00e1m\u00edtanak, mint a t\u00e1mad\u00f3 \u00e9s a v\u00e9dekez\u0151 csapat form\u00e1ci\u00f3ja.\r\n\r\n<img class=\"alignnone size-full wp-image-10433\" src=\"https:\/\/sport24.24.hu\/app\/uploads\/sites\/24\/2023\/10\/hunsrb2.png\" alt=\"\" width=\"1024\" height=\"576\" \/>\r\n\r\n<em>A szerb egyenl\u00edt\u0151 g\u00f3l. A sz\u00f6gletekn\u00e9l a szerbek els\u0151sorban az \u00f6t \u00e9s feles ter\u00fclet\u00e9n, m\u00e9ly bead\u00e1sokkal szerettek volna el\u0151ny\u00f6ket kialak\u00edtani. A magyar csapat l\u00e9tsz\u00e1mf\u00f6l\u00e9nyben van a kapu el\u0151tt, de Pavlovic visszamozg\u00e1ssal lev\u00e1lik az \u0151rz\u0151j\u00e9r\u0151l, \u00e9s a kapunkba cs\u00fasztat.<\/em>\r\n\r\n<span class=\"highlight-block-small\">B\u00e1r a szerbek \u00e9rt\u00e9kel\u00e9se szerint az \u0151 csapatuk jobb teljes\u00edtm\u00e9nyt ny\u00fajtott, a k\u00e9p term\u00e9szetesen sokkal \u00e1rnyaltabb. <\/span>\r\n\r\nNoha a vend\u00e9gek minim\u00e1lisan magasabb xG-mutat\u00f3t hoztak \u00f6ssze, ennek els\u00f6pr\u0151 t\u00f6bbs\u00e9ge a r\u00f6gz\u00edtett helyzetekb\u0151l (set play) \u00e9s nem mez\u0151nyj\u00e1t\u00e9kb\u00f3l (open play) sz\u00e1rmazott. Ha csak ez ut\u00f3bbit vessz\u00fck figyelembe, abban a magyar v\u00e1logatott teljes\u00edtett jobban. Sallai\u00e9k teh\u00e1t hi\u00e1ba birtokolt\u00e1k mind\u00f6ssze 36 sz\u00e1zal\u00e9kban a labd\u00e1t, \u00f6sszess\u00e9g\u00e9ben m\u00e9gis elmondhatjuk: a magyar volt az a csapat, amely sikeresebben tudta uralni a labd\u00e1s momentumokat.\r\n\r\nEz a belgr\u00e1di \u00f6sszecsap\u00e1sr\u00f3l sokkal kev\u00e9sb\u00e9 volt elmondhat\u00f3. Mindez persze nem v\u00e9letlen: m\u00edg a szerbek akci\u00f3i legt\u00f6bbsz\u00f6r a a kapu el\u00e9 m\u00e9lyen be\u00e1ll\u00f3 v\u00e9delemmel szemben futottak, addig a magyar v\u00e1logatott direktebb t\u00e1mad\u00e1sokkal, lend\u00fcletb\u0151l tudott a magasra tolt szerb v\u00e9delem m\u00f6g\u00e9 jutni. \u00cdgy t\u00f6rv\u00e9nyszer\u0171en a befejez\u00e9sekhez is nagyobb ter\u00fclet \u00e1llt rendelkez\u00e9sre, \u00e9s ezt a magyar j\u00e1t\u00e9kosok k\u00e9tszer ki is haszn\u00e1lt\u00e1k.\r\n\r\n<img class=\"alignnone size-full wp-image-10434\" src=\"https:\/\/sport24.24.hu\/app\/uploads\/sites\/24\/2023\/10\/hunsrb4.png\" alt=\"\" width=\"722\" height=\"928\" \/>\r\n\r\nA magyar v\u00e1logatott teh\u00e1t az idegenbeli gy\u0151zelem ut\u00e1n a Pusk\u00e1s Ar\u00e9n\u00e1ban is fel\u00fclm\u00falta a szerb egy\u00fcttest. \u00a0Marco Rossi csapata \u00edgy hat pontot szerzett a pap\u00edron legnehezebb ellenf\u00e9llel szemben, \u00e9s tov\u00e1bbra is veretlen\u00fcl \u00e1ll a csoport \u00e9l\u00e9n. Vagyis k\u00e9tszer is siker\u00fclt legy\u0151zni egy valamivel jobb er\u0151kb\u0151l \u00e1ll\u00f3 riv\u00e1list, mindk\u00e9tszer ki\u00e9lezett m\u00e9rk\u0151z\u00e9sen,\r\n\r\n<span class=\"highlight-block\">a kulcsmomentumokat a magunk jav\u00e1ra ford\u00edtva.<\/span>\r\n\r\nT\u00edz-h\u00fasz \u00e9vvel ezel\u0151tt a mieink sz\u00e1m\u00e1ra ez szinte elk\u00e9pzelhetetlen lett volna. \u00a0Ha pedig Litv\u00e1ni\u00e1ban is siker\u00fcl \u2013 az es\u00e9lyeknek megfelel\u0151en \u2013 nyerni, akkor az Eb-r\u00e9szv\u00e9tel m\u00e1r kedden biztoss\u00e1 v\u00e1lik.\r\n\r\n[prefabricated_shortcode in_app=\"0\" code=\"%3Cdiv%20class%3D%22article_box_border%22%20style%3D%22background%3A%20url%28%27https%3A%2F%2F24.p3k.hu%2Fapp%2Fuploads%2Fsites%2F24%2F2021%2F05%2Fsport24-pattern.png%27%29%20no-repeat%20left%20-16px%20%23f3f3f4%3B%20border%3A%20none%3B%22%3E%0D%0A%3Cdiv%20class%3D%22article_solidheader%22%3E%0D%0A%3Ch2%20style%3D%22color%3A%20%23111115%21important%3B%20font-size%3A%2036px%3B%20font-weight%3A%20bold%3B%20margin-bottom%3A%2030px%3B%20margin-top%3A%2020px%3B%20text-align%3A%20center%3B%20line-height%3A%2036px%3B%22%3E%3Cimg%20class%3D%22aligncenter%20size-full%20wp-image-141%22%20src%3D%22https%3A%2F%2F24.p3k.hu%2Fapp%2Fuploads%2Fsites%2F24%2F2021%2F05%2Fs24-logo-dt.png%22%20alt%3D%22%22%20width%3D%22408%22%20height%3D%2290%22%20%2F%3E%3C%2Fh2%3E%0D%0A%3Ch2%20style%3D%22color%3A%20%23111115%21important%3B%20font-size%3A%2036px%3B%20font-weight%3A%20bold%3B%20margin-bottom%3A%2030px%3B%20margin-top%3A%2020px%3B%20text-align%3A%20center%3B%20line-height%3A%2040px%3B%22%3ECsatlakozz%20a%20Sport24%20k%C3%B6z%C3%B6ss%C3%A9ghez%2C%20mondd%20el%20v%C3%A9lem%C3%A9nyedet%20z%C3%A1rt%20Facebook-csoportunkban%2C%20%C3%A9s%20vegy%C3%A9l%20r%C3%A9szt%20csak%20el%C5%91fizet%C5%91knek%20el%C3%A9rhet%C5%91%20exkluz%C3%ADv%20esem%C3%A9nyeinken.%3C%2Fh2%3E%0D%0A%3C%2Fdiv%3E%0D%0A%3Cp%20style%3D%22background%3A%20%2357A600%3B%20margin-top%3A%2020px%3B%20padding%3A%2020px%3B%20text-align%3A%20center%3B%22%3E%3Ca%20style%3D%22color%3A%20%23ffffff%3B%20font-size%3A%2026px%3B%20font-weight%3A%20600%3B%22%20href%3D%22https%3A%2F%2Fwww.facebook.com%2Fgroups%2F212344460412327%22%3ECSATLAKOZOM%3C%2Fa%3E%3C%2Fp%3E%0D%0A%0D%0A%3C%2Fdiv%3E\"]","type":"rich","thumbnail_url":"https:\/\/s.24.hu\/app\/uploads\/sites\/24\/2023\/10\/20231014205959_adz_9371-150x150.jpg","thumbnail_width":150,"thumbnail_height":150}