{"version":"1.0","provider_name":"Sport24","provider_url":"https:\/\/sport24.24.hu","author_name":"Bruckner G\u00e1bor","author_url":"https:\/\/sport24.24.hu\/author\/brucknerg\/","title":"Kell-e magyar edz\u0151 az NB I-be, \u00e9s ha nem, akkor mi\u00e9rt?","html":"A 2010\/11-es NB I-es \u00e9vadot a <strong>Mezey Gy\u00f6rgy<\/strong> ir\u00e1ny\u00edtotta Videoton nyerte meg a Paks (vezet\u0151edz\u0151 <strong>Kis K\u00e1roly<\/strong>) \u00e9s az FTC (a kispadon <strong>Prukner L\u00e1szl\u00f3<\/strong>) el\u0151tt. A 16 csapatb\u00f3l 15 magyar szakvezet\u0151vel fejezte be az \u00e9vadot, az egyetlen kiv\u00e9tel <strong>Tomiszlav Szivics<\/strong> volt, aki j\u00e1t\u00e9kosk\u00e9nt is megfordult Magyarorsz\u00e1gon, \u00e9s ekkorra m\u00e1r edz\u0151k\u00e9nt szint\u00e9n jelent\u0151s NB I-es rutint halmozott fel.\r\n\r\nA k\u00f6vetkez\u0151 h\u00e1rom id\u00e9nyben m\u00e9g magyar edz\u0151 dirig\u00e1lta csapat lett a bajnoki arany\u00e9rmes, \u00e1m a dobog\u00f3n m\u00e1r mindig volt k\u00fclf\u00f6ldi tr\u00e9ner(ek) ir\u00e1ny\u00edtotta egy\u00fcttes is. A legut\u00f3bbi t\u00edz szezonban viszont kiz\u00e1r\u00f3lag k\u00fclf\u00f6ldi szakember (<strong>Joan Carrillo, Thomas Doll, Marco Rossi, Marko Nikolic, Szerhij Rebrov, Sztanyiszlav Csercseszov<\/strong>) h\u00f3d\u00edtotta el csapat\u00e1val az \u00e9lvonalbeli tr\u00f3fe\u00e1t, \u00e9s olyan is megesett, hogy a dobog\u00f3sok egyik\u00e9t sem ir\u00e1ny\u00edtotta Magyarorsz\u00e1gon sz\u00fcletett tr\u00e9ner. Arra pedig val\u00f3sz\u00edn\u0171leg fel sem vesznek fogad\u00e1st, hogy a bajnoks\u00e1g v\u00e9g\u00e9n megint k\u00fclf\u00f6ldi edz\u0151 emelheti fel a serleget <strong>Dejan Sztankovics<\/strong>\u00a0szem\u00e9ly\u00e9ben (b\u00e1r a n\u00e9gy meccsen ir\u00e1ny\u00edt\u00f3 <strong>M\u00e1t\u00e9 Csaba<\/strong> miatt lesz magyar k\u00e9z a Ferencv\u00e1ros val\u00f3sz\u00edn\u0171 bajnoki c\u00edm\u00e9ben).\r\n\r\nT\u00f6rv\u00e9nyszer\u0171?\r\n\r\nDivat?\r\n\r\nA magyar edz\u0151i szakma kritik\u00e1ja?\r\n\r\n<span class=\"highlight-block\">A magyar edz\u0151i szakma lebecs\u00fcl\u00e9se?<\/span>\r\n\r\nJ\u00f3 k\u00e9rd\u00e9s.\r\n\r\nKanyarodjunk vissza a kiindul\u00f3ponthoz! Magyarorsz\u00e1gon 2014 \u00f3ta nem nyert hazai vezet\u0151edz\u0151 bajnoki c\u00edmet, \u00e9s hasonl\u00f3an hossz\u00fa \u201el\u00e9gi\u00f3sedz\u0151-uralom\u201d kev\u00e9s eur\u00f3pai bajnoks\u00e1gban van. Az \u00e1ltalunk vizsg\u00e1lt 48 bajnoks\u00e1gb\u00f3l (a mini\u00e1llamok\u00e9t kihagytuk) csak n\u00e9gy.\r\n<ul>\r\n \t<li>Anglia (<strong>Howard Wilkinson<\/strong> a Leeds Uniteddel 1991\/92-ben nyert bajnoks\u00e1got, az\u00f3ta angol edz\u0151 nem nyert, \u00e9s <strong>Sir Alex Ferguson<\/strong> visszavonul\u00e1sa \u2013 2013 \u2013 \u00f3ta brit sem),<\/li>\r\n \t<li>Sk\u00f3cia (<strong>Walter Smith<\/strong>, Rangers, 2010\/11),<\/li>\r\n \t<li>Wales (<strong>Neville Powell<\/strong>, Bangor City, 2010\/11),<\/li>\r\n \t<li>\u00e9s Ciprus (<strong>Pambosz Hrisztodulu<\/strong>, AEL Limassol, 2011\/12).<\/li>\r\n<\/ul>\r\nCiprust m\u00e1r Moldova \u00e9s Magyarorsz\u00e1g (2013\/14) k\u00f6veti. A 48-b\u00f3l 35 bajnoks\u00e1gban a 2020-as \u00e9vekben is volt gy\u0151ztes hazai vezet\u0151edz\u0151.\r\n\r\nA Premier League a vil\u00e1g legvonz\u00f3bb \u00e9s leggazdagabb bajnoks\u00e1gak\u00e9nt term\u00e9szetesen m\u00e1gnesk\u00e9nt gy\u0171jti a legjobb szakembereket, nem v\u00e9letlen, hogy a h\u00fasz csapatb\u00f3l csak \u00f6tn\u00e9l (Newcastle United, Everton, Crystal Palace, Wolverhampton Wanderers, Sheffield United) van angol edz\u0151. Sk\u00f3ci\u00e1ban (Celtic, Rangers), Walesben (TNS) \u00e9s Moldov\u00e1ban (Sheriff) egyar\u00e1nt vannak olyan csapatok, amelyek szakmai \u00e9s anyagi lehet\u0151s\u00e9geiket tekintve kiemelkednek a mez\u0151nyb\u0151l, \u00e9s domin\u00e1ns szerepet j\u00e1tszanak a bajnoks\u00e1gban \u2013 ezek \u00e1ltal\u00e1ban magasabb polcr\u00f3l v\u00e1logatnak, mint riv\u00e1lisaik, \u00e9s gyakran alkalmaznak k\u00fclf\u00f6ldi tr\u00e9nert. Az ut\u00f3bbi t\u00edz \u00e9vben a magyar futball is ebbe az ir\u00e1nyba tol\u00f3dott el: egy ideig \u00fagy t\u0171nt, az NB I FTC-Feh\u00e9rv\u00e1r duop\u00f3liumm\u00e1 alakulhat, azt\u00e1n a ferencv\u00e1rosiak vet\u00e9lyt\u00e1rs n\u00e9lk\u00fcl maradtak a sz\u00ednen.\r\n\r\nDe a k\u00fclf\u00f6ldi edz\u0151k t\u00e9rh\u00f3d\u00edt\u00e1sa nem csak az \u00e9ppen aktu\u00e1lis bajnokcsapatot \u00e9rinti. A legut\u00f3bbi t\u00edz bajnoki id\u00e9nyb\u0151l t\u00f6bbsz\u00f6r el\u0151fordult, hogy a k\u00fclf\u00f6ldi szakemberek t\u00f6bb NB I-es m\u00e9rk\u0151z\u00e9sen ir\u00e1ny\u00edtottak, mint a hazaiak. A legut\u00f3bbi \u00e9vad ebben a tekintetben rekordot hozott: m\u00e1r az 55\u201345 sz\u00e1zal\u00e9kos eloszl\u00e1st is t\u00fall\u00e9pte a \u201el\u00e9gi\u00f3sedz\u0151k\u201d f\u00f6l\u00e9nye. Jelenleg hat kispadon (FTC, \u00dajpest, DVSC, DVTK, Feh\u00e9rv\u00e1r, Pusk\u00e1s Akad\u00e9mia) \u00fcl olyan tr\u00e9ner, aki k\u00fclf\u00f6ld\u00f6n sz\u00fcletett, \u00e9s nem a magyar edz\u0151k\u00e9pz\u00e9sb\u0151l \u00e9rkezett.\r\n\r\n<iframe class=\"flourish-embed-iframe\" style=\"width: 100%; height: 600px;\" title=\"Interactive or visual content\" src=\"https:\/\/flo.uri.sh\/visualisation\/15292353\/embed\" frameborder=\"0\" scrolling=\"no\"><\/iframe>\r\n<div style=\"width: 100%!; margin-top: 4px!important; text-align: right!important;\"><a class=\"flourish-credit\" style=\"text-decoration: none!important;\" href=\"https:\/\/public.flourish.studio\/visualisation\/15292353\/?utm_source=embed&amp;utm_campaign=visualisation\/15292353\" target=\"_top\" rel=\"noopener\"><img style=\"width: 105px!important; height: 16px!important; border: none!important; margin: 0!important;\" src=\"https:\/\/public.flourish.studio\/resources\/made_with_flourish.svg\" alt=\"Made with Flourish\" \/> <\/a><\/div>\r\nEz egyfel\u0151l trend, m\u00e1sr\u00e9szt a trend kialakul\u00e1s\u00e1hoz hozz\u00e1j\u00e1rult a magyar edz\u0151kkel szembeni bizalomveszt\u00e9s. A k\u00e9rd\u00e9ssel kapcsolatban \u00e9les sz\u00f3v\u00e1lt\u00e1sok is vannak id\u0151nk\u00e9nt. Az FTC eln\u00f6ke, <strong>Kubatov G\u00e1bo<\/strong>r <a href=\"https:\/\/www.youtube.com\/watch?si=qlTYtCyOn-heaCvo&amp;t=154&amp;v=BFfM9WtyMxI&amp;feature=youtu.be&amp;ab_channel=H%C3%ADrTV\" target=\"_blank\" rel=\"noopener\">a H\u00edr Tv-nek adott interj\u00faj\u00e1ban<\/a> az \u201eEnnyire les\u00fajt\u00f3 a magyar edz\u0151kr\u0151l alkotott v\u00e9lem\u00e9nye?\u201d k\u00e9rd\u00e9sre \u00edgy v\u00e1laszolt:\r\n<blockquote>Ha r\u00f6viden k\u00e9ne v\u00e1laszolnom, akkor igen. Nem \u0151k tehetnek r\u00f3la, hanem a futballmor\u00e1lt Magyarorsz\u00e1gon az elm\u00falt negyven \u00e9vben t\u00f6nkretett\u00fck\u2026 vagy t\u00f6nkretett\u00e9k. Az elm\u00falt t\u00edz \u00e9vben javult, de nem annyit, hogy magyar edz\u0151vel k\u00f6nnyed\u00e9n egy\u00fctt lehessen dolgozni.<\/blockquote>\r\n<div class=\"payable-content-section\"><\/div>\r\nUgyanakkor Kubatov azt is mondta, szerinte van rem\u00e9ny, hogy a magyar edz\u0151k magasabb szintre jutnak, \u00e9s pozit\u00edv p\u00e9ldak\u00e9nt hozta <strong>D\u00e1rdai P\u00e1lt<\/strong>, illetve <strong>L\u0151w Zsoltot<\/strong> (mindk\u00e9t, elit szinten dolgoz\u00f3 magyar tr\u00e9ner a n\u00e9met rendszerben v\u00e1lt megbecs\u00fclt j\u00e1t\u00e9kosb\u00f3l toplig\u00e1s edz\u0151v\u00e9). Amikor <a href=\"https:\/\/sportal.blikk.hu\/labdarugas\/magyar-labdarugas\/ossztuz-kubatovra-mi-is-hozzajarultunk-ahhoz-hogy-a-klubja-most-jo-sok-penzt-keres--kiakadtak-a-magyar-edzok\/2023090714110755029\" target=\"_blank\" rel=\"noopener\">a Sport\u00e1l hazai tr\u00e9nereket reag\u00e1ltatott erre<\/a>, akkor <strong>M\u00e9sz\u00f6ly G\u00e9za<\/strong> kik\u00e9rte mag\u00e1nak a magyar edz\u0151t\u00e1rsadalom nev\u00e9ben a kijelent\u00e9st, <strong>Egerv\u00e1ri S\u00e1ndor<\/strong> \u201esz\u00e9gyenletes mondatoknak\u201d min\u0151s\u00edtette azokat,<strong> Csank J\u00e1nos<\/strong> \u00f3vatoss\u00e1gra intett, Mezey Gy\u00f6rgy pedig \u00fagy v\u00e9lekedett, \u201enem \u00e9rdemes megs\u00e9rt\u0151dni\u201d a kijelent\u00e9sen. Azt\u00e1n Kubatov a Fradi szurkol\u00f3i ank\u00e9tj\u00e1n <a href=\"https:\/\/ulloi129.hu\/2023\/09\/13\/elo-a-szurkoloi-anketrol-4\/\" target=\"_blank\" rel=\"noopener\">tett m\u00e9g egy megjegyz\u00e9st a t\u00e9m\u00e1val kapcsolatban<\/a>, sz\u00f3val a k\u0151 tov\u00e1bb g\u00f6rd\u00fclt.\r\n\r\n[caption id=\"attachment_10405\" align=\"aligncenter\" width=\"3507\"]<img class=\"size-full wp-image-10405\" src=\"https:\/\/sport24.24.hu\/app\/uploads\/sites\/24\/2023\/10\/central-0790725158.jpg\" alt=\"\" width=\"3507\" height=\"2333\" \/> Kubatov G\u00e1bor[\/caption]\r\n\r\nEbb\u0151l is l\u00e1tszik, mennyire \u00e9rz\u00e9keny t\u00e9m\u00e1r\u00f3l van sz\u00f3: a magyar edz\u0151k l\u00e1that\u00f3lag \u00fagy \u00e9rzik, b\u0171nbakokk\u00e1 v\u00e1ltak; a domin\u00e1ns klub vezet\u0151i sz\u00e9k\u00e9b\u0151l pedig \u00fagy l\u00e1tszik, a Ferencv\u00e1rosn\u00e1l el\u00e9rend\u0151 c\u00e9lokhoz nem tal\u00e1lni megfelel\u0151 hiteless\u00e9g\u0171, k\u00e9pzetts\u00e9g\u0171 \u00e9s preszt\u00edzs\u0171 hazai tr\u00e9nert (\u00edgy a beugr\u00f3k\u00e9nt kit\u0171n\u0151 teljes\u00edtm\u00e9nyt ny\u00fajt\u00f3 M\u00e1t\u00e9 Csab\u00e1nak is mennie kellett, s j\u00f6tt Dejan Sztankovics). Val\u00f3sz\u00edn\u0171leg t\u00f6bb ok egybefon\u00f3d\u00e1sa eredm\u00e9nyezte a hazai tr\u00e9nerek t\u00e9rveszt\u00e9s\u00e9t.\r\n\r\n<span class=\"highlight-block\">Az egyik ok az NB I 2015-\u00f6s l\u00e9tsz\u00e1mcs\u00f6kkent\u00e9se lehet. <\/span>\r\n\r\nA 16 csapatr\u00f3l 12-re karcs\u00fas\u00edt\u00e1s kimondottan rosszul \u00e9rintette a hazai tr\u00e9nereket, hiszen t\u00f6bb stabil \u00e9lvonalbeli csapatn\u00e1l (FTC, Feh\u00e9rv\u00e1r, \u00dajpest) fixen a k\u00fclf\u00f6ldi edz\u0151kre voksoltak, \u00e9s arra is lehetett sz\u00e1m\u00edtani, hogy m\u00e9g k\u00e9t\u2013h\u00e1rom m\u00e1sik egy\u00fcttesn\u00e9l is \u201el\u00e9gi\u00f3st\u201d b\u00edznak meg az ir\u00e1ny\u00edt\u00e1ssal. A l\u00e9tsz\u00e1mcs\u00f6kkent\u00e9s n\u00e9gy\u2013\u00f6t NB I-es kispadot azonnal kis\u00f6p\u00f6rt a hazai tr\u00e9nerek al\u00f3l. Az elm\u00falt \u00e9vtizedben \u00e9rz\u00e9kelhet\u0151 volt, hogy, akinek anyagi lehet\u0151s\u00e9gei \u00e9s amb\u00edci\u00f3i ezt lehet\u0151v\u00e9 teszik, pr\u00f3b\u00e1l k\u00fclf\u00f6ldi st\u00e1bot szerezni \u2013 ezzel az \u00e9rintettek kapcsolati h\u00e1l\u00f3j\u00e1t is mag\u00e1hoz csatolja \u2013, a hazai tr\u00e9nerek ink\u00e1bb k\u00f6z\u00e9p- \u00e9s kies\u0151jel\u00f6lt csapatokn\u00e1l jutnak sz\u00f3hoz.\r\n\r\nM\u00e1r amennyiben vannak m\u00e9g k\u00f6z\u00e9pcsapatok: m\u00e1ra a Ferencv\u00e1ros k\u00fcl\u00f6n kateg\u00f3ri\u00e1t k\u00e9pvisel, a Pusk\u00e1s Akad\u00e9mia \u00e1lland\u00f3 fels\u0151h\u00e1zi jelenl\u00e9ttel b\u00edr, a t\u00f6bbiek k\u00f6z\u00f6tt viszont \u00f6ld\u00f6kl\u0151 a verseny a k\u00e9t kies\u0151 hely elker\u00fcl\u00e9s\u00e9\u00e9rt. Pedig a k\u00f6z\u00e9pcsapatok (\u00e9s a kies\u00e9s ellen k\u00fczd\u0151 egy\u00fcttesek) az edz\u0151k fel\u00e9p\u00edt\u00e9s\u00e9ben is hagyom\u00e1nyosan fontos szerepet j\u00e1tszottak. Egy-egy fiatal, tehets\u00e9ges tr\u00e9ner \u00e1ltal\u00e1ban itt kapott el\u0151sz\u00f6r lehet\u0151s\u00e9get \u00e9lvonalbeli szinten. Ha bizony\u00edtott, akkor l\u00e9phetett \u00e9lcsapathoz. Most viszont \u00e9lcsapat gyakorlatilag egy van (\u00e9s az sorozatban k\u00fclf\u00f6ldi szakembereket alkalmaz), a kies\u00e9s elleni harcban pedig minim\u00e1lis a t\u00fcrelem. Jelenleg csup\u00e1n k\u00e9t edz\u0151 van az els\u0151 oszt\u00e1lyban (<strong>Horny\u00e1k Zsolt<\/strong> \u2013 PAFC,<strong> Szab\u00f3 Istv\u00e1n<\/strong> \u2013 KTE), aki k\u00e9t \u00e9vn\u00e9l hosszabb ideje ir\u00e1ny\u00edtja egy\u00fcttes\u00e9t.\r\n\r\nEgy m\u00e1sik ok lehet\r\n\r\n<span class=\"highlight-block\">a meghat\u00e1roz\u00f3 magyar edz\u0151k ki\u00f6reged\u00e9se. <\/span>\r\n\r\nA 2000-es \u00e9vekben (a beugr\u00f3 tr\u00e9nereket nem sz\u00e1molva) a hazai szakvezet\u0151k k\u00f6z\u00fcl Csank J\u00e1nos, <strong>Bozsik P\u00e9ter<\/strong>, Egerv\u00e1ri S\u00e1ndor, <strong>Szentes L\u00e1z\u00e1r, Supka Attila, Garami J\u00f3zsef, Herczeg Andr\u00e1s<\/strong>, Mezey Gy\u00f6rgy, <strong>Pint\u00e9r Attila<\/strong> \u00e9s \u2013 eleddig utols\u00f3k\u00e9nt \u2013 <strong>Kond\u00e1s Elem\u00e9r<\/strong> vezette bajnoki c\u00edmre csapat\u00e1t. Az eml\u00edtettek k\u00f6z\u00fcl a legfiatalabb Pint\u00e9r Attila a maga 57 \u00e9v\u00e9vel, mindenki m\u00e1s t\u00fal van a hatvanon, \u00e9s a list\u00e1n szerepl\u0151k fele m\u00e1r vagy visszavonult, vagy nem edz\u0151sk\u00f6dik magas szinten. \u00c1tlag\u00e9letkoruk 69,1 \u00e9v.\r\n\r\nA tr\u00e9nerek k\u00f6z\u00fcl j\u00f3 n\u00e9h\u00e1nyra a v\u00e1logatott eredm\u00e9nytelens\u00e9ge is visszahullott, hiszen szerepet v\u00e1llaltak \u00e9s meg\u00e9gtek sz\u00f6vets\u00e9gi kapit\u00e1nyk\u00e9nt. A meghat\u00e1roz\u00f3 edz\u0151k id\u0151s\u00f6d\u00e9s\u00e9vel p\u00e1rhuzamosan zajlott egy bizalmi v\u00e1ls\u00e1g is: a vezet\u0151k \u00e9rezhet\u0151en egyre kev\u00e9sb\u00e9 b\u00edztak a hazai szakemberekben, a 2016-os Eb-kijut\u00e1sban pedig D\u00e1rdai P\u00e1l, valamint <strong>Bernd Storck<\/strong> \u2013 k\u00e9t, a n\u00e9met futballk\u00f6zegb\u0151l \u00e9rkezett tr\u00e9ner \u2013 j\u00e1tszott kulcsszerepet. A szurkol\u00f3k \u2013 \u00e9s t\u00f6bb vezet\u0151 \u2013 szem\u00e9ben a k\u00fclf\u00f6ldi vagy k\u00fclf\u00f6ld\u00f6n tanult tr\u00e9ner egyben hiteless\u00e9get is hozott. Ez \u00e1tvitt \u00e9rtelemben a magyar edz\u0151i t\u00e1rsadalom \u00e9s a hazai tud\u00e1s\u00e1tad\u00e1s er\u0151s kritik\u00e1jak\u00e9nt is \u00e9rtelmezhet\u0151.\r\n\r\n[caption id=\"attachment_10406\" align=\"aligncenter\" width=\"4067\"]<img class=\"size-full wp-image-10406\" src=\"https:\/\/sport24.24.hu\/app\/uploads\/sites\/24\/2023\/10\/d__yt20170323008.jpg\" alt=\"\" width=\"4067\" height=\"2482\" \/> Bernd Storck a v\u00e1logatott sz\u00f6vets\u00e9gi kapit\u00e1nyak\u00e9nt 2017-ben.[\/caption]\r\n\r\nHarmadik oknak vehetj\u00fck a magyar futball politikai-gazdas\u00e1gi h\u00e1tszel\u00e9t. Az NB I egy meglehet\u0151sen v\u00e1ls\u00e1g\u00e1ll\u00f3 bubor\u00e9kban l\u00e9tezett ebben a peri\u00f3dusban, \u00f3ri\u00e1si infrastruktur\u00e1lis fejleszt\u00e9sek zajlottak le, egyre t\u00f6bb lett a p\u00e9nz j\u00e1t\u00e9kosokra, a st\u00e1bokra, a j\u00f3 k\u00f6r\u00fclm\u00e9nyek megteremt\u00e9s\u00e9re. A t\u00f6bb p\u00e9nzzel egy\u00fctt j\u00e1rt az is, hogy a magyar \u00e9lvonal vonz\u00f3bb lett a j\u00f3 j\u00e1t\u00e9ker\u0151t k\u00e9pvisel\u0151 l\u00e9gi\u00f3soknak \u00e9s a k\u00fclf\u00f6ldi edz\u0151knek egyar\u00e1nt. Rendbehozott infrastrukt\u00far\u00e1val, stabil anyagi h\u00e1tt\u00e9rrel sokkal h\u00edzelg\u0151bb alternat\u00edv\u00e1t jelentettek a magyar klubok a k\u00fclf\u00f6ldi j\u00e1t\u00e9kosoknak \u00e9s tr\u00e9nereknek, mint kor\u00e1bban.\r\n\r\nA sok k\u00fclf\u00f6ldi j\u00e1t\u00e9kos \u2013 a l\u00e9gi\u00f3sok fontoss\u00e1ga egyre n\u0151tt, a 2021\/22-es bajnoks\u00e1gban m\u00e1r t\u00f6bb j\u00e1t\u00e9kpercet kaptak, mint a hazaiak \u2013 mell\u00e9 gyakran hoztak k\u00fclf\u00f6ldi edz\u0151t, a Ferencv\u00e1rosn\u00e1l pedig l\u00e1that\u00f3an a n\u00e9v \u00e9s a j\u00e1t\u00e9koskarrier szolg\u00e1ltatta tekint\u00e9ly (Thomas Doll, Szerhij Rebrov, <strong>Peter St\u00f6ger<\/strong>, Sztanyiszlav Csercseszov, Dejan Sztankovics kiv\u00e9tel n\u00e9lk\u00fcl mind v\u00e1logatott, toplig\u00e1s szint\u0171, nagy nemzetk\u00f6zi tapasztalattal b\u00edr\u00f3 futballist\u00e1k voltak) is fontos.\r\n\r\n<span class=\"highlight-block-small\">A legut\u00f3bbi t\u00edz \u00e9vben a legt\u00f6bb NB I-es m\u00e9rk\u0151z\u00e9sen ir\u00e1ny\u00edt\u00f3 hat szakember k\u00f6z\u00fcl h\u00e1rom k\u00fclf\u00f6ldr\u0151l \u00e9rkezett: <\/span>\r\n\r\na rangels\u0151 <strong>Nebojsa Vignjevic<\/strong>, a negyedik Thomas Doll, az \u00f6t\u00f6dik a hat\u00e1ron t\u00fali magyar, de 2019-ig idehaza nem dolgoz\u00f3 Horny\u00e1k Zsolt. K\u00fclf\u00f6ldi az \u00e9ra legmeglep\u0151bb hazai eredm\u00e9ny\u00e9t el\u00e9r\u0151 (bajnoki c\u00edm a Honv\u00e9ddal), a v\u00e1logatott kispadj\u00e1n sikert sikerre halmoz\u00f3 <strong>Marco Rossi<\/strong>, a Ferencv\u00e1rossal \u00f3ri\u00e1si dominanci\u00e1t kialak\u00edt\u00f3, csapat\u00e1t BL-csoportk\u00f6rbe juttat\u00f3 Szerhij Rebrov, a z\u00f6ld-feh\u00e9rekkel az EL tavaszi folytat\u00e1s\u00e1ig eljut\u00f3 Sztanyiszlav Csercseszov, nemk\u00fcl\u00f6nben a Feh\u00e9rv\u00e1r utols\u00f3 jelent\u0151s sikereit sz\u00e1ll\u00edt\u00f3 Marko Nikolic.\r\n\r\nA 2013\/14-es \u00e9s a 2022\/23-as \u00e9vad k\u00f6z\u00f6tt 106 tr\u00e9ner ir\u00e1ny\u00edtott legal\u00e1bb egy m\u00e9rk\u0151z\u00e9sen NB I-es csapatot, k\u00f6z\u00fcl\u00fck 38 volt k\u00fclf\u00f6ldi. A legt\u00f6bb meccsen dirig\u00e1l\u00f3 32 tr\u00e9ner k\u00f6z\u00f6tt 14 k\u00fclf\u00f6ldit tal\u00e1lunk, \u00e9s a sikeres klubokn\u00e1l is fel\u00fclreprezent\u00e1ltak az \u00f6sszk\u00e9phez k\u00e9pest. Gyakran a t\u00fcrelem is tov\u00e1bb tart vel\u00fck szemben.\r\n\r\n<iframe class=\"flourish-embed-iframe\" style=\"width: 100%; height: 600px;\" title=\"Interactive or visual content\" src=\"https:\/\/flo.uri.sh\/visualisation\/15293377\/embed\" frameborder=\"0\" scrolling=\"no\"><\/iframe>\r\n<div style=\"width: 100%!; margin-top: 4px!important; text-align: right!important;\"><a class=\"flourish-credit\" style=\"text-decoration: none!important;\" href=\"https:\/\/public.flourish.studio\/visualisation\/15293377\/?utm_source=embed&amp;utm_campaign=visualisation\/15293377\" target=\"_top\" rel=\"noopener\"><img style=\"width: 105px!important; height: 16px!important; border: none!important; margin: 0!important;\" src=\"https:\/\/public.flourish.studio\/resources\/made_with_flourish.svg\" alt=\"Made with Flourish\" \/> <\/a><\/div>\r\nA l\u00e9tsz\u00e1mcs\u00f6kkent\u00e9s, a magyar futball felt\u0151k\u00e9s\u00edt\u00e9se, a hazai edz\u0151kkel szembeni bizalomveszt\u00e9s, a tud\u00e1simport ig\u00e9nye egyar\u00e1nt hozz\u00e1j\u00e1rulhatott ahhoz, hogy a magyar szakma jelent\u0151sen teret vesztett \u2013 legal\u00e1bbis NB I-es szinten. <strong>T\u00f3th L\u00e1szl\u00f3<\/strong>, a Mez\u0151k\u00f6vesd szakmai igazgat\u00f3ja a m\u00falt h\u00e9ten <a href=\"https:\/\/bunteto.com\/a-legnagyobb-kart-azzal-okoztuk-a-magyar-futballnak-hogy-a-honi-edzoknek-nem-kinaltunk-eselyt-interju-a-mezokoevesd-szakmai-igazgatojaval-toth-laszloval?fbclid=IwAR058q0ws-1zv0NMUeHB2Tuwjk-ZEA-tAQFeufDsJ1ns6uPlOkEV3981Eis\" target=\"_blank\" rel=\"noopener\">a B\u00fcntet\u0151.com-nak adott interj\u00faj\u00e1ban<\/a> kem\u00e9nyen fogalmazott.\r\n\r\n\u201eJ\u00f3 magyar edz\u0151kb\u0151l van b\u0151ven, csak nem kapnak es\u00e9lyt. A magyar edz\u0151ket egy-k\u00e9t sikertelen peri\u00f3dus ut\u00e1n egyb\u0151l f\u00e9lretett\u00e9k, a k\u00fclf\u00f6ldi meg a harmadik-negyedik lehet\u0151s\u00e9get is megkapja, j\u00f3llehet valaki nem is edz\u0151, ink\u00e1bb elemz\u0151, edz\u0151i v\u00e9na n\u00e9lk\u00fcl. Mondtam kor\u00e1bban, hatodrang\u00fa k\u00fclf\u00f6ldi edz\u0151k dolgoznak a magyar futballban, az\u00f3ta volt huszadrang\u00fa is. (\u2026) A legnagyobb k\u00e1rt azzal okoztuk a magyar futballnak, hogy a honi edz\u0151knek nem k\u00edn\u00e1ltunk es\u00e9lyt, nem \u00e9p\u00edtett\u00fck fel \u0151ket.\r\n<blockquote class=\"small-quote\">Nem az edz\u0151k\u00e9pz\u00e9ssel van baj, hanem a lehet\u0151s\u00e9g hi\u00e1ny\u00e1val<\/blockquote>\r\n\u2013 mondta.\r\n\r\nA lehet\u0151s\u00e9g hi\u00e1nya r\u00e9gi\u00f3s szinten igazol\u00f3dni l\u00e1tszik. Ha a szomsz\u00e9dos orsz\u00e1gokkal, illetve Lengyelorsz\u00e1ggal \u00e9s Csehorsz\u00e1ggal vetj\u00fck \u00f6ssze a magyar NB I-et, akkor itthon a legalacsonyabb az 50 \u00e9v alatti hazai edz\u0151k ar\u00e1nya az \u00e9lvonalban. Az MLSZ sportigazgat\u00f3ja, <strong>Barczi R\u00f3bert<\/strong> a k\u00f6zelm\u00faltban <strong>Horv\u00e1th D\u00e1vido<\/strong>t (MTK), <strong>T\u00edm\u00e1r Kriszti\u00e1nt<\/strong> (Ny\u00edregyh\u00e1za) \u00e9s <strong>Pinezits M\u00e1t\u00e9t<\/strong> (Bp. Honv\u00e9d) eml\u00edtette a \u201efelt\u00f6rekv\u0151 magyar edz\u0151gener\u00e1ci\u00f3\u201d k\u00e9pvisel\u0151ik\u00e9nt. H\u00e1rmuk k\u00f6z\u00fcl egyed\u00fcl Horv\u00e1th D\u00e1vidnak van NB I-es m\u00e9rk\u0151z\u00e9se (13). Ek\u00f6zben a lengyel \u00e9lvonalban \u00f6t 40 \u00e9ves vagy fiatalabb vezet\u0151edz\u0151 van, \u0151k egy\u00fcttv\u00e9ve m\u00e1r t\u00f6bb mint 120 els\u0151 oszt\u00e1ly\u00fa m\u00e9rk\u0151z\u00e9sen ir\u00e1ny\u00edtottak. Kicsit hasonlatos a probl\u00e9ma a fiatal j\u00e1t\u00e9kosok be\u00e9p\u00edt\u00e9s\u00e9hez \u2013 \u00e9s abban k\u00e9ts\u00e9gtelen\u00fcl igaza van T\u00f3th L\u00e1szl\u00f3nak, hogy a j\u00e1t\u00e9kosokkal szemben az edz\u0151k fel\u00e9p\u00edt\u00e9s\u00e9t semmif\u00e9le szab\u00e1lyoz\u00e1s nem seg\u00edti. A negyvenes \u00e9veik elej\u00e9n j\u00e1r\u00f3, jelent\u0151s l\u00e9gi\u00f3stapasztalatot gy\u0171jt\u0151, edz\u0151sk\u00f6dni hazat\u00e9rt j\u00e1t\u00e9kosok (<strong>Huszti Szabolcs, Gera Zolt\u00e1n, Szabics Imr<\/strong>e) k\u00f6z\u00fcl pedig egyel\u0151re senki sem tudott kiemelked\u0151 eredm\u00e9nyekkel el\u0151rukkolni.\r\n\r\n<iframe class=\"flourish-embed-iframe\" style=\"width: 100%; height: 600px;\" title=\"Interactive or visual content\" src=\"https:\/\/flo.uri.sh\/visualisation\/15307233\/embed\" frameborder=\"0\" scrolling=\"no\"><\/iframe>\r\n<div style=\"width: 100%!; margin-top: 4px!important; text-align: right!important;\"><a class=\"flourish-credit\" style=\"text-decoration: none!important;\" href=\"https:\/\/public.flourish.studio\/visualisation\/15307233\/?utm_source=embed&amp;utm_campaign=visualisation\/15307233\" target=\"_top\" rel=\"noopener\"><img style=\"width: 105px!important; height: 16px!important; border: none!important; margin: 0!important;\" src=\"https:\/\/public.flourish.studio\/resources\/made_with_flourish.svg\" alt=\"Made with Flourish\" \/> <\/a><\/div>\r\nT\u00f6bb magyar edz\u0151 c\u00e9lzott arra \u2013 reag\u00e1lva Kubatov G\u00e1bor kijelent\u00e9seire \u2013, hogy ma \u00f6sszehasonl\u00edthatatlanul jobb k\u00f6r\u00fclm\u00e9nyek k\u00f6z\u00f6tt dolgozhatnak (jobb\u00e1ra k\u00fclf\u00f6ldi) ut\u00f3daik, mint \u0151k. \u00dagy is lehetne mondani: az ostor a magyar edz\u0151k\u00f6n csattant, mert \u0151k el\u0151bb a megfelel\u0151 infrastrukt\u00far\u00e1t, annak ki\u00e9p\u00fcl\u00e9se \u00e9s a klubok anyagi helyzet\u00e9nek rendez\u00e9se ut\u00e1n pedig a lehet\u0151s\u00e9get nem kapt\u00e1k meg.\r\n\r\n<span class=\"highlight-block-small\">De lehet-e teljesen \u201eszepl\u0151telen\u201d a magyar edz\u0151i kar, ha a hossz\u00fa sikertelens\u00e9g miatt erod\u00e1l\u00f3dott a hiteless\u00e9ge, \u00e9s \u00e9vtizedek \u00f3ta nem siker\u00fclt nemzetk\u00f6zi szinten elismert szakembert kinevelni? <\/span>\r\n\r\nKinek a felel\u0151ss\u00e9ge, hogy az 1920-as \u00e9vekt\u0151l nagyj\u00e1b\u00f3l az 1970-es \u00e9vekig nemzetk\u00f6zi szinten is sikeres \u00e9s elismert magyar edz\u0151k ut\u00e1np\u00f3tl\u00e1sa elapadt? Siker\u00fclt-e \u00e1tadni azt a tud\u00e1st, ami valaha sikeress\u00e9 tette a magyar tr\u00e9nereket? Ha nem, akkor mi ennek az oka? Van-e tud\u00e1sdeficit, \u00e9s megold\u00e1s-e a tud\u00e1simport?\r\n\r\nA v\u00e1laszkeres\u00e9s sz\u00e9tfesz\u00edti egy cikk korl\u00e1tait. Az biztos: a magyar edz\u0151k (pl\u00e1ne a fiatal magyar edz\u0151k) a r\u00e9gi\u00f3s szinthez viszony\u00edtva is kev\u00e9s lehet\u0151s\u00e9get kapnak az \u00e9lvonalban. Val\u00f3sz\u00edn\u0171, hogy ezen csak az v\u00e1ltoztathatna, ha egy hazai tr\u00e9ner hosszabb id\u0151n \u00e1t kiugr\u00f3an j\u00f3l teljes\u00edtene, \u00e9s be tudna t\u00f6rni az \u00e9lcsapatok k\u00f6z\u00e9 egy\u00fcttes\u00e9vel. Ehhez viszont persze az kellene, hogy lehet\u0151s\u00e9get kapjon.\r\n\r\n\u00c9s m\u00e1ris bez\u00e1rult a k\u00f6r.\r\n\r\n[prefabricated_shortcode in_app=\"0\" code=\"%3Cdiv%20class%3D%22article_box_border%22%20style%3D%22background%3A%20url%28%27https%3A%2F%2F24.p3k.hu%2Fapp%2Fuploads%2Fsites%2F24%2F2021%2F05%2Fsport24-pattern.png%27%29%20no-repeat%20left%20-16px%20%23f3f3f4%3B%20border%3A%20none%3B%22%3E%0D%0A%3Cdiv%20class%3D%22article_solidheader%22%3E%0D%0A%3Ch2%20style%3D%22color%3A%20%23111115%21important%3B%20font-size%3A%2036px%3B%20font-weight%3A%20bold%3B%20margin-bottom%3A%2030px%3B%20margin-top%3A%2020px%3B%20text-align%3A%20center%3B%20line-height%3A%2036px%3B%22%3E%3Cimg%20class%3D%22aligncenter%20size-full%20wp-image-141%22%20src%3D%22https%3A%2F%2F24.p3k.hu%2Fapp%2Fuploads%2Fsites%2F24%2F2021%2F05%2Fs24-logo-dt.png%22%20alt%3D%22%22%20width%3D%22408%22%20height%3D%2290%22%20%2F%3E%3C%2Fh2%3E%0D%0A%3Ch2%20style%3D%22color%3A%20%23111115%21important%3B%20font-size%3A%2036px%3B%20font-weight%3A%20bold%3B%20margin-bottom%3A%2030px%3B%20margin-top%3A%2020px%3B%20text-align%3A%20center%3B%20line-height%3A%2040px%3B%22%3ECsatlakozz%20a%20Sport24%20k%C3%B6z%C3%B6ss%C3%A9ghez%2C%20mondd%20el%20v%C3%A9lem%C3%A9nyedet%20z%C3%A1rt%20Facebook-csoportunkban%2C%20%C3%A9s%20vegy%C3%A9l%20r%C3%A9szt%20csak%20el%C5%91fizet%C5%91knek%20el%C3%A9rhet%C5%91%20exkluz%C3%ADv%20esem%C3%A9nyeinken.%3C%2Fh2%3E%0D%0A%3C%2Fdiv%3E%0D%0A%3Cp%20style%3D%22background%3A%20%2357A600%3B%20margin-top%3A%2020px%3B%20padding%3A%2020px%3B%20text-align%3A%20center%3B%22%3E%3Ca%20style%3D%22color%3A%20%23ffffff%3B%20font-size%3A%2026px%3B%20font-weight%3A%20600%3B%22%20href%3D%22https%3A%2F%2Fwww.facebook.com%2Fgroups%2F212344460412327%22%3ECSATLAKOZOM%3C%2Fa%3E%3C%2Fp%3E%0D%0A%0D%0A%3C%2Fdiv%3E\"]","type":"rich","thumbnail_url":"https:\/\/s.24.hu\/app\/uploads\/sites\/24\/2023\/10\/k_epa20210202064-masolat-150x150.jpg","thumbnail_width":150,"thumbnail_height":150}