{"version":"1.0","provider_name":"Sport24","provider_url":"https:\/\/sport24.24.hu","author_name":"Fut\u00f3 Csaba","author_url":"https:\/\/sport24.24.hu\/author\/futocs\/","title":"\u00c1lomszer\u0171 60 perc ut\u00e1n aggaszt\u00f3an elolvadt Firenz\u00e9ben a Fradi dominanci\u00e1ja","html":"A m\u00e1sodik j\u00e1t\u00e9knapon pap\u00edron a legnehezebb feladat el\u00e9 n\u00e9zett a Ferencv\u00e1ros a Konferencia Liga F csoportj\u00e1ban, hiszen a magyar bajnoknak idegenben kellett helyt\u00e1llni a sorozat tavalyi ez\u00fcst\u00e9rmes\u00e9vel, a Fiorentin\u00e1val. <strong>Vincenzo Italiano<\/strong> csapata tavaly az Olasz Kupa d\u00f6nt\u0151j\u00e9be is bejutott, deklar\u00e1ltan proakt\u00edv, labdabirtokl\u00e1sra \u00e9p\u00fcl\u0151 j\u00e1t\u00e9kkal, <strong>Dejan Stankovic<\/strong> egy\u00fcttes\u00e9nek \u00edgy azt kellett megmutatni, hogy a Cukaricki elleni domin\u00e1ns j\u00e1t\u00e9k, valamint a h\u00e1rom bajnoki gy\u0151zelem ut\u00e1n mihez tud kezdeni a reakt\u00edv f\u00e9l szerep\u00e9vel egy toplig\u00e1s ellenf\u00e9llel szemben.\r\n\r\nA Fiorentina kapuj\u00e1ban a bemeleg\u00edt\u00e9sn\u00e9l megs\u00e9r\u00fclt <strong>Oliver Christensen<\/strong> helyett <strong>Pietro Terracciano<\/strong> \u00e1llt, a n\u00e9gy v\u00e9d\u0151 <strong>Kayod\u00e9<\/strong>, <strong>Quarta<\/strong>, <strong>Ranieri<\/strong> \u00e9s <strong>Biraghi<\/strong> voltak, el\u0151tt\u00fck a rugalmasan j\u00e1tsz\u00f3 h\u00e1rom k\u00f6z\u00e9pp\u00e1ly\u00e1s <strong>Maxime Lopez<\/strong>. <strong>Bonaventura<\/strong> \u00e9s <strong>Mandragora<\/strong>, a k\u00e9t sz\u00e9lr\u0151l pedig <strong>Sottil<\/strong> \u00e9s <strong>Nicolas Gonz\u00e1lez<\/strong> t\u00e1mogatta a k\u00f6z\u00e9pcsat\u00e1r <strong>Beltr\u00e1nt<\/strong>. A lil\u00e1k kezd\u0151csapat\u00e1ban teh\u00e1t hat olasz \u00e9s h\u00e1rom argentin j\u00e1t\u00e9kos is helyet kapott.\r\n\r\nA Ferencv\u00e1ros kezd\u0151csapata nem tartalmazott sok meglepet\u00e9st: <strong>Dibusz<\/strong> el\u0151tt <strong>Makreckis<\/strong>, <strong>Sammy Mmaee<\/strong>, <strong>Ciss\u00e9<\/strong> \u00e9s <strong>Cristian Ram\u00edrez<\/strong> alkotta a n\u00e9gyf\u0151s v\u00e9delmet. El\u0151tt\u00fck <strong>Sig\u00e9r<\/strong>, <strong>Abu Fani<\/strong> \u00e9s <strong>Ben Rhomdane<\/strong> j\u00e1tszott k\u00f6z\u00e9pen, el\u00f6l pedig <strong>Zachariassen<\/strong> \u00e9s <strong>Marquinhos<\/strong> lett <strong>Varga Barnab\u00e1s<\/strong> t\u00e1rsa.\r\n\r\nA m\u00e9rk\u0151z\u00e9s nagyszer\u0171en kezd\u0151d\u00f6tt a z\u00f6ld-feh\u00e9rek sz\u00e1m\u00e1ra, \u00e9s ez a lend\u00fclet v\u00e9g\u00fcl t\u00f6bb mint egy f\u00e9lid\u0151n kereszt\u00fcl ki is tartott. A legnagyobb k\u00e9rd\u00e9s az volt, Stankovic csapata mennyiben adja \u00e1t a teret a b\u00e1tran, a labda oldal\u00e1t t\u00falt\u00f6ltve futballoz\u00f3 hazai csapatnak.\r\n\r\n<span class=\"highlight-block-small\">Nos, a labd\u00e1t igen, de a teret a z\u00f6ld-feh\u00e9r csapat semennyire sem adta \u00e1t: az els\u0151 pillanatt\u00f3l kezdve agressz\u00edvan, a megszokott emberfog\u00e1ssal pr\u00f3b\u00e1lt\u00e1k megzavarni az ellenf\u00e9l labdakihozatalait.<\/span>\r\n<div class=\"payable-content-section\"><\/div>\r\nRengeteg olyan jelenetet l\u00e1thattunk az els\u0151 f\u00e9lid\u0151ben, amikor a n\u00e9gy ferencv\u00e1rosi t\u00e1mad\u00f3 szabadon hagyta Terracciano kapust, a passzopci\u00f3kat azonban k\u00f6zvetlen\u00fcl fogt\u00e1k. B\u00e1r Varg\u00e1\u00e9k helyezked\u00e9se reakt\u00edv volt, az olaszoknak folyamatosan mozogniuk kellett, hogy tiszt\u00e1ra j\u00e1tssz\u00e1k magukat, \u00edgy azonban gyakran nem foglalt\u00e1k el a labdakihozatal szempontj\u00e1b\u00f3l legfontosabb ter\u00fcleteket. Egyre ink\u00e1bb Maxime Lopeznek vagy egy m\u00e1sik k\u00f6z\u00e9pp\u00e1ly\u00e1snak kellett visszal\u00e9pnie a v\u00e9d\u0151vonalba, hogy a Fiorentina ki tudja hozni a labd\u00e1t.\r\n<div style=\"width: 100%;height: 0px;position: relative;padding-bottom: 60.250%\"><iframe style=\"width: 100%;height: 100%;position: absolute\" src=\"https:\/\/streamable.com\/e\/ap9prg?quality=highest\" width=\"100%\" height=\"100%\" frameborder=\"0\" allowfullscreen=\"allowfullscreen\"><\/iframe><\/div>\r\n<em>Let\u00e1mad a Fradi: az ellenf\u00e9l kapusa szabadon hagyva, az el\u00fcls\u0151 n\u00e9gyes a k\u00f6zvetlen passzopci\u00f3kra figyel. Az olaszokt\u00f3l mindenki mozg\u00e1sban van, de senki sem megj\u00e1tszhat\u00f3, Terracciano \u00edvel\u00e9sre k\u00e9nyszer\u00fcl.<\/em>\r\n\r\n\u00c1m ha ez siker\u00fclt is, a b\u00e1tran kil\u00e9p\u0151 ferencv\u00e1rosi v\u00e9d\u0151k el tudt\u00e1k hal\u00e1szni a labd\u00e1t. Tov\u00e1bbi pozit\u00edvum volt, hogy az emberfog\u00e1sos v\u00e9dekez\u00e9s ellen\u00e9re a Fradi j\u00e1t\u00e9kosai k\u00f6z\u00f6tt nem n\u0151tt t\u00fal nagyra a t\u00e1vols\u00e1g, noha ebben seg\u00edtette \u0151ket, hogy a Fiorentina a saj\u00e1t alakzat\u00e1t sem h\u00fazta sz\u00e9t teljesen, ink\u00e1bb a labda oldal\u00e1ra koncentr\u00e1lva. Labdaszerz\u00e9s ut\u00e1n \u00edgy a fradist\u00e1k az egym\u00e1shoz k\u00f6zel helyezked\u0151 j\u00e1t\u00e9kosok r\u00e9v\u00e9n az els\u0151 f\u00e9lid\u0151ben t\u00f6bb \u00edg\u00e9retes kontr\u00e1t is tudtak vezetni, els\u0151sorban Zachariassen \u00e9s Ben Romdhane r\u00e9v\u00e9n, a p\u00e1lya jobb oldal\u00e1n. A tun\u00e9ziai j\u00e1t\u00e9kos a g\u00f3lpassza mellett h\u00e1rommal a legt\u00f6bb ferencv\u00e1rosi helyzetet alak\u00edtotta ki, Zachariassen pedig az eg\u00e9sz mez\u0151nyben a legmagasabb xA-mutat\u00f3t, 0,74-et.\r\n<div style=\"width: 100%;height: 0px;position: relative;padding-bottom: 60.250%\"><iframe style=\"width: 100%;height: 100%;position: absolute\" src=\"https:\/\/streamable.com\/e\/446980?quality=highest\" width=\"100%\" height=\"100%\" frameborder=\"0\" allowfullscreen=\"allowfullscreen\"><\/iframe><\/div>\r\n<em>A Fradi k\u00f6z\u00e9ps\u0151 blokkban labd\u00e1t szerez, majd a sz\u00e9eln beindul\u00f3 Zachariassen \u00e9s a kifel\u00e9 mozg\u00f3 Ben Rhomdane kombin\u00e1l. Figyelj\u00fck meg, hogy Marquinhos itt m\u00e9g befel\u00e9 k\u00f6veti az ellenf\u00e9l jobbh\u00e1tv\u00e9dj\u00e9t, \u00edgy a ferencv\u00e1rosi j\u00e1t\u00e9kosok a labdaszerz\u00e9skor is k\u00f6zelebb helyezkednek egym\u00e1shoz.<\/em>\r\n\r\nA fel\u00e9p\u00edtett t\u00e1mad\u00e1ssal kapcsolatban a legnagyobb kih\u00edv\u00e1s az volt, mik\u00e9nt tud a Fradi futballozni az el\u0151z\u0151 ellenf\u00e9ln\u00e9l j\u00f3val magasabban \u00e9s agressz\u00edvabban futballoz\u00f3 Fiorentin\u00e1val szemben. Vincenzo Italiano csapata emberfog\u00e1ssal, legink\u00e1bb 4-4-2-es alapfel\u00e1ll\u00e1sb\u00f3l t\u00e1madott le, ahol \u00e1ltal\u00e1ban Giacomo Bonaventura csatlakozott a k\u00f6z\u00e9pcsat\u00e1r Baltr\u00e1nhoz. A labd\u00e1val kev\u00e9sb\u00e9 magabiztos Dibusz D\u00e9nest presszion\u00e1lva t\u00f6bb alkalommal is siker\u00fclt \u00edvel\u00e9st vagy rossz passzt kik\u00e9nyszer\u00edteni.\r\n<div style=\"width: 100%;height: 0px;position: relative;padding-bottom: 60.250%\"><iframe style=\"width: 100%;height: 100%;position: absolute\" src=\"https:\/\/streamable.com\/e\/zo6bng?quality=highest\" width=\"100%\" height=\"100%\" frameborder=\"0\" allowfullscreen=\"allowfullscreen\"><\/iframe><\/div>\r\n<em>Egy sikertelen labdakihozatal: az olaszok emberfog\u00e1ssal t\u00e1madnak le, Dibusz \u00edvel\u00e9sre k\u00e9nyszer\u00fcl.<\/em>\r\n\r\nSzerencs\u00e9re sikeres megold\u00e1sokat is l\u00e1thattunk, amivel a Fradi kezelni tudta a labdakihozatali momentumokat. A Stankovic csapataira jellemz\u0151 sz\u00e9ls\u0151, direkt t\u00e1mad\u00e1sokat a Fradi j\u00e1t\u00e9k\u00e1ban is felfedezhett\u00fck. Ha az olaszok sikeresen a sz\u00e9lekre k\u00e9nyszer\u00edtett\u00e9k a labdakihozatalt, akkor az emberfog\u00e1s miatt h\u00e1ttal j\u00e1tsz\u00f3 csapatt\u00e1rson kereszt\u00fcl a z\u00f6ld-feh\u00e9rek t\u00f6bbsz\u00f6r is sikeresen j\u00e1tszott\u00e1k meg a m\u00e9lys\u00e9gb\u0151l \u00e9rkez\u0151 harmadik embert. Ezekb\u0151l a szitu\u00e1ci\u00f3kb\u00f3l a t\u00falt\u00f6lt\u00e9s sem hi\u00e1nyzott: b\u00e1r Makreckis a jobb oldalon nem futott agressz\u00edvan a t\u00e1mad\u00e1ssal, Ben Rhomdane kimozg\u00e1s\u00e1val \u00e9s Marquinhos \u00e9rkez\u00e9s\u00e9vel gyakran siker\u00fclt azt az oldalt t\u00falt\u00f6lteni, \u00edgy a Fradi a kontr\u00e1k ellen sem lett t\u00falzottan sebezhet\u0151.\r\n<div style=\"width: 100%;height: 0px;position: relative;padding-bottom: 60.250%\"><iframe style=\"width: 100%;height: 100%;position: absolute\" src=\"https:\/\/streamable.com\/e\/zefb04?quality=highest\" width=\"100%\" height=\"100%\" frameborder=\"0\" allowfullscreen=\"allowfullscreen\"><\/iframe><\/div>\r\n<em>Egy sikeres labdakihozatal: A Fradi a t\u00e1mad\u00e1s kezdet\u00e9n a sz\u00e9lre tereli a j\u00e1t\u00e9kot, majd felpassz-lek\u00e9sz\u00edt\u00e9s kombin\u00e1ci\u00f3k az emberfog\u00e1s kij\u00e1tsz\u00e1s\u00e1ra.<\/em>\r\n\r\nMivel a Fradi nemigen tudott labd\u00e1val \u00fagy berendezkedni az ellenf\u00e9l t\u00e9rfel\u00e9n, mint a Cukaricki ellen a 2-3-5-\u00f6s vagy 3-2-5\u00f6s fel\u00e1ll\u00e1sokban, \u00edgy a m\u00e1sik oldalon Ram\u00edrezt sem l\u00e1thattuk annyit az ellenf\u00e9l kapuja el\u0151tt, mint gyeng\u00e9bb ellenfelek ellen. N\u00e9h\u00e1nyszor sikeresen alkalmazott megold\u00e1s volt azonban az ellenf\u00e9l kicsalogat\u00e1sa, amikor is a Fradi a p\u00e1ly\u00e1t m\u00e9lys\u00e9gben megny\u00fajtva tudta bepasszolni a labd\u00e1t a kil\u00e9p\u0151 olasz j\u00e1t\u00e9kosok k\u00f6z\u00e9, hogy azt\u00e1n a k\u00f6z\u00e9pen megkezdett labdakihozatalt a sz\u00e9len, f\u0151leg a jobb oldalon fejezze be. Egy ilyen szitu\u00e1ci\u00f3b\u00f3l siker\u00fclt a vezet\u00e9st is megszerezni a 25. percben.\r\n<div style=\"width: 100%;height: 0px;position: relative;padding-bottom: 60.250%\"><iframe style=\"width: 100%;height: 100%;position: absolute\" src=\"https:\/\/streamable.com\/e\/sspmcu?quality=highest\" width=\"100%\" height=\"100%\" frameborder=\"0\" allowfullscreen=\"allowfullscreen\"><\/iframe><\/div>\r\n<em>Az els\u0151 ferencv\u00e1rosi g\u00f3l. A Fradi a labd\u00e1t visszafel\u00e9 j\u00e1ratva kicsalogatja a Fiorentina let\u00e1mad\u00e1s\u00e1t, majd a jobb sz\u00e9len v\u00e9gig viszi a t\u00e1mad\u00e1st. Ism\u00e9t Zachariassen \u00e9s Ben Rhomdane a f\u0151szerepl\u0151k, no meg a kit\u0171n\u0151en \u00e9rkez\u0151 Varga Banab\u00e1s.<\/em>\r\n\r\nA Fradi let\u00e1mad\u00e1sa el\u0151nyben is j\u00f3l m\u0171k\u00f6d\u00f6tt, az els\u0151 f\u00e9lid\u0151ben a Fiorentina szinte egy\u00e1ltal\u00e1n nem tudott az ellenf\u00e9l t\u00e9rfel\u00e9n labd\u00e1val berendezkedni. Hozz\u00e1 kell tenni, hogy a l\u00e1tv\u00e1nyos t\u00falt\u00f6lt\u00e9sek ellen\u00e9re a firenzeiek j\u00e1t\u00e9ka az ellenf\u00e9l tizenhatosa el\u0151tt is hajlamos lelassulni. Nem meglep\u0151, hogy a hazaiak nem tudtak lend\u00fcletb\u0151l a ferencv\u00e1rosi v\u00e9delem m\u00f6g\u00e9 ker\u00fclni, \u00e9s az els\u0151 f\u00e9lid\u0151t mind\u00f6ssze 0,44-es xG-mutat\u00f3val z\u00e1rt\u00e1k.\r\n<div style=\"width: 100%;height: 0px;position: relative;padding-bottom: 60.250%\"><iframe style=\"width: 100%;height: 100%;position: absolute\" src=\"https:\/\/streamable.com\/e\/f5c6id?quality=highest\" width=\"100%\" height=\"100%\" frameborder=\"0\" allowfullscreen=\"allowfullscreen\"><\/iframe><\/div>\r\n<em>A Fiorentina t\u00falt\u00f6lti a labda oldal\u00e1t, \u00e1m nem siker\u00fcl lend\u00fcletb\u0151l \u00e1tt\u00f6rni, Mandragora k\u00f6z\u00e9pen, egy az egyben kell, hogy megverje a tizenhatoson bel\u00fcl v\u00e9dekez\u0151 ellenfel\u00e9t.<\/em>\r\n\r\nA m\u00e1sodik f\u00e9lid\u0151ben a ferencv\u00e1rosiak ott folytatt\u00e1k, ahol a sz\u00fcnet el\u0151tt abbahagyt\u00e1k: \u00f6t perc ut\u00e1n egy sz\u00f6gletb\u0151l Ciss\u00e9 n\u00f6velte k\u00e9tg\u00f3losra az el\u0151nyt, r\u00f6viddel ezut\u00e1n pedig Abu Fani tal\u00e1lta el nagy helyzetben a kapuf\u00e1t.\r\n\r\n<span class=\"highlight-block-small\">60-65 perc letelt\u00e9vel azonan \u00faj m\u00e9rk\u0151z\u00e9s kezd\u0151d\u00f6tt, \u00e9s a Fradi dominanci\u00e1ja egyre aggaszt\u00f3bban kezdett el olvadni.<\/span>\r\n\r\nItaliano t\u00f6bb friss embert is bek\u00fcld\u00f6tt, az els\u0151 f\u00e9lid\u0151ben bizonytalan Biraghi hely\u00e9n p\u00e9ld\u00e1ul <strong>Fabiano Parisi<\/strong> folytatta. A jobb oldalon Ranieri is egye t\u00f6bbet futhatott fel a t\u00e1mad\u00e1ssal, Bonaventura helyett pedig t\u00edz perccel a v\u00e9ge el\u0151tt egy \u00fajabb t\u00e1mad\u00f3, Jonathan Ikon\u00e9 \u00e9rkezett.\r\n\r\nStankovic csapat\u00e1n\u00e1l pedig fel\u00fct\u00f6tte a fej\u00e9t az a jelens\u00e9g, amire kor\u00e1bban m\u00e1r mi is figyelmeztett\u00fcnk: az egyre m\u00e9lyebben v\u00e9dekez\u0151 csapat a saj\u00e1t t\u00e9rfel\u00e9n passz\u00edvv\u00e1 v\u00e1lt, a j\u00e1t\u00e9kosok k\u00f6z\u00f6tt pedig sz\u00e9less\u00e9gben \u00e9s m\u00e9lys\u00e9gben is megny\u00faltak a t\u00e1vols\u00e1gok. A Fiorentina a lecsorg\u00f3 labd\u00e1kat \u00f6sszeszedve egyre nagyobb lend\u00fclettel tudott a kapu el\u00e9 \u00e9rkezni, az utols\u00f3 percekben pedig a cserek\u00e9nt be\u00e1llt <strong>Ikon\u00e9<\/strong> az egyenl\u00edt\u00e9st is \u00f6sszehozta.\r\n<div style=\"width: 100%;height: 0px;position: relative;padding-bottom: 60.250%\"><iframe style=\"width: 100%;height: 100%;position: absolute\" src=\"https:\/\/streamable.com\/e\/9g8avc?quality=highest\" width=\"100%\" height=\"100%\" frameborder=\"0\" allowfullscreen=\"allowfullscreen\"><\/iframe><\/div>\r\n<em>A Fradi els\u0151 sora viszonylag magasan helyezkedik, de nincs el\u00e9g nyom\u00e1s a labd\u00e1son, mik\u00f6zben a v\u00e9d\u0151vonal egyre h\u00e1tr\u00e9bb helyezkedik. A csapatr\u00e9szek k\u00f6z\u00f6tt t\u00e1tong\u00f3 r\u00e9st az olaszok egy fel\u00edvel\u00e9ssel \u00e1tj\u00e1tssz\u00e1k, majd beszor\u00edtj\u00e1k a magyar csapatot a kapu el\u00e9.<\/em>\r\n<div style=\"width: 100%;height: 0px;position: relative;padding-bottom: 60.250%\"><iframe style=\"width: 100%;height: 100%;position: absolute\" src=\"https:\/\/streamable.com\/e\/8s6z2g?quality=highest\" width=\"100%\" height=\"100%\" frameborder=\"0\" allowfullscreen=\"allowfullscreen\"><\/iframe><\/div>\r\n<em>A Fiorentina zavartalanul hozhatja fel a labd\u00e1t, Owusu jobbsz\u00e9ls\u0151k\u00e9nt is visszafel\u00e9 k\u00f6veti az ember\u00e9t. A ferencv\u00e1rosi j\u00e1t\u00e9kosok k\u00f6z\u00f6tt v\u00e9dekez\u00e9sben megn\u0151 a t\u00e1vols\u00e1g, ami megnyitja az olaszok el\u0151tt a p\u00e1lya k\u00f6zep\u00e9t, \u00e1m \u0151k m\u00e1r kiz\u00e1r\u00f3lag a bead\u00e1sokra koncentr\u00e1lnak.<\/em>\r\n\r\nAz xG-mutat\u00f3 alakul\u00e1sa j\u00f3l mutatja a m\u00e9rk\u0151z\u00e9s k\u00e9tarc\u00fas\u00e1g\u00e1t: a 0,44-es els\u0151 f\u00e9lidei mutat\u00f3 ut\u00e1n a hazaiak 2,44-el fejezt\u00e9k be a m\u00e9rk\u0151z\u00e9st, m\u00edg a Fradi 0,84-es els\u0151 f\u00e9lid\u0151 ut\u00e1n mind\u00f6ssze 0,55-\u00f6t szerzett a m\u00e1sodikban. Az els\u0151 45 perc m\u00e9rs\u00e9kelt olasz labdabirtokl\u00e1si f\u00f6l\u00e9nye (56 sz\u00e1zal\u00e9k) ut\u00e1n az ellenf\u00e9l 65-\u00f6t tudott bemutatni a m\u00e1sodik f\u00e9lid\u0151ben, ennek jelent\u0151s r\u00e9sz\u00e9t pedig imm\u00e1r a ferencv\u00e1rosi t\u00e9rf\u00e9len.\r\n\r\n<img class=\"size-full wp-image-10349 aligncenter\" src=\"https:\/\/sport24.24.hu\/app\/uploads\/sites\/24\/2023\/10\/fioftc.png\" alt=\"\" width=\"738\" height=\"870\" \/>\r\n\r\nB\u00e1r a csoport leger\u0151sebb ellenfel\u00e9vel szemben a d\u00f6ntetlen j\u00f3 eredm\u00e9nynek mondhat\u00f3, m\u00e9gis keser\u0171 lehet a sz\u00e1nk \u00edze:\r\n\r\n<span class=\"highlight-block-small\">az els\u0151 hatvan perc az ut\u00f3bbi k\u00e9t \u00e9vtized egyik legjobb magyar nemzetk\u00f6zi kupateljes\u00edtm\u00e9nye volt.<\/span>\r\n\r\nAz egyre ink\u00e1bb elf\u00e1rad\u00f3 \u00e9s szerkezetileg is sz\u00e9tes\u0151 Fradi azonban nem b\u00edrta a nyom\u00e1st, \u00e9s az els\u0151 f\u00e9lid\u0151ben szinte ziccerig sem jut\u00f3 olaszok a m\u00e9rk\u0151z\u00e9s utols\u00f3 szakasz\u00e1t teljesen domin\u00e1lt\u00e1k. Folytat\u00e1s k\u00e9t h\u00e9t m\u00falva Belgiumban a Genk ellen. Az igazi fejl\u0151d\u00e9s az lenne, ha m\u00e1r nem csak hatvan percig siker\u00fclne domin\u00e1lni.","type":"rich","thumbnail_url":"https:\/\/s.24.hu\/app\/uploads\/sites\/24\/2023\/10\/fior-fradi-150x150.jpg","thumbnail_width":150,"thumbnail_height":150}