{"version":"1.0","provider_name":"Sport24","provider_url":"https:\/\/sport24.24.hu","author_name":"Bruckner G\u00e1bor","author_url":"https:\/\/sport24.24.hu\/author\/brucknerg\/","title":"Heged\u0171s kapus esete a ferencv\u00e1rosi foganty\u00faval: a szombathelyi klubeln\u00f6k megkamuzta a kamut","html":"Diadalmasan jelentette az\u00a0FTC eln\u00f6ke az 1983\/84-es \u00e9vad rajtja el\u0151tt, hogy g\u00f3lpr\u00e9miumot kapnak a ferencv\u00e1rosi labdar\u00fag\u00f3k, minden \u201edug\u00f3\u00e9rt\u201d 9000 forint illeti meg \u0151ket. Erre az els\u0151 tizenegy fordul\u00f3ban egyetlen egyszer gy\u0151z\u00f6tt a csapat \u2013 a Ny\u00edregyh\u00e1za ellen az \u00dcll\u0151i \u00faton 2-1-re \u2013, s\u0151t kilenc meccsen \u00e1t egyfolyt\u00e1ban nyeretlen maradt.\r\n\r\nA tizenegy fordul\u00f3ban tizenh\u00e1rom g\u00f3lt siker\u00fclt \u00f6sszehozni, mik\u00f6zben huszon\u00f6t\u00f6t kapott az egy\u00fcttes, a veres\u00e9gek sz\u00e1ma \u00f6tre r\u00fagott, \u00e9s voltak m\u00e9retes \u201ezak\u00f3k\u201d is (Vasas 2-4, Honv\u00e9d 0-3, MTK 0-4).\r\n\r\n<span class=\"highlight-block\">A legeml\u00e9kezetesebb azonban egy d\u00f6ntetlen maradt. <\/span>\r\n\r\nNegyven \u00e9ve, 1983. okt\u00f3ber elsej\u00e9n a Szombathelyi Halad\u00e1s l\u00e1togatott a kilencedik ker\u00fcletbe, \u00e9s \u00fagy tetszett, v\u00e9gre nyugodt napjuk lesz a meggy\u00f6t\u00f6rt f\u0151v\u00e1rosi szurkol\u00f3knak, mert a budapesti z\u00f6ld-feh\u00e9rek \u2013 <strong>B\u00e1nki J\u00f3zsef<\/strong> \u00e9s <strong>Pog\u00e1ny L\u00e1szl\u00f3<\/strong> g\u00f3lj\u00e1val \u2013 az els\u0151 h\u00fasz percben 2-0-s vezet\u00e9st szereztek. \u00c1m a vasiak nem cs\u00fcggedtek, \u00e9s <strong>Nagy J\u00f3zsef<\/strong>, valamint <strong>Fitos J\u00f3zsef<\/strong> megmozdul\u00e1s\u00e1val a m\u00e1sodik f\u00e9lid\u0151 elej\u00e9n egyenl\u00edtettek.\r\n\r\nNem sokkal a vend\u00e9gek m\u00e1sodik g\u00f3lja ut\u00e1n <strong>Heged\u0171s P\u00e9ter<\/strong> szombathelyi kapus elter\u00fclt a p\u00e1zsiton. A h\u00e1l\u00f3 \u0151re hozott m\u00e1r sz\u00edvbajt a Ferencv\u00e1rosra: 1982. \u00e1prilis 10-\u00e9n egyenesen megbabon\u00e1zta az FTC futballist\u00e1it, olyan pazarul v\u00e9dett, hogy m\u00e1snap 10-es oszt\u00e1lyzatot kapott a N\u00e9psportt\u00f3l. A Szombathely 1-0-ra gy\u0151z\u00f6tt az \u00dcll\u0151i \u00faton, \u00e9s a veres\u00e9g komoly szerepet j\u00e1tszott abban, hogy 1982-ben a Gy\u0151ri ETO, s nem a Ferencv\u00e1ros nyerte el a bajnoki c\u00edmet.\r\n\r\nA kapus 1983 \u0151sz\u00e9n \u00fajra a k\u00f6z\u00e9ppontba ker\u00fclt, \u00e9s nagy volt az izgalom, mert pillanatokon bel\u00fcl\r\n\r\n<span class=\"highlight-block\">kider\u00fclt, hogy Heged\u0171st a Nagyv\u00e1rad t\u00e9r fel\u0151li lel\u00e1t\u00f3r\u00f3l valamivel eltal\u00e1lt\u00e1k. <\/span>\r\n\r\nHogy dob\u00e1lt\u00e1k, az biztos. V\u00f6r\u00f6shagym\u00e1kat \u00e9s t\u00f6bb napos zs\u00f6ml\u00e9ket hajig\u00e1ltak fel\u00e9, majd berep\u00fclt egy metr\u00f3foganty\u00fa\r\n\r\n<img class=\"alignnone size-large wp-image-10321\" src=\"https:\/\/sport24.24.hu\/app\/uploads\/sites\/24\/2023\/10\/nemzetisport_1983_10__pages9-9-1024x810.jpg\" alt=\"\" width=\"1024\" height=\"810\" \/>.\r\n\r\n\u201eLen\u00e9ztem a f\u0171re, l\u00e1ttam a foganty\u00fat, s nem akartam belegondolni, mi van, ha t\u00e9nyleg telibe tal\u00e1l \u2013 mondta ut\u00f3bb. \u2013 Lefek\u00fcdtem, majd mondtam <strong>V\u00f6r\u00f6s Csab\u00e1nak<\/strong>, hogy megdobtak. \u0150 azonnal sz\u00f3lt <strong>B\u00fcki L\u00e1szl\u00f3<\/strong> j\u00e1t\u00e9kvezet\u0151nek, \u00e9s mindenki odarohant. F\u00f6l\u00f6ttem zajlott a nemzeti cs\u00facs\u2026\u201d\r\n\r\nA foganty\u00fa Heged\u0171st nem tal\u00e1lta el, de \u2013 hogy hitelesebb legyen a \u201esz\u00edn\u00e9szi alak\u00edt\u00e1s\u201d, mik\u00e9nt <strong>Ebedli Zolt\u00e1n<\/strong>, az FTC ir\u00e1ny\u00edt\u00f3 k\u00f6z\u00e9pp\u00e1ly\u00e1sa nevezte m\u00e1r az els\u0151 pillanatokban az attrakci\u00f3t \u2013, <strong>Tebeli Gy\u00f6rgy<\/strong> szombathelyi massz\u0151r a kapus f\u00fcle m\u00f6g\u00e9 csapott, hogy lehessen mutatni: tess\u00e9k, oda v\u00e1g\u00f3dott a f\u00f6ld alatti j\u00e1rm\u0171 kell\u00e9ke.\r\n<div class=\"payable-content-section\"><\/div>\r\nJuh\u00e1sz J\u00f3zsef, a Ferencv\u00e1ros orvosa m\u00e9g \u00edgy is gyanakodott. Azt javasolta, vigy\u00e9k a kapust a budapesti Sportk\u00f3rh\u00e1zba, \u00e1m a szombathelyi doktor, <strong>Birosz B\u00e9la<\/strong> ragaszkodott ahhoz, hogy Heged\u0171st a szombathelyi Markusovszky K\u00f3rh\u00e1z baleseti oszt\u00e1ly\u00e1ra sz\u00e1ll\u00edts\u00e1k. Onnan k\u00e9t nap m\u00falva t\u00e1vozott, mivel <strong>dr. Sarang Istv\u00e1n<\/strong> f\u0151orvos megnyugtat\u00f3an k\u00f6z\u00f6lte:\r\n<blockquote class=\"small-quote\">A labdar\u00fag\u00f3 panaszai megsz\u0171ntek.<\/blockquote>\r\nHeged\u0171snek am\u00fagy volt m\u00e1r egy nagyon s\u00falyos s\u00e9r\u00fcl\u00e9se. Amikor a Kaposv\u00e1r \u2013 t\u00f6rt\u00e9net\u00e9ben el\u0151sz\u00f6r \u2013 feljutott az NB I-be, 1975 okt\u00f3ber\u00e9ben Gy\u0151r\u00f6tt szil\u00e1nkos homlokcsontt\u00f6r\u00e9st szenvedett a kapus, miut\u00e1n szerencs\u00e9tlen\u00fcl \u00fctk\u00f6z\u00f6tt<strong> Szokolai L\u00e1szl\u00f3val<\/strong> (1-1). A Kisalf\u00f6ld\u00f6n is balh\u00e9 t\u00e1madt, mert Nagy Lajos Szokolaira rontott, mire az meg\u00fct\u00f6tte \u0151t, <strong>Jaczina R\u00f3bert<\/strong> j\u00e1t\u00e9kvezet\u0151 pedig mindkett\u0151j\u00fcket ki\u00e1ll\u00edtotta.\r\n\r\nAz \u00dcll\u0151i \u00faton B\u00fcki 54 perc m\u00falt\u00e1n lef\u00fajta a m\u00e9rk\u0151z\u00e9st, m\u00edg <strong>Losonczi Tibor<\/strong>, az FTC \u00fcgyvezet\u0151 eln\u00f6ke megt\u00f6rten nyilatkozta: \u201eA Ferencv\u00e1ros vezet\u0151s\u00e9ge m\u00e9lys\u00e9gesen el\u00edt\u00e9li a p\u00e1ly\u00e1n t\u00f6rt\u00e9nteket, sajn\u00e1latos, hogy ilyesmi megeshet a mi stadionunkban. Igazi ferencv\u00e1rosi szurkol\u00f3 nem tesz ilyet. Mindent elk\u00f6vet\u00fcnk, hogy a j\u00f6v\u0151ben hasonl\u00f3 esetek ne fordulhassanak el\u0151. Azt a szem\u00e9lyt, aki a j\u00e1t\u00e9k f\u00e9lbeszak\u00edt\u00e1s\u00e1t el\u0151id\u00e9zte, a rend\u0151r\u00f6k elfogt\u00e1k, vizsg\u00e1lat indul ellene.\u201d\r\n\r\nArr\u00f3l a szem\u00e9lyr\u0151l van sz\u00f3, aki bedobta a foganty\u00fat, \u00e9s maga is azt hitte, eltal\u00e1lta Heged\u0171st. A hajig\u00e1l\u00f3 m\u00e1r lef\u00fclel\u00e9se el\u0151tt m\u00f3dfelett megb\u00e1nta tett\u00e9t, mert \u2013 amint azt<strong> S\u00fct\u0151 L\u0151rinc<\/strong> alezredes, a IX. ker\u00fcleti Rend\u0151rkapit\u00e1nys\u00e1g b\u0171n\u00fcgyi oszt\u00e1lyvezet\u0151je k\u00f6z\u00f6lte \u2013\r\n<blockquote class=\"small-quote\">a m\u00e9rk\u0151z\u00e9s lef\u00faj\u00e1sa ut\u00e1n legal\u00e1bb t\u00edzen nekiestek egy embernek, akit tulajdonk\u00e9ppen a rend\u0151r\u00f6k mentettek meg a m\u00e9g nagyobb ver\u00e9st\u0151l.<\/blockquote>\r\nAz MLSZ fegyelmi bizotts\u00e1ga nem l\u00e1tta egy\u00e9rtelm\u0171nek a \u201epontos\u201d c\u00e9lz\u00e1st, ez\u00e9rt j\u00f3v\u00e1hagyta a p\u00e1ly\u00e1n el\u00e9rt 2-2-es eredm\u00e9nyt, de k\u00f6telezte az FTC-t, hogy soron k\u00f6vetkez\u0151 k\u00e9t hazai bajnoki m\u00e9rk\u0151z\u00e9s\u00e9t \u201eBudapest hat\u00e1r\u00e1t\u00f3l 50 kilom\u00e9teres k\u00f6rzeten k\u00edv\u00fcl\u201d rendezze meg. Ez\u00e9rt azt\u00e1n a ZTE-t (0-2) Kecskem\u00e9ten, a Di\u00f3sgy\u0151rt (t\u00f6bb h\u00f3napos \u00edns\u00e9g ut\u00e1n v\u00e9gre gy\u0151zelem, 3-0) Gy\u00f6ngy\u00f6s\u00f6n fogadta a z\u00f6ld-feh\u00e9r csapat, amelynek edz\u0151je, Nov\u00e1k Dezs\u0151 az \u0151szi szezon v\u00e9g\u00e9n lemondott. J\u00f6tt helyette Vincze G\u00e9za, de a helyzet nem javult, s\u0151t: a bajnoks\u00e1got a 12. helyen z\u00e1rta a legt\u00f6bbsz\u00f6r a <strong>Zsibor\u00e1s<\/strong> (30 m\u00e9rk\u0151z\u00e9s) \u2013 <strong>Sz\u00e1nt\u00f3<\/strong> (27), <strong>Judik<\/strong> (14) vagy <strong>Haaz<\/strong> (13), <strong>Rab<\/strong> (21), <strong>Jancsika<\/strong> (26) \u2013 Ebedli (23), <strong>Rubold<\/strong> (26), <strong>Tak\u00e1cs<\/strong> (27) \u2013 <strong>Kvaszta<\/strong> (24), <strong>Koch<\/strong> (21) vagy <strong>Szabadi<\/strong> (18), Pog\u00e1ny (30) \u00f6sszet\u00e9telben p\u00e1ly\u00e1ra l\u00e9p\u0151 egy\u00fcttes.\r\n\r\nAz MLSZ d\u00f6nt\u00e9s\u00e9t l\u00e1tsz\u00f3lag felh\u00e1borodottan fogadt\u00e1k a szombathelyi klubban. <strong>Csig\u00f3 Szabolcs<\/strong> \u00fcgyvezet\u0151 eln\u00f6k \u2013 noha nyilv\u00e1nval\u00f3an tudta, mi t\u00f6rt\u00e9nt val\u00f3j\u00e1ban \u2013 eff\u00e9l\u00e9ket mondott: \u201eMindenre sz\u00e1m\u00edtottunk, csak erre nem. A Halad\u00e1s a m\u00faltban m\u00e1r t\u00f6bbsz\u00f6r ker\u00fclt kellemetlen helyzetbe a n\u00e9z\u0151t\u00e9ren t\u00f6rt\u00e9ntek miatt. Akkor soha nem volt ennyi t\u00e1rgyal\u00e1s, meghallgat\u00e1s. Nem titkoljuk, Szombathelyen igen nagy v\u00e1rakoz\u00e1s el\u0151zte meg az MLSZ fegyelmi bizotts\u00e1g\u00e1nak hat\u00e1rozat\u00e1t, amely ut\u00e1n csal\u00f3dottak vagyunk. Ism\u00e9telten olyan \u00e9rz\u00e9s\u00fcnk van, hogy m\u00e1s a m\u00e9rce az \u00fagynevezett nagy klubok \u00e9s m\u00e1s a vid\u00e9ki egyes\u00fcletek eset\u00e9ben. Az \u00edt\u00e9let ellen fellebbez\u00fcnk, mindent elk\u00f6vet\u00fcnk az\u00e9rt, hogy megkapjuk a meg\u00e9rdemelt k\u00e9t pontot. Elvi k\u00e9rd\u00e9st csin\u00e1lunk az \u00fcgyb\u0151l, tartozunk a tov\u00e1bbi l\u00e9p\u00e9sekkel az egyes\u00fcletnek, a szurkol\u00f3inknak.\u201d\r\n\r\n<span class=\"highlight-block\">Ez m\u00e9g Heged\u0171s hirtelen \u00f6tlet\u00e9n\u00e9l is elk\u00e9peszt\u0151bb volt.<\/span>\r\n\r\nA kapus a k\u00f6vetkez\u0151 fordul\u00f3ban m\u00e1r j\u00e1tszott. (1981-t\u0151l n\u00e9gy \u00e9vadon \u00e1t egyetlen NB I-es meccsr\u0151l hi\u00e1nyzott, 136-b\u00f3l 135-sz\u00f6r \u0151 v\u00e9dett a Halad\u00e1sban. S\u00e1rga lapjai miatt kellett kihagynia a SZEOL\u2013Szombathely m\u00e9rk\u0151z\u00e9st 1981. november 28-\u00e1n. <strong>Eller Arnold<\/strong> \u00e1llt a vend\u00e9gek kapuj\u00e1ban, a massz\u00edv utols\u00f3 Szeged v\u00e1ratlanul 4-3-ra gy\u0151z\u00f6tt. A Vas N\u00e9pe azt \u00edrta: \u201eEller bajnoki bemutatkoz\u00e1sa nem siker\u00fclt.\u201d) A Halad\u00e1s az FTC ut\u00e1n a Vol\u00e1nnal tal\u00e1lkozott, \u00e9s a v\u00e9ghajr\u00e1ig 2-1-re vezetett a szombathelyi p\u00e1ly\u00e1n. A 85. percben fejessel egyenl\u00edtett\u2026\r\n\r\nNem hiszik el, kicsoda: Heged\u0171s.\r\n\r\nM\u00e1rmint <strong>Heged\u0171s B\u00e9la<\/strong>, aki 1977-ben bajnoki c\u00edmet nyert a sz\u00e1z g\u00f3lt szerz\u0151 Vasas tagjak\u00e9nt. A piros-k\u00e9k egy\u00fcttes az\u00f3ta sem \u00e9rdemelt ki els\u0151 oszt\u00e1ly\u00fa arany\u00e9rmet.\r\n\r\nA szombathelyi Heged\u0171s nemsok\u00e1ra sz\u00fclet\u00e9snapot \u00fcnnepel. November 25-\u00e9n \u201eaz \u00e9vsz\u00e1zad m\u00e9rk\u0151z\u00e9s\u00e9vel\u201d, a londoni 6-3-mal egy\u00fctt lesz hetven\u00e9ves.\r\n\r\n[prefabricated_shortcode in_app=\"0\" code=\"%3Cdiv%20class%3D%22article_box_border%22%20style%3D%22background%3A%20url%28%27https%3A%2F%2F24.p3k.hu%2Fapp%2Fuploads%2Fsites%2F24%2F2021%2F05%2Fsport24-pattern.png%27%29%20no-repeat%20left%20-16px%20%23f3f3f4%3B%20border%3A%20none%3B%22%3E%0D%0A%3Cdiv%20class%3D%22article_solidheader%22%3E%0D%0A%3Ch2%20style%3D%22color%3A%20%23111115%21important%3B%20font-size%3A%2036px%3B%20font-weight%3A%20bold%3B%20margin-bottom%3A%2030px%3B%20margin-top%3A%2020px%3B%20text-align%3A%20center%3B%20line-height%3A%2036px%3B%22%3E%3Cimg%20class%3D%22aligncenter%20size-full%20wp-image-141%22%20src%3D%22https%3A%2F%2F24.p3k.hu%2Fapp%2Fuploads%2Fsites%2F24%2F2021%2F05%2Fs24-logo-dt.png%22%20alt%3D%22%22%20width%3D%22408%22%20height%3D%2290%22%20%2F%3E%3C%2Fh2%3E%0D%0A%3Ch2%20style%3D%22color%3A%20%23111115%21important%3B%20font-size%3A%2036px%3B%20font-weight%3A%20bold%3B%20margin-bottom%3A%2030px%3B%20margin-top%3A%2020px%3B%20text-align%3A%20center%3B%20line-height%3A%2040px%3B%22%3ECsatlakozz%20a%20Sport24%20k%C3%B6z%C3%B6ss%C3%A9ghez%2C%20mondd%20el%20v%C3%A9lem%C3%A9nyedet%20z%C3%A1rt%20Facebook-csoportunkban%2C%20%C3%A9s%20vegy%C3%A9l%20r%C3%A9szt%20csak%20el%C5%91fizet%C5%91knek%20el%C3%A9rhet%C5%91%20exkluz%C3%ADv%20esem%C3%A9nyeinken.%3C%2Fh2%3E%0D%0A%3C%2Fdiv%3E%0D%0A%3Cp%20style%3D%22background%3A%20%2357A600%3B%20margin-top%3A%2020px%3B%20padding%3A%2020px%3B%20text-align%3A%20center%3B%22%3E%3Ca%20style%3D%22color%3A%20%23ffffff%3B%20font-size%3A%2026px%3B%20font-weight%3A%20600%3B%22%20href%3D%22https%3A%2F%2Fwww.facebook.com%2Fgroups%2F212344460412327%22%3ECSATLAKOZOM%3C%2Fa%3E%3C%2Fp%3E%0D%0A%0D%0A%3C%2Fdiv%3E\"]","type":"rich","thumbnail_url":"https:\/\/s.24.hu\/app\/uploads\/sites\/24\/2023\/10\/nemzetisport_1983_10__pages11-11-150x150.jpg","thumbnail_width":150,"thumbnail_height":150}