{"version":"1.0","provider_name":"Sport24","provider_url":"https:\/\/sport24.24.hu","author_name":"Bruckner G\u00e1bor","author_url":"https:\/\/sport24.24.hu\/author\/brucknerg\/","title":"Siett\u00fcnk kikapni minden id\u0151k legels\u0151 labdar\u00fag\u00f3 Eb-meccs\u00e9n","html":"Minden id\u0151k legels\u0151 Eb-meccs\u00e9t \u2013 akkor m\u00e9g a Nemzetek Kup\u00e1j\u00e1\u00e9rt \u2013 hatvan\u00f6t \u00e9vvel ezel\u0151tt a magyar v\u00e1logatott j\u00e1tszotta. Annyira igyekezt\u00fcnk, hogy az els\u0151 fordul\u00f3s tal\u00e1lkoz\u00f3 m\u00e9g az egyetlen kvalifik\u00e1ci\u00f3s p\u00e1rbajt is megel\u0151zte. Mivel az 1960-as Eur\u00f3pa-bajnoks\u00e1gra tizenh\u00e9t orsz\u00e1g egy\u00fcttese nevezett, kisorsoltak egy selejtez\u0151t, amelyet 1959. \u00e1prilis 5-\u00e9n (Dublinban 2-0 a \u00edreknek) \u00e9s m\u00e1jus 10-\u00e9n v\u00edvtak (Pozsonyban 4-0 a csehszlov\u00e1koknak).\r\n\r\nA szovjet\u2013magyar kett\u0151s m\u00e9rk\u0151z\u00e9s els\u0151 felvon\u00e1s\u00e1t 1958. szeptember 28-\u00e1n rendezt\u00e9k Moszkv\u00e1ban. <strong>Bar\u00f3ti Lajos<\/strong> sz\u00f6vets\u00e9gi kapit\u00e1ny a nem \u00e9ppen \u00fcd\u00edt\u0151 meccs ut\u00e1n meg is jegyezte: \u201eMi\u00e9rt kellett ennyire sietni?\u201d\r\n\r\n<img class=\"aligncenter wp-image-10279 size-central-twocol\" src=\"https:\/\/sport24.24.hu\/app\/uploads\/sites\/24\/2023\/09\/kepessport_1958_2__pages210-210-527x660.jpg\" alt=\"\" width=\"527\" height=\"660\" \/>\r\n\r\nK\u00e9ts\u00e9gtelen, az indokolatlan s\u00fcrg\u0151ss\u00e9g szokatlan fejlem\u00e9nyekkel j\u00e1rt (b\u00e1r azok nem a korai terminusb\u00f3l fakadtak). A p\u00e9nteki edz\u00e9s ut\u00e1n a v\u00e1logatott kibuszozott Ferihegyre, de nem tudott felsz\u00e1llni a TU 104-es, Moszkv\u00e1b\u00f3l k\u00e9t\u00f3r\u00e1s k\u00e9s\u00e9ssel \u00e9rkez\u0151 \u201ebar\u00e1ti\u201d g\u00e9pre, mert a szovjet f\u0151v\u00e1rosban olyannyira elromlott az id\u0151, hogy a vnukov\u00f3i rep\u00fcl\u0151t\u00e9r illet\u00e9kes elvt\u00e1rsai k\u00f6z\u00f6lt\u00e9k: d\u00e9lut\u00e1n n\u00e9gy \u00f3r\u00e1t\u00f3l egyetlen j\u00e1ratot sem fogadnak.\r\n\r\n<span class=\"highlight-block\">A magyar j\u00e1t\u00e9kosok teh\u00e1t visszafordultak, \u00e9s a R\u00e1k\u00f3czi \u00fati Palace Sz\u00e1ll\u00f3ban t\u00f6lt\u00f6tt\u00e9k az \u00e9jszak\u00e1t, <\/span>\r\n\r\nmajd szombat reggel indultak el a vas\u00e1rnapi m\u00e9rk\u0151z\u00e9sre. A bumliz\u00e1s vissza\u00fct\u00f6tt: a zs\u00fafol\u00e1sig megtelt, 100 ezern\u00e9l is t\u00f6bb n\u00e9z\u0151 alatt roskadoz\u00f3 Luzsnyiki stadionban a moszkvai Dinam\u00f3ra \u00e9p\u00edtett szovjet csapat 32 perc leforg\u00e1sa alatt 3-0-s el\u0151nyt szerzett.\r\n\r\nA s\u00e9r\u00fclt kapusukat, <strong>Lev Jasint<\/strong> n\u00e9lk\u00fcl\u00f6z\u0151 h\u00e1zigazd\u00e1k \u00f6ssze\u00e1ll\u00edt\u00e1sa ez volt: <strong>Beljajev<\/strong> (Dinamo Moszkva) \u2013 <strong>Keszarjov<\/strong> (Dinamo Moszkva), <strong>Maszljonkin<\/strong> (Szpartak Moszkva), <strong>Carjov, Borisz Kuznyecov<\/strong> (mindkett\u0151 Dinamo Moszkva) \u2013 <strong>Vojnov<\/strong> (Dinamo Kijev), <strong>Mamedov<\/strong> (Dinamo Moszkva) \u2013 <strong>Metreveli, Valentyin Ivanov<\/strong> (mindkett\u0151 Torpedo Moszkva), <strong>Szimonjan, Iljin<\/strong> (mindkett\u0151 Szpartak Moszkva).\r\n\r\nAz els\u0151 g\u00f3lt az az \u00e9vi szovjet g\u00f3lkir\u00e1ly, Anatolij Iljin l\u0151tte m\u00e1r a negyedik percben a meglepet\u00e9sre be\u00e1ll\u00edtott <strong>Bak\u00f3 B\u00e9la<\/strong> h\u00e1l\u00f3j\u00e1ba. A csepeli kapus \u00f6sszesen h\u00e1romszor \u2013 Moszkv\u00e1ban m\u00e1sodszor \u2013 v\u00e9dett a v\u00e1logatottban, \u00e9s nem tudni, Bar\u00f3ti Lajos szakvezet\u0151 milyen megfontol\u00e1sb\u00f3l h\u00edvta meg alig egy \u00e9vvel azut\u00e1n, hogy klubja k\u00e9t h\u00f3napra eltiltotta, mivel\r\n<blockquote class=\"small-quote\">t\u00f6bbsz\u00f6r igazolatlanul t\u00e1vol maradt a tr\u00e9ningekr\u0151l, \u00e9s nem egyszer el\u0151fordult, hogy edz\u00e9s el\u0151tt k\u00f6z\u00f6lte: ittass\u00e1ga miatt nem tud edzeni (N\u00e9psport, 1957. szeptember 15.).<\/blockquote>\r\nHogy mi\u00e9rt csak k\u00e9t h\u00f3napra meszelt\u00e9k el, azt m\u00e1r bor\u00edtsa j\u00f3t\u00e9kony hom\u00e1ly, az viszont t\u00e9ny, hogy a Bak\u00f3 \u2013 <strong>K\u00e1rp\u00e1ti<\/strong> (Vasas), <strong>Sipos<\/strong> (MTK), <strong>Berendy, S\u00e1rosi<\/strong> (mindkett\u0151 Vasas) \u2013 <strong>Bundzs\u00e1k<\/strong> (Vasas), <strong>G\u00f6r\u00f6cs<\/strong> (\u00dajpest) \u2013 <strong>Budai II<\/strong> (Honv\u00e9d), <strong>Csord\u00e1s<\/strong> (Vasas), <strong>Tichy<\/strong> (Honv\u00e9d), <strong>Bencsics<\/strong> (\u00dajpest) \u00f6sszet\u00e9tel\u0171 tizenegy nem tudott ellen\u00e1llni, \u00e9s Szl\u00e1va Metreveli lesr\u0151l szerzett, de meg\u00edt\u00e9lt g\u00f3lja ut\u00e1n Valentyin Ivanov is bez\u00f6rgetett (3-0).\r\n\r\n<strong>Szepesi Gy\u00f6rgy<\/strong> m\u00e1r 2-0-n\u00e1l azt mondta a r\u00e1di\u00f3 mikrofonj\u00e1ba: \u201eV\u00e9d\u0151ink mintha \u00f3loml\u00e1bakon j\u00e1rn\u00e1nak.\u201d Bar\u00f3ti sem fogta <strong>Alfred Grill<\/strong> osztr\u00e1k j\u00e1t\u00e9kvezet\u0151re a sokkol\u00f3 nyit\u00e1nyt, mert a sz\u00fcnetben t\u0151le ritk\u00e1n tapasztalhat\u00f3 zaklatotts\u00e1ggal kritiz\u00e1lta a l\u00e9lektelen j\u00e1t\u00e9kot, majd a m\u00e9rk\u0151z\u00e9s ut\u00e1n \u00edgy nyilatkozott: \u201eRejt\u00e9ly, hogyan j\u00e1tszhatott ilyen rosszul az els\u0151 f\u00e9lid\u0151ben a csapat.\u201d\r\n<div class=\"payable-content-section\"><\/div>\r\nA N\u00e9pszava ugyancsak \u00e9lesen b\u00edr\u00e1lt: \u201eA magyar v\u00e1logatott ez\u00fattal v\u00e1rakoz\u00e1son alul szerepelt. Az egy\u00fcttesb\u0151l neh\u00e9z megdics\u00e9rni b\u00e1rkit is. Tal\u00e1n a m\u00e1sodik f\u00e9lid\u0151beli j\u00e1t\u00e9k\u00e1\u00e9rt Bundzs\u00e1k \u00e9rdemel eml\u00edt\u00e9st, m\u00e1r csak az\u00e9rt is, mert egyed\u00fcl t\u00f6bbet l\u0151tt kapura, mint a csat\u00e1rsor valamennyi tagja \u00f6sszesen. Val\u00f3sz\u00edn\u0171, hogy a csapat utaz\u00e1s\u00e1val, k\u00e9s\u0151i meg\u00e9rkez\u00e9s\u00e9vel p\u00e1rosul\u00f3 f\u00e1radts\u00e1g is befoly\u00e1solta j\u00e1t\u00e9kosainkat, ez azonban nem lehetett d\u00f6nt\u0151 a m\u00e9rk\u0151z\u00e9s kimenetel\u00e9re, hiszen j\u00e1t\u00e9kosaink csup\u00e1n az els\u0151 f\u00e9lid\u0151ben keltett\u00e9k azt a benyom\u00e1st, mintha nem pihent\u00e9k volna ki magukat.\u201d\r\n\r\nA v\u00e9geredm\u00e9ny 3-1 lett, a sz\u00e9p\u00edt\u0151 g\u00f3lt hat perccel a befejez\u00e9s el\u0151tt G\u00f6r\u00f6cs J\u00e1nos l\u0151tte.\r\n\r\n<span class=\"highlight-block\">Volt, akinek j\u00f3l j\u00f6tt a veres\u00e9g, <\/span>\r\n\r\nmert a tot\u00f3n azon a j\u00e1t\u00e9kh\u00e9ten egyetlen telital\u00e1lat akadt, a szelv\u00e9ny tulajdonosa 431 499 forintot nyert \u2013 az 1960-as \u00e1tlag kereset 1575 forint volt, ennek a 274-szeres\u00e9t vihette el \u2013, \u00e9s lehet, m\u00e9g meg is dics\u00e9rt\u00e9k, ami\u00e9rt \u201ehelyesen szovjet gy\u0151zelemre tippelt az elvt\u00e1rs\u201d.\r\n\r\nSajnos az 1959. szeptember 27-\u00e9n tartott visszav\u00e1g\u00f3ra is a szovjet diadal volt a nyer\u0151 tipp. Az ellenf\u00e9l \u00f6t poszton megv\u00e1ltozott \u2013 Jasin v\u00e9dett, a mez\u0151nyben Keszarjov, Maszljonkin, Kuznyecov, Vojnov, Metreveli, Ivanov oldal\u00e1n <strong>Igor Netto, Anatolij Iszajev<\/strong> (mindkett\u0151 Szpartak Moszkva), <strong>Valentyin Bubukin<\/strong> (Lokomotiv Moszkva) \u00e9s <strong>Mihail Meszhi<\/strong> (Dinamo Tbiliszi) j\u00e1tszott \u2013, de a kimenetel nem m\u00f3dosult: megint a tovarisok gy\u0151ztek (Jurij Vojnov g\u00f3lj\u00e1val 1-0-ra).\r\n\r\n<img class=\"aligncenter size-full wp-image-10276\" src=\"https:\/\/sport24.24.hu\/app\/uploads\/sites\/24\/2023\/09\/estihirlap_1959_09__pages136-136.jpg\" alt=\"\" width=\"1675\" height=\"1577\" \/>\r\n\r\nAbban az \u00e9vben az volt a magyar v\u00e1logatott egyetlen veres\u00e9ge hat siker \u00e9s egy d\u00f6ntetlen mellett. A 90 ezer helysz\u00edni n\u00e9z\u0151t \u00e9s tov\u00e1bbi milli\u00f3kat elszomor\u00edt\u00f3 0-1 alkalm\u00e1val Sipos, S\u00e1rosi, G\u00f6r\u00f6cs, Tichy t\u00e1rsas\u00e1g\u00e1ban <strong>Grosics Gyula<\/strong> (Tatab\u00e1nya), <strong>M\u00e1trai S\u00e1ndor<\/strong> (FTC), <strong>Bozsik J\u00f3zsef, Kot\u00e1sz Antal<\/strong> (mindkett\u0151 Honv\u00e9d), <strong>S\u00e1ndor K\u00e1roly<\/strong> (MTK), <strong>Albert Fl\u00f3ri\u00e1n<\/strong> \u00e9s <strong>Fenyvesi M\u00e1t\u00e9<\/strong> (mindkett\u0151 FTC) szerepelt, de az \u00e1talak\u00edt\u00e1s azon a d\u00e9lut\u00e1non nem j\u00e1rt eredm\u00e9nnyel.\r\n\r\nA N\u00e9psport nem kegyelmezett: \u201eA magyar csapatban t\u00f6bben nagyon m\u00e9rs\u00e9kelt teljes\u00edtm\u00e9nyt ny\u00fajtottak\u201d \u2013 \u00edrta, majd feltette a k\u00e9rd\u00e9st: \u201eVajon mi volt ennek az oka?\u201d Kap\u00e1sb\u00f3l ter\u00edtette a v\u00e1laszt: \u201eA nem kiel\u00e9g\u00edt\u0151 er\u0151nl\u00e9t. Az a gyorsas\u00e1g, er\u0151, \u00e1ll\u00f3k\u00e9pess\u00e9g, ami elegend\u0151 a sportk\u00f6ri m\u00e9rk\u0151z\u00e9seken, megk\u00f6zel\u00edt\u0151en sem volt elegend\u0151 a szovjet v\u00e1logatott ellen.\u201d\r\n\r\nA N\u00e9pszabads\u00e1g ezzel a f\u0151c\u00edmmel jelent meg: \u201eCsat\u00e1rok cs\u0151dje\u201d. Lehetett benne valami, mert a N\u00e9pszava ugyan\u00fagy fogalmazott: \u201eA csat\u00e1rok cs\u0151d\u00f6t mondtak.\u201d\r\n\r\nA tizennyolc \u00e9ves Albert elkeseredetten eml\u00edtette:\r\n<blockquote class=\"small-quote\">\u00dagy j\u00e1tszottam, mint egy kezd\u0151. Visszamegyek az ifj\u00fas\u00e1gi v\u00e1logatottba.<\/blockquote>\r\nMajd k\u00e9t h\u00e9ttel k\u00e9s\u0151bb mesterh\u00e1rmast \u00e9rt el Belgr\u00e1dban a jugoszl\u00e1vok ellen 4-2-re gy\u0151ztes csapat legjobbjak\u00e9nt.\r\n\r\nA nagyok k\u00f6z\u00f6tt.\r\n\r\n[prefabricated_shortcode in_app=\"0\" code=\"%3Cdiv%20class%3D%22article_box_border%22%20style%3D%22background%3A%20url%28%27https%3A%2F%2F24.p3k.hu%2Fapp%2Fuploads%2Fsites%2F24%2F2021%2F05%2Fsport24-pattern.png%27%29%20no-repeat%20left%20-16px%20%23f3f3f4%3B%20border%3A%20none%3B%22%3E%0D%0A%3Cdiv%20class%3D%22article_solidheader%22%3E%0D%0A%3Ch2%20style%3D%22color%3A%20%23111115%21important%3B%20font-size%3A%2036px%3B%20font-weight%3A%20bold%3B%20margin-bottom%3A%2030px%3B%20margin-top%3A%2020px%3B%20text-align%3A%20center%3B%20line-height%3A%2036px%3B%22%3E%3Cimg%20class%3D%22aligncenter%20size-full%20wp-image-141%22%20src%3D%22https%3A%2F%2F24.p3k.hu%2Fapp%2Fuploads%2Fsites%2F24%2F2021%2F05%2Fs24-logo-dt.png%22%20alt%3D%22%22%20width%3D%22408%22%20height%3D%2290%22%20%2F%3E%3C%2Fh2%3E%0D%0A%3Ch2%20style%3D%22color%3A%20%23111115%21important%3B%20font-size%3A%2036px%3B%20font-weight%3A%20bold%3B%20margin-bottom%3A%2030px%3B%20margin-top%3A%2020px%3B%20text-align%3A%20center%3B%20line-height%3A%2040px%3B%22%3ECsatlakozz%20a%20Sport24%20k%C3%B6z%C3%B6ss%C3%A9ghez%2C%20mondd%20el%20v%C3%A9lem%C3%A9nyedet%20z%C3%A1rt%20Facebook-csoportunkban%2C%20%C3%A9s%20vegy%C3%A9l%20r%C3%A9szt%20csak%20el%C5%91fizet%C5%91knek%20el%C3%A9rhet%C5%91%20exkluz%C3%ADv%20esem%C3%A9nyeinken.%3C%2Fh2%3E%0D%0A%3C%2Fdiv%3E%0D%0A%3Cp%20style%3D%22background%3A%20%2357A600%3B%20margin-top%3A%2020px%3B%20padding%3A%2020px%3B%20text-align%3A%20center%3B%22%3E%3Ca%20style%3D%22color%3A%20%23ffffff%3B%20font-size%3A%2026px%3B%20font-weight%3A%20600%3B%22%20href%3D%22https%3A%2F%2Fwww.facebook.com%2Fgroups%2F212344460412327%22%3ECSATLAKOZOM%3C%2Fa%3E%3C%2Fp%3E%0D%0A%0D%0A%3C%2Fdiv%3E\"]","type":"rich","thumbnail_url":"https:\/\/s.24.hu\/app\/uploads\/sites\/24\/2023\/09\/kepessport_1958_2__pages210-210_-150x150.jpg","thumbnail_width":150,"thumbnail_height":150}