{"version":"1.0","provider_name":"Sport24","provider_url":"https:\/\/sport24.24.hu","author_name":"Bruckner G\u00e1bor","author_url":"https:\/\/sport24.24.hu\/author\/brucknerg\/","title":"Az eredm\u00e9nyekhez t\u00fcrelem kell, a t\u00fcrelemhez eredm\u00e9nyek: Ten Hag is szembes\u00fcl az MU-paradoxonnal","html":"A Burnley elleni 1-0 \u00fagy kellett a Manchester Unitednek, mint egy falat keny\u00e9r. <strong>Erik ten Hag<\/strong> egy\u00fcttese h\u00e1rom lehangol\u00f3 veres\u00e9g (\u00e9s az ezeken kapott \u00f6sszesen 10 g\u00f3l) ut\u00e1n t\u00e9rt vissza a gy\u0151zelem \u00f6sv\u00e9ny\u00e9re. A h\u00e1rom pont m\u00e9g \u00fagy is a lehet\u0151 legjobban j\u00f6tt, hogy a Premier League idei feljut\u00f3i (Luton, Burnley, Sheffield United) egy\u00fcttv\u00e9ve 3 pontot szereztek eddig 16 m\u00e9rk\u0151z\u00e9sb\u0151l, teh\u00e1t az MU ellenfele nem volt \u00e9ppen topkateg\u00f3ri\u00e1s\u2026 De a kicsit is meg kell becs\u00fclni, f\u0151leg a jelenlegi helyzetben. Ugyanakkor Ten Hag t\u00f6rheti a fej\u00e9t: a United id\u00e9nybeli \u00f6sszes m\u00e9rk\u0151z\u00e9s\u00e9t elvesz\u00edtette, ha igaz\u00e1n er\u0151s ellenf\u00e9llel tal\u00e1lkozott \u2013 Tottenham 0-2, Arsenal 1-3, Brighton 1-3, Bayern M\u00fcnchen 3-4 \u2013; a szezon m\u00e9g j\u00f3form\u00e1n el sem kezd\u0151d\u00f6tt, de az Old Traffordot m\u00e1ris sokan v\u00e1ls\u00e1g s\u00fajtotta \u00f6vezetnek min\u0151s\u00edtik.\r\n\r\nIgazs\u00e1gosan?\r\n\r\n<span class=\"highlight-block\">T\u00e9nyleg bajban van a United? <\/span>\r\n\r\n\u00c9s ha igen, mi kell ahhoz, hogy kikeveredjen bel\u0151le?\r\n\r\nT\u00f6bb mint t\u00edz \u00e9v eltelt <strong>Sir Alex Ferguson<\/strong> utols\u00f3 m\u00e9rk\u0151z\u00e9se \u00f3ta. A posztfergusoni \u00e9ra eredm\u00e9nytelens\u00e9ge k\u00f6zismert: a Manchester United 2012\/13 \u00f3ta nem tudott bajnoks\u00e1got nyerni, a Bajnokok Lig\u00e1j\u00e1ban 2011 \u00f3ta nem jutott a legjobb n\u00e9gy k\u00f6z\u00e9, b\u00e1r elh\u00f3d\u00edtotta egyszer az FA Kup\u00e1t, k\u00e9tszer a Ligakup\u00e1t, valamint van egy Eur\u00f3pa Liga-els\u0151s\u00e9ge is. Az egykor a folyamatos sikerekkel szinonim csapatnevet m\u00e1r r\u00e9g\u00f3ta nem a nagy eredm\u00e9nyekkel azonos\u00edtj\u00e1k. Az egym\u00e1st v\u00e1lt\u00f3 edz\u0151k egyike sem tudott \u00e1tt\u00f6r\u00e9st el\u00e9rni, az MU k\u00f6zben fontmilli\u00f3kat \u201evetett t\u0171zre\u201d, de hi\u00e1ba; a szurkol\u00f3t\u00e1bor j\u00f3 r\u00e9sze ut\u00e1lja a tulajdonos Glazer csal\u00e1dot, \u00e9s a klub k\u00f6r\u00fcl\u00f6tti \u00e1lland\u00f3 m\u00e9diafelhajt\u00e1s sem seg\u00edti a nyugodt alkot\u00f3munk\u00e1t. Mintha az Old Trafford leveg\u0151je lenne megm\u00e9rgezve, vagy Ferguson hatalmas \u00e1rny\u00e9ka borulna az \u00c1lmok Sz\u00ednh\u00e1z\u00e1ra. Bev\u00e9telei alapj\u00e1n a klub tov\u00e1bbra is a k\u00f6zvetlen vil\u00e1gelit tagja, \u00e1m a p\u00e1ly\u00e1n m\u00e1r j\u00f3 ideje nem az.\r\n\r\nHa azt akarjuk illusztr\u00e1lni, mennyire nem tudott az MU Ferguson \u00f3ta a bajnoki c\u00edm\u00e9rt es\u00e9llyel harcba sz\u00e1ll\u00f3 csapatot ki\u00e1ll\u00edtani, \u00e9rdemes megn\u00e9zn\u00fcnk, hogy h\u00e1ny pont volt a \u201ev\u00f6r\u00f6s \u00f6rd\u00f6g\u00f6k\u201d lemarad\u00e1sa a Premier League aktu\u00e1lis bajnok\u00e1val szemben \u00e9vadr\u00f3l \u00e9vadra. Tizenk\u00e9t pontn\u00e1l egyszer sem ker\u00fclt k\u00f6zelebb a United az arany\u00e9rmeshez, teh\u00e1t hi\u00e1ba voltak m\u00e1sodik helyez\u00e9sei \u2013 2017\/18-ban \u00e9s 2020\/21-ben \u2013, komolyan vehet\u0151 bajnokes\u00e9lyes egyszer sem volt.\r\n\r\n<iframe class=\"flourish-embed-iframe\" style=\"width: 100%;height: 600px\" title=\"Interactive or visual content\" src=\"https:\/\/flo.uri.sh\/visualisation\/7902066\/embed\" frameborder=\"0\" scrolling=\"no\"><\/iframe>\r\n<div style=\"width: 100%!;margin-top: 4px!important;text-align: right!important\"><a class=\"flourish-credit\" style=\"text-decoration: none!important\" href=\"https:\/\/public.flourish.studio\/visualisation\/7902066\/?utm_source=embed&amp;utm_campaign=visualisation\/7902066\" target=\"_top\" rel=\"noopener\"><img style=\"width: 105px!important;height: 16px!important;border: none!important;margin: 0!important\" src=\"https:\/\/public.flourish.studio\/resources\/made_with_flourish.svg\" alt=\"Made with Flourish\" \/> <\/a><\/div>\r\n&nbsp;\r\n\r\nLehet, \u00e9ppannyira \u00e1tok, mint \u00e1ld\u00e1s, hogy a Ferguson-korszak fantasztikus sikersorozata egybeesett a Premier League vil\u00e1gm\u00e1rk\u00e1v\u00e1 v\u00e1l\u00e1s\u00e1val \u00e9s a futball globaliz\u00e1l\u00f3d\u00e1s\u00e1val. Az MU az\u00e9rt lett a vil\u00e1g egyik legnagyobb klubja, mert a folyamatos sikeress\u00e9g csillog\u00f3 v\u00e9rtj\u00e9t \u00f6lt\u00f6tte mag\u00e1ra. Volt identit\u00e1sa, volt egy korszakos menedzsere, volt rengeteg szt\u00e1rja \u2013 r\u00e1ad\u00e1sul k\u00f6z\u00fcl\u00fck sok saj\u00e1t nevel\u00e9s\u0171 \u2013, \u00e9s szinte minden egyes bajnoki \u00e9vadban versenyk\u00e9pes volt. Ezt k\u00f6nny\u0171 volt megszokni, viszont ann\u00e1l nehezebb megem\u00e9szteni azt, hogy az \u00e9ra sikerei nem t\u00e9rnek vissza. Ugyanilyen keser\u0171 pirul\u00e1t kellett lenyelnie anno a Liverpool (1973 \u00e9s 1990 k\u00f6z\u00f6tt 11 bajnoki c\u00edm, azt\u00e1n 2020-ig egy sem) vagy az Arsenal (1972 \u00e9s 1988 k\u00f6z\u00f6tt \u201esz\u00e1raz id\u0151szak\u201d, bajnoki arany n\u00e9lk\u00fcl; a mostani v\u00e1rakoz\u00e1s pedig 2004 \u00f3ta tart) drukkereinek is. Tal\u00e1n az a k\u00fcl\u00f6nbs\u00e9g, hogy a Liverpool nagy sikersorozatakor m\u00e9g nem volt igaz\u00e1n vil\u00e1gm\u00e9ret\u0171 a szurkol\u00f3t\u00e1bor, az arsenalosok pedig nem voltak annyira hozz\u00e1szokva a dominanci\u00e1hoz. Az MU-fanatikusok Ferguson idej\u00e9n adottnak vehett\u00e9k a folyamatosan \u00e9rkez\u0151 j\u00f3 eredm\u00e9nyeket, \u00e9s ekkor m\u00e1r glob\u00e1lis szurkol\u00f3t\u00e1borr\u00f3l besz\u00e9lhett\u00fcnk. A hatalmas rajong\u00f3i t\u00f6meg frusztr\u00e1ci\u00f3ja is hatalmas lett, ahogyan elapadtak az eredm\u00e9nyek \u2013 \u00e9s ez az elm\u00falt \u00e9vtizedben lecsap\u00f3dott klubvezet\u0151k\u00f6n, edz\u0151k\u00f6n, j\u00e1t\u00e9kosokon egyar\u00e1nt.\r\n\r\n<span class=\"highlight-block-small\">A klubot ink\u00e1bb gazdas\u00e1gi v\u00e1llalkoz\u00e1sk\u00e9nt (\u201efej\u0151steh\u00e9nk\u00e9nt\u201d?), mintsem sportegyes\u00fcletk\u00e9nt kezel\u0151 Glazerek rengeteg kritik\u00e1val szembes\u00fcltek, \u00e1m azt nem \u00e1ll\u00edthatja senki, hogy ne k\u00f6lt\u00f6ttek volna. <\/span>\r\n\r\nA vil\u00e1g nagy labdar\u00fag\u00f3klubjai k\u00f6z\u00fcl 2014 \u00e9s 2023 k\u00f6z\u00f6tt a CIES futballkutat\u00f3 int\u00e9zet friss kimutat\u00e1sa szerint egy sem produk\u00e1lt annyira negat\u00edv \u00e1tigazol\u00e1si m\u00e9rleget, mint a Manchester United. Persze ez egyben v\u00e1ls\u00e1gjel is: a United nagyj\u00e1b\u00f3l ugyanannyit k\u00f6lt\u00f6tt \u00e1tigazol\u00e1si d\u00edjakra ebben az id\u0151szakban, mint v\u00e1rosi riv\u00e1lisa, a Manchester City, \u00e1m a szomsz\u00e9dok nagyj\u00e1b\u00f3l k\u00e9tszer annyit kassz\u00edroztak az elad\u00e1sokb\u00f3l. A vizsg\u00e1lt peri\u00f3dusban messze a Chelsea k\u00f6lt\u00f6tte a legt\u00f6bbet j\u00e1t\u00e9kosokra, de elad\u00e1si bev\u00e9telei is nagyok voltak, m\u00edg a United eset\u00e9ben majdnem h\u00e1rom \u00e9s f\u00e9lszerese a kiad\u00e1si oldal a bev\u00e9telinek. Az MU rengeteg p\u00e9nzt \u00e1ldozott arra, hogy az edz\u0151i k\u00edv\u00e1nalmaknak megfelel\u0151en \u00fajra \u00e9s \u00fajra \u00e1talak\u00edtsa a j\u00e1t\u00e9koskeretet, de a szt\u00e1rigazol\u00e1sok gyakran \u201ebes\u00fcltek\u201d, s a klub nyak\u00e1n maradtak, vagy v\u00e9tel\u00e1rukn\u00e1l l\u00e9nyegesen kevesebb p\u00e9nz\u00e9rt lehetett \u0151ket \u00fajra\u00e9rt\u00e9kes\u00edteni.\r\n\r\n<iframe class=\"flourish-embed-iframe\" style=\"width: 100%;height: 600px\" title=\"Interactive or visual content\" src=\"https:\/\/flo.uri.sh\/visualisation\/15132193\/embed\" frameborder=\"0\" scrolling=\"no\"><\/iframe>\r\n<div style=\"width: 100%!;margin-top: 4px!important;text-align: right!important\"><a class=\"flourish-credit\" style=\"text-decoration: none!important\" href=\"https:\/\/public.flourish.studio\/visualisation\/15132193\/?utm_source=embed&amp;utm_campaign=visualisation\/15132193\" target=\"_top\" rel=\"noopener\"><img style=\"width: 105px!important;height: 16px!important;border: none!important;margin: 0!important\" src=\"https:\/\/public.flourish.studio\/resources\/made_with_flourish.svg\" alt=\"Made with Flourish\" \/> <\/a><\/div>\r\n&nbsp;\r\n\r\nSokatmond\u00f3, hogy az MU 2013 \u00f3ta csak h\u00e1rom j\u00e1t\u00e9kost (<strong>Romelu Lukaku, \u00c1ngel Di Mar\u00eda, Henrih Mhitarjan<\/strong>) tudott 30 milli\u00f3 eur\u00f3s elad\u00e1si \u00e1r f\u00f6l\u00f6tt \u00e9rt\u00e9kes\u00edteni, pedig az \u00e1tigazol\u00e1si piacon m\u00e9g sosem voltak ennyire elszabadulva az \u00e1rak. Ugyanebben az id\u0151szakban 28 j\u00e1t\u00e9kos \u2013 egy teljes keretnyi futballista \u2013 \u00e9rkezett \u00fagy, hogy a Manchester United legal\u00e1bb 30 milli\u00f3s \u00e1tigazol\u00e1si \u00f6sszeget tett le az asztalra. Ez eg\u00e9szen d\u00f6bbenetes k\u00fcl\u00f6nbs\u00e9g: ha nem is lett j\u00e1t\u00e9kostemet\u0151 az MU, az \u00e1tigazol\u00e1si tev\u00e9kenys\u00e9g\u00e9t m\u00e9lt\u00e1n \u00e9rheti er\u0151s kritika.\r\n\r\nA Tifo egy vide\u00f3ban ves\u00e9zte ki a United \u00e9vtizedes \u00e1tigazol\u00e1si probl\u00e9m\u00e1it. A v\u00e9gk\u00f6vetkez\u00e9ssel neh\u00e9z lenne vitatkozni: a <strong>David Moyes, Louis van Gaal, Jos\u00e9 Mourinho, Ole Gunnar Solskjaer, Ralf Rangnick<\/strong>, Erik ten Hag edz\u0151kering\u0151 szerepl\u0151i mind a saj\u00e1t preferenci\u00e1iknak \u00e9s st\u00edlusuknak megfelel\u0151 j\u00e1t\u00e9kosokat hoztak a klubhoz. Ennek az eredm\u00e9nye az, hogy k\u00fcl\u00f6nb\u00f6z\u0151 \u00e9r\u00e1kban az MU-hoz \u00e9rkezett, mer\u0151ben elt\u00e9r\u0151 profil\u00fa, \u201emozaikos\u201d j\u00e1t\u00e9koskeretb\u0151l kellene valamit kihozni. A dr\u00e1g\u00e1n hozott, magasan fizetett j\u00e1t\u00e9kosokt\u00f3l pedig nem k\u00f6nny\u0171 megszabadulni \u2013 l\u00e1sd p\u00e9ld\u00e1ul \u00fajabban <strong>Harry Maguire<\/strong> vagy a fegyelmi probl\u00e9m\u00e1k miatt a keretb\u0151l kitett, Ten Haggal \u00f6sszevesz\u0151 <strong>Jadon Sancho<\/strong> eset\u00e9t.\r\n\r\nhttps:\/\/www.youtube.com\/watch?v=NXWUXFDJmHc\r\n\r\nTegy\u00fck hozz\u00e1, m\u00e9g ak\u00e1r Sir Alex Fergusont is \u00e9rheti n\u00e9mi kritika, hiszen utols\u00f3 kerete tele volt id\u0151s\u00f6d\u0151 j\u00e1t\u00e9kossal (h\u00e9t fontos ember j\u00e1rt 30, t\u00edz j\u00e1t\u00e9kos 28 f\u00f6l\u00f6tt), az \u00e1talak\u00edt\u00e1st pedig eleg\u00e1nsan az ut\u00f3dokra hagyta. Ez egyfel\u0151l \u00e9rthet\u0151, m\u00e1sr\u00e9szt Ferguson tekint\u00e9ly\u00e9vel az\u00e9rt k\u00f6nnyebb lett volna legal\u00e1bb elkezdeni a gener\u00e1ci\u00f3v\u00e1lt\u00e1st. Nem volt olyan fels\u0151vezet\u0151 sem, aki az \u00e1tigazol\u00e1si strat\u00e9gi\u00e1t igaz\u00e1n k\u00e9zbe vette volna (lehet, hogy Rangnicknak ez a szerep testhez \u00e1ll\u00f3bb lett volna, mint amit v\u00e9g\u00fcl kapott). A v\u00e9geredm\u00e9ny? Van olyan j\u00e1t\u00e9kos, aki remek lenne egy m\u00e9lyen \u00e9s sokat v\u00e9dekez\u0151, kontr\u00e1kra \u00e9p\u00edt\u0151 csapatn\u00e1l. Van olyan, aki sokkal proakt\u00edvabb, domin\u00e1ns j\u00e1t\u00e9kra alkalmas. Ten Hag szerzem\u00e9nyeinek j\u00f3 r\u00e9sze \u201ehollandos\u201d vonalr\u00f3l j\u00f6n. De mi van, ha a jelenlegi edz\u0151t menesztik, \u00e9s megint teljesen m\u00e1s st\u00edlust k\u00e9pvisel\u0151 tr\u00e9ner \u00fcl a kispadra? Hirtelen feleslegess\u00e9 v\u00e1lnak a m\u00e9regdr\u00e1g\u00e1n megvett j\u00e1t\u00e9kosok?\r\n<div class=\"payable-content-section\"><\/div>\r\nA megold\u00e1s persze az lenne (vagy lehetne), ha egy edz\u0151 v\u00e9gre elegend\u0151 id\u0151t \u00e9s p\u00e9nzt kapna arra, hogy teljesen a saj\u00e1t k\u00e9p\u00e9re szabja a keretet. De pont az MU nagyon magas st\u00e1tus\u00e1b\u00f3l, a szurkol\u00f3t\u00e1bor m\u00e9ret\u00e9b\u0151l, frusztr\u00e1ci\u00f3j\u00e1b\u00f3l \u00e9s t\u00fcrelmetlens\u00e9g\u00e9b\u0151l ad\u00f3dik a k\u00f6vetkez\u0151 probl\u00e9ma:\r\n\r\n<span class=\"highlight-block\">nem kap senki el\u00e9g id\u0151t, <\/span>\r\n\r\nvagy viszonylag hamar eljut arra a pontra, hogy az eredm\u00e9nytelens\u00e9g \u00e9s a kerettel megromlott kapcsolat miatt menesztik. Ferguson 1500 m\u00e9rk\u0151z\u00e9sen \u00fclt a kispadon \u2013 ez mai szemmel ut\u00f3pisztikus meccssz\u00e1mnak t\u0171nik \u2013, ut\u00f3dai k\u00f6z\u00fcl 170-ig sem jutott el senki.\r\n\r\nK\u00e9t-h\u00e1rom \u00e9v alatt pedig k\u00e9ptelens\u00e9g egy edz\u0151i v\u00edzi\u00f3t megval\u00f3s\u00edtani. J\u00f3 p\u00e9ld\u00e1k vannak az\u00e9rt a Manchester United el\u0151tt: <strong>J\u00fcrgen Klopp<\/strong> a Liverpooln\u00e1l m\u00e1r a 450. meccs\u00e9hez k\u00f6zeleg, <strong>Mikel Arteta<\/strong> az Arsenaln\u00e1l pedig 170 f\u00f6l\u00f6tt tart, \u00e9s kitartott vele szemben a t\u00fcrelem addig, am\u00edg \u2013 a 2022\/23-as \u00e9vadban \u2013 el\u0151sz\u00f6r igaz\u00e1n \u00f6ssze nem \u00e1llt a k\u00e9p. Erik ten Hag 69 meccs ut\u00e1n mindkettej\u00fckn\u00e9l jobb m\u00e9rleggel \u00e1ll, a k\u00e9rd\u00e9s ink\u00e1bb az, hogy megkapja-e a sz\u00fcks\u00e9ges t\u00fcrelmet \u00e9s t\u00e1mogat\u00e1st. <strong>Pep Guardiol\u00e1val<\/strong> \u00e9s a Manchester Cityvel egyel\u0151re nem is \u00e9rdemes p\u00e9ld\u00e1l\u00f3zni.\r\n\r\n<iframe class=\"flourish-embed-iframe\" style=\"width: 100%;height: 600px\" title=\"Interactive or visual content\" src=\"https:\/\/flo.uri.sh\/visualisation\/15131880\/embed\" frameborder=\"0\" scrolling=\"no\"><\/iframe>\r\n<div style=\"width: 100%!;margin-top: 4px!important;text-align: right!important\"><a class=\"flourish-credit\" style=\"text-decoration: none!important\" href=\"https:\/\/public.flourish.studio\/visualisation\/15131880\/?utm_source=embed&amp;utm_campaign=visualisation\/15131880\" target=\"_top\" rel=\"noopener\"><img style=\"width: 105px!important;height: 16px!important;border: none!important;margin: 0!important\" src=\"https:\/\/public.flourish.studio\/resources\/made_with_flourish.svg\" alt=\"Made with Flourish\" \/> <\/a><\/div>\r\n&nbsp;\r\n\r\n<a href=\"https:\/\/theathletic.com\/4881362\/2023\/09\/20\/man-utd-news-takeover-richard-arnold\/\" target=\"_blank\" rel=\"noopener\">A The Athletic \u00e9rtes\u00fcl\u00e9sei szerint<\/a> a m\u00falt h\u00e9ten a Manchester United \u00fcgyvezet\u0151je, Richard Arnold \u201estrat\u00e9giai \u00e1ttekint\u00e9st\u201d \u00edg\u00e9rt a klub j\u00f6v\u0151j\u00e9vel kapcsolatban az alkalmazottaknak. A klub k\u00f6r\u00fcli m\u00e9diafelhajt\u00e1s - szok\u00e1s szerint \u2013 \u00f3ri\u00e1si, \u00e9s ennek akt\u00edv r\u00e9szesei a Ferguson-korszak emblematikus exj\u00e1t\u00e9kosai. Eladj\u00e1k-e a Glazerek a klubot \u00e9s ha igen, ki lesz a vev\u0151? Hogyan kezeli a United az id\u0151z\u00edtett PR- \u00e9s etikai bombak\u00e9nt ketyeg\u0151 eseteket (a Spanyolorsz\u00e1gba k\u00f6lcs\u00f6nadott <strong>Mason Greenwood<\/strong>, illetve <strong>Antony<\/strong> \u00fcgye; mindkettej\u00fck eset\u00e9ben csal\u00e1don bel\u00fcli er\u0151szakr\u00f3l \u00e9s b\u00e1ntalmaz\u00e1sr\u00f3l van sz\u00f3, Greenwood eset\u00e9ben a v\u00e1dat ejtett\u00e9k, t\u00f6bb tan\u00fa visszal\u00e9p\u00e9s\u00e9t k\u00f6vet\u0151en az \u00fcgy\u00e9szs\u00e9g nem l\u00e1tta es\u00e9ly\u00e9t a bizony\u00edthat\u00f3s\u00e1gnak)? Meg tudja-e tartani az \u00f6lt\u00f6z\u0151 \u00e9s a vezet\u0151k bizalm\u00e1t Ten Hag, \u00fagy, hogy a nagy riv\u00e1lisokkal szemben eddig pocs\u00e9k a m\u00e9rlege?\r\n\r\nK\u00e9rd\u00e9s megannyi, v\u00e1lasz egyel\u0151re kev\u00e9s. Az id\u00e9ny eleji ingadoz\u00f3 form\u00e1t ugyan lehet azzal indokolni, hogy a Unitedet \u00e9ppen s\u00e9r\u00fcl\u00e9shull\u00e1m s\u00fajtja, de\r\n\r\n<span class=\"highlight-block\">az er\u0151s ellenfelekkel szemben mutatott j\u00e1t\u00e9k k\u00e9pe egy\u00e1ltal\u00e1n nem volt h\u00edzelg\u0151. <\/span>\r\n\r\nA szurkol\u00f3k kiakadtak arra, hogy \u201eelfelejtenek\u201d visszafutni j\u00e1t\u00e9kosok az ellenf\u00e9l kontr\u00e1in\u00e1l \u2013 <strong>Scott McTominay<\/strong> k\u00fcl\u00f6n\u00f6sen sokat kapott a Bayern M\u00fcnchen ellen bemutatott kocog\u00e1sa miatt \u2013, az Intert\u0151l Ten Hag k\u00e9r\u00e9s\u00e9re megszerzett, az elk\u00fcld\u00f6tt <strong>David de Ge\u00e1n\u00e1l<\/strong> l\u00e1bbal sokkal jobb <strong>Andr\u00e9 Onana<\/strong> eddig gyeng\u00e9n teljes\u00edt v\u00e9d\u00e9shat\u00e9konys\u00e1gban, az MU \u00e1ltal bemutatott futball pedig messze a szurkol\u00f3k v\u00e1rakoz\u00e1sai alatt marad. Ha a csapat a decemberi-janu\u00e1ri hajsz\u00e1ig sem tal\u00e1l igaz\u00e1n mag\u00e1ra, akkor Ten Hag alatt is lassan melegedhet a kispad, b\u00e1rmennyire is hossz\u00fa t\u00e1vra terveznek vele. Ahogyan Ole Gunnar Solskjaer, az MU volt szakvezet\u0151je mondta <a href=\"https:\/\/theathletic.com\/4877764\/2023\/09\/20\/solskjaer-interview-man-utd-2\/\" target=\"_blank\" rel=\"noopener\">a The Athleticnek adott interj\u00faj\u00e1ban:<\/a>\r\n\r\n\u201eAz elv\u00e1r\u00e1sok nagyon magasak, de nem \u00e9lhet\u00fcnk ugyanabban az \u00e9r\u00e1ban, amiben \u00e9n j\u00e1tszottam [\u2026] A Unitedn\u00e9l az edz\u0151nek nem adatik meg az a luxus, hogy az \u00faj igazol\u00e1soknak idej\u00fck legyen beilleszkedni \u00e9s megszokni a k\u00f6rnyezetet \u2013 ebben p\u00e9ld\u00e1ul a Brighton igen j\u00f3. Sok j\u00e1t\u00e9kos veszett el \u00edgy [\u2026] Amikor Ralf Rangnick meg\u00e9rkezett, elmondtam neki a v\u00e9lem\u00e9nyemet minden j\u00e1t\u00e9kosr\u00f3l. A csapategys\u00e9g addigra elveszett, \u00e9s a Manchester Unitedn\u00e9l mindig a kollekt\u00edv\u00e1ra \u00e9p\u00edtkeztek. Voltak, akik azt \u00e9rezt\u00e9k, t\u00f6bbet kellene j\u00e1tszaniuk, \u00e9s nem volt konstrukt\u00edv a hozz\u00e1\u00e1ll\u00e1suk [\u2026] N\u00e9h\u00e1nyan k\u00f6z\u00fcl\u00fck nem olyan j\u00f3 j\u00e1t\u00e9kosok, mint ahogyan azt k\u00e9pzelik magukr\u00f3l.\u201d\r\n\r\nEzekbe a probl\u00e9m\u00e1kba pedig mintha minden edz\u0151 belefutna, aki eddig Ferguson \u00f6r\u00f6k\u00e9be l\u00e9pett. T\u00e9ny, hogy az MU n\u00e9ha mell\u00e9ny\u00falt a v\u00e1laszt\u00e1sokkal \u2013 David Moyesra biztosan nagy volt a kab\u00e1t, \u00e9s Rangnick sem biztos, hogy a megfelel\u0151 posztra ker\u00fclt \u2013, de a klub \u00e9vtizedes verg\u0151d\u00e9se nem lehet csak edz\u0151k\u00e9rd\u00e9s, hanem komplexebb enn\u00e9l. A tulajdonosok, a fels\u0151vezet\u0151k, az edz\u0151k, a j\u00e1t\u00e9kosok egyar\u00e1nt benne vannak, hogy Sir Alex Ferguson sikert sikerre halmoz\u00f3 egy\u00fcttes\u00e9b\u0151l egy agyagl\u00e1bakon ingadoz\u00f3 \u00f3ri\u00e1s lett. Solskjaer szavaival \u00e9lve: a Manchester Unitedn\u00e9l edz\u0151k\u00e9nt dolgozni \u00e1lommunka, de egyben igen neh\u00e9z is.\r\n<blockquote>Rem\u00e9lj\u00fck, hogy Erik sikeres lesz, \u00e9s megt\u00f6ri ezt az \u00f6rd\u00f6gi k\u00f6rt, m\u00e1r ha l\u00e9tezik ilyen. Nagyon neh\u00e9z helyzet \u00e1ll el\u0151, amikor elmegy egy nagyszer\u0171 edz\u0151 \u2013 mondhatn\u00e1m a Dinamo Kijevn\u00e9l Valerij Lobanovszkij vagy a Rosenborgn\u00e1l Nils Arne Eggen p\u00e9ld\u00e1j\u00e1t. Egy norv\u00e9g mond\u00e1ssal \u00e9lve, nem akarsz Wirkola ut\u00e1n ugrani \u2013 Bj\u00f6rn Wirkola ugyanis minden id\u0151k egyik legjobb s\u00edugr\u00f3ja volt. Most m\u00e1r \u00f6ten-hatan ugrottak. De egyszer valakinek siker\u00fclni fog.<\/blockquote>\r\nHogy Erik ten Hag lesz-e az a mer\u00e9sz \u201eugr\u00f3\u201d, akinek siker\u00fcl? Ak\u00e1r \u0151 is lehet \u2013 \u00e9rz\u0151dik az elk\u00e9pzel\u00e9se, eddig megkapta a t\u00e1mogat\u00e1st a keret \u00e1talak\u00edt\u00e1s\u00e1hoz, \u00e9s az eredm\u00e9nyei sem rosszak. \u00c1m azzal nyilv\u00e1n \u0151 is tiszt\u00e1ban van: hosszabb sikertelens\u00e9get nem engedhet meg mag\u00e1nak. Ahogyan egyetlen m\u00e1s MU-tr\u00e9ner sem \u2013 Ferguson ehhez t\u00fal magasra tette a l\u00e9cet.\r\n\r\n[prefabricated_shortcode in_app=\"0\" code=\"%3Cdiv%20class%3D%22article_box_border%22%20style%3D%22background%3A%20url%28%27https%3A%2F%2F24.p3k.hu%2Fapp%2Fuploads%2Fsites%2F24%2F2021%2F05%2Fsport24-pattern.png%27%29%20no-repeat%20left%20-16px%20%23f3f3f4%3B%20border%3A%20none%3B%22%3E%0D%0A%3Cdiv%20class%3D%22article_solidheader%22%3E%0D%0A%3Ch2%20style%3D%22color%3A%20%23111115%21important%3B%20font-size%3A%2036px%3B%20font-weight%3A%20bold%3B%20margin-bottom%3A%2030px%3B%20margin-top%3A%2020px%3B%20text-align%3A%20center%3B%20line-height%3A%2036px%3B%22%3E%3Cimg%20class%3D%22aligncenter%20size-full%20wp-image-141%22%20src%3D%22https%3A%2F%2F24.p3k.hu%2Fapp%2Fuploads%2Fsites%2F24%2F2021%2F05%2Fs24-logo-dt.png%22%20alt%3D%22%22%20width%3D%22408%22%20height%3D%2290%22%20%2F%3E%3C%2Fh2%3E%0D%0A%3Ch2%20style%3D%22color%3A%20%23111115%21important%3B%20font-size%3A%2036px%3B%20font-weight%3A%20bold%3B%20margin-bottom%3A%2030px%3B%20margin-top%3A%2020px%3B%20text-align%3A%20center%3B%20line-height%3A%2040px%3B%22%3ECsatlakozz%20a%20Sport24%20k%C3%B6z%C3%B6ss%C3%A9ghez%2C%20mondd%20el%20v%C3%A9lem%C3%A9nyedet%20z%C3%A1rt%20Facebook-csoportunkban%2C%20%C3%A9s%20vegy%C3%A9l%20r%C3%A9szt%20csak%20el%C5%91fizet%C5%91knek%20el%C3%A9rhet%C5%91%20exkluz%C3%ADv%20esem%C3%A9nyeinken.%3C%2Fh2%3E%0D%0A%3C%2Fdiv%3E%0D%0A%3Cp%20style%3D%22background%3A%20%2357A600%3B%20margin-top%3A%2020px%3B%20padding%3A%2020px%3B%20text-align%3A%20center%3B%22%3E%3Ca%20style%3D%22color%3A%20%23ffffff%3B%20font-size%3A%2026px%3B%20font-weight%3A%20600%3B%22%20href%3D%22https%3A%2F%2Fwww.facebook.com%2Fgroups%2F212344460412327%22%3ECSATLAKOZOM%3C%2Fa%3E%3C%2Fp%3E%0D%0A%0D%0A%3C%2Fdiv%3E\"]","type":"rich","thumbnail_url":"https:\/\/s.24.hu\/app\/uploads\/sites\/24\/2023\/09\/000_33rn7zv-masolat-150x150.jpg","thumbnail_width":150,"thumbnail_height":150}