{"version":"1.0","provider_name":"Sport24","provider_url":"https:\/\/sport24.24.hu","author_name":"Bruckner G\u00e1bor","author_url":"https:\/\/sport24.24.hu\/author\/brucknerg\/","title":"Versben fordultak a magyar sz\u00f6vets\u00e9gi kapit\u00e1nyhoz, hogy vid\u00e9ken is van csapat","html":"A hetvenes \u00e9vek elej\u00e9n val\u00f3s\u00e1gos mumus\u00e1v\u00e1 v\u00e1lt az FTC-nek a SZEOL. Szegeden 1970-ben 1-0-ra legy\u0151zte, majd k\u00e9tszer 0-0-t j\u00e1tszott vele, de ez m\u00e9g semmi, mert 1972-ben \u00e9s 1973-ban \u2013 k\u00e9tszer egym\u00e1s ut\u00e1n \u2013 veretlen\u00fcl t\u00e1vozott a Ferencv\u00e1ros akkori otthon\u00e1b\u00f3l, a N\u00e9pstadionb\u00f3l.\r\n\r\nAz els\u0151 alkalommal 1-1-gyel \u00e9rt v\u00e9get a m\u00e1sf\u00e9l \u00f3ra, <strong>Antal P\u00e9ter<\/strong> szerzett vezet\u00e9st a Tisza-parti egy\u00fcttesnek, <strong>K\u0171 Lajos<\/strong> egyenl\u00edtett. A m\u00e9rk\u0151z\u00e9s h\u0151se azonban <strong>Berkes Istv\u00e1n<\/strong>, a Sportk\u00f3rh\u00e1z k\u00e9s\u0151bbi f\u0151igazgat\u00f3-f\u0151orvosa volt, aki eg\u00e9szen pazarul j\u00e1tszott, hossz\u00fa cselsorozatai k\u00f6zben v\u00e1logatott labdar\u00fag\u00f3k sora k\u00e9ptelen volt leszerelni, mire az 1-t\u0151l 10-ig oszt\u00e1lyoz\u00f3 N\u00e9psport 2-es \u00e9rdemjegyet adott neki, teljess\u00e9ggel \u00e9rthetetlen\u00fcl.\r\n\r\nA D\u00e9lmagyarorsz\u00e1g \u00edgy min\u0151s\u00edtette a szegedieket: <strong>Bencze<\/strong> 6 \u2013 <strong>V\u00e1rhelyi III<\/strong> 6, <strong>B\u00e1nfalvi<\/strong> 8, <strong>Moln\u00e1r<\/strong> 7, <strong>Vir\u00e1gh<\/strong> 8 \u2013 <strong>Z\u00e1mbori<\/strong> 6, <strong>V\u00f6r\u00f6s<\/strong> 8, <strong>M\u00e9sz\u00e1r<\/strong> 6 \u2013 Berkes 8, <strong>Vass<\/strong> 6, Antal 6.\r\n\r\n<span class=\"highlight-block\">Ez azonban csak az el\u0151\u00e9tel volt, <\/span>\r\n\r\nmert \u00f6tven \u00e9vvel ezel\u0151tt, 1973. szeptember 22-\u00e9n a szegediek 2-1-re legy\u0151zt\u00e9k az \u00dcll\u0151i \u00fatiakat, m\u00e9ghozz\u00e1 \u00fagy, hogy M\u00e9sz\u00e1r Lajost a hetedik percben ki\u00e1ll\u00edtotta <strong>Nagy B\u00e9la<\/strong> j\u00e1t\u00e9kvezet\u0151. (Ezzel a n\u00e9vvel nem csoda, mondhatn\u00e1nk, a lek\u00fcld\u00e9s oka pedig az volt, hogy a csongr\u00e1di j\u00e1t\u00e9kos arcul csapta <strong>Megyesi Istv\u00e1nt<\/strong>.)\r\n\r\n[caption id=\"attachment_10206\" align=\"aligncenter\" width=\"788\"]<img class=\"wp-image-10206 size-full\" src=\"https:\/\/sport24.24.hu\/app\/uploads\/sites\/24\/2023\/09\/labdarugas_1974-1539916544__pages115-115.jpg\" alt=\"\" width=\"788\" height=\"1066\" \/> K\u0171 Lajos[\/caption]\r\n\r\nA tal\u00e1lkoz\u00f3 a nap m\u00e1sodik meccse volt, el\u0151tte a Honv\u00e9d\u2013Egyet\u00e9rt\u00e9st rendezt\u00e9k. A k\u00fcl\u00f6n\u00f6s komb\u00f3t tekintve nem csoda, ha a fizet\u0151 n\u00e9z\u0151k sz\u00e1ma a kilencezret sem \u00e9rte el, de m\u00e9g \u00edgy is \u00f6tsz\u00f6r annyian v\u00e1ltottak jegyet, mint n\u00e9h\u00e1ny h\u00e9ttel kor\u00e1bban az orsz\u00e1gos atl\u00e9tikai bajnoks\u00e1g h\u00e1rom napj\u00e1ra \u00f6sszesen (1730).\r\n\r\n\u201eEg\u00e9szen a 70. percig \u00e1lmos, csapkod\u00f3, rengeteg hib\u00e1val tark\u00edtott m\u00e9rk\u0151z\u00e9st l\u00e1thatott a k\u00f6z\u00f6ns\u00e9g\u201d \u2013 \u00edrta m\u00e1snap a N\u00e9psport, a hajr\u00e1ban azt\u00e1n meg\u00e9l\u00e9nk\u00fclt a Honv\u00e9d, \u00e9s h\u00e1rom g\u00f3lt is bev\u00e1gott az NB I-es t\u00f6rzsg\u00e1rdist\u00e1k sor\u00e1t bevet\u0151, a futballist\u00e1kat a gebin lehet\u0151s\u00e9g\u00e9vel csalogat\u00f3 soroks\u00e1ri egy\u00fcttesnek (3-0), amelyben <strong>Hajd\u00fa J\u00f3zsef<\/strong> (MTK, FTC) v\u00e9dett, <strong>J\u00f3zsa S\u00e1ndor<\/strong> (Honv\u00e9d) s\u00f6pr\u00f6getett, a 17-szeres v\u00e1logatott <strong>S\u00f3v\u00e1ri K\u00e1lm\u00e1n<\/strong> (\u00dajpest) volt a balh\u00e1tv\u00e9d \u00e9s a c\u00edmeres mezben csak egyszer szerepl\u0151, de a legfinomabb peng\u00e9sek k\u00f6z\u00e9 tartoz\u00f3 <strong>Szuromi Antal<\/strong> (Dorog, Tatab\u00e1nya, MTK, nagyk\u00f6r\u00fati Gong pressz\u00f3) a j\u00e1t\u00e9kmester.\r\n\r\nA f\u0151 meccsre az FTC a <strong>G\u00e9czi<\/strong> \u2013 <strong>V\u00e9pi, P\u00e1ncsics<\/strong>, <strong>B\u00e1lint<\/strong>, Megyesi \u2013 <strong>Juh\u00e1sz, Albert, Ebedli<\/strong> \u2013 <strong>Sz\u0151ke, M\u00e1t\u00e9, Engelbrecht<\/strong> tizeneggyel vonult ki, a hivatalos k\u00f6zl\u00e9s szerint K\u0171 \u201ea bemeleg\u00edt\u00e9sn\u00e9l megs\u00e9r\u00fclt\u201d. Ez szimpla hamuka volt, a k\u00f6z\u00e9pp\u00e1ly\u00e1snak ugyanis lej\u00e1rt a sportorvosi igazol\u00e1sa, ez\u00e9rt nem j\u00e1tszhatott.\r\n\r\n<span class=\"highlight-block\">A szerepl\u0151k meg csak b\u00e1multak, <\/span>\r\n\r\namikor \u2013 \u00f6t perccel M\u00e9sz\u00e1r ki\u00e1ll\u00edt\u00e1sa ut\u00e1n \u2013 B\u00e1lint L\u00e1szl\u00f3 kifejelt labd\u00e1j\u00e1t Antal P\u00e9ter kap\u00e1sb\u00f3l, ragyog\u00f3 mozdulattal bez\u00fad\u00edtotta (0-1). B\u00e1lint k\u00e9s\u0151bb jav\u00edtott, h\u00faszm\u00e9teres bombag\u00f3llal egyenl\u00edtett, de a szinte v\u00e9gig l\u00e9tsz\u00e1mh\u00e1tr\u00e1nyban futballoz\u00f3 szegedieknek volt m\u00e9g egy dob\u00e1suk: negyed\u00f3r\u00e1val a befejez\u00e9s el\u0151tt Vir\u00e1gh Ern\u0151, az el\u0151re t\u00f6r\u0151 balh\u00e1tv\u00e9d sorra cselezte ki a ferencv\u00e1rosiakat, \u00e9s be\u00edvel\u00e9s\u00e9b\u0151l Antal \u2013 mik\u00e9nt \u00edrt\u00e1k \u2013 \u201epar\u00e1d\u00e9s g\u00f3lt fejelt\u201d (1-2).\r\n\r\nA dupl\u00e1z\u00f3 labdar\u00fag\u00f3 a Vasasban nevelkedett \u2013 ut\u00f3bb \u00e9vtizedeken \u00e1t volt Angyalf\u00f6ld\u00f6n edz\u0151, majd technikai vezet\u0151 \u2013, \u00e9s 1967 \u0151sz\u00e9n, a Valur Reykjav\u00edk elleni BEK-m\u00e9rk\u0151z\u00e9sen (5-1) mutatkozott be a piros-k\u00e9kek els\u0151 csapat\u00e1ban. Bajnoki meccsen 1968 m\u00e1jus\u00e1ban, az MTK-val v\u00edvott tal\u00e1lkoz\u00f3n (2-0) deb\u00fct\u00e1lt. N\u00e9gy \u00e9v alatt 20 alkalommal j\u00e1tszott, 1971-ben <strong>Tichy Lajos<\/strong> b\u00facs\u00fameccs\u00e9n \u2013 amelyen az \u00fcnnepelt brav\u00faros kap\u00e1sg\u00f3llal szerzett vezet\u00e9st \u2013 \u0151 egyenl\u00edtett Kispesten, a Honv\u00e9d ellen (1-1).\r\n<div class=\"payable-content-section\"><\/div>\r\nMajd 1972-ben eltan\u00e1csolt\u00e1k, \u00edgy ker\u00fclt Szegedre, ahol els\u0151 k\u00e9t \u00e9vad\u00e1ban 60 NB I-es meccsb\u0151l 57 tal\u00e1lkoz\u00f3n a kezd\u0151 tizenegy tagjak\u00e9nt l\u00e9pett p\u00e1ly\u00e1ra. Az FTC kapuj\u00e1ba k\u00fcld\u00f6tt k\u00e9t g\u00f3lja ut\u00e1n a N\u00e9psport a mez\u0151ny legjobbj\u00e1v\u00e1 nyilv\u00e1n\u00edtotta, \u00e9s 9-es oszt\u00e1lyzattal honor\u00e1lta teljes\u00edtm\u00e9ny\u00e9t, mik\u00f6zben a ferencv\u00e1rosiak k\u00f6z\u00fcl B\u00e1lintot, M\u00e1t\u00e9 J\u00e1nost \u00e9s Engelbrecht Zolt\u00e1nt 3-assal, a ragyog\u00f3 technik\u00e1j\u00fa Ebedli Zolt\u00e1nt 4-essel sz\u00e9gyen\u00edtette meg.\r\n\r\nA lap \u00edgy \u00f6sszegzett: \u201eAz volt az ember \u00e9rz\u00e9se, hogy egyenl\u0151 er\u0151k k\u00fczdenek, a szegediek is ugyanannyian vannak a p\u00e1ly\u00e1n, mint a ferencv\u00e1rosiak. S ha Vass kihaszn\u00e1lja k\u00e9t sz\u00e1zsz\u00e1zal\u00e9kos g\u00f3lhelyzet\u00e9t, m\u00e9g nagyobb is lehetett volna a z\u00f6ld-feh\u00e9rek veres\u00e9ge.\u201d\r\n\r\nA D\u00e9lmagyarorsz\u00e1g \u2013 \u00e9rthet\u0151en \u2013 \u00e1radozott a Tisza-partiak h\u0151stett\u00e9r\u0151l. \u201eSzinte alig lehet pap\u00edrra vetni, amit a szegedi j\u00e1t\u00e9kosok produk\u00e1ltak \u2013 jelentette. \u2013 Hosszan z\u00fagott a N\u00e9pstadionban a vastaps.\u201d\r\n\r\n\u00d6r\u00f6m\u00e9ben verset \u00edrt<strong> Illovszky Rudolf<\/strong> sz\u00f6vets\u00e9gi kapit\u00e1nyhoz az \u00fajs\u00e1g:\r\n<blockquote class=\"small-quote\">Mikor veszi \u00e9szre v\u00e9gre,\r\nvid\u00e9ken is van csapat,\r\nmi\u00e9rt csak a f\u0151v\u00e1rosb\u00f3l,\r\nnevek k\u00f6z\u00fcl v\u00e1logat?<\/blockquote>\r\n[caption id=\"attachment_10208\" align=\"aligncenter\" width=\"292\"]<img class=\"wp-image-10208 size-central-twocol\" src=\"https:\/\/sport24.24.hu\/app\/uploads\/sites\/24\/2023\/09\/kepessport_1971_1__pages777-777-292x660.jpg\" alt=\"\" width=\"292\" height=\"660\" \/> Illovszky Rudolf[\/caption]\r\n\r\nHogy kiket aj\u00e1nlott a szakvezet\u0151 figyelm\u00e9be? Mindenekel\u0151tt persze Antalt, akit \u201ea SZEOL <strong>Gerd M\u00fcller\u00e9nek<\/strong>\u201d nevezett, tov\u00e1bb\u00e1 azt \u00edrta r\u00f3la: \u201eNemcsak k\u00e9t g\u00f3lt l\u0151tt, hanem klasszisj\u00e1t\u00e9kot is produk\u00e1lt.\u201d Vir\u00e1gh Ern\u0151r\u0151l megjegyezte: \u201eA m\u00falt h\u00e9ten is fordul\u00f3v\u00e1logatott volt, csak\u00fagy, mint Antal. Egyel\u0151re csak \u00bbfordul\u00f3\u00ab.\u201d <strong>Gujd\u00e1r S\u00e1ndor<\/strong> kapusr\u00f3l szint\u00e9n emelkedetten eml\u00edtette: \u201eBrav\u00farok sorozat\u00e1t produk\u00e1lta.\u201d\r\n\r\nIllovszky nem reflekt\u00e1lt a szegedi javaslatra, a jugoszl\u00e1vok elleni m\u00e9rk\u0151z\u00e9sre a k\u00f6vetkez\u0151 j\u00e1t\u00e9kosokat h\u00edvta meg: G\u00e9czi, P\u00e1ncsics, B\u00e1lint, Juh\u00e1sz, Sz\u0151ke (mind FTC), <strong>M\u00e9sz\u00e1ros, F\u00e1bi\u00e1n, Vid\u00e1ts<\/strong> (mind Vasas), <strong>Horv\u00e1th, Bene, Z\u00e1mb\u00f3<\/strong> (mind \u00dajpest), <strong>Kov\u00e1cs J\u00f3zsef, Karsai<\/strong> (mindkett\u0151 Videoton), <strong>Kocsis Lajos, Kozma<\/strong> (mindkett\u0151 Honv\u00e9d), <strong>Kov\u00e1cs Istv\u00e1n<\/strong> (Salg\u00f3tarj\u00e1n). Ut\u00f3bbit az utols\u00f3 pillanatban invit\u00e1lta a keretbe, egy\u00fattal kitette <strong>V\u00e1rady B\u00e9l\u00e1t<\/strong> (Vasas), d\u00f6nt\u00e9s\u00e9t azzal indokolva, hogy \u201esportszer\u0171tlen \u00e9letm\u00f3dja sok gondot okoz nekem\u201d.\r\n\r\nRezign\u00e1ltan azt is megjegyezte:\r\n<blockquote>Ha az ut\u00f3bbi k\u00e9t fordul\u00f3 teljes\u00edtm\u00e9nyeit venn\u00e9m alapul, akkor egyed\u00fcl \u00fcld\u00f6g\u00e9ln\u00e9k itt, Belgr\u00e1dban.<\/blockquote>\r\nA szegediek viszont a k\u00f6vetkez\u0151 bajnoki fordul\u00f3ban 22 ezer n\u00e9z\u0151t vonzottak, de nagy k\u00fczdelemben 1-0-ra kikaptak c\u00edmv\u00e9d\u0151 vend\u00e9g\u00fckt\u0151l, az \u00dajpestt\u0151l. A Ferencv\u00e1rosra 20 ezren voltak k\u00edv\u00e1ncsiak Zalaegerszegen, ahol a ZTE nyert 1-0-ra.\r\n\r\nA Szeged v\u00e9g\u00fcl kiesett, mert az utols\u00f3 tizenegy fordul\u00f3ban csak egyszer nyert, \u00e1m egy \u00e9vvel k\u00e9s\u0151bb bajnokk\u00e9nt visszajutott, s\u0151t a m\u00e1sodoszt\u00e1lyban k\u00e9tszer is 15 ezer n\u00e9z\u0151t vonzott (Kaposv\u00e1r 0-1, Koml\u00f3 3-3).\r\n\r\nAz NB I-es \u00fajrakezd\u00e9s nagyszer\u0171en siker\u00fclt: a SZEOL 1-0-ra nyert az MTK ellen. A Tisza-parti \u201eGerd M\u00fcller\u201d \u00fajabb bombag\u00f3lj\u00e1val.\r\n\r\nNan\u00e1.\r\n\r\n[prefabricated_shortcode in_app=\"0\" code=\"%3Cdiv%20class%3D%22article_box_border%22%20style%3D%22background%3A%20url%28%27https%3A%2F%2F24.p3k.hu%2Fapp%2Fuploads%2Fsites%2F24%2F2021%2F05%2Fsport24-pattern.png%27%29%20no-repeat%20left%20-16px%20%23f3f3f4%3B%20border%3A%20none%3B%22%3E%0D%0A%3Cdiv%20class%3D%22article_solidheader%22%3E%0D%0A%3Ch2%20style%3D%22color%3A%20%23111115%21important%3B%20font-size%3A%2036px%3B%20font-weight%3A%20bold%3B%20margin-bottom%3A%2030px%3B%20margin-top%3A%2020px%3B%20text-align%3A%20center%3B%20line-height%3A%2036px%3B%22%3E%3Cimg%20class%3D%22aligncenter%20size-full%20wp-image-141%22%20src%3D%22https%3A%2F%2F24.p3k.hu%2Fapp%2Fuploads%2Fsites%2F24%2F2021%2F05%2Fs24-logo-dt.png%22%20alt%3D%22%22%20width%3D%22408%22%20height%3D%2290%22%20%2F%3E%3C%2Fh2%3E%0D%0A%3Ch2%20style%3D%22color%3A%20%23111115%21important%3B%20font-size%3A%2036px%3B%20font-weight%3A%20bold%3B%20margin-bottom%3A%2030px%3B%20margin-top%3A%2020px%3B%20text-align%3A%20center%3B%20line-height%3A%2040px%3B%22%3ECsatlakozz%20a%20Sport24%20k%C3%B6z%C3%B6ss%C3%A9ghez%2C%20mondd%20el%20v%C3%A9lem%C3%A9nyedet%20z%C3%A1rt%20Facebook-csoportunkban%2C%20%C3%A9s%20vegy%C3%A9l%20r%C3%A9szt%20csak%20el%C5%91fizet%C5%91knek%20el%C3%A9rhet%C5%91%20exkluz%C3%ADv%20esem%C3%A9nyeinken.%3C%2Fh2%3E%0D%0A%3C%2Fdiv%3E%0D%0A%3Cp%20style%3D%22background%3A%20%2357A600%3B%20margin-top%3A%2020px%3B%20padding%3A%2020px%3B%20text-align%3A%20center%3B%22%3E%3Ca%20style%3D%22color%3A%20%23ffffff%3B%20font-size%3A%2026px%3B%20font-weight%3A%20600%3B%22%20href%3D%22https%3A%2F%2Fwww.facebook.com%2Fgroups%2F212344460412327%22%3ECSATLAKOZOM%3C%2Fa%3E%3C%2Fp%3E%0D%0A%0D%0A%3C%2Fdiv%3E\"]","type":"rich","thumbnail_url":"https:\/\/s.24.hu\/app\/uploads\/sites\/24\/2023\/09\/nemzetisport_1973_09__pages153-153-150x150.jpg","thumbnail_width":150,"thumbnail_height":150}