{"version":"1.0","provider_name":"Sport24","provider_url":"https:\/\/sport24.24.hu","author_name":"Bruckner G\u00e1bor","author_url":"https:\/\/sport24.24.hu\/author\/brucknerg\/","title":"A vil\u00e1gtrenddel \u00faszva: logikus, hogy az MLSZ az \u00faj Willi Orb\u00e1nokat keresi","html":"<blockquote>A c\u00e9l az \u00faj Orb\u00e1n Willik, Styles Callumok megtal\u00e1l\u00e1sa a magyar v\u00e1logatottak sz\u00e1m\u00e1ra. A scouting-rendszer az olyan tehets\u00e9geket sem hagyja figyelmen k\u00edv\u00fcl, akiknek egyetlen felmen\u0151j\u00fck magyar, \u00e9s k\u00fclf\u00f6ld\u00f6n \u00e9lnek, futballoznak<\/blockquote>\r\n\u2013 \u00edrta szeptember eleji eln\u00f6ks\u00e9gi \u00fcl\u00e9s\u00e9t k\u00f6vet\u0151en a <a href=\"https:\/\/szovetseg.mlsz.hu\/hir\/egyuttmukodes-az-eros-magyar-futballert\" target=\"_blank\" rel=\"noopener\">Magyar Labdar\u00fag\u00f3 Sz\u00f6vets\u00e9<\/a>g. A \u201ekor\u00e1bbin\u00e1l hat\u00e9konyabb j\u00e1t\u00e9kosmegfigyel\u0151i rendszer\u201d a sz\u00f6vets\u00e9g rem\u00e9nyei szerint plusz j\u00e1t\u00e9kosokat juttathat a v\u00e1logatottakhoz, \u00e9s megn\u00f6veln\u00e9 a szakvezet\u0151k v\u00e1logat\u00e1si lehet\u0151s\u00e9geit.\r\n\r\nKritikak\u00e9nt felvet\u0151d\u00f6tt a c\u00e9lkit\u0171z\u00e9s hallat\u00e1n, hogy az n\u00e9mik\u00e9pp vissz\u00e1s a magyar ut\u00e1np\u00f3tl\u00e1sba \u00e9s infrastrukt\u00far\u00e1ba inveszt\u00e1lt, sosem l\u00e1tott nagys\u00e1grend\u0171 befektet\u00e9s t\u00fckr\u00e9ben. Mi\u00e9rt k\u00fclf\u00f6ld\u00f6n keres bev\u00e1logathat\u00f3 j\u00e1t\u00e9kosokat az MLSZ, ha hatalmas er\u0151fesz\u00edt\u00e9seket tesz az itthoni k\u00e9pz\u00e9s fejleszt\u00e9s\u00e9re? Mit mond ez el az akad\u00e9miai k\u00e9pz\u00e9s min\u0151s\u00e9g\u00e9r\u0151l?\r\n\r\nUgyanakkor az MLSZ nagy hib\u00e1t k\u00f6vetne el, ha nem keresn\u00e9 tudatosan a magyar v\u00e1logatottba megh\u00edvhat\u00f3, sz\u00e1rmaz\u00e1suk ok\u00e1n bevethet\u0151 futballist\u00e1kat. Logikus \u00e9s hasznos is ez a kutat\u00f3munka, nem v\u00e9letlen, hogy sok sz\u00f6vets\u00e9gnek van erre specializ\u00e1l\u00f3dott munkacsoportja vagy irod\u00e1ja.\r\n\r\nA FIFA <a href=\"https:\/\/digitalhub.fifa.com\/m\/ccab990abf45fcf6\/original\/ro8mje8vw98yp3rvfbmi-pdf.pdf\" target=\"_blank\" rel=\"noopener\">egy 46 oldalas dokumentumban<\/a> szab\u00e1lyozza a bev\u00e1logathat\u00f3s\u00e1g k\u00e9rd\u00e9seit. A t\u00e9ma szempontj\u00e1b\u00f3l a legfontosabb ennek 6. cikkelye, amely azokkal a futballist\u00e1kkal foglalkozik, akik sz\u00e1rmaz\u00e1suk miatt t\u00f6bb nemzeti csapatba is bev\u00e1logathat\u00f3k lenn\u00e9nek. A f\u0151szab\u00e1ly persze itt is \u00e1ll:\r\n\r\n<span class=\"highlight-block\">a j\u00e1t\u00e9kosnak rendelkeznie kell az adott orsz\u00e1g \u00e1llampolg\u00e1rs\u00e1g\u00e1val. <\/span>\r\n\r\nEmellett a k\u00f6vetkez\u0151 n\u00e9gy pontb\u00f3l legal\u00e1bb egynek teljes\u00fclnie kell:\r\n<ul>\r\n \t<li>az \u00e9rintett sz\u00f6vets\u00e9g ter\u00fclet\u00e9n sz\u00fcletett<\/li>\r\n \t<li>biol\u00f3giai sz\u00fcleinek egyike az \u00e9rintett sz\u00f6vets\u00e9g ter\u00fclet\u00e9n sz\u00fcletett<\/li>\r\n \t<li>egyik nagyanyja vagy nagyapja az \u00e9rintett sz\u00f6vets\u00e9g ter\u00fclet\u00e9n sz\u00fcletett<\/li>\r\n \t<li>legal\u00e1bb \u00f6t \u00e9vig \u00e9lt az \u00e9rintett sz\u00f6vets\u00e9g ter\u00fclet\u00e9n<\/li>\r\n<\/ul>\r\nP\u00e9ld\u00e1k a magyar v\u00e1logatottb\u00f3l a fentiekre: <strong>Nikolics Nemanja<\/strong> Zent\u00e1n (akkor Jugoszl\u00e1via) sz\u00fcletett, \u00e9desapja szerb, \u00e9desanyja magyar, \u00edgy att\u00f3l fogva, hogy megszerezte a magyar \u00e1llampolg\u00e1rs\u00e1got, mindk\u00e9t nemzeti egy\u00fcttesbe bev\u00e1logathat\u00f3v\u00e1 v\u00e1lt. <strong>Willi Orb\u00e1n<\/strong> magyar apa \u00e9s lengyel anya N\u00e9metorsz\u00e1gban sz\u00fcletett gyermeke, mindh\u00e1rom orsz\u00e1g v\u00e1logatottj\u00e1t v\u00e1laszthatta volna (a n\u00e9met U21-ben j\u00e1tszott is). <strong>Kerkez Milos<\/strong> szerb sz\u00fcl\u0151k Szerbi\u00e1ban sz\u00fcletett gyermeke, \u00e1m egyik nagyanyja magyar, kett\u0151s \u00e1llampolg\u00e1r, \u00e9s a magyar sz\u00f6vets\u00e9g invit\u00e1l\u00e1s\u00e1ra elfogadta a megh\u00edv\u00f3t. <strong>Callum Styles<\/strong> <a href=\"https:\/\/www.bbc.co.uk\/sounds\/play\/p0bw14q6\" target=\"_blank\" rel=\"noopener\">saj\u00e1t bevall\u00e1sa szerint<\/a> sok\u00e1ig maga sem volt tiszt\u00e1ban magyar gy\u00f6kereivel, \u00e9s n\u00e9h\u00e1ny \u00e9ve tudta meg, hogy a nagymam\u00e1ja magyar (de nagysz\u00fcl\u0151i \u00f6r\u00f6ks\u00e9ge miatt az ukr\u00e1n v\u00e1logatott is sz\u00f3ba j\u00f6hetett volna). <strong>Nego Loic<\/strong> hossz\u00fa \u00e9vekig l\u00e9gi\u00f3skodott Magyarorsz\u00e1gon, \u00e9s megszerezte az \u00e1llampolg\u00e1rs\u00e1got.\r\n\r\n[caption id=\"attachment_10171\" align=\"aligncenter\" width=\"3507\"]<img class=\"size-full wp-image-10171\" src=\"https:\/\/sport24.24.hu\/app\/uploads\/sites\/24\/2023\/09\/central-0697023997.jpg\" alt=\"\" width=\"3507\" height=\"2333\" \/> Nego Loic[\/caption]\r\n\r\n<span class=\"highlight-block\">A magyar v\u00e1logatott ezzel belesimul a vil\u00e1gtrendbe: <\/span>\r\n\r\nrengeteg orsz\u00e1g keresi a v\u00e9rs\u00e9gi k\u00f6tel\u00e9kei r\u00e9v\u00e9n bev\u00e1logathat\u00f3 j\u00e1t\u00e9kosokat, illetve megpr\u00f3b\u00e1lja honos\u00edtani az el\u00e9rhet\u0151 (m\u00e1s v\u00e1logatottban feln\u0151tt t\u00e9tm\u00e9rk\u0151z\u00e9sen m\u00e9g nem j\u00e1tsz\u00f3, az orsz\u00e1gban hosszabb id\u0151re letelepedett) l\u00e9gi\u00f3sokat. Amelyik nem, az \u00e1ltal\u00e1ban vagy a k\u00f6zvetlen vil\u00e1gelit tagja, vagy er\u0151sen multikultur\u00e1lis orsz\u00e1g, jelent\u0151s bev\u00e1ndorl\u00e1ssal vagy kor\u00e1bbi gyarmatbirodalommal. A 2022-es, katari vil\u00e1gbajnoks\u00e1gon a 32-b\u0151l csup\u00e1n 4 v\u00e1logatottnak (Braz\u00edlia, Argent\u00edna, Sza\u00fad-Ar\u00e1bia \u00e9s D\u00e9l-Korea) nem volt olyan j\u00e1t\u00e9kosa, aki m\u00e1s orsz\u00e1gban sz\u00fcletett. A torn\u00e1ra nevezett 832 futballista k\u00f6z\u00fcl 137 sz\u00fcletett m\u00e1s orsz\u00e1gban ahhoz k\u00e9pest, amit k\u00e9pviselt, ez a mez\u0151ny 16,5 sz\u00e1zal\u00e9k\u00e1t jelenti. Minden hatodik kerettag a diaszp\u00f3r\u00e1b\u00f3l sz\u00e1rmazott, vagy honos\u00edtott volt.\r\n\r\nEgy jelent\u0151s diaszp\u00f3r\u00e1j\u00fa orsz\u00e1g \u2013 gondoljunk p\u00e9ld\u00e1ul Bosznia-Hercegovin\u00e1ra, Horv\u00e1torsz\u00e1gra, Szerbi\u00e1ra, Lengyelorsz\u00e1gra, Alb\u00e1ni\u00e1ra, \u00d6rm\u00e9nyorsz\u00e1gra, \u00c9szak-Maced\u00f3ni\u00e1ra vagy \u00cdrorsz\u00e1gra az eur\u00f3paiak k\u00f6z\u00fcl \u2013 labdar\u00fag\u00f3-v\u00e1logatottj\u00e1t tekintve is profit\u00e1lhat a k\u00fclhonba szakadtakb\u00f3l. Legink\u00e1bb persze akkor, ha a kiv\u00e1ndoroltak olyan orsz\u00e1gokban telepedtek le, amelyekben jobb a futball helyzete \u00e9s infrastrukt\u00far\u00e1ja, mint otthon. A marokk\u00f3i v\u00e1logatott vil\u00e1gbajnoki el\u0151d\u00f6nt\u0151j\u00e9ben kulcsszerepet j\u00e1tszottak a diaszp\u00f3r\u00e1b\u00f3l \u00e9rkez\u0151 j\u00e1t\u00e9kosok. Az alb\u00e1n v\u00e1logatott meger\u0151s\u00f6d\u00e9s\u00e9hez nagyon kellettek a kiv\u00e1ndorl\u00f3k vagy a koszov\u00f3i alb\u00e1nok gyermekei; az ut\u00f3bbi id\u0151ben figyelemre m\u00e9lt\u00f3 eredm\u00e9nyeket el\u00e9r\u0151 luxemburgi nemzeti csapat pedig az orsz\u00e1gba ir\u00e1nyul\u00f3 bev\u00e1ndorl\u00e1s egyik haszon\u00e9lvez\u0151je. Sok-sok p\u00e9lda lehetne m\u00e9g, \u00e9s ezek nem is mindig pozit\u00edvak: a helyiek \u00e9s a honos\u00edtottak \u00f6sszef\u00e9s\u00fcl\u00e9se nem probl\u00e9mamentes: elt\u00e9r\u0151 k\u00f6zegben, elt\u00e9r\u0151 futballkult\u00far\u00e1kban n\u0151ttek fel a j\u00e1t\u00e9kosok, kialakulhatnak konfliktusok \u201er\u00e9giek\u201d \u00e9s \u201e\u00fajak\u201d k\u00f6z\u00f6tt.\r\n\r\n<span class=\"highlight-block\">A k\u00fclf\u00f6ldr\u0151l v\u00e1logat\u00e1s minden kor\u00e1bbin\u00e1l k\u00f6nnyebb a nagy j\u00e1t\u00e9kos-adatb\u00e1zisok haszn\u00e1lata miatt. <\/span>\r\n\r\nEgy potenci\u00e1lis v\u00e1logatott j\u00e1t\u00e9kosokat kutat\u00f3 r\u00e9szleg itt kezdi a munk\u00e1j\u00e1t: a publikus vagy el\u0151fizet\u00e9ses adatb\u00e1zisok sz\u0171r\u00e9s\u00e9vel kapnak egy list\u00e1t az el\u00e9rhet\u0151 labdar\u00fag\u00f3kr\u00f3l. Ezek \u00e1ltal\u00e1ban jelzik, ha elt\u00e9r\u00e9s van egy futballista sz\u00fclet\u00e9si orsz\u00e1ga \u00e9s az \u00fatlevele k\u00f6z\u00f6tt \u2013 a WyScout rendszer\u00e9ben tal\u00e1lhat\u00f3 profil p\u00e9ld\u00e1ul \u201ebirth country\u201d \u00e9s \u201epassport country\u201d rubrik\u00e1t is tartalmaz. A Transfermarkt publikus adatb\u00e1zisa is mutatja, ha egy futballist\u00e1nak t\u00f6bb \u00e1llampolg\u00e1rs\u00e1ga is van.\r\n\r\nAk\u00e1r m\u00e9g sz\u00e1m\u00edt\u00f3g\u00e9pes j\u00e1t\u00e9kokhoz is lehet fordulni. A F\u00fcl\u00f6p-szigetek sz\u00f6vets\u00e9ge arra figyelt fel a k\u00e9tezres \u00e9vek elej\u00e9n, hogy a Chelsea k\u00e9t filipp\u00edn\u00f3 sz\u00e1rmaz\u00e1s\u00fa ifije, <strong>Phil<\/strong> \u00e9s<strong> James Younghusband<\/strong> a Football Manager (FM) j\u00e1t\u00e9kban bev\u00e1logathat\u00f3 a nemzeti csapatba. A sz\u00f6vets\u00e9g kapcsolatba l\u00e9pett a k\u00e9t testv\u00e9rrel, \u00e9s mindkett\u0151 igent mondott az anyaorsz\u00e1g h\u00edv\u00e1s\u00e1ra, egy\u00fcttv\u00e9ve t\u00f6bb mint 200-szor szerepeltek a v\u00e1logatottban. Az\u00f3ta m\u00e1r tudatosan keresik a filipp\u00edn\u00f3 sz\u00e1rmaz\u00e1s\u00fa j\u00e1t\u00e9kosokat (no nem felt\u00e9tlen\u00fcl a j\u00e1t\u00e9k adatb\u00e1zisa seg\u00edts\u00e9g\u00e9vel), \u00edgy a jelenlegi keret\u00fckben van t\u00f6bb n\u00e9met sz\u00e1rmaz\u00e1s\u00fa sp\u00edler (<strong>John-Patrick Strauss, Patrick Reichelt, Mike Ott, Manny Ott, Raphael Obermair, Gerrit Holtmann<\/strong>), mik\u00f6zben a F\u00fcl\u00f6p-szigeteken sz\u00fcletetteket m\u00e1r szinte nagy\u00edt\u00f3val kell keresni.\r\n<div class=\"payable-content-section\"><\/div>\r\n<strong>Ben Brereton D\u00edaz<\/strong> a chilei FM-rajong\u00f3k k\u00f6z\u00f6ss\u00e9gi m\u00e9di\u00e1s kamp\u00e1nya \u2013 \u00e9s azt ezt k\u00f6vet\u0151 m\u00e9dia\u00e9rdekl\u0151d\u00e9s \u2013 miatt lett chilei v\u00e1logatott. Egy interj\u00faban elmondta, hogy \u00e9desapja angol, \u00e9desanyja chilei, erre felfigyelt a j\u00e1t\u00e9k Blackburn-felel\u0151se, \u00edgy mindk\u00e9t orsz\u00e1g beker\u00fclt a Football Manager-profilj\u00e1ba. Erre lett figyelmes egy chilei streamer, a szurkol\u00f3k pedig \u201emegsz\u00e1llt\u00e1k\u201d Brereton D\u00edaz k\u00f6z\u00f6ss\u00e9gi m\u00e9dia-csatorn\u00e1it, \u00e9s el\u00e1rasztott\u00e1k azokat chilei z\u00e1szl\u00f3kkal. V\u00e9g\u00fcl az \u00fcgyn\u00f6k\u00e9t felkereste a chilei sz\u00f6vets\u00e9g toborz\u00e1s\u00e9rt felel\u0151s tan\u00e1csad\u00f3ja, \u00e9s att\u00f3l kezdve m\u00e1r sima volt az \u00fat a v\u00e1logatottig.\r\n\r\n<span class=\"highlight-block-small\">Nem csoda, hogy sok nemzeti sz\u00f6vets\u00e9g alak\u00edt munkacsoportot vagy irod\u00e1t, illetve \u00e1llapodik meg tan\u00e1csad\u00f3kkal a k\u00fclf\u00f6ldi toborz\u00e1sr\u00f3l.<\/span>\r\n\r\n[caption id=\"attachment_10172\" align=\"aligncenter\" width=\"2593\"]<img class=\"size-full wp-image-10172\" src=\"https:\/\/sport24.24.hu\/app\/uploads\/sites\/24\/2023\/09\/075_fletcher-blackbur221105_npfa1.jpg\" alt=\"\" width=\"2593\" height=\"1729\" \/> Ben Brereton D\u00edaz[\/caption]\r\n\r\nA T\u00f6r\u00f6k Labdar\u00fag\u00f3 Sz\u00f6vets\u00e9g (TFF) 2009 \u00e9s 2014 k\u00f6z\u00f6tt \u00fczemeltetett k\u00f6lni k\u00f6zponttal toborz\u00f3irod\u00e1t \u00e9s scouting-r\u00e9szleget; <strong>Erdal Keser<\/strong> vezet\u00e9s\u00e9vel m\u00e1r a kezdetekt\u0151l t\u00f6bb mint 20 f\u0151s szakemberg\u00e1rda kereste a tehets\u00e9geket a t\u00f6r\u00f6k diaszp\u00f3r\u00e1ban. A TFF aktivit\u00e1s\u00e1t felvont szem\u00f6ld\u00f6kkel figyelte a n\u00e9met sz\u00f6vets\u00e9g \u2013 nem sok orsz\u00e1g szereti, ha egy riv\u00e1lis sz\u00f6vets\u00e9g toboroz a ter\u00fclet\u00e9n. Az iroda ma m\u00e1r nem \u00fczemel, de a TFF ugyan\u00fagy figyeli a diaszp\u00f3r\u00e1ban nevelked\u0151ket, illetve 2019-ben megalakult az ATFF (Eur\u00f3pai T\u00f6r\u00f6k Labdar\u00fag\u00f3 Sz\u00f6vets\u00e9g), amely N\u00e9metorsz\u00e1gban, Franciaorsz\u00e1gban, Hollandi\u00e1ban, Belgiumban \u00e9s Sv\u00e1jcban fejti ki a tev\u00e9kenys\u00e9g\u00e9t, seg\u00edti az egy\u00fcttm\u0171k\u00f6d\u00e9st a t\u00f6r\u00f6k diaszp\u00f3ra csapatai k\u00f6z\u00f6tt. R\u00e9gi\u00f3nkban a horv\u00e1t sz\u00f6vets\u00e9gnek k\u00fcl\u00f6n bizotts\u00e1ga van, amely a diaszp\u00f3r\u00e1val foglalkozik \u2013 nemcsak j\u00e1t\u00e9kosokat kutat, hanem az \u00e9szak-amerikai \u00e9s ausztr\u00e1liai, horv\u00e1t sz\u00e1rmaz\u00e1s\u00fa gyerekeknek szervezett t\u00e1borokat is t\u00e1mogatja \u2013, a lengyelek pedig els\u0151sorban N\u00e9metorsz\u00e1gban \u00e9s az Egyes\u00fclt Kir\u00e1lys\u00e1gban keresik a j\u00e1t\u00e9kosokat kiv\u00e1ndorl\u00f3ik k\u00f6z\u00f6tt.\r\n\r\nAz indiai sz\u00f6vets\u00e9g <a href=\"https:\/\/www.theguardian.com\/football\/2023\/sep\/12\/india-can-aid-attempt-to-reach-world-cup-picking-overseas-born-players\" target=\"_blank\" rel=\"noopener\">nemr\u00e9g jelentette be<\/a>, hogy munkacsoportot alak\u00edt az indiai sz\u00e1rmaz\u00e1s\u00fa futballist\u00e1k felkutat\u00e1s\u00e1ra, majd az adatgy\u0171jt\u00e9st k\u00f6vet\u0151en a korm\u00e1nyhoz fordul a szigor\u00fa honos\u00edt\u00e1si szab\u00e1lyok enyh\u00edt\u00e9s\u00e9re. A jamaicai sz\u00f6vets\u00e9g \u2013 amely a kilencvenes \u00e9vekben m\u00e1r egyszer r\u00e1\u00e1llt erre a vonalra, \u00e9s a v\u00e1logatott kvalifik\u00e1lta is mag\u00e1t az 1998-as vil\u00e1gbajnoks\u00e1gra \u2013 k\u00e9t \u00e9ve kezdett ism\u00e9t <a href=\"https:\/\/theathletic.com\/4670940\/2023\/07\/12\/jamaica-premier-league-gold-cup-world-cup\/\" target=\"_blank\" rel=\"noopener\">teljes er\u0151vel toborozni<\/a> (els\u0151sorban) az Egyes\u00fclt Kir\u00e1lys\u00e1gban. A leger\u0151sebb afrikai orsz\u00e1gok scout-h\u00e1l\u00f3zatot tartanak fent Eur\u00f3p\u00e1ban \u2013 a marokk\u00f3iak\u00e9 a legjobban szervezett \u2013, de ha esetleg erre nincs p\u00e9nz, akkor is pr\u00f3b\u00e1lnak kapcsolatokat ki\u00e9p\u00edteni a diaszp\u00f3r\u00e1val. Az adatb\u00e1zis \u00f6ssze\u00e1ll\u00edt\u00e1sa, a megfigyel\u00e9s \u00e9s a kapcsolatfelv\u00e9tel ut\u00e1n j\u00f6nnek az egyeztet\u00e9sek \u2013 a k\u00f6zponti k\u00e9rd\u00e9s persze az identit\u00e1s.\r\n<blockquote>Sz\u00fclessen b\u00e1r N\u00e9metorsz\u00e1gban, Angli\u00e1ban, M\u00e1lt\u00e1n vagy Vietn\u00e1mban, a j\u00e1t\u00e9kosnak nig\u00e9riainak kell lennie. Azonosulnia kell a nig\u00e9riai \u00fcggyel \u00e9s akarnia kell a nig\u00e9riai v\u00e1logatotts\u00e1got. Nem elegend\u0151 nekem az sem, ha a vil\u00e1g legnagyobb tehets\u00e9g\u00e9vel van dolgom \u2013 ha nem akar nig\u00e9riai v\u00e1logatott lenni, akkor nincs \u00e9rtelme a megfigyel\u00e9snek<\/blockquote>\r\n\u2013 <a href=\"https:\/\/www.premiumtimesng.com\/features-and-interviews\/425571-interview-how-we-recruit-players-for-nigeria-super-eagles-scout.html?tztc=1\" target=\"_blank\" rel=\"noopener\">magyar\u00e1zta a Premium Timesnak<\/a> <strong>Tunde Adelakun<\/strong>, a nig\u00e9riai sz\u00f6vets\u00e9g kor\u00e1bbi scoutja.\r\n\r\n\u201eA d\u00f6nt\u00e9st mindig a j\u00e1t\u00e9kosnak \u00e9s a csal\u00e1dj\u00e1nak kell meghoznia, \u00e9s a nemzeti sz\u00f6vets\u00e9gnek ezt el kell fogadnia. Az \u00e9n szemsz\u00f6gemb\u0151l ez olyan d\u00f6nt\u00e9s, amely azon alapul, merre h\u00faz a j\u00e1t\u00e9kos sz\u00edve. Olyan viszont nem fordulhat el\u0151, hogy egy t\u00f6r\u00f6k sz\u00e1rmaz\u00e1s\u00fa tehets\u00e9g egyszer azt nyilatkozza: sz\u00edvesen j\u00e1tszottam volna az orsz\u00e1g sz\u00edneiben, de senki sem keresett meg. Mi az\u00e9rt vagyunk, hogy megnyissuk a v\u00e1logatott fel\u00e9 az utat\u201d \u2013 <a href=\"https:\/\/www.fr.de\/sport\/sport-mix\/haben-dann-drei-verlierer-11378050.html\" target=\"_blank\" rel=\"noopener\">besz\u00e9lt a d\u00f6nt\u00e9si folyamatr\u00f3l<\/a> a m\u00e1r eml\u00edtett t\u00f6r\u00f6k irodavezet\u0151, Erdal Keser.\r\n\r\nTerm\u00e9szetesen a d\u00f6nt\u00e9st megk\u00f6nny\u00edtheti, ha a j\u00e1t\u00e9kossal nem sz\u00e1molnak sz\u00fcl\u0151f\u00f6ldje v\u00e1logatottj\u00e1ban \u2013 amikor elillan az A-csapatos megh\u00edv\u00f3 es\u00e9lye, akkor sok j\u00e1t\u00e9kos fedezi fel v\u00e9rs\u00e9gi k\u00f6tel\u00e9keit egy m\u00e1sik orsz\u00e1ghoz \u00e9s nemzeti csapathoz.\r\n\r\n\u201eAz anyai \u00e9s az apai \u00e1gon is a nagysz\u00fcleim r\u00e9v\u00e9n v\u00e1ltam bev\u00e1logathat\u00f3v\u00e1. Mindannyian Jamaic\u00e1ban sz\u00fclettek (\u2026) Angli\u00e1ban n\u0151ttem fel, \u00e9s persze eleinte m\u00e9g mindny\u00e1jan angol v\u00e1logatottak szerett\u00fcnk volna lenni. Ahogy \u00f6regsz\u00fcnk, \u00fagy lesznek vonz\u00f3bbak a csal\u00e1di k\u00f6tel\u00e9keink\u201d \u2013 mondta <a href=\"https:\/\/theathletic.com\/4670940\/2023\/07\/12\/jamaica-premier-league-gold-cup-world-cup\/\" target=\"_blank\" rel=\"noopener\">a The Athleticnek<\/a> az eg\u00e9sz karrierj\u00e9t Angli\u00e1ban t\u00f6lt\u0151, a jamaicai v\u00e1logatott h\u00edv\u00e1s\u00e1ra 27 \u00e9vesen igent mond\u00f3 <strong>Amari\u2019i Bell<\/strong>.\r\n\r\n[caption id=\"attachment_10173\" align=\"aligncenter\" width=\"3818\"]<img class=\"size-full wp-image-10173\" src=\"https:\/\/sport24.24.hu\/app\/uploads\/sites\/24\/2023\/09\/075_fletcher-blackbur201017_nply5.jpg\" alt=\"\" width=\"3818\" height=\"2541\" \/> Amari'i Bell[\/caption]\r\n\r\n<span class=\"highlight-block-small\">Visszakanyarodva Magyarorsz\u00e1gra: t\u00f6bb logikus magyar\u00e1zata is lehet annak, hogy az MLSZ mi\u00e9rt akarja az eddigin\u00e9l is ink\u00e1bb fokozni a k\u00fclf\u00f6ldi scouting-tev\u00e9kenys\u00e9get.<\/span>\r\n<ol>\r\n \t<li>A k\u00fclf\u00f6ld\u00f6n feln\u0151tt Willi Orb\u00e1n \u00e9s Callum Styles (valamint a magyar futball rendszer\u00e9ben kev\u00e9s id\u0151t t\u00f6lt\u00f6tt Kerkez Milos) j\u00f3 p\u00e9ld\u00e1ja mutatja, hogy a v\u00e1logatott mennyit tud profit\u00e1lni a felmen\u0151ik r\u00e9v\u00e9n bev\u00e1logathat\u00f3 j\u00e1t\u00e9kosok megh\u00edv\u00e1s\u00e1b\u00f3l. Pl\u00e1ne \u00fagy, ha a rendk\u00edv\u00fcli m\u00f3don megt\u00e1mogatott hazai k\u00f6zegb\u0151l ink\u00e1bb csordog\u00e1lnak, mintsem \u00f6z\u00f6nlenek a legmagasabb szinten is bevethet\u0151 j\u00e1t\u00e9kosok.<\/li>\r\n \t<li>Ha egy v\u00e1logatott sikeres, akkor l\u00e9trej\u00f6het egy \u00f6ngerjeszt\u0151, pozit\u00edv ciklus. A t\u00f6bb v\u00e1logatottba is megh\u00edvhat\u00f3 labdar\u00fag\u00f3k k\u00f6nnyebben mondanak igent az MLSZ-nek; vagy ak\u00e1r \u0151k maguk veszik fel a kapcsolatot a sz\u00f6vets\u00e9ggel, hogy jelezz\u00e9k, bev\u00e1logathat\u00f3k. Manaps\u00e1g m\u00e1r nem egy-egy nagy torna alapj\u00e1n v\u00e1s\u00e1rolnak j\u00e1t\u00e9kosokat az \u00e9lklubok, de a v\u00e1logatott szerepl\u00e9s preszt\u00edzs- \u00e9s \u00e9rt\u00e9kn\u00f6vel\u0151. K\u00f6nnyen elk\u00e9pzelhet\u0151, hogy Willi Orb\u00e1n b\u0151 t\u00edz \u00e9ve m\u00e9g nem mondott volna igent a magyar sz\u00f6vets\u00e9gnek.<\/li>\r\n \t<li>Az EU-csatlakoz\u00e1s megteremtette a lehet\u0151s\u00e9get a szabad munkaer\u0151-\u00e1raml\u00e1sra, ezt kihaszn\u00e1lva pedig jelent\u0151ss\u00e9 v\u00e1lt a magyar munkav\u00e1llal\u00f3k kiv\u00e1ndorl\u00e1sa. A m\u00e1s orsz\u00e1gokban letelepedett \u2013 esetleg vegyes h\u00e1zass\u00e1got k\u00f6t\u00f6tt \u2013 kiv\u00e1ndorl\u00f3k futballista gyermekei m\u00e1r a magyar rendszeren k\u00edv\u00fcl, j\u00f3 es\u00e9llyel magas futballkult\u00far\u00e1j\u00fa orsz\u00e1gban nevelkednek. Megtal\u00e1l\u00e1suk m\u00e1r csak ez\u00e9rt is fontos \u2013 nem v\u00e9letlen\u00fcl hozta az MLSZ p\u00e9ldak\u00e9nt <strong>Michael Okek\u00e9t<\/strong> (Manchester City), aki nig\u00e9riai\u2013magyar vegyes h\u00e1zass\u00e1g Angli\u00e1ban sz\u00fcletett gyermeke. Az \u0151 eset\u00e9ben <a href=\"https:\/\/rangado.24.hu\/magyar_foci\/2022\/08\/16\/magyar-utanpotlas-valogatott-nemeth-antal-honositas-michael-okeke-fenyo-noah-harangi-aiden\/\" target=\"_blank\" rel=\"noopener\">a csal\u00e1d jelentkezett az MLSZ-n\u00e9l<\/a>, de arra nem v\u00e1rhat a sz\u00f6vets\u00e9g, hogy az \u201e\u00f6l\u00e9be hulljon\u201d egy-egy j\u00e1t\u00e9kos, f\u0151leg, ha a futballista tehets\u00e9ge szembet\u0171n\u0151. Ebben az esetben ugyanis garant\u00e1lt a versenyfut\u00e1s az \u00edg\u00e9ret kegyei\u00e9rt, \u00e9s lehet, hogy a szemf\u00fclesebb, profibb scouting-r\u00e9szleg\u0171 sz\u00f6vets\u00e9g nyer. T\u00f6bb sz\u00f6vets\u00e9g k\u00e9pvisel\u0151i is hangs\u00falyozt\u00e1k: a tehets\u00e9ges j\u00e1t\u00e9kosokat lehet\u0151leg m\u00e1r ut\u00e1np\u00f3tl\u00e1skorban integr\u00e1lni kell a v\u00e1logatottakba, nem csak a feln\u0151tt, befutott futballist\u00e1kkal kell keresni a kapcsolatot.<\/li>\r\n<\/ol>\r\nHozz\u00e1tehetj\u00fck ehhez m\u00e9g a hat\u00e1ron t\u00fali magyarok meglehet\u0151sen bonyolult st\u00e1tus\u00e1t is. T\u00f6bb p\u00e9lda is akadt arra, hogy egy magyar felmen\u0151kkel b\u00edr\u00f3, magyarul besz\u00e9l\u0151 j\u00e1t\u00e9kos nem tudott a magyar koroszt\u00e1lyos vagy A-v\u00e1logatottban p\u00e1ly\u00e1ra l\u00e9pni, mivel sz\u00fclei \u00e9s nagysz\u00fclei is a hat\u00e1rokon k\u00edv\u00fcl sz\u00fclettek, \u0151 pedig (m\u00e9g) nem \u00e9lt \u00f6t \u00e9vig megszak\u00edt\u00e1s n\u00e9lk\u00fcl Magyarorsz\u00e1gon, ami pedig a FIFA el\u0151\u00edr\u00e1sai alapj\u00e1n k\u00f6telez\u0151 lenne. A h\u00e9ten <strong>Szil\u00e1gyi Szabolcs<\/strong>, a Vasas rom\u00e1n U20-as v\u00e1logatott j\u00e1t\u00e9kosa <a href=\"http:\/\/www.vasasfc.hu\/hirek\/szilagyi_szabolcs_felejthetetlen_elmenyekkel_gazdagodtam_a_valogatottban-7554\" target=\"_blank\" rel=\"noopener\">besz\u00e9lt err\u0151l<\/a>, kor\u00e1bban <strong>Zs\u00f3ri D\u00e1niel<\/strong> is <a href=\"https:\/\/www.utanpotlassport.hu\/2019\/05\/24\/labdarugas-a-szezon-goljat-szerzo-zsori-daniel-az-u-valogatottban-nem-jatszhat-de-a-felnottrol-nem-mond-le\" target=\"_blank\" rel=\"noopener\">hasonl\u00f3k\u00e9ppen j\u00e1rt<\/a>, \u00e9s a cs\u00e1ng\u00f3 <strong>Marius Corbu<\/strong> is a hossz\u00fa v\u00e1rakoz\u00e1si id\u0151 miatt <a href=\"https:\/\/rangado.24.hu\/nemzetkozi_foci\/2022\/09\/16\/corbu-marius-puskas-akademia-magyar-valogatott-helyett-romania\/\" target=\"_blank\" rel=\"noopener\">fogadta el a rom\u00e1n megh\u00edv\u00f3t<\/a>. A k\u00e9rd\u00e9s akut a haz\u00e1nkban nevelked\u0151 hat\u00e1ron t\u00fali fiatal j\u00e1t\u00e9kosok miatt. Itt is igaz, hogy a legtehets\u00e9gesebb futballist\u00e1k\u00e9rt t\u00f6bb orsz\u00e1g \u201e\u00e1ll sorba\u201d, a v\u00e1logatotts\u00e1g pedig \u00e9rt\u00e9kn\u00f6vel\u0151, valamint a karrierlehet\u0151s\u00e9geket is befoly\u00e1solhatja (pl. az Egyes\u00fclt Kir\u00e1lys\u00e1g pontsz\u00e1m\u00edt\u00e1sos rendszer\u00e9ben).\r\n\r\nSz\u00e1z sz\u00f3nak is egy a v\u00e9ge: teljesen \u00e9rthet\u0151, hogy az MLSZ mi\u00e9rt szeretne m\u00e9g nagyobb hangs\u00falyt fektetni a (r\u00e9szben) magyar sz\u00e1rmaz\u00e1s\u00fa j\u00e1t\u00e9kosokat felkutat\u00f3 tev\u00e9kenys\u00e9gre, illetve a k\u00fclf\u00f6ldi toborz\u00e1sra. M\u00e9g egy (pl\u00e1ne t\u00f6bb) Willi Orb\u00e1n-kaliber\u0171 j\u00e1t\u00e9kos megtal\u00e1l\u00e1sa \u00f3ri\u00e1si er\u0151s\u00edt\u00e9s lenne a v\u00e1logatottnak. Logikus egy erre szakosodott oszt\u00e1ly vagy eg\u00e9sz iroda m\u0171k\u00f6dtet\u00e9se, de k\u00f6zben azt ne feledj\u00fck:\r\n\r\n<span class=\"highlight-block\">ennek kieg\u00e9sz\u00edt\u0151 tev\u00e9kenys\u00e9gnek kellene lennie az itthon zajl\u00f3 munka mellett. <\/span>\r\n\r\n\u00c9s lehet b\u00e1rmilyen j\u00f3 egy j\u00e1t\u00e9koskutat\u00f3 oszt\u00e1ly, a legfontosabb k\u00e9pz\u00e9si tev\u00e9kenys\u00e9g Magyarorsz\u00e1gon zajlik \u2013 annak esetleges hi\u00e1nyoss\u00e1gait pedig nem tudja elfedni a m\u00e9goly profi toborz\u00f3 tev\u00e9kenys\u00e9g sem.\r\n\r\n[prefabricated_shortcode in_app=\"0\" code=\"%3Cdiv%20class%3D%22article_box_border%22%20style%3D%22background%3A%20url%28%27https%3A%2F%2F24.p3k.hu%2Fapp%2Fuploads%2Fsites%2F24%2F2021%2F05%2Fsport24-pattern.png%27%29%20no-repeat%20left%20-16px%20%23f3f3f4%3B%20border%3A%20none%3B%22%3E%0D%0A%3Cdiv%20class%3D%22article_solidheader%22%3E%0D%0A%3Ch2%20style%3D%22color%3A%20%23111115%21important%3B%20font-size%3A%2036px%3B%20font-weight%3A%20bold%3B%20margin-bottom%3A%2030px%3B%20margin-top%3A%2020px%3B%20text-align%3A%20center%3B%20line-height%3A%2036px%3B%22%3E%3Cimg%20class%3D%22aligncenter%20size-full%20wp-image-141%22%20src%3D%22https%3A%2F%2F24.p3k.hu%2Fapp%2Fuploads%2Fsites%2F24%2F2021%2F05%2Fs24-logo-dt.png%22%20alt%3D%22%22%20width%3D%22408%22%20height%3D%2290%22%20%2F%3E%3C%2Fh2%3E%0D%0A%3Ch2%20style%3D%22color%3A%20%23111115%21important%3B%20font-size%3A%2036px%3B%20font-weight%3A%20bold%3B%20margin-bottom%3A%2030px%3B%20margin-top%3A%2020px%3B%20text-align%3A%20center%3B%20line-height%3A%2040px%3B%22%3ECsatlakozz%20a%20Sport24%20k%C3%B6z%C3%B6ss%C3%A9ghez%2C%20mondd%20el%20v%C3%A9lem%C3%A9nyedet%20z%C3%A1rt%20Facebook-csoportunkban%2C%20%C3%A9s%20vegy%C3%A9l%20r%C3%A9szt%20csak%20el%C5%91fizet%C5%91knek%20el%C3%A9rhet%C5%91%20exkluz%C3%ADv%20esem%C3%A9nyeinken.%3C%2Fh2%3E%0D%0A%3C%2Fdiv%3E%0D%0A%3Cp%20style%3D%22background%3A%20%2357A600%3B%20margin-top%3A%2020px%3B%20padding%3A%2020px%3B%20text-align%3A%20center%3B%22%3E%3Ca%20style%3D%22color%3A%20%23ffffff%3B%20font-size%3A%2026px%3B%20font-weight%3A%20600%3B%22%20href%3D%22https%3A%2F%2Fwww.facebook.com%2Fgroups%2F212344460412327%22%3ECSATLAKOZOM%3C%2Fa%3E%3C%2Fp%3E%0D%0A%0D%0A%3C%2Fdiv%3E\"]","type":"rich","thumbnail_url":"https:\/\/s.24.hu\/app\/uploads\/sites\/24\/2023\/09\/dmarc20230323095-masolat-150x150.jpg","thumbnail_width":150,"thumbnail_height":150}