{"version":"1.0","provider_name":"Sport24","provider_url":"https:\/\/sport24.24.hu","author_name":"Dajka Bal\u00e1zs","author_url":"https:\/\/sport24.24.hu\/author\/dajkab\/","title":"A magyar v\u00e1logatott vag\u00e1nyan reag\u00e1lt a korai szerb g\u00f3lra, m\u00e9gis a v\u00e9dekez\u00e9s vezetett a belgr\u00e1di brav\u00farhoz","html":"<span class=\"highlight-block-small\"><strong>Marco Rossi<\/strong> v\u00e1logatottja gyakorlatilag az eg\u00e9sz selejtez\u0151sorozat legfontosabb m\u00e9rk\u0151z\u00e9s\u00e9re utazott Szerbi\u00e1ba.<\/span>\r\n\r\nA csoport pap\u00edron k\u00e9t leger\u0151sebb, \u00e9s a tabell\u00e1n is az els\u0151 k\u00e9t helyen \u00e1ll\u00f3 csapata fesz\u00fclt egym\u00e1snak. A szerbek mellett sz\u00f3lt vil\u00e1gbajnoki tapasztalatuk, valamint a toplig\u00e1s vagy volt toplig\u00e1s j\u00e1t\u00e9kosokt\u00f3l hemzseg\u0151 keret, ugyanakkor f\u00e9lelmetes szurkol\u00f3t\u00e1borukra ez\u00fattal nem sz\u00e1m\u00edthattak: a lel\u00e1t\u00f3n csak 14 \u00e9v alatti gyerekek \u00e9s k\u00eds\u00e9r\u0151ik kaphattak helyet, a Montenegr\u00f3 ellen \u00f6sszeszedett z\u00e1rt kapus UEFA-b\u00fcntet\u00e9s miatt.\r\n\r\nAz egykori legend\u00e1s k\u00f6z\u00e9pp\u00e1ly\u00e1s, <strong>Dragan Stojkovic<\/strong> a magyar v\u00e1logatotthoz hasonl\u00f3, 3-4-3-as fel\u00e1ll\u00e1sban k\u00fcldte p\u00e1ly\u00e1ra a szerb v\u00e1logatottat. A torin\u00f3i kapus, <strong>Vanja Milinkovic-Savic<\/strong> el\u0151tt a v\u00e9delem tengely\u00e9ben <strong>Strahinja Pavlovic<\/strong>, <strong>Milos Veljkovic,<\/strong> valamint a Sevill\u00e1val EL-gy\u0151ztes <strong>Nemaja Gudelj<\/strong> kapott helyet, m\u00edg a k\u00e9t sz\u00e9len sz\u00e1rnyv\u00e9d\u0151k\u00e9nt a torin\u00f3i <strong>Nemanja Radonjic<\/strong>, valamint a juventusos <strong>Filip Kostic<\/strong> szaladg\u00e1lt.\r\n\r\nEl\u0151tt\u00fck a Lazi\u00f3b\u00f3l Sza\u00fad-Ar\u00e1bi\u00e1ba igazolt <strong>Sergej Milinkovic-Savic<\/strong> \u00e9s a getaf\u00e9s <strong>Nemanja Maksimovic<\/strong> j\u00e1tszotta be a p\u00e1lya k\u00f6zep\u00e9t, el\u00f6l pedig <strong>Dusan Tadic<\/strong> mellett a m\u00e1sik sza\u00fadi l\u00e9gi\u00f3s, <strong>Aleksandar Mitrovic<\/strong>, valamint <strong>Dusan Vlahovic<\/strong>,\r\n\r\n<span class=\"highlight-block-small\">aki 70 milli\u00f3 eur\u00f3s piaci \u00e9rt\u00e9k\u00e9vel a szerb csapat legdr\u00e1g\u00e1bb j\u00e1t\u00e9kosa.<\/span>\r\n\r\nMarco Rossi kezd\u0151tizenegy\u00e9ben Dibusz D\u00e9nes el\u0151tt ez\u00fattal is a <strong>Lang \u00c1d\u00e1m<\/strong>, <strong>Willi Orb\u00e1n<\/strong>, <strong>Szalai Attila<\/strong> bels\u0151 v\u00e9d\u0151h\u00e1rmas kapott helyet, jobboldalt <strong>Loic N\u00e9go<\/strong>, baloldalt pedig a Premier League-ben bemutatkozott, szerb sz\u00e1rmaz\u00e1s\u00fa <strong>Kerkez Milos<\/strong> biztos\u00edtott sz\u00e9less\u00e9get. A k\u00f6z\u00e9pp\u00e1ly\u00e1n<strong> Nagy \u00c1d\u00e1m<\/strong> mellett a m\u00e9g mindig l\u00e1badoz\u00f3 <strong>Sch\u00e4fer Andr\u00e1s<\/strong> hely\u00e9re ism\u00e9t <strong>Callum Styles<\/strong> ker\u00fclt a csapatba, el\u00f6l pedig a ferencv\u00e1rosi <strong>Varga Barnab\u00e1s<\/strong> lett <strong>Szoboszlai Dominik<\/strong> \u00e9s <strong>Sallai Roland<\/strong> t\u00e1rsa.\r\n\r\n[caption id=\"attachment_10062\" align=\"alignnone\" width=\"2000\"]<img class=\"wp-image-10062 size-full\" src=\"https:\/\/sport24.24.hu\/app\/uploads\/sites\/24\/2023\/09\/20230907204446_adz_2613.jpg\" alt=\"\" width=\"2000\" height=\"1125\" \/> A magyar v\u00e1logatott belgr\u00e1di kezd\u0151je[\/caption]\r\n\r\nB\u00e1r a m\u00e9rk\u0151z\u00e9s els\u0151 t\u00edz perc\u00e9t b\u00e1tran kezdte a magyar v\u00e1logatott, \u00e9s olykor az ellenf\u00e9l t\u00e9rfel\u00e9n is mutattunk \u00edg\u00e9retes dolgokat, a szerb v\u00e1logatott sajnos nagyon kor\u00e1n vezet\u00e9st szerzett. Dibusz D\u00e9nes pontatlan \u00edvel\u00e9se ut\u00e1n a v\u00e9delmi vonalunk eln\u00e9zte a visszar\u00fagott labd\u00e1t, Tadic \u00e9s Vlahovic sakk-matt helyzet\u00e9t pedig a menteni igyekv\u0151 Szalai Attila seg\u00edtette a saj\u00e1t kapuj\u00e1ba.\r\n\r\nA tizedik percben bekapott g\u00f3lra t\u00e1mad\u00e1sban nem tudott megfelel\u0151en reag\u00e1lni a magyar v\u00e1logatott. B\u00e1r az elm\u00falt id\u0151szakban megszokott kev\u00e9sb\u00e9 sematikus, kreat\u00edv, a labd\u00e1hoz poz\u00edcion\u00e1lt t\u00e1mad\u00f3j\u00e1t\u00e9kot Marco Rossi csapata ez\u00fattal is pr\u00f3b\u00e1lta megvillantani,\r\n\r\n<span class=\"highlight-block-small\">az els\u0151 f\u00e9lid\u0151ben \u00f6sszess\u00e9g\u00e9ben kev\u00e9s alkalommal siker\u00fclt eredm\u00e9nyesen \u00e1tj\u00e1tszani a szerb let\u00e1mad\u00e1st.<\/span>\r\n\r\nB\u00e1r a 3-4-3-as j\u00e1t\u00e9krendszert most is rugalmasan fogtuk fel, sok helycser\u00e9vel \u00e9s forg\u00e1ssal, a labda oldal\u00e1t t\u00faltel\u00edtve, legink\u00e1bb csak az ellenf\u00e9l v\u00e9delmi blokkj\u00e1n k\u00edv\u00fcl, vagy az oldalvonal mellett, kev\u00e9ss\u00e9 vesz\u00e9lyes ter\u00fcletekre siker\u00fclt eljuttatni a labd\u00e1t. A Nagy\u2013Styles du\u00f3 egyik tagja a megszokott m\u00f3don ez\u00fattal is a v\u00e9d\u0151vonalba negyedikk\u00e9nt visszal\u00e9pve helyezkedett, m\u00edg a m\u00e1sikuknak visszafel\u00e9 mozogva gyakran Szoboszlai is visszaseg\u00edtett a labdakihozatalokhoz.\r\n\r\nEzzel azonban olykor t\u00fals\u00e1gosan is messze ker\u00fclt az ellenf\u00e9l kapuj\u00e1t\u00f3l. Ha pedig visszal\u00e9p\u0151 k\u00f6z\u00e9pp\u00e1ly\u00e1saink a mez\u0151nynek h\u00e1ttal kaptak labd\u00e1t, az megk\u00f6nny\u00edtette az emberfog\u00e1ssal let\u00e1mad\u00f3 szerbek dolg\u00e1t. Ezek a szitu\u00e1ci\u00f3k pedig \u00e1ltal\u00e1ban labdaveszt\u00e9shez, vagy hossz\u00fa, el\u0151rev\u00e1gott ind\u00edt\u00e1sokhoz vezettek.\r\n\r\n[caption id=\"attachment_10059\" align=\"alignnone\" width=\"1024\"]<img class=\"wp-image-10059 size-full\" src=\"https:\/\/sport24.24.hu\/app\/uploads\/sites\/24\/2023\/09\/srbhun1.jpg\" alt=\"\" width=\"1024\" height=\"576\" \/> Szerb let\u00e1mad\u00e1s, magyar labdakihozatal. A mieink t\u00falt\u00f6ltik a labda oldal\u00e1t, de Szoboszlai \u00e9s Styles is a v\u00e9delmi blokkon k\u00edv\u00fclre mozog, a szerbek emberfog\u00e1ssal mindenkit semleges\u00edtenek, mik\u00f6zben a h\u00e1rom t\u00e1mad\u00f3 az els\u0151 vonalat z\u00e1rja le. Szalai ak\u00e1r a t\u00faloldalra is forgathatna, de egy kock\u00e1zatos m\u00e9lys\u00e9gi passzal a t\u00faloldalra \u00e1tmozg\u00f3 N\u00e9g\u00f3t pr\u00f3b\u00e1lja megtal\u00e1lni, a szerbek pedig elhal\u00e1ssz\u00e1k a labd\u00e1t.[\/caption]\r\n\r\nA jobb oldal valamivel hat\u00e9konyabb volt, k\u00fcl\u00f6n\u00f6sen N\u00e9go volt elem\u00e9ben, aki h\u00e1rom-h\u00e1rom kialak\u00edtott helyzettel \u00e9s sikeres csellel a sz\u00e1mok alapj\u00e1n a magyar v\u00e1logatott egyik leghasznosabb embere volt.\r\n<div style=\"width: 100%;height: 0px;position: relative;padding-bottom: 56.250%\"><iframe style=\"width: 100%;height: 100%;position: absolute\" src=\"https:\/\/streamable.com\/e\/c1cize?quality=highest\" width=\"100%\" height=\"100%\" frameborder=\"0\" allowfullscreen=\"allowfullscreen\"><\/iframe><\/div>\r\n<em>Egy sikeres magyar labdakihozatal: t\u00falt\u00f6lt\u00e9s a bal oldalon, forgat\u00e1s a jobb oldalra, a jelenet Styles l\u00f6v\u00e9s\u00e9vel z\u00e1rul.<\/em>\r\n\r\nA szerb v\u00e1logatott rengeteg magasan k\u00e9pzett, toplig\u00e1s j\u00e1t\u00e9kossal, \u00e1m kiss\u00e9 sablonosan j\u00e1tssza a poz\u00edci\u00f3s j\u00e1t\u00e9kot. Labdabirtokl\u00e1sban a hagyom\u00e1nyos m\u00f3don tartj\u00e1k a 3-2-5-\u00f6s vagy 2-3-5-\u00f6s szerkezetet. K\u00fcl\u00f6n\u00f6sen a bal oldaluk volt akt\u00edv, ahol az oldals\u00f3 k\u00f6z\u00e9ph\u00e1tv\u00e9d, Pavlovic\u00a0sokat l\u00e9pett be a j\u00e1t\u00e9kba, \u00e9s Kosticcsal, valamint a rugalmasan mozg\u00f3 h\u00e1rom t\u00e1mad\u00f3 egyik\u00e9vel h\u00e1romsz\u00f6get alkotva pr\u00f3b\u00e1lt kombin\u00e1lni.\r\n\r\nSok m\u00e1s v\u00e1logatotthoz hasonl\u00f3an azonban a szerbeknek is meggy\u0171lt a bajuk Marco Rossi szervezett, \u00f6tv\u00e9d\u0151s k\u00f6z\u00e9ps\u0151 blokkj\u00e1val, \u00edgy legink\u00e1bb csak kisz\u00e1m\u00edthat\u00f3 be\u00edvel\u00e9sek, vagy az elvesztett labd\u00e1k visszaszerz\u00e9se ut\u00e1n tudtak vesz\u00e9lyeztetni.\r\n<div style=\"width: 100%;height: 0px;position: relative;padding-bottom: 56.250%\"><iframe style=\"width: 100%;height: 100%;position: absolute\" src=\"https:\/\/streamable.com\/e\/y9vptv?quality=highest\" width=\"100%\" height=\"100%\" frameborder=\"0\" allowfullscreen=\"allowfullscreen\"><\/iframe><\/div>\r\n<em>A szerb v\u00e1logatott egy forgat\u00e1s ut\u00e1n a bal oldalon alak\u00edt ki h\u00e1romsz\u00f6get, \u00e1m kisz\u00e1m\u00edthat\u00f3 bead\u00e1s lesz a jelenet v\u00e9ge.<\/em>\r\n\r\nHozz\u00e1 kell tenni: az els\u0151 f\u00e9lid\u0151ben a magyar v\u00e1logatott is sokat tett az\u00e9rt, hogy Tadic\u00e9k ne tudjanak sokszor helyzetbe ker\u00fclni. A kor\u00e1n bekapott g\u00f3lra reag\u00e1lva \u2013 ahogy azt m\u00e1r kor\u00e1bban megszokhattuk \u2013 a magyar v\u00e1logatott azonnal feljebb tolta a v\u00e9dekez\u00e9s\u00e9t, \u00e9s a k\u00f6z\u00e9ps\u0151 blokkb\u00f3l a meglepet\u00e9s erej\u00e9vel kimozdulva visszafel\u00e9 kezdte tolni a szerb labdakihozatalokat.\r\n\r\nAz 5-2-3-as fel\u00e1ll\u00e1sban Szoboszlai, Sallai \u00e9s Varga a bels\u0151 v\u00e9d\u0151kre l\u00e9ptek ki, Nagy \u00e9s Styles a k\u00f6z\u00e9ps\u0151 passzs\u00e1vokat z\u00e1rt\u00e1k, az esetleges felpasszokra pedig az \u00f6t h\u00e1tuls\u00f3 ember egyike is kil\u00e9phetett. A szerbeket \u00edgy viszonylag eredm\u00e9nyesen siker\u00fclt a magyar kaput\u00f3l t\u00e1vol tartani, \u00e1m a sz\u00e9leken, illetve az elvesztett labd\u00e1kra visszat\u00e1madva egy-k\u00e9t alkalommal m\u00e9gis siker\u00fclt helyzetet kialak\u00edtaniuk.\r\n\r\n[caption id=\"attachment_10060\" align=\"alignnone\" width=\"1024\"]<img class=\"wp-image-10060 size-full\" src=\"https:\/\/sport24.24.hu\/app\/uploads\/sites\/24\/2023\/09\/srbhun2.jpg\" alt=\"\" width=\"1024\" height=\"576\" \/> Magyar let\u00e1mad\u00e1s, szerb labdakihozatal. A mieink a szok\u00e1sos 5-2-3-as k\u00f6z\u00e9ps\u0151 blokkb\u00f3l meglepet\u00e9sszer\u0171en kil\u00e9pve tolj\u00e1k vissza a labdakihozatalt, elszak\u00edtva egym\u00e1st\u00f3l az ellenf\u00e9l csapatr\u00e9szeit. A h\u00e1rom csat\u00e1r a h\u00e1rom bels\u0151 v\u00e9d\u0151t t\u00e1madja (Szoboszlai a k\u00e9pen m\u00e1r a t\u00f6bbiekkel egy\u00fctt tol\u00f3dik), Nagy \u00e9s Styles a p\u00e1lya k\u00f6zep\u00e9t z\u00e1rja, a szerbek t\u00e1mad\u00e1sban akt\u00edv bal oldal\u00e1ra N\u00e9go l\u00e9p fel.[\/caption]\r\n\r\n<div style=\"width: 100%;height: 0px;position: relative;padding-bottom: 56.250%\"><iframe style=\"width: 100%;height: 100%;position: absolute\" src=\"https:\/\/streamable.com\/e\/y5ohwh?quality=highest\" width=\"100%\" height=\"100%\" frameborder=\"0\" allowfullscreen=\"allowfullscreen\"><\/iframe><\/div>\r\n<em>Egy hasonl\u00f3 let\u00e1mad\u00e1s vide\u00f3n, \u00e1m itt a szerbek visszaszerzik a labd\u00e1t, \u00e9s a sz\u00e9lr\u0151l alak\u00edtanak ki helyzetet.<\/em>\r\n\r\nB\u00e1r a magyar v\u00e1logatott az els\u0151 f\u00e9lid\u0151 nagy r\u00e9sz\u00e9ben nehezen tal\u00e1lta a labd\u00e1s j\u00e1t\u00e9kot, az egyik els\u0151 \u00edg\u00e9retes labdakihozatalb\u00f3l r\u00f6gt\u00f6n siker\u00fclt egyenl\u00edteni, majd k\u00e9t percre r\u00e1 egy sz\u00f6glet ut\u00e1n Lang \u00c1d\u00e1m g\u00f3lpassz\u00e1b\u00f3l Willi Orb\u00e1n is betal\u00e1lt. A magyar v\u00e1logatott teh\u00e1t annak ellen\u00e9re is el\u0151nyben vonulhatott a sz\u00fcnetre, hogy az els\u0151 f\u00e9lid\u0151 nagy r\u00e9sz\u00e9ben nem a mieink akarata \u00e9rv\u00e9nyes\u00fclt.\r\n<div style=\"width: 100%;height: 0px;position: relative;padding-bottom: 56.250%\"><iframe style=\"width: 100%;height: 100%;position: absolute\" src=\"https:\/\/streamable.com\/e\/lnn3g5?quality=highest\" width=\"100%\" height=\"100%\" frameborder=\"0\" allowfullscreen=\"allowfullscreen\"><\/iframe><\/div>\r\n<em>Az els\u0151 magyar g\u00f3l: egy jobb oldali labdabirtokl\u00e1s ind\u00edt\u00e1ssal z\u00e1rul, \u00e1m a labda szerencs\u00e9sen pattan tov\u00e1bb \u00e9s Sallai elt\u00f6rt l\u00f6v\u00e9s\u00e9b\u0151l Varga Barnab\u00e1s egyenl\u00edt.<\/em>\r\n<div class=\"payable-content-section\"><\/div>\r\nA m\u00e1sodik f\u00e9lid\u0151 m\u00e9g hosszabb szerb labdabirtokl\u00e1si peri\u00f3dusokat, \u00e9s m\u00e9g m\u00e9lyebben v\u00e9dekez\u0151 magyar v\u00e1logatottat hozott. A r\u00f6vid magyar labdabirtokl\u00e1si peri\u00f3dusokban a magyarok t\u00f6bbnyire megel\u00e9gedtek a defenz\u00edvebb, az eredm\u00e9nyt \u0151rz\u0151 labdabirtokl\u00e1ssal, a p\u00e1lya k\u00f6zep\u00e9t legt\u00f6bbsz\u00f6r tudatosan elker\u00fclve.\r\n\r\n<span class=\"highlight-block-small\">Mivel a szerbek tov\u00e1bbra is magasan let\u00e1madtak, v\u00e9szmegold\u00e1sk\u00e9nt tov\u00e1bbra is ott voltak a tarsolyban a kor\u00e1bban alkalmazott hossz\u00fa ind\u00edt\u00e1sok.<\/span>\r\n\r\nLabda ellen a magyar v\u00e1logatott egyre m\u00e9lyebben, 5-2-3 helyett egyre ink\u00e1bb 5-4-1-ben v\u00e9dekezett. A n\u00e9gy k\u00f6z\u00e9pp\u00e1ly\u00e1s elm\u00e9letileg tov\u00e1bbra is lehet\u0151v\u00e9 tette, hogy a csapat meglepet\u00e9sszer\u0171en kimozduljon a s\u00fcndiszn\u00f3\u00e1ll\u00e1sb\u00f3l, \u00e1m a feladat legink\u00e1bb az egyre t\u00f6bb felfut\u00f3 szerb j\u00e1t\u00e9kos meg\u00e1ll\u00edt\u00e1sa volt. A balk\u00e1niak \u00edgy legt\u00f6bbsz\u00f6r m\u00e1sodik sz\u00e1nd\u00e9kb\u00f3l tudtak vesz\u00e9lyeztetni, az el\u0151ny meg\u0151rz\u00e9s\u00e9hez Dibusz D\u00e9nes v\u00e9d\u00e9sei is kellettek.\r\n<div style=\"width: 100%;height: 0px;position: relative;padding-bottom: 56.250%\"><iframe style=\"width: 100%;height: 100%;position: absolute\" src=\"https:\/\/streamable.com\/e\/ki05tg?quality=highest\" width=\"100%\" height=\"100%\" frameborder=\"0\" allowfullscreen=\"allowfullscreen\"><\/iframe><\/div>\r\n<em>A magyar v\u00e1logatott 5-4-1-ben v\u00e9dekezik, a szerbek az elvesz\u00edtett labd\u00e1ra visszat\u00e1madva alak\u00edtanak ki helyzetet.<\/em>\r\n\r\nA m\u00e9rk\u0151z\u00e9s eg\u00e9sz\u00e9ben a szerb v\u00e1logatott valamivel magasabb xG-mutat\u00f3t dolgozott ki, \u00e1m ar\u00e1nyaiban a magyar v\u00e1logatott hat\u00e9konys\u00e1ga sokkal kevesebb l\u00f6v\u00e9sb\u0151l sem maradt alul. \u00c1rnyalja a k\u00e9pet, hogy egy\u00e9nileg a magyar csapatb\u00f3l a legmagasabb xG-t Willi Orb\u00e1n g\u00f3lja (0.68) jelentette. A szerbek legt\u00f6bb helyzete akkor is mez\u0151nyj\u00e1t\u00e9kb\u00f3l (open play) alakult ki, ha a magyar v\u00e9dekez\u00e9s megnehez\u00edtette a dolgukat.\r\n\r\n<img class=\"alignnone wp-image-10061 size-full\" src=\"https:\/\/sport24.24.hu\/app\/uploads\/sites\/24\/2023\/09\/srbhun3.jpg\" alt=\"\" width=\"751\" height=\"769\" \/>\r\n\r\nA magyar v\u00e1logatott teh\u00e1t t\u00e9tmeccsen, idegenben gy\u0151z\u00f6tt le egy valamivel magasabban jegyzett csapatot \u2013 ez \u00f6nmag\u00e1ban is fegyvert\u00e9ny. Okt\u00f3ber 14-\u00e9n a szerbek \u00edgy h\u00e1rompontos h\u00e1tr\u00e1nnyal \u00e9rkeznek a Pusk\u00e1s Ar\u00e9n\u00e1ba. Meg kell jegyezni ugyanakkor, hogy a Rossi-csapat vert helyzetb\u0151l, szinte a semmib\u0151l ford\u00edtotta meg a m\u00e9rk\u0151z\u00e9st \u2013 erre az\u00e9rt aligha lehet majd minden alkalommal sz\u00e1m\u00edtani, ha az ellenf\u00e9l szerzi meg a vezet\u00e9st.\r\n\r\n<span class=\"highlight-block-small\">Sok kor\u00e1bbi m\u00e9rk\u0151z\u00e9shez hasonl\u00f3an ez\u00fattal is legink\u00e1bb a v\u00e9dekez\u00e9s vezetett diadalra, ez azonban az eredm\u00e9ny szerencs\u00e9s alakul\u00e1sa n\u00e9lk\u00fcl aligha lett volna elegend\u0151.<\/span>\r\n\r\nB\u00e1r tov\u00e1bbra is k\u00e9rd\u00e9ses, k\u00e9pesek lesz\u00fcnk-e sz\u00fcks\u00e9g eset\u00e9n egy nagyobb csapat ellen is labd\u00e1val domin\u00e1lni, \u00f6sszess\u00e9g\u00e9ben aggodalomra semmi ok: a csoport jelenlegi \u00e1ll\u00e1s\u00e1t tekintve nagy meglepet\u00e9s lenne, ha a magyar v\u00e1logatott nem jutna ki k\u00f6zvetlen\u00fcl a j\u00f6v\u0151 \u00e9vi, n\u00e9metorsz\u00e1gi Eb-re.","type":"rich","thumbnail_url":"https:\/\/s.24.hu\/app\/uploads\/sites\/24\/2023\/09\/20230907215052_adz_2774-150x150.jpg","thumbnail_width":150,"thumbnail_height":150}