{"version":"1.0","provider_name":"Sport24","provider_url":"https:\/\/sport24.24.hu","author_name":"Bruckner G\u00e1bor","author_url":"https:\/\/sport24.24.hu\/author\/brucknerg\/","title":"Varga bombaform\u00e1ban, de hol j\u00e1tszatja Rossi Szoboszlait?","html":"Oly sokszor olvashattunk m\u00e1r sorsd\u00f6nt\u0151 \u00e9s l\u00e9tfontoss\u00e1g\u00fa idegenbeli selejtez\u0151kr\u0151l, er\u0151s ellenfelek ellen. Oly sokszor volt a felhajt\u00e1s nagyobb, mint a m\u00e9rk\u0151z\u00e9sen a t\u00e9nyleges izgalom \u2013 \u00e9s valljuk be, a magyar v\u00e1logatott sokszor sim\u00e1n alulmaradt a m\u00faltban ezeken a sorsd\u00f6nt\u0151nek titul\u00e1lt m\u00e9rk\u0151z\u00e9seken. \u00cdgy azt\u00e1n van k\u00e9t j\u00f3 h\u00edr\u00fcnk:\r\n<ul>\r\n \t<li>A szerbek elleni m\u00e9rk\u0151z\u00e9s nem sorsd\u00f6nt\u0151.<\/li>\r\n \t<li>A magyar v\u00e1logatott Eb-kvalifik\u00e1ci\u00f3s es\u00e9lyeire az sem m\u00e9rne nagy csap\u00e1st, ha vesz\u00edtene Szerbi\u00e1ban.<\/li>\r\n<\/ul>\r\n<h2>Verseny a l\u00e9p\u00e9sel\u0151ny\u00e9rt<\/h2>\r\nMarco Rossi egy\u00fcttese h\u00e1rom fordul\u00f3 ut\u00e1n 7 ponttal, veretlen\u00fcl, kapott g\u00f3l n\u00e9lk\u00fcl \u00e1ll a G csoportban. A szerbek m\u00e9rlege ugyanilyen (csak \u0151k m\u00e1r kaptak egy g\u00f3lt); Montenegr\u00f3 3, Bulg\u00e1ria 5, Litv\u00e1nia 6 pontos h\u00e1tr\u00e1nyban van a csoport k\u00e9t \u00e9lcsapat\u00e1hoz k\u00e9pest. Az eddig l\u00e1tottak alapj\u00e1n k\u00f6nnyen elk\u00e9pzelhet\u0151, hogy a magyar\u2013szerb kett\u0151s m\u00e1r kor\u00e1n eld\u00f6nti a tov\u00e1bbjut\u00e1s\u00e9rt folytatott versenyfut\u00e1st.\r\n\r\nA t\u00f6bbi csoportriv\u00e1lis k\u00f6z\u00fcl Montenegr\u00f3 nagyon kellemetlen ellenf\u00e9l, de legjobbjai t\u00falvannak p\u00e1lyafut\u00e1suk zenitj\u00e9n. A montenegr\u00f3iak hazai p\u00e1ly\u00e1n j\u00e1tszhattak k\u00e9t legf\u0151bb riv\u00e1lisukkal, \u00e1m a mieinkkel d\u00f6ntetlent \u00e9rtek el (0-0), a szerbekt\u0151l pedig kikaptak (0-2). A bolg\u00e1r v\u00e1logatottfutball m\u00e9lyponton van. <strong>Mladen Krstajic<\/strong>\u00a0csapata h\u00e1rom k\u00f6r alatt minim\u00e1lisra reduk\u00e1lta es\u00e9lyeit: otthon kikapott Montenegr\u00f3t\u00f3l (0-1) \u00e9s ikszelt Szerbi\u00e1val (1-1), Budapesten pedig s\u00falyos veres\u00e9get (0-3) szenvedett. A litv\u00e1n egy\u00fcttes lefel\u00e9 l\u00f3g ki ebb\u0151l az \u00f6t\u00f6sb\u0151l.\r\n\r\n[caption id=\"attachment_10044\" align=\"alignnone\" width=\"2000\"]<img class=\"size-full wp-image-10044\" src=\"https:\/\/sport24.24.hu\/app\/uploads\/sites\/24\/2023\/09\/debre20230906006-masolat.jpg\" alt=\"\" width=\"2000\" height=\"1333\" \/> A szerb v\u00e1logatott szerdai edz\u00e9se a vajdas\u00e1gi \u00d3p\u00e1zov\u00e1ban[\/caption]\r\n\r\nEzek alapj\u00e1n k\u00fcl\u00f6n\u00f6sebb nyom\u00e1s nem lehet a magyar, szerb du\u00f3n. Mindkett\u0151 j\u00f3 poz\u00edci\u00f3ba man\u0151verezte mag\u00e1t, a k\u00e9t keret er\u0151sebb, mint a riv\u00e1lisok\u00e9,\r\n\r\n<span class=\"highlight-block\">a pontosztozkod\u00e1s miatt alighanem egyik f\u00e9l sem lenne elkeseredve. <\/span>\r\n\r\nA hazai p\u00e1ly\u00e1n futballoz\u00f3 szerbek sem, Rossi csapata ugyanis egy\u00e1ltal\u00e1n nem k\u00f6nny\u0171 pr\u00e9da.\r\n\r\nA magyar v\u00e1logatott a koronav\u00edrus-vil\u00e1gj\u00e1rv\u00e1ny okozta k\u00e9nyszersz\u00fcnet \u00f3ta \u00f3ri\u00e1sit jav\u00edtott idegenbeli eredm\u00e9nyess\u00e9g\u00e9n: 16 m\u00e9rk\u0151z\u00e9sen 9 gy\u0151zelem, 5 d\u00f6ntetlen \u00e9s 2 veres\u00e9g a m\u00e9rlege, t\u00f6bbek k\u00f6z\u00f6tt Szerbi\u00e1ban is siker\u00fclt nyerni (1-0-ra 2020 okt\u00f3ber\u00e9ben, <strong>K\u00f6nyves Norbert<\/strong> g\u00f3lj\u00e1val). A c\u00e9l a magyar v\u00e1logatott r\u00e9sz\u00e9r\u0151l most is a gy\u0151zelem, a h\u00e1rom pont megszerz\u00e9se jelent\u0151s l\u00e9p\u00e9s lenne a 2024-es, n\u00e9metorsz\u00e1gi Eb fel\u00e9 vezet\u0151 \u00faton.\r\n\r\nTerm\u00e9szetesen igaz ez a szerb v\u00e1logatottra is, amelynek szt\u00e1rjai k\u00f6z\u00fcl kett\u0151 (<strong>Sergej Milinkovic-Savic<\/strong> meg <strong>Aleksandar Mitrovic<\/strong>) is r\u00e1b\u00f3lintott a sza\u00fadiak h\u00edv\u00f3 szav\u00e1ra, \u00e9s az al-Hilalba igazolt. A szerbek a mieinkhez hasonl\u00f3an j\u00f3 form\u00e1ban vannak, a vil\u00e1gbajnoks\u00e1g \u00f3ta veretlenek, legut\u00f3bbi 30 v\u00e1logatott-tal\u00e1lkoz\u00f3jukb\u00f3l csak \u00f6t\u00f6t vesz\u00edtettek el. Mindk\u00e9t csapat a l\u00e9p\u00e9sel\u0151ny megszerz\u00e9s\u00e9\u00e9rt l\u00e9p p\u00e1ly\u00e1ra, d\u00f6nt\u0151en gyerekekb\u0151l \u00e1ll\u00f3 k\u00f6z\u00f6ns\u00e9g el\u0151tt (eredetileg z\u00e1rt kapus lett volna a selejtez\u0151, v\u00e9g\u00fcl csak feln\u0151tt drukkereket nem engednek be).\r\n<h2>Probl\u00e9m\u00e1s szeptember?<\/h2>\r\nMarco Rossi a kerethirdet\u00e9s ut\u00e1n megjegyezte, hogy a szeptember gyakran probl\u00e9m\u00e1s id\u0151szak. Val\u00f3ban: a klubv\u00e1lt\u00e1sok, csapatkeres\u00e9sek, no meg a s\u00e9r\u00fcl\u00e9sek egyar\u00e1nt megnehez\u00edthetik a sz\u00f6vets\u00e9gi kapit\u00e1ny dolg\u00e1t. Szerencs\u00e9re a v\u00e1logatott toplig\u00e1s kulcsembereinek csapatv\u00e1lt\u00e1sa kor\u00e1n \u00e9s z\u00f6kken\u0151mentesen lezajlott, <strong>Szoboszlai Dominik<\/strong> (Liverpool), <strong>Milos Kerkez<\/strong> (Bournemouth) \u00e9s <strong>Szalai Attila<\/strong> (Hoffenheim) egyb\u0151l stabil j\u00e1t\u00e9klehet\u0151s\u00e9ghez jutott \u00faj egy\u00fcttes\u00e9ben, \u00e9s <strong>Nego Loic<\/strong> (Le Havre) is gy\u0171jt\u00f6geti a j\u00e1t\u00e9kperceket.\r\n\r\n<span class=\"highlight-block\">Gondok els\u0151sorban a k\u00f6z\u00e9pp\u00e1ly\u00e1n vannak. <\/span>\r\n\r\nA bolg\u00e1rok elleni selejtez\u0151n g\u00f3lt szerz\u0151 <strong>V\u00e9csei B\u00e1lint<\/strong> szerz\u0151d\u00e9se lej\u00e1rt a Ferencv\u00e1rosn\u00e1l, az eg\u00e9sz nyarat klub n\u00e9lk\u00fcl t\u00f6lt\u00f6tte, a napokban \u00edrt al\u00e1 <a href=\"https:\/\/rangado.24.hu\/magyar_foci\/2023\/09\/02\/vecsei-balint-atigazolas-japan-vissel-kobe\/\">a jap\u00e1n Vissel Kobe egy\u00fcttes\u00e9hez<\/a>, \u00edgy nincs a keretben. <strong>Sch\u00e4fer Andr\u00e1s<\/strong> (Union Berlin) s\u00e9r\u00fclt, <strong>Nagy \u00c1d\u00e1m<\/strong> (Pisa) a kispadon kezdte az id\u00e9nyt, <strong>Callum Styles<\/strong> (Barnsley) pedig, b\u00e1r folyamatosan j\u00e1tszik, de az angol harmadoszt\u00e1lyban, mivel nem tal\u00e1lt magasabb lig\u00e1s csapatot. <strong>Kalm\u00e1r Zsolt (<\/strong>Feh\u00e9rv\u00e1r) hazaigazolt a DAC-b\u00f3l, \u00e9s egyel\u0151re nem mutat cs\u00facsform\u00e1t a szenved\u0151 Vidiben.\r\n\r\n<strong>Kleinheisler L\u00e1szl\u00f3<\/strong> (Panathinaikosz) b\u0151 30 percn\u00e9l m\u00e9g egyszer sem j\u00e1tszott t\u00f6bbet ebben az id\u00e9nyben, r\u00e1ad\u00e1sul combs\u00e9r\u00fcl\u00e9st szenvedett, ez\u00e9rt be sem ker\u00fclt a keretbe. <strong>Bar\u00e1th P\u00e9ter<\/strong> (FTC) egyetlen meccset j\u00e1tszott v\u00e9gig a mostani szezonban, \u00f6sszesen 243 j\u00e1t\u00e9kperc van a l\u00e1b\u00e1ban, holott a Fradi sorozatban v\u00edvta kupa- \u00e9s bajnoki m\u00e9rk\u0151z\u00e9seit \u2013 Rossi \u0151t sem v\u00e1logatta be.\r\n\r\nA t\u00e1mad\u00f3 k\u00f6z\u00e9pp\u00e1ly\u00e1s <strong>Gazdag D\u00e1niel<\/strong> (Philadelphia Union) <a href=\"https:\/\/rangado.24.hu\/magyar_foci\/2023\/09\/06\/magyar-valogatott-gazdag-daniel-terdserules-nyilatkozat\/\">az utols\u00f3 pillanatban d\u0151lt ki.<\/a> Ezzel szinte mindenkit megeml\u00edtett\u00fcnk a k\u00f6z\u00e9pp\u00e1ly\u00e1s rot\u00e1ci\u00f3ban \u00e1ltal\u00e1ban szerepl\u0151k k\u00f6z\u00fcl. A v\u00e9d\u0151k k\u00f6z\u00fcl <strong>Bolla Bendeg\u00faz<\/strong> (Servette, <a href=\"https:\/\/rangado.24.hu\/magyar_foci\/2023\/08\/29\/bolla-bendeguz-atigazolas-servette-svajci-bajnoksag\/\">klubot v\u00e1ltott<\/a>, j\u00e1t\u00e9khi\u00e1ny), <strong>Botka Endre<\/strong> (FTC, s\u00e9r\u00fclt) \u00e9s <strong>Ferenczi J\u00e1nos<\/strong> (DVSC, s\u00e9r\u00fclt) hi\u00e1nyzik. A m\u00e9rleg m\u00e1sik serpeny\u0151j\u00e9ben <strong>Fiola Attila<\/strong> \u00e9s <strong>Gul\u00e1csi P\u00e9ter<\/strong> visszat\u00e9r\u00e9se van.\r\n\r\n<span class=\"highlight-block-small\">A k\u00f6z\u00e9pp\u00e1lya megritkul\u00e1sa miatt k\u00f6nnyen elk\u00e9pzelhet\u0151, hogy <strong>Szoboszlai Dominik<\/strong> visszavontabb szerepet kap ann\u00e1l, amit a v\u00e1logatottban eddig megszokhattunk.<\/span>\r\n\r\nA Liverpoolban remek\u00fcl kezd\u0151 \u2013 az Aston Villa elleni meccsen <a href=\"https:\/\/rangado.24.hu\/nemzetkozi_foci\/2023\/09\/03\/liverpool-aston-villa-szoboszlai-dominik-elso-gol\/\">els\u0151 Premier League-g\u00f3lj\u00e1t is megszerz\u0151<\/a> \u2013 Szoboszlai <strong>J\u00fcrgen Klopp<\/strong> csapat\u00e1ban a k\u00f6z\u00e9pp\u00e1ly\u00e1stri\u00f3 (a Liverpool 4\u20133\u20133-ban futballozik) bal vagy jobb oldal\u00e1n kapott eddig lehet\u0151s\u00e9get, a nemzeti csapatban viszont el\u0151r\u00e9bb tolva, a center m\u00f6g\u00fcl, bal oldalr\u00f3l indul\u00f3, befel\u00e9 kalandoz\u00f3 t\u00e1mad\u00f3 k\u00f6z\u00e9pp\u00e1ly\u00e1sk\u00e9nt szokott futballozni.\r\n\r\nJ\u00e1tszott m\u00e1r p\u00e1rszor h\u00e1travontabb szerepben a v\u00e1logatottban, \u00e1m Rossi \u00e9rthet\u0151 m\u00f3don \u2013 mint csapata egyik legvesz\u00e9lyesebb kulcsember\u00e9t \u2013 eddig jobban szerette k\u00f6zelebb haszn\u00e1lni az ellenf\u00e9l kapuj\u00e1hoz. Megl\u00e1tjuk, Belgr\u00e1dban szokott hely\u00e9n, vagy egy kicsit v\u00e9dekez\u0151bb szerepk\u00f6rben l\u00e9p-e p\u00e1ly\u00e1ra.\r\n\r\nNem v\u00e9letlen az sem, hogy Rossi \u00fajoncokat h\u00edvott meg: a Kecskem\u00e9t k\u00f6z\u00e9pp\u00e1ly\u00e1j\u00e1nak kulcsembere, <strong>Szuhodovszki Soma<\/strong>, az MTK csapatkapit\u00e1nya \u00e9s v\u00e9dekez\u0151 k\u00f6z\u00e9pp\u00e1ly\u00e1sa, <strong>Kata Mih\u00e1ly<\/strong>, valamint a kecskem\u00e9tiek t\u00e1mad\u00f3ja, <strong>Horv\u00e1th Krisztofer<\/strong> a h\u00e1rom \u00faj j\u00e1t\u00e9kos. K\u00f6nnyen elk\u00e9pzelhet\u0151, hogy mindannyian deb\u00fct\u00e1lnak a szeptemberi m\u00e9rk\u0151z\u00e9seken.\r\n\r\n[caption id=\"attachment_10041\" align=\"alignnone\" width=\"2000\"]<img class=\"size-full wp-image-10041\" src=\"https:\/\/sport24.24.hu\/app\/uploads\/sites\/24\/2023\/09\/d_bus20230415006-masolat.jpg\" alt=\"\" width=\"2000\" height=\"1333\" \/> A v\u00e1logatott egyik \u00fajonca,\u00a0 Horv\u00e1th Krisztofer (balr\u00f3l) \u00e9s kecskem\u00e9ti csapatt\u00e1rsa, T\u00f3th Barna[\/caption]\r\n\r\n\u00c9rdemes megn\u00e9zni, mi\u00e9rt d\u00f6nthetett \u00fagy Rossi, hogy \u00e9ppen ezt a h\u00e1rom \u00fajoncot h\u00edvja meg. A Kecskem\u00e9t \u00e9vek \u00f3ta h\u00e1rom bels\u0151 v\u00e9d\u0151s, a v\u00e1logatott\u00e9hoz hasonl\u00f3 fel\u00e1ll\u00e1sban j\u00e1tszik; Szuhodovszki, Horv\u00e1th \u00e9s a keretben m\u00e1r nem \u00fajonc, de a v\u00e1logatottban p\u00e1ly\u00e1ra m\u00e9g nem l\u00e9p\u0151 <strong>Szalai G\u00e1bor<\/strong> viszonylag k\u00f6nnyen beilleszthet\u0151 a nemzeti csapat taktik\u00e1j\u00e1ba.\r\n\r\nA WyScout teljes\u00edtm\u00e9nyindexe alapj\u00e1n a 2022\/23-as \u00e9vadban Szuhodovszki volt az NB I legjobb bels\u0151 k\u00f6z\u00e9pp\u00e1ly\u00e1sa. A ball\u00e1bas j\u00e1t\u00e9kos szinte v\u00e9gigj\u00e1tszotta a bajnoks\u00e1got, 3 g\u00f3lt \u00e9s 8 g\u00f3lpasszt jegyzett (az ut\u00f3bbi mutat\u00f3ban listavezet\u0151), passzj\u00e1t\u00e9k\u00e1val, pontr\u00fag\u00e1saival, \u00e1tl\u00f6v\u00e9seivel nagyon fontos fogaskereke volt az \u00e9lvonal meglepet\u00e9scsapat\u00e1nak. A 2023\/24-es bajnoks\u00e1g teljes\u00edtm\u00e9nyindexei alapj\u00e1n is az els\u0151 \u00f6tben van a posztj\u00e1n.\r\n<div class=\"payable-content-section\"><\/div>\r\n<span class=\"highlight-block-small\">Kata Mih\u00e1ly 21 \u00e9vesen megkapta az MTK csapatkapit\u00e1nyi karszalagj\u00e1t, ez k\u00e9pess\u00e9geit, elismerts\u00e9g\u00e9t \u00e9s vez\u00e9rszerepre val\u00f3 alkalmass\u00e1g\u00e1t is jelzi. <\/span>\r\n\r\nA WyScout-teljes\u00edtm\u00e9nyindex szerint Kat\u00e1t csak klubt\u00e1rsa, <strong>Bogn\u00e1r Istv\u00e1n<\/strong> \u00e9s az \u00e9vet bombaform\u00e1ban kezd\u0151 \u00fajpesti <strong>Matija Ljujic<\/strong> el\u0151zi meg az NB I bels\u0151 k\u00f6z\u00e9pp\u00e1ly\u00e1sai k\u00f6z\u00f6tt; az el\u0151z\u0151 id\u00e9nyben az NB II legjobb v\u00e9dekez\u0151 k\u00f6z\u00e9pp\u00e1ly\u00e1sa volt. Kata igen \u00e9rdekes figura: r\u00e9szint pontos passzj\u00e1t\u00e9k\u00e1val j\u00e1rul hozz\u00e1 az MTK eredm\u00e9nyess\u00e9g\u00e9hez, r\u00e9szint k\u00f6ny\u00f6rtelen\u00fcl rombol, ha kell.\r\n\r\nA 2022\/23-as id\u00e9nyben 15 (!) s\u00e1rga lapot kapott klub- \u00e9s U-v\u00e1logatott m\u00e9rk\u0151z\u00e9sein, an\u00e9lk\u00fcl, hogy egyszer is ki\u00e1ll\u00edtott\u00e1k volna. A labdaj\u00e1rat\u00e1st \u00e9s a taktikai faultol\u00e1st <strong>Sergio Busquetsn\u00e9l<\/strong> jobban senki sem \u00e9p\u00edtette be a fegyvert\u00e1r\u00e1ba, \u00e9s ha a Barcelona exk\u00f6z\u00e9pp\u00e1ly\u00e1s\u00e1hoz nem is hasonl\u00edthatjuk Kat\u00e1t, egy dologban l\u00e1thatunk p\u00e1rhuzamot: az MTK j\u00e1t\u00e9kosa \u00e9pp\u00fagy elv\u00e9gzi a piszkos munk\u00e1t, mint a k\u00f6z\u00e9pp\u00e1ly\u00e1s j\u00e1t\u00e9k szofisztik\u00e1ltabb, \u00e9p\u00edtkez\u0151 r\u00e9sz\u00e9t.\r\n\r\nHorv\u00e1th Krisztofer az el\u0151z\u0151 id\u00e9nyben Debrecenben nem sokat mutatott, Kecskem\u00e9ten viszont bizalmat kapott \u00e9s mag\u00e1ra tal\u00e1lt. Tr\u00fckk\u00f6s, j\u00f3l cselez, kit\u0171n\u0151 a r\u00fag\u00f3technik\u00e1ja \u2013 t\u00e1volr\u00f3l is sz\u00edvesen, gyakran l\u0151 \u2013, <strong>Sallai Rolandhoz<\/strong> vagy <strong>Csoboth Kevinhez<\/strong> hasonl\u00f3an olyan t\u00e1mad\u00f3, aki k\u00e1oszt tud okozni az ellenf\u00e9l v\u00e9delm\u00e9ben. Az el\u0151z\u0151 NB I-es id\u00e9nyben senki sem v\u00e1llalt t\u00f6bbet n\u00e1la egy az egy elleni p\u00e1rharcokat, vagy pr\u00f3b\u00e1lkozott cselez\u00e9ssel\u2013 90 percre bontva majdnem 9 k\u00eds\u00e9rlete volt, \u00e9s az \u00faj \u00e9vadban is 7,35-\u00f6s \u00e1tlaggal \u00e1ll. Olyan j\u00e1t\u00e9kos, aki cserek\u00e9nt be\u00e1llva nagyon kellemetlen perceket okozhat egy f\u00e1radt v\u00e9delemnek.\r\n<h2>Center? Bombaform\u00e1ban!<\/h2>\r\nSok\u00e1ig a k\u00f6z\u00e9pcsat\u00e1r poszt volt a legnagyobb k\u00e9rd\u0151jel a v\u00e1logatottban. Ez, \u00fagy t\u0171nik, kiegyenesedik. A Paksr\u00f3l az FTC-hez igazolt <strong>Varga Barnab\u00e1s<\/strong> a fer\u00f6eri K\u00cd ellen csapat\u00e1hoz hasonlatosan borzaszt\u00f3an szenvedett, \u00e1m miut\u00e1n <strong>M\u00e1t\u00e9 Csaba<\/strong> \u00e1tvette az ir\u00e1ny\u00edt\u00e1st, m\u00e1r legjobb, g\u00f3lkir\u00e1lyi \u00e9nj\u00e9t mutatta. Elk\u00e9peszt\u0151 form\u00e1ban futballozik: 12 t\u00e9tmeccsen 14 alkalommal tal\u00e1lt a h\u00e1l\u00f3ba, h\u00e1romszor is tripl\u00e1zott, legut\u00f3bbi k\u00e9t bajnokij\u00e1n 6 g\u00f3lt \u00e9rt el. Az NB I legjobb kiszolg\u00e1l\u00f3 g\u00e9pezet\u00e9vel a h\u00e1ta m\u00f6g\u00f6tt csillogtatni tudja befejez\u0151 er\u00e9nyeit.\r\n\r\n[caption id=\"attachment_10039\" align=\"alignnone\" width=\"3507\"]<img class=\"size-full wp-image-10039\" src=\"https:\/\/sport24.24.hu\/app\/uploads\/sites\/24\/2023\/09\/central-0761585429-1.jpg\" alt=\"\" width=\"3507\" height=\"2333\" \/> Varga Barnab\u00e1s[\/caption]\r\n\r\nVarga form\u00e1ja sokkal jobb, mint a posztriv\u00e1lis \u2013 D\u00e9l-Kore\u00e1ban gyakran csak cserek\u00e9nt bevetett, \u00e9s ebben az id\u00e9nyben nem is k\u00fcl\u00f6n\u00f6sebben eredm\u00e9nyes \u2013 <strong>\u00c1d\u00e1m Martin\u00e9,<\/strong> mozg\u00e9konyabb is koll\u00e9g\u00e1j\u00e1n\u00e1l, szinte biztos, hogy kulcsszerepet kap a szeptemberi meccseken. A nagy k\u00e9rd\u00e9s vele kapcsolatban, hogy v\u00e1ltoztat-e helyzet\u00e9n a Fradi edz\u0151v\u00e1lt\u00e1sa. A csapatot szeptember 4-ig megb\u00edzott edz\u0151k\u00e9nt vezet\u0151 M\u00e1t\u00e9 Csaba felszabad\u00edtotta az egy\u00fcttest, amely ontotta a g\u00f3lokat, \u00e9s\r\n\r\n<span class=\"highlight-block\">a lehengerl\u0151 t\u00e1mad\u00f3j\u00e1t\u00e9knak Varga volt az egyik legf\u0151bb haszon\u00e9lvez\u0151je.<\/span>\r\n\r\nA h\u00e9ten a Ferencv\u00e1ros vezet\u0151edz\u0151j\u00e9nek <a href=\"https:\/\/rangado.24.hu\/magyar_foci\/2023\/09\/06\/dejan-stankovic-ferencvaros-nyilatkozat-nem-adom-fel\/\">kinevezett<\/a> <strong>Dejan Stankovic<\/strong> a Crvena zvezd\u00e1n\u00e1l maga is el\u00e9g brut\u00e1lis t\u00e1mad\u00f3g\u00e9pezetet rakott \u00f6ssze, a f\u00f6rtelmesen rossz anyagi \u00e9s szakmai helyzetben lev\u0151 Sampdori\u00e1val viszont k\u00e9ptelen volt mit kezdeni a Serie A-ban. Egyel\u0151re nem tudjuk, mik az elk\u00e9pzel\u00e9sei a Fradival, \u00edgy azt sem, kire sz\u00e1m\u00edt els\u0151 sz\u00e1m\u00fa csat\u00e1rk\u00e9nt: Varg\u00e1ra, vagy a s\u00e9r\u00fcl\u00e9s\u00e9b\u0151l fel\u00e9p\u00fclt szerb centerre, <strong>Aleksandar Pesicre<\/strong> (eddigi csapatait t\u00f6bbnyire egy cs\u00facs\u00e9kkel j\u00e1tszatta).\r\n\r\nPesicet Stankovic hozta vissza a Crvena zvezd\u00e1hoz tavaly, \u00e9s rendszeresen j\u00e1tszatta is, rot\u00e1lva \u0151t <strong>Milan Pavkovval<\/strong>. Pesic a Ferencv\u00e1rosba szerz\u0151d\u00e9se ut\u00e1n egyb\u0151l megs\u00e9r\u00fclt, de a Zalgiris elleni idegenbeli, valamint a Paks elleni hazai m\u00e9rk\u0151z\u00e9sen m\u00e1r cserek\u00e9nt p\u00e1ly\u00e1ra tudott l\u00e9pni. Jelen pillanatban egy\u00e9rtelm\u0171en h\u00e1tr\u00e1nyban van a bombaform\u00e1ban j\u00e1tsz\u00f3 Varg\u00e1hoz k\u00e9pest, de az \u0151sz tov\u00e1bbi m\u00e9rk\u0151z\u00e9sein elk\u00e9pzelhet\u0151 a gyakoribb rot\u00e1ci\u00f3, k\u00fcl\u00f6n\u00f6sen, mert a Fradi EKL-csoportm\u00e9rk\u0151z\u00e9seket j\u00e1tszik.\r\n\r\nMindenesetre a v\u00e1logatott szempontj\u00e1b\u00f3l most ide\u00e1lis Varga j\u00e1t\u00e9kmennyis\u00e9ge \u00e9s form\u00e1ja \u2013 elk\u00e9pzelhet\u0151, hogy Rossi megtal\u00e1lta a megold\u00e1st <strong>Szalai \u00c1d\u00e1m<\/strong> ut\u00f3dl\u00e1s\u00e1ra. Ha Varga Barnab\u00e1s a szerbek \u00e9s a csehek elleni meccsekre \u00e1tmenti a klubid\u00e9nyben mutatott j\u00e1t\u00e9k\u00e1t, akkor megold\u00f3dhat az egyik, sok\u00e1ig nyitott k\u00e9rd\u00e9s a nemzeti csapatn\u00e1l. Ez pedig legal\u00e1bb olyan fontos lenne, mint a pontszerz\u00e9s Belgr\u00e1dban.\r\n\r\n[prefabricated_shortcode in_app=\"0\" code=\"%3Cdiv%20class%3D%22article_box_border%22%20style%3D%22background%3A%20url%28%27https%3A%2F%2F24.p3k.hu%2Fapp%2Fuploads%2Fsites%2F24%2F2021%2F05%2Fsport24-pattern.png%27%29%20no-repeat%20left%20-16px%20%23f3f3f4%3B%20border%3A%20none%3B%22%3E%0D%0A%3Cdiv%20class%3D%22article_solidheader%22%3E%0D%0A%3Ch2%20style%3D%22color%3A%20%23111115%21important%3B%20font-size%3A%2036px%3B%20font-weight%3A%20bold%3B%20margin-bottom%3A%2030px%3B%20margin-top%3A%2020px%3B%20text-align%3A%20center%3B%20line-height%3A%2036px%3B%22%3E%3Cimg%20class%3D%22aligncenter%20size-full%20wp-image-141%22%20src%3D%22https%3A%2F%2F24.p3k.hu%2Fapp%2Fuploads%2Fsites%2F24%2F2021%2F05%2Fs24-logo-dt.png%22%20alt%3D%22%22%20width%3D%22408%22%20height%3D%2290%22%20%2F%3E%3C%2Fh2%3E%0D%0A%3Ch2%20style%3D%22color%3A%20%23111115%21important%3B%20font-size%3A%2036px%3B%20font-weight%3A%20bold%3B%20margin-bottom%3A%2030px%3B%20margin-top%3A%2020px%3B%20text-align%3A%20center%3B%20line-height%3A%2040px%3B%22%3ECsatlakozz%20a%20Sport24%20k%C3%B6z%C3%B6ss%C3%A9ghez%2C%20mondd%20el%20v%C3%A9lem%C3%A9nyedet%20z%C3%A1rt%20Facebook-csoportunkban%2C%20%C3%A9s%20vegy%C3%A9l%20r%C3%A9szt%20csak%20el%C5%91fizet%C5%91knek%20el%C3%A9rhet%C5%91%20exkluz%C3%ADv%20esem%C3%A9nyeinken.%3C%2Fh2%3E%0D%0A%3C%2Fdiv%3E%0D%0A%3Cp%20style%3D%22background%3A%20%2357A600%3B%20margin-top%3A%2020px%3B%20padding%3A%2020px%3B%20text-align%3A%20center%3B%22%3E%3Ca%20style%3D%22color%3A%20%23ffffff%3B%20font-size%3A%2026px%3B%20font-weight%3A%20600%3B%22%20href%3D%22https%3A%2F%2Fwww.facebook.com%2Fgroups%2F212344460412327%22%3ECSATLAKOZOM%3C%2Fa%3E%3C%2Fp%3E%0D%0A%0D%0A%3C%2Fdiv%3E\"]","type":"rich","thumbnail_url":"https:\/\/s.24.hu\/app\/uploads\/sites\/24\/2023\/09\/debre20230906017-masolat-150x150.jpg","thumbnail_width":150,"thumbnail_height":150}