{"version":"1.0","provider_name":"Sport24","provider_url":"https:\/\/sport24.24.hu","author_name":"Fut\u00f3 Csaba","author_url":"https:\/\/sport24.24.hu\/author\/futocs\/","title":"Neymar \u00e9s a rep\u00fcl\u0151sz\u0151nyeg","html":"De hova kell helyezn\u00fcnk egy j\u00e1t\u00e9kost, aki a brazil nemzeti csapat t\u00f6rt\u00e9net\u00e9nek legjobb g\u00f3lszerz\u0151jek\u00e9nt vonul majd vissza, \u00e9s akivel kapcsolatban a brazil sajt\u00f3 azt firtatja, vajon \u0151 volt-e a legjobb brazil l\u00e9gi\u00f3s Eur\u00f3p\u00e1ban? Ut\u00f3bbi k\u00e9rd\u00e9sre a ma nagyon divatos statisztikai alap\u00fa megk\u00f6zel\u00edt\u00e9ssel neh\u00e9z lenne nemmel v\u00e1laszolni. <strong>Neymar<\/strong> ugyanis 13-mal l\u0151tt t\u00f6bb g\u00f3lt, \u00e9s ugyancsak 13-mal adott t\u00f6bb g\u00f3lpasszt a Bajnokok Lig\u00e1j\u00e1ban, mint b\u00e1rmely m\u00e1s brazil labdar\u00fag\u00f3. El\u0151bbi list\u00e1n az aranylabd\u00e1s <strong>Kak\u00e1<\/strong>, ut\u00f3bbin <strong>Dani Alves<\/strong> k\u00f6veti, akikkel kapcsolatban nem szokott felmer\u00fclni a k\u00e9rd\u00e9s, hogy kifutott\u00e1k-e, ami benn\u00fck volt.\r\n\r\nA fanyalg\u00e1st indokolhatja Neymar k\u00fcl\u00f6nlegess\u00e9ge: technikai k\u00e9pess\u00e9geit, a labd\u00e1val val\u00f3 kapcsolat\u00e1t illet\u0151en b\u00e1rkivel felveheti a versenyt, vagyis vehetn\u00e9, vagyis vehette volna (?). Ehhez k\u00e9pest m\u00e9rve nem nyerte el az Aranylabd\u00e1t, \u00e9s csapataival sem m\u00e1szta meg a legnagyobb cs\u00facsok mindegyik\u00e9t, \u00e9s amelyekre feljutott, azokra sem annyiszor, ah\u00e1nyszor sokan k\u00e9pzelt\u00e9k volna. Viszont 358 eur\u00f3pai klubmeccsen 374 g\u00f3lt l\u0151tt \u00e9s g\u00f3lpasszt adott, megnyerte a Bajnokok Lig\u00e1j\u00e1t, BL-g\u00f3lkir\u00e1lly\u00e1 is koron\u00e1zt\u00e1k, r\u00e1ad\u00e1sul a k\u00e9t ikonnal, <strong>Messivel<\/strong> \u00e9s <strong>Ronald\u00f3val<\/strong> holtversenyben.\r\n\r\n[caption id=\"attachment_9915\" align=\"alignnone\" width=\"3924\"]<img class=\"size-full wp-image-9915\" src=\"https:\/\/sport24.24.hu\/app\/uploads\/sites\/24\/2023\/08\/000_339a7kq.jpg\" alt=\"\" width=\"3924\" height=\"2809\" \/> A Paris Saint-Germain portug\u00e1l k\u00f6z\u00e9pp\u00e1ly\u00e1sa, Danilo Pereira, a Paris Saint-Germain brazil volt t\u00e1mad\u00f3ja, Neymar \u00e9s a Paris Saint-Germain argentin t\u00e1mad\u00f3ja, Lionel Messi 2023. febru\u00e1r 14-\u00e9n.[\/caption]\r\n\r\n<span class=\"highlight-block-small\">M\u00e9gis mindenki el\u00e9gedetlen.<\/span>\r\n\r\nHa ennek ok\u00e1t keress\u00fck, lehet, hogy nem a szigor\u00faan vett sportteljes\u00edtm\u00e9nyben, hanem sokkal ink\u00e1bb az \u00e9vek alatt a nev\u00e9re egyre vastagabb r\u00e9tegben r\u00e1rak\u00f3d\u00f3 im\u00e1zskoszr\u00e9tegben kell r\u00e9g\u00e9szkedn\u00fcnk. Neymar p\u00e9nz\u00e9hes, Neymar dob\u00e1lja mag\u00e1t, Neymar bulizik, Neymar s\u00e9r\u00fcl\u00e9keny. Ezek a megjegyz\u00e9sek hangzan\u00e1nak el leggyakrabban a \u201ezseni\u00e1lis\u201d jelz\u0151 mellett, ha a brazil t\u00e1mad\u00f3 jellemz\u00e9s\u00e9re k\u00e9rn\u00e9nk a futballrajong\u00f3kat.\r\n\r\nHogy melyik karakterc\u00edmke mikor ker\u00fclt r\u00e1 a brazil j\u00e1t\u00e9kosra, azt viszonylag pontosan be lehet hat\u00e1rolni. Am\u00edg a Barcelona futballist\u00e1ja volt, ilyen billogokat nem \u00e9gettek bele. 2017 nyar\u00e1n, amikor a PSG kifizette a Barcelon\u00e1nak a m\u00e1ig rekordnak sz\u00e1m\u00edt\u00f3 222 milli\u00f3 eur\u00f3s v\u00e9tel\u00e1rat, a kiv\u00e1s\u00e1rl\u00e1si \u00e1r\u00e1t, \u0151 pedig al\u00e1\u00edrta a Franciaorsz\u00e1gba k\u00f6lt\u00f6z\u00e9s\u00e9t jelent\u0151 kontraktust, minden megv\u00e1ltozott. Elhagyta a futballvil\u00e1g aktu\u00e1lisan legn\u00e9pszer\u0171bb csapat\u00e1t, az addigin\u00e1l l\u00e9nyegesen magasabb fizet\u00e9s\u00e9rt egy kev\u00e9sb\u00e9 j\u00f3 bajnoks\u00e1gba szerz\u0151d\u00f6tt, ami \u00edgy egyben a vil\u00e1g szem\u00e9ben p\u00e9nz\u00e9hess\u00e9ge t\u00f6k\u00e9letes bizony\u00edt\u00e9ka. T\u00f6bbet keresni mindenki szeret, m\u00e9g akkor is, ha \u00fagysem tudja m\u00e1r megsz\u00e1molni sem. De Neymar nem emiatt k\u00f6lt\u00f6z\u00f6tt.\r\n<div class=\"payable-content-section\"><\/div>\r\nSzeretett volna olyan csapatban j\u00e1tszani, amely es\u00e9lyes a Bajnokok Lig\u00e1ja megnyer\u00e9s\u00e9re, \u00e9s amely els\u0151sz\u00e1m\u00fa futballist\u00e1j\u00e1nak tekinti. A 2014\u201315-\u00f6s szezon ut\u00e1n sz\u00e9p lassan vil\u00e1goss\u00e1 v\u00e1lhatott sz\u00e1m\u00e1ra, hogy Katal\u00f3ni\u00e1ban az \u0151slakosnak sz\u00e1m\u00edt\u00f3 Messi mellett nem r\u00faghat labd\u00e1ba, ez nem illene a klub marketing koncepci\u00f3j\u00e1ba \u00e9s \u00f6nk\u00e9p\u00e9be sem. Abban a szezonban \u0151 volt a Barcelona legfontosabb j\u00e1t\u00e9kosa a legfontosabb meccseken. A BL-negyedd\u00f6nt\u0151 \u00e9s el\u0151d\u00f6nt\u0151 4 meccs\u00e9n 6 g\u00f3lt r\u00fagott, majd arra r\u00e1tett m\u00e9g egyet a d\u00f6nt\u0151ben is.\r\n\r\nA Bayernt 5-3-as \u00f6sszes\u00edt\u00e9ssel b\u00facs\u00faztatta a Barca, \u00e9s Neymar 3 g\u00f3lt v\u00e1llalt. Ez az eset az\u00e9rt kiemelend\u0151, mert k\u00e9t \u00e9vvel kor\u00e1bban n\u00e9lk\u00fcle 7-0-s, t\u00e1voz\u00e1sa ut\u00e1n k\u00e9t \u00e9vvel pedig 8-2-es veres\u00e9ggel b\u00facs\u00fazott a bajorokkal szemben. Akkor a Barcelona mindm\u00e1ig utols\u00f3 BL-tr\u00f3fe\u00e1j\u00e1t nyerte, amib\u0151l hatalmas r\u00e9szt v\u00e1llalt, de egy, a neten manaps\u00e1g is fellelhet\u0151 felv\u00e9telen j\u00f3l l\u00e1tszik, hogy egy\u00e1ltal\u00e1n nem kapott tiszteletet, az \u00fcnnepl\u00e9s sor\u00e1n <strong>Xavi<\/strong> k\u00e9t k\u00e9zzel l\u00f6kd\u00f6ste el, amikor szeretett volna mell\u00e9 felkapaszkodni a gurul\u00f3 emelv\u00e9nyre.\r\n\r\nA BL-d\u00f6nt\u0151 csak p\u00e1r nappal k\u00f6vette a Copa del Rey fin\u00e1l\u00e9j\u00e1t. A sorozat g\u00f3lkir\u00e1lya Neymar lett, aki a fin\u00e1l\u00e9ban is betal\u00e1lt, majd a meccs hajr\u00e1j\u00e1ban egy sziv\u00e1rv\u00e1nycsellel sz\u00f3rakoztatta a k\u00f6z\u00f6ns\u00e9get, amely ut\u00e1n az Athletic Bilbao j\u00e1t\u00e9kosai test\u00fcletileg h\u00e1borodtak fel \u00e9s estek neki. A tal\u00e1lkoz\u00f3t k\u00f6vet\u0151 nyilatkozatokban azt\u00e1n a csapat edz\u0151je, <strong>Luis Enrique<\/strong> \u00e9s a csapat kapit\u00e1nya, Xavi sem a klubt\u00e1rsuk mellett \u00e1lltak ki, hanem a tr\u00fckk\u00f6t idegileg nehezen visel\u0151, agressz\u00edv ellenf\u00e9l mellett, mondv\u00e1n Neymarnak meg kell tanulnia viselkedni. Ha ezekb\u0151l a szezonv\u00e9gi jelz\u00e9sekb\u0151l Neymar nem \u00e9rtett volna, a k\u00f6vetkez\u0151 szezonokban megmutatt\u00e1k neki, hogy hol a helye, sokkal t\u00f6bb v\u00e9dekez\u0151 feladatot kapott, mint Messi \u00e9s Su\u00e1rez, \u00e9s kevesebbszer ker\u00fclt a kapu k\u00f6zel\u00e9be, mint el\u0151tte, statisztikai mutat\u00f3i romlottak.\r\n\r\n<span class=\"highlight-block-small\">A d\u00f6nt\u00e9s\u00e9hez a legnagyobb l\u00f6k\u00e9st viszont k\u00f6nnyen lehet, hogy a BL t\u00f6rt\u00e9net\u00e9nek legnagyobb ford\u00edt\u00e1s\u00e1t hoz\u00f3 meccs adta.<\/span>\r\n\r\nA Barcelona a PSG ellen 4 g\u00f3llal elvesztett els\u0151 tal\u00e1lkoz\u00f3 ut\u00e1n 6-1-re nyert, amiben Neymar a meccs utols\u00f3 7 perc\u00e9ben 2 g\u00f3lt l\u0151ve \u00e9s egy g\u00f3lpasszt adva hatalmas \u00e9rdemeket szerzett. A m\u00e1snapi katal\u00e1n lapok c\u00edmoldal\u00e1n viszont a meccs hajr\u00e1j\u00e1ban megb\u00faj\u00f3 Messi fesz\u00edtett. Tal\u00e1n fura, de ut\u00f3lag kijelenthet\u0151, hogy Neymar klubv\u00e1lt\u00e1sakor a PSG nem l\u0151tt f\u00f6l\u00e9 a v\u00e9tel\u00e1rral, hiszen a Barcelona az akkori viszonyok k\u00f6z\u00f6tt m\u00e9g gigantikusabbnak l\u00e1tsz\u00f3, 222 milli\u00f3s bev\u00e9telb\u0151l sem tudott olyan csapatot \u00e9p\u00edteni, amely az\u00f3ta egyszer is bejutott volna a BL d\u00f6nt\u0151j\u00e9be, \u00e9s megk\u00f6zel\u00edtette volna j\u00e1t\u00e9kban a brazil tehets\u00e9ggel fel\u00e1ll\u00f3t, a PSG viszont a ritka alkalmak egyik\u00e9n, amikor Neymarra sz\u00e1m\u00edthatott a BL-sorozat hajr\u00e1j\u00e1ban, fin\u00e1l\u00e9t j\u00e1tszott.\r\n\r\nNeymar fetreng. Mindenki pontosan tudja, hogy a labdar\u00fag\u00f3drukkerek sz\u00e1m\u00e1ra a 2018-as vb alatt v\u00e1lt alapvet\u00e9ss\u00e9 ez a t\u00e9telmondat. A brazil v\u00e1logatott els\u0151 tal\u00e1lkoz\u00f3j\u00e1n, Sv\u00e1jc ellen a l\u00e1bt\u00f6r\u00e9sb\u0151l nemr\u00e9g fel\u00e9p\u00fclt labdar\u00fag\u00f3val szemben t\u00edz szab\u00e1lytalans\u00e1got k\u00f6vettek el, t\u00f6bbet mint a vb-k t\u00f6rt\u00e9net\u00e9ben b\u00e1rki ellen egyetlen tal\u00e1lkoz\u00f3n valaha. A legkegyetlenebb, <strong>Behrami<\/strong> beker\u00fclt a FIFA-n\u00e1l a fordul\u00f3 csapat\u00e1ba, Neymarb\u00f3l pedig m\u00e9m lett, ahogy t\u00falreag\u00e1lva egy al\u00e1r\u00fag\u00e1st \u00e1tp\u00f6r\u00f6g nemcsak a stadion fut\u00f3p\u00e1ly\u00e1j\u00e1n, hanem a F\u00f6ld nev\u0171 bolyg\u00f3 legismertebb helyein \u00e9s m\u00e9g azon is t\u00fal.\r\n\r\nA FIFA eln\u00f6ke, <strong>Gianni Infantino<\/strong> m\u00e9g sajt\u00f3t\u00e1j\u00e9koztat\u00f3n sem \u00e9rezte er\u0151snek \u00e1ll\u00e1st foglalni Neymar viselked\u00e9s\u00e9vel szemben. A sorsa eld\u0151lt, \u00e9s ezt nyilv\u00e1nval\u00f3an nem \u00e9rezhette jogosnak azok ut\u00e1n, hogy n\u00e9gy \u00e9vvel kor\u00e1bban sem a k\u00f6z\u00f6ss\u00e9gi m\u00e9dia, sem a FIFA nem tartotta \u00e9rdemesnek el\u00edt\u00e9lni a neki a negyedd\u00f6nt\u0151ben csigolyat\u00f6r\u00e9st okoz\u00f3 kolumbiai <strong>Zunig\u00e1t<\/strong>. Neymar val\u00f3ban fetreng, de mennyire igazs\u00e1gos \u0151t kip\u00e9c\u00e9zni egy sport\u00e1gban, ahol a bedob\u00e1sok jog\u00e1\u00e9rt is k\u00f6zeli lass\u00edt\u00e1sokon dokument\u00e1lt m\u00f3don hazudja le szinte mindenki a csillagokat is az \u00e9gr\u0151l?\r\n\r\n<img class=\"size-full wp-image-9914\" src=\"https:\/\/sport24.24.hu\/app\/uploads\/sites\/24\/2023\/08\/068_aa_19022023_1073314.jpg\" alt=\"\" width=\"4016\" height=\"2810\" \/>\r\n\r\nNeymar bulizik. A brazil klasszis ezt egy pillanatig sem titkolta. 2016-ban, amikor a brazil v\u00e1logatott kiesett a Copa Americ\u00e1n, Neymar \u00e9ppen egy sz\u00f3rakoz\u00f3helyen m\u00falatta az id\u0151t, amit a sajt\u00f3 felkapott, \u00e9s azt\u00e1n a t\u00e1j\u00e9koztat\u00f3kon fel is r\u00f3tt a klasszisnak.\r\n<blockquote>Nem vagyok t\u00f6k\u00e9letes. 24 \u00e9ves vagyok, szeretek elj\u00e1rk\u00e1lni, sz\u00f3rakozni a bar\u00e1taimmal, a csal\u00e1dommal. Mi\u00e9rt ne mehetn\u00e9k el bulizni? Elmehetek, \u00e9s el is fogok<\/blockquote>\r\n\u2013 v\u00e1laszolta egy k\u00e9rd\u00e9sre Neymar, aki a Copa Americ\u00e1n a Barcelona tilt\u00e1sa miatt (v\u00e1lasztania kellett, hogy azon a ny\u00e1ron, hogy Copa vagy olimpia) nem vehetett r\u00e9szt. Ehhez az\u00f3ta is tartja mag\u00e1t, szereti a t\u00e1rsas\u00e1gi \u00e9letet. Hogy ezt mennyire engedheti meg mag\u00e1nak egy sportol\u00f3, az joggal feltehet\u0151 k\u00e9rd\u00e9s.\r\n\r\nNeymar s\u00e9r\u00fcl\u00e9keny. A Transfermarkt adatb\u00e1zisa alapj\u00e1n Eur\u00f3p\u00e1ba k\u00f6lt\u00f6z\u00e9se \u00f3ta 173 m\u00e9rk\u0151z\u00e9st hagyott ki eg\u00e9szs\u00e9g\u00fcgyi \u00e9s regener\u00e1ci\u00f3s probl\u00e9m\u00e1k miatt. A Sza\u00fad-Ar\u00e1bi\u00e1ba \u00e9rkez\u00e9se ut\u00e1ni els\u0151 jelent\u0151s h\u00edr is ezzel volt kapcsolatos: <strong>Jorge Jesus<\/strong>, az \u0151t szerz\u0151dtet\u0151 al-Hilal edz\u0151je sajt\u00f3t\u00e1j\u00e9koztat\u00f3n \u00e9rtetlenkedett, hogyan lehet Neymar a brazil nemzeti csapat keret\u00e9ben, mik\u00f6zben nem is eg\u00e9szs\u00e9ges.\r\n\r\nEz azonban Neymar karrierje szempontj\u00e1b\u00f3l igencsak j\u00f3 h\u00edr. B\u0151 \u00e9vvel ezel\u0151tt m\u00e9g arr\u00f3l besz\u00e9lt, hogy a 2022-es az utols\u00f3 vb-je, mert nem \u00e9rez motiv\u00e1ci\u00f3t, nem jelent sz\u00e1m\u00e1ra a futball olyan \u00f6r\u00f6m\u00f6t, hogy kitartson. Most m\u00e1r viszont ott akar lenni a brazil nemzeti csapatban, mert m\u00e9giscsak a k\u00f6vetkez\u0151 vil\u00e1gbajnoks\u00e1gig tervez.\r\n\r\n<span class=\"highlight-block-small\">De az arab vil\u00e1gb\u00f3l hogyan? Lehet, hogy sokkal k\u00f6nnyebben, mint Eur\u00f3p\u00e1b\u00f3l?<\/span>\r\n\r\nAz egyre emelked\u0151, \u00e1m nyilv\u00e1n m\u00e9g mindig alacsonyabb sz\u00ednvonal\u00fa sza\u00fadi bajnoks\u00e1g ak\u00e1r szanat\u00f3riumk\u00e9nt is szolg\u00e1lhat Neymar sz\u00e1m\u00e1ra. A kisebb nyom\u00e1s mellett \u2013 nagy val\u00f3sz\u00edn\u0171s\u00e9ggel \u2013 kevesebb testi agresszi\u00f3val \u00e9s nagyobb j\u00e1t\u00e9kvezet\u0151i v\u00e9delemmel tal\u00e1lkozik majd, ami seg\u00edthet \u00fajra\u00e9p\u00edteni mag\u00e1t testi-lelki \u00e9rtelemben is, \u00e9s az sem kiz\u00e1rt, hogy a j\u00e1t\u00e9k ir\u00e1nti szenved\u00e9lye \u00fajra ellen\u00e1llhatatlanul t\u00f6r majd felsz\u00ednre, miut\u00e1n itt aligha kap majd s\u00e1rga lapot egy \u201emegal\u00e1z\u00f3\u201d csel\u00e9rt, \u00e9s nehezen k\u00e9pzelhet\u0151 el, hogy csapatt\u00e1rsai ne az \u0151 p\u00e1rtj\u00e1t fogj\u00e1k, ha az ellenf\u00e9lnek ez nem tetszik. Sza\u00fad-Ar\u00e1bia meghosszabb\u00edthatja Neymar karrierj\u00e9t, \u00e9s ha terve siker\u00fcl, \u00e9s egy-k\u00e9t \u00e9ven bel\u00fcl visszat\u00e9r Eur\u00f3p\u00e1ba, ak\u00e1r p\u00e1ly\u00e1ja legjobb vb-j\u00e9t is futhatja 2026-ban.\r\n\r\nMindezzel egy\u00fctt is aligha gondolhatja b\u00e1rki, hogy Neymar els\u0151 sz\u00e1m\u00fa karrierc\u00e9lja az \u00e1zsiai futballkult\u00fara felvir\u00e1goztat\u00e1sa volt. Azt persze \u2013 aki akarja \u2013 igen, hogy Neymaron megint \u00farr\u00e1 lett a gy\u00f6tr\u0151 p\u00e9nzs\u00f3v\u00e1rs\u00e1g, \u00e9s a mes\u00e9s keleti aj\u00e1nlatot v\u00e1lasztotta. Az biztos, hogy olyan helyzetbe ker\u00fclt, amelyb\u0151l nem sok m\u00e1sik ki\u00fat ny\u00edlt. R\u00e9gi ismer\u0151sei k\u00f6z\u00fcl Luis Enrique ker\u00fclt a PSG padj\u00e1ra; <strong>Mbapp\u00e9<\/strong>, aki tavaly ny\u00e1ron k\u00f6t\u00f6tt kiskir\u00e1lyi szerz\u0151d\u00e9se alapj\u00e1n m\u00e1r eleve a csapaton k\u00edv\u00fcl szerette volna tudni Neymart, ism\u00e9t zsarol\u00f3i poz\u00edci\u00f3b\u00f3l szabhatott felt\u00e9teleket a klubn\u00e1l, \u00e9s nem akart vele egy\u00fctt j\u00e1tszani; az \u00e1ltala prefer\u00e1lt Barcelona vezet\u0151edz\u0151je, Xavi finoman sz\u00f3lva sem rajongott a k\u00f6z\u00f6s munka gondolat\u00e1\u00e9rt, \u00e9s a katal\u00e1n klub anyagilag sincs abban a helyzetben, hogy fizessen \u00e9rte. Az al-Hilal jelentkezett olyan aj\u00e1nlattal, amely elfogadhat\u00f3 \u00f6sszeget k\u00edn\u00e1lt a PSG-nek, Neymarnak pedig szabadulnia kellett.\r\n\r\nHa az eur\u00f3pai BL-indul\u00e1ssal kapcsolatos sza\u00fadi tervek val\u00f3ra v\u00e1lnak, Neymar ak\u00e1r m\u00e9g a klubh\u00e9tk\u00f6znapjainkba is visszadughatja a l\u00e1b\u00e1t. Abban pedig biztosak lehet\u00fcnk, hogy a cseleir\u0151l k\u00e9sz\u00fclt vide\u00f3k m\u00e9g sz\u00f3rakoztatnak majd minket. Az igazi k\u00e9rd\u00e9s m\u00e9gis az:\r\n\r\n<span class=\"highlight-block-small\">\u00fajra lehet-e \u00e9p\u00edteni egy p\u00e1lyafut\u00e1st \u00e1zsiai kit\u00e9r\u0151vel, vagy ez m\u00e1r t\u00f6rv\u00e9nyszer\u0171en a meredek cs\u00faszda k\u00f6zepe?<\/span>","type":"rich","thumbnail_url":"https:\/\/s.24.hu\/app\/uploads\/sites\/24\/2023\/08\/000_33ra766-150x150.jpg","thumbnail_width":150,"thumbnail_height":150}