{"version":"1.0","provider_name":"Sport24","provider_url":"https:\/\/sport24.24.hu","author_name":"Bruckner G\u00e1bor","author_url":"https:\/\/sport24.24.hu\/author\/brucknerg\/","title":"Megvan a negyedik! \u2013 \u00edgy gy\u0151zte le a City a Sevill\u00e1t","html":"A g\u00f6r\u00f6gorsz\u00e1gi Pireuszban csapott \u00f6ssze a legut\u00f3bbi, t\u00f6rt\u00e9nelmi szezonban BL-gy\u0151ztes, tripl\u00e1z\u00f3, helyenk\u00e9nt szinte \u0171rfocit j\u00e1tsz\u00f3 Manchester City \u00e9s a m\u00e1r-m\u00e1r \u00f6r\u00f6k\u00f6s EL-gy\u0151ztes Sevilla.\r\n\r\nAmi a spanyolokat illeti: <strong>Jos\u00e9 Luis Mendilibar<\/strong> l\u00e9nyeg\u00e9ben folytathatja azt az \u00e9p\u00edtkez\u00e9st, ami tavasszal m\u00e1r elindult a piros-feh\u00e9rekn\u00e9l. B\u00e1r voltak t\u00e1voz\u00f3k \u00e9s \u00e9rkez\u0151k is \u2013 p\u00e9ld\u00e1ul <strong>Alex Telles<\/strong> k\u00f6lcs\u00f6nb\u0151l ment vissza a Unitedbe, m\u00edg <strong>Loic Bad\u00e9<\/strong> vagy <strong>Djibril Sow<\/strong> j\u00e1t\u00e9kjog\u00e1t is siker\u00fclt megszerezni \u2013, a baszk edz\u0151 \u00f6sszess\u00e9g\u00e9ben a csapat megszokott magj\u00e1val folytathatja az \u00e1ltala k\u00e9pviselt, reakt\u00edvabb futballt.\r\n\r\n<span class=\"highlight-block-small\">A sevillaiak rem\u00e9nykedhetnek, hogy ez\u00fattal a bajnoks\u00e1gban nem csak a tizenkettedik helyet siker\u00fcl megszerezni, <\/span>\r\n\r\nmik\u00f6zben \u2013 h\u00e1la az EL-gy\u0151zelemnek \u2013 ism\u00e9t az els\u0151 sz\u00e1m\u00fa klubsorozatban indulhatnak. A kezd\u0151csapatban <strong>Bounou<\/strong> kapus el\u0151tt a veter\u00e1n <strong>Jesus Navas<\/strong> \u00e9s az \u00faj igazol\u00e1s <strong>Bad\u00e9<\/strong> mellett <strong>Gudelj<\/strong> \u00e9s <strong>Acuna<\/strong> kapott helyet a v\u00e9delemben. A k\u00f6z\u00e9pp\u00e1ly\u00e1n<strong> Joan Jord\u00e1n<\/strong> lett <strong>Rakitic<\/strong> t\u00e1rsa, el\u00f6l pedig <strong>Ocampos<\/strong>, <strong>\u00d3liver Torres<\/strong> \u00e9s <strong>Lamela<\/strong> t\u00e1mogatta a marokk\u00f3i <strong>En-Nesyri<\/strong> el\u0151retolt j\u00e1t\u00e9k\u00e1t.\r\n\r\n<strong>Pep Guardiola<\/strong> City-edz\u0151 sz\u00e1m\u00e1ra most a legfontosabb k\u00e9rd\u00e9s az, hogyan tudna m\u00e9g tov\u00e1bb jav\u00edtani a cs\u00facsszezon ut\u00e1n. Kih\u00edv\u00e1s egyel\u0151re mag\u00e1t\u00f3l is akad: r\u00e9szint <strong>Ilkay G\u00fcndogan<\/strong>, a tripl\u00e1z\u00f3 csapat egyik legfontosabb embere Barcelon\u00e1ba igazolt, r\u00e9szint a belga vil\u00e1gklasszis <strong>Kevin De Bruyne<\/strong> a p\u00e9nteki, Burnley elleni id\u00e9nynyit\u00f3n megs\u00e9r\u00fclt, s az els\u0151 h\u00edrek szerint t\u00f6bb h\u00f3napos kihagy\u00e1s v\u00e1r r\u00e1, m\u00edg <strong>Bernardo Silva<\/strong> betegs\u00e9g miatt nem lehetett ott a p\u00e1ly\u00e1n szerda este. A kezd\u0151ben \u00edgy mindk\u00e9t \u00faj igazol\u00e1s helyet kapott: a v\u00e9delemben <strong>Walker, Ak\u00e9<\/strong> \u00e9s <strong>Akanji<\/strong> mellett a Lipcs\u00e9b\u0151l 77 milli\u00f3 font\u00e9rt\u00e9rt megszerzett horv\u00e1t <strong>Josko Gvardiol<\/strong>, a k\u00f6z\u00e9pp\u00e1ly\u00e1n pedig \u2013 <strong>Rodri<\/strong> t\u00e1rsak\u00e9nt \u2013 a Chelsea-b\u0151l \u00e9rkezett <strong>Mateo Kovacic<\/strong>. A v\u00e9d\u0151vonalak k\u00f6z\u00f6tt h\u00e1rom ifj\u00fa angol, <strong>Palmer, Foden<\/strong> \u00e9s <strong>Grealish<\/strong> kapott helyet <strong>Erling Haaland<\/strong> m\u00f6g\u00f6tt.\r\n\r\nA m\u00e9rk\u0151z\u00e9s elej\u00e9n Mendilibar csapata t\u00f6bbsz\u00f6r is kem\u00e9nyen let\u00e1madott a manchesteri labdakihozatalok alkalm\u00e1val. Mint tudjuk, a baszk tr\u00e9ner nem \u00e9ppen a labdabirtokl\u00e1sra \u00e9p\u00fcl\u0151, technik\u00e1s futball h\u00edve, \u00e1m ez nem k\u00e9ts\u00e9gbeesett bekkel\u00e9st jelent: agressz\u00edv let\u00e1mad\u00e1ssal a sevillaiak id\u0151nk\u00e9nt igen kellemetlen\u00fcl k\u00e9pesek kiz\u00f6kkenteni az ellenfelet a ritmusb\u00f3l. Ezt legink\u00e1bb 4-2-3-1-es vagy 4-4-1-1-es v\u00e9dekez\u0151 fel\u00e1ll\u00e1sban tett\u00e9k, f\u0151k\u00e9nt az <strong>Ederson<\/strong> fel\u00e9 visszaadott labd\u00e1kra megind\u00edtva a let\u00e1mad\u00e1st. Ekkor En-Nesyri \u00e1ltal\u00e1ban arr\u00f3l az oldalr\u00f3l t\u00e1madta meg a kapust, ahonnan a labda \u00e9rkezett, a t\u00f6bbiek pedig k\u00f6zvetlen emberfog\u00e1ssal igyekeztek lez\u00e1rni a passzopci\u00f3kat \u00e9s megakasztani a labdakihozatalt.\r\n\r\n<img class=\"alignnone size-full wp-image-9858\" src=\"https:\/\/sport24.24.hu\/app\/uploads\/sites\/24\/2023\/08\/uefa1.png\" alt=\"\" width=\"1920\" height=\"1080\" \/>\r\n\r\n<em>Ak\u00e9 a bemozg\u00f3 Akanjihoz passzol, a c\u00e9l az ellenf\u00e9l szerkezet\u00e9nek manipul\u00e1l\u00e1sa. Let\u00e1mad a Sevilla: a n\u00e9gy t\u00e1mad\u00f3 k\u00f6z\u00e9pen csapd\u00e1zza be Akanjit, aki nem tudja megfelel\u0151 testtart\u00e1ssal \u00e1tvenni a labd\u00e1t, \u00e9s elvesz\u00edti azt.<\/em>\r\n\r\nA m\u00e9rk\u0151z\u00e9s els\u0151 szakasz\u00e1ban\r\n\r\n<span class=\"highlight-block\">a City kellemetlen \u00e9lm\u00e9nyk\u00e9nt \u00e9lte meg az ellenf\u00e9l agressz\u00edv let\u00e1mad\u00e1s\u00e1t. <\/span>\r\n\r\nAz elm\u00falt \u00e9vadhoz k\u00e9pest felforgatott alapcsapat ellen\u00e9re labdabirtokl\u00e1sban Guardiola megmaradt az 1930-as \u00e9vek WM-rendszer\u00e9hez hasonlatos, gy\u0151ztes strukt\u00far\u00e1n\u00e1l. Ez\u00fattal Stones hi\u00e1ny\u00e1ban Akanji l\u00e9pett fel Rodri mell\u00e9 m\u00e1sodik bels\u0151 k\u00f6z\u00e9pp\u00e1ly\u00e1snak, kialak\u00edtva a sz\u00e1mokkal legink\u00e1bb 3-2-2-3-nak le\u00edrhat\u00f3 fel\u00e1ll\u00e1st. A formailag j\u00f3l megszervezett strukt\u00far\u00e1ban azonban \u201etartalmilag\u201d a labdakihozatalok n\u00e9mileg akadoztak. A m\u00e9rk\u0151z\u00e9s kezdet\u00e9n p\u00e9ld\u00e1ul t\u00f6bbsz\u00f6r is zavart okozott, hogy a manchesteriek b\u00e1tran, a k\u00e9t v\u00e9dekez\u0151 k\u00f6z\u00e9pp\u00e1ly\u00e1ssal az ellenfelet kicsalogatva pr\u00f3b\u00e1lt\u00e1k kihozni a labd\u00e1t, ami rizik\u00f3s volt, \u00e9s labdaveszt\u00e9ssel v\u00e9gz\u0151d\u00f6tt. Ez hasonlatos ahhoz, amit a <strong>Roberto De Zerbi<\/strong> vezette Brighton csin\u00e1l \u2013 nem meglep\u0151, hogy a vil\u00e1g tal\u00e1n leger\u0151sebb bajnoks\u00e1g\u00e1ban az edz\u0151k igyekeznek egym\u00e1st\u00f3l is folyamatosan tanulni. Ezt l\u00e1tva a labdakihozatal legels\u0151 f\u00e1zis\u00e1ban Akanji egyre t\u00f6bbsz\u00f6r maradt az eredeti poz\u00edci\u00f3j\u00e1ban, megtartva a n\u00e9gyv\u00e9d\u0151s strukt\u00far\u00e1t, s csak valamivel k\u00e9s\u0151bb, a labdabirtokl\u00e1s m\u00e1sodik f\u00e1zis\u00e1ban tagoz\u00f3dott be Rodri mell\u00e9 a k\u00f6z\u00e9pp\u00e1ly\u00e1ra.\r\n\r\n<img class=\"alignnone size-full wp-image-9859\" src=\"https:\/\/sport24.24.hu\/app\/uploads\/sites\/24\/2023\/08\/uefa2.png\" alt=\"\" width=\"1920\" height=\"1080\" \/>\r\n\r\n<em>A City itt n\u00e9gyes h\u00e1ts\u00f3 sorral \u00e9p\u00edtkezik. Akanjit En-Nesyri oldalra szor\u00edtja, a passzopci\u00f3kat emberfog\u00e1ssal veszik ki a j\u00e1t\u00e9kb\u00f3l, \u00edvel\u00e9s lesz a jelenet v\u00e9ge.<\/em>\r\n<div class=\"payable-content-section\"><\/div>\r\nA j\u00e1t\u00e9k azonban nemcsak akkor akadozott, amikor Pep Guardiola csapat\u00e1t a saj\u00e1t t\u00e9rfel\u00e9n let\u00e1madt\u00e1k. B\u00e1r az id\u0151 el\u0151rehaladt\u00e1val a City labd\u00e1val is mind t\u00f6bb id\u0151t t\u00f6lt\u00f6tt az ellenf\u00e9l t\u00e9rfel\u00e9n, a j\u00e1t\u00e9kosoknak kev\u00e9s vesz\u00e9lyes helyzetet siker\u00fclt kidolgozniuk, k\u00fcl\u00f6n\u00f6sen az els\u0151 f\u00e9lid\u0151ben. A j\u00e1t\u00e9kban ez\u00fattal is nagy szerep h\u00e1rult a sz\u00e9lekre, a Palmer \u00e9s Grealish fel\u00e9 val\u00f3 forgat\u00e1sokra. Ezek most is ink\u00e1bb a sz\u00e9ls\u0151k l\u00e1b\u00e1ra, mintsem ter\u00fcletbe t\u00f6rt\u00e9ntek, cs\u00f6kkentve ezzel a labdaveszt\u00e9s kock\u00e1zat\u00e1t. Az \u00e9rem m\u00e1sik oldal\u00e1n ugyanez lass\u00edtotta az \u00e1tt\u00f6r\u00e9s lend\u00fclet\u00e9t, k\u00fcl\u00f6n\u00f6sen, hogy Foden \u00e9s Kovacic sem nagyon tal\u00e1lta a folyos\u00f3kba t\u00f6rt\u00e9n\u0151 beindul\u00e1sok \u00e9s a sz\u00e9lekre val\u00f3 kimozg\u00e1sok \u00fctem\u00e9t. \u00cdgy Haaland is ritk\u00e1n tudott helyzetbe ker\u00fclni, noha sebess\u00e9g\u00e9vel sokszor volt m\u00e1r k\u00e9pes \u00f6nmag\u00e1ban is vesz\u00e9lyt jelenteni az ellenfelek v\u00e9delmi vonal\u00e1ra.\r\n\r\n<img class=\"alignnone size-full wp-image-9860\" src=\"https:\/\/sport24.24.hu\/app\/uploads\/sites\/24\/2023\/08\/uefa3.png\" alt=\"\" width=\"1920\" height=\"1080\" \/>\r\n\r\n<em>A kev\u00e9s City-helyzet egyike az els\u0151 f\u00e9lid\u0151ben: Grealish befel\u00e9 cselez, de nincs a folyos\u00f3ba al\u00e1ker\u00fcl\u00e9ssel beindul\u00f3 ember, \u00edgy mag\u00e1nak alak\u00edt ki l\u00f6v\u0151helyzetet.<\/em>\r\n\r\n<img class=\"alignnone size-full wp-image-9861\" src=\"https:\/\/sport24.24.hu\/app\/uploads\/sites\/24\/2023\/08\/uefa4.png\" alt=\"\" width=\"1920\" height=\"1080\" \/>\r\n\r\n<em>Hasonl\u00f3 jelenet k\u00e9s\u0151bb: Grealishn\u00e9l a labda. Kovacic beindul, de Grealish nem adja a labd\u00e1t megfelel\u0151 \u00fctemben. A horv\u00e1t addigra lend\u00fcletet veszt, \u00e9s v\u00e9g\u00fcl visszal\u00e9pve, a kapunak h\u00e1ttal kap labd\u00e1t.<\/em>\r\n\r\nNem lehet figyelmen k\u00edv\u00fcl hagyni, hogy\r\n\r\n<span class=\"highlight-block\">a City viszonylag \u00f6sszeszokatlan kezd\u0151csapattal l\u00e9pett p\u00e1ly\u00e1ra, <\/span>\r\n\r\nami nyilv\u00e1nval\u00f3an g\u00e1tolta a j\u00e1t\u00e9k tartalmi, \u201estilisztikai\u201d hat\u00e9konys\u00e1g\u00e1t. Ezt a poz\u00edci\u00f3s j\u00e1t\u00e9k elm\u00e9lete szocio-affekt\u00edv el\u0151nynek nevezi: ha a j\u00e1t\u00e9kosok jobban ismerik egym\u00e1st, akkor a tulajdons\u00e1gaikat k\u00f6lcs\u00f6n\u00f6sen ismerve \u00e9s ahhoz alkalmazkodva er\u0151sebb j\u00e1t\u00e9kkapcsolatokat tudnak kialak\u00edtani, mint az ellenf\u00e9l. Ez a negyedik el\u0151ny teh\u00e1t ugyanolyan fontos, mint a min\u0151s\u00e9gi, poz\u00edci\u00f3s \u00e9s sz\u00e1mbeli f\u00f3r.\r\n\r\nA Sevilla sokkal r\u00f6videbb peri\u00f3dusokat t\u00f6lt\u00f6tt labdabirtokl\u00e1sban, amit j\u00f3l mutat, hogy a j\u00e1t\u00e9kid\u0151 26 sz\u00e1zal\u00e9k\u00e1ban volt n\u00e1luk a labda. Ilyen f\u00e1zisokat legink\u00e1bb szerel\u00e9sek vagy a fel\u00edvel\u00e9sek ut\u00e1n \u00f6sszeszedett labd\u00e1kb\u00f3l tudtak kialak\u00edtani. Ezekben a szitu\u00e1ci\u00f3kban a k\u00e9t sz\u00e9ls\u0151h\u00e1tv\u00e9d Acuna kiss\u00e9 feljebb h\u00faz\u00f3dott a p\u00e1ly\u00e1n a k\u00f6z\u00e9pp\u00e1ly\u00e1sok vonal\u00e1ig, s sz\u00fcks\u00e9g eset\u00e9n a k\u00e9t v\u00e9dekez\u0151 k\u00f6z\u00e9pp\u00e1ly\u00e1s egyike is visszal\u00e9pett seg\u00edteni a labdakihozatalokat. Ezeket a City 4-4-2-es fel\u00e1ll\u00e1sban pr\u00f3b\u00e1lta megt\u00e1madni, amelyben Foden l\u00e9pett fel Haaland mell\u00e9, s a rendszer legink\u00e1bb emberfog\u00e1ssal m\u0171k\u00f6d\u00f6tt. A k\u00e9t el\u00fcls\u0151 ember a k\u00e9t k\u00f6z\u00e9ph\u00e1tv\u00e9det \u0151rizte, a k\u00e9t bels\u0151 k\u00f6z\u00e9pp\u00e1ly\u00e1s egyike pedig sz\u00fcks\u00e9g eset\u00e9n az ellenf\u00e9l visszal\u00e9p\u0151 k\u00f6z\u00e9pp\u00e1ly\u00e1s\u00e1ra l\u00e9pett ki. Bounou meg a k\u00f6z\u00e9ph\u00e1tv\u00e9dek nem sok kock\u00e1zatot v\u00e1llaltak, s ha szorult helyzetbe ker\u00fcltek r\u00f6gt\u00f6n a fel\u00edvel\u00e9s, az \u00e9les felpassz, vagy az oldalford\u00edt\u00e1s lehet\u0151s\u00e9g\u00e9t kerest\u00e9k. Huszon\u00f6t perc ut\u00e1n hasonl\u00f3 szitu\u00e1ci\u00f3b\u00f3l szerezte meg En-Nesyri a vezet\u00e9st a spanyolok els\u0151 kaput eltal\u00e1l\u00f3 l\u00f6v\u00e9s\u00e9b\u0151l.\r\n\r\n<img class=\"alignnone size-full wp-image-9862\" src=\"https:\/\/sport24.24.hu\/app\/uploads\/sites\/24\/2023\/08\/uefa5.png\" alt=\"\" width=\"1920\" height=\"1080\" \/>\r\n\r\n<em>Sevillai labdakihozatal a m\u00e9rk\u0151z\u00e9s elej\u00e9n: Rakitic visszal\u00e9p a k\u00e9t bels\u0151 v\u00e9d\u0151 k\u00f6z\u00e9, Navas \u00e9s Acuna feljebb h\u00faz\u00f3dik. A City 4-3-1-2-ben let\u00e1mad, Rakiticet Foden oldalr\u00f3l t\u00e1madja meg, \u00edgy Navas fel\u00e9, oldalford\u00edt\u00e1ssal folytat\u00f3dik a j\u00e1t\u00e9k.<\/em>\r\n\r\n<img class=\"alignnone size-full wp-image-9863\" src=\"https:\/\/sport24.24.hu\/app\/uploads\/sites\/24\/2023\/08\/uefa6.png\" alt=\"\" width=\"1920\" height=\"1080\" \/>\r\n\r\n<em>A Sevilla vezet\u0151 g\u00f3lja el\u0151tti labdakihozatal: Bounou kapust Foden t\u00e1madja meg, Haaland a k\u00f6z\u00e9ph\u00e1tv\u00e9det \u0151rzi. A kapus egy \u00e9les, b\u00e1tor felpasszal Jord\u00e1nt j\u00e1tssza meg, \u0151 azonban egy testcsellel tov\u00e1bbengedi a labd\u00e1t \u00d3liver Torres fel\u00e9. V\u00e9g\u00fcl a felfut\u00f3 Acuna bead\u00e1s\u00e1b\u00f3l En-Nesyri fejeli a vezet\u0151 g\u00f3lt.<\/em>\r\n\r\nA m\u00e1sodik f\u00e9lid\u0151t teh\u00e1t h\u00e1tr\u00e1nyb\u00f3l kezdte a City. B\u00e1r Guardiola r\u00e9sz\u00e9r\u0151l sem szem\u00e9lyi, sem j\u00e1t\u00e9krendszeri v\u00e1ltoztat\u00e1s nem igaz\u00e1n t\u00f6rt\u00e9nt (az egyetlen csere, <strong>Juli\u00e1n \u00c1lvarez<\/strong> a 85. percben \u00e9rkezett Cole Palmer hely\u00e9re, nyilv\u00e1n m\u00e1r a b\u00fcntet\u0151p\u00e1rbajra). Ugyanakkor a City labd\u00e1val is \u00e9rezhet\u0151en m\u00e9g nagyobb nyom\u00e1st kezdett gyakorolni a spanyolokra. Szinte minden mez\u0151nyj\u00e1t\u00e9kos fell\u00e9pett m\u00e1r az ellenf\u00e9l t\u00e9rfel\u00e9re, \u00edgy a k\u00e9kmezes csapat az ellenfelet m\u00e9g m\u00e9lyebben a kapuja el\u00e9 tolva, az elvesztett labd\u00e1ra azonnal visszat\u00e1madva futballozhatott. A sz\u00e9leken val\u00f3 \u00e1tt\u00f6r\u00e9s tov\u00e1bbra is a m\u00e1r r\u00e9szletezett probl\u00e9m\u00e1kba \u00fctk\u00f6z\u00f6tt, \u00e1m a City egyre tudatosabban kezdte aszimmetrikusan t\u00falt\u00f6lteni a labda oldal\u00e1t, majd \u00e1tl\u00f3s bead\u00e1sokkal helyzetet teremteni a t\u00faloldalon. Egy ilyen szitu\u00e1ci\u00f3b\u00f3l sz\u00fcletett a fiatal Palmer egyenl\u00edt\u0151 g\u00f3lja is.\r\n\r\n<img class=\"alignnone size-full wp-image-9864\" src=\"https:\/\/sport24.24.hu\/app\/uploads\/sites\/24\/2023\/08\/uefa7.png\" alt=\"\" width=\"1920\" height=\"1080\" \/>\r\n\r\n<em>A Manchester City egyenl\u00edt\u0151 g\u00f3lja. Az angolok h\u00e9t j\u00e1t\u00e9kosa a sevillai tizenhatos k\u00f6zvetlen k\u00f6zel\u00e9ben, Rodri \u00e1tl\u00f3s ir\u00e1ny\u00fa labd\u00e1j\u00e1ra a \u201evak oldalon\u201d kett\u0151 az egyben \u00e9rkezik Haaland \u00e9s Palmer, ut\u00f3bbi fejeli az egyenl\u00edt\u0151 g\u00f3lt.<\/em>\r\n\r\nA City magasra tolt j\u00e1t\u00e9k\u00e1nak ugyanakkor megvolt az \u00e1rnyoldala is: a Sevilla t\u00f6bb alkalommal tov\u00e1bb n\u00f6velhette volna az el\u0151ny\u00e9t. Mendilibar csapata ilyenkor term\u00e9szetesen azt haszn\u00e1lta ki, hogy a manchesteriek legh\u00e1ts\u00f3 vonal\u00e1ban legt\u00f6bbsz\u00f6r csak a k\u00e9t k\u00f6z\u00e9ph\u00e1tv\u00e9d maradt, \u00edgy a sz\u00e9leken vezetett kontr\u00e1kra \u00e9s a marokk\u00f3i csat\u00e1r be\u00e9rkez\u00e9seire apell\u00e1lhattak \u2013 ugyanakkor az \u00e9szak-afrikai t\u00e1mad\u00f3 a m\u00e1sodik f\u00e9lid\u0151ben k\u00e9t ord\u00edt\u00f3 ziccert is kihagyott.\r\n\r\n<img class=\"alignnone size-full wp-image-9865\" src=\"https:\/\/sport24.24.hu\/app\/uploads\/sites\/24\/2023\/08\/uefa8.png\" alt=\"\" width=\"1920\" height=\"1080\" \/>\r\n\r\n<em>A City labd\u00e1t vesz\u00edt az ellenf\u00e9l t\u00e9rfel\u00e9n, a Sevilla h\u00e1rom a kett\u0151 ellen kontr\u00e1zhat. K\u00e9t t\u00e1mad\u00f3 is egym\u00e1s mell\u00e9 mozog, a jelenet v\u00e9g\u00e9n Ederson l\u00e9p k\u00f6zbe.<\/em>\r\n\r\nNoha a City az elm\u00falt \u00e9vekben statisztikailag gyeng\u00e9bben szerepelt a b\u00fcntet\u0151p\u00e1rbajokban \u00e9s Bounou kapus is ismert tizenegyes\u00f6l\u0151, v\u00e9g\u00fcl m\u00e9gis a manchesteriek \u00f6r\u00fclhettek: az els\u0151 kilenc b\u00fcntet\u0151t a csapatok kiv\u00e9tel n\u00e9lk\u00fcl \u00e9rt\u00e9kes\u00edtett\u00e9k, az utols\u00f3t pedig Gudelj l\u0151tte a kapuf\u00e1ra, \u00edgy a sz\u00e9tl\u00f6v\u00e9st 5-4-re a City nyerte.\r\n\r\nPep Guardiola egy\u00fcttese nyerte teh\u00e1t az eur\u00f3pai Szuperkup\u00e1t. Az \u00c9gsz\u00ednk\u00e9kek \u00edgy negyedik tr\u00f3fe\u00e1jukat \u00fcnnepelhett\u00e9k a napt\u00e1ri \u00e9vben, s a decemberi klubvil\u00e1gbajnoks\u00e1ggal az \u00f6t is \u00f6sszej\u00f6het \u2013 Guardiol\u00e1nak 2009 ut\u00e1n m\u00e1r m\u00e1sodszor.\r\n\r\nNagyobb k\u00e9rd\u00e9s, hogy a Citynek siker\u00fcl-e legal\u00e1bb r\u00e9szben megism\u00e9telnie a legut\u00f3bbi \u00e9vadban ny\u00fajtott teljes\u00edtm\u00e9nyt, Mendilibar pedig\r\n\r\n<span class=\"highlight-block\">k\u00e9pes lesz-e a Sevill\u00e1n\u00e1l hossz\u00fa t\u00e1von is maradand\u00f3t alkotni.<\/span>\r\n\r\n[prefabricated_shortcode in_app=\"0\" code=\"%3Cdiv%20class%3D%22article_box_border%22%20style%3D%22background%3A%20url%28%27https%3A%2F%2F24.p3k.hu%2Fapp%2Fuploads%2Fsites%2F24%2F2021%2F05%2Fsport24-pattern.png%27%29%20no-repeat%20left%20-16px%20%23f3f3f4%3B%20border%3A%20none%3B%22%3E%0D%0A%3Cdiv%20class%3D%22article_solidheader%22%3E%0D%0A%3Ch2%20style%3D%22color%3A%20%23111115%21important%3B%20font-size%3A%2036px%3B%20font-weight%3A%20bold%3B%20margin-bottom%3A%2030px%3B%20margin-top%3A%2020px%3B%20text-align%3A%20center%3B%20line-height%3A%2036px%3B%22%3E%3Cimg%20class%3D%22aligncenter%20size-full%20wp-image-141%22%20src%3D%22https%3A%2F%2F24.p3k.hu%2Fapp%2Fuploads%2Fsites%2F24%2F2021%2F05%2Fs24-logo-dt.png%22%20alt%3D%22%22%20width%3D%22408%22%20height%3D%2290%22%20%2F%3E%3C%2Fh2%3E%0D%0A%3Ch2%20style%3D%22color%3A%20%23111115%21important%3B%20font-size%3A%2036px%3B%20font-weight%3A%20bold%3B%20margin-bottom%3A%2030px%3B%20margin-top%3A%2020px%3B%20text-align%3A%20center%3B%20line-height%3A%2040px%3B%22%3ECsatlakozz%20a%20Sport24%20k%C3%B6z%C3%B6ss%C3%A9ghez%2C%20mondd%20el%20v%C3%A9lem%C3%A9nyedet%20z%C3%A1rt%20Facebook-csoportunkban%2C%20%C3%A9s%20vegy%C3%A9l%20r%C3%A9szt%20csak%20el%C5%91fizet%C5%91knek%20el%C3%A9rhet%C5%91%20exkluz%C3%ADv%20esem%C3%A9nyeinken.%3C%2Fh2%3E%0D%0A%3C%2Fdiv%3E%0D%0A%3Cp%20style%3D%22background%3A%20%2357A600%3B%20margin-top%3A%2020px%3B%20padding%3A%2020px%3B%20text-align%3A%20center%3B%22%3E%3Ca%20style%3D%22color%3A%20%23ffffff%3B%20font-size%3A%2026px%3B%20font-weight%3A%20600%3B%22%20href%3D%22https%3A%2F%2Fwww.facebook.com%2Fgroups%2F212344460412327%22%3ECSATLAKOZOM%3C%2Fa%3E%3C%2Fp%3E%0D%0A%0D%0A%3C%2Fdiv%3E\"]","type":"rich","thumbnail_url":"https:\/\/s.24.hu\/app\/uploads\/sites\/24\/2023\/08\/gettyimages-1604065525-e1692291927508-150x150.jpg","thumbnail_width":150,"thumbnail_height":150}