{"version":"1.0","provider_name":"Sport24","provider_url":"https:\/\/sport24.24.hu","author_name":"Bruckner G\u00e1bor","author_url":"https:\/\/sport24.24.hu\/author\/brucknerg\/","title":"Benzema \u00e1ll a 45 fokban, \u00f6mlik r\u00f3la a v\u00edz: p\u00e9nz- \u00e9s ver\u00edt\u00e9k\u00f6z\u00f6n a sza\u00fadi bajnoks\u00e1g nyit\u00e1ny\u00e1n","html":"<strong>Karim Benzema<\/strong> \u00e1ll a p\u00e1ly\u00e1n, \u00e9s patakzik r\u00f3la a v\u00edz, holott m\u00e9g labd\u00e1ba sem r\u00fagott. A helysz\u00edn Burajdah, az al-Ittihad az az-Raedn\u00e9l vend\u00e9geskedik. Az Abdullah Kir\u00e1ly Stadionban a f\u0151lel\u00e1t\u00f3 kiv\u00e9tel\u00e9vel minden nyitott, \u00e1rny\u00e9k sehol, nem csoda, hogy alig l\u00e9zengenek a f\u0151kamer\u00e1val szemk\u00f6zti oldalon. Majdnem 45 fok van, \u00e9s ebben kellene futballozni.\r\n\r\nIsten hozott a sza\u00fadi lig\u00e1ban!\r\n<h2>Kr\u0151zus a piacon<\/h2>\r\nA futballvil\u00e1g egy \u00e9vtizeden bel\u00fcl a m\u00e1sodik \u00fajgazdag bajnoks\u00e1gra csod\u00e1lkozhat r\u00e1: 2015 \u00e9s 2019 k\u00f6z\u00f6tt a k\u00ednai Szuperliga zil\u00e1lta sz\u00e9t a megszokott piaci er\u0151viszonyokat, most pedig \u2013 K\u00edn\u00e1hoz hasonl\u00f3an teljes politikai-\u00e1llami h\u00e1tsz\u00e9llel, strat\u00e9giai tervez\u00e9ssel \u2013 a sza\u00fadi Pro League tart nagybev\u00e1s\u00e1rl\u00e1st. Olyan nagyot, hogy az \u00e1tigazol\u00e1si id\u0151szak v\u00e9ge el\u0151tt n\u00e9h\u00e1ny h\u00e9ttel m\u00e1r magasabb a transzferd\u00edjakra kifizetett \u00f6sszeg a k\u00ednai cs\u00facs\u00e9vben feljegyzettn\u00e9l.\r\n\r\nA sza\u00fadiak <a href=\"https:\/\/rangado.24.hu\/nemzetkozi_foci\/2023\/08\/15\/szaud-arabia-al-hilal-neymar-paris-saint-germain-atigazolas\/\"><strong>Neymar<\/strong> szerz\u0151dtet\u00e9s\u00e9vel<\/a> m\u00falt\u00e1k fel\u00fcl a k\u00ednaiak rekordj\u00e1t, de \u00e1tigazol\u00e1si d\u00edjak szempontj\u00e1b\u00f3l \u00edgy is messze elmaradnak az angol Premier League-t\u0151l. Viszont elk\u00e9peszt\u0151 fizet\u00e9seket aj\u00e1nlanak: a Le Parisien becsl\u00e9se szerint a vil\u00e1g 10 legmagasabb b\u00e9r\u0171 j\u00e1t\u00e9kos\u00e1b\u00f3l 8 Sza\u00fad-Ar\u00e1bi\u00e1ban j\u00e1tszik (csak <strong>Kylian Mbapp\u00e9<\/strong> \u00e9s <strong>Lionel Messi<\/strong> f\u00e9rt fel az \u00fajonnan szerz\u0151dtetett Pro League-szt\u00e1rok mell\u00e9).\r\n\r\n<iframe class=\"flourish-embed-iframe\" style=\"width: 100%; height: 600px;\" title=\"Interactive or visual content\" src=\"https:\/\/flo.uri.sh\/visualisation\/14738096\/embed\" frameborder=\"0\" scrolling=\"no\"><\/iframe>\r\n<div style=\"width: 100%!; margin-top: 4px!important; text-align: right!important;\"><a class=\"flourish-credit\" style=\"text-decoration: none!important;\" href=\"https:\/\/public.flourish.studio\/visualisation\/14738096\/?utm_source=embed&amp;utm_campaign=visualisation\/14738096\" target=\"_top\" rel=\"noopener\"><img style=\"width: 105px!important; height: 16px!important; border: none!important; margin: 0!important;\" src=\"https:\/\/public.flourish.studio\/resources\/made_with_flourish.svg\" alt=\"Made with Flourish\" \/> <\/a><\/div>\r\n&nbsp;\r\n\r\nA 2023-as \u00e9v azzal kezd\u0151d\u00f6tt, hogy <strong>Cristiano Ronaldo<\/strong> al\u00e1\u00edrt az al-Naszrhoz, de az igazi nagybev\u00e1s\u00e1rl\u00e1s a ny\u00e1ron kezd\u0151d\u00f6tt. Ronaldo ezt saj\u00e1t hat\u00e1s\u00e1nak tulajdon\u00edtotta, \u00e1m a sza\u00fadi klubok \u2013 k\u00fcl\u00f6n\u00f6sen a \u201eprivatiz\u00e1lt\u201d \u00e9s a Public Investment Fund (PIF) <a href=\"https:\/\/sport24.24.hu\/foci\/2023\/06\/23\/szaudi-futballprojekt-cristiano-ronaldo-karim-benzema-penz-vallas\/\">75 sz\u00e1zal\u00e9kos t\u00f6bbs\u00e9gi tulajdon\u00e1ba \u00e1tker\u00fclt al-Hilal, al-Ittihad, al-Naszr, al-Ahli kvartett<\/a> \u2013 korl\u00e1tlannak t\u0171n\u0151 p\u00e9nz\u00fcgyi lehet\u0151s\u00e9gei alighanem t\u00f6bbet nyomtak a latban. A m\u00e9rleg\u00fcket rendbe hozni vagy kozmetik\u00e1zni akar\u00f3, esetleg magas fizet\u00e9s\u0171, de m\u00e1r lefel\u00e9 \u00edvel\u0151 karrier\u0171 szt\u00e1rjaikat sz\u00edvesen piacra dob\u00f3 eur\u00f3pai \u00e9lkluboknak \u00e1lomvev\u0151j\u00fck akadt: a sza\u00fadiaknak mindenre \u00e9s mindenkire volt p\u00e9nz\u00fck.\r\n\r\nA k\u00ednai Szuperliga m\u00e9g a legjobb \u00e9veiben sem volt k\u00e9pes hasonl\u00f3 szt\u00e1rpar\u00e1d\u00e9t felmutatni. Az id\u00e9n ny\u00e1rt\u00f3l a Pro League-ben l\u00e1thatjuk friss igazol\u00e1sk\u00e9nt Ronaldo mellett (nagy leveg\u0151!) <strong>Rijad Mahrezt, Roberto Firmin\u00f3t, Roger Ibanezt, Allan Saint-Maximint, Edouard Mendyt, Franck Kessi\u00e9t<\/strong> (mind al-Ahli), Karim Benzem\u00e1t, <strong>N\u2019Golo Kant\u00e9t, Fabinh\u00f3t, Jot\u00e1t<\/strong> (mind al-Ittihad), <strong>Sadio Man\u00e9t, Marcelo Brozovicot, Alex Tellest, Seko Fofan\u00e1t<\/strong> (csatlakoztak Ronald\u00f3hoz \u00e9s az al-Naszrhoz), <strong>Neymart, Kalidou Koulibalyt, Malcomot, R\u00faben Nevest \u00e9s Sergej Milinkovic-Savicot<\/strong> (al-Hilal), illetve <strong>Jordan Hendersont \u00e9s Moussa Demb\u00e9l\u00e9t<\/strong> (al-Ettifaq).\r\n\r\nA kisebb csapatok is b\u00e1tran szemezgettek, de l\u00e1tv\u00e1nyos a n\u00e9gy nagy er\u0151f\u00f6l\u00e9nye, illetve a m\u00f6g\u00f6tt\u00fck lev\u0151 al-Ettifaq igyekezete. M\u00e9g csak azt sem lehet mondani, hogy \u00f6regek otthona lenne a liga, mert t\u00f6bbs\u00e9g\u00e9ben nem 35 feletti, hanem 25\u201332 \u00e9v k\u00f6z\u00f6tti l\u00e9gi\u00f3sok \u00e9rkeztek. A n\u00e9gy sza\u00fadi topklub szt\u00e1rigazol\u00e1sainak \u00e1tlag\u00e9letkora 29 \u00e9v \u2013 nem alacsony, de az \u00fajonnan megszerzett j\u00e1t\u00e9kosok m\u00e9g j\u00f3 n\u00e9h\u00e1ny \u00e9vig boldog\u00edthatj\u00e1k a k\u00f6z\u00f6ns\u00e9get.\r\n\r\n<span class=\"highlight-block\">Az eur\u00f3pai elad\u00f3knak nagyon j\u00f3l j\u00f6tt a d\u00fasgazdag vev\u0151k megjelen\u00e9se. <\/span>\r\n\r\nA sza\u00fadiaknak meg az j\u00f6tt j\u00f3l, hogy ennyi nagy n\u00e9v szerz\u0151d\u00f6tt az orsz\u00e1gukba: a modern futball t\u00f6rt\u00e9net\u00e9ben egyetlen \u00fajonnan felt\u00f6r\u0151, nem eur\u00f3pai liga sem tudott ilyen er\u0151demonstr\u00e1ci\u00f3t bemutatni. Az MLS-ben lassabban \u00e9s organikusabban zajlott a fejl\u0151d\u00e9s, a k\u00ednaiak nem tudtak ekkora neveket megszerezni (az\u00f3ta pedig az \u00e1llam is kifarolt a projektb\u0151l, amely gyakorlatilag \u00f6sszeomlott), tal\u00e1n az \u00f6tvenes \u00e9vekbeli, FIFA \u00e1ltal el nem ismert kolumbiai profiliga (DIMAYOR) lehetett m\u00e9g hasonl\u00f3.\r\n\r\nAzt a futball eldor\u00e1d\u00f3j\u00e1nak nevezt\u00e9k, \u00e9s arany b\u0151s\u00e9ggel van Sza\u00fad-Ar\u00e1bi\u00e1ban is. Az \u00e9rdekl\u0151d\u00e9s term\u00e9szetesen megn\u0151tt (ezt \u00e9s a preszt\u00edzsnyeres\u00e9get m\u00e1ris elk\u00f6nyvelhetik a sza\u00fadiak a pozit\u00edvumok k\u00f6z\u00f6tt), nem meglep\u0151 h\u00e1t, hogy a Tv2 M\u00e9dia Csoport \u00e9s a Sp\u00edler TV megv\u00e1s\u00e1rolta a k\u00f6zvet\u00edt\u00e9si jogokat. Az els\u0151 fordul\u00f3 \u00edgy azt\u00e1n \u2013 t\u00e9v\u00e9s meccsek sor\u00e1val \u2013 \u00e9rdekes betekint\u00e9st ny\u00fajtott a bajnoks\u00e1gba, amely a vil\u00e1gon is a top t\u00edz k\u00f6z\u00e9 v\u00e1gyik.\r\n\r\nAddig az\u00e9rt m\u00e9g van teend\u0151 \u2013 \u00e1llap\u00edthatjuk meg a l\u00e1tottak alapj\u00e1n.\r\n<h2>Poroszk\u00e1l\u00e1s a gyilkos h\u0151s\u00e9gben<\/h2>\r\nA k\u00edm\u00e9letlen h\u0151s\u00e9ggel csak m\u00e9regdr\u00e1ga infrastruktur\u00e1lis fejleszt\u00e9sekkel lehet kezdeni valamit \u2013 l\u00e1sd a szomsz\u00e9dos Katar meg a h\u0171t\u00f6tt stadionok p\u00e9ld\u00e1j\u00e1t \u2013, \u00e9s a sza\u00fadiak ezt is tervezik. \u00c9rthet\u0151, mi\u00e9rt: a legt\u00f6bb helysz\u00edn viszonylag koros (t\u00f6bbs\u00e9g\u00fck a hetvenes vagy a nyolcvanas \u00e9vekben k\u00e9sz\u00fclt) \u00e9s nagyon messze van att\u00f3l a sz\u00ednvonalt\u00f3l, amelyhez a szt\u00e1rok hozz\u00e1szoktak. M\u00e9g a k\u00e1pr\u00e1zatos \u00e1llami f\u0151stadion (a Fahd kir\u00e1ly Stadion) is 36 \u00e9ves, \u00e9s fel\u00faj\u00edt\u00e1sra v\u00e1r. Tulajdonk\u00e9ppen az al-Naszr otthona (2015-\u00f6s \u00e1tad\u00e1s, 2020-as fel\u00faj\u00edt\u00e1s) \u00e9s a nyit\u00f3m\u00e9rk\u0151z\u00e9snek helysz\u00ednt biztos\u00edt\u00f3 dzsiddai Abdullah kir\u00e1ly Sportv\u00e1ros Stadion (2014-es \u00e1tad\u00e1s) a k\u00e9t igaz\u00e1n modern ar\u00e9na a bajnoks\u00e1gban.\r\n\r\n[caption id=\"attachment_9849\" align=\"aligncenter\" width=\"2000\"]<img class=\"size-full wp-image-9849\" src=\"https:\/\/sport24.24.hu\/app\/uploads\/sites\/24\/2023\/08\/000_app2002011039597.jpg\" alt=\"\" width=\"2000\" height=\"1408\" \/> Fahd kir\u00e1ly Stadion[\/caption]\r\n\r\n<div class=\"payable-content-section\"><\/div>\r\nA t\u00f6bbi \u2013 hangulatot tekintve is \u2013 ismer\u0151s lehet azoknak, akik rendszeresen n\u00e9znek Afrika Kup\u00e1kat: kicsit r\u00e9gim\u00f3di stadionok, t\u00e1vol \u00fcl\u0151 n\u00e9z\u0151k, a fedett f\u0151lel\u00e1t\u00f3 kiv\u00e9tel\u00e9vel m\u00e1shol alig-alig van mened\u00e9k a nap el\u0151l. Az \u00e1tlagn\u00e9z\u0151sz\u00e1m 6785 volt, csak k\u00e9t m\u00e9rk\u0151z\u00e9sre (al-Ahli\u2013al-Hazm \u00e9s al-Ittifaq\u2013al-Naszr) l\u00e1togatott ki t\u00edzezern\u00e9l t\u00f6bb drukker. A stadionok kihaszn\u00e1lts\u00e1ga 6 \u00e9s 39,8 sz\u00e1zal\u00e9k k\u00f6z\u00f6tt mozgott, teh\u00e1t egyik tal\u00e1lkoz\u00f3n sem volt f\u00e9lh\u00e1z sem.\r\n\r\nPedig a sza\u00fadiak \u00e9ppens\u00e9ggel nincsenek futball ellen beoltva, ezt l\u00e1thattuk a vil\u00e1gbajnoks\u00e1got megj\u00e1rt szurkol\u00f3t\u00e1bor hatalmas l\u00e9tsz\u00e1m\u00e1b\u00f3l is. Persze, ha otthon j\u00e1tszik majd az al-Hilal \u00e9s az al-Ittihad, illetve j\u00f6nnek a nagy derbik, a n\u00e9z\u0151sz\u00e1m is emelkedni fog. Legal\u00e1bbis a topcsapatok meccsein.\r\n\r\nA korai kezd\u00e9si id\u0151pont\u00fa, ny\u00e1ri meccseken 40\u201346 fok k\u00f6z\u00f6tti a h\u0151s\u00e9g, \u00e9s m\u00e9g k\u00e9s\u0151 este is 34\u201337 fok van.\r\n\r\n<span class=\"highlight-block-small\">Ilyen k\u00f6r\u00fclm\u00e9nyek k\u00f6z\u00f6tt term\u00e9szetesen mindenki lelass\u00edt: n\u00e9ha felp\u00f6r\u00f6g a m\u00e9rk\u0151z\u00e9s egy-k\u00e9t percre, de temp\u00f3t menni \u0151r\u00fclts\u00e9g, az ellenf\u00e9l arc\u00e1ba m\u00e1szni \u00e9s agressz\u00edvan, hosszabb ideig let\u00e1madni \u00f6ngyilkoss\u00e1g. <\/span>\r\n\r\nAz \u00e9ghajlat poroszk\u00e1l\u00e1st eredm\u00e9nyez a gyilkos h\u0151s\u00e9gben, ritmustalan meccsekkel, p\u00e1r villan\u00e1ssal \u2013 ez sem ismeretlen azoknak, akik \u00e1zsiai arab vagy afrikai futballt n\u00e9znek. M\u00e9g a test\u00e9t fantasztikusan karbantart\u00f3 Cristiano Ronaldo is arr\u00f3l besz\u00e9lt, a legnagyobb kih\u00edv\u00e1st azt jelentette, hogy alkalmazkodnia kellett a sza\u00fadi h\u0151s\u00e9ghez.\r\n\r\nL\u00e1tv\u00e1nyos volt, ahogy Jordan Hendersont teljesen kik\u00e9sz\u00edtette az esti meleg \u00e9s az akkorra felk\u00fasz\u00f3 p\u00e1ratartalom az al-Ettifaq\u2013al-Naszr rangad\u00f3n, de p\u00e1ly\u00e1t\u00f3l lel\u00e1t\u00f3ig mindenkir\u0151l szakadt a v\u00edz \u2013 akkor is, ha semmit sem csin\u00e1lt. Azt viszont meg lehetett \u00e1llap\u00edtani, hogy N\u2019Golo Kant\u00e9t a sivatag sem \u00e1ll\u00edtja meg\u2026\r\n\r\nA meleg (ez pap\u00edrforma) kifejezetten rossz hat\u00e1ssal van a meccsek sz\u00ednvonal\u00e1ra: temp\u00f3 helyett jobb\u00e1ra temp\u00f3tlans\u00e1g van, vontatottak a tal\u00e1lkoz\u00f3k, sok a j\u00e1t\u00e9kmegszak\u00edt\u00e1s; iv\u00f3sz\u00fcnetek, g\u00f6rcs\u00f6k, kisebb rosszull\u00e9tek sz\u00ednes\u00edtik a k\u00e9pet, \u00e1pol\u00e1skor is mindenki azonnal megy v\u00edz\u00e9rt. Az els\u0151 fordul\u00f3 m\u00e9rk\u0151z\u00e9seinek j\u00e1t\u00e9kideje \u00e1tlagosan majdnem 105 perc volt, a legtov\u00e1bb (111 percig) az al-Ettifaq\u2013al-Naszr meccs tartott. Ezzel r\u00f6vid t\u00e1von nem lehet semmit sem kezdeni \u2013 alkalmazkodniuk kell a k\u00f6r\u00fclm\u00e9nyekhez a j\u00e1t\u00e9kosoknak. No meg a n\u00e9z\u0151knek, mert a stadionokba kil\u00e1togat\u00f3 turist\u00e1k sem festettek t\u00fal j\u00f3l \u2026\r\n<h2>Szakad\u00e9knyi k\u00fcl\u00f6nbs\u00e9g<\/h2>\r\nA meleg lass\u00edtja a csapatokat, de m\u00e9g \u00edgy is felt\u0171n\u0151 az a tud\u00e1s- \u00e9s gondolkod\u00e1sbeli k\u00fcl\u00f6nbs\u00e9g, ami a l\u00e9gi\u00f3sok \u00e9s a helyi \u2013 nem v\u00e1logatott, \u0151k ugyanis l\u00e9p\u00e9st tudnak tartani a k\u00fclf\u00f6ldiekkel \u2013 j\u00e1t\u00e9kosok k\u00f6z\u00f6tt van. J\u00f3 illusztr\u00e1ci\u00f3, hogy a nyit\u00f3m\u00e9rk\u0151z\u00e9sen a vil\u00e1gelithez szokott Firmino \u00f6sszes passza j\u00f3 volt, \u201emellesleg\u201d szerzett egy mesterh\u00e1rmast. Mahrez g\u00f3lpasszal \u00e9s 95 sz\u00e1zal\u00e9kos passzmutat\u00f3val z\u00e1rt. Saint-Maximin t\u00f6bbet hib\u00e1zott, de ha igaz\u00e1n megindult, akkor nem sok fogalmuk volt a v\u00e9d\u0151knek arr\u00f3l, hogy mik\u00e9nt kellene meg\u00e1ll\u00edtani. Pedig egyik\u00fck sem p\u00f6rg\u00f6tt cs\u00facsform\u00e1ban.\r\n\r\nA PIF p\u00e9nz\u00e9n felpump\u00e1lt, egy\u00e9bk\u00e9nt is er\u0151f\u00f6l\u00e9nyben lev\u0151 nagycsapatok az \u00faj szt\u00e1rokkal hatalmas min\u0151s\u00e9gi el\u0151nybe ker\u00fcltek a k\u00f6z\u00e9pmez\u0151nybe vagy az als\u00f3h\u00e1zba tartoz\u00f3 klubokkal szemben. B\u00e1r a sza\u00fadi j\u00e1t\u00e9kosok nem csak statiszt\u00e1nak vannak a p\u00e1ly\u00e1n, t\u00f6bbsz\u00f6r \u00e9szrevehet\u0151 volt: nincsenek hozz\u00e1szokva ahhoz, hogy toplig\u00e1s m\u00falt\u00fa, a vil\u00e1gelitbe tartoz\u00f3 j\u00e1t\u00e9kosokkal kelljen h\u00e9tr\u0151l h\u00e9tre szemben\u00e9zni\u00fck (legal\u00e1bbis ahhoz nem, hogy egyszerre ennyivel). J\u00f3 esetben \u2013 ebben rem\u00e9nykednek a sza\u00fadiak \u2013 a klasszisok magukkal h\u00fazz\u00e1k a hazai j\u00e1t\u00e9kosokat, \u00e9s a helyi futball sz\u00ednvonala is n\u0151. Rossz esetben marad a differencia.\r\n\r\nA k\u00ednai Szuperliga adatai alapj\u00e1n elv\u00e9gzett kutat\u00e1sok azt mutatt\u00e1k ki, hogy a l\u00e9gi\u00f3sok (k\u00fcl\u00f6n\u00f6sen a k\u00f6z\u00e9pp\u00e1ly\u00e1sok \u00e9s a t\u00e1mad\u00f3k) passzol\u00e1sban, l\u00f6v\u00e9sekben, helyezked\u00e9sben \u00e9s fizikumban egyar\u00e1nt jobbak voltak a hazaiakn\u00e1l \u2013 az els\u0151 benyom\u00e1s alapj\u00e1n ez Sza\u00fad-Ar\u00e1bi\u00e1ban sincs m\u00e1sk\u00e9nt. S\u0151t nem is csak az els\u0151 benyom\u00e1s alapj\u00e1n. Az el\u0151z\u0151 id\u00e9ny WyScout-indexe (ez a c\u00e9g komplex teljes\u00edtm\u00e9nym\u00e9r\u0151 mutat\u00f3ja) alapj\u00e1n a csat\u00e1rok h\u00faszas toplist\u00e1j\u00e1n 18 l\u00e9gi\u00f3s van, a sz\u00e9ls\u0151k\u00e9n 13.\r\n\r\nA t\u00edz legjobb t\u00e1mad\u00f3 k\u00f6z\u00e9pp\u00e1ly\u00e1s k\u00f6z\u00f6tt csak egy hazai van, a bels\u0151 k\u00f6z\u00e9pp\u00e1ly\u00e1sok rangsor\u00e1ban az els\u0151 h\u00faszb\u00f3l 14 k\u00fclf\u00f6ldi (az els\u0151 15-b\u0151l 13). Hasonl\u00f3 a dominancia a v\u00e9dekez\u0151 k\u00f6z\u00e9pp\u00e1ly\u00e1sokn\u00e1l (az els\u0151 12-b\u0151l 11 l\u00e9gi\u00f3s), a kapusokn\u00e1l (az els\u0151 20-b\u00f3l 15 l\u00e9gi\u00f3s), csak a k\u00f6z\u00e9ph\u00e1tv\u00e9dek \u00e9s a sz\u00e9ls\u0151h\u00e1tv\u00e9dek l\u00f3gnak ki a trendb\u0151l. Tegy\u00fck hozz\u00e1, a hazaiak nem is mindig \u00e9lvezik a bizalmat. Az ugyan j\u00f3l hangzik, hogy az els\u0151 fordul\u00f3 kilenc meccs\u00e9n p\u00e1ly\u00e1ra l\u00e9p\u0151 277 j\u00e1t\u00e9kos majdnem 65 sz\u00e1zal\u00e9ka sza\u00fadi volt, \u00e1m a lehet\u0151s\u00e9get kap\u00f3 hazaiak k\u00f6zel 20 sz\u00e1zal\u00e9ka 15 vagy kevesebb percet j\u00e1tszhatott. T\u00f6bben csak id\u0151h\u00faz\u00f3 cser\u00e9k voltak.\r\n\r\nSokatmond\u00f3, hogy\r\n\r\n<span class=\"highlight-block\">az els\u0151 fordul\u00f3ban csak egy m\u00e9rk\u0151z\u00e9st vesz\u00edtett el az a klub, amelynek t\u00f6bb l\u00e9gi\u00f3sa volt a p\u00e1ly\u00e1n<\/span>\r\n\r\n\u2013 az el\u0151z\u0151 id\u00e9nyben a 12. helyen v\u00e9gzett Abha, amely sim\u00e1n kikapott az Arab Bajnokok Kup\u00e1ja-d\u00f6nt\u0151 ut\u00e1n sz\u00e1mos szt\u00e1rj\u00e1t pihentet\u0151, de \u00edgy is sza\u00fadi v\u00e1logatott j\u00e1t\u00e9kosok sor\u00e1val (plusz R\u00faben Nevesszel, <strong>Michaellel<\/strong> \u00e9s a tripl\u00e1z\u00f3 Malcommal) fel\u00e1ll\u00f3, <strong>Jorge Jesus<\/strong> \u00e1ltal ir\u00e1ny\u00edtott al-Hilalt\u00f3l. Az eml\u00edtett torn\u00e1t megnyer\u0151 al-Naszr viszont r\u00e1f\u00e1zott arra, hogy Sadio Man\u00e9 kiv\u00e9tel\u00e9vel nem is nevezte szt\u00e1rjait: 2-1-es veres\u00e9get szenvedett a <strong>Steven Gerrard<\/strong> edzette al-Ittifaqt\u00f3l a fordul\u00f3 legjobb meccs\u00e9n. Az els\u0151 k\u00f6r 24 g\u00f3lj\u00e1b\u00f3l 20 f\u0171z\u0151dik l\u00e9gi\u00f3s nev\u00e9hez, \u00e9s a statisztika alighanem m\u00e9g jobban eltol\u00f3dik a k\u00fclf\u00f6ldiek fel\u00e9, ha az al-Hilal meg az al-Naszr nem rot\u00e1lja a keret\u00e9t.\r\n\r\n[caption id=\"attachment_9850\" align=\"aligncenter\" width=\"1926\"]<img class=\"size-full wp-image-9850\" src=\"https:\/\/sport24.24.hu\/app\/uploads\/sites\/24\/2023\/08\/000_33r446l.jpg\" alt=\"\" width=\"1926\" height=\"1284\" \/> R\u00faben Neves, az al-Hilal portug\u00e1l j\u00e1t\u00e9kosa.[\/caption]\r\n<h2>\u00c9rdekess\u00e9gnek j\u00f3, de enn\u00e9l t\u00f6bb kell<\/h2>\r\nEgy bajnoks\u00e1g \u00e9lvezhet\u0151s\u00e9ge nagyban m\u00falik a helyi j\u00e1t\u00e9kosok (\u00e9s futball) sz\u00ednvonal\u00e1n. Ezen semmilyen \u00f6sszev\u00e1s\u00e1rl\u00e1s nem seg\u00edt, lesz\u00e1m\u00edtva azt, hogy ha (szinte) teljesen kiiktatj\u00e1k a hazai futballist\u00e1kat, de ez nem lehet a sza\u00fadiak \u00e9rdeke. Erre utal az is, hogy megmaradt a l\u00e9gi\u00f3skorl\u00e1toz\u00e1s, a csapatok \u201ecsak\u201d nyolc k\u00fclf\u00f6ldit regisztr\u00e1lhatnak.\r\n\r\nA topbajnoks\u00e1gok nemcsak az\u00e9rt j\u00f3k, mert a klubok k\u00e9pesek megv\u00e1s\u00e1rolni a legjobb, legtehets\u00e9gesebb l\u00e9gi\u00f3sok j\u00e1t\u00e9kjog\u00e1t, hanem az\u00e9rt is, mert ezek a k\u00fclf\u00f6ldi j\u00e1t\u00e9kosok elitk\u00e9pz\u00e9st kapott, nagyon magas sz\u00ednvonalon futballoz\u00f3 hazaiakhoz csatlakoznak. A sza\u00fadi bajnoks\u00e1gban ez (m\u00e9g) nincs meg, \u00e9s neh\u00e9z elk\u00e9pzelni, hogy viszonylag r\u00f6vid t\u00e1von v\u00e1ltoz\u00e1s t\u00f6rt\u00e9njen. A be\u00e1raml\u00f3 p\u00e9nzzel jobb edz\u0151k \u00e9s st\u00e1bok is j\u00f6nnek, az infrastrukt\u00far\u00e1t fejleszteni fogj\u00e1k, elk\u00e9pzelhet\u0151, hogy ez a sza\u00fadi ut\u00e1np\u00f3tl\u00e1sra is hat\u00e1ssal lesz. Csak\u00fagy, mint az, hogy a gyerekek most m\u00e1r vil\u00e1gszt\u00e1rokat l\u00e1thatnak h\u00e9tr\u0151l h\u00e9tre p\u00e1ly\u00e1ra l\u00e9pni, \u00e9s nem csak a t\u00e9v\u00e9ben figyelhetik, mire k\u00e9pes Ronaldo, Man\u00e9, Kant\u00e9, Mahrez vagy Firmino.\r\n\r\nEgy fordul\u00f3 alapj\u00e1n benyom\u00e1sokat lehet szerezni, verdiktet nem lehet mondani.\r\n\r\n<span class=\"highlight-block-small\">Ha feltessz\u00fck azt a k\u00e9rd\u00e9st, hogy egy nem r\u00e9gi\u00f3beli futballdrukkernek el\u00e9g vonz\u00f3-e a mostani produktum a bajnoks\u00e1g rendszeres k\u00f6vet\u00e9s\u00e9hez, a v\u00e1lasz val\u00f3sz\u00edn\u0171leg nemleges. <\/span>\r\n\r\nT\u00fal nagy a konkurencia (m\u00e9g akkor is, ha a sza\u00fadiak igyekeznek kit\u00e9rni a toplig\u00e1k id\u0151pontjai el\u0151l), t\u00fal sok a bajnoks\u00e1g, amely enn\u00e9l jobb, m\u00e9g ha nem is gazdagabb. A helyi drukkerek viszont meg\u00fct\u00f6tt\u00e9k a jackpotot, sz\u00e1mukra \u2013 \u00e9s alighanem a t\u00e9rs\u00e9g futballdrukkerei sz\u00e1m\u00e1ra is \u2013 a Pro League versenyk\u00e9pes lehet a topfutballal.\r\n\r\nAki tov\u00e1bbra is n\u00e9zni akarja Sza\u00fad-Ar\u00e1bi\u00e1ba igazolt kedvenc\u00e9t, annak a kor\u00e1bbin\u00e1l sokkal k\u00f6nnyebb dolga van. Aki bele akar n\u00e9zni a nagy rangad\u00f3k szt\u00e1rpar\u00e1d\u00e9j\u00e1ba, annak ott a lehet\u0151s\u00e9g. Az \u00f6sszefoglal\u00f3k \u2013 benne a nagy szt\u00e1rok megmozdul\u00e1saival \u2013 biztosan n\u00e9pszer\u0171ek lesznek. De hogy a sza\u00fadi bajnoks\u00e1g t\u00e9nyleg top t\u00edzes legyen (ne csak k\u00f6ltekez\u00e9sben, hanem sz\u00ednvonalban \u00e9s preszt\u00edzsben is), ahhoz hossz\u00fa \u00e9vek munk\u00e1ja kell.\r\n\r\nAz tal\u00e1ny, hogy lesz-e ehhez (\u00e1llami \u00e9s politikai) akarat, na meg t\u00fcrelem.\r\n\r\n[prefabricated_shortcode in_app=\"0\" code=\"%3Cdiv%20class%3D%22article_box_border%22%20style%3D%22background%3A%20url%28%27https%3A%2F%2F24.p3k.hu%2Fapp%2Fuploads%2Fsites%2F24%2F2021%2F05%2Fsport24-pattern.png%27%29%20no-repeat%20left%20-16px%20%23f3f3f4%3B%20border%3A%20none%3B%22%3E%0D%0A%3Cdiv%20class%3D%22article_solidheader%22%3E%0D%0A%3Ch2%20style%3D%22color%3A%20%23111115%21important%3B%20font-size%3A%2036px%3B%20font-weight%3A%20bold%3B%20margin-bottom%3A%2030px%3B%20margin-top%3A%2020px%3B%20text-align%3A%20center%3B%20line-height%3A%2036px%3B%22%3E%3Cimg%20class%3D%22aligncenter%20size-full%20wp-image-141%22%20src%3D%22https%3A%2F%2F24.p3k.hu%2Fapp%2Fuploads%2Fsites%2F24%2F2021%2F05%2Fs24-logo-dt.png%22%20alt%3D%22%22%20width%3D%22408%22%20height%3D%2290%22%20%2F%3E%3C%2Fh2%3E%0D%0A%3Ch2%20style%3D%22color%3A%20%23111115%21important%3B%20font-size%3A%2036px%3B%20font-weight%3A%20bold%3B%20margin-bottom%3A%2030px%3B%20margin-top%3A%2020px%3B%20text-align%3A%20center%3B%20line-height%3A%2040px%3B%22%3ECsatlakozz%20a%20Sport24%20k%C3%B6z%C3%B6ss%C3%A9ghez%2C%20mondd%20el%20v%C3%A9lem%C3%A9nyedet%20z%C3%A1rt%20Facebook-csoportunkban%2C%20%C3%A9s%20vegy%C3%A9l%20r%C3%A9szt%20csak%20el%C5%91fizet%C5%91knek%20el%C3%A9rhet%C5%91%20exkluz%C3%ADv%20esem%C3%A9nyeinken.%3C%2Fh2%3E%0D%0A%3C%2Fdiv%3E%0D%0A%3Cp%20style%3D%22background%3A%20%2357A600%3B%20margin-top%3A%2020px%3B%20padding%3A%2020px%3B%20text-align%3A%20center%3B%22%3E%3Ca%20style%3D%22color%3A%20%23ffffff%3B%20font-size%3A%2026px%3B%20font-weight%3A%20600%3B%22%20href%3D%22https%3A%2F%2Fwww.facebook.com%2Fgroups%2F212344460412327%22%3ECSATLAKOZOM%3C%2Fa%3E%3C%2Fp%3E%0D%0A%0D%0A%3C%2Fdiv%3E\"]","type":"rich","thumbnail_url":"https:\/\/s.24.hu\/app\/uploads\/sites\/24\/2023\/08\/000_33r36hd-masolat-150x150.jpg","thumbnail_width":150,"thumbnail_height":150}