{"version":"1.0","provider_name":"Sport24","provider_url":"https:\/\/sport24.24.hu","author_name":"Bruckner G\u00e1bor","author_url":"https:\/\/sport24.24.hu\/author\/brucknerg\/","title":"Magasan \u00e9s m\u00e9lyen: amikor Braz\u00edlia el\u0151sz\u00f6r vesztett vb-selejtez\u0151t","html":"Braz\u00edlia labdar\u00fag\u00f3-v\u00e1logatottja egyetlen vb-selejtez\u0151n sem maradt alul. Eg\u00e9szen 1993. j\u00falius 25-ig. Harminc \u00e9ve La Pazban megt\u00f6rt\u00e9nt az addig elk\u00e9pzelhetetlen: a s\u00e1rga mezes egy\u00fcttes 2-0-s veres\u00e9ggel kullogott haza a bol\u00edviai f\u0151v\u00e1rosb\u00f3l.\r\n\r\nA brazil egy\u00fcttes harmadszor kapott ki a bol\u00edviait\u00f3l, de m\u00e1sodszor az A csapattal, mert az 1963-as Copa Americ\u00e1n a szinte kiz\u00e1r\u00f3lag \u00fajoncokb\u00f3l \u00e1ll\u00f3 C garnit\u00fara k\u00e9pviselte a sz\u00e9p futball haz\u00e1j\u00e1t a Copa Americ\u00e1n. <strong>Pel\u00e9<\/strong> \u00e9s k\u00e9tszeres vil\u00e1gbajnok t\u00e1rsai ellen nyilv\u00e1n nem sz\u00fclethetett volna a dallamos nev\u0171 Cochabamb\u00e1ban 5-4-es bol\u00edviai gy\u0151zelem\u2026\r\n\r\nHarminc esztend\u0151vel ezut\u00e1n\r\n\r\n<span class=\"highlight-block\">Braz\u00edli\u00e1ban sokan meg\u00e9rezt\u00e9k a vesz\u00e9lyt. <\/span>\r\n\r\nA keret tagjai n\u00e9h\u00e1ny nappal a m\u00e9rk\u0151z\u00e9s el\u0151tt \u00e9rkeztek a tengerszint f\u00f6l\u00f6tt 3700 magasan l\u00e9v\u0151 La Pazba, \u00e9s a labdar\u00fag\u00f3k egy r\u00e9sze nem tudott akklimatiz\u00e1l\u00f3dni: t\u00f6bbeknek v\u00e9rzett az orruk, sz\u00e9delgett \u00e9s \u00e9tv\u00e1gytalan volt a j\u00e1t\u00e9kosok nem elhanyagolhat\u00f3 h\u00e1nyada.\r\n\r\n<strong>Mario Zagallo<\/strong> \u2013 aki ott volt minden kilom\u00e9terk\u0151n\u00e9l, azaz Braz\u00edlia mind az \u00f6t vil\u00e1gbajnoki diadal\u00e1ban valamilyen min\u0151s\u00e9gben szerepet j\u00e1tszott \u2013, akkoriban <strong>Carlos Alberto Parreira<\/strong> sz\u00f6vets\u00e9gi kapit\u00e1ny szaktan\u00e1csad\u00f3jak\u00e9nt \u00fcgyk\u00f6d\u00f6tt. Az agg\u00f3d\u00f3 brazil \u00fajs\u00e1g\u00edr\u00f3knak La Pazban azt mondta: \u201eHa alkalmazkodni szerett\u00fcnk volna a k\u00f6r\u00fclm\u00e9nyekhez, akkor legal\u00e1bb h\u00e1rom h\u00e9ttel kor\u00e1bban kellett volna ide \u00e9rkezn\u00fcnk. De ugyan honnan teremthett\u00fck volna el\u0151 ennek a k\u00f6lts\u00e9g\u00e9t?\u201d\r\n\r\n<span class=\"highlight-block-small\">A hangulat egy\u00e9bk\u00e9nt sem volt j\u00f3, mert a brazil sajt\u00f3 folyamatosan b\u00edr\u00e1lta Parreira kapit\u00e1nyt, a t\u00f6bbi k\u00f6zt az\u00e9rt is, mert bev\u00e1logatta az \u201e\u00e9rt\u00e9ken aluli\u201d Cafut.<\/span>\r\n\r\n[caption id=\"attachment_9626\" align=\"aligncenter\" width=\"4096\"]<img class=\"size-full wp-image-9626\" src=\"https:\/\/sport24.24.hu\/app\/uploads\/sites\/24\/2023\/07\/gettyimages-676274602.jpg\" alt=\"\" width=\"4096\" height=\"2731\" \/> Cafu[\/caption]\r\n\r\nNa most, ez a futballista 1994 \u00e9s 2002 k\u00f6z\u00f6tt egym\u00e1s ut\u00e1n h\u00e1romszor j\u00e1tszott vb-d\u00f6nt\u0151t, \u00e9s ha <a href=\"https:\/\/sport24.24.hu\/foci\/2023\/07\/12\/vilagbajnoki-donto-1998-francia-brazil-ronaldo\/\">a fenom\u00e9n Ronaldo nem fetreng g\u00f6rcsben<\/a> az 1998-as cs\u00facstal\u00e1lkoz\u00f3 napj\u00e1n, akkor k\u00f6nnyen lehet, hogy k\u00e9t h\u00e1romszoros vil\u00e1gbajnoka van a futballnak: Pel\u00e9 \u00e9s Cafu. Nem mell\u00e9kes az sem: a 142-szeres v\u00e1logatott jobbh\u00e1tv\u00e9d vezeti minden id\u0151k szerepl\u00e9si list\u00e1j\u00e1t a seleca\u00f3ban.\r\n\r\nA brazilok k\u00f6z\u00fcl sokan m\u00e1r h\u00e1rom \u00e9vtizede is az \u00f6reg f\u00f6ldr\u00e9szen futballoztak, de az ellentmond\u00e1sos Parreira, aki egy\u00e9bk\u00e9nt odavolt az eur\u00f3pai st\u00edlus\u00e9rt, favoriz\u00e1lta az FC Sao Paul\u00f3t is, mert a brazil egy\u00fcttes a klub Vil\u00e1g Kup\u00e1\u00e9rt v\u00edvott m\u00e9rk\u0151z\u00e9sen el\u0151bb a Barcelon\u00e1t (2-1), majd a Milant is fel\u00fclm\u00falta (3-2). A keretbe \u00edgy h\u00e9t SPFC-j\u00e1t\u00e9kos \u2013 <strong>Zetti<\/strong>, Cafu, <strong>Valber, Ra\u00ed, Palhinha, M\u00fcller, Elivelton<\/strong> \u2013 ker\u00fclt, \u00e1m a kritikusok m\u00e1sokat aj\u00e1nlottak a szakvezet\u0151 figyelm\u00e9be, \u00e9s kiv\u00e1ltk\u00e9pp <strong>Romari\u00f3t<\/strong>, valamint <strong>Renato Gauch\u00f3t<\/strong> hi\u00e1nyolt\u00e1k a jel\u00f6ltek k\u00f6z\u00fcl.\r\n\r\nLa Pazban a Taffarel (Parma) \u2013 Cafu, Valber, <strong>Marcio Santos<\/strong> (Bordeaux), <strong>Leonardo<\/strong> (Valencia) \u2013 <strong>Luis Henrique<\/strong> (Monaco), <strong>Mauro Silva<\/strong> (La Coruna), Rai, <strong>Zinho<\/strong> (Palmeiras) \u2013 <strong>M\u00fcller, Bebeto<\/strong> (La Coruna) \u00f6sszet\u00e9tel\u0171 tizenegy kezdett, majd besz\u00e1llt <strong>Jorginho<\/strong> (Bayern M\u00fcnchen) \u00e9s <strong>Palhinha<\/strong>. A brazilok b\u00e1gyadtan mozogtak, s nem csup\u00e1n a magaslat miatt, hanem az\u00e9rt is, mert s\u0171r\u0171 nyaruk volt: r\u00e9szt vettek az Egyes\u00fclt \u00c1llamok Amerika Kup\u00e1j\u00e1n, amelyen 2-0-ra legy\u0151zt\u00e9k a h\u00e1zigazd\u00e1kat, majd 3-3 \u00e9rtek el N\u00e9metorsz\u00e1g \u00e9s 1-1-et Anglia legjobbjai ellen, azt\u00e1n a Copa Americ\u00e1n szerepeltek Ecuadorban. Nem nagy sikerrel: a guayaquili negyedd\u00f6nt\u0151 (1-1) tizenegyesp\u00e1rbaj\u00e1ban 6-5-re kikaptak az argentinokt\u00f3l.\r\n\r\n\u00dagy festett, Bol\u00edvi\u00e1ban is a 11-es lesz a v\u00e9gzet\u00fck. A vend\u00e9gl\u00e1t\u00f3k a 80.percben b\u00fcntet\u0151h\u00f6z jutottak, de <strong>Erwin \u201ePlatini\u201d Sanchez<\/strong> l\u00f6v\u00e9s\u00e9t Claudio Taffarel h\u00e1r\u00edtotta. A bol\u00edviai labdar\u00fag\u00f3nak nem haz\u00e1j\u00e1ban, hanem Port\u00f3ban, a Boavist\u00e1n\u00e1l adt\u00e1k a Platini nevet, mert a k\u00f6z\u00e9pp\u00e1ly\u00e1s \u2013 v\u00e9lt\u00e9k \u2013 \u00fagy passzol, ahogyan a h\u00e1romszoros aranylabd\u00e1s francia f\u0151\u00far t\u00e1lalt kor\u00e1bban.\r\n<div class=\"payable-content-section\"><\/div>\r\nA ront\u00e1s, illetve a v\u00e9d\u00e9s nyom\u00e1n maradt a 0-0 La Pazban, \u00e1m a 88. percben <strong>Marco Etcheverry<\/strong> \u2013 a kiemelked\u0151en legjobb bol\u00edviai futballista, akit volt szerencs\u00e9m l\u00e1tni \u2013\r\n\r\n<span class=\"highlight-block-small\">a bal oldalr\u00f3l, az alapvonal k\u00f6zel\u00e9b\u0151l keresztbe l\u0151tt a kapu el\u0151tt, Taffarel kimozdult, \u00e9s val\u00f3szer\u0171tlen mozdulattal a l\u00e1ba k\u00f6zt a h\u00e1l\u00f3ba terelte a labd\u00e1t.<\/span>\r\n\r\nAz a legsz\u00f6rny\u0171bb potyag\u00f3l, ha a g\u00f6mb eredetileg nem is tartott a kapu fel\u00e9.\r\n\r\nAz am\u00fagy is er\u0151tlen brazilokat sokkolta a felfoghatatlan pillanat, \u00e9s egy perc m\u00falva benn volt a m\u00e1sodik: <strong>Aluna Pena<\/strong> a bal oldalon kiugrott, majd menthetetlen\u00fcl a bal sarokba gur\u00edtott (2-0).\r\n\r\nhttps:\/\/www.youtube.com\/watch?v=AlVQ5VqIx0c&amp;ab_channel=lucascmp\r\n\r\nLa Paz utc\u00e1in eg\u00e9sz \u00e9jszaka folyt az \u00fcnnepl\u00e9s, <strong>Jaime Paz Zamora<\/strong> bol\u00edviai eln\u00f6k pedig \u00e1ldotta az esz\u00e9t, ami\u00e9rt k\u00e9t nappal a vb-selejtez\u0151 el\u0151tt megl\u00e1togatta a v\u00e1logatottat az edz\u0151t\u00e1borban.\r\n\r\nBraz\u00edli\u00e1ban viszont a megk\u00e9rdezettek hetven sz\u00e1zal\u00e9ka v\u00e1laszolta hat\u00e1rozottan: Parreira szakvezet\u0151nek nyomban le kell mondania. A kapit\u00e1ny \u00edgy v\u00e9dekezett: \u201eTal\u00e1n elk\u00f6vettem n\u00e9h\u00e1ny \u00f6ssze\u00e1ll\u00edt\u00e1si hib\u00e1t, de a f\u0151 ok a bol\u00edviai magaslat volt. Nem lenne szabad ilyen k\u00f6r\u00fclm\u00e9nyek k\u00f6z\u00f6tt futballozni.\u201d\r\n\r\n<span class=\"highlight-block\">Senki nem hitte volna, hogy a tr\u00e9ner hivatalban marad, <\/span>\r\n\r\n\u00e1m nemhogy nem menesztett\u00e9k, de a m\u00e9lypontr\u00f3l a cs\u00facsra jutott csapat\u00e1val: a selecao 1993 november\u00e9ben 35 m\u00e9rk\u0151z\u00e9ses veretlens\u00e9gi sorozatba kezdett, s k\u00f6zben 1994 j\u00falius\u00e1ban elh\u00f3d\u00edtotta a vil\u00e1gbajnoki c\u00edmet.\r\n\r\n[caption id=\"attachment_9625\" align=\"aligncenter\" width=\"1918\"]<img class=\"size-full wp-image-9625\" src=\"https:\/\/sport24.24.hu\/app\/uploads\/sites\/24\/2023\/07\/gettyimages-52914659.jpg\" alt=\"\" width=\"1918\" height=\"1358\" \/> Carlos Alberto Parreira[\/caption]\r\n\r\nA bol\u00edviaiaknak m\u00e1r 1993 augusztus\u00e1ban bus\u00e1san megfizetett: a \u201evisszav\u00e1g\u00f3n\u201d a brazilok 6-0-ra gy\u0151ztek \u00fagy, hogy a tal\u00e1lkoz\u00f3 az 1977-ben szint\u00e9n 6-0-val z\u00e1rult Magyarorsz\u00e1g\u2013Bol\u00edvia vb-p\u00f3tselejtez\u0151re eml\u00e9keztetett. A sz\u00fcnetben Recif\u00e9ben \u00e9s Budapesten egyar\u00e1nt 5-0 \u00e1llt a t\u00e1bl\u00e1n.\r\n\r\nAzt\u00e1n Zagallo hi\u00e1ba ellenezte, Parreira az utols\u00f3 vb-selejtez\u0151re megh\u00edvta Romari\u00f3t is. J\u00f3l tette: a visszafogadott csat\u00e1r a ri\u00f3i Maracana stadion 101 670 fizet\u0151 n\u00e9z\u0151je el\u0151tt k\u00e9t g\u00f3lt szerzett Uruguay csapata ellen (2-0).\r\n\r\nMajd az Egyes\u00fclt \u00c1llamokban rendezett vb-n a brazilok legjobbja volt, noha <strong>Aldair<\/strong>, Leonardo, <strong>Branco<\/strong>, Bebeto sem j\u00e1tszott \u00e9ppen rosszul, ellent\u00e9tben a t\u00fal\u00e9rt\u00e9kelt Ra\u00edval vagy az unalmas Zinh\u00f3val. <strong>Dunga<\/strong> hat\u00e1reset volt: \u0151 viselte a csapatkapit\u00e1nyi karszalagot, de az Egyes\u00fclt \u00c1llamokban a v\u00e1logatottat v\u00e9gig k\u00f6vet\u0151 40 ezer brazil rendre kif\u00fcty\u00fclte \u0151t, ak\u00e1rcsak mester\u00e9t, Parreir\u00e1t.\r\n\r\nEzzel egy\u00fctt a veretlens\u00e9gi sz\u00e9ria \u00fagy \u00e9rt v\u00e9get 1996 janu\u00e1rj\u00e1ban, hogy az Arany Kup\u00e1ra a C csapatot k\u00fcldte Braz\u00edlia az Egyes\u00fclt \u00c1llamokba, \u00e9s a harmadik sor 2-0-ra kikapott Mexik\u00f3 egy\u00fcttes\u00e9t\u0151l. A brazilok t\u00f6bbs\u00e9ge akkor m\u00e1r nem h\u00e1borgott, hiszen \u2013 mint rendesen \u2013 a vil\u00e1gbajnoks\u00e1g volt sz\u00e1m\u00e1ra az igazi Arany Kupa...\r\n\r\n[prefabricated_shortcode in_app=\"0\" code=\"%3Cdiv%20class%3D%22article_box_border%22%20style%3D%22background%3A%20url%28%27https%3A%2F%2F24.p3k.hu%2Fapp%2Fuploads%2Fsites%2F24%2F2021%2F05%2Fsport24-pattern.png%27%29%20no-repeat%20left%20-16px%20%23f3f3f4%3B%20border%3A%20none%3B%22%3E%0D%0A%3Cdiv%20class%3D%22article_solidheader%22%3E%0D%0A%3Ch2%20style%3D%22color%3A%20%23111115%21important%3B%20font-size%3A%2036px%3B%20font-weight%3A%20bold%3B%20margin-bottom%3A%2030px%3B%20margin-top%3A%2020px%3B%20text-align%3A%20center%3B%20line-height%3A%2036px%3B%22%3E%3Cimg%20class%3D%22aligncenter%20size-full%20wp-image-141%22%20src%3D%22https%3A%2F%2F24.p3k.hu%2Fapp%2Fuploads%2Fsites%2F24%2F2021%2F05%2Fs24-logo-dt.png%22%20alt%3D%22%22%20width%3D%22408%22%20height%3D%2290%22%20%2F%3E%3C%2Fh2%3E%0D%0A%3Ch2%20style%3D%22color%3A%20%23111115%21important%3B%20font-size%3A%2036px%3B%20font-weight%3A%20bold%3B%20margin-bottom%3A%2030px%3B%20margin-top%3A%2020px%3B%20text-align%3A%20center%3B%20line-height%3A%2040px%3B%22%3ECsatlakozz%20a%20Sport24%20k%C3%B6z%C3%B6ss%C3%A9ghez%2C%20mondd%20el%20v%C3%A9lem%C3%A9nyedet%20z%C3%A1rt%20Facebook-csoportunkban%2C%20%C3%A9s%20vegy%C3%A9l%20r%C3%A9szt%20csak%20el%C5%91fizet%C5%91knek%20el%C3%A9rhet%C5%91%20exkluz%C3%ADv%20esem%C3%A9nyeinken.%3C%2Fh2%3E%0D%0A%3C%2Fdiv%3E%0D%0A%3Cp%20style%3D%22background%3A%20%2357A600%3B%20margin-top%3A%2020px%3B%20padding%3A%2020px%3B%20text-align%3A%20center%3B%22%3E%3Ca%20style%3D%22color%3A%20%23ffffff%3B%20font-size%3A%2026px%3B%20font-weight%3A%20600%3B%22%20href%3D%22https%3A%2F%2Fwww.facebook.com%2Fgroups%2F212344460412327%22%3ECSATLAKOZOM%3C%2Fa%3E%3C%2Fp%3E%0D%0A%0D%0A%3C%2Fdiv%3E\"]","type":"rich","thumbnail_url":"https:\/\/s.24.hu\/app\/uploads\/sites\/24\/2023\/07\/gettyimages-650208498-masolat-150x150.jpg","thumbnail_width":150,"thumbnail_height":150}