{"version":"1.0","provider_name":"Sport24","provider_url":"https:\/\/sport24.24.hu","author_name":"Bruckner G\u00e1bor","author_url":"https:\/\/sport24.24.hu\/author\/brucknerg\/","title":"Sz\u00e1z \u00e9ve a torin\u00f3i tr\u00f3non: v\u00e9get \u00e9r az Agnelli-sztori?","html":"\u201eRoppant h\u00e1l\u00e1s vagyok az uraknak, ami\u00e9rt megtiszteltet\u00e9sk\u00e9nt fogadt\u00e1k eln\u00f6ki kandid\u00e1l\u00e1somat, ugyanakkor b\u00edzom benne, hogy nem b\u00e1ntom meg \u00f6n\u00f6ket, amikor azt mondom, \u00e9n egy\u00e1ltal\u00e1n nem puszta megtiszteltet\u00e9snek fogom fel a megb\u00edz\u00e1st. Kem\u00e9ny munk\u00e1ra k\u00e9sz\u00fcl\u00f6k, \u00e9s \u00f6n\u00f6ket is eml\u00e9keztetem r\u00e1: az,\r\n<blockquote class=\"small-quote\">hogy valamit j\u00f3l csin\u00e1lnak, nem jelenti azt, hogy nem lehet m\u00e9g jobban<\/blockquote>\r\n\u2013 sz\u00f6gezte le sz\u00e9kfoglal\u00f3j\u00e1ban 1923. j\u00falius 24-\u00e9n <strong>Edoardo Agnelli<\/strong>, \u00e9s teljesen igaza lett. Lehetett jobban. \u00c9s kellett is.\r\n\r\nB\u00e1r a klub jelmondat\u00e1v\u00e1 v\u00e1l\u00f3 m\u00e1sik fontos id\u00e9zet csak \u00e9vtizedekkel k\u00e9s\u0151bb hagyta el <strong>Giampiero Boniperti<\/strong> sz\u00e1j\u00e1t, a klub t\u00f6rt\u00e9net\u00e9nek legfontosabb szem\u00e9lyis\u00e9ge t\u00f6k\u00e9letesen foglalta \u00f6ssze, mit jelent a Juventus az Agnellik \u00e9rkez\u00e9se \u00f3ta: \u201eA gy\u0151zelem nem fontos, hanem az egyetlen dolog, ami sz\u00e1m\u00edt.\u201d A piemonti uralkod\u00f3 elit sarjainak csal\u00e1dneve a kezdett\u0151l fogva egyet jelentett a sikerrel, az innov\u00e1ci\u00f3val \u00e9s a hatalommal, \u00edgy nem volt hi\u00e1baval\u00f3 rem\u00e9ny, hogy ezeknek a t\u00e9nyez\u0151knek k\u00f6sz\u00f6nhet\u0151en a Juventus hamarosan a calcio t\u00f6rt\u00e9net\u00e9nek legnagyobb klubj\u00e1v\u00e1 v\u00e1lik.\r\n\r\nPedig amikor az Agnellik meg\u00e9rkeztek, a Juve nem volt \u00e9ppen nagy klub. Egyetlen bajnoki tr\u00f3fe\u00e1ja mag\u00e1nyosan porosodott a vitrinben, mik\u00f6zben a Genoa m\u00e1r kilencn\u00e9l, a Pro Vercelli h\u00e9tn\u00e9l j\u00e1rt \u00e9s a torin\u00f3i projektn\u00e9l j\u00f3val \u00edg\u00e9retesebbnek t\u0171nt a szomsz\u00e9dos lombardia sz\u00e9khely\u00e9nek k\u00e9t klubja, a Milan meg az Inter, de m\u00e9g a fasiszt\u00e1k t\u00e1mogat\u00e1s\u00e1t kiv\u00e1l\u00f3an meglovagol\u00f3 Bologna is. Az, hogy a Juventusb\u00f3l m\u00e9gis szinte egyeduralkod\u00f3 v\u00e1lt Olaszorsz\u00e1gban, az Agnelli csal\u00e1dnak k\u00f6sz\u00f6nhet\u0151.\r\n<h2>Visszav\u00e1lt a fekete-feh\u00e9r \u00fathenger<\/h2>\r\nAz olaszokban a piemonti atyafiakr\u00f3l \u00e9l\u0151 k\u00e9p nem a legh\u00edzelg\u0151bb. Az ironikusan csak sv\u00e1jciaknak g\u00fanyolt n\u00e9ps\u00e9g k\u00f6zmond\u00e1sosan h\u0171v\u00f6s, \u00e1m mindig udvarias; a hebrencs, hedonista d\u00e9lolaszokkal szemben szervezett, rendezett \u00e9s tervszer\u0171 minden, amit tesz. A Piemonti-Sz\u00e1rd Kir\u00e1lys\u00e1g egyik vagyonos elitcsal\u00e1dj\u00e1nak sarjai pontosan ilyenek voltak: <strong>Giovanni Agnelli<\/strong> nemcsak a FIAT egyik alap\u00edt\u00f3jak\u00e9nt v\u00e1lt az egyik leghatalmasabb olasz \u00fczletemberr\u00e9, hanem az olasz t\u0151zsde sz\u00fclet\u00e9s\u00e9n\u00e9l is b\u00e1b\u00e1skodott, \u00e9s szinte mindenben \u00e9rdekelts\u00e9get szerzett, ami bus\u00e1s hasznot \u00edg\u00e9rt a t\u00f6megkommunik\u00e1ci\u00f3t\u00f3l a fegyvergy\u00e1rt\u00e1son \u00e1t a politik\u00e1ig.\r\n\r\nAz innovat\u00edv gondolkod\u00e1s futballba \u00fcltet\u00e9se z\u00f6kken\u0151mentesen zajlott.\r\n\r\n<span class=\"highlight-block\">A Juventus lett az els\u0151 futballklub, amely profi edz\u0151t alkalmazott <\/span>\r\n\r\n(ez t\u00f6rt\u00e9netesen a magyar <strong>K\u00e1roly Jen\u0151<\/strong> volt), \u00e9s az Agnellik arra is r\u00e1\u00e9reztek, hogy szt\u00e1rcsapatot szt\u00e1rj\u00e1t\u00e9kosokb\u00f3l kell \u00e9p\u00edteni, ez\u00e9rt elhozt\u00e1k az Olaszorsz\u00e1gban csak Gazella Bianconera n\u00e9ven tisztelt <strong>Hirzer Ferencet<\/strong>.\r\n\r\nA nyalka \u2013 a p\u00e1ly\u00e1ra is a zseb\u00e9ben f\u00e9s\u0171vel l\u00e9p\u0151 \u2013 klasszis m\u00e1ig fenn\u00e1ll\u00f3 g\u00f3lrekorddal jelezte, helyes az \u00fat, amire a Juventus l\u00e9pett, de m\u00e1s szempontb\u00f3l is fontos szem\u00e9lyis\u00e9g volt. A magyar csat\u00e1r volt az, aki j\u00e1t\u00e9k\u00e1val egy \u00e9letre a calcio rabj\u00e1v\u00e1 tette az els\u0151 meccseit \u00e9desapja t\u00e9rd\u00e9n lovagolva megtekint\u0151 <strong>Gianni Agnellit<\/strong>, aki k\u00e9s\u0151bb a klub legnagyobb hat\u00e1s\u00fa \u00e9s jelent\u0151s\u00e9g\u0171 Agnellije lett.\r\n\r\n[caption id=\"attachment_9634\" align=\"aligncenter\" width=\"2529\"]<img class=\"size-full wp-image-9634\" src=\"https:\/\/sport24.24.hu\/app\/uploads\/sites\/24\/2023\/07\/054_fara01351.jpg\" alt=\"\" width=\"2529\" height=\"1710\" \/> Edoardo \u00e9s Gianni Agnelli[\/caption]\r\n\r\nHa csak azt n\u00e9zz\u00fck, hogy napjainkban az Agnellik \u00e9rdekelts\u00e9geit ir\u00e1ny\u00edt\u00f3 holding p\u00e9nzforgalm\u00e1t tekintve a vil\u00e1g 37. legnagyobb c\u00e9ge, a Juventusnak pedig annyi bajnoki c\u00edme van, mint a rangsorban \u0151t k\u00f6vet\u0151 k\u00e9t klubnak (a Milannak \u00e9s az Internek) \u00f6sszesen, olyan sikert\u00f6rt\u00e9netr\u0151l besz\u00e9l\u00fcnk, ami abszol\u00fate egyed\u00fcl\u00e1ll\u00f3. De ha az aranysz\u00edn\u0171 felsz\u00ednt megkapargatjuk, a nemes patina alatt fel-felbukkan n\u00e9mi rozsda is.\r\n<div class=\"payable-content-section\"><\/div>\r\n<h2>Hatalmaskod\u00f3 hatalmass\u00e1gok<\/h2>\r\nA fent eml\u00edtett, a gy\u0151zelem fontoss\u00e1g\u00e1t minden m\u00e1s f\u00f6l\u00e9 emel\u0151 attit\u0171d nem az Agnellik tal\u00e1lm\u00e1nya, s\u0151t a p\u00e9nz\u00fcgyi \u00e9s politikai hatalom futballsikerre konvert\u00e1l\u00e1sa sem a piemonti \u00farfikkal kezd\u0151d\u00f6tt. A legnagyobb olasz kereskedelmi flottilla tulajdonosa, <strong>Achille Lauro<\/strong> a Napolin\u00e1l, a k\u00e9s\u0151bbi olasz szen\u00e1tor, <strong>Dino Viola<\/strong> az AS Rom\u00e1n\u00e1l, az olajm\u00e1gn\u00e1s <strong>Angelo Moratti<\/strong> az Intern\u00e9l, a t\u00f6bbsz\u00f6r\u00f6s minisztereln\u00f6k <strong>Silvio Berlusconi<\/strong> a Milann\u00e1l vetette be befoly\u00e1s\u00e1t, de maffi\u00f3z\u00f3kt\u00f3l oligarch\u00e1kon \u00e1t wanabe botr\u00e1nypolitikusokig tal\u00e1lunk ambici\u00f3zus tulajdonosokat a Serie A t\u00f6rt\u00e9net\u00e9ben. K\u00f6z\u00f6s benn\u00fck, hogy egyik\u00fck sem volt \u00e9ppen sz\u00e9gyenl\u0151s fajta, ha a szab\u00e1lyok liber\u00e1lis \u00e9rtelmez\u00e9s\u00e9r\u0151l volt sz\u00f3.\r\n\r\n<span class=\"highlight-block-small\">Az Agnellik \u00f3ri\u00e1si lend\u00fclettel sz\u00e1lltak be ebbe a versenybe, \u00e9s m\u00e1r els\u0151 \u00e9v\u00fckben egy komoly botr\u00e1ny f\u0151szerepl\u0151i lettek: a korszak szt\u00e1rv\u00e9d\u0151j\u00e9t, Virginio Rosett\u00e1t soha nem l\u00e1tott \u00f6sszeggel cs\u00e1b\u00edtott\u00e1k magukhoz, \u00e1m mivel ekkor m\u00e9g tiltott volt a profizmus, orsz\u00e1gos vita bontakozott ki a kiv\u00e1l\u00f3 h\u00e1tv\u00e9d \u00e1tigazol\u00e1s\u00e1val kapcsolatban. <\/span>\r\n\r\nMint \u00e1ltal\u00e1ban, itt is gy\u0151z\u00f6tt a p\u00e9nz, \u00e9s kisv\u00e1rtatva az amat\u0151rizmusnak bealkonyult a calci\u00f3ban.\r\n<blockquote class=\"twitter-tweet\">\r\n<p dir=\"ltr\" lang=\"en\"><a href=\"https:\/\/twitter.com\/hashtag\/BornOnThisDay?src=hash&amp;ref_src=twsrc%5Etfw\">#BornOnThisDay<\/a>, club captain and winner of five successive Scudetti, Virginio Rosetta \u2764\ufe0f <a href=\"https:\/\/t.co\/oG9thoW1Vu\">pic.twitter.com\/oG9thoW1Vu<\/a><\/p>\r\n\u2014 JuventusFC \ud83c\uddec\ud83c\udde7\ud83c\uddfa\ud83c\uddf8 (@juventusfcen) <a href=\"https:\/\/twitter.com\/juventusfcen\/status\/1629073669053108224?ref_src=twsrc%5Etfw\">February 24, 2023<\/a><\/blockquote>\r\n<script async src=\"https:\/\/platform.twitter.com\/widgets.js\" charset=\"utf-8\"><\/script>\r\n\r\nA Juventus nem utolj\u00e1ra \u00e9lt vissza szinte omnipotens hatalm\u00e1val, a klub \u00e9s az Agnellik gazdag botr\u00e1nyt\u00f6rt\u00e9nelme sz\u00ednes kis sztori, amiben a megk\u00e9rd\u0151jelezhet\u0151t\u0151l a vitathat\u00f3n \u00e1t a de facto csal\u00e1sig terjed\u0151 cselekm\u00e9nyek foglalj\u00e1k el a spektrumot. A hatvanas-hetvenes \u00e9vekben a t\u00f6bbi olasz klubhoz hasonl\u00f3an h\u00e1zib\u00edr\u00f3kat tart\u00f3 klub eg\u00e9sz j\u00f3l dokument\u00e1lt kis bundasorozatot vitt v\u00e9gig <strong>Italo Allodi<\/strong> \u00e9s magyar int\u00e9z\u0151je, <strong>Solti Dezs\u0151<\/strong> ir\u00e1ny\u00edt\u00e1sa alatt, azt\u00e1n j\u00f6tt a kilencvenesek doppingbotr\u00e1nya, majd a k\u00e9tezres \u00e9vekben a calciopoli. Id\u0151r\u0151l id\u0151re el\u0151fordultak \u00e9rdekes esem\u00e9nyek a p\u00e1ly\u00e1n is, \u00e9s mivel ezekb\u0151l \u00e1ltal\u00e1ban a Juve j\u00f6tt ki j\u00f3l, a klubra \u00e9s a szurkol\u00f3ira lassan r\u00e1ragadt a Gobbo (P\u00fapos, \u00e1tvitt \u00e9rtelemben: szerencs\u00e9s) becen\u00e9v.\r\n\r\nA Juve-szurkol\u00f3 ezekre a v\u00e1dakra azonban csak legyint, torin\u00f3i n\u00e9z\u0151pontb\u00f3l ugyanis a calcio t\u00f6rt\u00e9nete \u00fagy fest, hogy aki gy\u0151zni akar, annak a sz\u00fcrke z\u00f3n\u00e1ban is a legjobbnak kell lennie.\r\n\r\n<span class=\"highlight-block\">\u00c9s a Juventus, amit p\u00e1nolasz divat teli sz\u00e1jjal csal\u00f3zni, ott is a legjobb akart lenni. <\/span>\r\n\r\nEgy\u00e9bk\u00e9nt is: a torin\u00f3iakat soha nem \u00edt\u00e9lt\u00e9k el bund\u00e1z\u00e1s\u00e1\u00e9rt (m\u00e1rmint a Juv\u00e9t, mert a Tor\u00f3t\u00f3l vettek el bajnoki c\u00edmet ilyesmi\u00e9rt), mik\u00f6zben a Milan \u00e9s a Lazio a m\u00e1sodoszt\u00e1lyba ker\u00fclt ilyen b\u0171n\u00f6k\u00e9rt, Allodi \u00e9s Solti az Intern\u00e9l kezdte meg hasonl\u00f3an eredm\u00e9nyes tev\u00e9kenys\u00e9g\u00e9t, a hatvanas \u00e9vekben mindenki k\u00e9tpof\u00e1ra tolta a doppingszereket, a Calciopoli pedig nem volt t\u00f6bb koncepci\u00f3s pern\u00e9l, amit a Juve kiny\u00edr\u00e1s\u00e1ra h\u00edvtak \u00e9letre az ellen\u00e9rdekeltek.\r\n\r\nIgazs\u00e1got nem tudunk tenni ebben a cikkben. Nem fogjuk tudni eld\u00f6nteni, hogy a r\u00f3mai bajnoki c\u00edmet \u00edg\u00e9r\u0151 <strong>Turone<\/strong>-fejes lesr\u0151l v\u00e1g\u00f3dott-e a Juve kapuj\u00e1ba 1981 tavasz\u00e1n, hogy jogosak-e a Fiorentina sir\u00e1mai k\u00e9t \u00e9vvel k\u00e9s\u0151bbr\u0151l, hogy a p\u00e1lya sz\u00e9l\u00e9r\u0151l \u00f6z\u00f6nl\u0151 torin\u00f3i szurkol\u00f3k zavart\u00e1k-e az Inter j\u00e1t\u00e9kosait 1961-ben, vagy hogy b\u00fcntet\u0151 j\u00e1rt-e volna a klasszikus <strong>Iuliano\u2013Ronaldo<\/strong> \u00fctk\u00f6z\u00e9s\u00e9rt 1998-ban.\r\n\r\nAnnyit azonban m\u00e1r a legfrissebb fejlem\u00e9nyek t\u00fckr\u00e9ben is ki lehet jelenteni, hogy nem z\u00f6r\u00f6g a haraszt\u2026 Az Agnelli-dinasztia legut\u00f3bbi Juve-eln\u00f6ke, Andrea 2023-ban dicstelen\u00fcl, k\u00f6nyvel\u00e9si \u00e9s klubmenedzsel\u00e9si anom\u00e1li\u00e1k miatt volt k\u00e9nytelen t\u00e1vozni a klubt\u00f3l. A legend\u00e1s eln\u00f6k, Gianni unoka\u00f6ccse tal\u00e1n az utols\u00f3 lesz az Agnellik sor\u00e1ban, mert\r\n\r\n<span class=\"highlight-block-small\">a h\u00edrek arr\u00f3l sz\u00f3lnak, hogy a csal\u00e1d sz\u00e1z \u00e9v ut\u00e1n kisz\u00e1ll a futballklub finansz\u00edroz\u00e1s\u00e1b\u00f3l.<\/span>\r\n\r\n[caption id=\"attachment_9641\" align=\"alignnone\" width=\"3000\"]<img class=\"wp-image-9641 size-full\" src=\"https:\/\/sport24.24.hu\/app\/uploads\/sites\/24\/2023\/07\/andrea-agnelli.jpg\" alt=\"\" width=\"3000\" height=\"2000\" \/> Andrea lehet az utols\u00f3 Agnelli a Juventus \u00e9l\u00e9n.[\/caption]\r\n\r\nMindenesetre besz\u00e9des t\u00e9ny, hogy hossz\u00fa id\u0151 ut\u00e1n az id\u00e9n v\u00e9ge szakadt az egyik legaranyosabb torin\u00f3i hagyom\u00e1nynak: az Agnelli csal\u00e1d birtok\u00e1n, Villar Perosa apr\u00f3 falucsk\u00e1j\u00e1ban minden bajnoki szezon el\u0151tt \u00f6sszej\u00f6tt a Juventus csal\u00e1d, \u00e9s a feln\u0151tt csapat lej\u00e1tszott egy meccset az ificsapat ellen. Lehet, az volt a baj, hogy az utols\u00f3 Agnelli \u00e1ld\u00e1sos tev\u00e9kenys\u00e9g\u00e9nek h\u00e1la jelenleg t\u00fals\u00e1gosan k\u00f6nny\u0171 \u00f6sszekeverni a feln\u0151ttcsapatot az ifik\u00e9vel.\r\n\r\n[prefabricated_shortcode in_app=\"0\" code=\"%3Cdiv%20class%3D%22article_box_border%22%20style%3D%22background%3A%20url%28%27https%3A%2F%2F24.p3k.hu%2Fapp%2Fuploads%2Fsites%2F24%2F2021%2F05%2Fsport24-pattern.png%27%29%20no-repeat%20left%20-16px%20%23f3f3f4%3B%20border%3A%20none%3B%22%3E%0D%0A%3Cdiv%20class%3D%22article_solidheader%22%3E%0D%0A%3Ch2%20style%3D%22color%3A%20%23111115%21important%3B%20font-size%3A%2036px%3B%20font-weight%3A%20bold%3B%20margin-bottom%3A%2030px%3B%20margin-top%3A%2020px%3B%20text-align%3A%20center%3B%20line-height%3A%2036px%3B%22%3E%3Cimg%20class%3D%22aligncenter%20size-full%20wp-image-141%22%20src%3D%22https%3A%2F%2F24.p3k.hu%2Fapp%2Fuploads%2Fsites%2F24%2F2021%2F05%2Fs24-logo-dt.png%22%20alt%3D%22%22%20width%3D%22408%22%20height%3D%2290%22%20%2F%3E%3C%2Fh2%3E%0D%0A%3Ch2%20style%3D%22color%3A%20%23111115%21important%3B%20font-size%3A%2036px%3B%20font-weight%3A%20bold%3B%20margin-bottom%3A%2030px%3B%20margin-top%3A%2020px%3B%20text-align%3A%20center%3B%20line-height%3A%2040px%3B%22%3ECsatlakozz%20a%20Sport24%20k%C3%B6z%C3%B6ss%C3%A9ghez%2C%20mondd%20el%20v%C3%A9lem%C3%A9nyedet%20z%C3%A1rt%20Facebook-csoportunkban%2C%20%C3%A9s%20vegy%C3%A9l%20r%C3%A9szt%20csak%20el%C5%91fizet%C5%91knek%20el%C3%A9rhet%C5%91%20exkluz%C3%ADv%20esem%C3%A9nyeinken.%3C%2Fh2%3E%0D%0A%3C%2Fdiv%3E%0D%0A%3Cp%20style%3D%22background%3A%20%2357A600%3B%20margin-top%3A%2020px%3B%20padding%3A%2020px%3B%20text-align%3A%20center%3B%22%3E%3Ca%20style%3D%22color%3A%20%23ffffff%3B%20font-size%3A%2026px%3B%20font-weight%3A%20600%3B%22%20href%3D%22https%3A%2F%2Fwww.facebook.com%2Fgroups%2F212344460412327%22%3ECSATLAKOZOM%3C%2Fa%3E%3C%2Fp%3E%0D%0A%0D%0A%3C%2Fdiv%3E\"]","type":"rich","thumbnail_url":"https:\/\/s.24.hu\/app\/uploads\/sites\/24\/2023\/07\/gettyimages-1132252780-masolat-150x150.jpg","thumbnail_width":150,"thumbnail_height":150}