{"version":"1.0","provider_name":"Sport24","provider_url":"https:\/\/sport24.24.hu","author_name":"Pinc\u00e9si L\u00e1szl\u00f3","author_url":"https:\/\/sport24.24.hu\/author\/pincesil\/","title":"Nem a semmib\u0151l j\u00f6tt a Klaksv\u00edk elleni tan\u00e1cstalan Fradi-j\u00e1t\u00e9k","html":"A Ferencv\u00e1ros tavalyi nemzetk\u00f6zi kupaszerepl\u00e9se az \u00fajkori magyar futballban nyugodtan t\u00f6rt\u00e9nelminek nevezhet\u0151, hiszen k\u00f6zel h\u00fasz \u00e9v ut\u00e1n els\u0151 magyar csapatk\u00e9nt siker\u00fclt eljutnia valamely nemzetk\u00f6zi kupa tavaszi, egyenes kies\u00e9ses szakasz\u00e1ba. B\u00e1r a nyolcadd\u00f6nt\u0151ben Leverkusen viszonylag sim\u00e1n gy\u0151zedelmeskedett, a csoportk\u00f6rb\u0151l val\u00f3 tov\u00e1bbjut\u00e1st mindenk\u00e9ppen \u00e9rt\u00e9kelni kellett.\r\n\r\nA tavalyi szezonnal bez\u00e1r\u00f3lag a Fradi zsin\u00f3rban \u00f6t\u00f6dsz\u00f6r nyerte meg a magyar bajnoks\u00e1got, mik\u00f6zben sorozatban negyedszer jutott be valamelyik eur\u00f3pai kupa csoportk\u00f6r\u00e9be. Jogos c\u00e9lkit\u0171z\u00e9snek t\u0171nt teh\u00e1t, hogy a z\u00f6ld-feh\u00e9rek 2020 ut\u00e1n ism\u00e9t a Bajnokok Lig\u00e1ja f\u0151t\u00e1bl\u00e1j\u00e1ra jussanak.\r\n\r\n<span class=\"highlight-block-small\">Balj\u00f3s el\u0151jelek azonban m\u00e1r a tavalyi id\u00e9ny v\u00e9ge fel\u00e9 is voltak.<\/span>\r\n\r\nA Leverkusen elleni kies\u00e9st k\u00f6vet\u0151en a csapat teljes\u00edtm\u00e9nye a bajnoks\u00e1gban visszaesett: a h\u00e1tral\u00e9v\u0151 t\u00edz bajnokib\u00f3l csak n\u00e9gyet siker\u00fclt megnyerni, az utols\u00f3 h\u00e1rmat elvesz\u00edtve. Az \u0151sszel felhalmozott tetemes el\u0151ny a t\u00e1bl\u00e1zat \u00e9l\u00e9n \u00edgy sem forgott vesz\u00e9lyben, \u00e9s a Fradi v\u00e9g\u00fcl hat ponttal z\u00e1rt a Kecskem\u00e9t el\u0151tt.\r\n\r\nAz \u00e1tigazol\u00e1si piacon is rengeteg mozg\u00e1s t\u00f6rt\u00e9nt tavaly \u00f3ta: hogy m\u00e1st ne mondjunk, <strong>Aissa Laaidouni<\/strong> szem\u00e9ly\u00e9ben m\u00e1r a t\u00e9len t\u00e1vozott a csapat egyik kulcsj\u00e1t\u00e9kosa, mik\u00f6zben a k\u00f6z\u00e9pp\u00e1lya m\u00e1sik alapembere, <strong>V\u00e9csei B\u00e1lint<\/strong> sem hosszabb\u00edtotta meg lej\u00e1r\u00f3 szerz\u0151d\u00e9s\u00e9t.\r\n\r\nId\u00e9n ny\u00e1ron a Fradi nem kevesebb, mint kilenc \u00faj j\u00e1t\u00e9kost igazolt, t\u00f6bbek k\u00f6z\u00f6tt a debreceni <strong>Bar\u00e1th P\u00e9tert<\/strong> \u2013 aki a tavaszt k\u00f6lcs\u00f6nben m\u00e1r a klubn\u00e1l t\u00f6lt\u00f6tte \u2013 \u00e9s a paksi <strong>Varga Barnab\u00e1st.<\/strong> A legfontosabb szem\u00e9lyi v\u00e1ltoz\u00e1sok teh\u00e1t a csapat tengely\u00e9ben t\u00f6rt\u00e9ntek, ahol az \u00f6sszeszokotts\u00e1g rendk\u00edv\u00fcl fontos.\r\n\r\nIlyen el\u0151jelekkel v\u00e1gott neki az egy\u00fcttes a fer\u00f6eri odav\u00e1g\u00f3nak, ahol az el\u0151z\u0151 id\u00e9ny v\u00e9g\u00e9n tapasztalt gyeng\u00e9bb forma folytat\u00f3dni l\u00e1tszott. B\u00e1r <strong>Sztanyiszlav Csercseszov<\/strong> csapat\u00e1nak dolg\u00e1t sz\u00e1mos olyan t\u00e9nyez\u0151 h\u00e1tr\u00e1ltatta, mint az alacsony h\u0151m\u00e9rs\u00e9klet \u00e9s a szokottn\u00e1l keskenyebb m\u0171f\u00fcves p\u00e1lya, a Fradi j\u00e1t\u00e9ka ennek ellen\u00e9re m\u00e1r az odav\u00e1g\u00f3n is \u00f6tlettelennek t\u0171nt.\r\n\r\nSzakmailag a k\u00e9t m\u00e9rk\u0151z\u00e9st ak\u00e1r egyben is elemezhetj\u00fck, hiszen a magyar bajnok j\u00e1t\u00e9ka mindk\u00e9t m\u00e9rk\u0151z\u00e9sen k\u00eds\u00e9rtetiesen hasonl\u00f3 k\u00e9pet mutatott. A fer\u00f6eri bajnoks\u00e1got 100 sz\u00e1zal\u00e9kos m\u00e9rleggel vezet\u0151 K\u00cd Klasv\u00edk m\u00e1r az odav\u00e1g\u00f3n is fegyelmezett, kompakt 5-4-1-es v\u00e9delmi blokkal v\u00e1rta a ferencv\u00e1rosiakat. a f\u0151 c\u00e9l a saj\u00e1t t\u00e9rfel\u00fck lev\u00e9d\u00e9se volt, csak id\u0151szakosan l\u00e9ptek feljebb egy-egy rossz labda\u00e1tv\u00e9telre vagy h\u00e1tra passzra.\r\n\r\nA Fradi \u00edgy legink\u00e1bb a p\u00e1lya k\u00f6zep\u00e9n, a k\u00e9t bels\u0151 v\u00e9d\u0151 k\u00f6z\u00f6tt tudta j\u00e1ratni a labd\u00e1t, hiszen a kock\u00e1zatos centr\u00e1lis felpasszok szinte minden esetben labdaveszt\u00e9ssel v\u00e9gz\u0151dtek. Nagy probl\u00e9ma volt, hogy a p\u00e1lya egyik sz\u00e9l\u00e9t sem siker\u00fclt megfelel\u0151en bej\u00e1tszani. B\u00e1r a sz\u00e9leket a Fradi a megszokott m\u00f3don t\u00f6bbsz\u00f6r pr\u00f3b\u00e1lta t\u00faltel\u00edteni, a j\u00e1t\u00e9kosok legink\u00e1bb szabadon, kev\u00e9sb\u00e9 szigor\u00fa strukt\u00far\u00e1ban helyezkedtek.\r\n\r\nEz a megk\u00f6zel\u00edt\u00e9s j\u00f3l m\u0171k\u00f6dhet egy\u00e9nileg nagyon k\u00e9pzett vagy r\u00e9g\u00f3ta egy\u00fctt j\u00e1tsz\u00f3 t\u00e1mad\u00f3k eset\u00e9n, \u00e1m ebben a p\u00e1rharcban a magyar bajnok egyiket sem tudta felmutatni. L\u00e1tszott, hogy az \u00faj kezd\u0151csapat m\u00e9g nincs teljesen \u00f6sszeszokva, illetve egy\u00e9nileg sem akadt olyan j\u00e1t\u00e9kos, aki hat\u00e9kony cselez\u00e9ssel egy az egyben meg tudta volna verni k\u00f6zvetlen ellenfel\u00e9t.\r\n\r\n<!--more-->\r\n\r\nA bajokat tov\u00e1bb tet\u00e9zte, hogy labdabirtokl\u00e1sban Csercseszov csapat\u00e1nak sokszor nem is volt jobboldala: <strong>Botka<\/strong> ink\u00e1bb befel\u00e9 helyezkedett, hogy az ellenf\u00e9l esetleges kontr\u00e1it lev\u00e9dekezze, m\u00edg a pap\u00edron jobbsz\u00e9ls\u0151 <strong>Zachariassen<\/strong> gyakorlatban ink\u00e1bb k\u00f6z\u00e9pre vagy esetlegesen a p\u00e1lya bal oldal\u00e1ra mozgott, hogy r\u00e9szt vegyen az eml\u00edtett t\u00falt\u00f6lt\u00e9sekben. Ha volt is j\u00e1t\u00e9kos a jobb oldalvonal mellett, a bal oldalon helyezked\u0151 t\u00e1rsak miatt rendk\u00edv\u00fcl elszigetelve, vagy kifel\u00e9 mozogva, rossz testpoz\u00edci\u00f3ban kapott labd\u00e1t.\r\n\r\nA fer\u00f6eriek 5-4-1-es v\u00e9dekez\u00e9se r\u00e1ad\u00e1sul \u00e9ppen a kapu el\u0151tti ter\u00fcletek lev\u00e9d\u00e9sre volt a legalkalmasabb, sz\u00e9less\u00e9gben \u00e9s m\u00e9lys\u00e9gben is egyar\u00e1nt.\r\n\r\n[caption id=\"attachment_9591\" align=\"alignnone\" width=\"1280\"]<img class=\"size-full wp-image-9591\" src=\"https:\/\/sport24.24.hu\/app\/uploads\/sites\/24\/2023\/07\/ftckla1.png\" alt=\"\" width=\"1280\" height=\"720\" \/> Jobb oldali labdabirtokl\u00e1s az odav\u00e1g\u00f3n. A Fradinak gyakorlatilag nincs jobb oldala. Botka t\u00fal m\u00e9lyen helyezkedik, Zachariassen pedig k\u00f6z\u00e9pre mozog, \u00edgy vissza kell j\u00e1ratni a labd\u00e1t[\/caption]\r\n\r\n[caption id=\"attachment_9592\" align=\"alignnone\" width=\"1280\"]<img class=\"size-full wp-image-9592\" src=\"https:\/\/sport24.24.hu\/app\/uploads\/sites\/24\/2023\/07\/ftckla2.png\" alt=\"\" width=\"1280\" height=\"720\" \/> Bal oldali labdabirtokl\u00e1s az els\u0151 m\u00e9rk\u0151z\u00e9sen. A Fradi t\u00falt\u00f6lti j\u00e1t\u00e9kosokkal a labda oldal\u00e1t, de mindenki egy helyben \u00e1ll, vagy a labda fel\u00e9 mozog, senki nem indul be a v\u00e9delembe. Esiti azt\u00e1n k\u00e9nytelen \u00e1t\u00edvelni a m\u00e1sik oldalra[\/caption]\r\n\r\nEzek a probl\u00e9m\u00e1k od\u00e1ig vezettek, hogy az egyetlen t\u00e1mad\u00f3 fegyver a Varga Barnab\u00e1s fej\u00e9re val\u00f3 \u00f6tlettelen be\u00edvelget\u00e9s maradt, m\u00edg a fer\u00f6eriek, k\u00fcl\u00f6n\u00f6sen r\u00f6gz\u00edtett helyzetekb\u0151l, t\u00f6bbsz\u00f6r is vesz\u00e9lyeztettek. Kevesebb l\u00f6v\u00e9sb\u0151l is k\u00f6zel annyi helyzetet dolgoztak ki, mint a Ferencv\u00e1ros.\r\n\r\n<img class=\"alignnone size-full wp-image-9593\" src=\"https:\/\/sport24.24.hu\/app\/uploads\/sites\/24\/2023\/07\/ftckla3.jpg\" alt=\"\" width=\"1100\" height=\"1296\" \/>\r\n\r\nA visszav\u00e1g\u00f3ra Csercseszov n\u00e9h\u00e1ny helyen v\u00e1ltoztatott a kezd\u0151csapaton. A v\u00e9delembe az \u00faj igazol\u00e1s <strong>Ciss\u00e9<\/strong> helyett ez\u00fattal <strong>Knoester<\/strong> ker\u00fclt be Botka, <strong>Sammy Mmaee<\/strong> \u00e9s <strong>Civic<\/strong> mell\u00e9, a k\u00f6z\u00e9pp\u00e1ly\u00e1n <strong>Esiti<\/strong> helyett egy m\u00e1sik \u00faj szerzem\u00e9ny, az izraeli <strong>Abu Fani<\/strong> lett Bar\u00e1th p\u00e1rja, el\u00f6l pedig <strong>Marquinhos<\/strong> helyett <strong>Gojak<\/strong> l\u00e9pett p\u00e1ly\u00e1ra Zachariassen, <strong>Traor\u00e9<\/strong> \u00e9s Varga mellett.\r\n\r\nA m\u00e9rk\u0151z\u00e9s eleje hidegzuhanyt hozott: Civic rossz \u00fctem\u0171 bel\u00e9p\u0151je ut\u00e1n b\u00fcntet\u0151b\u0151l <strong>Arni Frederiksberg<\/strong> nyolc perc ut\u00e1n vezet\u00e9st szerzett. A j\u00e1t\u00e9k k\u00e9pe a visszav\u00e1g\u00f3n is t\u00f6k\u00e9letesen megism\u00e9tl\u0151d\u00f6tt: a Klaksv\u00edk szigor\u00faan \u00e9s z\u00e1rtan, id\u0151vel egyre m\u00e9lyebben v\u00e9dekezett, a Fradi pedig a labda birtok\u00e1ban kil\u00e1t\u00e1stalanul szenvedett.\r\n\r\nA k\u00fcl\u00f6nbs\u00e9g az el\u0151z\u0151 meccshez k\u00e9pest legink\u00e1bb annyi volt, hogy a labda oldal\u00e1nak t\u00falt\u00f6lt\u00e9se helyett a ferencv\u00e1rosiak imm\u00e1r viszonylag egyenletesen helyezkedtek el a p\u00e1lya sz\u00e9less\u00e9gi z\u00f3n\u00e1iban.\r\n\r\n<span class=\"highlight-block-small\">Ezzel \u00f6nmag\u00e1ban nem is lett volna baj, hogy m\u00e1st ne mondjuk, <strong>Pep Guardiola<\/strong> is hasonl\u00f3 m\u00f3don szervezi meg csapata poz\u00edci\u00f3s j\u00e1t\u00e9k\u00e1t.<\/span>\r\n\r\nA Ferencv\u00e1ros azonban ez\u00fattal sem tudta a p\u00e1ly\u00e1t sz\u00e9less\u00e9gben \u00e9s m\u00e9lys\u00e9gben megfelel\u0151en kihaszn\u00e1lni. Ez\u00fattal is hi\u00e1nyoztak a megfelel\u0151 \u00fctemben v\u00e9grehajtott al\u00e1- \u00e9s m\u00f6g\u00e9 ker\u00fcl\u0151 beindul\u00e1sok. A Fradi ennek k\u00f6vetkezt\u00e9ben hossz\u00e1ban sem haszn\u00e1lta ki teljesen a p\u00e1ly\u00e1t: nem volt senki, aki egy az egy elleni j\u00e1t\u00e9kot felv\u00e1llalva az alapvonalig visszah\u00fazta volna az ellenf\u00e9l v\u00e9dekez\u00e9s\u00e9t, hogy azt\u00e1n egy visszagur\u00edt\u00e1ssal megj\u00e1tssza a m\u00e1sodik vonalban \u00e9rkez\u0151ket. T\u00e9ny, hogy a kapu h\u00faszm\u00e9teres k\u00f6rzet\u00e9t hermetikusan lez\u00e1r\u00f3 ellenf\u00e9l v\u00e9d\u0151pajzs\u00e1n m\u00e9g \u00edgy is nehezen lehet r\u00e9st \u00fctni, \u00e1m kell\u0151en nagysz\u00e1m\u00fa ilyen pr\u00f3b\u00e1lkoz\u00e1s egy-k\u00e9t alkalommal val\u00f3sz\u00edn\u0171leg sikeresebb lett volna.\r\n\r\n[caption id=\"attachment_9594\" align=\"alignnone\" width=\"1280\"]<img class=\"size-full wp-image-9594\" src=\"https:\/\/sport24.24.hu\/app\/uploads\/sites\/24\/2023\/07\/ftckla4.png\" alt=\"\" width=\"1280\" height=\"720\" \/> Jobb oldali labdabirtokl\u00e1s a visszav\u00e1g\u00f3n. Botka t\u00fal m\u00e9lyen helyezkedik, \u00edgy es\u00e9lye sincs sz\u00e9th\u00fazni a v\u00e9delmet, a visszaz\u00e1r\u00f3 fer\u00f6eri k\u00f6z\u00e9pp\u00e1ly\u00e1s kil\u00e9p r\u00e1. Zachariassen a labda fel\u00e9 mozog, \u00edgy rossz testpoz\u00edci\u00f3ban kapja meg. Botka hi\u00e1ba indul meg, Zachariassen csak h\u00e1trafel\u00e9 (Bar\u00e1th egy pillanatra nem l\u00e1tszik a k\u00e9pen) tud passzolni[\/caption]\r\n\r\n[caption id=\"attachment_9595\" align=\"alignnone\" width=\"1280\"]<img class=\"size-full wp-image-9595\" src=\"https:\/\/sport24.24.hu\/app\/uploads\/sites\/24\/2023\/07\/ftckla5.png\" alt=\"\" width=\"1280\" height=\"720\" \/> Bal oldali labdabirtokl\u00e1s a visszav\u00e1g\u00f3n. Mivel Civic nem ter\u00fcletbe, hanem l\u00e1bra kapja a labd\u00e1t, \u00edgy csak cselez\u00e9ssel tudn\u00e1 az alapvonalat t\u00e1madni. \u0150 ink\u00e1bb befel\u00e9 passzol, Traor\u00e9 azonban nem tud kapura fordulni[\/caption]\r\n\r\nA labd\u00e1t mind\u00f6ssze 26 sz\u00e1zal\u00e9kban birtokl\u00f3 vend\u00e9gek kev\u00e9s alkalommal l\u00e9pt\u00e9k \u00e1t labd\u00e1val a saj\u00e1t t\u00e9rfel\u00fcket, \u00e1m szinte minden kontr\u00e1juk vesz\u00e9llyel fenyegetett. Ahogy Botka \u00e9s Civic egyre messzebb fell\u00e9pett az ellenf\u00e9l t\u00e9rfel\u00e9re, \u00e9s a Mmaee, Knoester p\u00e1ros is egyre t\u00f6bbsz\u00f6r l\u00e9pett be a labd\u00e1val a f\u00e9lp\u00e1ly\u00e1n t\u00falra, \u00fagy lettek az esetleges fer\u00f6eri kontr\u00e1k egyre vesz\u00e9lyesebbek.\r\n\r\n[caption id=\"attachment_9596\" align=\"alignnone\" width=\"1280\"]<img class=\"size-full wp-image-9596\" src=\"https:\/\/sport24.24.hu\/app\/uploads\/sites\/24\/2023\/07\/ftckla6.png\" alt=\"\" width=\"1280\" height=\"720\" \/> Egy forgat\u00e1s ut\u00e1n a Fradi a saj\u00e1t t\u00e9rfel\u00e9n vesz\u00edt labd\u00e1t, a fer\u00f6eriek lend\u00fcletb\u0151l kontr\u00e1zhatnak. Joensen az alapvonalr\u00f3l gur\u00edt vissza Pavlovichoz, aki a t\u00faloldalt \u00e9rkez\u0151 Frederiksberggel r\u00fagat g\u00f3lt. Nem rosszul eltal\u00e1lt labda, hanem tudatos g\u00f3lpassz[\/caption]\r\n\r\n[caption id=\"attachment_9597\" align=\"alignnone\" width=\"1280\"]<img class=\"size-full wp-image-9597\" src=\"https:\/\/sport24.24.hu\/app\/uploads\/sites\/24\/2023\/07\/ftckla7.png\" alt=\"\" width=\"1280\" height=\"720\" \/> A Fradi most az ellenf\u00e9l t\u00e9rfel\u00e9n vesz\u00edt labd\u00e1t, a strukt\u00fara nem alkalmas a visszat\u00e1mad\u00e1sra. Pavlovic passz\u00e1b\u00f3l Frederiksen szabadon ind\u00edthat, Kassi lefutja a k\u00e9t magasan helyezked\u0151 v\u00e9d\u0151t \u00e9s Dibusz seg\u00edts\u00e9g\u00e9vel a h\u00e1l\u00f3ba l\u0151[\/caption]\r\n\r\nA m\u00e1sodik f\u00e9lid\u0151t r\u00e9szletesen elemezni szinte felesleges, a p\u00e1ly\u00e1ra l\u00e9p\u0151 <strong>Makreckis, Romdhane, Lisztes, Kwabena<\/strong> \u00e9s Marquinhos be\u00e1ll\u00e1sa sem v\u00e1ltoztatott semmit a j\u00e1t\u00e9k k\u00e9p\u00e9n. A Ferencv\u00e1ros a 71. percben (!) tal\u00e1lta el el\u0151sz\u00f6r fer\u00f6eri ellenfele kapuj\u00e1t.\r\n\r\nAz xG-mutat\u00f3 is j\u00f3l t\u00fckr\u00f6zi mindeszt: ha a b\u00fcntet\u0151t nem vessz\u00fck figyelembe, a fer\u00f6eri csapat akkor is nagyj\u00e1b\u00f3l a hazaiakkal egyenl\u0151 xG-mutat\u00f3t tudott l\u00e9trehozni, m\u00e9gpedig j\u00f3val kevesebb l\u00f6v\u00e9sb\u0151l. Ami m\u00e9g gyal\u00e1zatosabb: akci\u00f3b\u00f3l (xG open play) a fer\u00f6eriek messze magasabb min\u0151s\u00e9g\u0171 helyzeteket produk\u00e1ltak.\r\n\r\n<img class=\"alignnone size-full wp-image-9598\" src=\"https:\/\/sport24.24.hu\/app\/uploads\/sites\/24\/2023\/07\/ftckla8.jpg\" alt=\"\" width=\"1100\" height=\"1299\" \/>\r\n\r\n<span class=\"highlight-block-small\">Hihetetlen\u00fcl hangzik, de le kell \u00edrni: a K\u00cd Klaksv\u00edk teljesen meg\u00e9rdemelten gy\u0151zte le a magyar bajnokot, hiszen mindk\u00e9t m\u00e9rk\u0151z\u00e9sen \u00e9rv\u00e9nyes\u00fclt az akarata.<\/span>\r\n\r\nA m\u00e9rk\u0151z\u00e9s ut\u00e1n <strong>Kubatbov G\u00e1bor<\/strong> klubeln\u00f6k azonnali hat\u00e1llyal menesztette Csercseszovot, \u00edgy a Konferencia Liga selejtez\u0151iben m\u00e1r az eddigi m\u00e1sodedz\u0151, <strong>M\u00e1t\u00e9 Csaba<\/strong> <a href=\"https:\/\/rangado.24.hu\/magyar_foci\/2023\/07\/20\/ftc-mate-csaba-az-uj-edzo\/\">ir\u00e1ny\u00edtja a csapatot<\/a>.\r\n\r\n\u00c9rdemes visszaeml\u00e9kezni arra, hogy a Csercseszov-f\u00e9le Fradinak a fel\u00e1llt fal elleni j\u00e1t\u00e9k sosem volt az er\u0151ss\u00e9ge. M\u00e1r az \u00e9rkez\u00e9sekor <a href=\"https:\/\/sport24.24.hu\/foci\/2021\/12\/23\/sztanyiszlav-csercseszov-vezetoedzo-ferencvaros-elemzes\/\">meg\u00edrtuk<\/a>, hogy csapatai legink\u00e1bb a fegyelmezett v\u00e9dekez\u00e9sr\u0151l \u00e9s a kollekt\u00edv, \u00e1m kev\u00e9sb\u00e9 kombinat\u00edv harcmodorr\u00f3l ismertek, mik\u00f6zben a Fradinak legal\u00e1bb a magyar bajnoks\u00e1gban (\u00e9s term\u00e9szetesen egy fer\u00f6eri t\u00edpus\u00fa nemzetk\u00f6zi ellenf\u00e9l ellen is) labd\u00e1val kellene domin\u00e1lnia.\r\n\r\nA fel\u00e1llt fal elleni j\u00e1t\u00e9kkal szinte az \u00f6sszes fontosabb m\u00e9rk\u0151z\u00e9sen probl\u00e9m\u00e1i voltak a csapatnak (p\u00e9ld\u00e1ul a Slovan \u00e9s a Qarabag ellen), mik\u00f6zben a csoportk\u00f6r legnagyobb sikereit (a Monaco \u00e9s a Crvena zvezda ellen) szinte kiv\u00e9tel n\u00e9lk\u00fcl m\u00e1sodik sz\u00e1nd\u00e9k\u00fa kontrafutballal siker\u00fclt el\u00e9rni.\r\n\r\n<span class=\"highlight-block-small\">A Csercseszov-korszak eg\u00e9sz\u00e9t n\u00e9zve teh\u00e1t a Klaksv\u00edk elleni tan\u00e1cstalan j\u00e1t\u00e9k nem a semmib\u0151l k\u00f6vetkezett, hanem b\u0151ven voltak el\u0151zm\u00e9nyei.<\/span>\r\n\r\nNyilv\u00e1n a h\u00e1rom kapott g\u00f3lt balszerencs\u00e9vel is lehetne magyar\u00e1zni, \u00e1m ki kell mondani: a mostanra kialakult j\u00e1t\u00e9koskeret ezzel a j\u00e1t\u00e9kelk\u00e9pzel\u00e9ssel biztosan nem \u00e1llt volna k\u00e9szen a Bajnokok Lig\u00e1ja csoportk\u00f6r\u00e9re.","type":"rich","thumbnail_url":"https:\/\/s.24.hu\/app\/uploads\/sites\/24\/2023\/07\/ftc-150x150.jpg","thumbnail_width":150,"thumbnail_height":150}