{"version":"1.0","provider_name":"Sport24","provider_url":"https:\/\/sport24.24.hu","author_name":"Fut\u00f3 Csaba","author_url":"https:\/\/sport24.24.hu\/author\/futocs\/","title":"A folyton \u00edvelget\u0151 l\u00fazerek a m\u00falt, az angol fiatalok Eb-gy\u0151zelme m\u00e1r nem is meglepet\u00e9s","html":"<blockquote>Megvan az oka annak, hogy mi\u00e9rt nem nyert\u00fcnk 37 \u00e9ve, \u00e9s mi\u00e9rt nem \u00e9rt\u00fcnk el olyan eredm\u00e9nyeket, amilyeneket szerett\u00fcnk volna, hiszen az els\u0151dleges c\u00e9lunk az, hogy min\u00e9l t\u00f6bb j\u00e1t\u00e9kost adjunk Gareth (Southgate) csapat\u00e1hoz.<\/blockquote>\r\n<strong>Aidy Boothroyd<\/strong>, az angol u21 -es v\u00e1logatott el\u0151z\u0151 kapit\u00e1nya nyilatkozta ezt alig k\u00e9t \u00e9vvel ezel\u0151tt, amikor az angol csapat sorozatban m\u00e1sodszor nem tudott tov\u00e1bbjutni a csoportj\u00e1b\u00f3l az Eur\u00f3pa-bajnoks\u00e1gon. A sajt\u00f3 \u00e9s a szurkol\u00f3k \u00e1ltal rengeteget t\u00e1madott Boothroyd akkor ezzel menteget\u0151z\u00f6tt, s\u0151t, m\u00e9g \u201elehetetlen feladatnak\u201d is nevezte a munk\u00e1j\u00e1t. Nem v\u00e9letlen\u00fcl id\u00e9zik azt a nyilatkozatot most gyakran, hiszen alig k\u00e9t \u00e9vvel k\u00e9s\u0151bb egy \u00faj kapit\u00e1ny, <strong>Lee Carsley<\/strong> bebizony\u00edtotta, hogy a p\u00e1rhuzamos k\u00e9t c\u00e9lkit\u0171z\u00e9s \u2013 sikereket el\u00e9rni \u00e9s tehets\u00e9geket kinevelni <strong>Southgate<\/strong> csapat\u00e1nak \u2013 nem lehetetlen\u00edti el a m\u00e1sikat. Ehhez pedig m\u00e9g hozz\u00e1j\u00f6n, hogy abban az angol csapatban, amely k\u00e9t \u00e9ve csoportutols\u00f3k\u00e9nt v\u00e9gzett Portug\u00e1lia, Horv\u00e1torsz\u00e1g \u00e9s Sv\u00e1jc m\u00f6g\u00f6tt, ott j\u00e1tszott a mostani Eur\u00f3pa-bajnok csapat t\u00f6bb kulcsembere, \u00edgy <strong>Curtis Jones<\/strong>, <strong>Emile Smith-Rowe<\/strong> \u00e9s <strong>Noni Madueke<\/strong> is.\r\n\r\nT\u00e9ny, hogy Boothroyd val\u00f3ban teljesen alkalmatlan volt erre a feladatra, \u00e9s eg\u00e9szen elk\u00e9peszt\u0151, hogy ennek ellen\u00e9re hat \u00e9ven \u00e1t vezethette az angol u21-es v\u00e1logatottat, de hiba lenne a kor\u00e1bbi kudarcokat kiz\u00e1r\u00f3lag az \u0151 nyak\u00e1ba varrni (egy\u00e9bk\u00e9nt h\u00e1rom Eb-n vezette az angol v\u00e1logatottat, az els\u0151n az el\u0151d\u00f6nt\u0151ig jutott). Anglia ugyanis utolj\u00e1ra 1984-ben, azaz 39 \u00e9ve nyerte meg ezt a torn\u00e1t, ezalatt a d\u00f6nt\u0151be is csak egyszer jutott be, de sok k\u00f6sz\u00f6net abban sem volt: 2009-ben az <strong>\u00d6zil<\/strong>, <strong>Hummels<\/strong>, <strong>Khedira<\/strong> \u00e9s <strong>Neuer<\/strong> f\u00e9mjelezte n\u00e9metek n\u00e9gy-nullra gy\u0151zt\u00e9k le <strong>Stuart Pearce<\/strong> csapat\u00e1t.\r\n\r\nHa igaz\u00e1n \u00e9rz\u00e9keltetni szeretn\u00e9nk a kontrasztot az angol ut\u00e1np\u00f3tl\u00e1snevel\u00e9s m\u00faltja \u00e9s jelene k\u00f6z\u00f6tt, akkor \u00e9rdemes egym\u00e1s mell\u00e9 tenni azt a csapatot \u00e9s a mostanit. A 2009-es csapat kicsit gyeng\u00e9bb kiad\u00e1sban ugyan, de \u00fagy festett, ahogy a feln\u0151tt angol v\u00e1logatottat is sokszor l\u00e1thattuk vil\u00e1gversenyeken: zavarba hozhat\u00f3, technikailag k\u00e9pzetlen v\u00e9delem, m\u00f6g\u00f6tte egy bakira hajlamos kapussal; szorgalmas, sokat fut\u00f3, de legink\u00e1bb csak rombol\u00e1sra alkalmas k\u00f6z\u00e9pp\u00e1ly\u00e1sok, el\u00f6l pedig k\u00fcl\u00f6n\u00f6sebb koncepci\u00f3 n\u00e9lk\u00fcl pr\u00f3b\u00e1lkoz\u00f3 csat\u00e1rok, nulla t\u00e1mad\u00f3j\u00e1t\u00e9kkal, a g\u00f3lok nagy r\u00e9sz\u00e9t term\u00e9szetesen pontr\u00fag\u00e1sokb\u00f3l szerezt\u00e9k.\r\n\r\n<span class=\"highlight-block-small\">Ezzel szemben Carsley csapata m\u00e1r ugyan\u00fagy megbecs\u00fclte a labd\u00e1t, mint ahogy azt a spanyol v\u00e1logatott szokta, csak ut\u00f3bbival ellent\u00e9tben a g\u00f3lszerz\u00e9sr\u0151l sem feledkezett el, m\u00edg a v\u00e9delme jobban z\u00e1rt, mint a mindenkori olasz csapat\u00e9 \u2013 soha az u21-es Eb-k t\u00f6rt\u00e9nelm\u00e9ben nem volt csapat, amely mind a hat meccs\u00e9t kapott g\u00f3l n\u00e9lk\u00fcl j\u00e1tszotta volna v\u00e9gig, Angli\u00e1nak most ez is siker\u00fclt.<\/span>\r\n\r\nB\u00e1r k\u00e9t legnehezebb meccs\u00e9n a portug\u00e1lok \u00e9s a spanyolok is hosszabb ideig domin\u00e1lni tudt\u00e1k a j\u00e1t\u00e9kot, az angol v\u00e9delem v\u00e9gig magabiztosan \u00e1llt a l\u00e1b\u00e1n, \u00e9s a d\u00f6nt\u0151ben is hi\u00e1ba szerencs\u00e9s g\u00f3llal szereztek vezet\u00e9st, az angol kontr\u00e1k v\u00e9gig g\u00f3lvesz\u00e9lyesebbek voltak, mint a ziccereket kialak\u00edtani k\u00e9ptelen spanyolok egyre elkeseredettebb rohamai. <strong>James Traffordnak<\/strong> nem is volt igaz\u00e1n nagy v\u00e9denival\u00f3ja a d\u00f6nt\u0151ben \u2013 azt\u00e1n amikor az utols\u00f3 ut\u00e1ni percben tizenegyest kaptak a spanyolok, r\u00f6gt\u00f6n v\u00e9dett k\u00e9t \u00f3ri\u00e1sit. Ezek ut\u00e1n m\u00e9g v\u00e9gk\u00e9pp nem volt k\u00e9rd\u00e9s, melyik csapat \u00e9rdemel gy\u0151zelmet.\r\n\r\n<img class=\"alignnone size-full wp-image-9525\" src=\"https:\/\/sport24.24.hu\/app\/uploads\/sites\/24\/2023\/07\/james-trafford.jpg\" alt=\"\" width=\"2500\" height=\"1667\" \/>\r\n\r\nHa a teljes k\u00e9pet n\u00e9zz\u00fck, nyilv\u00e1nval\u00f3 lesz, hogy nem csak kapit\u00e1nyk\u00e9rd\u00e9sr\u0151l van sz\u00f3. Az angol koroszt\u00e1lyos v\u00e1logatottak 2014 \u00f3ta minden korcsoportban nyerni tudtak:\r\n<ul>\r\n \t<li>2014-ben az U17-es v\u00e1logatott megnyerte az Eur\u00f3pa-bajnoks\u00e1got,<\/li>\r\n \t<li>2017-ben megnyert\u00e9k az U17-es vil\u00e1gbajnoks\u00e1got,<\/li>\r\n \t<li>2017-ben \u00e9s 2022-ben az U19-es Eb-t,<\/li>\r\n \t<li>2017-ben pedig az U20-as vil\u00e1gbajnoks\u00e1got.<\/li>\r\n<\/ul>\r\n\u00d6sszehasonl\u00edt\u00e1sk\u00e9ppen az azt megel\u0151z\u0151 m\u00e1sf\u00e9l \u00e9vtizedben a k\u00fcl\u00f6nf\u00e9le angol ifj\u00fas\u00e1gi v\u00e1logatottak mind\u00f6ssze egyetlen U17-es Eb-gy\u0151zelmet tudtak \u00f6sszekaparni (2010-ben).\r\n\r\nEz m\u00e1r \u00f6nmag\u00e1ban v\u00e9szjelz\u00e9s volt a futballnagyhatalmi szerepre t\u00f6r\u0151 angol sz\u00f6vets\u00e9gn\u00e9l (FA), de j\u00f3val nagyobb pofont jelentett a feln\u0151tt nemzeti csapat szerepl\u00e9se, mely a <strong>Beckham<\/strong>, <strong>Scholes<\/strong>, <strong>Owen<\/strong>, <strong>Ferdinand<\/strong> f\u00e9mjelezte nemzed\u00e9k ki\u00f6reged\u00e9s\u00e9t k\u00f6vet\u0151en hossz\u00fa m\u00e9lyrep\u00fcl\u00e9sbe kezdett. Mindezt \u00fagy, hogy m\u00e9g ez a t\u00e1rsas\u00e1g, melyet id\u0151 el\u0151tt m\u00e1r aranygener\u00e1ci\u00f3nak ki\u00e1ltottak ki, sem tudott legal\u00e1bb a n\u00e9gy k\u00f6z\u00e9 jutni egyetlen nagy torn\u00e1n sem, a folytat\u00e1s azonban m\u00e9g kil\u00e1t\u00e1stalanabb volt: 2008-ban Anglia ki sem jutott az Eb-re, 2010-ben Capello csapat\u00e1t egy n\u00e9gyessel k\u00fcldt\u00e9k haza a n\u00e9metek a v\u00e9b\u00e9r\u0151l (egy \u00e9vvel az u21-es d\u00f6nt\u0151 ut\u00e1n), majd j\u00f6tt <strong>Roy Hodgson<\/strong>, de a tornam\u00e9rleg nem lett jobb. Nyilv\u00e1nval\u00f3 lett, hogy valamit az alapokn\u00e1l kell v\u00e1ltoztatni, mert az a m\u00f3dszer, amely kor\u00e1bban m\u00e9g <strong>Gerrardokat<\/strong>, <strong>Ashley<\/strong> \u00e9s <strong>Joe Cole<\/strong>-okat, vagy \u00e9ppen <strong>Rooney-kat<\/strong> eredm\u00e9nyezett, az most m\u00e1r kev\u00e9s. \u00c9s probl\u00e9m\u00e1k m\u00e1r az \u0151 idej\u00fckben is voltak, hiszen a sok vil\u00e1gklasszis ellen\u00e9re is technikai \u00e9s taktikai hi\u00e1nyoss\u00e1gokr\u00f3l besz\u00e9ltek az elemz\u0151k az angol v\u00e1logatottak j\u00e1t\u00e9ka l\u00e1tt\u00e1n. Id\u0151vel pedig az is egy\u00e9rtelm\u0171 lett, a fenti nevek ink\u00e1bb kiv\u00e9telek, mik\u00f6zben az angol ut\u00e1np\u00f3tl\u00e1s alapvet\u0151en korl\u00e1tozott k\u00e9pess\u00e9g\u0171 j\u00e1t\u00e9kosokat k\u00e9pes kitermelni, akik a nemzetk\u00f6zi \u00e9lvonalhoz m\u00e1r kevesek.\r\n<div class=\"payable-content-section\"><\/div>\r\n2011-ben Gareth Southgate kapta meg a feladatot, hogy dolgozzon ki egy fejleszt\u00e9si tervet az ut\u00e1np\u00f3tl\u00e1snevel\u00e9sben: akkoriban minden a friss v\u00e9b\u00e9gy\u0151ztes spanyol v\u00e1logatottr\u00f3l, illetve a csapat gerinc\u00e9t ad\u00f3 Barcelona p\u00e9ld\u00e1j\u00e1r\u00f3l sz\u00f3lt, \u00e9s a k\u00e9s\u0151bbi angol sz\u00f6vets\u00e9gi kapit\u00e1ny is hasznos\u00edtott n\u00e9h\u00e1ny elemet a spanyol-katal\u00e1n sikerreceptb\u0151l. Az egyik legfontosabb int\u00e9zked\u00e9s volt, hogy a 13 \u00e9ven aluliak szintj\u00e9ig nem engedt\u00e9k meg a gyerekeknek, hogy nagyp\u00e1ly\u00e1s, 11-11 elleni m\u00e9rk\u0151z\u00e9seket j\u00e1tsszanak, az\u00e9rt, hogy a j\u00e1t\u00e9kosokat min\u00e9l t\u00f6bbet tal\u00e1lkozzanak a labd\u00e1val. Egyre t\u00f6bb \u00faj szeml\u00e9let\u0171, progressz\u00edv edz\u0151 jelent meg az ut\u00e1np\u00f3tl\u00e1sk\u00e9pz\u00e9sben, \u00e9s 2012-ben megnyitotta kapuit a St. George\u2019s Park edz\u0151k\u00f6zpont, melyet a francia Clairfontaine mint\u00e1j\u00e1ra hoztak l\u00e9tre, \u00e9s amelynek c\u00e9lja, hogy az FA \u00e1ltal v\u00e9gzett valamennyi edz\u0151i \u00e9s fejleszt\u00e9si munka b\u00e1zisa legyen, \u00e9s az \u00f6sszes koroszt\u00e1lyos, illetve a nagy labdar\u00fag\u00f3-v\u00e1logatott edz\u00e9s\u00e9nek \u00e9s felk\u00e9sz\u00fcl\u00e9s\u00e9nek helysz\u00edne is egyben.\r\n\r\nAmellett, hogy az FA aj\u00e1nl\u00e1sokat \u00e9s ir\u00e1nyelveket fogalmazott meg a klubok sz\u00e1m\u00e1ra, az edz\u0151k\u00f6zpontban Southgate \u00e9s a technikai igazgat\u00f3, <strong>Dan Ashworth<\/strong> vezet\u00e9s\u00e9vel a v\u00e1logatott csapatok sz\u00e1m\u00e1ra is klubszer\u0171 k\u00f6rnyezetet alak\u00edtottak ki, \u00e9s megpr\u00f3b\u00e1ltak \u00faj identit\u00e1st teremteni a v\u00e1logatott csapatnak. Vagyis sokat tanultak m\u00e1s orsz\u00e1gokt\u00f3l is, de alapvet\u0151en m\u00e9gis saj\u00e1t utat kerestek.\r\n\r\n<span class=\"highlight-block-small\">T\u00f6bb mint egy \u00e9vtized eltelt\u00e9vel az eredm\u00e9nyek maguk\u00e9rt besz\u00e9lnek, nemcsak a koroszt\u00e1lyos, de a nagyv\u00e1logatott eset\u00e9ben is.<\/span>\r\n\r\n<strong>Greg Dyke<\/strong> 2013-ban az FA akkori eln\u00f6kek\u00e9nt azt a c\u00e9lt t\u0171zte ki a csapat el\u00e9, hogy fokozatos javul\u00e1st k\u00f6vet\u0151en (ezt siker\u00fclt teljes\u00edteni) nyerje meg a 2022-es vil\u00e1gbajnoks\u00e1got, \u00e9s ugyan ez ut\u00f3bbi nem j\u00f6tt \u00f6ssze, ma m\u00e1r nem k\u00e9rd\u00e9s, hogy az angol v\u00e1logatott ott van a vil\u00e1g leger\u0151sebb v\u00e1logatottjai k\u00f6z\u00f6tt. A csapat a tavalyi, katasztrof\u00e1lis Nemzetek Lig\u00e1ja-szerepl\u00e9st lesz\u00e1m\u00edtva folyamatos fejl\u0151d\u00e9s jeleit mutatja, \u00e9s akik l\u00e1tt\u00e1k a Southgate-csapat j\u00e1t\u00e9k\u00e1t a legut\u00f3bbi vil\u00e1gbajnoks\u00e1gon, azok m\u00e1r nem lep\u0151dhetnek meg azon sem, hogy az u21-es csapat is hasonl\u00f3an labdatart\u00e1sra \u00e9s pontos passzokra \u00e9p\u00fcl\u0151, kidolgozott t\u00e1mad\u00e1sokat hoz\u00f3 futballt j\u00e1tszik.\r\n\r\nAz u21-es gy\u0151zelem \u00e9rt\u00e9k\u00e9t n\u00f6veli, hogy a legjobb angol fiatalok \u2013 <strong>Jude Bellingham<\/strong>, <strong>Bukayo Saka<\/strong>, <strong>Phil Foden<\/strong> \u00e9s <strong>Conor Gallagher<\/strong> \u2013 nem lehettek jelen a torn\u00e1n, hiszen \u0151k m\u00e1r a nagycsapat alapemberei. S\u0151t, Carsley hetekkel a torna el\u0151tt vesz\u00edtette el a legjobb csat\u00e1r\u00e1t, <strong>Folarin Balogunt<\/strong>, aki ink\u00e1bb az USA nemzeti csapat\u00e1t v\u00e1lasztotta. Ez azonban v\u00e9g\u00fcl azt eredm\u00e9nyezte, hogy az angolok igazi befejez\u0151 csat\u00e1r n\u00e9lk\u00fcl j\u00e1tszottak: Carsley rendk\u00edv\u00fcl rugalmas rendszer\u00e9ben a sz\u00e9ls\u0151 <strong>Anthony Gordonra<\/strong> \u00e9s a t\u00e1mad\u00f3 k\u00f6z\u00e9pp\u00e1ly\u00e1s <strong>Morgan Gibbs-White-ra<\/strong> h\u00e1rult a feladat, hogy vezess\u00e9k a t\u00e1mad\u00e1sokat, de kivett\u00e9k ebb\u0151l a r\u00e9sz\u00fcket a t\u00f6bbiek is. Menet k\u00f6zben r\u00e1ad\u00e1sul s\u00e9r\u00fcl\u00e9s miatt kiesett a csapat addig tal\u00e1n legfontosabb j\u00e1t\u00e9kosa, <strong>Jacob Ramsey<\/strong> is, de a hely\u00e9n j\u00e1tsz\u00f3 Smith-Rowe hasonl\u00f3an j\u00f3 futballista benyom\u00e1s\u00e1t keltette.\r\n\r\n[caption id=\"attachment_9526\" align=\"alignnone\" width=\"3398\"]<img class=\"size-full wp-image-9526\" src=\"https:\/\/sport24.24.hu\/app\/uploads\/sites\/24\/2023\/07\/lee-carsley.jpg\" alt=\"\" width=\"3398\" height=\"2329\" \/> Az angol sz\u00f6vets\u00e9gi kapit\u00e1ny, Lee Carsley.[\/caption]\r\n\r\nKulcsfeladat h\u00e1rult a k\u00f6z\u00e9pp\u00e1ly\u00e1n Curtis Jonesra is, aki n\u00e9mik\u00e9pp h\u00e1tr\u00e9bb vonva j\u00e1tszott, mint klubcsapat\u00e1ban, a Liverpoolban, viszont rendk\u00edv\u00fcl magabiztosan dikt\u00e1lta a temp\u00f3t, mindig megtal\u00e1lta a megfelel\u0151 embert a labd\u00e1val, \u00e9s a d\u00f6nt\u0151ben pont j\u00f3 helyen is \u00e1llt, hiszen r\u00f3la pattant be Cole Palmer szabadr\u00fag\u00e1sa a spanyol kapuba. \u00c1m a gy\u0151zelem igazi kulcsa a v\u00e9delemben keresend\u0151: Trafford kapus h\u0151stetteir\u0151l m\u00e1r fentebb besz\u00e1moltunk, de az, hogy nem kapott g\u00f3lt az eg\u00e9sz torn\u00e1n, legink\u00e1bb a k\u00e9t k\u00f6z\u00e9ps\u0151 v\u00e9d\u0151nek k\u00f6sz\u00f6nhet\u0151. A csapatkapit\u00e1ny, <strong>Taylor Harwood-Bellis<\/strong> betonbiztos kett\u0151st alkotott <strong>Levi Colwill-lel<\/strong>, k\u00fcl\u00f6n\u00f6sen az ut\u00f3bbi bizonyult \u00e1tj\u00e1tszhatatlannak, \u00e9s amikor a b\u00edr\u00f3 kiss\u00e9 szigor\u00faan tizenegyest \u00edt\u00e9lt ellene a d\u00f6nt\u0151ben, akkor pedig Trafford seg\u00edtett.\r\n\r\nA csapat erej\u00e9t mutatja az is, hogy nincs kiemelked\u0151 j\u00e1t\u00e9kos: az el\u0151d\u00f6nt\u0151ben \u00e9s a d\u00f6nt\u0151ben egyar\u00e1nt Jonest nevezt\u00e9k a meccs ember\u00e9nek, mik\u00f6zben az Eb legjobbj\u00e1nak Gordont szavazt\u00e1k meg, viszont Trafford \u00e9s Colwill legal\u00e1bb ennyire meg\u00e9rdemelt\u00e9k volna. Ugyanakkor amellett is sz\u00f3lnak \u00e9rvek, hogy a t\u00e1mad\u00e1sokat par\u00e1d\u00e9san vez\u00e9nyl\u0151, gyakran v\u00e1ratlan megold\u00e1sokhoz folyamod\u00f3 Gibbs-White volt a legvesz\u00e9lyesebb angol j\u00e1t\u00e9kos.\r\n\r\n<span class=\"highlight-block-small\">De meg kell eml\u00e9kezni arr\u00f3l a ment\u00e1lis er\u0151r\u0151l is, amit kritikus szitu\u00e1ci\u00f3kban mutatott a csapat: m\u00edg az angol feln\u0151tt v\u00e1logatott ki\u00e9lezett helyzetekben gyakran \u00f6sszeroppant, itt ennek nyoma se volt.<\/span>\r\n\r\nGibbs-White null-nulln\u00e1l tizenegyest hib\u00e1zott az el\u0151d\u00f6nt\u0151n, de meg sem j\u00e1tszott a j\u00e1t\u00e9k\u00e1n, \u00e9s n\u00e9h\u00e1ny perccel k\u00e9s\u0151bb \u0151 szerezte meg a vezet\u00e9st; a negyedd\u00f6nt\u0151ben a m\u00e1sodik f\u00e9lid\u0151t v\u00e9gigt\u00e1madt\u00e1k a nagy f\u00f6l\u00e9nyben j\u00e1tsz\u00f3 portug\u00e1lok, de hi\u00e1ba; a d\u00f6nt\u0151ben pedig t\u00f6bbsz\u00f6r is nyomaszt\u00f3 f\u00f6l\u00e9nybe ker\u00fcltek a spanyolok, majd a legv\u00e9g\u00e9n tizenegyest is kaptak, de m\u00e9g \u00edgy se tudtak betal\u00e1lni, az angol v\u00e9delem (vagy Trafford) szil\u00e1rdan \u00e1llt a l\u00e1b\u00e1n.\r\n\r\nAbban persze igaza van Aidy Boothroydnak, hogy mit sem \u00e9r ez a gy\u0151zelem, ha ebb\u0151l a csapatb\u00f3l a k\u00f6vetkez\u0151 \u00e9vekben nem \u00e9p\u00fclnek be t\u00f6bben is a nagyv\u00e1logatottba. Hogy l\u00e1thatunk-e k\u00f6z\u00fcl\u00fck b\u00e1rkit Southgate csapat\u00e1ban a j\u00f6v\u0151 \u00e9vi Eur\u00f3pa-bajnoks\u00e1gon, az j\u00f3 k\u00e9rd\u00e9s, de az is biztos, hogy nincs k\u00f6nny\u0171 dolguk, hiszen j\u00f3 p\u00e1r poszton m\u00e1r eleve nagy a verseny a nagyokn\u00e1l. Igaz, Smith-Rowe m\u00e1r kor\u00e1bban bemutatkozott a feln\u0151ttekn\u00e9l, \u00e9s Colwillt is megh\u00edvta Southgate nemr\u00e9g a nagyokhoz \u2013 ut\u00f3bbi most j\u00f3 es\u00e9llyel szor\u00edthatja ki a v\u00e9delemb\u0151l <strong>Harry Maguire-t<\/strong>, f\u0151leg, ha j\u00e1tszani is fog a csapat\u00e1ban. Ez ut\u00f3bbi viszont nem csak az \u0151 sz\u00e1m\u00e1ra k\u00e9rd\u00e9s: m\u00edg Gibbs-White (Nottingham Forest) vagy Ramsey (Aston Villa) m\u00e1r kulcsember a klubcsapat\u00e1ban, addig t\u00fal sokan vannak az Eb-gy\u0151ztesek k\u00f6z\u00fcl, akik k\u00f6nnyen a kispadon ragadhatnak. Colwill p\u00e9ld\u00e1ul m\u00e9g nem is volt hajland\u00f3 elk\u00f6telez\u0151dni a Chelsea fel\u00e9, mert biztos\u00edt\u00e9kokat v\u00e1r a szakvezet\u00e9st\u0151l, de m\u00e1sok is neh\u00e9z helyzetben vannak, amikor az a k\u00e9rd\u00e9s, hogy hogy a soron k\u00f6vetkez\u0151 szezonban tov\u00e1bb tudnak-e fejl\u0151dni.\r\n\r\nMindenesetre az angolok k\u00f6vetkez\u0151 gener\u00e1ci\u00f3ja sem t\u0171nik es\u00e9lytelennek: \u0151szt\u0151l a tavalyi u19-es Eb-gy\u0151ztes v\u00e1logatottra \u00e9p\u00fcl\u0151 koroszt\u00e1ly adhatja majd az \u00faj u21-es csapat gerinc\u00e9t. Hogy \u0151ket is Lee Carsley vezeti-e majd, az jelenleg m\u00e9g k\u00e9rd\u00e9ses, az viszont biztos, hogy ak\u00e1rki is lesz majd az edz\u0151j\u00fck, az angol futball \u00faj nemzed\u00e9ke v\u00e9gleg elfeledtetheti majd az el\u0151d\u00f6k \u00e1ltal megalapozott toposzokat a t\u00fal\u00e9rt\u00e9kelt, fant\u00e1zi\u00e1tlan \u00e9s folyton \u00edvelget\u0151, \u00f6r\u00f6k l\u00fazerekr\u0151l.","type":"rich","thumbnail_url":"https:\/\/s.24.hu\/app\/uploads\/sites\/24\/2023\/07\/anglia-150x150.jpg","thumbnail_width":150,"thumbnail_height":150}