{"version":"1.0","provider_name":"Sport24","provider_url":"https:\/\/sport24.24.hu","author_name":"Bruckner G\u00e1bor","author_url":"https:\/\/sport24.24.hu\/author\/brucknerg\/","title":"Sokat igazolt a tavasszal botladoz\u00f3 Fradi, de vajon mennyit er\u0151s\u00f6d\u00f6tt?","html":"Hol van m\u00e1r az az id\u0151, mikor az \u00e1tigazol\u00e1si piacr\u00f3l \u00e9ppen hogy bees\u0151 j\u00e1t\u00e9kosok napokon bel\u00fcl helyet k\u00f6veteltek maguknak a Ferencv\u00e1ros kezd\u0151csapat\u00e1ban? R\u00e9g elm\u00faltak m\u00e1r, \u00e9s nem is \u00f6nti el a szeml\u00e9l\u0151t a nosztalgia emiatt: a magyar rekordbajnok \u00e9vek \u00f3ta megpr\u00f3b\u00e1l el\u0151re felk\u00e9sz\u00fclni a ny\u00e1ri transzferszezonra, \u00e9s tulajdonk\u00e9ppen m\u00e1r a t\u00e9li ablakot is ennek szenteli. Az m\u00e1s k\u00e9rd\u00e9s, hogy az idei janu\u00e1ri-febru\u00e1ri id\u0151szak nem siker\u00fclt j\u00f3l \u00e1tigazol\u00e1si szempontb\u00f3l.\r\n\r\nA versenynapt\u00e1r nem is nagyon hagy m\u00e1s lehet\u0151s\u00e9get: a Ferencv\u00e1ros m\u00e1r az els\u0151 BL-selejtez\u0151k\u00f6rben bekapcsol\u00f3dik a k\u00fczdelmekbe, teh\u00e1t m\u00e9g j\u00falius k\u00f6zepe el\u0151tt t\u00e9tmeccset j\u00e1tszik a fer\u00f6eri K\u00cd Klaksv\u00edk csapata ellen.\r\n\r\n<span class=\"highlight-block\">Ahhoz, hogy b\u00e1rmif\u00e9le csapatkoh\u00e9zi\u00f3 kialakulhasson az \u00e9rkez\u0151kkel, azokat m\u00e1r j\u00faniusban meg kell szerezni. <\/span>\r\n\r\n\u00dagy is lehetne mondani, hogy a Fradinak (vagy m\u00e1s, az eur\u00f3pai porondon \u00e9rdekelt magyar csapatnak) m\u00e1r j\u00faniusban el kell v\u00e9geznie az \u00e1tigazol\u00e1si munka der\u00e9khad\u00e1t, \u00e9s ha a kialak\u00edtott keret j\u00f3l szuper\u00e1l, akkor a transzferid\u0151szak v\u00e9g\u00e9n \u00e9rdemes \u00fajra \u201ekalandozni\u201d, hiszen ekkorra m\u00e1r l\u00e1tszik, bejut-e a csapat a csoportk\u00f6rbe. M\u00e1rpedig ez egy\u00e1ltal\u00e1n nem mindegy a t\u00e1rgyal\u00e1sok szempontj\u00e1b\u00f3l.\r\n\r\nA ny\u00e1ri \u00e1tigazol\u00e1si id\u0151szak elej\u00e9n h\u00e1rom magyar futballista szerz\u0151dtet\u00e9s\u00e9t is bejelentette az NB I c\u00edmv\u00e9d\u0151je: <strong>Bar\u00e1th P\u00e9ter<\/strong> (DVSC) f\u00e9l\u00e9ves k\u00f6lcs\u00f6nj\u00e1t\u00e9k ut\u00e1n marad, <strong>Varga Barnab\u00e1s<\/strong> g\u00f3lkir\u00e1lyk\u00e9nt Paksr\u00f3l, <strong>Halmai \u00c1d\u00e1m<\/strong> a partnercsapat Soroks\u00e1rt\u00f3l j\u00f6tt. Ez m\u00e1r csak az\u00e9rt is \u00e9rdekes, mert a k\u00edv\u00fclr\u0151l (azaz nem a saj\u00e1t m\u00e1sodik csapatt\u00f3l vagy partnercsapatt\u00f3l) \u00e9rkezett magyar futballist\u00e1k ritk\u00e1n v\u00e1ltak meghat\u00e1roz\u00f3v\u00e1 az ut\u00f3bbi esztend\u0151kben, \u00e9s a k\u00f6zeli m\u00faltban m\u00e1r alig-alig \u00e9rkezett magyar j\u00e1t\u00e9kos az els\u0151 egy\u00fctteshez.\r\n\r\n<img class=\"alignnone wp-image-9352 size-full\" src=\"https:\/\/sport24.24.hu\/app\/uploads\/sites\/24\/2023\/06\/fradi.png\" alt=\"\" width=\"1049\" height=\"821\" \/>\r\n\r\nA t\u00f6bb mint 30 j\u00e1t\u00e9kos k\u00f6z\u00fcl a klublegendak\u00e9nt hazat\u00e9r\u0151 <strong>Gera Zolt\u00e1n<\/strong>, a meglep\u0151 sikert\u00f6rt\u00e9netet \u00edr\u00f3 <strong>Sig\u00e9r D\u00e1vid<\/strong>, a Ger\u00e1hoz hasonl\u00f3an kor\u00e1bbi fradista <strong>Leandro de Almeida<\/strong>, illetve <strong>Lovrencsics Gerg\u0151, Botka Endre, Varga Roland<\/strong> \u00e9s <strong>Dibusz D\u00e9nes<\/strong> jutott el legal\u00e1bb sz\u0171k h\u00e1romszezonnyi bajnoki m\u00e9rk\u0151z\u00e9sig z\u00f6ld-feh\u00e9rben. A j\u00e1t\u00e9kosok t\u00f6bbs\u00e9ge egy NB I-es id\u00e9nyre val\u00f3 m\u00e9rk\u0151z\u00e9st (33) sem j\u00e1tszott le a Fradin\u00e1l, b\u00e1r ez a Dibusz m\u00f6g\u00f6tti kapusok (<strong>Bogd\u00e1n \u00c1d\u00e1m, Gr\u00f3f D\u00e1vid, Sz\u00e9csi Gerg\u0151<\/strong>) eset\u00e9ben \u00e9rthet\u0151.\r\n\r\nNem diadalmenet teh\u00e1t magyar j\u00e1t\u00e9kosk\u00e9nt a legeredm\u00e9nyesebb magyar csapathoz igazolni \u2013 az er\u0151s konkurenciaharc garant\u00e1lt, az elv\u00e1r\u00e1sok nagyon magasak (egyre magasabbak), a keret mind er\u0151sebb. Ugyanakkor a Ferencv\u00e1ros vonzereje mindig is kiemelked\u0151 volt, \u00e9s most is az: a csapat sorra nyeri a bajnoks\u00e1gokat, rendszeresen f\u0151t\u00e1bl\u00e1s az eur\u00f3pai kupasorozatokban, aki pedig rendszeres j\u00e1t\u00e9klehet\u0151s\u00e9ghez jut \u2013 l\u00e1sd Dibuszt, Botk\u00e1t, vagy ak\u00e1r <a href=\"https:\/\/rangado.24.hu\/magyar_foci\/2023\/06\/17\/vecsei-balint-ferencvaros-tavozik-bejelentes\/\">a t\u00e1voz\u00e1s\u00e1t a ny\u00e1ron bejelent\u0151<\/a> <strong>V\u00e9csei B\u00e1lintot<\/strong> \u2013, annak kiny\u00edlhat a v\u00e1logatott kapuja is. Ehhez m\u00e9g felt\u00e9tlen\u00fcl kezd\u0151csapatbeli tags\u00e1g sem kell, \u201ecsak\u201d beker\u00fcl\u00e9s a rendszeres rot\u00e1ci\u00f3ba.\r\n\r\n<span class=\"highlight-block-small\">A Ferencv\u00e1ros \u00e9vek \u00f3ta olyan min\u0151s\u00e9g\u0171 ellenfelekkel tal\u00e1lkozik, amilyenekkel m\u00e1s magyar klub nem, az eur\u00f3pai porondon szerzett tapasztalat pedig nagyon fontos Marco Rossinak.<\/span>\r\n\r\nAlighanem ez indokolhatta Varga Barnab\u00e1s \u00e9s Bar\u00e1th P\u00e9ter klubv\u00e1lt\u00e1s\u00e1t is. Varga m\u00e1r 28 \u00e9ves, teh\u00e1t vajmi kev\u00e9s volt az es\u00e9ly arra, hogy az eur\u00f3pai bajnoks\u00e1gok elitj\u00e9ben j\u00e1tsz\u00f3 csapat szerz\u0151dtesse. Nagy \u00fczletet m\u00e1r nem lehet k\u00f6tni a megv\u00e1s\u00e1rl\u00e1s\u00e1val \u00e9s a tov\u00e1bbad\u00e1s\u00e1val, a kiemelked\u0151 szezonja ut\u00e1n teh\u00e1t k\u00e9t \u00fat maradt: vagy elmenni egy sok rutinos l\u00e9gi\u00f3st alkalmaz\u00f3 bajnoks\u00e1gba (Ciprus, Izrael, arab lig\u00e1k), vagy r\u00e1b\u00f3lintani az FTC h\u00edv\u00e1s\u00e1ra.\r\n<div class=\"payable-content-section\"><\/div>\r\nAz ut\u00f3bbit v\u00e1lasztotta: a Fradinak \u00e9s a v\u00e1logatottnak is sz\u00fcks\u00e9ge van centerre \u2013 ut\u00f3bbiban m\u00e9g nem siker\u00fclt megnyugtat\u00f3 megold\u00e1st tal\u00e1lni <strong>Szalai \u00c1d\u00e1m<\/strong> ut\u00f3dl\u00e1s\u00e1ra \u2013, \u00e9s ha Varga rendszeresen j\u00e1tszik a klubj\u00e1ban, az a nemzeti egy\u00fcttesben is j\u00f3 poz\u00edci\u00f3ba helyezheti. A k\u00e9rd\u00e9s m\u00e1r csak az, hogy ott folytatja-e, ahol a Paksban abbahagyta, hiszen a <strong>Bogn\u00e1r Gy\u00f6rgy<\/strong>-f\u00e9le g\u00f3lgy\u00e1rat elhagyva k\u00e9t kor\u00e1bbi g\u00f3lkir\u00e1ly, <strong>Hahn J\u00e1nos<\/strong> \u00e9s <strong>\u00c1d\u00e1m Martin<\/strong> sz\u00e1mai is visszaestek. M\u00edg a paksi t\u00e1mad\u00f3j\u00e1t\u00e9k er\u0151sen ki van hegyezve a k\u00f6z\u00e9pcsat\u00e1rra, a Fradin\u00e1l ez nincs \u00edgy; ugyanakkor a f\u0151v\u00e1rosiak az el\u0151z\u0151 id\u00e9nyben szinte a paksiakkal megegyez\u0151 sz\u00e1mokat produk\u00e1ltak a bead\u00e1sokat meg az \u00f6t\u00f6sre bel\u0151tt labd\u00e1kat tekintve, \u00e9s az NB I legjobb sz\u00e9ls\u0151i ter\u00edtenek Varg\u00e1nak.\r\n\r\nA magyar k\u00f6z\u00e9pcsat\u00e1rnak \u00edgy a kiszolg\u00e1l\u00e1s hi\u00e1ny\u00e1t\u00f3l aligha kell tartania, viszont meg kell k\u00fczdenie a szerb bajnok Crvena zvezd\u00e1t\u00f3l \u00e9rkezett <strong>Aleksandar Pesiccsel<\/strong> a hely\u00e9\u00e9rt. Varga \u00e9s Pesic sz\u00e1mai a WyScout adatb\u00e1zisa szerint igen hasonl\u00f3k, ha az \u00f6sszes adatot n\u00e9zz\u00fck, b\u00e1r a magyar csat\u00e1r el\u0151z\u0151 id\u00e9nye sokkal jobban siker\u00fclt. Varga kicsit domin\u00e1nsabb a leveg\u0151ben, hajsz\u00e1lnyival vesz\u00e9lyesebb, Pesic viszont pontosabban passzol, t\u00f6bbet cselez \u00e9s k\u00e9sz\u00edt el\u0151, valamint t\u00f6bb a rutinja is, r\u00e1ad\u00e1sul jobb min\u0151s\u00e9g\u0171 ellenfelekkel szemben szerzett tapasztalatot. Nem mellesleg \u0151 is igen er\u0151s a l\u00e9gi p\u00e1rharcokban, \u00e9s a szerb bajnoks\u00e1g el\u0151z\u0151 id\u00e9ny\u00e9ben \u0151 szerezte a legt\u00f6bb fejesg\u00f3lt. Mindketten klasszikusabb centerek, mint a h\u00e1zi g\u00f3lkir\u00e1ly <strong>Ryan Mmaee<\/strong>, akinek elk\u00e9pzelhet\u0151 a ny\u00e1ri \u00e9rt\u00e9kes\u00edt\u00e9se.\r\n\r\n<iframe class=\"flourish-embed-iframe\" style=\"width: 100%; height: 600px;\" title=\"Interactive or visual content\" src=\"https:\/\/flo.uri.sh\/visualisation\/14173775\/embed\" frameborder=\"0\" scrolling=\"no\"><\/iframe>\r\n<div style=\"width: 100%!; margin-top: 4px!important; text-align: right!important;\"><a class=\"flourish-credit\" style=\"text-decoration: none!important;\" href=\"https:\/\/public.flourish.studio\/visualisation\/14173775\/?utm_source=embed&amp;utm_campaign=visualisation\/14173775\" target=\"_top\" rel=\"noopener\"><img style=\"width: 105px!important; height: 16px!important; border: none!important; margin: 0!important;\" src=\"https:\/\/public.flourish.studio\/resources\/made_with_flourish.svg\" alt=\"Made with Flourish\" \/> <\/a><\/div>\r\nA k\u00f6lcs\u00f6nj\u00e1t\u00e9ka ut\u00e1n v\u00e9gleg szerz\u0151dtetett Bar\u00e1th eset\u00e9ben a k\u00fclf\u00f6ldi tov\u00e1bbl\u00e9p\u00e9s re\u00e1lis \u2013 \u0151 csak 21 \u00e9ves \u2013, de ehhez az kell, hogy a Ferencv\u00e1rosban \u00e9s a v\u00e1logatottban is megmutassa a k\u00e9pess\u00e9geit. A Fradi <strong>Aissa Laidouni<\/strong> elad\u00e1sa \u00e9s <strong>Muhamed Besic<\/strong> s\u00e9r\u00fcl\u00e9se ut\u00e1n nagyon meggyeng\u00fclt a k\u00f6z\u00e9pp\u00e1ly\u00e1n, \u00e9s eg\u00e9sz tavasszal nem is tudta bet\u00f6lteni a lyukat. Bar\u00e1th kiharcolta teljes\u00edtm\u00e9ny\u00e9vel \u00e9s potenci\u00e1lj\u00e1val a marad\u00e1st, a T\u00f6r\u00f6korsz\u00e1gb\u00f3l vill\u00e1migazol\u00e1ssal elhozott <strong>Mehdi Boudjema\u00e1ra<\/strong> azonban aligha fognak sokan eml\u00e9kezni\u2026 Bar\u00e1th el\u0151re l\u00e9phet a rot\u00e1ci\u00f3ban, mivel eligazol a v\u00e1logatott V\u00e9csei, de sz\u00e1molnia kell plusz konkurenci\u00e1val, hiszen meg\u00e9rkezett <strong>Mohammed Abu Fani<\/strong>, a Maccabi Haifa kis termet\u0171 dinam\u00f3ja. A Wyscout indexe alapj\u00e1n Abu Fani volt az izraeli \u00e9lvonal legjobb v\u00e9dekez\u0151 k\u00f6z\u00e9pp\u00e1ly\u00e1sa az el\u0151z\u0151 id\u00e9nyben, \u00e9s a tavasszal hi\u00e1nyz\u00f3 dinamizmust, agresszivit\u00e1st hozhatja a csapatnak.\r\n<blockquote>Kiv\u00e1l\u00f3 j\u00e1t\u00e9kos. Hatalmas intenzit\u00e1ssal j\u00e1tszik, komplett futballista, n\u00e9ha olyb\u00e1 t\u0171nik, mintha mindenhol ott lenne a p\u00e1ly\u00e1n. K\u00e9rd\u00e9s, mennyire adapt\u00e1l\u00f3dik j\u00f3l az idegen k\u00f6zeghez. Nem egy gentleman a p\u00e1ly\u00e1n, azon k\u00edv\u00fcl sem mindig egyszer\u0171 eset, de ett\u0151l f\u00fcggetlen\u00fcl remek futballista<\/blockquote>\r\n\u2013 v\u00e9lekedett r\u00f3la egy Izraelben j\u00e1t\u00e9kosmegfigyel\u0151k\u00e9nt dolgoz\u00f3 forr\u00e1sunk.\r\n\r\n<strong>Tosin Kehinde<\/strong> szem\u00e9ly\u00e9ben D\u00e1ni\u00e1b\u00f3l egy sokat cselez\u0151, az egy az egy elleni p\u00e1rharcokat b\u00e1tran v\u00e1llal\u00f3 sz\u00e9ls\u0151 \u00e9rkezett \u2013 ez a poszt egy\u00e9bk\u00e9nt el\u00e9g tel\u00edtett a Fradin\u00e1l \u2013, a bolg\u00e1r Pirinb\u0151l szerz\u0151dtetett <strong>Cebrails Makreckis<\/strong> pedig t\u00f6bb szerepk\u00f6r ell\u00e1t\u00e1s\u00e1ra k\u00e9pes er\u0151s, viszonylag sokat cselez\u0151 k\u00f6z\u00e9pp\u00e1ly\u00e1s. Nem k\u00f6nny\u0171 meg\u00edt\u00e9lni, mire lesz k\u00e9pes egy j\u00f3val er\u0151sebb keret tagjak\u00e9nt a bolg\u00e1r als\u00f3h\u00e1z ut\u00e1n.\r\n\r\nK\u00e9rd\u00e9s az is, Halmai \u00c1d\u00e1m mennyi lehet\u0151s\u00e9ghez juthat, mindenesetre az el\u0151z\u0151 id\u00e9nyben val\u00f3ban kit\u0171nt az NB II-es Soroks\u00e1rban: 20 kanadai pontot (g\u00f3l+g\u00f3lpassz) jegyzett, \u00e9s beker\u00fclt a WyScoutn\u00e1l az \u00e9vad csapat\u00e1ba, mint a bajnoks\u00e1g m\u00e1sodik legjobb sz\u00e9ls\u0151je. M\u00edg Varg\u00e1nak \u00e9s Bar\u00e1thnak egyb\u0151l bizony\u00edtania kellene, Halmai ink\u00e1bb a j\u00f6v\u0151 embere lehet; tegy\u00fck hozz\u00e1, g\u00f3l\u00e9rz\u00e9kenys\u00e9ge \u00e9s j\u00f3 helyzetkihaszn\u00e1l\u00e1sa (az el\u0151z\u0151 id\u00e9nyben 55 k\u00eds\u00e9rletb\u0151l 15 g\u00f3l, azaz 3,66 l\u00f6v\u00e9senk\u00e9nt tal\u00e1l be) az\u00e9rt j\u00f3l j\u00f6het a Fradinak.\r\n\r\nA v\u00e9delembe a francia m\u00e1sodoszt\u00e1ly\u00fa Caenben futballoz\u00f3 <strong>Ibrahim Ciss\u00e9<\/strong> \u00e9rkezett \u2013 a h\u00e1tv\u00e9dsor k\u00f6zep\u00e9re val\u00f3ban r\u00e1f\u00e9rt az er\u0151s\u00edt\u00e9s.\r\n\r\n<span class=\"highlight-block-small\">Az FTC a tavaszi 21 m\u00e9rk\u0151z\u00e9s\u00e9b\u0151l csak haton nem kapott g\u00f3lt ami a csapat hazai er\u0151f\u00f6l\u00e9ny\u00e9t tekintve el\u00e9g aggaszt\u00f3 statisztika a ny\u00e1ri selejtez\u0151k el\u0151tt. <\/span>\r\n\r\nCiss\u00e9 a v\u00e9delem k\u00f6zep\u00e9n vagy a jobb oldali bels\u0151 v\u00e9d\u0151 posztj\u00e1n \u00e9rzi mag\u00e1t otthonosan. V\u00e9dekez\u0151 p\u00e1rharcokban er\u0151s (a Ligue 2-ben az \u00f6t\u00f6dik legjobb volt a p\u00e1rharcsikeress\u00e9ge \u2013 75,91 sz\u00e1zal\u00e9k \u2013 az el\u0151z\u0151 id\u00e9nyben), a leveg\u0151ben nem kiemelked\u0151, ugyanakkor j\u00f3l, alacsony hibasz\u00e1zal\u00e9kkal passzol, ebben m\u00e9g <strong>Samy Mmae\u00e9n\u00e9l<\/strong> \u00e9s <strong>Mats Knoestern\u00e9<\/strong>l is kedvez\u0151bbek az adatai. Fontos szerepet kaphat a v\u00e9dekez\u00e9sen k\u00edv\u00fcl a labdaj\u00e1rat\u00e1sban-\u00e9p\u00edtkez\u00e9sben is.\r\n\r\nBels\u0151 v\u00e9d\u0151re, k\u00f6z\u00e9ps\u0151 k\u00f6z\u00e9pp\u00e1ly\u00e1sra \u00e9s k\u00f6z\u00e9pcsat\u00e1rra mindenk\u00e9ppen sz\u00fcks\u00e9ge volt a Ferencv\u00e1rosnak, \u00e9s m\u00e9g j\u00faniusban jelent\u0151sen \u00e1t is alak\u00edtotta a keret\u00e9t \u2013 a tavaszi szerepl\u00e9s f\u00e9ny\u00e9ben egy alapos felr\u00e1z\u00e1sra mindenk\u00e9ppen sz\u00fcks\u00e9ge volt<strong> Sztanyiszlav Csercseszov<\/strong> csapat\u00e1nak. Az \u00e9rkez\u0151kkel \u00f3ri\u00e1sira duzzadt a keret, teh\u00e1t j\u00f3 n\u00e9h\u00e1ny j\u00e1t\u00e9kos t\u00e1voz\u00e1sa prognosztiz\u00e1lhat\u00f3 \u2013 <strong>Zeljko Gavric, Adnan Kovacevic<\/strong>, Bogd\u00e1n \u00e9s V\u00e9csei m\u00e1r elment \u2013, mivel ennyi futballist\u00e1nak lehetetlen megfelel\u0151 mennyis\u00e9g\u0171 j\u00e1t\u00e9kpercet adni. A marad\u00f3k \u00faj posztriv\u00e1lisokt\u00f3l kaphatnak \u00faj impulzust, ami r\u00e1 is f\u00e9r a bajnokcsapatra.\r\n\r\nSzok\u00e1s szerint a mostani \u00e1tigazol\u00e1sok is a jelennek \u00e9s a k\u00f6zelj\u00f6v\u0151nek sz\u00f3lnak: tin\u00e9dzser futballist\u00e1t nem igazolt a Fradi, Pesic (31 \u00e9ves), Varga (28) \u00e9s Ciss\u00e9 (27) a nehezen tov\u00e1bb \u00e9rt\u00e9kes\u00edthet\u0151 kateg\u00f3ri\u00e1ba tartozik, Kehinde (25), Abu Fani (25), Makreckis (23), Halmai (21) \u00e9s Bar\u00e1th (21) eset\u00e9ben lehet tov\u00e1bbad\u00e1si potenci\u00e1l (eml\u00e9keztet\u0151\u00fcl: a k\u00f6zelm\u00falt k\u00e9t legnagyobb Fradi-\u00fczlete, Aissa Laidouni 23, M<strong>yrto Uzuni<\/strong> 25 \u00e9vesen \u00e9rkezett). Ha az \u00e1tigazol\u00e1sok t\u00f6bb mint fele bev\u00e1lik \u2013 enn\u00e9l jobb r\u00e1t\u00e1t ritk\u00e1n siker\u00fcl felmutatni \u2013, az meg\u00fajul\u00e1st eredm\u00e9nyezhet, ha pedig a most \u00e9rkezett magyar j\u00e1t\u00e9kosok sok lehet\u0151s\u00e9get v\u00edvnak ki maguknak,\r\n\r\n<span class=\"highlight-block\">annak Csercseszovon k\u00edv\u00fcl Rossi is \u00f6r\u00fclhet.<\/span>\r\n\r\nA t\u00e9t nagy: a tavaszi botladoz\u00e1s \u2013 8\u20135\u20138-as m\u00e9rleg, az utols\u00f3 13 t\u00e9tm\u00e9rk\u0151z\u00e9sen 4\u20131\u20138 \u2013 ut\u00e1n a Fradi nem engedheti meg mag\u00e1nak a rossz id\u00e9nykezd\u00e9st. Egy korai eur\u00f3pai b\u00facs\u00fat alighanem vezet\u0151s\u00e9gi szinten is nehezen em\u00e9szten\u00e9nek meg\u2026\r\n\r\n[prefabricated_shortcode in_app=\"0\" code=\"%3Cdiv%20class%3D%22article_box_border%22%20style%3D%22background%3A%20url%28%27https%3A%2F%2F24.p3k.hu%2Fapp%2Fuploads%2Fsites%2F24%2F2021%2F05%2Fsport24-pattern.png%27%29%20no-repeat%20left%20-16px%20%23f3f3f4%3B%20border%3A%20none%3B%22%3E%0D%0A%3Cdiv%20class%3D%22article_solidheader%22%3E%0D%0A%3Ch2%20style%3D%22color%3A%20%23111115%21important%3B%20font-size%3A%2036px%3B%20font-weight%3A%20bold%3B%20margin-bottom%3A%2030px%3B%20margin-top%3A%2020px%3B%20text-align%3A%20center%3B%20line-height%3A%2036px%3B%22%3E%3Cimg%20class%3D%22aligncenter%20size-full%20wp-image-141%22%20src%3D%22https%3A%2F%2F24.p3k.hu%2Fapp%2Fuploads%2Fsites%2F24%2F2021%2F05%2Fs24-logo-dt.png%22%20alt%3D%22%22%20width%3D%22408%22%20height%3D%2290%22%20%2F%3E%3C%2Fh2%3E%0D%0A%3Ch2%20style%3D%22color%3A%20%23111115%21important%3B%20font-size%3A%2036px%3B%20font-weight%3A%20bold%3B%20margin-bottom%3A%2030px%3B%20margin-top%3A%2020px%3B%20text-align%3A%20center%3B%20line-height%3A%2040px%3B%22%3ECsatlakozz%20a%20Sport24%20k%C3%B6z%C3%B6ss%C3%A9ghez%2C%20mondd%20el%20v%C3%A9lem%C3%A9nyedet%20z%C3%A1rt%20Facebook-csoportunkban%2C%20%C3%A9s%20vegy%C3%A9l%20r%C3%A9szt%20csak%20el%C5%91fizet%C5%91knek%20el%C3%A9rhet%C5%91%20exkluz%C3%ADv%20esem%C3%A9nyeinken.%3C%2Fh2%3E%0D%0A%3C%2Fdiv%3E%0D%0A%3Cp%20style%3D%22background%3A%20%2357A600%3B%20margin-top%3A%2020px%3B%20padding%3A%2020px%3B%20text-align%3A%20center%3B%22%3E%3Ca%20style%3D%22color%3A%20%23ffffff%3B%20font-size%3A%2026px%3B%20font-weight%3A%20600%3B%22%20href%3D%22https%3A%2F%2Fwww.facebook.com%2Fgroups%2F212344460412327%22%3ECSATLAKOZOM%3C%2Fa%3E%3C%2Fp%3E%0D%0A%0D%0A%3C%2Fdiv%3E\"]","type":"rich","thumbnail_url":"https:\/\/s.24.hu\/app\/uploads\/sites\/24\/2023\/06\/central-0733703541-150x150.jpg","thumbnail_width":150,"thumbnail_height":150}