{"version":"1.0","provider_name":"Sport24","provider_url":"https:\/\/sport24.24.hu","author_name":"Bruckner G\u00e1bor","author_url":"https:\/\/sport24.24.hu\/author\/brucknerg\/","title":"Sz\u00e9p ny\u00e1ri nap: verejt\u00e9kcseppek n\u00e9lk\u00fcl gy\u0151zte le Litv\u00e1ni\u00e1t a magyar v\u00e1logatott","html":"Amint arr\u00f3l m\u00e1r \u00edrtunk, <a href=\"https:\/\/sport24.24.hu\/foci\/2023\/06\/18\/helyzet-nelkul-nehez-taktikai-oka-is-volt-a-magyar-valogatott-gyenge-montenegroi-produkciojanak\/\">a Montenegr\u00f3 elleni m\u00e9rk\u0151z\u00e9s k\u00f6zel sem siker\u00fclt hib\u00e1tlanra<\/a>: b\u00e1r a k\u00f6zv\u00e9lem\u00e9ny nagy r\u00e9sze el\u00e9gedett volt az egy ponttal, a magyar v\u00e1logatott nem tudott vesz\u00e9lyes helyzeteket kidolgozni, \u00e9s a labd\u00e1s j\u00e1t\u00e9k\u00e1ban komoly hi\u00e1nyoss\u00e1gok voltak megfigyelhet\u0151k. A legalacsonyabban jegyzett csoportellenf\u00e9l, Litv\u00e1nia ellen azonban hazai p\u00e1ly\u00e1n mindenki gy\u0151zelmet \u00e9s felszabadult j\u00e1t\u00e9kot v\u00e1rt, hiszen csak a h\u00e1rom pont begy\u0171jt\u00e9s\u00e9vel lehetett tov\u00e1bbra is re\u00e1lis c\u00e9l a 2024-es Eb-r\u00e9szv\u00e9tel. A balti egy\u00fcttes az eddigi k\u00e9t m\u00e9rk\u0151z\u00e9s\u00e9n egy pontot szerzett, a Szerbia elleni idegenbeli, 2-0-s veres\u00e9g ut\u00e1n a m\u00falt h\u00e9ten hazai p\u00e1ly\u00e1n <a href=\"https:\/\/rangado.24.hu\/nemzetkozi_foci\/2023\/06\/17\/litvania-bulgaria-eb-selejtezo-magyar-csoport\/\">Bulg\u00e1ri\u00e1val j\u00e1tszott 1-1-et<\/a>.\r\n\r\nAhogyan <strong>Marco Rossi<\/strong> el\u0151zetesen \u00edg\u00e9rte, a magyar kezd\u0151csapat t\u00f6bb helyen is v\u00e1ltozott a szombatihoz k\u00e9pest. <strong>Dibusz<\/strong> el\u0151tt ez\u00fattal <strong>Botka<\/strong> lett <strong>Orb\u00e1n<\/strong> \u00e9s <strong>Szalai Attila<\/strong> t\u00e1rsa a v\u00e9delemben, a k\u00f6z\u00e9pp\u00e1lya k\u00f6zep\u00e9n most is a <strong>Nagy \u00c1d\u00e1m, Callum Styles<\/strong> p\u00e1ros kapott helyet. A baloldalon ism\u00e9t <strong>Kerkez Milos<\/strong> biztos\u00edtott sz\u00e9less\u00e9get, \u00e1m a jobb oldali sz\u00e1rnyv\u00e9d\u0151 posztj\u00e1ra meglepet\u00e9sre <strong>Sallai Roland<\/strong> ker\u00fclt. El\u00f6l \u2013 <strong>\u00c1d\u00e1m Martin<\/strong> hely\u00e9n \u2013\r\n\r\n<span class=\"highlight-block\">a paksi Varga Barnab\u00e1s el\u0151sz\u00f6r szerepelt kezd\u0151k\u00e9nt, <\/span>\r\n\r\n<strong>Szoboszlai<\/strong> visszaker\u00fclt a bal oldali f\u00e9lter\u00fcletbe, a harmadik csat\u00e1r pedig <strong>Gazdag D\u00e1niel<\/strong> lett.\r\n\r\nA litv\u00e1n v\u00e1logatott kezd\u0151csapata szint\u00e9n okozott n\u00e9mi meglepet\u00e9st: <strong>Edgaras Jankauskas<\/strong> sz\u00f6vets\u00e9gi kapit\u00e1ny sutba dobta az els\u0151 k\u00e9t selejtez\u0151n alkalmazott 4-2-3-1-es hadrendet, \u00e9s \u2013 Rossi csapat\u00e1hoz alkalmazkodva \u2013 a s\u00e1rga mezesek is h\u00e1rom bels\u0151 v\u00e9d\u0151vel \u00e1lltak fel a Pusk\u00e1s Ar\u00e9n\u00e1ban. \u00cdgy a kezd\u0151csapat is jelent\u0151sen elt\u00e9rt a kor\u00e1bbiakt\u00f3l: a v\u00e9delemben <strong>Tutyskinas, Lekiatas, Klimavicius<\/strong> \u00e9s <strong>Kazukolovas<\/strong> mell\u00e9 az eredetileg jobbsz\u00e9ls\u0151 <strong>Sesplaukis<\/strong> ker\u00fclt be, a k\u00f6z\u00e9pp\u00e1ly\u00e1n <strong>Uzela, Gineitis<\/strong> \u00e9s <strong>Sirgedas<\/strong> kapott helyet, az eredend\u0151en balsz\u00e9ls\u0151 <strong>Eligijus<\/strong> <strong>Jankauskas<\/strong> pedig m\u00e1sodik csat\u00e1rt j\u00e1tszott <strong>Paulauskas<\/strong> mellett.\r\n\r\nA m\u00e9rk\u0151z\u00e9s meglehet\u0151sen egyoldal\u00fa k\u00e9pe m\u00e1r az els\u0151 percekben kirajzol\u00f3dott, \u00e9s k\u00e9s\u0151bb sem nagyon v\u00e1ltozott. A litv\u00e1nok egy-egy kiv\u00e9teles esetet lesz\u00e1m\u00edtva le sem t\u00e1madt\u00e1k a magyarokat, \u00e9s 5-3-2-ben \u0151rizt\u00e9k saj\u00e1t t\u00e9rfel\u00fcket. A balti csapatot illet\u0151en m\u00e1r az el\u0151z\u0151 m\u00e9rk\u0151z\u00e9seken is megfigyelhet\u0151 volt, hogy n\u00e9gyv\u00e9d\u0151s rendszerben is ter\u00fcletek maradnak a j\u00e1t\u00e9kosok k\u00f6z\u00f6tt, hiszen futballist\u00e1i sokszor ink\u00e1bb (a k\u00f6zvetlen ellenfel\u00fckh\u00f6z k\u00e9pest) emberfog\u00e1ssal, mintsem (a saj\u00e1t csapatt\u00e1rsaikhoz k\u00e9pest) ter\u00fcletv\u00e9dekez\u00e9ssel pozicion\u00e1lj\u00e1k magukat. A magyar v\u00e1logatott az \u00f6sszecsap\u00e1s eg\u00e9sz\u00e9ben \u2013 hasonl\u00f3an, mint Montenegr\u00f3 ellen \u2013 71 sz\u00e1zal\u00e9kban birtokolta a labd\u00e1t.\r\n\r\nA litv\u00e1nok harcmodor\u00e1t l\u00e1tva\r\n\r\n<span class=\"highlight-block\">a mieink labd\u00e1val sokkal b\u00e1trabban futballoztak, mint szombat este. <\/span>\r\n\r\nA h\u00e1rom bels\u0151 v\u00e9d\u0151 j\u00f3val gyakrabban l\u00e9pett be a j\u00e1t\u00e9kba, hogy labdavezet\u00e9ssel kicsalogassa az ellenfelet, hiszen nem kellett att\u00f3l tartani: a litv\u00e1nok let\u00e1mad\u00f3 els\u0151 sora megszerezheti a labd\u00e1t.\r\n\r\nA bolg\u00e1rok elleni m\u00e9rk\u0151z\u00e9shez hasonl\u00f3an Rossi csapata ez\u00fattal is a p\u00e1lya bal oldal\u00e1t pr\u00f3b\u00e1lta er\u0151teljesen t\u00falt\u00f6lteni. A szigor\u00faan meghat\u00e1rozott ter\u00fcletelfoglal\u00e1s helyett a j\u00e1t\u00e9kosok most is valamivel nagyobb szabads\u00e1got kaptak a n\u00e9mileg aszimmetrikus szerkezetben. A Montenegr\u00f3val szemben l\u00e1tott sz\u00e9less\u00e9gi probl\u00e9m\u00e1k most \u00f6r\u00f6mteli m\u00f3don nem \u00fctk\u00f6ztek ki, a jobboldalon Sallai \u00e9s Gazdag, a m\u00e1sikon pedig Kerkez Milos \u00e9s a k\u00f6z\u00e9pr\u0151l felfut\u00f3 Szalai Attila felv\u00e1ltva adott sz\u00e9less\u00e9get. A magyarok \u00e1ltal\u00e1ban arra is elegend\u0151 figyelmet ford\u00edtottak, hogy a ki\u00fcr\u00fclt poz\u00edci\u00f3kat felt\u00f6lts\u00e9k. Ha p\u00e9ld\u00e1ul Nagy visszal\u00e9pett a v\u00e9d\u0151sorba, akkor Botka a jobb oldali f\u00e9lter\u00fcletben egy sorral feljebb, a litv\u00e1n v\u00e9dekez\u00e9s els\u0151 \u00e9s m\u00e1sodik vonala k\u00f6z\u00e9 l\u00e9pett fel, a v\u00e9dekez\u0151 k\u00f6z\u00e9pp\u00e1ly\u00e1s poz\u00edci\u00f3j\u00e1ba.\r\n\r\n<img class=\"alignnone size-full wp-image-9303\" src=\"https:\/\/sport24.24.hu\/app\/uploads\/sites\/24\/2023\/06\/hunltu1.png\" alt=\"\" width=\"1280\" height=\"720\" \/>\r\n\r\n<em>A magyar v\u00e1logatott labdabirtokl\u00e1sban t\u00falt\u00f6lti a p\u00e1lya bal oldal\u00e1t, a litv\u00e1nok 5-3-2-ben a saj\u00e1t t\u00e9rfel\u00fck\u00f6n v\u00e9dekeznek. Nagy \u00c1d\u00e1m visszal\u00e9p a v\u00e9d\u0151vonalba, m\u00edg Botka egy sorral feljebb a v\u00e9dekez\u0151 k\u00f6z\u00e9pp\u00e1ly\u00e1sok hely\u00e9re mozog. Szoboszlai szabad szerepk\u00f6rben \u00e9ppen visszafel\u00e9 l\u00e9p a labd\u00e1\u00e9rt. A baloldalon Kerkez, a jobbon Sallai ad sz\u00e9less\u00e9get.<\/em>\r\n<div class=\"payable-content-section\"><\/div>\r\n<span class=\"highlight-block-small\">A domin\u00e1ns j\u00e1t\u00e9k ellen\u00e9re azonban a magyar csapat nem ajt\u00f3-ablak ziccereket, sokkal ink\u00e1bb kisebb helyzeteket alak\u00edtott ki egym\u00e1s ut\u00e1n.<\/span>\r\n\r\nB\u00e1r a nagyobb helyezked\u00e9si szabads\u00e1g j\u00f3 hat\u00e1ssal lehet a j\u00e1t\u00e9kosokban rejl\u0151 kreativit\u00e1sra, az\u00e9rt annak \u00e1rnyoldalai is lehetnek. A nagyobb szabads\u00e1g \u00e9s variabilit\u00e1s ugyanis folyamatos \u00f6sszhangot \u00e9s alkalmazkod\u00e1st k\u00f6vetel a j\u00e1t\u00e9kosokt\u00f3l. Ennek k\u00f6sz\u00f6nhet\u0151en t\u00f6bbsz\u00f6r el\u0151fordult, hogy t\u00fal sok j\u00e1t\u00e9kos mozgott a labda fel\u00e9, mik\u00f6zben a v\u00e9delmi blokkon bel\u00fcli kulcspoz\u00edci\u00f3k bet\u00f6ltetlen\u00fcl maradtak. A szabad szerepben j\u00e1tsz\u00f3 Szoboszlainak \u00edgy t\u00fal sokszor kellett a kaput\u00f3l t\u00e1vol visszal\u00e9pnie, emiatt pedig nem az ellenf\u00e9l v\u00e9delmi vonalai k\u00f6z\u00f6tt vehette \u00e1t a labd\u00e1t. A j\u00e1t\u00e9kosok \u00f6nbizalma mellett tal\u00e1n ez is magyar\u00e1zhatja, hogy a magyar csapat szokatlanul sok t\u00e1voli l\u00f6v\u00e9ssel pr\u00f3b\u00e1lkozott.\r\n\r\n<img class=\"alignnone size-full wp-image-9304\" src=\"https:\/\/sport24.24.hu\/app\/uploads\/sites\/24\/2023\/06\/hunltu2.png\" alt=\"\" width=\"1280\" height=\"720\" \/>\r\n\r\n<em>Hasonl\u00f3 baloldali t\u00falt\u00f6lt\u00e9s, a k\u00e9t oldals\u00f3 k\u00f6z\u00e9ph\u00e1tv\u00e9d is az ellenf\u00e9l t\u00e9rfel\u00e9n. Ez\u00fattal Botka eg\u00e9szen a v\u00e9d\u0151vonalak k\u00f6z\u00e9 fut fel, m\u00edg Sallai befel\u00e9 \u00e9rkezik a m\u00e1sodik hull\u00e1mban. A nagyobb helyezked\u00e9si szabads\u00e1gnak h\u00e1tul\u00fct\u0151je is van: olykor a kellet\u00e9n\u00e9l t\u00f6bb j\u00e1t\u00e9kos mozog a labda fel\u00e9. Szoboszlai ism\u00e9t m\u00e9lyebb poz\u00edci\u00f3ban kap labd\u00e1t, \u00e9s t\u00e1volr\u00f3l kapura l\u0151.<\/em>\r\n\r\nEnnek a j\u00e1t\u00e9kszervez\u00e9snek teh\u00e1t felt\u00e9tele a j\u00e1t\u00e9kosok k\u00f6z\u00f6tti nagyfok\u00fa \u00f6sszhang, hogy k\u00e9pesek legyenek az adott szitu\u00e1ci\u00f3ban egym\u00e1s mozg\u00e1s\u00e1hoz alkalmazkodni. A magyar v\u00e1logatott eset\u00e9ben ez t\u00f6bb\u00e9-kev\u00e9sb\u00e9 megvan, hiszen a csapat gerince \u00e9vek \u00f3ta ugyanaz. Fontos azonban, hogy az egyes futballist\u00e1k teljes\u00edtm\u00e9nye sem mindig egyenletes, ez\u00e9rt lehets\u00e9ges, hogy a bolg\u00e1rok ellen a labd\u00e1s j\u00e1t\u00e9kunk k\u00e9pe n\u00e9mileg elt\u00e9r\u0151 volt. A mieink azonban \u00f6sszess\u00e9g\u00e9ben megfelel\u0151 sz\u00ednvonalon val\u00f3s\u00edtott\u00e1k meg ezt az elk\u00e9pzel\u00e9st, ennek sz\u00e9p p\u00e9ld\u00e1j\u00e1t l\u00e1thattuk az els\u0151 g\u00f3ln\u00e1l, amelyet a kezd\u0151csapatban el\u0151sz\u00f6r j\u00e1tsz\u00f3 Varga Barnab\u00e1s szerzett. A bolg\u00e1rok elleni meccshez hasonl\u00f3an ism\u00e9t kijelenthetj\u00fck: az egy\u00fcttes az apr\u00f3bb hi\u00e1nyoss\u00e1gok ellen\u00e9re egy\u00e9rtelm\u0171en el\u0151r\u00e9bb l\u00e9pett a m\u00e1sf\u00e9l-k\u00e9t \u00e9vvel ezel\u0151tti kock\u00e1zatker\u00fcl\u0151, sematikus t\u00e1mad\u00f3koncepci\u00f3hoz k\u00e9pest.\r\n\r\n<img class=\"alignnone size-full wp-image-9305\" src=\"https:\/\/sport24.24.hu\/app\/uploads\/sites\/24\/2023\/06\/hunltu3.png\" alt=\"\" width=\"1280\" height=\"720\" \/>\r\n\r\n<em>Az els\u0151 magyar g\u00f3l. A pillanatk\u00e9pen mind a t\u00edz mez\u0151nyj\u00e1t\u00e9kosunk l\u00e1that\u00f3, \u00edgy t\u00f6k\u00e9letesen megfigyelhetj\u00fck a poz\u00edci\u00f3s szabads\u00e1g j\u00f3 p\u00e9ld\u00e1j\u00e1t. Orb\u00e1n ism\u00e9t bel\u00e9p a j\u00e1t\u00e9kba, Szoboszlai megint visszal\u00e9p a labd\u00e1\u00e9rt, \u00e9s az oldals\u00f3 k\u00f6z\u00e9ph\u00e1tv\u00e9dk\u00e9nt m\u00f6g\u00e9 ker\u00fcl\u0151 Szalai Attil\u00e1t hozza j\u00e1t\u00e9kba. Kerkez most a f\u00e9lter\u00fcletbe, a bal\u00f6sszek\u00f6t\u0151 hely\u00e9n indul be, Botka a f\u00e9lter\u00fcletben biztos\u00edt. Nagy, Sallai \u00e9s Varga \u00e9rkezik a bead\u00e1sra. Ut\u00f3bbi lev\u00e1lik a v\u00e9d\u0151j\u00e9r\u0151l, \u00e9s Szalai Attila bead\u00e1s\u00e1b\u00f3l a hossz\u00fa oldali kapuf\u00e1n\u00e1l megszerzi a vezet\u0151 g\u00f3lt.<\/em>\r\n\r\n<span class=\"highlight-block\">Szinte a teljes m\u00e9rk\u0151z\u00e9s a magyar t\u00e1mad\u00e1sokr\u00f3l sz\u00f3lt, <\/span>\r\n\r\naz ellenf\u00e9l n\u00e9h\u00e1ny t\u00e1voli l\u00f6v\u00e9st \u00e9s a hajr\u00e1ban kialak\u00edtott nagyobb helyzetet lesz\u00e1m\u00edtva szinte semmilyen t\u00e1mad\u00f3akci\u00f3t nem tudott bemutatni. A labdakihozatal kezdet\u00e9n a litv\u00e1nok az egyik sz\u00e1rnyv\u00e9d\u0151 fell\u00e9p\u00e9s\u00e9vel t\u00f6bbsz\u00f6r is aszimmetrikusan n\u00e9gy v\u00e9d\u0151re v\u00e1ltottak, \u00e1m <strong>Gertmonas<\/strong> kapus gyakran nem is merte a h\u00e1tv\u00e9deknek kipasszolni a labd\u00e1t. Amikor pedig a litv\u00e1nok m\u00e9gis megpr\u00f3b\u00e1lkoztak ilyesmivel, a Gazdag, Varga, Szoboszlai h\u00e1rmashoz \u00e1ltal\u00e1ban a jobbsz\u00e9len Sallai csatlakozott let\u00e1mad\u00e1sban, s r\u00f6vid \u00faton siker\u00fclt a litv\u00e1n j\u00e1t\u00e9kosokat fel\u00edvel\u00e9sre k\u00e9nyszer\u00edteni.\r\n\r\n<img class=\"alignnone size-full wp-image-9306\" src=\"https:\/\/sport24.24.hu\/app\/uploads\/sites\/24\/2023\/06\/hunltu4.png\" alt=\"\" width=\"1280\" height=\"720\" \/>\r\n\r\n<em>Magyar let\u00e1mad\u00e1s, a litv\u00e1n v\u00e1logatott itt n\u00e9gy v\u00e9d\u0151vel \u00e9p\u00edtkezik. Az el\u00fcls\u0151 h\u00e1rmas \u00e9s a sz\u00e1rnyv\u00e9d\u0151 Sallai ind\u00edtja meg a let\u00e1mad\u00e1st, a c\u00e9l a forgat\u00e1st lez\u00e1rni, a kapust \u00edvel\u00e9sre k\u00e9nyszer\u00edteni.<\/em>\r\n\r\n<img class=\"alignnone size-full wp-image-9307\" src=\"https:\/\/sport24.24.hu\/app\/uploads\/sites\/24\/2023\/06\/hunltu5.png\" alt=\"\" width=\"1280\" height=\"720\" \/>\r\n\r\n<img class=\"alignnone size-full wp-image-9308\" src=\"https:\/\/sport24.24.hu\/app\/uploads\/sites\/24\/2023\/06\/hunltu6.png\" alt=\"\" width=\"1280\" height=\"720\" \/>\r\n\r\n<em>A kev\u00e9s sikeres litv\u00e1n labdakihozatal egyike. A h\u00e1rom csat\u00e1r egy az egyben t\u00e1madja le a balti v\u00e9d\u0151ket, de Styles \u00e9s Nagy nem k\u00f6veti a t\u00e1rsakat. Uzela szabadon veheti \u00e1t a labd\u00e1t, \u00e9s Sesplaukis ir\u00e1ny\u00e1ba forgat. R\u00e1 Kerkez l\u00e9p ki, \u00e9s a legkisebb nyom\u00e1sra is k\u00e9nytelen elr\u00fagni a labd\u00e1t.<\/em>\r\n\r\nA m\u00e1sodik f\u00e9lid\u0151ben t\u00f6bb cser\u00e9t is l\u00e1thattunk, p\u00e9ld\u00e1ul \u00c1d\u00e1m Martin \u00e9s <strong>Kleinheisler L\u00e1szl\u00f3<\/strong> is p\u00e1ly\u00e1ra l\u00e9pett, <strong>Ferenczi J\u00e1nos<\/strong> pedig n\u00e9gy \u00e9v ut\u00e1n mutatkozhatott be t\u00e9tmeccsen is a v\u00e1logatottban. Az utols\u00f3 negyed\u00f3r\u00e1ban Sallai visszamozgott a t\u0151le megszokott k\u00f6z\u00e9ps\u0151 poz\u00edci\u00f3kba, s egy gy\u00f6ny\u00f6r\u0171 t\u00e1voli l\u00f6v\u00e9ssel a gy\u0151zelmet is bebiztos\u00edtotta. A g\u00f3l a lehet\u0151 legjobbkor j\u00f6tt, hiszen az azt megel\u0151z\u0151 percekben a litv\u00e1n v\u00e1logatott k\u00e9pes volt beszor\u00edtani a h\u00e1zigazda egy\u00fcttest.\r\n\r\n<span class=\"highlight-block\">A magyar v\u00e1logatott az 1.86-os xG-vel magabiztosan fel\u00fclm\u00falta az ellenfelet, <\/span>\r\n\r\nde ez a viszonylag nagy mennyis\u00e9g\u0171, 27 l\u00f6v\u00e9sre vet\u00edtett mutat\u00f3 kev\u00e9s nagy helyett sok kisebb helyzet kidolgoz\u00e1sa nyom\u00e1n sz\u00fcletett meg. Figyelemre m\u00e9lt\u00f3, hogy a l\u00f6v\u00e9seink k\u00f6zel fele (14) a b\u00fcntet\u0151ter\u00fcleten k\u00edv\u00fclr\u0151l \u00e9rkezett, ami kiugr\u00f3an magas sz\u00e1m.\r\n\r\n<img class=\"alignnone size-full wp-image-9309\" src=\"https:\/\/sport24.24.hu\/app\/uploads\/sites\/24\/2023\/06\/hunltu7.png\" alt=\"\" width=\"778\" height=\"961\" \/>\r\n\r\nA magyar v\u00e1logatott teh\u00e1t felszabadult j\u00e1t\u00e9kkal, viszonylag sim\u00e1n hozta a k\u00f6telez\u0151t. Mivel Szerbia meglepet\u00e9sre pontot vesz\u00edtett Bulg\u00e1ri\u00e1ban (s\u0151t: <strong>Lazovic<\/strong> csak a 96. percben tudott egyenl\u00edteni), a mieink a csoport els\u0151 hely\u00e9t birtokolva vonulnak a ny\u00e1ri sz\u00fcnetre, \u00e9s v\u00e1rj\u00e1k a szerbek elleni szeptember 7-i, idegenbeli m\u00e9rk\u0151z\u00e9st. Marco Rossi g\u00e1rd\u00e1ja eddig g\u00f3lt sem kapott a sorozatban, a kedd este l\u00e1tott j\u00e1t\u00e9k pedig rem\u00e9lhet\u0151leg a folytat\u00e1sra is \u00f6nbizalmat ad a j\u00e1t\u00e9kosoknak. A legnehezebb feladatok azonban \u0151sszel j\u00f6nnek, amikor is a stabil v\u00e9dekez\u00e9s mellett a hat\u00e9kony labd\u00e1s j\u00e1t\u00e9kra is nagy sz\u00fcks\u00e9g lesz.\r\n\r\n[prefabricated_shortcode in_app=\"0\" code=\"%3Cdiv%20class%3D%22article_box_border%22%20style%3D%22background%3A%20url%28%27https%3A%2F%2F24.p3k.hu%2Fapp%2Fuploads%2Fsites%2F24%2F2021%2F05%2Fsport24-pattern.png%27%29%20no-repeat%20left%20-16px%20%23f3f3f4%3B%20border%3A%20none%3B%22%3E%0D%0A%3Cdiv%20class%3D%22article_solidheader%22%3E%0D%0A%3Ch2%20style%3D%22color%3A%20%23111115%21important%3B%20font-size%3A%2036px%3B%20font-weight%3A%20bold%3B%20margin-bottom%3A%2030px%3B%20margin-top%3A%2020px%3B%20text-align%3A%20center%3B%20line-height%3A%2036px%3B%22%3E%3Cimg%20class%3D%22aligncenter%20size-full%20wp-image-141%22%20src%3D%22https%3A%2F%2F24.p3k.hu%2Fapp%2Fuploads%2Fsites%2F24%2F2021%2F05%2Fs24-logo-dt.png%22%20alt%3D%22%22%20width%3D%22408%22%20height%3D%2290%22%20%2F%3E%3C%2Fh2%3E%0D%0A%3Ch2%20style%3D%22color%3A%20%23111115%21important%3B%20font-size%3A%2036px%3B%20font-weight%3A%20bold%3B%20margin-bottom%3A%2030px%3B%20margin-top%3A%2020px%3B%20text-align%3A%20center%3B%20line-height%3A%2040px%3B%22%3ECsatlakozz%20a%20Sport24%20k%C3%B6z%C3%B6ss%C3%A9ghez%2C%20mondd%20el%20v%C3%A9lem%C3%A9nyedet%20z%C3%A1rt%20Facebook-csoportunkban%2C%20%C3%A9s%20vegy%C3%A9l%20r%C3%A9szt%20csak%20el%C5%91fizet%C5%91knek%20el%C3%A9rhet%C5%91%20exkluz%C3%ADv%20esem%C3%A9nyeinken.%3C%2Fh2%3E%0D%0A%3C%2Fdiv%3E%0D%0A%3Cp%20style%3D%22background%3A%20%2357A600%3B%20margin-top%3A%2020px%3B%20padding%3A%2020px%3B%20text-align%3A%20center%3B%22%3E%3Ca%20style%3D%22color%3A%20%23ffffff%3B%20font-size%3A%2026px%3B%20font-weight%3A%20600%3B%22%20href%3D%22https%3A%2F%2Fwww.facebook.com%2Fgroups%2F212344460412327%22%3ECSATLAKOZOM%3C%2Fa%3E%3C%2Fp%3E%0D%0A%0D%0A%3C%2Fdiv%3E\"]","type":"rich","thumbnail_url":"https:\/\/s.24.hu\/app\/uploads\/sites\/24\/2023\/06\/central-0784562272-150x150.jpg","thumbnail_width":150,"thumbnail_height":150}