{"version":"1.0","provider_name":"Sport24","provider_url":"https:\/\/sport24.24.hu","author_name":"Bruckner G\u00e1bor","author_url":"https:\/\/sport24.24.hu\/author\/brucknerg\/","title":"Fel\u00fclt Eur\u00f3pa tr\u00f3nj\u00e1ra a City, de legnagyobb siker\u00e9t nem a legjobb meccs\u00e9n \u00e9rte el","html":"Nem meglep\u0151, hogy el\u0151zetesen az eg\u00e9sz futballk\u00f6zv\u00e9lem\u00e9ny egy\u00e9rtelm\u0171en a Manchester Cityt gondolta es\u00e9lyesebbnek \u2013 a vil\u00e1gbajnoks\u00e1g el\u0151tt m\u00e9g hull\u00e1mv\u00f6lgyben l\u00e9v\u0151 csapat tavasszal az elm\u00falt \u00e9vek dominanci\u00e1j\u00e1t is fel\u00fcl tudta m\u00falni. Rem\u00e9nytelennek t\u0171n\u0151 helyzetb\u0151l indulva v\u00e9g\u00fcl sim\u00e1n h\u00fazta be a Premier League-et, hogy azt\u00e1n egy hete a Manchester United elleni sikerrel az FA Kup\u00e1t is bezsebelje. <strong>Erling Haaland<\/strong> 36 bajnoki g\u00f3lj\u00e1val egy\u00e9ni rekordot d\u00f6nt\u00f6tt, mik\u00f6zben csapatszinten is \u00fagy t\u0171nt, az id\u0151r\u0151l id\u0151re vari\u00e1l\u00f3 <strong>Pep Guardiola<\/strong> minden tekintetben megtal\u00e1lta a t\u00f6k\u00e9letes tizenegyet.\r\n\r\n<span class=\"highlight-block\">A City r\u00e1ad\u00e1sul veretlen\u00fcl jutott el a BL d\u00f6nt\u0151j\u00e9ig, <\/span>\r\n\r\naz egyenes kies\u00e9ses szakaszban pedig olyan csapatokat d\u00f6ng\u00f6lt sim\u00e1n a f\u00f6ldbe, mint a c\u00edmv\u00e9d\u0151 Real Madrid vagy a n\u00e9metorsz\u00e1gi egyeduralkod\u00f3 Bayern M\u00fcnchen.\r\n\r\nAz \u00fczletileg \u00e9s ma m\u00e1r szakmailag is magasabbra becs\u00fclt Premier League \u00e1rny\u00e9k\u00e1ban ugyanakkor elhom\u00e1lyosodhatott, hogy a m\u00falt \u00e9vad el\u0151tt a Lazi\u00f3t\u00f3l igazolt edz\u0151, <strong>Simone Inzaghi<\/strong> szint\u00e9n (majdnem) t\u00f6rt\u00e9nelmi szezont futott az Interrel. Ugyan a 2010-es<strong> Jos\u00e9 Mourinho<\/strong>-f\u00e9le \u201eh\u00e1rmasugr\u00e1st\u201d nem siker\u00fclt megism\u00e9telni, az olasz bajnoki harmadik hely, a hazai kupagy\u0151zelem \u00e9s term\u00e9szetesen a Bajnokok Lig\u00e1ja d\u00f6nt\u0151j\u00e9be jut\u00e1s \u00f6nmag\u00e1ban \u00e9vtizedes eredm\u00e9nysor, m\u00e9g ha a nemzetk\u00f6zi porondon az Internek viszonylag kedvez\u0151 sorsol\u00e1s (Porto, Benfica, Milan) is jutott.\r\n\r\nAz \u00f6ssze\u00e1ll\u00edt\u00e1sokat illet\u0151en a Manchester City kezd\u0151tizenegy\u00e9ben v\u00e1rhattunk kevesebb meglepet\u00e9st. Guardiola az elm\u00falt \u00e9vek kies\u00e9ses BL-meccsein gyakran okozott meglepet\u00e9st (\u00e9s vesztett azokon) egy-egy szem\u00e9lyi, vagy taktikai h\u00faz\u00e1s\u00e1val. Mostanra azonban v\u00e1ltoztatott a hozz\u00e1\u00e1ll\u00e1s\u00e1n a katal\u00e1n mester, \u00e9s tavasszal szinte az \u00f6sszes fontosabb m\u00e9rk\u0151z\u00e9sen ugyanazt g\u00e1rd\u00e1t k\u00fcldte p\u00e1ly\u00e1ra. Ez a tizenegy pedig a d\u00f6nt\u0151re sem v\u00e1ltozott: <strong>Ederson<\/strong> el\u0151tt most is <strong>Akanji, Ruben Dias, Nathan Ak\u00e9<\/strong> \u00e9s <strong>John Stones<\/strong> alkotta a v\u00e9delmet. Ut\u00f3bbi \u2013 a szezon nagy \u00faj\u00edt\u00e1sak\u00e9nt \u2013 labdabirtokl\u00e1sban feljebb j\u00e1tszik a v\u00e9dekez\u0151 k\u00f6z\u00e9pp\u00e1ly\u00e1s <strong>Rodri<\/strong> mellett. Jobbr\u00f3l <strong>Bernardo Silva<\/strong>, balr\u00f3l pedig <strong>Jack Grealish<\/strong> adott sz\u00e9less\u00e9get a csapatnak, mik\u00f6zben k\u00f6z\u00e9pen <strong>Ilkay G\u00fcndogan, Kevin de Bruyne<\/strong> \u00e9s Haaland f\u00e9lelmetes tri\u00f3ja rohamozott. Guardiola teh\u00e1t l\u00e1tsz\u00f3lag teljesen megmaradt a j\u00f3l bev\u00e1lt receptn\u00e9l, \u00e1m, mint l\u00e1tni fogjuk, a szombati d\u00f6nt\u0151n ez m\u00e9gsem volt teljesen \u00edgy.\r\n\r\n<span class=\"highlight-block-small\">Simone Inzaghi legnagyobb hi\u00e1nyz\u00f3ja az el\u0151d\u00f6nt\u0151ben s\u00e9r\u00fcl\u00e9st \u00f6sszeszed\u0151 \u00f6rm\u00e9ny fazonszab\u00e1sz, Henrikh Mkhitaryan volt. <\/span>\r\n\r\n<strong>Andr\u00e9 Onana<\/strong> kapus el\u0151tt ez\u00fattal is <strong>Darmian, Bastoni<\/strong> \u00e9s <strong>Acerbi<\/strong> alkotta a v\u00e9delem belsej\u00e9t, jobboldalt <strong>Dumfries<\/strong>, baloldalt <strong>Dimarco<\/strong> szaladg\u00e1lt fel-al\u00e1. A k\u00f6z\u00e9pp\u00e1ly\u00e1n <strong>Brozovic<\/strong> \u00e9s <strong>Barella<\/strong> t\u00e1rsa Mkhitaryan hi\u00e1ny\u00e1ban <strong>Calhanoglu<\/strong> lett \u2013 \u0151 lehetett volna az els\u0151 t\u00f6r\u00f6k BL-gy\u0151ztes futballista. A leg\u00e9rdekesebb k\u00e9rd\u00e9s tal\u00e1n a csat\u00e1rp\u00e1ros \u00f6sszet\u00e9tele volt: vajon a veter\u00e1n b\u00f3jacenter <strong>Edin Dzeko<\/strong>, vagy a ter\u00fcletekbe is b\u00e1tran befut\u00f3, nagydarab <strong>Romelu Lukaku<\/strong> lesz <strong>Lautaro Mart\u00ednez<\/strong> p\u00e1rja? V\u00e9g\u00fcl el\u0151bbire esett a v\u00e1laszt\u00e1s.\r\n\r\nB\u00e1r Guardiola pap\u00edron az alap\u00e9rtelmezett kezd\u0151t k\u00fcldte ki az Atat\u00fcrk Stadion gyep\u00e9re, a katal\u00e1n edz\u0151 nem tudta \u00f6nmag\u00e1t meghazudtolni, \u00e9s a megszokott j\u00e1t\u00e9kosokat egy (majdnem) teljesen \u00faj t\u00e1mad\u00f3 strukt\u00far\u00e1ban \u00e1ll\u00edtotta csatasorba. A tavasz eddigi m\u00e9rk\u0151z\u00e9sein \u00e1ltal\u00e1ban a negyedik v\u00e9d\u0151, Stones l\u00e9pett fel Rodri mell\u00e9 m\u00e1sodik v\u00e9dekez\u0151 k\u00f6z\u00e9pp\u00e1ly\u00e1snak, a t\u00e1mad\u00f3sort pedig a marad\u00e9k \u00f6t j\u00e1t\u00e9kos alkotta, ezt a nemzetk\u00f6zi k\u00f6zv\u00e9lem\u00e9ny legink\u00e1bb a 3-2-2-3-as WM-rendszerhez hasonl\u00edtotta, amely m\u00e9g az 1930-as \u00e9vek Angli\u00e1j\u00e1ban terjedt el. A mostani szerkezetben azonban a City nem \u00f6t, hanem hatf\u0151s els\u0151 sorral j\u00e1tszott. A n\u00e9gy k\u00f6z\u00e9pp\u00e1ly\u00e1s nem n\u00e9gysz\u00f6g, hanem sokkal ink\u00e1bb rombusz alakzatot form\u00e1lt, \u00e9s a n\u00e9gy h\u00e1tuls\u00f3 j\u00e1t\u00e9kos is hasonl\u00f3an helyezkedett el. Ha ragaszkodunk a sz\u00e1mokhoz, ezt a konstrukci\u00f3t legink\u00e1bb 3-4-3-as rombuszalakzatnak lehet nevezni.\r\n\r\n\u00c1m a szokatlan h\u00faz\u00e1sra Inzaghi csapata let\u00e1mad\u00e1sban gyorsan reag\u00e1lt: a pap\u00edron m\u00e1sodik csat\u00e1r Lautaro Mart\u00ednez a bal oldali f\u00e9lter\u00fcletbe z\u00e1rt vissza, s az Inter n\u00e9gy j\u00e1t\u00e9kossal gyakorlatilag let\u00fckr\u00f6zte a manchesteriek h\u00e1ts\u00f3 rombusz\u00e1t. De Bruyne \u00e9s a szokottn\u00e1l is feljebb ker\u00fcl\u0151 Stones \u00edgy k\u00e9nyszer\u0171s\u00e9gb\u0151l egyre t\u00f6bbet mozgott az oldalvonal fel\u00e9, \u00e1m az Inter \u00f6tf\u0151s v\u00e9delmi vonala k\u00f6nnyed\u00e9n elb\u00e1nt vel\u00fck, hiszen egy ember nyugodtan kil\u00e9phetett a labd\u00e1sra. A szitu\u00e1ci\u00f3 igazi vesztese a k\u00e9t sz\u00e9ls\u0151, Bernardo Silva \u00e9s Grealish lett: nekik es\u00e9ly\u00fck sem volt megfelel\u0151 sz\u00f6gben labd\u00e1t kapni, \u00e9s egy az egyben megverni az ember\u00fcket. A f\u00e9lter\u00fcletben beindul\u00f3 t\u00e1rsakat pedig a kapunak h\u00e1ttal szint\u00e9n nem tudt\u00e1k megj\u00e1tszani.\r\n\r\n<img class=\"alignnone size-full wp-image-9155\" src=\"https:\/\/sport24.24.hu\/app\/uploads\/sites\/24\/2023\/06\/mcint3.png\" alt=\"\" width=\"1280\" height=\"720\" \/>\r\n\r\n<em>Az Inter let\u00e1mad\u00e1sa \u00e9s a City labdabirtokl\u00e1si probl\u00e9m\u00e1i. Guardiola csapata h\u00e1tul rombuszban \u00e9p\u00edtkezik, Ak\u00e9 Ruben Diason kereszt\u00fcl Akanjihoz forgat. Az olaszok gyakorlatilag let\u00fckr\u00f6zik \u0151ket: Dzeko a k\u00f6z\u00e9pen j\u00e1tsz\u00f3 Diasra figyel, mik\u00f6zben Barella Ak\u00e9ra, Lautaro pedig Akanjira l\u00e9p ki. De Bruyn\u00e9re az oldals\u00f3 k\u00f6z\u00e9ph\u00e1tv\u00e9d Darmian l\u00e9p fel.<\/em>\r\n\r\n<img class=\"alignnone size-full wp-image-9156\" src=\"https:\/\/sport24.24.hu\/app\/uploads\/sites\/24\/2023\/06\/mcint4.png\" alt=\"\" width=\"1280\" height=\"720\" \/>\r\n\r\n<em>A jelenet folytat\u00e1sa. A jobboldali sz\u00e9less\u00e9get biztos\u00edt\u00f3 Bernardo Silva nem ter\u00fcletbe, hanem l\u00e1bra kapja a labd\u00e1t, Dimarco fell\u00e9p vele, \u00edgy nem tud megfordulni. A v\u00e9dekez\u0151 k\u00f6z\u00e9pp\u00e1ly\u00e1sk\u00e9nt j\u00e1tsz\u00f3 Stonesnak kell ter\u00fcletbe indulni, de a h\u00e1ttal l\u00e9v\u0151 Bernardo miatt am\u00fagy sem tud hozz\u00e1 eljutni a labda, r\u00e1ad\u00e1sul Bastoni is k\u00f6veti visszafel\u00e9.<\/em>\r\n<div class=\"payable-content-section\"><\/div>\r\n<span class=\"highlight-block-small\">Guardiola taktik\u00e1j\u00e1ban az volt a legmegd\u00f6bbent\u0151bb, hogy ezt egyszer m\u00e1r l\u00e1thattuk t\u0151le: a 2021-es, Chelsea elleni, vesztes Bajnokok Lig\u00e1ja-d\u00f6nt\u0151n. \u00a0\u00a0<\/span>\r\n\r\nR\u00e1ad\u00e1sul az akkori m\u00e9rk\u0151z\u00e9sen <strong>Thomas Tuchel<\/strong> csapata is nagyon hasonl\u00f3, \u00f6tv\u00e9d\u0151s rendszerben v\u00e9dekezett. A forgat\u00f3k\u00f6nyv pedig szinte kott\u00e1ra ugyanez volt: a k\u00e9t sz\u00e9ls\u0151t (akkor Sterlinget \u00e9s Mahrezt) nem siker\u00fclt megfelel\u0151 \u00fctemben megj\u00e1tszani, a k\u00f6z\u00e9pen l\u00e9v\u0151ket pedig szint\u00e9n emberfog\u00e1ssal vette ki a j\u00e1t\u00e9kb\u00f3l az ellenf\u00e9l. T\u00f6bb j\u00e1t\u00e9kos hasonl\u00f3an szokatlan szerepk\u00f6rbe ker\u00fclt, De Bruyne hamis kilencest, <strong>Zincsenko<\/strong> pedig nyolcast j\u00e1tszott.\r\n\r\nB\u00e1r az Inter ellen az els\u0151 f\u00e9lid\u0151ben a Manchester City 62 sz\u00e1zal\u00e9kban birtokolta a labd\u00e1t, kev\u00e9s vesz\u00e9lyes helyzetet siker\u00fclt kidolgozni. A legt\u00f6bb potenci\u00e1l m\u00e9g mindig a k\u00f6z\u00e9pen vezetett t\u00e1mad\u00e1sokban volt, ekkor legink\u00e1bb a h\u00e1romf\u0151s k\u00f6z\u00e9pp\u00e1lya melletti forgat\u00e1sokkal, illetve az egyik bels\u0151 v\u00e9d\u0151t kimozgatva siker\u00fclt eljuttatni a labd\u00e1t Haalandhoz vagy a rombusz cs\u00facs\u00e1n j\u00e1tsz\u00f3 G\u00fcndoganhoz.\r\n\r\n<img class=\"alignnone size-full wp-image-9157\" src=\"https:\/\/sport24.24.hu\/app\/uploads\/sites\/24\/2023\/06\/mcint5.png\" alt=\"\" width=\"1280\" height=\"720\" \/>\r\n\r\n<em>A City legnagyobb helyzete az els\u0151 f\u00e9lid\u0151ben: G\u00fcndogan a visszal\u00e9p\u00e9ssel kih\u00fazza Darmiant a v\u00e9d\u0151sorb\u00f3l, majd De Bruyn\u00e9n kereszt\u00fcl harmadik emberk\u00e9nt megj\u00e1tssza a r\u00e9sbe beindul\u00f3 Haalandot.<\/em>\r\n\r\nAz els\u0151 f\u00e9lid\u0151ben az olaszok matematikailag m\u00e9g a Cityn\u00e9l is kevesebb helyzetet dolgoztak ki, a legnagyobb lehet\u0151s\u00e9g egy h\u00e1tul eladott labd\u00e1b\u00f3l alakult ki. El\u0151zetesen is v\u00e1rhat\u00f3 volt, hogy kevesebbet fogj\u00e1k a labd\u00e1t birtokolni. B\u00e1r Inzaghi csapata a labdabirtokl\u00e1s f\u00e1zis\u00e1ban struktur\u00e1lisan j\u00f3l megszerkesztett, a passzj\u00e1t\u00e9k ritmusa \u00e9s sebess\u00e9ge hagy k\u00edv\u00e1nnival\u00f3t maga ut\u00e1n. Az ellenf\u00e9l t\u00e9rfel\u00e9n a j\u00e1t\u00e9kuk hajlamos lelassulni, ami tal\u00e1n a k\u00f6rnyezetb\u0151l is ad\u00f3dik: a Serie A-ban az ellenfelek v\u00e9dekez\u00e9se kev\u00e9sb\u00e9 agressz\u00edv, a j\u00e1t\u00e9k temp\u00f3ja pedig lassabb, mint a Bajnokok Lig\u00e1j\u00e1ban.\r\n\r\nAz olaszok teh\u00e1t legink\u00e1bb m\u00e1sodik sz\u00e1nd\u00e9kb\u00f3l, a Dzeko, Mart\u00ednez p\u00e1roshoz val\u00f3 fel\u00edvel\u00e9ssel pr\u00f3b\u00e1lt\u00e1k \u00e1tj\u00e1tszani a City let\u00e1mad\u00e1s\u00e1t. A m\u00e1sik \u00e9rdekes elem az volt, hogy a k\u00f6z\u00e9ps\u0151 v\u00e9d\u0151, Acerbi Brozovic mell\u00e9, m\u00e1sodik v\u00e9dekez\u0151 k\u00f6z\u00e9pp\u00e1ly\u00e1snak l\u00e9pett fel. A h\u00e1ts\u00f3 sorban \u00edgy kedvez\u0151bb passzol\u00e1si sz\u00f6gek ny\u00edltak meg, hiszen a kapus, Onana maga is sz\u00edvesen vesz r\u00e9szt a nyom\u00e1s alatti \u00e9p\u00edtkez\u00e9sben. Ennek ellen\u00e9re az Inter nemigen tudott labd\u00e1val az ellenf\u00e9l t\u00e9rfel\u00e9n megtelepedni, a sz\u00e9ls\u0151 h\u00e1romsz\u00f6gekre \u00e9p\u00fcl\u0151 labdabirtokl\u00e1si koncepci\u00f3t kev\u00e9sszer l\u00e1thattuk ezen a m\u00e9rk\u0151z\u00e9sen.\r\n\r\n<img class=\"alignnone size-full wp-image-9158\" src=\"https:\/\/sport24.24.hu\/app\/uploads\/sites\/24\/2023\/06\/mcint1.png\" alt=\"\" width=\"1280\" height=\"720\" \/>\r\n\r\n<em>Let\u00e1mad a City a m\u00e9rk\u0151z\u00e9s elej\u00e9n: Acerbi Darmianhoz passzol, majd a v\u00e9dekez\u0151 k\u00f6z\u00e9pp\u00e1ly\u00e1s hely\u00e9re mozog passzopci\u00f3t biztos\u00edtani. Barell\u00e1t De Bruyne t\u00e1madja meg, azt k\u00f6vet\u0151en Dumfriest pedig a fell\u00e9p\u0151 balh\u00e1tv\u00e9d, Ak\u00e9 k\u00e9nyszer\u00edti \u00edvel\u00e9sre. A jelenet v\u00e9g\u00e9n Rodri gy\u0171jti be a labd\u00e1t.<\/em>\r\n\r\n<img class=\"alignnone size-full wp-image-9159\" src=\"https:\/\/sport24.24.hu\/app\/uploads\/sites\/24\/2023\/06\/mcint2.png\" alt=\"\" width=\"1280\" height=\"720\" \/>\r\n\r\n<em>Onana kil\u00e9p a kapuj\u00e1b\u00f3l, ezzel plusz mez\u0151nyj\u00e1t\u00e9kosk\u00e9nt passzopci\u00f3t biztos\u00edtva. A City els\u0151 sora nem tudja, mit reag\u00e1ljon: ha fell\u00e9pnek r\u00e1, lehet, hogy a t\u00e1mad\u00f3k k\u00f6z\u00fcl marad \u00fcresen valaki. Onana v\u00e9g\u00fcl a bemozg\u00f3 Martinezre \u00edveli a labd\u00e1t, \u00e1m Akanji megnyeri a fejp\u00e1rbajt.<\/em>\r\n\r\nA City sz\u00e1m\u00e1ra itt m\u00e9g nem \u00e9rt v\u00e9get a p\u00e1rhuzam:\r\n\r\n<span class=\"highlight-block\">De Bruyne s\u00e9r\u00fcl\u00e9s miatt \u00e9lete m\u00e1sodik BL-d\u00f6nt\u0151j\u00e9n is id\u0151 el\u0151tt k\u00e9nyszer\u00fclt elhagyni a p\u00e1ly\u00e1t. <\/span>\r\n\r\nA hely\u00e9re <strong>Phil Foden<\/strong> \u00e9rkezett, \u00e1m a k\u00e9p \u00edgy is aggaszt\u00f3an festett: az els\u0151 f\u00e9lid\u0151ben nemcsak a taktikai elk\u00e9pzel\u00e9sek nem j\u00f6ttek be a Citynek, hanem m\u00e9g \u201evez\u00e9r\u00e1ldozatra\u201d is k\u00e9nyszer\u00fclt a csapat.\r\n\r\nA m\u00e1sodik f\u00e9lid\u0151 els\u0151 fel\u00e9ben ugyanakkor az \u00c9gsz\u00ednk\u00e9kek a maguk jav\u00e1ra tudt\u00e1k ford\u00edtani a m\u00e9rk\u0151z\u00e9st: az els\u0151 f\u00e9lid\u0151 medd\u0151 labdabirtokl\u00e1sa ut\u00e1n egyre t\u00f6bbsz\u00f6r voltak k\u00e9pesek labd\u00e1t tartani az ellenf\u00e9l t\u00e9rfel\u00e9n is. A j\u00f3 peri\u00f3dust annak a Rodrinak a g\u00f3lja koron\u00e1zta meg, aki id\u0151k\u00f6zben a vil\u00e1g egyik legjobb hatos\u00e1v\u00e1 v\u00e1lt, \u00e9s az idei sorozatban imm\u00e1r m\u00e1sodszor szerzett kulcsfontoss\u00e1g\u00fa g\u00f3lt.\r\n\r\n<img class=\"alignnone size-full wp-image-9160\" src=\"https:\/\/sport24.24.hu\/app\/uploads\/sites\/24\/2023\/06\/mcint6.png\" alt=\"\" width=\"1280\" height=\"720\" \/>\r\n\r\n<em>A gy\u0151ztes g\u00f3l. Guardiola csapata berendezkedik az ellenf\u00e9l t\u00e9rfel\u00e9n, Akanji hozza fel a labd\u00e1t. Bernardo Silva most nem az oldalvonal mellett helyezkedik, hanem a f\u00e9lter\u00fcletbe mozog be, \u00edgy Stones-nak kell sz\u00e9less\u00e9get biztos\u00edtania. Akanji kit\u0171n\u0151en j\u00e1tssza meg a folyos\u00f3ba beindul\u00f3 Bernard\u00f3t, az \u0151 visszagur\u00edt\u00e1s\u00e1b\u00f3l a m\u00e1sodik hull\u00e1mban \u00e9rkez\u0151 Rodri tal\u00e1l a kapuba. Figyelj\u00fck meg, ahogyan a cserek\u00e9nt be\u00e1llt Foden visszah\u00fazza mag\u00e1val Brozovicot, \u00edgy ter\u00fcletet nyitva Rodrinak.<\/em>\r\n\r\nA g\u00f3l ut\u00e1n az Inter m\u00e9g ink\u00e1bb t\u00e1madni k\u00e9nyszer\u00fclt: Dzeko hely\u00e9re Lukaku \u00e9rkezett, \u00edgy a k\u00e9k-feket\u00e9k m\u00e1r nagyobb sebess\u00e9ggel tudt\u00e1k fenyegetni a magasra tolt manchesteri v\u00e9d\u0151vonalat. A f\u0151 labdakihozatali megold\u00e1s ez\u00fattal is Onan\u00e1nak, mint plusz mez\u0151nyj\u00e1t\u00e9kosnak a fel\u00edvel\u00e9se, \u00e9s az azt k\u00f6vet\u0151 m\u00e1sodik sz\u00e1nd\u00e9k\u00fa j\u00e1t\u00e9k volt.\r\n\r\n<img class=\"alignnone size-full wp-image-9161\" src=\"https:\/\/sport24.24.hu\/app\/uploads\/sites\/24\/2023\/06\/mcint7.png\" alt=\"\" width=\"1280\" height=\"720\" \/>\r\n\r\n<img class=\"alignnone size-full wp-image-9162\" src=\"https:\/\/sport24.24.hu\/app\/uploads\/sites\/24\/2023\/06\/mcint8.png\" alt=\"\" width=\"1280\" height=\"720\" \/>\r\n\r\n<em>Onana ism\u00e9t szabad emberk\u00e9nt \u00edvelheti fel a labd\u00e1t, most is Lautaro Mart\u00ednezt tal\u00e1lja meg a labd\u00e1val, akit a felfut\u00f3 Bastoni t\u00e1mogat. Lautaro kih\u00fazza a v\u00e9d\u0151falb\u00f3l Akanjit, majd a beindul\u00f3 Lukakut j\u00e1tssza meg, aki a kapusba l\u0151.<\/em>\r\n\r\nA m\u00e9rk\u0151z\u00e9s v\u00e9ge elk\u00e9peszt\u0151 dr\u00e1m\u00e1t, \u00f3ri\u00e1si kihagyott Inter-helyzeteket \u00e9s elk\u00e9peszt\u0151 Ederson-v\u00e9d\u00e9seket hozott. Az egyre h\u00e1tr\u00e9bb \u00e9s h\u00e1tr\u00e9bb v\u00e9dekez\u0151 Cityvel szemben a mil\u00e1n\u00f3iak j\u00e1t\u00e9ka a megszokott m\u00f3don kiss\u00e9 statikus volt, de m\u00e9g a be\u00edvel\u00e9sekre \u00e9p\u00fcl\u0151 j\u00e1t\u00e9kban is maradt vesz\u00e9ly.\r\n\r\n<img class=\"alignnone size-full wp-image-9163\" src=\"https:\/\/sport24.24.hu\/app\/uploads\/sites\/24\/2023\/06\/mcint9.png\" alt=\"\" width=\"1280\" height=\"720\" \/>\r\n\r\n<em>A m\u00e9rk\u0151z\u00e9s hajr\u00e1j\u00e1ban az Internek fel\u00e1llt fal ellen kellett j\u00e1tszania. Brozovic k\u00f6z\u00e9pr\u0151l \u00edvel a bal sz\u00e1rnyv\u00e9d\u0151 Gosens ir\u00e1ny\u00e1ba, aki visszafejeli k\u00f6z\u00e9pre a labd\u00e1t. Az \u00e9rkez\u0151 Lukaku l\u00f6v\u00e9s\u00e9t brav\u00farral v\u00e9di Ederson.<\/em>\r\n\r\nA m\u00e9rk\u0151z\u00e9sen az Inter 1.68-as xG-mutat\u00f3t hozott \u00f6ssze, ami j\u00f3val magasabb az \u00c9gsz\u00ednk\u00e9kek 0.99-es \u00e9rt\u00e9k\u00e9n\u00e9l. Figyelemre m\u00e9lt\u00f3, hogy az els\u0151 f\u00e9lid\u0151ben m\u00e9g a Citynek volt magasabb az \u00e9rt\u00e9ke (0.47\u20130.25), az Inter teh\u00e1t a helyzetek tekintet\u00e9ben a m\u00e1sodik f\u00e9lid\u0151ben n\u0151tt az angolok f\u00f6l\u00e9. Az Inter 14 l\u00f6v\u00e9s\u00e9b\u0151l r\u00e1ad\u00e1sul 9 \u00e9rkezett a 16-oson bel\u00fclr\u0151l, a City eset\u00e9ben ugyanez az ar\u00e1ny 7-b\u0151l 5 volt.\r\n\r\n<img class=\"alignnone size-full wp-image-9164\" src=\"https:\/\/sport24.24.hu\/app\/uploads\/sites\/24\/2023\/06\/mcint10.png\" alt=\"\" width=\"779\" height=\"933\" \/>\r\n\r\n<span class=\"highlight-block\">A Manchester City teh\u00e1t n\u00e9mi szerencs\u00e9vel nyerte meg a Bajnokok Lig\u00e1ja d\u00f6nt\u0151j\u00e9t: <\/span>\r\n\r\naz Inter messze nehezebb feladat el\u00e9 \u00e1ll\u00edtotta Guardiola csapat\u00e1t, mint b\u00e1rmelyik kor\u00e1bbi ellenf\u00e9l. B\u00e1r vesz\u00e9lyesebb helyzetei az Internek voltak \u00e9s Guardiola taktikai elk\u00e9pzel\u00e9se sem j\u00f6tt be marad\u00e9ktalanul, a csapatnak m\u00e9gis most siker\u00fclt elh\u00f3d\u00edtania a h\u0151n \u00e1h\u00edtott tr\u00f3fe\u00e1t. Hi\u00e1ba voltak p\u00e9ld\u00e1ul egy \u00e9vvel ezel\u0151tt szinte mindenben jobbak a Real Madrid elleni el\u0151d\u00f6nt\u0151 p\u00e1rharc\u00e1ban, a kulcsmomentumokat akkor m\u00e9gis az ellenf\u00e9l j\u00e1t\u00e9kosai uralt\u00e1k. Sokszor volt m\u00e1r sz\u00f3 r\u00f3la, hogy a BL egyenes kies\u00e9ses szakasz\u00e1ban a v\u00e9letlennek sokkal nagyobb szerepe van, mint a ligarendszer\u0171 nemzeti bajnoks\u00e1gban, amelyben sokkal ink\u00e1bb a hossz\u00fa t\u00e1v\u00fa teljes\u00edtm\u00e9ny alapj\u00e1n osztj\u00e1k a pontokat. A Guardiola-korszak \u00e9s az azt \u00f6vez\u0151 h\u00e9t\u00e9ves, tudatos csapat\u00e9p\u00edt\u00e9s azonban imm\u00e1r Eur\u00f3p\u00e1ban is meghozta a gy\u00fcm\u00f6lcs\u00e9t: igaz, a Manchester City nem azon a m\u00e9rk\u0151z\u00e9sen nyerte meg a Bajnokok Lig\u00e1j\u00e1t, amikor a legjobban futballozott.\r\n\r\n[prefabricated_shortcode in_app=\"0\" code=\"%3Cdiv%20class%3D%22article_box_border%22%20style%3D%22background%3A%20url%28%27https%3A%2F%2F24.p3k.hu%2Fapp%2Fuploads%2Fsites%2F24%2F2021%2F05%2Fsport24-pattern.png%27%29%20no-repeat%20left%20-16px%20%23f3f3f4%3B%20border%3A%20none%3B%22%3E%0D%0A%3Cdiv%20class%3D%22article_solidheader%22%3E%0D%0A%3Ch2%20style%3D%22color%3A%20%23111115%21important%3B%20font-size%3A%2036px%3B%20font-weight%3A%20bold%3B%20margin-bottom%3A%2030px%3B%20margin-top%3A%2020px%3B%20text-align%3A%20center%3B%20line-height%3A%2036px%3B%22%3E%3Cimg%20class%3D%22aligncenter%20size-full%20wp-image-141%22%20src%3D%22https%3A%2F%2F24.p3k.hu%2Fapp%2Fuploads%2Fsites%2F24%2F2021%2F05%2Fs24-logo-dt.png%22%20alt%3D%22%22%20width%3D%22408%22%20height%3D%2290%22%20%2F%3E%3C%2Fh2%3E%0D%0A%3Ch2%20style%3D%22color%3A%20%23111115%21important%3B%20font-size%3A%2036px%3B%20font-weight%3A%20bold%3B%20margin-bottom%3A%2030px%3B%20margin-top%3A%2020px%3B%20text-align%3A%20center%3B%20line-height%3A%2040px%3B%22%3ECsatlakozz%20a%20Sport24%20k%C3%B6z%C3%B6ss%C3%A9ghez%2C%20mondd%20el%20v%C3%A9lem%C3%A9nyedet%20z%C3%A1rt%20Facebook-csoportunkban%2C%20%C3%A9s%20vegy%C3%A9l%20r%C3%A9szt%20csak%20el%C5%91fizet%C5%91knek%20el%C3%A9rhet%C5%91%20exkluz%C3%ADv%20esem%C3%A9nyeinken.%3C%2Fh2%3E%0D%0A%3C%2Fdiv%3E%0D%0A%3Cp%20style%3D%22background%3A%20%2357A600%3B%20margin-top%3A%2020px%3B%20padding%3A%2020px%3B%20text-align%3A%20center%3B%22%3E%3Ca%20style%3D%22color%3A%20%23ffffff%3B%20font-size%3A%2026px%3B%20font-weight%3A%20600%3B%22%20href%3D%22https%3A%2F%2Fwww.facebook.com%2Fgroups%2F212344460412327%22%3ECSATLAKOZOM%3C%2Fa%3E%3C%2Fp%3E%0D%0A%0D%0A%3C%2Fdiv%3E\"]","type":"rich","thumbnail_url":"https:\/\/s.24.hu\/app\/uploads\/sites\/24\/2023\/06\/gettyimages-1258596425-e1686502843128-150x150.jpg","thumbnail_width":150,"thumbnail_height":150}