{"version":"1.0","provider_name":"Sport24","provider_url":"https:\/\/sport24.24.hu","author_name":"Bruckner G\u00e1bor","author_url":"https:\/\/sport24.24.hu\/author\/brucknerg\/","title":"A PL vastag p\u00e9nzt\u00e1rc\u00e1j\u00fa kies\u0151i helyett a hozz\u00e1juk k\u00e9pest fill\u00e9rekb\u0151l gazd\u00e1lkod\u00f3 klubokr\u00f3l sz\u00f3lt id\u00e9n a Championship","html":"Mit\u0151l j\u00f3 egy bajnoks\u00e1g? A j\u00e1t\u00e9kosokt\u00f3l \u00e9s az edz\u0151kt\u0151l? A klubok \u00e1ltal bele\u00f6lt p\u00e9nzt\u0151l? A versenyk\u00e9pess\u00e9gt\u0151l \u00e9s az izgalmakt\u00f3l? A hangulatt\u00f3l \u00e9s a k\u00f6r\u00edt\u00e9st\u0151l? Nyilv\u00e1n nem l\u00e9tezik erre egzakt v\u00e1lasz. Ha azt n\u00e9zz\u00fck, hol vannak a leggazdagabb klubok, hol a legmagasabbak a keresetek, hol oszlik el a legt\u00f6bb klasszis j\u00e1t\u00e9kos, \u00e9s hol van a legnagyobb marketingb\u00fcdzs\u00e9, akkor nem k\u00e9rd\u00e9s, hogy a Premier League a vil\u00e1g legjobb bajnoks\u00e1ga. Elgondolkodtat\u00f3 ugyanakkor, hogy t\u00e9nyleg besz\u00e9lhet\u00fcnk-e szuperlat\u00edvuszokban egy olyan lig\u00e1r\u00f3l, amit a legut\u00f3bbi hatb\u00f3l \u00f6t \u00e9vadban is ugyanaz a csapat nyert meg, \u00e9s amelyben\r\n\r\n<span class=\"highlight-block-small\">kiz\u00e1r\u00f3lag akkor van es\u00e9lyed a t\u0171z k\u00f6zel\u00e9be ker\u00fclni, ha er\u0151teljesen megt\u00e1mogat egy gyilkos diktat\u00fara?<\/span>\r\n\r\n\u00cdgy azt\u00e1n hi\u00e1ba volt a megszokottn\u00e1l t\u00f6bb meglepet\u00e9s az idei PL-id\u00e9nyben \u2013 bronz\u00e9rmes a Newcastle; nem futott be BL-helyre sem a Liverpool, sem a Chelsea; <a href=\"https:\/\/sport24.24.hu\/foci\/2023\/05\/31\/leicester-city-premier-league-kieses\/\">kiesett<\/a> az elm\u00falt \u00e9vtizedben bajnoks\u00e1got \u00e9s FA Kup\u00e1t is nyert Leicester stb. \u2013, az\u00e9rt olyan \u0151rj\u00edt\u0151en nagy izgalmak nem jellemezt\u00e9k ezt a szezont sem, legal\u00e1bbis ami a l\u00e9nyeget illeti. Mindek\u00f6zben egy oszt\u00e1llyal lejjebb megint azt l\u00e1thattuk, hogy j\u00f3val kisebbek a k\u00fcl\u00f6nbs\u00e9gek, nincs lefutott meccs, az utols\u00f3 pillanatig \u00f3ri\u00e1si k\u00fczdelem zajlott a harmadik feljut\u00f3 hely\u00e9rt, \u00e9s az a t\u00e9ny sem a tulajdonos feneketlen p\u00e9nzt\u00e1rc\u00e1j\u00e1nak volt k\u00f6sz\u00f6nhet\u0151, hogy a Burnley utcahosszal nyerte a bajnoks\u00e1got, hanem annak, hogy <strong>Vincent Kompany<\/strong> elk\u00e9peszt\u0151en j\u00f3 munk\u00e1t v\u00e9gzett.\r\n<h2>A sima feljut\u00f3k<\/h2>\r\nKezdj\u00fck is a szezonz\u00e1r\u00f3 ismertet\u00e9st vel\u00fck: r\u00f6videsen \u00e9ppen egy \u00e9ve, hogy Kompanyt kinevezt\u00e9k a frissen kiesett Burnley menedzser\u00e9v\u00e9, de a volt vil\u00e1gklasszis v\u00e9d\u0151nek n\u00e9h\u00e1ny h\u00e9t el\u00e9g volt ahhoz, hogy felismerhetetlenn\u00e9 alak\u00edtsa a sok\u00e1ig a merev 4-4-2-es fel\u00e1ll\u00e1s\u00e1r\u00f3l, defenz\u00edv futballj\u00e1r\u00f3l \u00e9s kellemetlen st\u00edlus\u00e1r\u00f3l nevezetes csapatot. Pedig ellent\u00e9tben a legt\u00f6bb kies\u0151vel, Kompany m\u00e9g csak nem is gazd\u00e1lkodhatott sz\u00e1zmilli\u00f3kb\u00f3l, cser\u00e9be az \u00f6sszes klasszis\u00e1t eladta a klub. A t\u00e1voz\u00f3k hely\u00e9re jobb\u00e1ra kipr\u00f3b\u00e1latlan rem\u00e9nys\u00e9gek meg \u00edg\u00e9retes fiatalok \u00e9rkeztek \u2013 t\u00f6bbek k\u00f6z\u00f6tt Kompany kor\u00e1bbi csapat\u00e1t\u00f3l, az Anderlechtt\u0151l \u2013, \u00e9s azt\u00e1n vill\u00e1mgyorsan siker\u00fclt is \u0151ket csapatt\u00e1 form\u00e1lni.\r\n\r\nEzek a j\u00e1t\u00e9kosok nemcsak fiatalok, de gyorsak, energikusak, technik\u00e1sak is, \u00e9s eg\u00e9szen m\u00e1s st\u00edlusban futballoztak, mint amilyet a Burnley szurkol\u00f3i <strong>Sean Dyche<\/strong> csapat\u00e1t\u00f3l kor\u00e1bban megszoktak. A Kompany-f\u00e9le Burnley ugyanis\r\n\r\n<span class=\"highlight-block\">messze a legt\u00f6bbet \u00e9s legpontosabban passzol\u00f3 klub lett a lig\u00e1ban;<\/span>\r\n\r\na labdabirtokl\u00e1sra \u00e9p\u00fcl\u0151 passzj\u00e1t\u00e9k pedig kimondottan eredm\u00e9nyes is volt. A csapat a vil\u00e1gbajnoks\u00e1g miatti k\u00e9nyszersz\u00fcnet el\u0151tt is m\u00e1r szerzett egy kis el\u0151nyt, de istenigaz\u00e1b\u00f3l december v\u00e9g\u00e9n gy\u00fajtotta be a rak\u00e9t\u00e1kat, \u00e9s <a href=\"https:\/\/sport24.24.hu\/foci\/2023\/01\/27\/vincent-kompany-burnley-ujratervezes-championship\/\" target=\"_blank\" rel=\"noopener\">janu\u00e1r v\u00e9gi cikk\u00fcnkben <\/a>m\u00e1r nem is kock\u00e1ztattunk nagyot azzal, hogy odaadtuk Kompany\u00e9knak a bajnoki c\u00edmet.\r\n\r\nItt a f\u0151 k\u00e9rd\u00e9s m\u00e1r az, hogy a Premier League-ben mire lesz el\u00e9g ez a futball, mert az biztos, hogy a csapat er\u0151s\u00edteni is fog. Az nem k\u00e9rd\u00e9s, hogy a jelenlegi kulcsemberek is maradnak: \u00edgy a k\u00f6z\u00e9pp\u00e1ly\u00e1s <strong>Josh Brownhill<\/strong> \u00e9s <strong>Josh Cullen<\/strong> dikt\u00e1lja a temp\u00f3t, a sz\u00e9lv\u00e9szgyors <strong>Manuel Benson<\/strong> \u00e9s <strong>Anass Zaroury<\/strong> sz\u00e1guldozik majd a sz\u00e9leken, a v\u00e9delemben pedig ott magasodik <strong>Jordan Beyer<\/strong>, aki most m\u00e1r v\u00e9glegesen a Burnley j\u00e1t\u00e9kosa lett. Az is val\u00f3sz\u00edn\u0171, hogy a m\u00falt szezon tov\u00e1bbi k\u00f6lcs\u00f6nj\u00e1t\u00e9kosait is igyekszik hossz\u00fa t\u00e1von megszerezni a klub (\u00edgy a Chelsea balh\u00e1tv\u00e9dje, <strong>Ian Maatsen<\/strong> \u00e9s a Southampton csat\u00e1ra, <strong>Nathan Tella<\/strong> megv\u00e1s\u00e1rl\u00e1s\u00e1r\u00f3l egyar\u00e1nt folynak a t\u00e1rgyal\u00e1sok). A l\u00e9nyeg persze az, hogy maga Vincent Kompany maradjon, de egyel\u0151re \u00fagy t\u0171nik, a belga sikeredz\u0151 k\u00e9sz a m\u00e1sodik id\u00e9ny\u00e9re is a Burnley-vel.\r\n\r\nKev\u00e9sb\u00e9 l\u00e1tv\u00e1nyosan ugyan, de \u00f6sszess\u00e9g\u00e9ben hasonl\u00f3an magabiztos volt a Sheffield United feljut\u00e1sa, olyannyira, hogy a csapat t\u00f6bb pontot szerzett, mint a tavaly meggy\u0151z\u0151 f\u00f6l\u00e9nnyel gy\u0151ztes Fulham. Pedig <strong>Paul Heckingbottom<\/strong> nem sok \u00faj\u00edt\u00e1st hozott, ugyanazt a h\u00e1rom v\u00e9d\u0151re, felfut\u00f3 k\u00f6z\u00e9ph\u00e1tv\u00e9dekre \u00e9s k\u00e9t t\u00e1mad\u00f3ra \u00e9p\u00fcl\u0151 focit j\u00e1tszotta a csapata, mint kor\u00e1bban <strong>Chris Wilder<\/strong> ir\u00e1ny\u00edt\u00e1sa alatt. A k\u00fcl\u00f6nbs\u00e9g, hogy Wilder r\u00e9szint elvesztette a var\u00e1zserej\u00e9t, \u00e9s nem m\u0171k\u00f6d\u00f6tt m\u00e1r az \u00f6sszhang k\u00f6zte meg a j\u00e1t\u00e9kosok k\u00f6z\u00f6tt, r\u00e9szint pedig Heckingbottom nagyon alapos \u00e9s a r\u00e9szletekre is kiterjed\u0151 munk\u00e1t v\u00e9gzett. Ez ut\u00f3bbinak k\u00f6sz\u00f6nhet\u0151en\r\n\r\n<span class=\"highlight-block\">jelent\u0151s szerep\u00fck volt a Sheffield t\u00e1mad\u00f3j\u00e1t\u00e9k\u00e1ban a pontr\u00fag\u00e1soknak<\/span>\r\n\r\na rengeteg gyakorl\u00e1s eredm\u00e9nyek\u00e9nt.\r\n\r\nS\u0151t mindezt \u00fagy, hogy az id\u00e9ny egy r\u00e9sz\u00e9ben m\u00e9g f\u0171teni sem tudt\u00e1k az edz\u0151p\u00e1ly\u00e1kat, annyira nem volt p\u00e9nz az anyagi gondokkal k\u00fczd\u0151 klubn\u00e1l, melyet janu\u00e1rban m\u00e9g az \u00e1tigazol\u00e1sb\u00f3l is kiz\u00e1rtak. Mindez annak az eredm\u00e9nye, hogy a jelenlegi, sza\u00fad-ar\u00e1biai tulajdonosok vev\u0151t kerestek a klubra, \u00e1m szezon k\u00f6zben nem j\u00e1rtak sikerrel. Most m\u00e1r j\u00f3val k\u00f6nnyebb a helyzet, a Sheffield az anyagi probl\u00e9m\u00e1k ellen\u00e9re is feljutott, r\u00e1ad\u00e1sul m\u00e9g csak nem is kellett ez\u00e9rt ki\u00e1rus\u00edtani a keretet. Ami pedig a k\u00f6vetkez\u0151 id\u00e9nyt illeti, a szeneg\u00e1li t\u00e1mad\u00f3, <strong>Iliman Ndiaye<\/strong> k\u00f6nnyen a Premier League \u00faj felfedezettje lehet, ahogyan a m\u00falt ny\u00e1ron \u00e9rkezett bosny\u00e1k v\u00e9d\u0151, <strong>Anel Ahmedhodzic<\/strong> is. A csapat magja pedig m\u00e1r elmondhatja mag\u00e1r\u00f3l, hogy j\u00e1tszott kor\u00e1bban a legfels\u0151 oszt\u00e1lyban. Mindenesetre most v\u00e9gig az \u00e9lmez\u0151nyben tany\u00e1zott Heckingbottom csapata, \u00e9s sokkal jobb a hangulat a klubn\u00e1l, <a href=\"https:\/\/sport24.24.hu\/foci\/2023\/04\/29\/sheffield-united-championship-feljutas-premier-league\/\" target=\"_blank\" rel=\"noopener\">mint egy \u00e9ve ilyenkor volt<\/a>.\r\n<div class=\"payable-content-section\"><\/div>\r\n<h2>\u0150k jutottak a r\u00e1j\u00e1tsz\u00e1sba<\/h2>\r\nJ\u00f3kora meglepet\u00e9s kellene, hogy legyen a harmadik feljut\u00f3, hiszen <a href=\"https:\/\/sport24.24.hu\/foci\/2023\/04\/20\/championship-szegenylegenye-luton-town\/\">a Luton Town<\/a> anyagi lehet\u0151s\u00e9gei ink\u00e1bb egy er\u0151s k\u00f6z\u00e9pmez\u0151nybeli helyez\u00e9st tenn\u00e9nek lehet\u0151v\u00e9 \u2013 m\u00e9gsem besz\u00e9lhet\u00fcnk sokkr\u00f3l. A Luton ugyanis tal\u00e1n az eg\u00e9sz mez\u0151ny legjobban m\u0171k\u00f6d\u0151 klubja, amelynek vezet\u0151s\u00e9g\u00e9ben a szurkol\u00f3k k\u00e9pvisel\u0151i is jelen vannak, \u00e9s l\u00e1that\u00f3an komolyan is veszik a feladatot. A klubmodell fenntarthat\u00f3, etikus \u00e9s el\u0151remutat\u00f3, p\u00e9lda\u00e9rt\u00e9k\u0171 igazol\u00e1spolitik\u00e1val, amely els\u0151sorban az \u00e9les megfigyel\u0151i szemre, nem pedig a fontmilli\u00f3kra \u00e9p\u00fcl. A stabil modell folyamatos fejl\u0151d\u00e9st mutat: t\u00edz \u00e9ve m\u00e9g az \u00f6t\u00f6dik vonalban szerepelt az egy\u00fcttes, onnan l\u00e9pdelt feljebb fokozatosan, \u00e9s tavaly m\u00e1r bejutott a playoffba is, \u00e1m akkor m\u00e9g a Huddersfield \u00fatj\u00e1t \u00e1llta a csapatnak.\r\n\r\nMindennek k\u00f6sz\u00f6nhet\u0151en azonban a Luton azt is k\u00f6nnyed\u00e9n \u00e1tv\u00e9szelte, hogy menet k\u00f6zben elvesztette az edz\u0151j\u00e9t, <strong>Nathan Jonest<\/strong>, akit a Premier League-b\u0151l cs\u00e1b\u00edtottak, \u00e1m a hely\u00e9re \u00e9rkez\u0151 <strong>Rob Edwards<\/strong> csak m\u00e9g hat\u00e9konyabb\u00e1 tette a csapatot. M\u00e1s k\u00e9rd\u00e9s, hogy a r\u00e1j\u00e1tsz\u00e1sban a Luton nem igaz\u00e1n keltette modern \u00e9s el\u0151remutat\u00f3 g\u00e1rda benyom\u00e1s\u00e1t, ink\u00e1bb hagyom\u00e1nyos er\u0151focit j\u00e1tszott, nem is t\u00f6rekedett k\u00fcl\u00f6n\u00f6sebben a labdatart\u00e1sra, amely a Premier League-ben m\u00e9g okozhat az\u00e9rt neh\u00e9zs\u00e9geket. Eg\u00e9szen biztosan sz\u00fcks\u00e9g lesz komolyabb er\u0151s\u00edt\u00e9sekre, de a walesi v\u00e9d\u0151, <strong>Tom Lockyer<\/strong>, a remek csat\u00e1r, <strong>Carlton Morris<\/strong> \u00e9s a f\u00e1radhatatlan bal oldali sz\u00e1rnyv\u00e9d\u0151, <strong>Alfie Doughty<\/strong> nev\u00e9t m\u00e1r el\u0151re \u00e9rdemes megjegyezni. \u00c9s ak\u00e1rmi is lesz, ennek a Lutonnak az egys\u00e9gben meg a harciass\u00e1gban rejlik az ereje, a csapat minden egyes labd\u00e1\u00e9rt f\u00e1radhatatlanul harcolni fog az \u00e9lvonalban is.\r\n\r\nB\u00e1r a Coventry a lehet\u0151 legkisebb k\u00fcl\u00f6nbs\u00e9ggel (b\u00fcntet\u0151kkel) ugyan, de m\u00e9giscsak alulmaradt a Lutonnal szemben a Wembley-ben, <strong>Mark Robins<\/strong> csapata is <a href=\"https:\/\/sport24.24.hu\/foci\/2023\/05\/26\/coventry-championships-rajatszas-donto-premier-league\/\">j\u00f3csk\u00e1n t\u00falsz\u00e1rnyalta a v\u00e1rakoz\u00e1sokat<\/a>. A stadionprobl\u00e9m\u00e1k s\u00fajtotta t\u00e1rsas\u00e1g pocs\u00e9kul rajtolt, okt\u00f3ber elej\u00e9n m\u00e9g sereghajt\u00f3 volt, onnan siker\u00fclt playoff-helyez\u00e9sig emelkednie. A Lutonhoz hasonl\u00f3an m\u00e9lyr\u0151l \u00e9rkez\u0151 \u00c9gsz\u00ednk\u00e9kek (\u00f6t \u00e9ve m\u00e9g a negyedoszt\u00e1lyban szerepeltek) nagyon kultur\u00e1lt \u00e9s intelligens futballt j\u00e1tszanak, r\u00e1n\u00e9z\u00e9sre ink\u00e1bb Premier League-kompatibilis st\u00edlus az \u00f6v\u00e9k, mint a Luton\u00e9, \u00e1m az ut\u00f3bbi csapat egy fokkal m\u00e9gis el\u0151bbre tart az \u00e9p\u00edtkez\u00e9sben.\r\n\r\n<span class=\"highlight-block\">Robins ir\u00e1ny\u00edt\u00e1sa alatt j\u00e1tszik tov\u00e1bb\u00e1 a Championship egyik legjobb csat\u00e1ra, <\/span>\r\n\r\na sv\u00e9d v\u00e1logatott <strong>Viktor Gy\u00f6keres<\/strong>, aki bor\u00edt\u00e9kolhat\u00f3an az egyik legkeresettebb futballista lesz a ny\u00e1ron Angli\u00e1ban, \u00e9s nem ok n\u00e9lk\u00fcl. Mellette a Wembley-ben g\u00f3lt szerz\u0151 holland k\u00f6z\u00e9pp\u00e1ly\u00e1s, <strong>Gustavo Hamer<\/strong> is ott van a liga legjobbjai k\u00f6z\u00f6tt a posztj\u00e1n, \u00fagyhogy k\u00f6nnyen lehet, \u0151 is t\u00e1vozik majd, a v\u00e9delem nagy r\u00e9sze pedig k\u00f6lcs\u00f6nj\u00e1t\u00e9kosokb\u00f3l \u00e1llt \u00f6ssze. \u00dagy t\u0171nik teh\u00e1t, hogy Mark Robinsnak kis t\u00falz\u00e1ssal \u00faj csapatot kell \u00e9p\u00edtenie a ny\u00e1ron, de l\u00e1thattuk, hogy a hat \u00e9ve a posztj\u00e1n l\u00e9v\u0151 edz\u0151 nem ijed meg a hasonl\u00f3 feladatokt\u00f3l \u2013 egy\u00e9rtelm\u0171en szenz\u00e1ci\u00f3s teljes\u00edtm\u00e9ny az \u00f6v\u00e9, nemcsak a mostani szezonban, hanem folyamatosan, ami\u00f3ta a negyedoszt\u00e1lyb\u00f3l elind\u00edtotta a Coventryt felfel\u00e9.\r\n\r\n[caption id=\"attachment_9094\" align=\"alignnone\" width=\"2000\"]<img class=\"wp-image-9094 size-full\" src=\"https:\/\/sport24.24.hu\/app\/uploads\/sites\/24\/2023\/06\/075_fletcher-coventry230527_npktl.jpg\" alt=\"\" width=\"2000\" height=\"1125\" \/> A magyar sz\u00e1rmaz\u00e1s\u00fa Gy\u00f6keres 21 g\u00f3lt szerzett az alapszakaszban[\/caption]\r\n\r\nA playoff-el\u0151d\u00f6nt\u0151ben az \u00c9gsz\u00ednk\u00e9kek a j\u00f3val es\u00e9lyesebbnek t\u0171n\u0151 Middlesbrough-t b\u00facs\u00faztatt\u00e1k, <strong>Michael Carrick<\/strong> csapata viszont addigra m\u00e1r ell\u0151tte az \u00f6sszes puskapor\u00e1t. Pedig el\u0151tte nem ak\u00e1rmilyen menetel\u00e9st l\u00e1thattak a Boro szurkol\u00f3i, hiszen okt\u00f3berben kies\u0151 helyen \u00e1llt az alakulat, \u00e9s a vezet\u0151s\u00e9g menesztette <strong>Chris Wildert<\/strong>. A hely\u00e9re \u00e9rkez\u0151 Carricknek az els\u0151 vezet\u0151edz\u0151i megb\u00edzat\u00e1sa volt ez, vagyis a klub v\u00e1llalt n\u00e9mi kock\u00e1zatot, de meg\u00e9rte, mert a kor\u00e1bbi klasszis k\u00f6z\u00e9pp\u00e1ly\u00e1s gyorsan \u00f6sszekapta a csapatot. Carrick szak\u00edtott Wilder v\u00e9djegyszer\u0171 3-5-2-j\u00e9vel, \u00e9s ink\u00e1bb a 4-2-3-1 mellett d\u00f6nt\u00f6tt, illetve\r\n\r\n<span class=\"highlight-block-small\">megtal\u00e1lta az \u00f6r\u00f6k tehets\u00e9gnek t\u0171n\u0151 <strong>Chuba Akpom<\/strong> igazi hely\u00e9t a 10-es poz\u00edci\u00f3ban, ahol megt\u00e1ltosodott, \u00e9s \u0151 lett a Championship idei g\u00f3lkir\u00e1lya.<\/span>\r\n\r\nA Middlesbrough hamar utol\u00e9rte a der\u00e9khadat, \u00e9s m\u00e1rciusban m\u00e1r az automatikus feljut\u00e1st is megc\u00e9lozhatta, f\u0151leg, miut\u00e1n janu\u00e1rban remek k\u00f6lcs\u00f6nigazol\u00e1sokkal tov\u00e1bb er\u0151s\u00f6d\u00f6tt az am\u00fagy sem gyenge keret. A csapat azonban ezt k\u00f6vet\u0151en kipukkadt, \u00e9s nemcsak a Sheffield Unitedet nem siker\u00fclt megel\u0151znie, de a r\u00e1j\u00e1tsz\u00e1sban is elbukott. <a href=\"https:\/\/sport24.24.hu\/foci\/2023\/03\/14\/middlesbrough-championship-michael-carrick\/\" target=\"_blank\" rel=\"noopener\">Carrick ir\u00e1ny\u00e1ba azonban term\u00e9szetesen t\u00f6retlen a bizalom, <\/a>hiszen hatalmasat l\u00e9pett vele el\u0151re a csapat \u2013 a k\u00e9rd\u00e9s most az, hogyan siker\u00fcl majd p\u00f3tolni a t\u00e1voz\u00f3kat: Akpom\u00e9rt nagy a verseny, mik\u00f6zben a k\u00f6lcs\u00f6nj\u00e1t\u00e9kosok (k\u00fcl\u00f6n\u00f6sen a balh\u00e1tv\u00e9d <strong>Ryan Giles<\/strong> \u00e9s a csat\u00e1r <strong>Cameron Archer<\/strong>) is val\u00f3sz\u00edn\u0171s\u00edthet\u0151en a Premier League-ben j\u00e1tszanak j\u00f6v\u0151re.\r\n\r\nA r\u00e1j\u00e1tsz\u00e1s mez\u0151nye a Sunderlanddel v\u00e1lik teljess\u00e9. Az egy\u00fcttes dr\u00e1mai k\u00f6r\u00fclm\u00e9nyek k\u00f6z\u00f6tt az utols\u00f3 fordul\u00f3ban t\u00farta ki a Blackburnt a top 6-b\u00f3l. A Fekete Macsk\u00e1k \u00fajonck\u00e9nt v\u00e1gtak neki az \u00e9vadnak, ez\u00e9rt kevesen v\u00e1rtak t\u0151l\u00fck r\u00f6gt\u00f6n ilyen j\u00f3 szerepl\u00e9st \u2013 h\u00e1t m\u00e9g, amikor <strong>Alex Neil<\/strong> augusztusban v\u00e1ratlanul fel\u00e1llt a kispadr\u00f3l, \u00e9s \u00e1tment a Stoke-hoz. A hely\u00e9re \u00e9rkez\u0151 <strong>Tony Mowbray<\/strong> azonban nem t\u00f6r\u0151d\u00f6tt az elv\u00e1r\u00e1sokkal, s\u0151t azzal sem, hogy p\u00e9ld\u00e1tlan s\u00e9r\u00fcl\u00e9shull\u00e1m miatt egy rak\u00e1s kulcsj\u00e1t\u00e9kos\u00e1t hossz\u00fa id\u0151re elvesztette, \u00e9s \u00e1ltal\u00e1nos meglepet\u00e9sre a r\u00e1j\u00e1tsz\u00e1sba vezette a csapatot.\r\n\r\nA fiatal, technik\u00e1s j\u00e1t\u00e9kosokb\u00f3l \u00e1ll\u00f3 Sunderland erej\u00e9t els\u0151sorban a t\u00e1mad\u00f3szekci\u00f3 adta, m\u00e9g \u00fagy is, hogy az id\u00e9ny j\u00f3 r\u00e9sz\u00e9ben s\u00e9r\u00fcl\u00e9s miatt nem is j\u00e1tszottak klasszikus befejez\u0151 csat\u00e1rral. A csapat azonban a <strong>Patrick Roberts, Amad Diallo, Jack Clarke<\/strong> tri\u00f3val az \u00e9len szenz\u00e1ci\u00f3san \u00e9s szemre is tetszet\u0151sen futballozott, kihaszn\u00e1lta a vet\u00e9lyt\u00e1rsak botl\u00e1sait, m\u00edg v\u00e9g\u00fcl bejutott a legjobb hat k\u00f6z\u00e9. Ott viszont m\u00e1r nem tudt\u00e1k p\u00f3tolni a kies\u0151 j\u00e1t\u00e9kosokat, k\u00fcl\u00f6n\u00f6sen azt, hogy az \u00f6sszes magas v\u00e9d\u0151j\u00fck hi\u00e1nyzott, \u00e9s val\u00f3s\u00e1ggal elt\u00f6rp\u00fcltek a fizikailag is kimagasl\u00f3 Luton-j\u00e1t\u00e9kosok mellett. Baj nincs, a koncepci\u00f3 m\u0171k\u00f6dik, \u00e9s ha kev\u00e9s v\u00e1ltoz\u00e1ssal t\u00fal\u00e9lik a nyarat, akkor a Sunderland j\u00f6v\u0151re is ott lehet az \u00e9lbolyban.\r\n<h2>A k\u00f6z\u00e9pmez\u0151ny<\/h2>\r\nA r\u00e1j\u00e1tsz\u00e1sban az utols\u00f3 fordul\u00f3ig rem\u00e9nyked\u0151 Blackburn \u00e9s Millwall rosszkor omlott \u00f6ssze, \u00e9s v\u00e9lhet\u0151en mindkett\u0151 kisebbfajta trag\u00e9diak\u00e9nt \u00e9lte meg, hogy lecs\u00faszott a r\u00e1j\u00e1tsz\u00e1sr\u00f3l, de a val\u00f3s\u00e1gban csak mag\u00e1t okolhatja. Hossz\u00fa h\u00f3napokon \u00e1t ott voltak az els\u0151 hat k\u00f6z\u00f6tt (mi t\u00f6bb, a Blackburn \u0151sszel m\u00e9g a dobog\u00f3n is gyakran vend\u00e9geskedett), de a v\u00e9g\u00e9re m\u00e1r csak a vet\u00e9lyt\u00e1rsak b\u00e9n\u00e1z\u00e1sa miatt maradhatott egy\u00e1ltal\u00e1n es\u00e9ly\u00fck a f\u00e9l tucat legjobb k\u00f6z\u00e9 ker\u00fclni. \u00c1m a vet\u00e9lyt\u00e1rsak v\u00e9g\u00fcl is kevesebbet hib\u00e1ztak, \u00e9s a teljes id\u00e9nyt n\u00e9zve egyik\u00fck sem \u00e9rdemelt volna feljut\u00e1st.\r\n\r\nA Blackburn ugyan a szezon v\u00e9g\u00e9n b\u00facs\u00fat inthet legg\u00f3ler\u0151sebb t\u00e1mad\u00f3j\u00e1nak, <strong>Ben Brereton-Diaznak<\/strong>, abban rem\u00e9nykedhet, hogy a mez\u0151ny egyik legfiatalabb kerete az \u00f6v\u00e9, \u00e9s az ut\u00e1np\u00f3tl\u00e1s-nevel\u00e9s is p\u00e9lda\u00e9rt\u00e9k\u0171 a klubn\u00e1l. Ha pedig<strong> Jon Dahl Tomasson<\/strong> csapata j\u00f3l er\u0151s\u00edt a ny\u00e1ron (k\u00fcl\u00f6n\u00f6sen egy g\u00f3ler\u0151s csat\u00e1r hi\u00e1nyzik), akkor j\u00f6v\u0151re \u00fajra ott lehet az \u00e9lcsoportban. A Millwallnak is megvolt az es\u00e9lye, \u00e1m <strong>Gary Rowett<\/strong> egy\u00fcttese megmagyar\u00e1zhatatlanul sz\u00e9tesett a befejez\u00e9sre, pedig az \u00e9vad els\u0151 h\u00e1romnegyed\u00e9ben a megb\u00edzhat\u00f3s\u00e1g mintak\u00e9pei voltak a londoniak. Mivel azonban a csapat az el\u0151z\u0151 id\u00e9nyben is hasonl\u00f3an szerepelt, a szurkol\u00f3k t\u00fcrelme kezd fogyni Rowett-tel szemben. Ett\u0151l f\u00fcggetlen\u00fcl neh\u00e9z megmondani, pontosan mi volt a hiba, hiszen a keret nem rossz, a t\u00e1voz\u00f3kat \u2013 mindenekel\u0151tt a talizm\u00e1n <strong>Jed Wallace-t<\/strong> \u2013 siker\u00fclt megfelel\u0151en p\u00f3tolni tavaly ny\u00e1ron <strong>(Zian Flemming<\/strong> a szezon egyik felfedezettje), de valami m\u00e9gis hi\u00e1nyzott. <span class=\"highlight-block\">Neh\u00e9z ny\u00e1r v\u00e1r Rowettre, hogy \u00fajra \u00f6sszerakja ezt a csapatot.<\/span>\r\n\r\nMatematikai es\u00e9lye m\u00e9g a Swansea-nak is volt arra, hogy becs\u00fasszon a r\u00e1j\u00e1tsz\u00e1sba az utols\u00f3 fordul\u00f3ban, de ez j\u00f3kora t\u00falz\u00e1s lett volna, hiszen a walesiek egy r\u00f6vid id\u0151szakot lesz\u00e1m\u00edtva v\u00e9gig a mez\u0151ny k\u00f6zep\u00e9n, s\u0151t m\u00e9g lejjebb rostokoltak. <strong>Russell Martin<\/strong> g\u00e1rd\u00e1ja hol hosszas veretlens\u00e9gi, hol nyeretlens\u00e9gi sz\u00e9ri\u00e1kat produk\u00e1lt, a v\u00e9g\u00e9n azt\u00e1n \u00e9ppen j\u00f3kor szedte \u00f6ssze mag\u00e1t, \u00e9s legal\u00e1bb j\u00f3 sz\u00e1j\u00edzzel fejezhette be a bajnoks\u00e1got. B\u00e1r a Swansea a klub hagyom\u00e1nyaihoz h\u0171 st\u00edlusban j\u00e1tszott (n\u00e1luk csak a Burnley birtokolta t\u00f6bbet a labd\u00e1t), ehhez nem t\u00e1rsult megfelel\u0151 eredm\u00e9nyess\u00e9g. Igaz, Martinra \u00edgy is lecsapott a Southampton, vele egy\u00fctt pedig t\u00e1voznak a kulcsemberek is: a liga egyik legjobb balh\u00e1tv\u00e9dje, <strong>Ryan Manning<\/strong> m\u00e1r bejelentette, hogy nem hosszabb\u00edt szerz\u0151d\u00e9st, \u00e9s j\u00f3 es\u00e9llyel menni fog a g\u00f3lgy\u00e1ros <strong>Joel Piroe,<\/strong> meg a csapatkapit\u00e1ny, <strong>Matt Grimes<\/strong> is, ez\u00e9rt ak\u00e1rki is k\u00f6veti Martint, pokoli neh\u00e9z dolga lesz.\r\n\r\nA Swansea szerepl\u00e9se mindezek ellen\u00e9re nem kudarc, hiszen nagyj\u00e1b\u00f3l az erej\u00e9hez m\u00e9rten teljes\u00edtett, ez azonban nem mondhat\u00f3 el a West Bromwich Albion, Norwich, Watford tri\u00f3r\u00f3l, amelynek tagjai nemr\u00e9g m\u00e9g a Premier League-ben szerepeltek, \u00e9s c\u00e9ljuk ny\u00edltan a visszajut\u00e1s volt. A West Brom kor\u00e1bban m\u00e1r egy \u00e9vet elt\u00f6lt\u00f6tt a m\u00e1sodvonalban, \u00e9s nem igaz\u00e1n l\u00e1tszik, van-e hossz\u00fa t\u00e1v\u00fa terv\u00fck a tulajdonosoknak. B\u00e1r abb\u00f3l kiindulva, hogy az id\u00e9nynek az \u00f6nmaga romjai alatt l\u00e9v\u0151 <strong>Steve Bruce-szal<\/strong> v\u00e1gtak neki, nincs. Az \u0151t v\u00e1lt\u00f3 <strong>Carlos Corber\u00e1n<\/strong> legal\u00e1bb \u00f6sszekapta annyira a csapatot, hogy es\u00e9lye volt a r\u00e1j\u00e1tsz\u00e1sra, amelyr\u0151l azonban a v\u00e9g\u00e9n lecs\u00faszott.\r\n\r\n<span class=\"highlight-block-small\">Gyeng\u00e9bben szerepelt a frissen kiesett Norwich \u00e9s a Watford is: mindketten rosszul igazoltak, rossz id\u0151ben v\u00e1ltottak edz\u0151t, \u00e9s hib\u00e1s v\u00e1laszt\u00e1sok jellemezt\u00e9k \u0151ket.<\/span>\r\n\r\nA Norwich eset\u00e9ben, \u00fagy t\u0171nik, v\u00e9get \u00e9rt a joj\u00f3-korszak, \u00e9s ak\u00e1r hosszabb itt tart\u00f3zkod\u00e1sra is be kell rendezkedni\u00fck, mert a szezon v\u00e9g\u00e9re elfogyott az er\u0151. Nagy k\u00e9rd\u00e9s, <strong>David Wagner<\/strong> a megfelel\u0151 ember-e arra, hogy \u00faj csapatot \u00e9p\u00edtsen, amikor m\u00e9g el\u0151dj\u00e9n\u00e9l, a szurkol\u00f3k \u00e1ltal sokat szidott <strong>Dean Smithn\u00e9l<\/strong> is gyeng\u00e9bben szerepelt a csapattal. Ami pedig a Watfordot illeti, a <strong>Pozzo<\/strong> csal\u00e1d k\u00f6zr\u00f6hej t\u00e1rgya azzal, hogy \u00fagy v\u00e1ltja az edz\u0151ket, mint m\u00e1s a gaty\u00e1j\u00e1t, r\u00e1ad\u00e1sul a sors meg is b\u00fcntette \u0151ket, hiszen azzal a Rob Edwardsszal kezdt\u00e9k a bajnoks\u00e1got, akit azt\u00e1n tizenegy fordul\u00f3 ut\u00e1n elhamarkodottan kir\u00fagtak, \u0151 pedig \u00e1tment a nagy riv\u00e1lis Lutonhoz, \u00e9s fel is vitte a Premier League-be. A Watford koncepci\u00f3tlanul \u00f6sszeg\u00e1nyolt keret\u00e9vel senki nem tudott mit kezdeni, \u00e9s kimagasl\u00f3an legjobb futballist\u00e1jukat, a brazil <strong>Joao Pedr\u00f3t<\/strong> m\u00e1r el is adt\u00e1k a Brightonnak. K\u00e9rd\u00e9s, hogy tanultak-e a hib\u00e1ikb\u00f3l, vagy pedig tov\u00e1bb folytat\u00f3dik a tragikom\u00e9dia a klubn\u00e1l.\r\n\r\n[caption id=\"attachment_9095\" align=\"alignnone\" width=\"2000\"]<img class=\"wp-image-9095 size-full\" src=\"https:\/\/sport24.24.hu\/app\/uploads\/sites\/24\/2023\/06\/075_fletcher-wiganath221029_npss1.jpg\" alt=\"\" width=\"2000\" height=\"1125\" \/> Joao Pedro szem\u00e9ly\u00e9ben g\u00f3ler\u0151s csat\u00e1rt vesz\u00edtett a Watford[\/caption]\r\n\r\nA k\u00f6z\u00e9pmez\u0151nyt alkot\u00f3 tov\u00e1bbi csapatok nem j\u00e1rtak meg k\u00fcl\u00f6n\u00f6sebb magass\u00e1gokat \u00e9s m\u00e9lys\u00e9geket, b\u00e1r a Preston egy id\u0151ben szemezett a r\u00e1j\u00e1tsz\u00e1ssal, de tal\u00e1n m\u00e9g a lehet\u0151s\u00e9geihez k\u00e9pest fel\u00fclteljes\u00edt\u0151 <strong>Ryan Lowe<\/strong> sem gondolta komolyan, hogy a egy\u00fcttes\u00e9nek sz\u00e1mottev\u0151 es\u00e9lye lehet a feljut\u00e1sra. A t\u00f6bbiek ar\u00e1nylag sim\u00e1n v\u00e9szelt\u00e9k \u00e1t a szezont, a tabella alj\u00e1n azonban zajlott egy jelent\u0151s dr\u00e1ma.\r\n<h2>Az als\u00f3h\u00e1z<\/h2>\r\nAz \u00f6sszes kies\u0151jel\u00f6lt csapat edz\u0151t v\u00e1ltott \u00e9vad k\u00f6zben (igaz, a Rotherham nem \u00f6nsz\u00e1nt\u00e1b\u00f3l), \u00e9s a Huddersfieldnek bej\u00f6tt, hogy egy nagy \u00f6reghez ny\u00falt: a nyugd\u00edjas <strong>Neil Warnock<\/strong> minden rutinj\u00e1val helyrehozta k\u00e9t el\u0151dje hib\u00e1it, a Blackpool azonban rossz l\u00f3ra tett <strong>Mick McCarthyva<\/strong>l, noha nem felt\u00e9tlen\u00fcl az \u00edr edz\u0151 hib\u00e1ja a kies\u00e9s. A pocs\u00e9kul menedzselt Reading sors\u00e1t pontlevon\u00e1s pecs\u00e9telte meg, no meg az, hogy t\u00fal sok\u00e1ig b\u00edzott <strong>Paul Ince-ben<\/strong>, aki m\u00e1r kor\u00e1n kifogyott az \u00f6tletekb\u0151l, m\u00edg a Wigan id\u00e9nye teljes katasztr\u00f3fa: volt itt k\u00f6zr\u00f6hejbe fullad\u00f3 edz\u0151v\u00e1lt\u00e1s (a csapatot a League One-b\u00f3l feljuttat\u00f3 <strong>Leam Richardson<\/strong> helyett <strong>Kolo Tour\u00e9t<\/strong> \u00fcltett\u00e9k le a kispadra, aki kilenc meccs\u00e9b\u0151l egyet sem tudott megnyerni), voltak folyamatos p\u00e9nz\u00fcgyi neh\u00e9zs\u00e9gek, t\u00f6bbsz\u00f6r elmaradtak a fizet\u00e9sek is. \u00cdgy a kies\u00e9s\u00fck senkit sem lepett meg, a Cardiff \u00e9s a Rotherham pedig megmenek\u00fclt, noha az el\u0151bbi is j\u00f3 p\u00e9lda a rosszul vezetett klubra. A Rotherham viszont a liga legkisebb k\u00f6lts\u00e9gvet\u00e9sb\u0151l gazd\u00e1lkod\u00f3 klubk\u00e9nt nagyon is b\u00fcszke lehet arra a munk\u00e1ra, amit<strong> Matt Taylor<\/strong> v\u00e9gzett edz\u0151k\u00e9nt.\r\n\r\nAz \u0151szt\u0151l v\u00e9lhet\u0151en neki is nehezebb dolga lesz, hiszen a Premier League-b\u0151l kies\u0151k jobb \u00e1llapotban vannak,\r\n\r\n<span class=\"highlight-block\">a League One-b\u00f3l feljut\u00f3k k\u00f6z\u00fcl pedig az Ipswich nagyon c\u00e9ltudatosan \u00e9p\u00edtkezik, <\/span>\r\n\r\na Plymouth elk\u00e9peszt\u0151 temp\u00f3t dikt\u00e1lva v\u00e9gig versenyben volt vel\u00fck, m\u00edg a Sheffield Wednesday szint\u00e9n nem kiscsapatk\u00e9nt \u00e9rkezik.\r\n\r\nAnnyi viszont m\u00e1r most biztos: legk\u00f6zelebb is \u00e9rdemes lesz figyelni a Championshipre!\r\n\r\n[prefabricated_shortcode in_app=\"0\" code=\"%3Cdiv%20class%3D%22article_box_border%22%20style%3D%22background%3A%20url%28%27https%3A%2F%2F24.p3k.hu%2Fapp%2Fuploads%2Fsites%2F24%2F2021%2F05%2Fsport24-pattern.png%27%29%20no-repeat%20left%20-16px%20%23f3f3f4%3B%20border%3A%20none%3B%22%3E%0D%0A%3Cdiv%20class%3D%22article_solidheader%22%3E%0D%0A%3Ch2%20style%3D%22color%3A%20%23111115%21important%3B%20font-size%3A%2036px%3B%20font-weight%3A%20bold%3B%20margin-bottom%3A%2030px%3B%20margin-top%3A%2020px%3B%20text-align%3A%20center%3B%20line-height%3A%2036px%3B%22%3E%3Cimg%20class%3D%22aligncenter%20size-full%20wp-image-141%22%20src%3D%22https%3A%2F%2F24.p3k.hu%2Fapp%2Fuploads%2Fsites%2F24%2F2021%2F05%2Fs24-logo-dt.png%22%20alt%3D%22%22%20width%3D%22408%22%20height%3D%2290%22%20%2F%3E%3C%2Fh2%3E%0D%0A%3Ch2%20style%3D%22color%3A%20%23111115%21important%3B%20font-size%3A%2036px%3B%20font-weight%3A%20bold%3B%20margin-bottom%3A%2030px%3B%20margin-top%3A%2020px%3B%20text-align%3A%20center%3B%20line-height%3A%2040px%3B%22%3ECsatlakozz%20a%20Sport24%20k%C3%B6z%C3%B6ss%C3%A9ghez%2C%20mondd%20el%20v%C3%A9lem%C3%A9nyedet%20z%C3%A1rt%20Facebook-csoportunkban%2C%20%C3%A9s%20vegy%C3%A9l%20r%C3%A9szt%20csak%20el%C5%91fizet%C5%91knek%20el%C3%A9rhet%C5%91%20exkluz%C3%ADv%20esem%C3%A9nyeinken.%3C%2Fh2%3E%0D%0A%3C%2Fdiv%3E%0D%0A%3Cp%20style%3D%22background%3A%20%2357A600%3B%20margin-top%3A%2020px%3B%20padding%3A%2020px%3B%20text-align%3A%20center%3B%22%3E%3Ca%20style%3D%22color%3A%20%23ffffff%3B%20font-size%3A%2026px%3B%20font-weight%3A%20600%3B%22%20href%3D%22https%3A%2F%2Fwww.facebook.com%2Fgroups%2F212344460412327%22%3ECSATLAKOZOM%3C%2Fa%3E%3C%2Fp%3E%0D%0A%0D%0A%3C%2Fdiv%3E\"]","type":"rich","thumbnail_url":"https:\/\/s.24.hu\/app\/uploads\/sites\/24\/2023\/06\/075_fletcher-burnleyv230422_npnvd-150x150.jpg","thumbnail_width":150,"thumbnail_height":150}