{"version":"1.0","provider_name":"Sport24","provider_url":"https:\/\/sport24.24.hu","author_name":"Bruckner G\u00e1bor","author_url":"https:\/\/sport24.24.hu\/author\/brucknerg\/","title":"Viharz\u00f3n\u00e1ban a La Liga: hozhat-e v\u00e1ltoz\u00e1sokat a Vin\u00edcius elleni rasszista incidens?","html":"Az id\u00e9nyz\u00e1r\u00e1st biztosan nem \u00edgy k\u00e9pzelte a La Liga. A bajnoks\u00e1g m\u00e1r eld\u0151lt \u2013 a Barcelona f\u00f6l\u00e9nyesen megnyerte, a Real Madrid \u00e9s az Atl\u00e9tico Madrid az ez\u00fcst\u00e9rem\u00e9rt meccsel \u2013, a h\u00e1rom eur\u00f3pai kup\u00e1b\u00f3l csak az EL-ben \u00e1ll spanyol csapat (a Sevilla, amely Budapesten az AS Rom\u00e1val csap \u00f6ssze), a hazai \u00e9s a nemzetk\u00f6zi sportsajt\u00f3 meg botr\u00e1nyt\u00f3l hangos, miut\u00e1n a Valencia fanatikusai inzult\u00e1lt\u00e1k <strong>Vin\u00edcius J\u00faniort<\/strong>. A kommunik\u00e1ci\u00f3s bakikt\u00f3l hemzseg\u0151 incidens-ut\u00f3\u00e9letet l\u00e1tva mi pedig csak annyit \u00e1llap\u00edthatunk meg: itt nem lesz k\u00f6nny\u0171 v\u00e1ltoz\u00e1st el\u00e9rni.\r\n\r\n\u00c9s ez el\u00e9g rossz h\u00edr lehet a La Lig\u00e1nak.\r\n\r\nKezdj\u00fck az elej\u00e9n! A Valencia\u2013Real Madrid bajnokin (1-0) t\u00f6bb alkalommal is rasszista kifejez\u00e9sekkel illett\u00e9k a lel\u00e1t\u00f3r\u00f3l Vin\u00edcius J\u00faniort, az incidensek miatt a m\u00e9rk\u0151z\u00e9st r\u00f6vid id\u0151re meg is szak\u00edtott\u00e1k. A brazil v\u00e1logatott csat\u00e1r k\u00e9s\u0151bb \u00f6sszeugrott a hazai j\u00e1t\u00e9kosokkal, \u00e9s ki\u00e1ll\u00edtott\u00e1k.\r\n\r\n<span class=\"highlight-block\">A La Liga reakci\u00f3j\u00e1val szelet vetett \u00e9s vihart aratott. <\/span>\r\n\r\nMindenki elmondta \u00e9s le\u00edrta a szok\u00e1sos k\u00f6zhelyeket (ezzel m\u00e9g nem is lenne baj), azt\u00e1n <strong>Javier Tebas<\/strong> ligaeln\u00f6k kikelt mag\u00e1b\u00f3l, amikor Vin\u00edcius a nyilv\u00e1noss\u00e1g el\u0151tt adott hangot felh\u00e1borod\u00e1s\u00e1nak, igen \u00e9lesen kritiz\u00e1lva az esetet \u00e9s a bajnoks\u00e1got. <a href=\"https:\/\/twitter.com\/Tebasjavier\/status\/1660393419963809793\" target=\"_blank\" rel=\"noopener\">Tebas v\u00e1lasza<\/a> k\u00fcl\u00f6n\u00f6sen visszatasz\u00edt\u00f3 elegye volt a v\u00e1llalati bullshitnek, a felel\u0151ss\u00e9g\u00e1ttol\u00e1snak \u00e9s az \u00e1ldozathib\u00e1ztat\u00e1snak (ennek megfelel\u0151 hat\u00e1ssal, k\u00fcl\u00f6n\u00f6sen Braz\u00edli\u00e1ban); azt\u00e1n n\u00e9h\u00e1ny nappal k\u00e9s\u0151bb az eln\u00f6k visszavonul\u00f3t f\u00fajt \u00e9s bocs\u00e1natot k\u00e9rt, mondv\u00e1n, \u00fczenet\u00e9t nem \u00e9rtett\u00e9k meg.\r\n\r\nhttps:\/\/twitter.com\/vinijr\/status\/1660743682461519872\r\n\r\nA brazil szurkol\u00f3k aligha z\u00e1rt\u00e1k a sz\u00edv\u00fckbe Tebast (meg a La Liga reakci\u00f3j\u00e1t \u00fagy \u00e1ltal\u00e1ban), a l\u00e1tv\u00e1nyos szolidarit\u00e1si gesztusok egym\u00e1s ut\u00e1n j\u00f6ttek Braz\u00edli\u00e1ban \u00e9s Spanyolorsz\u00e1gban egyar\u00e1nt, m\u00e9g a ri\u00f3i Megv\u00e1lt\u00f3 Krisztus szobra is s\u00f6t\u00e9tbe borult.\r\n\r\nA Valenci\u00e1nak 45\u00a0000 eur\u00f3s b\u00edrs\u00e1got kell fizetnie, a Spanyol Labdar\u00fag\u00f3 Sz\u00f6vets\u00e9g (RFEF) \u00f6t m\u00e9rk\u0151z\u00e9sre bez\u00e1ratta a Mario Kempes lel\u00e1t\u00f3t. A megb\u00fcntetett klub kik\u00e9rte mag\u00e1nak az elj\u00e1r\u00e1st, mondv\u00e1n, az RFEF \u00fagy b\u00edrs\u00e1golt, hogy bizony\u00edt\u00e9kai ellentmondanak a rend\u0151rs\u00e9g \u00e9s a La Liga esem\u00e9nyekr\u0151l alkotott verzi\u00f3j\u00e1nak. Vin\u00edcius piros lapj\u00e1t elt\u00f6r\u00f6lt\u00e9k, a ki\u00e1ll\u00edt\u00e1sban kulcsszerepet j\u00e1tsz\u00f3, VAR-fel\u00fcgyel\u0151 j\u00e1t\u00e9kvezet\u0151t (Ignacio Iglesias Villanuev\u00e1t) <a href=\"https:\/\/www.espn.co.uk\/football\/story\/_\/id\/37712358\/spanish-fa-stand-var-official-vinicius-junior-red-card-sources\" target=\"_blank\" rel=\"noopener\">levett\u00e9k a tov\u00e1bbi meccsekr\u0151l<\/a> \u2013 ennek oka az volt, hogy amikor a Valencia \u00e9s a Real j\u00e1t\u00e9kosai \u00f6sszeugrottak, a VAR csak Vin\u00edcius \u00fct\u00e9s\u00e9t mutatta meg, azt nem, hogy Hugo Duro el\u0151z\u0151leg a nyak\u00e1n\u00e1l fogva pr\u00f3b\u00e1lta elvonszolni a t\u00e1mad\u00f3t. H\u00e9t embert \u2013 k\u00e9t k\u00fcl\u00f6nb\u00f6z\u0151 rasszista incidens miatt \u2013 letart\u00f3ztattak. H\u00e1rom letart\u00f3ztat\u00e1s a valenciai botr\u00e1nnyal kapcsolatos, n\u00e9gy pedig az\u00e9rt t\u00f6rt\u00e9nt, mert Madridban fell\u00f3gattak egy Vin\u00edcius-mezes figur\u00e1t.\r\n\r\n<span class=\"highlight-block\">Egy rasszista incidensb\u0151l h\u00f3labdak\u00e9nt dagad\u00f3 botr\u00e1ny lett.<\/span>\r\n\r\nAz esetet k\u00f6vet\u0151 vit\u00e1kban j\u00f3l ki\u00fctk\u00f6z\u00f6tt Vin\u00edcius ellentmond\u00e1sos meg\u00edt\u00e9l\u00e9se is. <a href=\"https:\/\/www.eurosport.com\/football\/liga\/2022-2023\/vinicius-junior-javier-tebas-insists-intent-was-not-to-attack-with-tweet-claims-league-could-end-rac_sto9621760\/story.shtml\" target=\"_blank\" rel=\"noopener\">Tebas szerint<\/a> ebben az \u00e9vadban kilencszer jelentettek rasszista incidenst a lig\u00e1n\u00e1l, nyolcszor Vin\u00edcius volt a c\u00e9lpont. A brazil klasszist sokan provokat\u0151rnek tartj\u00e1k, aki nemcsak a p\u00e1ly\u00e1n mutatott j\u00e1t\u00e9k\u00e1val, hanem a gesztusaival is hergeli az ellenf\u00e9l fanatikusait. Mi tagad\u00e1s: a g\u00f3l \u00e9s a g\u00f3l\u00f6r\u00f6m, a csel, a kimutogat\u00e1s, az ellenf\u00e9l szt\u00e1rjainak puszta jelenl\u00e9te \u00f6nmag\u00e1ban is provokat\u00edv gesztus lehet egy stadionban. De ne feledj\u00fck: az egy dolog, ha a futballista a viselked\u00e9s\u00e9vel hozz\u00e1j\u00e1rul a helyzet elm\u00e9rgesed\u00e9s\u00e9hez, az viszont egy tudatos v\u00e1laszt\u00e1s, ha a szurkol\u00f3 a val\u00f3s vagy v\u00e9lt provok\u00e1ci\u00f3ra rasszizmussal reag\u00e1l. \u00cdgy gondolja ezt az Eur\u00f3pa-bajnok <strong>Marcos Senna<\/strong> is.\r\n<div class=\"payable-content-section\"><\/div>\r\n\u201eA spanyol emberek azt mondj\u00e1k, Vin\u00edcius kiprovok\u00e1lja ezeket a reakci\u00f3kat. Provok\u00e1lni egy dolog, inzult\u00e1lni egy m\u00e1sik. A rasszista inzult\u00e1l\u00e1s pedig b\u0171ncselekm\u00e9ny. Sajn\u00e1latos az eg\u00e9sz eset, ilyennek nem szabadna t\u00f6rt\u00e9nnie egy futballstadionban. \u00c9n is fekete vagyok. Ha Vin\u00edciust inzult\u00e1lj\u00e1k, az olyan, mintha engem is inzult\u00e1ln\u00e1nak (\u2026). Spanyolorsz\u00e1g a tapasztalataim alapj\u00e1n nem rasszista orsz\u00e1g. De itt is vannak rasszist\u00e1k, ak\u00e1rcsak Braz\u00edli\u00e1ban, N\u00e9metorsz\u00e1gban, vagy az Egyes\u00fclt Kir\u00e1lys\u00e1gban. A hat\u00f3s\u00e1goknak er\u0151steljesebben kellene fell\u00e9pni\u00fck. Nagyon j\u00f3, hogy az emberek t\u00e1mogatj\u00e1k az antirasszista kamp\u00e1nyokat, meg ilyesmi, de ha nincs kem\u00e9ny fell\u00e9p\u00e9s, akkor ugyanez ism\u00e9t meg fog t\u00f6rt\u00e9nni. Ha a hat\u00f3s\u00e1gok semmit sem tesznek, az a rasszist\u00e1knak k\u00e9nyelmes. \u00dagy t\u0171nik, v\u00e9gre van egy kis elmozdul\u00e1s. A hat\u00f3s\u00e1gok l\u00e9ptek, nagy a visszhang; megb\u00fcntett\u00e9k a v\u00e9tkes klubot, \u00edgy legal\u00e1bb az a l\u00e1tszat, hogy komolyabban veszik az incidenst\u201d \u2013 <a href=\"https:\/\/theathletic.com\/4552275\/2023\/05\/26\/racism-spain-football-vinicius-jr\/?source=ukdfb&amp;campaign=711528\" target=\"_blank\" rel=\"noopener\">nyilatkozta a brazil sz\u00e1rmaz\u00e1s\u00fa kontinensbajnok<\/a> a The Athleticnek. Szint\u00e9n a The Athletic k\u00e9rdezte meg a Valencia-drukker \u00edr\u00f3 <strong>Moha Gerehout<\/strong>.\r\n<blockquote>A t\u00f6rt\u00e9nteket \u00e9rdemes spanyol kontextusban \u00e9rtelmezni. A spanyol rasszizmusfogalom az Egyes\u00fclt \u00c1llamokbeli rabszolgas\u00e1gon, a d\u00e9l-afrikai apartheiden \u00e9s <strong>Adolf Hitleren<\/strong> alapul. B\u00e1rmi, ami nem \u00e9ri el ezt a szintet, elszigetelt esetnek min\u0151s\u00fcl. Pedig a rasszizmus nem ritka \u00e9s elszigetelt Spanyolorsz\u00e1gban (\u2026), amit Vin\u00edcius megtapasztal, azt m\u00e1s fekete emberek is megtapasztalhatt\u00e1k. Sokan azt mondj\u00e1k, Vin\u00edcius J\u00fanior provokat\u0151r. De ez ink\u00e1bb ahhoz k\u00f6thet\u0151, hogy van egy elk\u00e9pzel\u00e9s arr\u00f3l, ki a \u00bbj\u00f3\u00ab, \u00e9s a \u00bbrossz\u00ab az fekete. Ha egy fekete a t\u00f6bbs\u00e9gi, feh\u00e9r t\u00e1rsadalom elv\u00e1r\u00e1sai szerint viselkedik, akkor az rendben van. De amint nem illeszkedik az elv\u00e1r\u00e1sokhoz (p\u00e9ld\u00e1ul nyilv\u00e1nosan kijelenti, hogy rasszizmus \u00e9s igazs\u00e1gtalans\u00e1g van, vagy olyan helyen bukkan fel, ahol arra nem sz\u00e1m\u00edtanak), el\u0151j\u00f6nnek a probl\u00e9m\u00e1k<\/blockquote>\r\n\u2013 magyar\u00e1zta.\r\n\r\nA Reuters h\u00edr\u00fcgyn\u00f6ks\u00e9g <a href=\"https:\/\/www.reuters.com\/sports\/soccer\/racism-spain-la-liga-was-vinicius-jrs-case-unusual-2023-05-22\/\" target=\"_blank\" rel=\"noopener\">\u00f6sszegy\u0171jt\u00f6tte az elm\u00falt b\u0151 h\u00fasz \u00e9v rasszista incidenseit<\/a> a spanyol p\u00e1ly\u00e1kon. A list\u00e1b\u00f3l is l\u00e1tszik: a probl\u00e9ma nem l\u00e9gb\u0151l kapott, de term\u00e9szetesen nem is csak Spanyolorsz\u00e1gra korl\u00e1toz\u00f3dik. B\u00e1r a ny\u00edltan rasszista megnyilv\u00e1nul\u00e1sok visszaszorultak, nem t\u0171ntek el a lel\u00e1t\u00f3kr\u00f3l, ahogyan rasszista szurkol\u00f3i szekci\u00f3kat is tal\u00e1lni vil\u00e1gszerte. A futball hossz\u00fa \u00e9vtizedek \u00f3ta cipeli ezt az \u00f6r\u00f6ks\u00e9get, \u00e9s neh\u00e9z elk\u00e9pzelni a teljes kiszor\u00edt\u00e1st: a labdar\u00fag\u00f3k\u00f6zeg a t\u00e1rsadalom egy szelete, \u00e9s amig a t\u00e1rsadalomban jelen van a rasszizmus, addig jelen lesz a stadionokban is. Azzal m\u00e1r ink\u00e1bb akad probl\u00e9ma, ha egy stadionban (j\u00f3val) elfogadottabb a rasszizmus, mint azon k\u00edv\u00fcl b\u00e1rhol m\u00e1shol.\r\n\r\nA La Liga szempontj\u00e1b\u00f3l az\u00e9rt lenne \u00e9get\u0151en fontos a rendrak\u00e1s, mert az ut\u00f3bbi \u00e9vek botr\u00e1nyai \u00e9s a vel\u00fck j\u00e1r\u00f3 negat\u00edv h\u00edrver\u00e9s a m\u00e1rk\u00e1nak sem tesz j\u00f3t. A spanyol labdar\u00fag\u00f3liga \u2013 ugyan\u00fagy, ahogyan \u00f6sszes toplig\u00e1s riv\u00e1lisa \u2013 rendk\u00edv\u00fcl fontosnak tartja a terjeszked\u00e9st, brandje glob\u00e1lis szintre emel\u00e9s\u00e9t, \u00e9s a hasonl\u00f3 esetek ezt \u00e9rinthetik \u00e9rz\u00e9kenyen. A Vin\u00edcius-eset braz\u00edliai fogadtat\u00e1sa mutatja: l\u00e1tszatint\u00e9zked\u00e9sekkel, maszatol\u00e1ssal ki lehet v\u00e1ltani egy j\u00f3kora, a La Lig\u00e1t k\u00f6vet\u0151, k\u00fclf\u00f6ldi fogyaszt\u00f3t\u00e1bor d\u00fch\u00e9t. Ez semmik\u00e9pp sem j\u00f3 a m\u00e1rk\u00e1nak, pl\u00e1ne nagy \u00e9s fontos piacokon. Mi t\u00f6rt\u00e9nne, ha mondjuk a j\u00f6v\u0151ben egy k\u00ednai vagy indiai j\u00e1t\u00e9kost \u00e9rne rasszista incidens? Mi lenne, ha \u2013 ugyanilyen kezel\u00e9s eset\u00e9n \u2013 sz\u00e9ls\u0151s\u00e9gesen negat\u00edv lenne az illet\u0151 j\u00e1t\u00e9kos orsz\u00e1g\u00e1ban a reakci\u00f3? Mennyire f\u00e1jna a lig\u00e1nak, ha egy fontos, felt\u00f6rekv\u0151, \u00f3ri\u00e1si n\u00e9z\u0151sz\u00e1m\u00fa piac r\u00e9sztvev\u0151it d\u00fch\u00edten\u00e9 fel?\r\n\r\n\u201eA drukkerek rasszista viselked\u00e9se negat\u00edvan befoly\u00e1solhatja a m\u00e1rka\u00e9rt\u00e9ket, \u00edgy negat\u00edvan befoly\u00e1solhatja a liga p\u00e9nz\u00fcgyeit is. Mind a lig\u00e1nak, mind az \u00f6sszes klubnak el kell fogadnia, hogy megoldand\u00f3 probl\u00e9m\u00e1val akad dolga, \u00e9s tennie is kell valamit. A La Liga az\u00e9rt van k\u00e9nyes helyzetben, mert m\u00e1r t\u00f6bb eset is volt ebben az \u00e9vadban, ez pedig a hat\u00e9kony intervenci\u00f3 hi\u00e1ny\u00e1t mutatja. Min\u00e9l tov\u00e1bb \u00e1ll fenn ez a helyzet, ann\u00e1l jobban k\u00e1rosodik a brand, \u00e9s ann\u00e1l nagyobb lehet a bev\u00e9telekre gyakorolt hat\u00e1s. Ha a liga l\u00e9p\u00e9sei nem hat\u00e9konyak, a probl\u00e9ma pedig tov\u00e1bbra is fenn\u00e1ll, akkor k\u00f6z\u00e9p- vagy hossz\u00fa t\u00e1von nagyobb a kock\u00e1zata a p\u00e9nz\u00fcgyi k\u00e1roknak\u201d \u2013 <a href=\"https:\/\/www.reuters.com\/sports\/soccer\/valencias-sponsors-puma-offer-support-vinicius-jr-after-racism-row-2023-05-23\/\" target=\"_blank\" rel=\"noopener\">magyar\u00e1zta a Reutersnek<\/a> <strong>Spencer Harris<\/strong>, a Colorad\u00f3i Egyetem sportmenedzsment-professzora.\r\n<blockquote>Az olimpi\u00e1nak \u00e9s a FIFA-nak is j\u00f3 n\u00e9h\u00e1ny probl\u00e9m\u00e1val meg kell k\u00fczdenie, de ez nem rend\u00edtette meg financi\u00e1lisan a szervezeteket. Nem hinn\u00e9m, hogy a szponzorok vagy a k\u00f6zvet\u00edt\u0151 partnerek otthagyn\u00e1k a La Lig\u00e1t, vagy a szurkol\u00f3k ne menn\u00e9nek ki a m\u00e9rk\u0151z\u00e9sekre az incidensek miatt. De a lig\u00e1nak agressz\u00edvabban kell fell\u00e9pnie a rasszizmus ellen<\/blockquote>\r\n\u2013 v\u00e9lte <strong>Lisa Delpy Neirotti<\/strong>, a George Washington Egyetem sportmenedzsment-programj\u00e1nak vezet\u0151je.\r\n\r\nAzt se felejts\u00fck el, hogy a j\u00e1t\u00e9kos \u2013 jelen esetben Vin\u00edcius \u2013 minden kor\u00e1bbin\u00e1l nagyobb befoly\u00e1st tud gyakorolni a nyilv\u00e1noss\u00e1gra. H\u00fasz \u00e9ve k\u00f6nny\u0171 lett volna azzal sz\u0151nyeg al\u00e1 s\u00f6p\u00f6rni egy hasonl\u00f3 esetet, hogy elszigetelt incidensr\u0151l van sz\u00f3. Elmondta volna a j\u00e1t\u00e9kos az \u00e9lm\u00e9nyeit, reag\u00e1lt volna erre klubja \u00e9s a csapatt\u00e1rsa, k\u00f6zz\u00e9tett volna valamit a liga, \u00e9s m\u00e1r tov\u00e1bb is lehetett lapozni. Most viszont a k\u00f6z\u00f6ss\u00e9gim\u00e9dia-platformoknak k\u00f6sz\u00f6nhet\u0151en a j\u00e1t\u00e9kosoknak \u201esz\u0171retlen\u201d hangjuk van, nem kell a mainstream m\u00e9di\u00e1t felhaszn\u00e1lniuk a nagyk\u00f6z\u00f6ns\u00e9g el\u00e9r\u00e9s\u00e9hez.\r\n\r\n[caption id=\"attachment_9006\" align=\"alignnone\" width=\"2000\"]<img class=\"size-full wp-image-9006\" src=\"https:\/\/sport24.24.hu\/app\/uploads\/sites\/24\/2023\/05\/075_breton-valencia230521_nplcl.jpg\" alt=\"\" width=\"2000\" height=\"1333\" \/> Vin\u00edcius Junior (jobbr\u00f3l) Thierry Correi\u00e1val harcol a labd\u00e1\u00e9rt a Valencia\u2013Real Madrid m\u00e9rk\u0151z\u00e9sen[\/caption]\r\n\r\nVin\u00edciusnak 37,2 milli\u00f3s k\u00f6vet\u0151t\u00e1bora van az Instagramon, 14,2 milli\u00f3s a TikTokon, 12 milli\u00f3s a Facebookon, 6,8 milli\u00f3s pedig a Twitteren. Egy ekkora k\u00f6vet\u0151t\u00e1bor nemcsak er\u0151s\u00edtheti a j\u00e1t\u00e9kos \u201ehangj\u00e1t\u201d, hanem fegyverk\u00e9nt is haszn\u00e1lhat\u00f3. A j\u00e1t\u00e9kos minden kor\u00e1bbin\u00e1l hat\u00e1sosabban k\u00e9pes befoly\u00e1solni a narrat\u00edv\u00e1t, \u00e9s minden kor\u00e1bbin\u00e1l nagyobb nyom\u00e1st tud gyakorolni a k\u00fcl\u00f6nf\u00e9le szervezetekre. Ennek f\u00e9ny\u00e9ben kell \u00e9rt\u00e9keln\u00fcnk Vin\u00edcius brut\u00e1lisan er\u0151s kijelent\u00e9s\u00e9t (\u201eNagyon szomor\u00fa vagyok. A bajnoks\u00e1g, ami valaha <strong>Ronaldinh\u00f3hoz<\/strong>, <strong>Ronald\u00f3hoz<\/strong>, <strong>Cristian\u00f3hoz<\/strong>, <strong>Messihez<\/strong> volt k\u00f6thet\u0151, ma a rasszist\u00e1khoz k\u00f6thet\u0151\u201d).\r\n\r\n<span class=\"highlight-block-small\">A kiv\u00e1l\u00f3 csat\u00e1r \u00e9s tan\u00e1csad\u00f3i csapata pontosan tudta, milyen kem\u00e9nyek ezek a szavak, \u00e9s mennyire j\u00f3l haszn\u00e1lhat\u00f3k nyom\u00e1sgyakorl\u00e1sra; az pedig, hogy Real Madrid-szt\u00e1rr\u00f3l van sz\u00f3, csak tov\u00e1bb er\u0151s\u00edti a nyom\u00e1st. <\/span>\r\n\r\nA szurkol\u00f3k egy r\u00e9sze is \u00edgy \u00e9rzi ezt: sokan mondj\u00e1k, hogy csak az\u00e9rt lett ekkora balh\u00e9, mert egy Real Madrid-j\u00e1t\u00e9kos az \u00e9rintett. Hogy egy k\u00f6zelm\u00faltbeli p\u00e9ld\u00e1t eml\u00edts\u00fcnk: amikor a valenciai <strong>Mouctar Diakhabyt<\/strong> \u00e9rte rasszista inzultus, a liga \u00e9s az RFEF k\u00f6zel sem igyekezett ennyire (Diakhaby l\u00e1tv\u00e1nyosan ki is ker\u00fclte a rasszizmusellenes molin\u00f3 feltart\u00e1s\u00e1t a legut\u00f3bbi m\u00e9rk\u0151z\u00e9sen, alighanem ezzel kifejezve, hogy \u00fcres gesztusnak tartja az \u00fczenetet).\r\n\r\nhttps:\/\/twitter.com\/Coorbinadas\/status\/1661790306461798401\r\n\r\nA La Liga maga is \u00e9rzi a vesz\u00e9lyt, \u00e9s mozdul: t\u00f6rv\u00e9nym\u00f3dos\u00edt\u00e1st ind\u00edtv\u00e1nyoz, illetve t\u00f6bb jogk\u00f6rt k\u00e9r a hasonl\u00f3 esetek szankcion\u00e1l\u00e1s\u00e1ra.\r\n\r\n\u201eSpanyolorsz\u00e1gban a futballp\u00e1ly\u00e1kon mindent szabad. Olyan ez, mint a gladi\u00e1tork\u00fczdelem az \u00f3kori R\u00f3m\u00e1ban. Bemehetsz, inzult\u00e1lhatsz b\u00e1rkit, azt kiab\u00e1lhatsz, amit akarsz, olyan dolgokat tehetsz meg, amiket a mindennapokban nem. A Vin\u00edcius-incidensn\u00e9l tal\u00e1n minden egy\u00fctt \u00e1ll ahhoz, hogy \u00e1tt\u00f6r\u00e9st lehessen el\u00e9rni. Legal\u00e1bbis rem\u00e9lem. Az\u00e9rt szeretn\u00e9m, hogy \u00edgy legyen, mert f\u00e1raszt, hogy mindig ugyanezekr\u0151l a probl\u00e9m\u00e1kr\u00f3l kell besz\u00e9lni. Meg fogom tenni, nincs ezzel baj, de el\u00e9g szomor\u00fa, hogy mindig ugyanaz a t\u00e9ma\u201d \u2013 <a href=\"https:\/\/theathletic.com\/4552275\/2023\/05\/26\/racism-spain-football-vinicius-jr\/?source=ukdfb&amp;campaign=711528\" target=\"_blank\" rel=\"noopener\">rem\u00e9nykedett<\/a> az egyenl\u00edt\u0151i-guineai sz\u00e1rmaz\u00e1s\u00fa <strong>Alberto Edjogo-Owono<\/strong> telev\u00edzi\u00f3s szak\u00e9rt\u0151, kor\u00e1bbi profi futballista.\r\n\r\nAz Arsenal-drukker <strong>Nick Hornby<\/strong> az el\u0151sz\u00f6r 1992-ben kiadott, futballalapm\u0171v\u00e9 v\u00e1lt Focil\u00e1zban t\u00f6bb dologgal is foglalkozik, amit a fentiekben \u00e9rintett\u00fcnk: lel\u00e1t\u00f3i inzultusokkal, provokat\u00edv gesztusokkal, rasszizmussal. Az egyik, sz\u00e1raz humor\u00fa megjegyz\u00e9s arra vonatkozik, hogy az embert \u201ea nagyv\u00e1rosi szofisztik\u00e1lts\u00e1g \u00e9rzete\u201d t\u00f6lti el, amikor a Highbury lel\u00e1t\u00f3j\u00e1n fel\u00e1ll egy drukker, kip\u00e9c\u00e9zi mag\u00e1nak az ellenf\u00e9l egy fekete j\u00e1t\u00e9kos\u00e1t, \u00e9s ugyan seggfejnek vagy p\u00f6csnek nevezi, de legal\u00e1bb a b\u0151rsz\u00ednre utal\u00f3 kifejez\u00e9st lesp\u00f3rolja a gyal\u00e1zkod\u00e1s el\u0151l, \u00e9s ez kev\u00e9sb\u00e9 multikultur\u00e1lis v\u00e1rosokban nem \u00edgy lenne.\r\n\r\n\u201eVajmi kev\u00e9s ez\u201d \u2013 \u00e1llap\u00edtotta meg t\u00f6bb mint harminc \u00e9ve Hornby.\r\n\r\n<span class=\"highlight-block\">Vajmi kev\u00e9s ez<\/span>\r\n\r\n\u2013 gondolhatjuk mi most, ha megn\u00e9zz\u00fck a Vin\u00edcius-esetet \u00e9s annak kezel\u00e9s\u00e9t.\r\n\r\n[prefabricated_shortcode in_app=\"0\" code=\"%3Cdiv%20class%3D%22article_box_border%22%20style%3D%22background%3A%20url%28%27https%3A%2F%2F24.p3k.hu%2Fapp%2Fuploads%2Fsites%2F24%2F2021%2F05%2Fsport24-pattern.png%27%29%20no-repeat%20left%20-16px%20%23f3f3f4%3B%20border%3A%20none%3B%22%3E%0D%0A%3Cdiv%20class%3D%22article_solidheader%22%3E%0D%0A%3Ch2%20style%3D%22color%3A%20%23111115%21important%3B%20font-size%3A%2036px%3B%20font-weight%3A%20bold%3B%20margin-bottom%3A%2030px%3B%20margin-top%3A%2020px%3B%20text-align%3A%20center%3B%20line-height%3A%2036px%3B%22%3E%3Cimg%20class%3D%22aligncenter%20size-full%20wp-image-141%22%20src%3D%22https%3A%2F%2F24.p3k.hu%2Fapp%2Fuploads%2Fsites%2F24%2F2021%2F05%2Fs24-logo-dt.png%22%20alt%3D%22%22%20width%3D%22408%22%20height%3D%2290%22%20%2F%3E%3C%2Fh2%3E%0D%0A%3Ch2%20style%3D%22color%3A%20%23111115%21important%3B%20font-size%3A%2036px%3B%20font-weight%3A%20bold%3B%20margin-bottom%3A%2030px%3B%20margin-top%3A%2020px%3B%20text-align%3A%20center%3B%20line-height%3A%2040px%3B%22%3ECsatlakozz%20a%20Sport24%20k%C3%B6z%C3%B6ss%C3%A9ghez%2C%20mondd%20el%20v%C3%A9lem%C3%A9nyedet%20z%C3%A1rt%20Facebook-csoportunkban%2C%20%C3%A9s%20vegy%C3%A9l%20r%C3%A9szt%20csak%20el%C5%91fizet%C5%91knek%20el%C3%A9rhet%C5%91%20exkluz%C3%ADv%20esem%C3%A9nyeinken.%3C%2Fh2%3E%0D%0A%3C%2Fdiv%3E%0D%0A%3Cp%20style%3D%22background%3A%20%2357A600%3B%20margin-top%3A%2020px%3B%20padding%3A%2020px%3B%20text-align%3A%20center%3B%22%3E%3Ca%20style%3D%22color%3A%20%23ffffff%3B%20font-size%3A%2026px%3B%20font-weight%3A%20600%3B%22%20href%3D%22https%3A%2F%2Fwww.facebook.com%2Fgroups%2F212344460412327%22%3ECSATLAKOZOM%3C%2Fa%3E%3C%2Fp%3E%0D%0A%0D%0A%3C%2Fdiv%3E\"]","type":"rich","thumbnail_url":"https:\/\/s.24.hu\/app\/uploads\/sites\/24\/2023\/05\/068_aa_24052023_1207476-150x150.jpg","thumbnail_width":150,"thumbnail_height":150}