{"version":"1.0","provider_name":"Sport24","provider_url":"https:\/\/sport24.24.hu","author_name":"Bruckner G\u00e1bor","author_url":"https:\/\/sport24.24.hu\/author\/brucknerg\/","title":"A n\u00e9h\u00e1ny \u00e9ve m\u00e9g m\u00e9lyponton l\u00e9v\u0151 Coventry 22 \u00e9v ut\u00e1n juthat vissza a Premier League-be","html":"\u00d6t \u00e9ve, 2018. m\u00e1rcius 13-\u00e1n m\u00e9g az angol negyedoszt\u00e1lyban, a League Two-ban 2-2-es d\u00f6ntetlent j\u00e1tszott egym\u00e1s ellen a Coventry City \u00e9s a Luton Town. \u00d6t \u00e9vvel k\u00e9s\u0151bb \u00fajra \u00f6sszecsapnak, de a helysz\u00edn ez\u00fattal a Wembley lesz, \u00e9s egyik\u00fck eg\u00e9szen biztosan a Premier League-ben folytatja az \u0151sszel. Mindk\u00e9t klub megj\u00e1rta teh\u00e1t a poklot, \u00e9s megd\u00f6bbent\u0151en r\u00f6vid id\u0151 alatt emelkedett vissza, de egyik\u00fck sem a vakszerencs\u00e9nek k\u00f6sz\u00f6nhet\u0151en ker\u00fclt a r\u00e1j\u00e1tsz\u00e1s d\u00f6nt\u0151j\u00e9be. Ez k\u00fcl\u00f6n\u00f6sen annak f\u00e9ny\u00e9ben hatalmas tett, hogy ez a k\u00e9t csapat messze az anyagi lehet\u0151s\u00e9gein t\u00faln\u0151ve jutott el id\u00e1ig, j\u00f3val t\u0151keer\u0151sebb ellenfeleket utas\u00edtva maga m\u00f6g\u00e9.\r\n\r\n<span class=\"highlight-block-small\">Mind a Luton, mind a Coventry a Championship legszeg\u00e9nyebb csapatai k\u00f6z\u00e9 tartozik, ha a b\u00e9rk\u00f6lts\u00e9geket vessz\u00fck alapul.<\/span>\r\n\r\nA Lutonr\u00f3l m\u00e1r nemr\u00e9g <a href=\"https:\/\/sport24.24.hu\/foci\/2023\/04\/20\/championship-szegenylegenye-luton-town\/\" target=\"_blank\" rel=\"noopener\">megeml\u00e9kezt\u00fcnk<\/a>, hogyan k\u00fczd\u00f6tte fel mag\u00e1t az \u00f6t\u00f6dik vonalb\u00f3l, de a Coventry t\u00f6rt\u00e9nete sem kev\u00e9sb\u00e9 csodaszer\u0171, nem v\u00e9letlen\u00fcl mondta a vezet\u0151edz\u0151, <strong>Mark Robins<\/strong>, hogy ez a playoff-d\u00f6nt\u0151 a romantikusok \u00f6r\u00f6m\u00e9re j\u00f6tt l\u00e9tre. Aki a hetvenes-nyolcvanas, vagy ak\u00e1r a kilencvenes \u00e9vekben kezdte k\u00f6vetni az angol focit, annak term\u00e9szetes volt, hogy a Coventry City tagja a mindenkori \u00e9lvonalnak, h\u00edvj\u00e1k azt Divison One-nak vagy Premier League-nek. A k\u00f6z\u00e9p-angliai v\u00e1ros \u2013 amely legink\u00e1bb azzal ker\u00fclt a t\u00f6rt\u00e9nelemk\u00f6nyvekbe, hogy a m\u00e1sodik vil\u00e1gh\u00e1bor\u00faban porig bomb\u00e1zt\u00e1k \u2013 csapata r\u00e1ad\u00e1sul nemcsak epiz\u00f3dszerepl\u0151 volt, legnagyobb sikere a mai napig az, hogy 1987-ben megnyerte az FA Kup\u00e1t: a Tottenham elleni 3-2-es siker m\u00e9lt\u00e1n legend\u00e1s meccs, \u00e9s ott a helye minden id\u0151k legizgalmasabb kupad\u00f6nt\u0151i k\u00f6z\u00f6tt.\r\n\r\n<iframe title=\"YouTube video player\" src=\"https:\/\/www.youtube.com\/embed\/Paks-qbF-x8\" width=\"560\" height=\"315\" frameborder=\"0\" allowfullscreen=\"allowfullscreen\"><\/iframe>\r\n\r\n\u00c1m a Premier League elj\u00f6vetele sok m\u00e1s klubbal ellent\u00e9tben nem sok j\u00f3t hozott mindeddig az \u00c9gsz\u00ednk\u00e9kek becenev\u0171 g\u00e1rd\u00e1nak, hiszen a Coventry rendszerint a kies\u00e9s ellen harcolt, \u00e9s b\u00e1r a b\u00facs\u00fat eg\u00e9szen 2001-ig elod\u00e1zta, akkor m\u00e1r elfogyott a szerencs\u00e9je. Ez \u00f6nmag\u00e1ban m\u00e9g nem lett volna trag\u00e9dia, a Coventry azonban addigra p\u00e9nz\u00fcgyi gondjai miatt bele sem tudott sz\u00f3lni a feljut\u00e1s\u00e9rt foly\u00f3 versenybe, s\u0151t a k\u00e9rd\u00e9s csak az volt, mikor pottyan ki a harmadoszt\u00e1lyba, mik\u00f6zben a klub tulajdonjoga is gazd\u00e1t cser\u00e9lt \u2013 mindhi\u00e1ba. A tetej\u00e9be a bajok csak nagyobbak lettek, hiszen a klub elvesz\u00edtette stadionj\u00e1t, a Ricoh Aren\u00e1t, ez\u00e9rt hol a Northamptonnal, hol pedig a Birminghammel k\u00e9nyszer\u00fclt t\u00e1rsb\u00e9rletbe \u2013 ehhez k\u00e9pest m\u00e1r apr\u00f3s\u00e1gnak t\u0171nt, hogy addigra a Coventry a harmadoszt\u00e1lyban j\u00e1tszott. R\u00e1ad\u00e1sul onnan is tov\u00e1bb kellett \u00e1llnia, amikor 2017-ben kiesett.\r\n\r\nEkkor m\u00e1r Mark Robins \u00fclt a kispadon, aki kor\u00e1bban egyszer m\u00e1r vezette a Coventryt, de akkor n\u00e9h\u00e1ny sikeres h\u00f3nap ut\u00e1n elcs\u00e1b\u00edtotta a Huddersfield. Ott nem j\u00e1rt szerencs\u00e9vel, \u00e9s maga is \u00fagy \u00e9rezte, befejezetlen \u00fcgye van Coventryben, ez\u00e9rt visszat\u00e9rt. Robinsr\u00f3l m\u00e1r a felt\u00f6rekv\u0151 brit edz\u0151ket bemutat\u00f3 \u00f6ssze\u00e1ll\u00edt\u00e1sunkban meg\u00edrtuk, hogy j\u00e1t\u00e9kosk\u00e9nt nagy \u00edg\u00e9retnek indult, s\u0151t\r\n\r\n<span class=\"highlight-block\">\u0151 volt az, akinek a legenda szerint Alex Ferguson megk\u00f6sz\u00f6nhette, hogy nem r\u00fagt\u00e1k ki, <\/span>\r\n\r\nhiszen a Manchester United Robins g\u00f3lj\u00e1val verte meg az FA Kup\u00e1ban a Nottingham Forestet; akkor, amikor a sk\u00f3t edz\u0151 k\u00fcl\u00f6n\u00f6sen neh\u00e9z id\u0151szakon ment kereszt\u00fcl a V\u00f6r\u00f6s \u00f6rd\u00f6g\u00f6kn\u00e9l. M\u00e9gsem lett Robinsb\u00f3l v\u00e1logatott csat\u00e1r, a sok s\u00e9r\u00fcl\u00e9ssel is bajl\u00f3d\u00f3 j\u00e1t\u00e9kos egyre gyeng\u00e9bb csapatokhoz ker\u00fclt, miel\u0151tt visszavonult volna. Majd edz\u0151k\u00e9nt is \u00edg\u00e9retesen indult, \u00e1m sehol sem tudott huzamosabb id\u0151n \u00e1t megragadni.\r\n\r\n\u00c9ppen j\u00f3kor t\u00e9rt vissza a Coventryhez, \u00e9s r\u00f6gt\u00f6n az els\u0151 pr\u00f3b\u00e1lkoz\u00e1sra visszavezette a csapatot a harmadoszt\u00e1lyba. Mondani sem kell, hogy az a Coventry, amely \u00f6t \u00e9ve a League Two-ban vesztegelt, m\u00e1r egy\u00e1ltal\u00e1n nem azonos a mostanival, mind\u00f6ssze a veter\u00e1n k\u00f6z\u00e9pp\u00e1ly\u00e1s, <strong>Liam Kelly<\/strong> maradt meg abb\u00f3l az egy\u00fcttesb\u0151l. A keret azonban nem valami t\u0151keinjekci\u00f3nak k\u00f6sz\u00f6nhet\u0151en alakult \u00e1t, hanem szervesen, id\u00e9nyr\u0151l id\u00e9nyre fejl\u0151d\u00f6tt, \u00e9s ezt t\u00fckr\u00f6zte Robins edz\u0151i munk\u00e1ja is, amit tavaly <a href=\"https:\/\/sport24.24.hu\/foci\/2022\/08\/25\/kiscsapatoktol-sztarklubokhoz-kiugrasra-eselyes-edzok-az-angol-futball-hatorszagabol\/\" target=\"_blank\" rel=\"noopener\">\u00edgy jellemezt\u00fcnk: <\/a>\u201eL\u00e9p\u00e9sr\u0151l l\u00e9p\u00e9sre \u00e1t tudta form\u00e1lni a csapata j\u00e1t\u00e9k\u00e1t, mindig az adott lig\u00e1hoz \u00e9s a keret j\u00e1t\u00e9kerej\u00e9hez igaz\u00edtva azt. \u00cdgy a kezdetben kontrat\u00e1mad\u00e1sokra \u00e9p\u00edt\u0151, direkt focit j\u00e1tsz\u00f3 Coventry is mind progressz\u00edvabb lett, ma pedig m\u00e1r magasan presszingel\u0151, j\u00f3l \u00f6sszerakott, korszer\u0171 st\u00edlusban futballoz\u00f3 csapat.\u201d\r\n\r\n[caption id=\"attachment_8989\" align=\"alignnone\" width=\"4414\"]<img class=\"size-full wp-image-8989\" src=\"https:\/\/sport24.24.hu\/app\/uploads\/sites\/24\/2023\/05\/gettyimages-1253159410.jpg\" alt=\"\" width=\"4414\" height=\"2944\" \/> Mark Robins[\/caption]\r\n\r\nA Coventrynek volt ugyan n\u00e9mi szerencs\u00e9je is, amikor a c\u00e9lfot\u00f3val eld\u00f6nt\u00f6tt Covid-szezonban tizenk\u00e9t h\u00e1tral\u00e9v\u0151 meccset m\u00e1r nem kellett lej\u00e1tszania, \u00e9s \u00edgy nyerte meg a bajnoks\u00e1got, de az is t\u00e9ny: meglehet\u0151sen nagy el\u0151nnyel vezette a League One tabell\u00e1j\u00e1t Robins csapata, a feljut\u00e1s teljesen meg\u00e9rdemelt volt. Pl\u00e1ne, hogy a stadionprobl\u00e9m\u00e1k m\u00e9g mindig nem old\u00f3dtak meg, a hazai meccseit abban a szezonban is a Birmingham p\u00e1ly\u00e1j\u00e1n j\u00e1tszotta a t\u00e1rsas\u00e1g. R\u00e1ad\u00e1sul hi\u00e1ba kapta vissza a klub a stadion tulajdonjog\u00e1t egy \u00e9veken \u00e1t h\u00faz\u00f3d\u00f3 b\u00edr\u00f3s\u00e1gi \u00fcgy v\u00e9g\u00e9n, a p\u00e1ly\u00e1t a futballist\u00e1kkal felv\u00e1ltva haszn\u00e1l\u00f3 r\u00f6gbicsapat annyira t\u00f6nkretette a gyepsz\u0151nyeget, hogy a mostani \u00e9vad elej\u00e9n t\u00f6bb hazai meccset is el kellett halasztani. A huzavona nem haszn\u00e1lt a csapatnak,\r\n\r\n<span class=\"highlight-block\">az \u00c9gsz\u00ednk\u00e9kek okt\u00f3ber elej\u00e9ig sereghajt\u00f3k maradtak, \u00e1m Robins nem kapkodott. <\/span>\r\n\r\nSz\u00e9p lassan mag\u00e1ra tal\u00e1ltak a fiai, \u00e9s igaz\u00e1n b\u00e1nhatt\u00e1k, hogy a vb miatt meg kellett szak\u00edtani a bajnoks\u00e1got, mert novemberre m\u00e1r a Coventry volt a legjobb form\u00e1ban l\u00e9v\u0151 egy\u00fcttes.\r\n<div class=\"payable-content-section\"><\/div>\r\nEz is csak apr\u00f3 b\u00f6kken\u0151nek bizonyult azonban, mert sem a k\u00e9nyszersz\u00fcnet, sem pedig az egyik legfontosabb j\u00e1t\u00e9kos, a t\u00e1mad\u00f3 k\u00f6z\u00e9pp\u00e1ly\u00e1s <strong>Callum O\u2019Hare<\/strong> s\u00falyos s\u00e9r\u00fcl\u00e9se nem akad\u00e1lyozta meg a g\u00e1rd\u00e1t abban, hogy a r\u00e1j\u00e1tsz\u00e1sra jogos\u00edt\u00f3 \u00f6t\u00f6dik helyig k\u00fczdje fel mag\u00e1t a bajnoks\u00e1g v\u00e9g\u00e9re. A r\u00e1j\u00e1tsz\u00e1sban a Middlesbrough t\u0171nt es\u00e9lyesebbnek: <strong>Michael Carrick<\/strong> er\u0151sebb j\u00e1t\u00e9kos\u00e1llom\u00e1ny\u00fa csapattal b\u00fcszk\u00e9lkedhetett, \u00e9s m\u00e1r kor\u00e1bban biztos\u00edtotta a hely\u00e9t a playoffban. A jelek szerint azonban a Boro ell\u0151tte az \u00f6sszes puskapor\u00e1t, mert az utols\u00f3 fordul\u00f3kban m\u00e1r csak \u00e1rny\u00e9ka volt \u00f6nmag\u00e1nak. Akkor m\u00e9g azt lehetett hinni, a r\u00e1j\u00e1tsz\u00e1sra tartogatja az erej\u00e9t, de nem \u00edgy t\u00f6rt\u00e9nt: a Coventry ellen 180 perc alatt sem tudott g\u00f3lt szerezni, m\u00edg az \u00c9gsz\u00ednk\u00e9kek a hazai d\u00f6ntetlen ut\u00e1n nyertek idegenben \u00fagy, hogy <strong>Gustavo Hamer<\/strong> g\u00f3lj\u00e1t k\u00f6vet\u0151en tem\u00e9rdek idej\u00fck volt m\u00e9g a hazaiaknak az egyenl\u00edt\u00e9sre, de komolyabb g\u00f3lhelyzetig sem jutottak el. S\u0151t a Coventry kontr\u00e1iban ink\u00e1bb benne volt egy tov\u00e1bbi g\u00f3l.\r\n\r\nhttps:\/\/www.youtube.com\/watch?v=RPyrlM97-hM&amp;ab_channel=MEESKY\r\n\r\nRobins csapata ugyanis nagyszer\u0171en j\u00e1tszott: biztosan v\u00e9dekezett, vesz\u00e9lyes ellent\u00e1mad\u00e1sokat vezetett. \u00c9s akadt egy csat\u00e1ra <strong>Viktor Gy\u00f6keres<\/strong> szem\u00e9ly\u00e9ben, aki fantasztikusan tartotta meg a labd\u00e1kat, hozta j\u00e1t\u00e9kba a felz\u00e1rk\u00f3z\u00f3 t\u00e1rsakat; a g\u00f3l is egy ilyen akci\u00f3 v\u00e9g\u00e9n sz\u00fcletett. A magyar sz\u00e1rmaz\u00e1s\u00fa, de Sv\u00e9dorsz\u00e1gban sz\u00fcletett Gy\u00f6keres egy\u00e9rtelm\u0171en a Coventry legfontosabb j\u00e1t\u00e9kosa: a csat\u00e1r 21 g\u00f3lj\u00e1val m\u00e1sodik lett a g\u00f3ll\u00f6v\u0151list\u00e1n. Ugyanakkor a j\u00e1t\u00e9ka nem mer\u00fcl ki a g\u00f3ll\u00f6v\u00e9sben, sokoldal\u00fa \u00e9s intelligens futballista, akit csak akkor lesz es\u00e9lye megtartani a Coventrynek, ha feljut a Premier League-be. Gy\u00f6keres mellett a m\u00e1r eml\u00edtett Hamer az egy\u00fcttes m\u00e1sik adu \u00e1sza; a k\u00f6z\u00e9pp\u00e1ly\u00e1s Braz\u00edli\u00e1ban sz\u00fcletett ugyan, de gyerekkora \u00f3ta Hollandi\u00e1ban focizik, \u00e9s j\u00f3 es\u00e9llyel m\u00e9g az eur\u00f3pai v\u00e1logatott narancssz\u00edn\u0171 mez\u00e9t is mag\u00e1ra h\u00fazhatja a j\u00f6v\u0151ben. \u0150 minden \u00f6sszes\u00edt\u00e9s szerint egyike a Championship legjobb k\u00f6z\u00e9pp\u00e1ly\u00e1sainak.\r\n\r\nEgyik\u00fck sem volt k\u00fcl\u00f6n\u00f6sebben nagynev\u0171 j\u00e1t\u00e9kos, miel\u0151tt a Coventrybe igazolt: Gy\u00f6keres a Brighton tartal\u00e9kcsapat\u00e1t\u00f3l \u00e9rkezett, Hamer pedig a PEC Zwoll\u00e9t\u00f3l. Mindkett\u0151t j\u00f3 szemmel hozt\u00e1k el, \u00e1m rengeteget is fejl\u0151dtek Robins ir\u00e1ny\u00edt\u00e1sa mellett. Rajtuk k\u00edv\u00fcl kev\u00e9s a kiemelked\u0151 egy\u00e9nis\u00e9g: O\u2019Hare-t m\u00e1r eml\u00edtett\u00fck, de \u0151t egy keresztszalag-szakad\u00e1s miatt m\u00e9g a k\u00f6vetkez\u0151 \u00e9vad elej\u00e9n sem lehet majd a p\u00e1ly\u00e1n l\u00e1tni. Robins azonban remek\u00fcl haszn\u00e1lta ki a k\u00f6lcs\u00f6nj\u00e1t\u00e9kos-piacot: a tavaly U19-es Eb-t nyert angol v\u00e1logatott k\u00e9t tagj\u00e1t is siker\u00fclt szerz\u0151dtetnie. A v\u00e9d\u0151 <strong>Callum Doyle-t<\/strong> a Manchester Cityt\u0151l, a jobb oldali sz\u00e1rnyv\u00e9d\u0151 Brooke Norton-Cuffyt az Arsenalt\u00f3l vett\u00e9k k\u00f6lcs\u00f6n (mindketten utaznak is a d\u00f6nt\u0151 ut\u00e1n Argent\u00edn\u00e1ba, az U20-as vil\u00e1gbajnoks\u00e1gra).\r\n\r\n[caption id=\"attachment_8991\" align=\"alignnone\" width=\"4806\"]<img class=\"wp-image-8991 size-full\" src=\"https:\/\/sport24.24.hu\/app\/uploads\/sites\/24\/2023\/05\/gettyimages-1245773127.jpg\" alt=\"\" width=\"4806\" height=\"3412\" \/> Viktor Gy\u00f6keres (balr\u00f3l) \u00e9s Callum Doyle[\/caption]\r\n\r\nAkit m\u00e9g \u00e9rdemes megeml\u00edteni, az a kapus, <strong>Ben Wilson<\/strong>, aki als\u00f3bb oszt\u00e1ly\u00fa csapatok kispadjain teng\u0151d\u00f6tt, mire 30 \u00e9ves kor\u00e1ra n\u00e9mik\u00e9pp v\u00e1ratlanul els\u0151 sz\u00e1m\u00fa kapus lett egy Championship-csapatban. Mi t\u00f6bb, \u0151t v\u00e1lasztott\u00e1k az szezon legjobb kapus\u00e1nak is a lig\u00e1ban. Wilson r\u00e1ad\u00e1sul a h\u00edrekbe is beker\u00fclt, amikor \u00e1prilisban az \u0151 g\u00f3lj\u00e1val siker\u00fclt egyenl\u00edteni a hajr\u00e1ban a Blackburn ellen. \u0150 a p\u00e9lda r\u00e1, hogy nem kellenek milli\u00f3s csodaigazol\u00e1sok, ha az edz\u0151 megkapja a lehet\u0151s\u00e9get arra, hogy h\u00e1bor\u00edtatlanul dolgozzon, \u00e9s fejleszthesse j\u00e1t\u00e9kosai k\u00e9pess\u00e9geit.\r\n\r\n<span class=\"highlight-block-small\">R\u00e1ad\u00e1sul mostanra v\u00e9gre a h\u00e1tt\u00e9r is rendez\u0151d\u00f6tt: janu\u00e1rban egy helyi \u00fczletember, Doug King lett a klub t\u00f6bbs\u00e9gi tulajdonosa, aki v\u00e9gre kifizette az el\u0151z\u0151 tulaj \u00e1ltal felhalmozott ad\u00f3ss\u00e1gokat, \u00e9s tiszta lapot kezdett, nyugodt k\u00f6r\u00fclm\u00e9nyeket biztos\u00edtva a szakmai st\u00e1bnak.<\/span>\r\n\r\nA k\u00e9rd\u00e9s persze az, mi lesz majd a ny\u00e1ron, hiszen amennyiben siker\u00fcl a feljut\u00e1s, az \u00e9rthet\u0151en hatalmas pr\u00f3bat\u00e9telt jelent a csapatnak, amelynek j\u00e1t\u00e9kos\u00e1llom\u00e1nya m\u00e9g a Championshipen bel\u00fcl sem sz\u00e1m\u00edt er\u0151snek. De ha m\u00e9gsem j\u00f6n \u00f6ssze a brav\u00far \u2013 elv\u00e9gre a pap\u00edrforma alapj\u00e1n a bajnoks\u00e1gban a harmadik helyen v\u00e9gzett Luton az es\u00e9lyesebb \u2013, akkor is komoly feladat lesz kezelni a Gy\u00f6keres \u00e9s Hamer ir\u00e1nti \u00e9rdekl\u0151d\u00e9st, illetve eligazol\u00e1suk eset\u00e9n megfelel\u0151en p\u00f3tolni \u0151ket.\r\n\r\n\u00c1m mindez m\u00e9g kicsit od\u00e9bb van, jelenleg a szombati d\u00f6nt\u0151 a legfontosabb, amelyen b\u00e1rmi el\u0151fordulhat. \u00cdgy az is, hogy a Coventry City 22 \u00e9v ut\u00e1n visszajut az \u00e9lvonalba.\r\n\r\n[prefabricated_shortcode in_app=\"0\" code=\"%3Cdiv%20class%3D%22article_box_border%22%20style%3D%22background%3A%20url%28%27https%3A%2F%2F24.p3k.hu%2Fapp%2Fuploads%2Fsites%2F24%2F2021%2F05%2Fsport24-pattern.png%27%29%20no-repeat%20left%20-16px%20%23f3f3f4%3B%20border%3A%20none%3B%22%3E%0D%0A%3Cdiv%20class%3D%22article_solidheader%22%3E%0D%0A%3Ch2%20style%3D%22color%3A%20%23111115%21important%3B%20font-size%3A%2036px%3B%20font-weight%3A%20bold%3B%20margin-bottom%3A%2030px%3B%20margin-top%3A%2020px%3B%20text-align%3A%20center%3B%20line-height%3A%2036px%3B%22%3E%3Cimg%20class%3D%22aligncenter%20size-full%20wp-image-141%22%20src%3D%22https%3A%2F%2F24.p3k.hu%2Fapp%2Fuploads%2Fsites%2F24%2F2021%2F05%2Fs24-logo-dt.png%22%20alt%3D%22%22%20width%3D%22408%22%20height%3D%2290%22%20%2F%3E%3C%2Fh2%3E%0D%0A%3Ch2%20style%3D%22color%3A%20%23111115%21important%3B%20font-size%3A%2036px%3B%20font-weight%3A%20bold%3B%20margin-bottom%3A%2030px%3B%20margin-top%3A%2020px%3B%20text-align%3A%20center%3B%20line-height%3A%2040px%3B%22%3ECsatlakozz%20a%20Sport24%20k%C3%B6z%C3%B6ss%C3%A9ghez%2C%20mondd%20el%20v%C3%A9lem%C3%A9nyedet%20z%C3%A1rt%20Facebook-csoportunkban%2C%20%C3%A9s%20vegy%C3%A9l%20r%C3%A9szt%20csak%20el%C5%91fizet%C5%91knek%20el%C3%A9rhet%C5%91%20exkluz%C3%ADv%20esem%C3%A9nyeinken.%3C%2Fh2%3E%0D%0A%3C%2Fdiv%3E%0D%0A%3Cp%20style%3D%22background%3A%20%2357A600%3B%20margin-top%3A%2020px%3B%20padding%3A%2020px%3B%20text-align%3A%20center%3B%22%3E%3Ca%20style%3D%22color%3A%20%23ffffff%3B%20font-size%3A%2026px%3B%20font-weight%3A%20600%3B%22%20href%3D%22https%3A%2F%2Fwww.facebook.com%2Fgroups%2F212344460412327%22%3ECSATLAKOZOM%3C%2Fa%3E%3C%2Fp%3E%0D%0A%0D%0A%3C%2Fdiv%3E\"]","type":"rich","thumbnail_url":"https:\/\/s.24.hu\/app\/uploads\/sites\/24\/2023\/05\/gettyimages-1255610981-150x150.jpg","thumbnail_width":150,"thumbnail_height":150}