{"version":"1.0","provider_name":"Sport24","provider_url":"https:\/\/sport24.24.hu","author_name":"Bruckner G\u00e1bor","author_url":"https:\/\/sport24.24.hu\/author\/brucknerg\/","title":"M\u00e1sf\u00e9l \u00f3r\u00e1s kabar\u00e9 a Hung\u00e1ria \u00faton \u2013 amikor a Fradi 11-1-re verte az \u00dajpestet a kupad\u00f6nt\u0151n","html":"<strong>Maurice Cottenet<\/strong>, a francia v\u00e1logatott kapusa 1927-ben, a magyarokt\u00f3l elszenvedett 13-1-es veres\u00e9g ut\u00e1n visszavonult. <strong>Aknai J\u00e1nos<\/strong>, az \u00dajpest kapusa az FTC elleni 1933-as kupad\u00f6nt\u0151 ut\u00e1n Franciaorsz\u00e1gba menek\u00fclt.\r\n\r\nAknait eredetileg Achtnak h\u00edvt\u00e1k. A d\u00f6nt\u0151 v\u00e9g\u00e9n m\u00e1r Elfnek. Mert a Hung\u00e1ria \u00fati m\u00e9rk\u0151z\u00e9st a Ferencv\u00e1ros 11-1-re nyerte!\r\n\r\nA meggy\u00f6t\u00f6rt futballista kulcsszerepet j\u00e1tszott a rendk\u00edv\u00fcli eredm\u00e9ny kialakul\u00e1s\u00e1ban, hiszen az els\u0151 negyed\u00f3r\u00e1ban h\u00e1rom potyag\u00f3lt kapott. El\u0151bb kiejtette <strong>S\u00e1rosi Gy\u00f6rgy<\/strong> l\u00f6v\u00e9s\u00e9t, \u00e9s <strong>T\u00e1ncos Mih\u00e1lynak<\/strong> csak az \u00fcres kapuba kellett passzolnia; azt\u00e1n r\u00f6viden bokszolt, \u00e9s S\u00e1rosi \u00e9lt az alkalommal; majd <strong>Tak\u00e1cs II J\u00f3zsef<\/strong> l\u00f6v\u00e9s\u00e9re k\u00e9s\u0151n vet\u0151d\u00f6tt az indiszpon\u00e1lt j\u00e1t\u00e9kos.\r\n\r\nA Sporth\u00edrlap a legrosszabb \u00e9rdemjeggyel, 5-\u00f6ssel d\u00edjazta teljes\u00edtm\u00e9ny\u00e9t, igaz, ezzel nem volt egyed\u00fcl. Az \u00e9rdemjegyek \u00edgy festettek: Aknai 5 \u2013 <strong>Sternberg<\/strong> 4, <strong>Fut\u00f3<\/strong> 3 \u2013 <strong>Szalay<\/strong> 3, <strong>Sz\u0171cs<\/strong> 4, <strong>S\u00e1ros<\/strong> 3 \u2013 <strong>Sas<\/strong> 4, <strong>Avar<\/strong> 5, <strong>P. Szab\u00f3<\/strong> 4, <strong>Kiss<\/strong> 5, <strong>D\u00e9ri<\/strong> 5.\r\n\r\n<span class=\"highlight-block\">B\u00e1rmilyen meglep\u0151, a 11 tal\u00e1latos FTC-b\u0151l egyed\u00fcl S\u00e1rosit jutalmazt\u00e1k a maxim\u00e1lis 1-essel. <\/span>\r\n\r\n[caption id=\"attachment_8972\" align=\"alignnone\" width=\"1500\"]<img class=\"size-full wp-image-8972\" src=\"https:\/\/sport24.24.hu\/app\/uploads\/sites\/24\/2023\/05\/nemzetisport_2021_07_b-1677023321__pages270-270.jpg\" alt=\"\" width=\"1500\" height=\"1686\" \/> S\u00e1rosi Gy\u00f6rgy[\/caption]\r\n\r\n\u00cdme, a ferencv\u00e1rosi tabl\u00f3: <strong>H\u00e1da<\/strong> 3 \u2013 <strong>Kor\u00e1nyi<\/strong> 2, <strong>Papp<\/strong> 3 \u2013 <strong>Lyka<\/strong> 3, <strong>Turay<\/strong> 4, <strong>L\u00e1z\u00e1r<\/strong> 2 \u2013 T\u00e1ncos 2, Tak\u00e1cs II 2, S\u00e1rosi 1, <strong>Toldi<\/strong> 3, <strong>Kohut<\/strong> 2.\r\n\r\nAz Aknai h\u00e1l\u00f3j\u00e1ba n\u00e9gyszer bez\u00f6rget\u0151 Tak\u00e1cs II produkci\u00f3ja sem volt makul\u00e1tlan az \u00fajs\u00e1g szerint. Igaz, a legnagyobb g\u00f3lt a mesterh\u00e1rmast jegyz\u0151 S\u00e1rosi l\u0151tte: bomb\u00e1ja a fels\u0151 l\u00e9cr\u0151l v\u00e1g\u00f3dott be. Ez volt az \u00f6t\u00f6dik, amely ut\u00e1n P. Szab\u00f3 G\u00e1bor f\u00f6l\u00e9 r\u00fagta az \u00fajpestiek jav\u00e1ra meg\u00edt\u00e9lt 11-est.\r\n\r\nA legnagyobb ov\u00e1ci\u00f3t Kohut Vilmos g\u00f3lja v\u00e1ltotta ki, azzal lett 10-0, m\u00f3csing. P. Szab\u00f3 ezut\u00e1n \u201esz\u00e9p\u00edtett\u201d, de Tak\u00e1cs II nem hagyta annyiban, vissza\u00e1ll\u00edtotta a t\u00edz g\u00f3los differenci\u00e1t.\r\n\r\nA z\u00f6ld-feh\u00e9r g\u00f3lpar\u00e1d\u00e9t viszonylag kevesen l\u00e1tt\u00e1k. A Nemzeti Sport 10 000, \u00e1m a lapok t\u00f6bbs\u00e9ge 8000 n\u00e9z\u0151r\u0151l \u00edrt. A trib\u00fcn\u00f6k\u00f6n mutatkoz\u00f3 hi\u00e1ny oka az volt, hogy a ferencv\u00e1rosi B k\u00f6z\u00e9p t\u00e1voll\u00e9t\u00e9vel t\u00fcntetett, mert megs\u00e9rt\u0151d\u00f6tt a tizenegy nappal kor\u00e1bban a Megyeri \u00faton elszenvedett bajnoki veres\u00e9g (1-0) miatt. Ezen a tal\u00e1lkoz\u00f3n nagy val\u00f3sz\u00edn\u0171s\u00e9ggel eld\u0151lt, hogy a Ferencv\u00e1ros nem v\u00e9di meg bajnoki c\u00edm\u00e9t, b\u00e1r a befut\u00f3 roppant szorosan alakult: 1. \u00dajpest 37 pont, 2. MTK 36, 3. FTC 35.\r\n\r\n\u00c9s hogy mi\u00e9rt voltak ennyire csal\u00f3dottak a z\u00f6ld-feh\u00e9r drukkerek? Mert csapatuk az el\u0151z\u0151 \u00e9vadban sz\u00e1zsz\u00e1zal\u00e9kos teljes\u00edtm\u00e9nnyel h\u00f3d\u00edtotta el az arany\u00e9rmet. A 11-1 azt\u00e1n lelkiismeret-furdal\u00e1st okozhatott a fak\u00e9pn\u00e9l hagy\u00e1s miatt, \u00e9s m\u00e9g az \u00fajpesti 0-1 sem volt biztos, az FTC ugyanis meg\u00f3vta a meccset, mert szerinte <strong>Klug Frigyes<\/strong> j\u00e1t\u00e9kvezet\u0151 t\u00e9vedett, amikor \u00e9rv\u00e9nytelen\u00edtette I. J\u00f3zsef, a Cs\u00e1sz\u00e1rnak nevezett Turay g\u00f3lj\u00e1t.\r\n\r\nA beadv\u00e1nyt az MLSZ elutas\u00edtotta, maradt az \u00dajpest az els\u0151 helyen.\r\n<div class=\"payable-content-section\"><\/div>\r\nNem egy org\u00e1num v\u00e9lem\u00e9nye az volt: a lil\u00e1k nem is nagyon t\u00f6r\u0151dtek a d\u00f6nt\u0151vel, a kup\u00e1n\u00e1l messzemen\u0151en t\u00f6bbre tartott bajnoks\u00e1gra \u00f6sszpontos\u00edtottak. Ami biztos: az els\u0151 oszt\u00e1ly\u00fa sorozat utols\u00f3 hat m\u00e9rk\u0151z\u00e9s\u00e9t kiv\u00e9tel n\u00e9lk\u00fcl megnyert\u00e9k, azokon 25 g\u00f3lt szereztek, \u00e9s csup\u00e1n h\u00e1rmat kaptak. Az eg\u00e9sz \u00e9vadban mind\u00f6ssze k\u00e9t veres\u00e9get szenvedtek \u2013 a III. Ker\u00fclett\u0151l 3-2-re, a debreceni Bocskait\u00f3l 4-2-re kaptak ki \u2013, \u00e9s \u0151k adt\u00e1k a bajnoks\u00e1g g\u00f3lkir\u00e1ly\u00e1t meg alkir\u00e1ly\u00e1t: Avar Istv\u00e1n 31, <strong>J\u00e1vor P\u00e1l<\/strong> 29 dug\u00f3val ker\u00fclt a mesterl\u00f6v\u00e9szek list\u00e1j\u00e1nak els\u0151 k\u00e9t hely\u00e9re.\r\n\r\n[caption id=\"attachment_8974\" align=\"alignnone\" width=\"1903\"]<img class=\"size-full wp-image-8974\" src=\"https:\/\/sport24.24.hu\/app\/uploads\/sites\/24\/2023\/05\/nemzetisport_2016_05-1676574328__pages89-89.jpg\" alt=\"\" width=\"1903\" height=\"1401\" \/> A Ferencv\u00e1ros kupagy\u0151ztes csapata 1933-ban. Fels\u0151 sor (balr\u00f3l jobbra): Lyka, H\u00e1da, Turay, Blum edz\u0151, Toldi, Kohut,<br \/>Papp. Als\u00f3 sor: T\u00e1ncos, Tak\u00e1cs II, S\u00e1rosi, L\u00e1z\u00e1r, Kor\u00e1nyi[\/caption]\r\n\r\nAz \u00dajs\u00e1g f\u0151c\u00edme ez volt:\r\n<blockquote class=\"small-quote\">M\u00e1sf\u00e9l \u00f3r\u00e1s kabar\u00e9 a Hung\u00e1ria \u00faton.<\/blockquote>\r\nA Budapesti H\u00edrlap hasonl\u00f3 hangnemben eml\u00e9kezett meg a tal\u00e1lkoz\u00f3r\u00f3l: \u201eSzinte l\u00e1tni lehetett a l\u00e1thatatlan f\u00e9ket, amely el\u0151re le\u00e1ll\u00edtotta az \u00fajpesti er\u0151ket csak az\u00e9rt, hogy \u00dajpest csapat\u00e1t utols\u00f3 bajnoki ellenfel\u00e9vel szemben a vas\u00e1rnapi m\u00e9rk\u0151z\u00e9sen meglepet\u00e9s ne \u00e9rhesse. Ha nem is fizikailag, lelkileg mindenesetre pihen\u0151t tartott az \u00fajpesti csapat a kupad\u00f6nt\u0151 napj\u00e1n, a bajnoki gy\u0151zelem \u00e9rdek\u00e9ben. Felette elszomor\u00edt\u00f3 ez a dolog. Az \u00dajpest meg is lakolt \u00e9rte.\u201d\r\n\r\nA kupad\u00f6nt\u0151t 1933. m\u00e1jus 25-\u00e9n rendezt\u00e9k, h\u00e1rom nappal k\u00e9s\u0151bb zajlott a bajnoks\u00e1g z\u00e1r\u00f3 fordul\u00f3ja. Az \u201eagyonvert\u201d \u00dajpest hamar felocs\u00fadott, 6-0-lal int\u00e9zte el a Budai 11-et, \u00e9s a lapok azt jelentett\u00e9k, hogy \u201ezene \u00e9s \u00e9neksz\u00f3 verte fel vas\u00e1rnap este a megyeri cs\u00e1rd\u00e1t\u201d. \u00c1m akadt olyan megjegyz\u00e9s, mely szerint a bajnoki lakom\u00e1n az FTC k\u00e9pvisel\u0151je \u201e\u00e1tny\u00fajtotta a kupag\u00f3lok kicsiny\u00edtett m\u00e1s\u00e1t\u201d; ezekb\u0151l tizenegy darab volt, \u201eminden j\u00e1t\u00e9kosra jutott egy\u201d.\r\n\r\nA N\u00e9pszava szint\u00e9n azt sejtette, a lil\u00e1k r\u00e1 sem heder\u00edtettek a kupad\u00f6nt\u0151re. \u201eA s\u00falyos veres\u00e9g ok\u00e1t els\u0151sorban abban l\u00e1tjuk \u2013 \u00edrta a napilap \u2013, hogy az \u00dajpest t\u00fal k\u00f6nnyed\u00e9n vette a m\u00e9rk\u0151z\u00e9s els\u0151 perceit, azokat a perceket, amikor a kiv\u00e1l\u00f3an j\u00e1tsz\u00f3 S\u00e1rosi vezet\u00e9se mellett pomp\u00e1san m\u0171k\u00f6d\u0151 ferencv\u00e1rosi csat\u00e1rsor szinte f\u00f6ltart\u00f3zhatatlanul ontotta a g\u00f3lokat, \u00e9s amire f\u00f6leszm\u00e9ltek, hogy tulajdonk\u00e9ppen mi is t\u00f6rt\u00e9nt, m\u00e1r n\u00e9gy g\u00f3l terhelte h\u00e1l\u00f3jukat. Ekkor pedig a deprim\u00e1lts\u00e1g lett \u00farr\u00e1 rajtuk, \u00e9s lelkileg \u00f6sszeroppanva megadt\u00e1k magukat.\u201d\r\n\r\nA sajt\u00f3term\u00e9kek t\u00f6bbi r\u00e9sze odavolt a 11-1-t\u0151l. A F\u00fcggetlens\u00e9g lesz\u00f6gezte:\r\n<blockquote>Kolossz\u00e1lis teljes\u00edtm\u00e9ny. Nem a g\u00f3lar\u00e1ny impon\u00e1l nek\u00fcnk, hanem az a szemk\u00e1pr\u00e1ztat\u00f3 j\u00e1t\u00e9k, az a futball, amit a Ferencv\u00e1ros cs\u00fct\u00f6rt\u00f6k\u00f6n mutatott.<\/blockquote>\r\nA Nemzeti Sport szint\u00e9n \u00e1radozott: \u201eAki ezt a m\u00e9rk\u0151z\u00e9st v\u00e9gig n\u00e9zte, sohasem felejtheti el S\u00e1rosi j\u00e1t\u00e9k\u00e1t.\u201d\r\n\r\nA Nemzeti \u00dajs\u00e1g szint\u00e9n leborult a h\u00fasz\u00e9ves center el\u0151tt, akit a World Soccer 87.-k\u00e9nt jegyzett a huszadik sz\u00e1zad legnagyszer\u0171bb labdar\u00fag\u00f3inak glob\u00e1lis list\u00e1j\u00e1n: \u201eA 11-1 hatalmas klasszisbeli f\u00f6l\u00e9nyt is kifejez\u00e9sre juttat. Ezt a klasszisbeli f\u00f6l\u00e9nyt az az egyszer\u0171 taktikai elgondol\u00e1s adta a Ferencv\u00e1rosban, hogy S\u00e1rosit, az eddig k\u00f6z\u00e9pfedezetk\u00e9nt szerepl\u0151 legjobb magyar j\u00e1t\u00e9kost a csat\u00e1rsor tengely\u00e9be \u00e1ll\u00edtotta, s az \u0151 ir\u00e1ny\u00edt\u00e1s\u00e1val azut\u00e1n a Ferencv\u00e1ros t\u00e1mad\u00f3sora csaknem sz\u00e1rnyakat kapott, valamennyi csat\u00e1ra visszanyerte minden kit\u0171n\u0151 tulajdons\u00e1g\u00e1t.\u201d\r\n\r\n<span class=\"highlight-block-small\">Blum Zolt\u00e1n, a z\u00f6ld-feh\u00e9rek edz\u0151je ragyogott a boldogs\u00e1gt\u00f3l. Ferencv\u00e1rosi j\u00e1t\u00e9kosk\u00e9nt 219 bajnoki m\u00e9rk\u0151z\u00e9st \u00e9s n\u00e9gy bajnoki c\u00edmet mondhatott a mag\u00e1\u00e9nak, majd edz\u0151k\u00e9nt m\u00e9g magasabbra emelkedett, a sz\u00e1zsz\u00e1zal\u00e9kos bajnoki els\u0151s\u00e9ggel \u00e9s a kupad\u00f6nt\u0151 11-1-\u00e9vel fel\u00fclm\u00falhatatlann\u00e1 v\u00e1lt. <\/span>\r\n\r\nIgaz, m\u00e1r a tr\u00e9neri bemutatkoz\u00e1sa sokat \u00edg\u00e9rt, mert szakvezet\u0151k\u00e9nt 7-0-s diadallal deb\u00fct\u00e1lt 1930 j\u00fanius\u00e1ban, noha az FTC Plzenben j\u00e1tszott a Viktoria vend\u00e9gek\u00e9nt.\r\n\r\nA kiv\u00e1l\u00f3 Blumnak a negyvenes \u00e9vekben bujk\u00e1lnia kellett, fi\u00e1t, Mikl\u00f3st meg\u00f6lte az embertelen munkaszolg\u00e1lat. Ahogyan a d\u00f6nt\u0151 \u00fajpesti edz\u0151je, <strong>T\u00f3th-Potya Istv\u00e1nt<\/strong> is belepusztult az \u00fcld\u00f6ztet\u00e9sbe. \u0150 labdar\u00fag\u00f3k\u00e9nt csaknem m\u00e1sf\u00e9l \u00e9vtizeden \u00e1t j\u00e1tszott az FTC-ben, majd \u00f6t esztend\u0151n kereszt\u00fcl a z\u00f6ld-feh\u00e9rek edz\u0151je volt. J\u00e1t\u00e9kosk\u00e9nt k\u00e9t, tr\u00e9nerk\u00e9nt h\u00e1rom bajnoki c\u00edmet nyert a Ferencv\u00e1rossal. A negyvenes \u00e9vekben a kev\u00e9s ellen\u00e1ll\u00f3 k\u00f6z\u00e9 tartozott, zsid\u00f3kat mentett, t\u00f6bb sz\u00e1z honfit\u00e1rsunk \u2013 k\u00f6zt\u00fck olyan, \u201ea nemzet test\u00e9n \u00e9l\u0151sk\u00f6d\u0151k\u201d, mint <strong>Gobbi Hilda<\/strong> vagy <strong>Latab\u00e1r<\/strong> fiv\u00e9rek \u2013 neki \u00e9s t\u00e1rsainak k\u00f6sz\u00f6nhette a zsid\u00f3t\u00f6rv\u00e9nyek Magyarorsz\u00e1ga szerint \u201erongy\u201d \u00e9let\u00e9t.\r\n\r\n[caption id=\"attachment_8973\" align=\"alignnone\" width=\"2000\"]<img class=\"size-full wp-image-8973\" src=\"https:\/\/sport24.24.hu\/app\/uploads\/sites\/24\/2023\/05\/nemzetisport_2016_07-1676574328__pages745-745.jpg\" alt=\"\" width=\"2000\" height=\"1352\" \/> Jobbra: T\u00f3th-Potya Istv\u00e1n[\/caption]\r\n\r\nEgy pletyk\u00e1s \u00f6r\u00f6ml\u00e1ny miatt a Gestapo 1944 v\u00e9g\u00e9n elfogta, \u00e9s \u2013 sz\u00f6rny\u0171 k\u00ednz\u00e1sok ut\u00e1n \u2013 1945 febru\u00e1rj\u00e1ban kiv\u00e9gezt\u00e9k.\r\n\r\nMicsoda szenz\u00e1ci\u00f3 volt, hogy FTC\u2013\u00dajpest 11-1, g\u00f3lszerz\u0151: Tak\u00e1cs II 4, S\u00e1rosi 3, T\u00e1ncos 2, Toldi, Kohut, illetve P. Szab\u00f3.\r\n\r\nS van, amihez k\u00e9pest m\u00e9g a sz\u00e9d\u00edt\u0151 11-1 is semmis\u00e9g.\r\n\r\n[prefabricated_shortcode in_app=\"0\" code=\"%3Cdiv%20class%3D%22article_box_border%22%20style%3D%22background%3A%20url%28%27https%3A%2F%2F24.p3k.hu%2Fapp%2Fuploads%2Fsites%2F24%2F2021%2F05%2Fsport24-pattern.png%27%29%20no-repeat%20left%20-16px%20%23f3f3f4%3B%20border%3A%20none%3B%22%3E%0D%0A%3Cdiv%20class%3D%22article_solidheader%22%3E%0D%0A%3Ch2%20style%3D%22color%3A%20%23111115%21important%3B%20font-size%3A%2036px%3B%20font-weight%3A%20bold%3B%20margin-bottom%3A%2030px%3B%20margin-top%3A%2020px%3B%20text-align%3A%20center%3B%20line-height%3A%2036px%3B%22%3E%3Cimg%20class%3D%22aligncenter%20size-full%20wp-image-141%22%20src%3D%22https%3A%2F%2F24.p3k.hu%2Fapp%2Fuploads%2Fsites%2F24%2F2021%2F05%2Fs24-logo-dt.png%22%20alt%3D%22%22%20width%3D%22408%22%20height%3D%2290%22%20%2F%3E%3C%2Fh2%3E%0D%0A%3Ch2%20style%3D%22color%3A%20%23111115%21important%3B%20font-size%3A%2036px%3B%20font-weight%3A%20bold%3B%20margin-bottom%3A%2030px%3B%20margin-top%3A%2020px%3B%20text-align%3A%20center%3B%20line-height%3A%2040px%3B%22%3ECsatlakozz%20a%20Sport24%20k%C3%B6z%C3%B6ss%C3%A9ghez%2C%20mondd%20el%20v%C3%A9lem%C3%A9nyedet%20z%C3%A1rt%20Facebook-csoportunkban%2C%20%C3%A9s%20vegy%C3%A9l%20r%C3%A9szt%20csak%20el%C5%91fizet%C5%91knek%20el%C3%A9rhet%C5%91%20exkluz%C3%ADv%20esem%C3%A9nyeinken.%3C%2Fh2%3E%0D%0A%3C%2Fdiv%3E%0D%0A%3Cp%20style%3D%22background%3A%20%2357A600%3B%20margin-top%3A%2020px%3B%20padding%3A%2020px%3B%20text-align%3A%20center%3B%22%3E%3Ca%20style%3D%22color%3A%20%23ffffff%3B%20font-size%3A%2026px%3B%20font-weight%3A%20600%3B%22%20href%3D%22https%3A%2F%2Fwww.facebook.com%2Fgroups%2F212344460412327%22%3ECSATLAKOZOM%3C%2Fa%3E%3C%2Fp%3E%0D%0A%0D%0A%3C%2Fdiv%3E\"]","type":"rich","thumbnail_url":"https:\/\/s.24.hu\/app\/uploads\/sites\/24\/2023\/05\/nemzetisport_2016_05-1676574328__pages269-269-150x150.jpg","thumbnail_width":150,"thumbnail_height":150}