{"version":"1.0","provider_name":"Sport24","provider_url":"https:\/\/sport24.24.hu","author_name":"Bruckner G\u00e1bor","author_url":"https:\/\/sport24.24.hu\/author\/brucknerg\/","title":"Most \u00e9ppen m\u00ednusz t\u00edz: sz\u00f3ljon, aki \u00e9rti, hogy mi\u00e9rt pontlevon\u00e1ssal s\u00fajtott\u00e1k a Juventust!","html":"B\u00e1r el\u0151sz\u00f6r nevets\u00e9gesnek t\u0171nt a 2006-os Calciopoli-botr\u00e1nnyal val\u00f3 \u00f6sszehasonl\u00edt\u00e1s, a Juventus t\u0151kenyeres\u00e9gi (avagy plusvalenza) \u00fcgye mostanra igen sok hasonl\u00f3s\u00e1got mutat a tizenh\u00e9t \u00e9vvel ezel\u0151tti, a b\u00edr\u00f3k\u00fcld\u00e9s manipul\u00e1l\u00e1s\u00e1\u00e9rt kir\u00f3tt kiz\u00e1r\u00e1ssal v\u00e9gz\u0151d\u0151 tragikom\u00e9di\u00e1val. Akkor a Serie B-be sz\u00e1m\u0171zt\u00e9k a klubot, most ilyesmir\u0151l \u2013 egyel\u0151re \u2013 sz\u00f3 sincs, de a b\u00fcntet\u00e9s m\u00e9rt\u00e9k\u00e9t lesz\u00e1m\u00edtva ugyanazok a k\u00e9rd\u00e9sek fesz\u00edthetik a Juve-t\u00e1bort, mint 2006-ban.\r\n\r\nHa egy szab\u00e1lytalan, de a Serie A-ban mindennapos gyakorlatnak mondhat\u00f3 kih\u00e1g\u00e1s\u00e9rt csak egy valakit \u00edt\u00e9lnek el, az mindig h\u00e1ts\u00f3 sz\u00e1nd\u00e9kot sejtet. Ha \u00fagy hoznak s\u00falyos b\u00fcntet\u00e9ssel j\u00e1r\u00f3 \u00edt\u00e9letet, hogy nem is siker\u00fcl bizony\u00edtani a v\u00e1dlott b\u0171n\u00f6ss\u00e9g\u00e9t, az nem csak az \u00f6sszeesk\u00fcv\u00e9s-elm\u00e9letek h\u00edv\u0151inek lesz gyan\u00fas. Ha pedig gazdas\u00e1gi \u00e9s k\u00f6nyvel\u00e9si kih\u00e1g\u00e1sok\u00e9rt sportjogi szankci\u00f3 (azaz <a href=\"https:\/\/rangado.24.hu\/nemzetkozi_foci\/2023\/05\/23\/serie-a-juventus-pontlevonas-vereseg-empoli\/\">pontlevon\u00e1s<\/a>) a b\u00fcntet\u00e9s, az vil\u00e1gosan megmutatja, hogy nem az igazs\u00e1gszolg\u00e1ltat\u00e1s, hanem maga a szankci\u00f3 a c\u00e9l.\r\n<h2>Senki nem \u00e9rti \u2013 de igaz\u00e1b\u00f3l mindenki \u00e9rti<\/h2>\r\nA Juventusszal kimondottan rossz viszonyt \u00e1pol\u00f3 potent\u00e1tok egym\u00e1s ut\u00e1n emelkedtek sz\u00f3l\u00e1sra a h\u00e9tf\u0151n (alig n\u00e9h\u00e1ny \u00f3r\u00e1val az Empoli\u2013Juventus meccs el\u0151tt) kihirdetett szankci\u00f3k miatt. <strong>Jos\u00e9 Mourinho<\/strong> <a href=\"https:\/\/rangado.24.hu\/nemzetkozi_foci\/2023\/05\/23\/jose-mourinho-juventus-pontlevonas-vicc\/\">viccnek nevezte a b\u00fcntet\u00e9st<\/a>, \u00e9s k\u00f6z\u00f6lte, minden hiteless\u00e9g\u00e9t elvesz\u00edtette az idei bajnoki szezon, a Lazio eln\u00f6ke, <strong>Claudio Lotito<\/strong> pedig azt emlegette fel, hogy m\u00edg a La Liga \u00e9s a Premier League mindent megtesz, hogy a kih\u00e1g\u00e1sokat elk\u00f6vet\u0151 klubjait (Barca, ManCity) kimentse a bajb\u00f3l, az olasz sz\u00f6vets\u00e9g cs\u00edp\u0151b\u0151l lefekszik az UEFA bossz\u00fahadj\u00e1rat\u00e1nak, mit sem t\u00f6r\u0151dve azzal, hogy a Juventus \u00e9ppen olyan fontos a sz\u00e1m\u00e1ra, mint a k\u00e9t eml\u00edtett klub a saj\u00e1t bajnoks\u00e1g\u00e1nak. A tulajdonosai r\u00e9v\u00e9n az Interhez k\u00f6t\u0151d\u0151, a Juventusszal \u00e1ltal\u00e1ban igen bar\u00e1ts\u00e1gtalan La Gazzetta Dello Sport pedig szerkeszt\u0151s\u00e9gi jegyzetben k\u00f6vetelt egyenl\u0151 b\u00e1n\u00e1sm\u00f3dot a torin\u00f3iaknak.\r\n\r\n[caption id=\"attachment_8959\" align=\"alignnone\" width=\"4096\"]<img class=\"size-full wp-image-8959\" src=\"https:\/\/sport24.24.hu\/app\/uploads\/sites\/24\/2023\/05\/075_cippitelli-asromavs230522_npsvx.jpg\" alt=\"\" width=\"4096\" height=\"2731\" \/> Jos\u00e9 Mourinho (jobbra)[\/caption]\r\n\r\nB\u00e1r a Juve Olaszorsz\u00e1gban is rengeteget vesz\u00edtett \u00e9rdek\u00e9rv\u00e9nyes\u00edt\u0151 k\u00e9pess\u00e9g\u00e9b\u0151l, annyit az\u00e9rt nem, hogy k\u00fcls\u0151 r\u00e1hat\u00e1s n\u00e9lk\u00fcl sim\u00e1n legy\u0151zz\u00e9k az ellene dolgoz\u00f3 er\u0151k. P\u00e9ld\u00e1nak ok\u00e1\u00e9rt\r\n\r\n<span class=\"highlight-block-small\">a torin\u00f3i klubot ny\u00edltan \u00e9s felv\u00e1llaltan gy\u0171l\u00f6l\u0151, megveszekedett Napoli-szurkol\u00f3 <strong>Giuseppe Chin\u00e9<\/strong> soha nem lehetett volna a Juventus gazdas\u00e1gi kih\u00e1g\u00e1sait vizsg\u00e1l\u00f3 sz\u00f6vets\u00e9gi \u00fcgy\u00e9sz, ha nincs m\u00f6g\u00f6tte p\u00e1ratlanul er\u0151s t\u00e1mogat\u00e1s, m\u00e9ghozz\u00e1 nem is ak\u00e1rhonnan.<\/span>\r\n\r\nA Juventus b\u0171ne nem az, hogy val\u00f3s \u00e9rt\u00e9k\u00fckn\u00e9l (err\u0151l k\u00e9s\u0151bb) magasabb \u00e1ron k\u00f6nyvelt el j\u00e1t\u00e9kosokat, \u00e9s ezzel meghamis\u00edtotta a klub k\u00f6nyvel\u00e9s\u00e9nek balansz\u00e1t. A Juventus b\u0171ne a Szuperliga, \u00e9s amit most elszenved a klub, az nem m\u00e1s, mint az UEFA nem is k\u00fcl\u00f6n\u00f6sebben takargatott bossz\u00faja.\r\n\r\nA Juve \u0151sszel lemondott eln\u00f6ke, <strong>Andrea Agnelli<\/strong> a Szuperliga \u00f6tletgazd\u00e1ja, az eur\u00f3pai klubokat t\u00f6m\u00f6r\u00edt\u0151 szervezet (ECA) eln\u00f6kek\u00e9nt kezdte el bevonni a szervezked\u00e9sbe a topklubokat, amivel azt\u00e1n p\u00e1ri\u00e1v\u00e1 tette saj\u00e1t mag\u00e1t \u00e9s a felmen\u0151i \u00e1ltal b\u0151 egy \u00e9vsz\u00e1zada ir\u00e1ny\u00edtott Juventust is. Az UEFA gyorsan visszal\u00e9p\u00e9sre k\u00e9nyszer\u00edtette a klubok nagy r\u00e9sz\u00e9t, \u00e1m a Real Madrid, a Barcelona \u00e9s a Juventus ezt nem volt hajland\u00f3 megtenni. A k\u00e9t spanyol gig\u00e1sz k\u00f6z\u00fcl a Real abszol\u00fat \u00e9rinthetetlen, a Barc\u00e1t pedig az utols\u00f3 t\u00f6lt\u00e9nyig v\u00e9delmezi a La Liga (pedig a katal\u00e1nokra mostan\u00e1ban r\u00e1szakadt \u00fcgyek k\u00f6z\u00f6tt ezerszer cs\u00fany\u00e1bbak is vannak, mint a torin\u00f3iak kreat\u00edv k\u00f6nyvel\u00e9se), de emellett <strong>Aleksander Ceferinnek<\/strong> szem\u00e9lyes elsz\u00e1molni val\u00f3ja is van az \u0151t a Szuperlig\u00e1val h\u00e1tba sz\u00far\u00f3 Agnellivel, \u00edgy minden \u00e1gy\u00fat a piemonti megyesz\u00e9khely fel\u00e9 ir\u00e1ny\u00edtott.\r\n\r\n[caption id=\"attachment_8960\" align=\"alignnone\" width=\"2650\"]<img class=\"size-full wp-image-8960\" src=\"https:\/\/sport24.24.hu\/app\/uploads\/sites\/24\/2023\/05\/000_33fv9ge.jpg\" alt=\"\" width=\"2650\" height=\"1767\" \/> Balr\u00f3l: a Juventus kor\u00e1bbi eln\u00f6ke, Andrea Agnelli, a klub volt aleln\u00f6ke Pavel Nedved, egykori \u00fcgyvezet\u0151 igazgat\u00f3ja, Maurizio Arrivabene \u00e9s volt sportkoordin\u00e1tora, Federico Cherubini[\/caption]\r\n<h2>Mi is a Juventus b\u0171ne val\u00f3j\u00e1ban?<\/h2>\r\nHogy egy igencsak rosszhiszem\u0171en \u00f6sszet\u00e1kolt kirakatvizsg\u00e1lat zajlik a Juventus ellen, azt sz\u00e1mos t\u00e9nnyel lehet al\u00e1t\u00e1masztani. Ezek k\u00f6z\u00fcl egy, hogy a most t\u00edzpontos b\u00fcntet\u00e9ssel s\u00fajtott Juventust val\u00f3j\u00e1ban nem is lehetett volna vizsg\u00e1lat al\u00e1 vonni, hiszen 2022 tavasz\u00e1n az elj\u00e1r\u00f3 b\u00edr\u00f3 elhajtotta a b\u00e1natba az \u00fcgy\u00e9szt a sal\u00e1tabeadv\u00e1ny\u00e1val egy\u00fctt, \u00edgy hat\u00e1lyba l\u00e9pett a ne bis in idem, azaz a k\u00e9tszeres elj\u00e1r\u00e1s tilalma.\r\n<div class=\"payable-content-section\"><\/div>\r\nChin\u00e9 egy \u00e9vvel ezel\u0151tt \u00fagy akarta perre vinni a Juventust a t\u0151kenyeres\u00e9gi \u00fcgyben, hogy a bizony\u00edt\u00e9kai (ez nem vicc, b\u00e1r val\u00f3ban nevets\u00e9ges) a Transfermarkt nev\u0171 oldal \u00e1ltal meghat\u00e1rozott j\u00e1t\u00e9kos\u00e9rt\u00e9kek voltak. A b\u00edr\u00f3 ekkor term\u00e9szetesen nem volt hajland\u00f3 elj\u00e1r\u00e1s al\u00e1 vonni a Juv\u00e9t, s\u0151t kimondta azt is: nincs olyan hiteles m\u00e9r\u0151sz\u00e1m, amely alapj\u00e1n egy labdar\u00fag\u00f3 \u00e9rt\u00e9k\u00e9t pontosan meg lehetne \u00e1llap\u00edtani. Ezzel elvben le is z\u00e1rult volna a sztori, de nem \u00edgy t\u00f6rt\u00e9nt.\r\n\r\nA Juventus vezet\u0151inek lehallgat\u00e1sa n\u00e9mileg bizony\u00edtotta, hogy a klub t\u00f6bb esetben is a t\u0151kenyeres\u00e9g \u00e9rdek\u00e9ben \u2013 ha \u00fagy tetszik, rosszhiszem\u0171en \u2013\r\n\r\n<span class=\"highlight-block\">nagyobb \u00e9rt\u00e9ken k\u00f6nyvelte el a j\u00e1t\u00e9kosait egy-egy elad\u00e1s alkalm\u00e1val, mint amennyit \u00e9rtek. <\/span>\r\n\r\nEhhez a man\u0151verhez azonban mindig k\u00e9t f\u00e9l kell, hiszen bele kell mennie a j\u00e1t\u00e9kba a m\u00e1sik oldalnak is, ezzel azonban nem volt gond, hiszen \u2013 ahogyan eml\u00edtettem \u2013 az ilyen \u00fcgyesked\u00e9sek mindennaposak a Serie A-ban. El\u00e9g csak p\u00e9ld\u00e1ul <strong>Victor Osimhen<\/strong> N\u00e1polyba k\u00f6lt\u00f6z\u00e9s\u00e9t megn\u00e9zni, ahol teljesen \u00e9rt\u00e9ktelen (az\u00f3ta a harmad-, vagy negyedoszt\u00e1lyban j\u00e1tsz\u00f3) futballist\u00e1kat sz\u00e1moltak be s\u00falyos t\u00edzmilli\u00f3k\u00e9rt a szt\u00e1rcsat\u00e1r \u00e1r\u00e1ba.\r\n\r\n[caption id=\"attachment_8956\" align=\"alignnone\" width=\"4096\"]<img class=\"size-full wp-image-8956\" src=\"https:\/\/sport24.24.hu\/app\/uploads\/sites\/24\/2023\/05\/075_romano-sscnapol230521_npg9e.jpg\" alt=\"\" width=\"4096\" height=\"2731\" \/> Victor Osimhen[\/caption]\r\n<h2>Legyen kilenc! Tizen\u00f6t lett, maradhat?<\/h2>\r\nA boh\u00f3zat az \u0151sszel v\u00e1ltott \u00e1t dr\u00e1m\u00e1ba. Hivatalos sportjogi elj\u00e1r\u00e1st ugyan nem siker\u00fclt ind\u00edtani, a sz\u00f6vets\u00e9g saj\u00e1t hat\u00e1sk\u00f6r\u00e9ben azonban \u00fagy d\u00f6nt\u00f6tt, megb\u00fcnteti a Juventust, \u00e9s b\u00e1r Chin\u00e9 kilencpontos levon\u00e1st javasolt, a FIGC tizen\u00f6t pontot vont le a klub eredm\u00e9ny\u00e9b\u0151l. Sem az egyik, sem a m\u00e1sik pontlevon\u00e1s m\u00e9rt\u00e9k\u00e9re nem l\u00e9tezik \u00e9sszer\u0171 magyar\u00e1zat, s\u0151t val\u00f3j\u00e1ban maga a b\u00fcntet\u00e9s t\u00e9nye is nevets\u00e9ges.\r\n\r\nNem az\u00e9rt, mert mindenki m\u00e1s ugyan\u00edgy csal a j\u00e1t\u00e9kosai \u00e9rt\u00e9k\u00e9vel. Erre m\u00e9g lehetne azt mondani, hogy nem tisztess\u00e9gesnek kell lenni, hanem nem szabad lebukni, \u00e9s h\u00e1t a Juve \u201elebukott\u201d. Hanem az\u00e9rt, mert Chin\u00e9 sz\u00e1m\u00edt\u00e1sai szerint (!) a vizsg\u00e1lt id\u0151szakban a Juventus bev\u00e9teleinek mind\u00f6ssze 3,6 sz\u00e1zal\u00e9k\u00e1t adt\u00e1k a felturb\u00f3zott \u00e9rt\u00e9ken eladott j\u00e1t\u00e9kosokb\u00f3l befolyt \u00f6sszegek. Teh\u00e1t maga a v\u00e1dl\u00f3 mondja ki, hogy a Juventusnak nemhogy nem szignifik\u00e1ns, de tulajdonk\u00e9ppen szinte elhanyagolhat\u00f3 gazdas\u00e1gi el\u0151nye sz\u00e1rmazott a plusvalenza-\u00fcgyb\u0151l. Sz\u00e1mszer\u0171en: az 1,67 milli\u00e1rd eur\u00f3s bev\u00e9telb\u0151l 60 milli\u00f3 eredeztethet\u0151 a tisztess\u00e9gtelen elad\u00e1sokb\u00f3l.\r\n\r\nNem volt k\u00e9rd\u00e9s, hogy a Juventus fellebbez\u00e9s\u00e9t el fogja fogadni a sport\u00fcgyek legfels\u0151 d\u00f6nt\u00e9shoz\u00f3 szerve, az Olasz Olimpiai Bizotts\u00e1g, \u00e9s a CONI val\u00f3ban vissza is k\u00fcldte a sz\u00f6vets\u00e9gnek a vizsg\u00e1lati anyagot, a Juve b\u00fcntet\u00e9s\u00e9t pedig felf\u00fcggesztette. Mivel menet k\u00f6zben sem \u00faj bizony\u00edt\u00e9k nem ker\u00fclt el\u0151, sem a hat\u00e1lyos szab\u00e1lyok nem v\u00e1ltoztak, a szurkol\u00f3k csak n\u00e9ztek, mint a ponty a szatyorban, \u00e1m mivel a v\u00e1dl\u00f3k is ugyanazok maradtak, biztos volt, hogy jelent\u0151s v\u00e1ltoz\u00e1sok nem \u00e1llnak be. Nem is \u00e1lltak.\r\n\r\nAz els\u0151 k\u00f6rben a Chin\u00e9 \u00e1ltal k\u00e9rt kilenc helyett tizen\u00f6t pontot vontak le, az \u00f6t\u00f6dik k\u00f6rben m\u00e1r tizenegy pontos levon\u00e1st javasolt \u2013 ebb\u0151l lett t\u00edz. Hogy mi\u00e9rt ennyi? H\u00e1t ezt senki nem tudja, \u00e9s az \u00edt\u00e9let indokl\u00e1sa sem ad sok t\u00e1mpontot.\r\n\r\n[caption id=\"attachment_8958\" align=\"alignnone\" width=\"4096\"]<img class=\"size-full wp-image-8958\" src=\"https:\/\/sport24.24.hu\/app\/uploads\/sites\/24\/2023\/05\/gettyimages-1257507790.jpg\" alt=\"\" width=\"4096\" height=\"2731\" \/> A Juventus kezd\u0151csapata a legut\u00f3bbi, Empoli elleni m\u00e9rk\u0151z\u00e9s el\u0151tt[\/caption]\r\n\r\n<span class=\"highlight-block-small\">Nem l\u00e9tezik precedens, amire hivatkozni lehetne, nem is lehet, hiszen szab\u00e1ly sincs r\u00e1, amit megszegett a Juventus, de a legink\u00e1bb megmagyar\u00e1zhatatlan az eg\u00e9szben az, hogy egy \u201ek\u00f6nyvel\u00e9si csal\u00e1s\u00e9rt\u201d mi\u00e9rt j\u00e1r pontlevon\u00e1s.<\/span>\r\n\r\nHogyan lehet pontokban sz\u00e1mszer\u0171s\u00edteni, mennyi el\u0151nyt jelentett a p\u00e1ly\u00e1n a Juventus sz\u00e1m\u00e1ra a 3,6 sz\u00e1zal\u00e9kos gazdas\u00e1gi manipul\u00e1ci\u00f3? Mi\u00e9rt 9-10-11-15 pont, mi\u00e9rt nem mindj\u00e1rt 30 vagy 50? Mi\u00e9rt nem azonnali kiz\u00e1r\u00e1s? Ut\u00f3bbira 2006 \u00f3ta tudjuk a v\u00e1laszt: a Juventus n\u00e9lk\u00fcli Serie A t\u00e9v\u00e9s jogd\u00edjai durv\u00e1n bezuhantak, \u00e9s ez m\u00e9g azok sz\u00e1m\u00e1ra sem l\u00e9nyegtelen, akik szenvtelen haszon\u00e9lvez\u0151i voltak p\u00e9ld\u00e1ul <strong>Cristiano Ronaldo<\/strong> torin\u00f3i szerz\u0151dtet\u00e9sekor a meredek emelked\u00e9snek indul\u00f3 bev\u00e9teleknek. A Juve t\u0151k\u00e9je, a Juve kock\u00e1zata \u2013 r\u00e1 is faragott kegyetlen\u00fcl \u2013, de a haszn\u00e1t mindenki \u00e9lvezte.\r\n\r\n\u00c9s itt \u00e9r\u00fcnk vissza a calciopolihoz. Ahogyan 2006-ban, \u00fagy 2023-ban is p\u00e9nzb\u00fcntet\u00e9s, \u00e1tigazol\u00e1si id\u0151szakb\u00f3l val\u00f3 kiz\u00e1r\u00e1s, illetve az \u00fcgyben v\u00e9tkes vezet\u0151k eltilt\u00e1sa lett volna a maxim\u00e1lis b\u00fcntet\u00e9si t\u00e9tel, amit a \u201ebebizonyosodott kih\u00e1g\u00e1sok\u201d miatt kir\u00f3hattak volna a Juventusra.\r\n\r\n[prefabricated_shortcode in_app=\"0\" code=\"%3Cdiv%20class%3D%22article_box_border%22%20style%3D%22background%3A%20url%28%27https%3A%2F%2F24.p3k.hu%2Fapp%2Fuploads%2Fsites%2F24%2F2021%2F05%2Fsport24-pattern.png%27%29%20no-repeat%20left%20-16px%20%23f3f3f4%3B%20border%3A%20none%3B%22%3E%0D%0A%3Cdiv%20class%3D%22article_solidheader%22%3E%0D%0A%3Ch2%20style%3D%22color%3A%20%23111115%21important%3B%20font-size%3A%2036px%3B%20font-weight%3A%20bold%3B%20margin-bottom%3A%2030px%3B%20margin-top%3A%2020px%3B%20text-align%3A%20center%3B%20line-height%3A%2036px%3B%22%3E%3Cimg%20class%3D%22aligncenter%20size-full%20wp-image-141%22%20src%3D%22https%3A%2F%2F24.p3k.hu%2Fapp%2Fuploads%2Fsites%2F24%2F2021%2F05%2Fs24-logo-dt.png%22%20alt%3D%22%22%20width%3D%22408%22%20height%3D%2290%22%20%2F%3E%3C%2Fh2%3E%0D%0A%3Ch2%20style%3D%22color%3A%20%23111115%21important%3B%20font-size%3A%2036px%3B%20font-weight%3A%20bold%3B%20margin-bottom%3A%2030px%3B%20margin-top%3A%2020px%3B%20text-align%3A%20center%3B%20line-height%3A%2040px%3B%22%3ECsatlakozz%20a%20Sport24%20k%C3%B6z%C3%B6ss%C3%A9ghez%2C%20mondd%20el%20v%C3%A9lem%C3%A9nyedet%20z%C3%A1rt%20Facebook-csoportunkban%2C%20%C3%A9s%20vegy%C3%A9l%20r%C3%A9szt%20csak%20el%C5%91fizet%C5%91knek%20el%C3%A9rhet%C5%91%20exkluz%C3%ADv%20esem%C3%A9nyeinken.%3C%2Fh2%3E%0D%0A%3C%2Fdiv%3E%0D%0A%3Cp%20style%3D%22background%3A%20%2357A600%3B%20margin-top%3A%2020px%3B%20padding%3A%2020px%3B%20text-align%3A%20center%3B%22%3E%3Ca%20style%3D%22color%3A%20%23ffffff%3B%20font-size%3A%2026px%3B%20font-weight%3A%20600%3B%22%20href%3D%22https%3A%2F%2Fwww.facebook.com%2Fgroups%2F212344460412327%22%3ECSATLAKOZOM%3C%2Fa%3E%3C%2Fp%3E%0D%0A%0D%0A%3C%2Fdiv%3E\"]","type":"rich","thumbnail_url":"https:\/\/s.24.hu\/app\/uploads\/sites\/24\/2023\/05\/000_33fv9gn-150x150.jpg","thumbnail_width":150,"thumbnail_height":150}