{"version":"1.0","provider_name":"Sport24","provider_url":"https:\/\/sport24.24.hu","author_name":"Fut\u00f3 Csaba","author_url":"https:\/\/sport24.24.hu\/author\/futocs\/","title":"A fej\u00e9t k\u00f6vetelt\u00e9k, de Simone Inzaghi levezetni \u00e9rkez\u0151 j\u00e1t\u00e9kosokkal jutott BL-d\u00f6nt\u0151be","html":"<strong>Jos\u00e9 Mourinho<\/strong> modern catenacci\u00f3j\u00e1ra m\u00e9g a korszak szt\u00e1rcsapat\u00e1nak, a Barcelon\u00e1nak sem volt v\u00e1lasza (pedig <strong>Sergio Busquets<\/strong> az ujjai k\u00f6z\u00fcl kipislogva kereste), az Inter a mez\u0151nyben \u00f6sv\u00e9nyt v\u00e1gva menetelt v\u00e9gig a sorozaton, \u00e9s bombafavoritk\u00e9nt \u00e9rkezett meg a fin\u00e1l\u00e9ba, amit azt\u00e1n meg is nyert a Bayern M\u00fcnchen ellen. <strong>Simone Inzaghi<\/strong> m\u00e1s er\u0151forr\u00e1sokb\u00f3l, m\u00e1s k\u00e9szlettel dolgozik, \u00e9s szemben a 2010-es Interrel, ezzel a csapattal kifejezett brav\u00far, hogy oda\u00e9rt a d\u00f6nt\u0151re.\r\n\r\nSokan a szerencs\u00e9t emlegetik az Inter BL-d\u00f6nt\u0151be jut\u00e1sa kapcs\u00e1n, \u00e9s van is n\u00e9mi igazuk, hiszen az egyenes kies\u00e9ses szakaszban a mil\u00e1n\u00f3iak az \u00f6sszes es\u00e9lyest elker\u00fclt\u00e9k. A Bayern, a Real, a PSG \u00e9s a City mind a m\u00e1sik \u00e1gon szerepelt, \u00e9s neh\u00e9z vitatkozni azzal az \u00e1ll\u00edt\u00e1ssal, hogy az als\u00f3 \u00e1g egy klasszissal gyeng\u00e9bb a fels\u0151n\u00e9l. Ugyanakkor az Inter-szurkol\u00f3k erre teljes joggal v\u00e1laszolhatj\u00e1k azt, hogy egyr\u00e9szt azt kell megverni\u00fck, aki szembe j\u00f6n, m\u00e1sr\u00e9szt a neh\u00e9zs\u00e9gekb\u0151l az\u00e9rt kijutott \u00edgy is a csapatuknak, hiszen a hal\u00e1lcsoportb\u00f3l \u2013 a Barc\u00e1t kiejtve \u2013 jutottak a legjobb tizenhat k\u00f6z\u00e9.\r\n\r\n<span class=\"highlight-block-small\">Azt pedig m\u00e1r csak mi tessz\u00fck hozz\u00e1, hogy az Intert nem a sz\u00e9l seg\u00edtette a d\u00f6nt\u0151be, hanem saj\u00e1t \u00e1ga vit\u00e1n fel\u00fcl legjobb csapatak\u00e9nt jutott el Isztambulba.<\/span>\r\n\r\n[caption id=\"attachment_8890\" align=\"alignnone\" width=\"4096\"]<img class=\"size-full wp-image-8890\" src=\"https:\/\/sport24.24.hu\/app\/uploads\/sites\/24\/2023\/05\/075_ballabio-interfci230516_np2z9.jpg\" alt=\"\" width=\"4096\" height=\"2731\" \/> Simone Inzaghi, az Inter edz\u0151je az UEFA Bajnokok Lig\u00e1ja el\u0151d\u00f6nt\u0151j\u00e9nek visszav\u00e1g\u00f3j\u00e1n az Inter FC Internazionale \u00e9s az AC Milan k\u00f6z\u00f6tt, 2023. m\u00e1jus 16-\u00e1n.[\/caption]\r\n\r\nA szerencse k\u00e9rd\u00e9se egy\u00e9bk\u00e9nt is d\u00e1gv\u00e1nyos dolog. Arra p\u00e9ld\u00e1ul v\u00e9lhet\u0151en m\u00e1r kevesen eml\u00e9keznek, hogy a 2010-es, saj\u00e1t j\u00e1t\u00e9k\u00e1t tekintve val\u00f3ban a vil\u00e1g legjobb csapat\u00e1nak mondhat\u00f3 Internek is b\u0151ven sz\u00fcks\u00e9ge volt a szerencse seg\u00edts\u00e9g\u00e9re. A Barca elleni el\u0151d\u00f6nt\u0151ben (3-1) a mil\u00e1n\u00f3iak lesg\u00f3lja maradt a partjelz\u0151 radarja alatt, a visszav\u00e1g\u00f3n pedig hi\u00e1ba f\u00fajt pof\u00e1tlanul a b\u00edr\u00f3 a katal\u00e1nok jav\u00e1ra, a lef\u00faj\u00e1s el\u0151tt egy v\u00e9lhet\u0151en szab\u00e1lyos \u2013 \u00e9s tov\u00e1bbjut\u00e1st \u00e9r\u0151 \u2013 g\u00f3lt\u00f3l fosztotta meg a hazaiakat. S\u0151t a d\u00f6nt\u0151 sem volt \u00e9ppen s\u00e9tagalopp, a <strong>Cristian Chivut<\/strong> folytat\u00f3lagosan porba al\u00e1z\u00f3 <strong>Arjen Robben<\/strong> sim\u00e1n megnyerhette volna a fin\u00e1l\u00e9t a Bayernnek, v\u00e9g\u00fcl m\u00e9gis az Inter\u00e9 lett a tr\u00f3fea.\r\n\r\nHa m\u00e1r a szerencse-pech egy\u00fctthat\u00f3 sz\u00f3ba ker\u00fcl, Simone Inzaghi csapata m\u00e1sk\u00e9nt \u00e9lvezte a sors t\u00e1mogat\u00e1s\u00e1t: a Murphy-t\u00f6rv\u00e9ny a bajnoks\u00e1gban abszol\u00fate \u00e9rv\u00e9nyes\u00fclt, hiszen ami elromolhatott, az el is romlott, ellenben a kupasorozatokban eg\u00e9szen m\u00e1s arc\u00e1t mutatta a csapat.\r\n<h2>Ment\u00e1lis Sacchismo a h\u00e1zban!<\/h2>\r\nHa kimondom <strong>Arrigo Sacchi<\/strong> nev\u00e9t, a Milan-szurkol\u00f3k t\u00e9rdre hullva \u00e1ldj\u00e1k a kopasz mester eml\u00e9k\u00e9t, aki n\u00e9gy \u00e9ven \u00e1t tr\u00f3fe\u00e1k eg\u00e9sz kis halm\u00e1t pakolta be <strong>Silvio Berlusconi<\/strong> vitrinj\u00e9be. Igen \u00e1m, csakhogy a Sacchival megnyert nyolc tr\u00f3fea k\u00f6z\u00f6tt csak egyetlen scudett\u00f3t tal\u00e1lunk, a t\u00f6bbit kupasorozatokban szerezte, \u00e9s b\u00e1r ennek meglehet\u0151sen pr\u00f3zai oka volt, az ar\u00e1nyok \u00edgy is d\u00f6bbenetesek.\r\n\r\nSacchi az\u00e9rt tudott sokkal eredm\u00e9nyesebb lenni a hazai \u00e9s nemzetk\u00f6zi kupasorozatokban, mert az \u00e1ltala megk\u00f6vetelt rendk\u00edv\u00fcl magas intenzit\u00e1s\u00fa j\u00e1t\u00e9kot k\u00f6nnyebb volt a nemzetk\u00f6zi meccsnapokra id\u0151z\u00edteni, mint h\u00e9tr\u0151l h\u00e9tre el\u0151h\u00fazni a bajnoks\u00e1gban. Simone Inzaghi eset\u00e9ben azonban kicsit m\u00e1s t\u00e9nyez\u0151k alak\u00edtott\u00e1k \u00fagy a szezont, hogy a bajnoks\u00e1gban m\u00e1r tizenegy veres\u00e9get (!) sz\u00e1ml\u00e1l\u00f3 Inter az Olasz Kup\u00e1ban \u00e9s a Bajnokok Lig\u00e1j\u00e1ban is bejutott a d\u00f6nt\u0151be.\r\n<div class=\"payable-content-section\"><\/div>\r\nA bajnoks\u00e1gban elszenvedett rengeteg peches veres\u00e9g k\u00f6zepette sokan tal\u00e1n m\u00e1r nem is hittek az Interben rejl\u0151 potenci\u00e1lban. H\u00e1t mit akar a BL-ben az a csapat, amely tavasszal kikap a Monz\u00e1t\u00f3l, a Spezi\u00e1t\u00f3l, az Empolit\u00f3l, a Bologn\u00e1t\u00f3l, \u00e9s csak hosszabb\u00edt\u00e1sban, v\u00e9rt izzadva ejti ki a kup\u00e1b\u00f3l a m\u00e1sodoszt\u00e1ly\u00fa Parm\u00e1t? Ezeken a meccseken \u00e1ltal\u00e1ban megvoltak az Inter lehet\u0151s\u00e9gei, de bes\u00fcltek a csat\u00e1rok, \u00e9s ahogyan az ilyenkor lenni szokott, egy k\u00f3bor kontr\u00e1b\u00f3l az ellenf\u00e9l szinte minden meccsen betal\u00e1lt. Hogy ez a koncentr\u00e1ci\u00f3 hi\u00e1nya miatt volt, esetleg az Inter keret\u00e9ben fellelhet\u0151 probl\u00e9m\u00e1k manifeszt\u00e1l\u00f3dtak cs\u00fanya pofonokban, az most mindegy. A l\u00e9nyeg, hogy k\u00f6zben a kupasorozatokban eg\u00e9szen m\u00e1shogy alakultak a dolgok.\r\n\r\nAz Inter romm\u00e1 verte a Milant az Olasz Szuperkup\u00e1\u00e9rt (3-0), a Coppa Itali\u00e1b\u00f3l pedig az Atalant\u00e1t, majd a Juventust is kiejtette, m\u00e9ghozz\u00e1 els\u0151sorban azzal a tulajdons\u00e1g\u00e1val, hogy koncentr\u00e1lt volt, kompakt \u00e9s szervezett, \u00e9s valahogy a kupasorozatokban mindig akadt legal\u00e1bb egy klasszisteljes\u00edtm\u00e9ny a csapatban.\r\n\r\n<span class=\"highlight-block\">\u00cdgy volt ez a Bajnokok Lig\u00e1j\u00e1ban is.<\/span>\r\n<h2>35 \u00e9ves csereh\u00e1tv\u00e9d a BL-d\u00f6nt\u0151ben<\/h2>\r\nA Porto elleni nyolcadd\u00f6nt\u0151ben <strong>Calhanoglu<\/strong> (a t\u00f6r\u00f6kt\u0151l ez az\u00e9rt kev\u00e9sb\u00e9 meglep\u0151, mert eg\u00e9sz \u00e9vben kiemelked\u0151en j\u00f3l teljes\u00edt) \u00e9s <strong>Bastoni<\/strong> j\u00e1tszott elk\u00e9peszt\u0151en nagy meccset, a visszav\u00e1g\u00f3n pedig csatlakozott hozz\u00e1juk <strong>Mhitarjan<\/strong> \u00e9s <strong>Acerbi<\/strong>. Ut\u00f3bbin\u00e1l \u00e1lljunk is meg egy pillanatra!\r\n\r\nAcerbi, aki ut\u00e1n szinte m\u00e9g k\u00f6ptek is egyet a Lazio szurkol\u00f3i a ny\u00e1ron, egy\u00e9rtelm\u0171en kieg\u00e9sz\u00edt\u0151 embernek, vagyis ink\u00e1bb <strong>Stefan De Vrij<\/strong> cser\u00e9j\u00e9nek \u00e9rkezett, de mire kett\u0151t pislogtunk, a holland a kispadon tal\u00e1lta mag\u00e1t, mert Acerbi \u00fagy kapkodta le a p\u00e1ly\u00e1r\u00f3l az ellenfelek centereit, mintha vil\u00e1g \u00e9let\u00e9ben ezt tette volna. A 35 \u00e9ves k\u00f6z\u00e9ph\u00e1tv\u00e9dnek kulcsszerepe volt az \u00f6sszes nagy tavaszi gy\u0151zelemben, hiszen olyan figur\u00e1kat tett zsebre, mint <strong>Osimhen<\/strong>, <strong>Vlahovic<\/strong>, <strong>Giroud<\/strong> vagy a BL-ben <strong>Taremi<\/strong> (Porto) \u00e9s <strong>Ramos<\/strong> (Benfica).\r\n\r\n[caption id=\"attachment_8892\" align=\"aligncenter\" width=\"4500\"]<img class=\"size-full wp-image-8892\" src=\"https:\/\/sport24.24.hu\/app\/uploads\/sites\/24\/2023\/05\/075_morgese-fcintern230516_npnfi.jpg\" alt=\"\" width=\"4500\" height=\"3000\" \/> Sandro Tonali \u00e9s Francesco Acerbi az FC Internazionale-ban az AC Milan ellen, az UEFA Bajnokok Lig\u00e1ja el\u0151d\u00f6nt\u0151j\u00e9ben, a Giuseppe Meazza Stadionban, 2023. m\u00e1jus 16-\u00e1n.[\/caption]\r\n\r\nA Porto kiejt\u00e9se egy\u00e9bk\u00e9nt els\u0151sorban az\u00e9rt volt komoly fegyvert\u00e9ny, mert a nyolcadd\u00f6nt\u0151k k\u00f6rny\u00e9k\u00e9n az Inter a bajnoks\u00e1gban kikapott a Spezi\u00e1t\u00f3l, majd egym\u00e1s ut\u00e1n kente el Inzaghi\u00e9k sz\u00e1j\u00e1t a Juve \u00e9s a Fiorentina \u2013 r\u00e1ad\u00e1sul mindkett\u0151 Mil\u00e1n\u00f3ban. De a kies\u00e9ses sorozatokban minden ment a maga \u00fatj\u00e1n: az Olasz Kupa el\u0151d\u00f6nt\u0151j\u00e9ben a csapat elhozott egy d\u00f6ntetlent Torin\u00f3b\u00f3l, \u00e9s m\u00e1ris j\u00f6hetett a Benfica elleni BL-negyedd\u00f6nt\u0151.\r\n\r\nA Benfic\u00e1val szemben m\u00e9g a Porto elleni teljes\u00edtm\u00e9ny\u00e9re is r\u00e1 tudott tenni az Inter, a negyedd\u00f6nt\u0151ben egym\u00e1s sark\u00e1ra taposva jelentkeztek be a j\u00e1t\u00e9kosai a meccs embere c\u00edmre. A k\u00e1pr\u00e1zatos g\u00f3lt szerz\u0151 Barella, a szint\u00e9n \u00f3ri\u00e1sit j\u00e1tsz\u00f3 Bastoni \u00e9s Onana mellett a k\u00e9nyszerb\u0151l bels\u0151 v\u00e9d\u0151t j\u00e1tsz\u00f3 Darmian is sokat tett hozz\u00e1 a m\u00e1r Lisszabonban eld\u00f6nt\u00f6tt p\u00e1rharchoz. \u00c9s hogyan \u00fcnnepelte meg a tov\u00e1bbjut\u00e1st az Inter? \u00dagy, hogy a bajnoks\u00e1gban otthon kapott ki a Monz\u00e1t\u00f3l.\r\n<h2>J\u00f3kor j\u00f6tt a cs\u00facsforma<\/h2>\r\nA Milan elleni el\u0151d\u00f6nt\u0151nek nemcsak az\u00e9rt futott neki bombafavoritk\u00e9nt az Inter, mert tavasszal k\u00e9tszer is legy\u0151zte v\u00e1rosi riv\u00e1lis\u00e1t, amelynek egy\u00e9bk\u00e9nt is igen s\u00falyos szerkezeti gondjai voltak. Hanem az\u00e9rt is, mert \u2013 szemben a bajnoki vet\u00e9lyt\u00e1rsakkal \u2013 a hajr\u00e1ra \u00fajra er\u0151re kapott, \u00e9s ez\u00fattal nemcsak a kupasorozatokban, hanem a bajnoks\u00e1gban is \u00f6ssze\u00e1lltak a dolgok.\r\n\r\nMintha csak egy minden h\u00e1jjal megkent, d\u00f6rzs\u00f6lt veter\u00e1n ir\u00e1ny\u00edtan\u00e1 a csapatot: az Inter a legjobbkor lend\u00fclt cs\u00facsform\u00e1ba. A k\u00e9t r\u00f3mai egy\u00fcttes, valamint a Milan \u00e9s a Juve m\u00e1r a t\u00e9rd\u00e9n j\u00e1r, amikor Inzaghi \u00fajra form\u00e1ba hozta <strong>Lukakut<\/strong>, ism\u00e9t hasznos tagja a csapatnak <strong>Brozovic<\/strong>, \u00e9s az Inter m\u00e1r az edz\u0151 cser\u00e9i ut\u00e1n sem hozza a fr\u00e1szt a szurkol\u00f3ira.\r\n\r\nDe a legjobbat m\u00e9g nem is mondtam. A 35 \u00e9ves Acerbir\u0151l m\u00e1r sz\u00f3ba ker\u00fclt, hogy kieg\u00e9sz\u00edt\u0151 embernek j\u00f6tt, m\u00e9gis nemhogy alapember, de kulcsfigura lett bel\u0151le. Hasonl\u00f3 a helyzet <strong>Edin Dzek\u00f3val<\/strong>, akit az id\u00e9n m\u00e1r Lukaku cser\u00e9j\u00e9nek sz\u00e1ntak, m\u00e9gis \u00e1lland\u00f3 kezd\u0151, \u00e9s kott\u00e1ra ugyanez t\u00f6rt\u00e9nik Henrih Mhitarjannal, aki Calhanoglu cser\u00e9j\u00e9nek \u00e9rkezett a ny\u00e1ron, de szinte minden meccsen p\u00e1ly\u00e1ra l\u00e9p.\r\n\r\n<span class=\"highlight-block-small\">Vicces elk\u00e9pzelni, hogy ezek a j\u00e1t\u00e9kosok BL-d\u00f6nt\u0151ben fognak j\u00e1tszani, pedig mindannyian szinte levezetni \u00e9rkeztek az Interbe.<\/span>\r\n\r\nAz meg m\u00e9g viccesebb, hogy Inzaghinak sokan a fej\u00e9t k\u00f6vetelt\u00e9k a csapat bajnoki b\u00e9n\u00e1z\u00e1s\u00e1t l\u00e1tva, erre most minden es\u00e9ly ellen\u00e9re nemcsak k\u00e9t tr\u00f3fe\u00e1t\u00f3l van egyetlen l\u00e9p\u00e9sre a csapat, hanem m\u00e1r a bajnoks\u00e1gban is biztosan a legjobb n\u00e9gy k\u00f6z\u00f6tt v\u00e9gez.","type":"rich","thumbnail_url":"https:\/\/s.24.hu\/app\/uploads\/sites\/24\/2023\/05\/inzaghi-150x150.jpg","thumbnail_width":150,"thumbnail_height":150}