{"version":"1.0","provider_name":"Sport24","provider_url":"https:\/\/sport24.24.hu","author_name":"Bruckner G\u00e1bor","author_url":"https:\/\/sport24.24.hu\/author\/brucknerg\/","title":"A magyarok cs\u00fasztak el a g\u00f6r\u00f6g\u00f6k elleni meccs el\u0151tt fellocsolt N\u00e9pstadionban","html":"\u201eR\u00e9gen k\u00eds\u00e9rt akkora vita \u00f6ssze\u00e1ll\u00edt\u00e1st, mint M\u00e9sz\u00f6ly K\u00e1lm\u00e1n sz\u00f6vets\u00e9gi kapit\u00e1ny v\u00e1ratlan d\u00f6nt\u00e9s\u00e9t. B\u00e1r m\u00e9g nem sz\u00fcletett olyan dirigens, akinek elk\u00e9pzel\u00e9seit mindenki \u00fcdv\u00f6z\u00f6lte volna, a szurkol\u00f3k (valamennyien persze csalhatatlan szak\u00e9rt\u0151k) val\u00f3s\u00e1ggal h\u00e1pogtak a nevek hallat\u00e1n\u201d \u2013 fogalmazott az olvas\u00f3k \u00e9s a sportol\u00f3k k\u00f6r\u00e9ben egyar\u00e1nt n\u00e9pszer\u0171 <strong>Szab\u00f3 Feren<\/strong>c 1983 tavasz\u00e1n a N\u00e9pszabads\u00e1gban.\r\n\r\nAz\u00e9rt \u00edrta ezt a magyar\u2013g\u00f6r\u00f6g m\u00e9rk\u0151z\u00e9s kapcs\u00e1n, mert a szakvezet\u0151 kihagyta <strong>Fazekas L\u00e1szl\u00f3t<\/strong> \u00e9s <strong>Kiss L\u00e1szl\u00f3t<\/strong>, majd \u2013 j\u00e1t\u00e9kosai k\u00e9r\u00e9s\u00e9re \u2013 fellocsoltatta a N\u00e9pstadion kisz\u00e1radt gyep\u00e9t, \u00e9s a s\u00edkos talajon a kev\u00e9ss\u00e9 fordul\u00e9kony <strong>Kocsis Istv\u00e1n<\/strong> \u00e9s <strong>Kardos J\u00f3zsef<\/strong>, az el\u0151sz\u00f6r \u00e9s utolj\u00e1ra v\u00e1logatott, m\u00e9rs\u00e9kelt k\u00e9pess\u00e9g\u0171 <strong>Jancsika K\u00e1roly<\/strong>, valamint a k\u00f6z\u00e9pp\u00e1ly\u00e1n az ugyancsak nem sprinter \u2013 sokkal ink\u00e1bb ir\u00e1ny\u00edt\u00f3 \u2013 t\u00edpus\u00fa <strong>P\u00f3czik J\u00f3zsef<\/strong>, \u00e9s a m\u00e9g n\u00e1la is finomabb technik\u00e1j\u00fa, de szint\u00e9n csup\u00e1n t\u00e1madni szeret\u0151 <strong>Ebedli Zolt\u00e1n<\/strong> mellett szinte sz\u00e1guldoztak a vend\u00e9gek.\r\n\r\nR\u00e1ad\u00e1sul <strong>Nyilasi Tibor<\/strong> hi\u00e1ba vette \u00e1t brav\u00farosan, sarokkal P\u00f3czik passz\u00e1t, \u00e9s k\u00fcldte ugyancsak eleg\u00e1ns mozdulattal a kapuba, az \u00f6tven perc m\u00falt\u00e1n 3-1-re vezet\u0151 g\u00f6r\u00f6g\u00f6k oly meggy\u0151z\u0151en nyertek 3-2-re, hogy a mind\u00f6ssze 13 800 n\u00e9z\u0151 egy r\u00e9sze\r\n\r\n<span class=\"highlight-block\">k\u00f3rusban s\u00e9rtegette Sz\u0151ke Szikla kapit\u00e1nyt.<\/span>\r\n\r\nA t\u00edz \u00e9vvel k\u00e9s\u0151bb, alig harminc\u00f6t esztend\u0151s kor\u00e1ban elhunyt <strong>Zsibor\u00e1s G\u00e1bor<\/strong> kapus mag\u00e1ba roskadt: \u201eNem hiszem el, ami t\u00f6rt\u00e9nt. Ami kapura ment, az g\u00f3l volt.\u201d Ebedli sem keresett ments\u00e9get: \u201eA g\u00f6r\u00f6g\u00f6k j\u00f6ttek, mint a veszedelem. Mi lassabbak vagyunk, sokkal lassabbak!\u201d\r\n\r\nK\u00e9ts\u00e9gtelen, az els\u0151 g\u00f3lt szerz\u0151 <strong>Nikosz Anasztopulosz<\/strong> nemegyszer \u00fagy suhant el honfit\u00e1rsaink mellett, mintha a labd\u00e1t a N\u00e9pstadion kezd\u0151k\u00f6r\u00e9be sz\u00e1ll\u00edt\u00f3 s\u00e1rk\u00e1nyrep\u00fcl\u0151 lett volna a Rozmaring Rep\u00fcl\u0151 Klubb\u00f3l.\r\n\r\nA N\u00e9psport ekk\u00e9ppen vont m\u00e9rleget: \u201eA magyar futball \u00f3ri\u00e1si neh\u00e9zs\u00e9gekkel k\u00fczd, messze le van maradva a nemzetk\u00f6zi \u00e9lvonalt\u00f3l.\u201d A N\u00e9pszabads\u00e1g pedig megjegyezte a k\u00e9t nappal a meccs el\u0151tt <strong>Carlos Santana<\/strong> budapesti koncertj\u00e9n kikapcsol\u00f3d\u00f3 labdar\u00fag\u00f3kr\u00f3l: \u201eA magyar j\u00e1t\u00e9kosok k\u00f6z\u00fcl t\u00f6bben \u2013 fizikai adotts\u00e1gaik miatt \u2013 legf\u00f6ljebb limb\u00f3versenyen vehetn\u00e9nek r\u00e9szt.\u201d\r\n\r\nA g\u00f6r\u00f6g\u00f6k el\u0151sz\u00f6r nyertek min\u00e1lunk.\r\n\r\n[caption id=\"attachment_8861\" align=\"alignnone\" width=\"2000\"]<img class=\"size-full wp-image-8861\" src=\"https:\/\/sport24.24.hu\/app\/uploads\/sites\/24\/2023\/05\/gettyimages-1791853-2.jpg\" alt=\"\" width=\"2000\" height=\"1333\" \/> Alketasz Panaguliasz, az akkori g\u00f6r\u00f6g sz\u00f6vets\u00e9gi kapit\u00e1ny[\/caption]\r\n\r\nAzt\u00e1n harminc \u00e9ve m\u00e1sodszor. <strong>Alketasz Panaguliasz<\/strong> g\u00f6r\u00f6g sz\u00f6vets\u00e9gi kapit\u00e1ny sz\u00edvbe has\u00edt\u00f3an r\u00f6gz\u00edtette 1993 tavasz\u00e1n: \u201eA tan\u00edtv\u00e1nyok \u00fajb\u00f3l leck\u00e9t adtak tan\u00edt\u00f3iknak.\u201d\r\n\r\nA N\u00e9pszava azt d\u00f6r\u00f6gte a <strong>Sztratosz Aposztolakisz<\/strong> tizenegyes\u00e9vel elbukott vb-selejtez\u0151 (0-1) ut\u00e1n:\r\n<blockquote>Uraim! Valljuk meg \u0151szint\u00e9n, mi kell m\u00e9g ahhoz, hogy t\u00e1vozzanak? Igenis, mondjon le az MLSZ vez\u00e9rkara, dr. Laczk\u00f3 Mih\u00e1ly eln\u00f6k \u00farral az \u00e9len, Jenei Imre sz\u00f6vets\u00e9gi kapit\u00e1nnyal kar\u00f6ltve. Vegy\u00e9k tudom\u00e1sul: egyszer s mindenkorra megbuktak! V\u00e9ge! Nincs tov\u00e1bb! Ha van lelkiismeret\u00fck, t\u00e1voznak. Az\u00e9rt is, hogy higgy\u00fck, legal\u00e1bb ennyi tisztess\u00e9g van \u00f6n\u00f6kben.<\/blockquote>\r\n<div class=\"payable-content-section\"><\/div>\r\nA baloldali lapban <strong>Ballai Attila<\/strong> hozz\u00e1tette: \u201eEszembe jutott <strong>Fodor Imre<\/strong> \u00e9s a Nemzeti Sport felm\u00e9r\u00e9se, mely szerint az FTC k\u00f6z\u00e9pp\u00e1ly\u00e1sa a Kispest elleni rangad\u00f3n 4825 m\u00e9tert futott. Az olasz koll\u00e9g\u00e1k a k\u00f6zelm\u00faltban a Milan j\u00e1t\u00e9kos\u00e1t, <strong>Demetrio Albertinit<\/strong> tesztelt\u00e9k. A v\u00e9g\u00f6sszeg ott valamivel 12 000 m\u00e9ter f\u00f6l\u00e9 emelkedett. J\u00e1t\u00e9kosonk\u00e9nt h\u00e9tezer m\u00e9ter k\u00fcl\u00f6nbs\u00e9g, az a k\u00f6z\u00e9pp\u00e1ly\u00e1n \u00f6sszesen 28-35 kilom\u00e9ter.\u201d\r\n\r\nJenei enn\u00e9l m\u00e1r j\u00f3 ideje k\u00f6zelebb volt a lemond\u00e1shoz. Pedig amikor j\u00f6tt \u2013 a szomsz\u00e9db\u00f3l, Nagyv\u00e1radr\u00f3l \u2013, azt mondta <strong>Lakat T. K\u00e1rolynak<\/strong> \u00e9s nekem 1992 elej\u00e9n, egy h\u00e1rmas besz\u00e9lget\u00e9s alkalm\u00e1val: \u201eOlyan hely m\u00e9g nem volt, ahol Jenei Imre ne hagyta volna ott a keze nyom\u00e1t.\u201d\r\n\r\nN\u00e9h\u00e1ny h\u00f3nappal k\u00e9s\u0151bb, a viszonylag szoros sv\u00e9d\u2013magyar (2-1) ut\u00e1n rezign\u00e1ltan jegyezte meg Stockholmban: \u201eMintha itt sem lenn\u00e9k.\u201d\r\n\r\nAzt\u00e1n majd egy \u00e9vig maradt m\u00e9g, s\u0151t az MLSZ el\u00f6lj\u00e1r\u00f3i 1993-ban sem akart\u00e1k elfogadni a lemond\u00e1s\u00e1t. \u00c1m hajthatatlan volt, ez\u00e9rt\r\n\r\n<span class=\"highlight-block-small\">a sz\u00f6vets\u00e9g vez\u00e9rkara n\u00e9gy m\u00e9rk\u0151z\u00e9sre beiktatta <strong>Pusk\u00e1s Ferencet<\/strong> a v\u00e1logatott szakvezet\u0151j\u00e9nek.<\/span>\r\n\r\nA legh\u00edresebb magyar sem lelkendezett: \u201eElv\u00e1llaltam \u2013 mondta \u2013, de hogy mi\u00e9rt, azt nem tudom.\u201d\r\n\r\nA N\u00e9psportot m\u00e1r ism\u00e9t Nemzeti Sportnak h\u00edvt\u00e1k, \u00e9s a r\u00e9gi-\u00faj lap azt jelentette a 0-1-es magyar\u2013g\u00f6r\u00f6g tal\u00e1lkoz\u00f3r\u00f3l: \u201e90. perc. V\u00e9ge. V\u00e9g\u00fcnk.\u201d Tov\u00e1bbi lakonikus meg\u00e1llap\u00edt\u00e1sa az volt: \u201eTeljes cs\u0151d.\u201d\r\n\r\nEgy m\u00e1sik org\u00e1num m\u00e9g ann\u00e1l is jobban blam\u00e1lta mag\u00e1t, mint a vend\u00e9gl\u00e1t\u00f3 v\u00e1logatott, amelynek tagjait a \u201eg\u00f6r\u00f6g trag\u00e9dia\u201d ut\u00e1n \u00edgy \u00e9rt\u00e9kelte (1-t\u0151l 10-ig) a sport\u00fajs\u00e1g: <strong>Petry<\/strong> 5 \u2013 <strong>Cs\u00e1bi<\/strong> 5, <strong>Telek<\/strong> 4, <strong>Disztl L\u00e1szl\u00f3<\/strong> 4 (<strong>Nagy Tibor<\/strong> 4), <strong>Dur\u00f3<\/strong> 4 \u2013 <strong>Pisont<\/strong> 4 (<strong>Balog Tibor<\/strong> 0), <strong>Urb\u00e1n<\/strong> 4, <strong>D\u00e9t\u00e1ri<\/strong> 5, <strong>Eszenyi<\/strong> 4 \u2013 <strong>Kiprich<\/strong> 5, <strong>Kov\u00e1cs K\u00e1lm\u00e1n<\/strong> 4. A lapt\u00e1rs a m\u00e9rk\u0151z\u00e9s beharangoz\u00f3j\u00e1ban ekk\u00e9ppen jelentette meg a g\u00f6r\u00f6g\u00f6k \u00f6ssze\u00e1ll\u00edt\u00e1s\u00e1t: Jorgosz \u2013 Sztratosz, Szteliosz, Tanasszisz \u2013 Teodorosz, Panajotisz, Jorgosz, Tasszosz, Nikosz \u2013 Vaszilisz, Jorgosz.\r\n\r\nAzaz \u2013 nem vicc \u2013 csupa keresztnevet tett k\u00f6zz\u00e9. Az ember elt\u0171n\u0151d\u00f6tt, mi\u00e9rt nem honfit\u00e1rsaink kezd\u0151 tizenegy\u00e9t k\u00f6z\u00f6lte ily bens\u0151s\u00e9gesen: Zsolt \u2013 J\u00f3zsef, Andr\u00e1s, L\u00e1szl\u00f3, J\u00f3zsef \u2013 Istv\u00e1n, Fl\u00f3ri\u00e1n, Lajos, D\u00e9nes \u2013 J\u00f3zsef, K\u00e1lm\u00e1n, ha m\u00e1r...\r\n\r\nA vb-selejtez\u0151kr\u0151l \u00fagy sem siker\u00fclt tov\u00e1bbjutni, hogy a FIFA akcept\u00e1lta a d\u00e9lszl\u00e1v h\u00e1bor\u00fa miatti ENSZ-szankci\u00f3kat, \u00e9s kiz\u00e1rta Jugoszl\u00e1vi\u00e1t a \u201emagyar\u201d csoportb\u00f3l.\r\n\r\nPusk\u00e1s n\u00e9gy meccse szint\u00e9n nem alakult k\u00fcl\u00f6n\u00f6sebben f\u00e9nyesen: itthon 0-2 Sv\u00e9dorsz\u00e1g, Moszkv\u00e1ban 0-3 Oroszorsz\u00e1g, Reykjav\u00edkban 0-2 Izland ellen, az ut\u00f3bbi el\u0151tt viszont \u2013 0-2-es f\u00e9lid\u0151 ut\u00e1n \u2013 felfoghatatlan ford\u00edt\u00e1s Dublinban az \u00edrekkel szemben (4-2). A h\u00e1zigazd\u00e1k sz\u00f6vets\u00e9gi kapit\u00e1nya 1966 angol vil\u00e1gbajnoka, <strong>Jack Charlton<\/strong> volt, akit a bemutat\u00e1sn\u00e1l \u00f3ri\u00e1si ov\u00e1ci\u00f3val k\u00f6sz\u00f6nt\u00f6tt a Lansdowne Road k\u00f6z\u00f6ns\u00e9ge, \u00e1m a tombol\u00e1s m\u00e9rt\u00e9ke meg sem k\u00f6zel\u00edtette a \u201eFerenc Puszk\u00e1sz\u201d nev\u00e9nek felhangz\u00e1sakor hallhat\u00f3 hangrobban\u00e1s\u00e9t. Az \u00edr publikum legal\u00e1bb \u00f6t percig fel\u00e1llva tapsolta \u00e9s \u00e9ljenezte a beugr\u00f3 szakvezet\u0151t.\r\n\r\nA nemzet ikonj\u00e1t Izland ut\u00e1n <strong>Verebes J\u00f3zsef<\/strong> v\u00e1ltotta, de a k\u00f6vetkez\u0151 \u00e9v j\u00fanius\u00e1ban \u0151 is tov\u00e1bb \u00e1llt, mivel 1994 ugyancsak keser\u0171 tavasz\u00e1n k\u00e9t d\u00f6ntetlent \u00e9s hat veres\u00e9get sz\u00e1ml\u00e1lt a v\u00e1logatott.\r\n\r\n<strong>Szigethy Andr\u00e1s<\/strong> m\u00e1r a Steau\u00e1t 1986-ban BEK-diadalra vezet\u0151 Jenei magyar kapit\u00e1nys\u00e1ga idej\u00e9n arr\u00f3l cikkezett a N\u00e9pszabads\u00e1gban:\r\n<blockquote>\u00dagy l\u00e1tszik, n\u00e1lunk nem j\u00f6het olyan rendszer, amely a labdar\u00fag\u00e1sb\u00f3l \u00e9l\u0151ket r\u00e1 tudn\u00e1 k\u00e9nyszer\u00edteni, hogy v\u00e9gre \u00e9szrevegy\u00e9k, teljes\u00edtm\u00e9nyelv\u0171 t\u00e1rsadalomban \u00e9l\u00fcnk. Vagy lehet, hogy \u0151k az okosabbak, \u00e9s jobban tudj\u00e1k b\u00e1rki m\u00e1sn\u00e1l, hol \u00e9l\u00fcnk?<\/blockquote>\r\nAz NB I mez\u0151ny\u00e9nek t\u00falnyom\u00f3 r\u00e9sz\u00e9n v\u00e9gig tekintve, ez ma is \u00e9rv\u00e9nyesnek tetszik. S\u0151t.\r\n\r\n[prefabricated_shortcode in_app=\"0\" code=\"%3Cdiv%20class%3D%22article_box_border%22%20style%3D%22background%3A%20url%28%27https%3A%2F%2F24.p3k.hu%2Fapp%2Fuploads%2Fsites%2F24%2F2021%2F05%2Fsport24-pattern.png%27%29%20no-repeat%20left%20-16px%20%23f3f3f4%3B%20border%3A%20none%3B%22%3E%0D%0A%3Cdiv%20class%3D%22article_solidheader%22%3E%0D%0A%3Ch2%20style%3D%22color%3A%20%23111115%21important%3B%20font-size%3A%2036px%3B%20font-weight%3A%20bold%3B%20margin-bottom%3A%2030px%3B%20margin-top%3A%2020px%3B%20text-align%3A%20center%3B%20line-height%3A%2036px%3B%22%3E%3Cimg%20class%3D%22aligncenter%20size-full%20wp-image-141%22%20src%3D%22https%3A%2F%2F24.p3k.hu%2Fapp%2Fuploads%2Fsites%2F24%2F2021%2F05%2Fs24-logo-dt.png%22%20alt%3D%22%22%20width%3D%22408%22%20height%3D%2290%22%20%2F%3E%3C%2Fh2%3E%0D%0A%3Ch2%20style%3D%22color%3A%20%23111115%21important%3B%20font-size%3A%2036px%3B%20font-weight%3A%20bold%3B%20margin-bottom%3A%2030px%3B%20margin-top%3A%2020px%3B%20text-align%3A%20center%3B%20line-height%3A%2040px%3B%22%3ECsatlakozz%20a%20Sport24%20k%C3%B6z%C3%B6ss%C3%A9ghez%2C%20mondd%20el%20v%C3%A9lem%C3%A9nyedet%20z%C3%A1rt%20Facebook-csoportunkban%2C%20%C3%A9s%20vegy%C3%A9l%20r%C3%A9szt%20csak%20el%C5%91fizet%C5%91knek%20el%C3%A9rhet%C5%91%20exkluz%C3%ADv%20esem%C3%A9nyeinken.%3C%2Fh2%3E%0D%0A%3C%2Fdiv%3E%0D%0A%3Cp%20style%3D%22background%3A%20%2357A600%3B%20margin-top%3A%2020px%3B%20padding%3A%2020px%3B%20text-align%3A%20center%3B%22%3E%3Ca%20style%3D%22color%3A%20%23ffffff%3B%20font-size%3A%2026px%3B%20font-weight%3A%20600%3B%22%20href%3D%22https%3A%2F%2Fwww.facebook.com%2Fgroups%2F212344460412327%22%3ECSATLAKOZOM%3C%2Fa%3E%3C%2Fp%3E%0D%0A%0D%0A%3C%2Fdiv%3E\"]","type":"rich","thumbnail_url":"https:\/\/s.24.hu\/app\/uploads\/sites\/24\/2023\/05\/gettyimages-1228693-2-150x150.jpg","thumbnail_width":150,"thumbnail_height":150}