{"version":"1.0","provider_name":"Sport24","provider_url":"https:\/\/sport24.24.hu","author_name":"Pinc\u00e9si L\u00e1szl\u00f3","author_url":"https:\/\/sport24.24.hu\/author\/pincesil\/","title":"Nem ilyen b\u00facs\u00fat \u00e9rdemelne a h\u00e9tszeres bajnok elviselhetetlen\u00fcl irrit\u00e1l\u00f3 eln\u00f6ke","html":"Amikor 2022 december\u00e9ben a Lyont felv\u00e1s\u00e1rolta az amerikai befektet\u0151i csoport, tudni lehetett, hogy v\u00e1ltoz\u00e1sok lesznek. A Lyon eredm\u00e9nyei nem voltak ragyog\u00f3ak (jelenleg is a 7. helyen \u00e1ll), az \u00faj tulajdonos, John Textor pedig pedzegetni kezdte, hogy szeretn\u00e9 \u00e1tstruktur\u00e1lni a szervezetet, ami h\u00e9tk\u00f6znapi nyelven le\u00e9p\u00edt\u00e9seket jelent. Arra viszont senki nem sz\u00e1m\u00edtott, hogy az \u00e9vtizedek \u00f3ta eln\u00f6k\u00f6sk\u00f6d\u0151 \u00e9s a felv\u00e1s\u00e1rl\u00e1s ut\u00e1n tov\u00e1bbi 3 \u00e9vig megtartani k\u00edv\u00e1nt Jean-Michel Aulast p\u00e1r h\u00f3napra r\u00e1 el fogj\u00e1k t\u00e1vol\u00edtani a hely\u00e9r\u0151l.\r\n<blockquote class=\"twitter-tweet\">\r\n<p dir=\"ltr\" lang=\"fr\">Communiqu\u00e9 de presse : John Textor devient Pr\u00e9sident-Directeur g\u00e9n\u00e9ral. Jean-Michel Aulas sera nomm\u00e9 Pr\u00e9sident d\u2019honneur.<\/p>\r\nOL Groupe remercie tr\u00e8s sinc\u00e8rement Jean-Michel Aulas pour son engagement et son d\u00e9vouement sans r\u00e9serve envers l\u2019Olympique Lyonnais<a href=\"https:\/\/t.co\/nT8k5zve1j\">https:\/\/t.co\/nT8k5zve1j<\/a>\r\n\r\n\u2014 Olympique Lyonnais (@OL) <a href=\"https:\/\/twitter.com\/OL\/status\/1655479304711553031?ref_src=twsrc%5Etfw\">May 8, 2023<\/a><\/blockquote>\r\n<script async src=\"https:\/\/platform.twitter.com\/widgets.js\" charset=\"utf-8\"><\/script>\r\n\r\nAulas t\u00e1voz\u00e1s\u00e1val nem egy \u00faj fejezet kezd\u0151dik a Lyon \u00e9let\u00e9ben, hanem maga a t\u00f6rt\u00e9nelemk\u00f6nyv csuk\u00f3dik be. A sportvezet\u0151t 2021-ben minden id\u0151k legjobb francia klubeln\u00f6k\u00e9nek <a href=\"https:\/\/www.lyonmag.com\/article\/114524\/ol-jean-michel-aulas-elu-meilleur-president-de-l-histoire-du-foot-francais\">v\u00e1lasztotta<\/a> az Aranylabd\u00e1t is oda\u00edt\u00e9l\u0151 France Football. Hosszabban eln\u00f6k\u00f6sk\u00f6d\u00f6tt, mint a v\u00e1ros legtov\u00e1bb hivatalban maradt polg\u00e1rmestere, <strong>Edouard Herriot<\/strong> (1905-1940).\r\n\r\n36 \u00e9ves vezet\u00e9se alatt felrakta Lyont a t\u00e9rk\u00e9pre, vagy ahogy egy volt j\u00e1t\u00e9kosa, Gilles Rousset <a href=\"https:\/\/www.sofoot.com\/articles\/le-president-aulas-raconte-par-ceux-qui-lont-connu\">mondta r\u00f3la<\/a>:\r\n<blockquote>Aulasnak k\u00f6sz\u00f6nhet\u0151, hogy a Lyon a sport\u00e9let sz\u00edve lett. Kor\u00e1bban Lyon csak egy pisisz\u00fcnet volt azoknak, akik kocsival indultak d\u00e9lre nyaralni. \u00c9n toulonik\u00e9nt ak\u00e1rh\u00e1nyszor \u00e1tmentem rajta, mindig arra gondoltam: mi ez a szar v\u00e1ros?<\/blockquote>\r\n\u00c9vekig magas szinten k\u00e9zilabd\u00e1zott, m\u00e9g a francia els\u0151 oszt\u00e1lyban is j\u00e1tszott. Sz\u00fclei irodalom- \u00e9s matematika tan\u00e1rok voltak, \u0151 maga informatik\u00e1t tanult. Ha minden \u00edgy marad, tal\u00e1n megel\u00e9gedett volna a k\u00f6nyvel\u0151szoftvereket \u00e1rul\u00f3 c\u00e9ge (Cegid) vezet\u00e9s\u00e9vel, \u00e1m a nyolcvanas \u00e9vek v\u00e9g\u00e9n egy bizonyos <a href=\"https:\/\/sport24.24.hu\/foci\/2021\/10\/07\/julien-sorel-es-monte-cristo-grofja-egy-szemelyben-o-volt-bernard-tapie\/\"><strong>Bernard Tapie<\/strong><\/a> megh\u00edvta a saj\u00e1t maga \u00e1ltal vezetett Ambitions c\u00edm\u0171 telev\u00edzi\u00f3s m\u0171sorba, ahol \u00fagy mutatta be, mint a k\u00f6vetkez\u0151 v\u00e1llalatvez\u00e9rek gener\u00e1ci\u00f3j\u00e1nak legnagyobb tehets\u00e9g\u00e9t.\r\n\r\nTapie a felv\u00e9tel ut\u00e1n megs\u00fagta Aulasnak, hogy \u00e1t kellene vennie a helyi csapatot, amely akkoriban a m\u00e1sodoszt\u00e1lyban verg\u0151d\u00f6tt \u00e9s mind\u00f6ssze h\u00e1rom Francia-kup\u00e1t nyert. \u0150 pedig fejest ugrott.\r\n\r\nA m\u00e1sodik \u00e9vre a Lyon felm\u00e1szott az \u00e9lvonalba, 1991-re bejutott egy eur\u00f3pai kupasorozatba, 2001-re Ligakup\u00e1t nyert, 2010-ben \u00e9s 2020-ban pedig el\u0151d\u00f6nt\u0151t j\u00e1tszott a Bajnokok Lig\u00e1j\u00e1ban. A f\u00e9rfi csapat a 2000-es \u00e9vekben h\u00e9t bajnoki c\u00edmet nyert, a n\u0151i pedig m\u00e9g \u0151ket is t\u00falsz\u00e1rnyalta: 15 bajnoki c\u00edme mell\u00e9 8 Bajnokok Lig\u00e1j\u00e1t szerzett. Hogy mennyire volt h\u00e1l\u00e1s a mentor\u00e1nak tartott Tapie-nak, j\u00f3l mutatja, hogyan \u00e9rz\u00e9keny\u00fclt el, amikor a haldokl\u00f3 \u00e9s rekedt hang\u00fa Tapie egy r\u00f6vid dics\u00e9ret ut\u00e1n azzal z\u00e1rja a mondand\u00f3j\u00e1t: \u201eSzeretlek\u201d.\r\n<blockquote class=\"twitter-tweet\">\r\n<p dir=\"ltr\" lang=\"fr\">Impossible d\u2019oublier cet appel de Bernard Tapie \u00e0 Jean Michel Aulas ! Magnifique ! \ud83e\udd7a\u2764\ufe0f<\/p>\r\n(\ud83c\udfa5 <a href=\"https:\/\/twitter.com\/RMCsport?ref_src=twsrc%5Etfw\">@RMCsport<\/a>) <a href=\"https:\/\/t.co\/2EEe8PWaOe\">pic.twitter.com\/2EEe8PWaOe<\/a>\r\n\r\n\u2014 Footballogue (@Footballogue) <a href=\"https:\/\/twitter.com\/Footballogue\/status\/1655492532128579586?ref_src=twsrc%5Etfw\">May 8, 2023<\/a><\/blockquote>\r\n<script async src=\"https:\/\/platform.twitter.com\/widgets.js\" charset=\"utf-8\"><\/script>\r\n\r\nAulas a futball moderniz\u00e1ci\u00f3j\u00e1t testes\u00edtette meg Franciaorsz\u00e1gban. Megjelen\u00e9se el\u0151tt legink\u00e1bb a patron\u00e1lt kluboknak volt kult\u00far\u00e1ja: a hetvenes \u00e9vekben <strong>Roger Rocher<\/strong> volt a Saint-\u00c9tienne egyszem\u00e9lyes munk\u00e1ltat\u00f3ja, a nyolcvanas \u00e9vek z\u00f6me <strong>Claude Bez<\/strong> Bordeaux-j\u00e1r\u00f3l sz\u00f3lt, az \u00e9vtized fordul\u00f3j\u00e1t pedig Bernard Tapie \u00e9s az Olympique Marseille hat\u00e1rozta meg. A h\u00e1rom eln\u00f6kben az volt a k\u00f6z\u00f6s, hogy t\u00e1voz\u00e1sukhoz valamilyen korrupci\u00f3s \u00fcgy vagy jogi perpatvar vezetett.\r\n\r\n<span class=\"highlight-block-small\">Aulas viszont t\u00falmutatott a csal\u00e1dias, sz\u0171k k\u00f6r\u0171, nepotista futballklub keretein. Az els\u0151 eln\u00f6k volt, aki \u00fagy tekintett a klubj\u00e1ra, mint egy v\u00e1llalatra, annak minden j\u00f3 \u00e9s rossz oldal\u00e1val egy\u00fctt.<\/span>\r\n\r\nEl\u0151deihez hasonl\u00f3an nem szerette kiadni a kontrollt a kez\u00e9b\u0151l. \u201eBoldogan adok b\u00e1rmit, eg\u00e9szen addig, am\u00edg nyersz\u201d \u2013 volt az egyik nagy mond\u00e1sa. Emiatt sok\u00e1ig \u00fagy t\u0171nt, hogy l\u00e1tni sem akart olyan szakembert a k\u00f6zel\u00e9ben, aki n\u00e1la is nagyobbra n\u0151hetett volna. Aulas \u00f3dzkodott a nem francia anyanyelv\u0171 szakemberekt\u0151l \u00e9s csak olyan embereket b\u00edzott meg, akiket k\u00f6zel tudott tartani mag\u00e1hoz <strong>(Jacques Santini, Alain Perrin, R\u00e9mi Garde, G\u00e9rard Houllier, Hubert Fournier, Bruno G\u00e9n\u00e9sio).<\/strong> Amikor kicsit er\u0151sebb szem\u00e9lyis\u00e9gekkel kellett dolgoznia <strong>(Claude Puel<\/strong> vagy <strong>Juninho),<\/strong> annak sosem lett j\u00f3 v\u00e9ge. Mivel a nap v\u00e9g\u00e9n csak neki lehetett igaza, a t\u00e9ved\u00e9sek is \u00e1ltal\u00e1ban r\u00e1 hullottak vissza.\r\n<div class=\"payable-content-section\"><\/div>\r\nEz a g\u0151g volt az egyik legfontosabb von\u00e1sa. B\u00e1rmi is t\u00f6rt\u00e9nt a Lyonnal, Aulas mindig megtal\u00e1lta azt a kateg\u00f3ri\u00e1t, amiben a csapata volt a legjobb: amikor a helyi riv\u00e1lis Saint-\u00c9tienne ellen kikaptak hazai p\u00e1ly\u00e1n, az ultr\u00e1k el\u00e9 \u00e1llva <a href=\"https:\/\/twitter.com\/StopTheseGones2\/status\/1655480216112840704\">azt kiab\u00e1lta<\/a>, hogy\r\n<blockquote>Mi a Bajnokok Lig\u00e1j\u00e1ban indulunk. \u0150k olyat csak a Playstation\u00f6n kereszt\u00fcl l\u00e1tnak!<\/blockquote>\r\nHa a klubn\u00e1l megcsappantak a sportsikerek, a gazdas\u00e1gi eredm\u00e9nyeket dombor\u00edtotta ki, ami miatt a csapat meg is kapta az EBIDTA FC g\u00fanynevet.\r\n\r\nAulas t\u00f6bbet kommunik\u00e1lt, mint m\u00e1s eln\u00f6k\u00f6k. Saj\u00e1t Twitter-fi\u00f3kja volt, ahol b\u00e1rmikor \u00e9rkezhetett t\u0151le egy \u00fct\u0151s sor vagy egy cinkel\u00e9s. Ha nyertek, az vil\u00e1grasz\u00f3l\u00f3 siker volt, ha viszont vesztettek, akkor a beteljes\u00fcl\u00e9s \u00fatj\u00e1ba a b\u00edr\u00f3k, a szurkol\u00f3k, a bolsevista miniszter, a gyepsz\u0151nyeg, a m\u00e9dia vagy a doppingol\u00f3 ellenf\u00e9l rond\u00edtott bele. A folyamatos \u00e1ldozati szerep egy ponton t\u00fal m\u00e1r a vissz\u00e1j\u00e1ra fordult. A Lyonnak emiatt m\u00e1ig vegyes a meg\u00edt\u00e9l\u00e9se Franciaorsz\u00e1gban: a helyiek im\u00e1dj\u00e1k, azon t\u00fal viszont kimondottan ellenszenvesnek tal\u00e1lj\u00e1k, ami miatt a klub nem tudott a lok\u00e1lis szinten t\u00faln\u0151ni.\r\n\r\nAulas olyannyira akt\u00edv volt a Twitteren, hogy egy id\u0151 ut\u00e1n nem lehetett sz\u00e9tv\u00e1lasztani, hol \u00e9r v\u00e9get az ember \u00e9s hol kezd\u0151dik a figura. \u201eAz \u00f6lt\u00f6z\u0151ben k\u00fcl\u00f6n helye volt, a j\u00e1t\u00e9kosok \u00e9s az edz\u0151 k\u00f6z\u00f6tt\u201d \u2013 mondta r\u00f3la egy volt lyon-i j\u00e1t\u00e9kos, <strong>Francois Clerc.<\/strong> \u201eSzinte mindegyik meccs el\u0151tti besz\u00e9dn\u00e9l ott \u00fclt. Akkor avatkozott k\u00f6zbe, ha nem ment j\u00f3l a szek\u00e9r. Amit a Twitteren l\u00e1tunk r\u00f3la, az a gondolatai meghosszabb\u00edt\u00e1sa.\u201d\r\n\r\n[caption id=\"attachment_8868\" align=\"alignnone\" width=\"1600\"]<img class=\"size-full wp-image-8868\" src=\"https:\/\/sport24.24.hu\/app\/uploads\/sites\/24\/2023\/05\/benzema.jpg\" alt=\"\" width=\"1600\" height=\"1200\" \/> Karim Benzema csak F\u0151n\u00f6knek nevezte egykori eln\u00f6k\u00e9t[\/caption]\r\n\r\nAulas szuperk\u00e9pess\u00e9ge abban rejlett, hogy \u00fagy k\u00f6zel\u00edtett mindenhez, mint egy befektet\u0151. Amikor a Lyon halomra nyerte a bajnoks\u00e1gokat, \u00fagy t\u0171nt, hogy nem tudott hib\u00e1zni az \u00e1tigazol\u00e1si piacon. Ha elment egy <strong>Steve Marlet,<\/strong> j\u00f6tt egy <strong>John Carew.<\/strong> Ha t\u00e1vozott egy <strong>Mahamadou Diarra<\/strong> \u00e9s egy <strong>Mickael Essien,<\/strong> akkor a bajnoks\u00e1gban k\u00f6r\u00fcln\u00e9zve elhoztak egy <strong>Eric Abidalt, J\u00e9r\u00e9my Toulalant<\/strong> vagy egy <strong>Kim Kallstr\u00f6m\u00f6t.<\/strong> A csapat els\u0151 nagy szt\u00e1rja, <strong>Sonny Anderson<\/strong> k\u00e9tszer is g\u00f3lkir\u00e1ly lett, <strong>Juninho Pernambucano<\/strong> szinte ismeretlen\u00fcl \u00e9rkezve a klub t\u00f6rt\u00e9nelm\u00e9nek legnagyobb j\u00e1t\u00e9kosa lett, aki karrierje sor\u00e1n szerzett 100 g\u00f3lj\u00e1b\u00f3l 44-et szabadr\u00fag\u00e1sb\u00f3l l\u0151tt. Aulas zsenialit\u00e1sa nem abban rejlett, hogy a transzferekb\u0151l profitot termelt (az \u00e1tigazol\u00e1si m\u00e9rlegek ritk\u00e1n voltak pozit\u00edvak), hanem az\u00e9rt, mert v\u00e9gig versenyk\u00e9pesen tartotta a csapatot.\r\n\r\nNem meglep\u0151, hogy Aulas a liber\u00e1lis \u00e9s deregul\u00e1zott futballpiac f\u0151 v\u00e9dn\u00f6ke lett. \u201eEl kell fogadni az elitizmus egyenl\u0151tlens\u00e9g\u00e9t, mert az mindenkinek kifizet\u0151d\u0151\u201d \u2013 hangoztatta m\u00e9g akkor, amikor a francia labdar\u00fag\u00e1s \u00e9l\u00e9n j\u00e1rt, mondv\u00e1n, \u201emeg kell jutalmazni azokat a klubokat, akik beruh\u00e1znak.\u201d\r\n\r\nVezet\u00e9s\u00e9vel a Lyon \u00e9vekig a legbefoly\u00e1sosabb klubokat t\u00f6m\u00f6r\u00edt\u0151 G14 majd G18 akt\u00edv tagja volt. Mire azt\u00e1n a Lyon a 2010-es \u00e9vek m\u00e1sodik fel\u00e9re vesztett a jelent\u0151s\u00e9g\u00e9b\u0151l, a Szuperliga kezdem\u00e9nyez\u00e9sre (amelybe egyetlen francia klub se ker\u00fclt be) m\u00e1r csak annyit mondott: \u201ehidakat kell \u00e9p\u00edteni, nem falakat.\u201d\r\n\r\nA Lyon egyeduralkod\u00e1s\u00e1nak h\u00e1rom esem\u00e9ny vetett v\u00e9get.\r\n<ul>\r\n \t<li>2010-ben rekord\u00e1ron, hatalmas szerz\u0151d\u00e9ssel igazolt\u00e1k le az akkoriban szt\u00e1rnak sz\u00e1m\u00edt\u00f3 \u2013 \u00e9s a <strong>Zinedine Zidane<\/strong> ut\u00e1ni id\u0151kben csak \u00faj messi\u00e1snak tartott \u2013 <strong>Yohann Gourcuff-\u00f6t,<\/strong> aki a s\u00e9r\u00fcl\u00e9sei \u00e9s a hull\u00e1mz\u00f3 form\u00e1ja miatt m\u00e9gsem tudta megvetni a l\u00e1b\u00e1t Lyonban. Aulas az igazol\u00e1st k\u00e9s\u0151bb ipari katasztr\u00f3f\u00e1nak \u00e9s gazdas\u00e1gi balesetnek min\u0151s\u00edtette.<\/li>\r\n \t<li>2011-ben azt\u00e1n a Paris Saint-Germaint <a href=\"https:\/\/sport24.24.hu\/foci\/2023\/03\/25\/psg-sorozat-parisz-doha-nasszer-al-kelaifi-katari-emir\/\">felv\u00e1s\u00e1rolta<\/a> Katar, mik\u00f6zben a Monac\u00f3t megvette egy orosz oligarcha. \u00c9rkez\u00e9s\u00fckkel k\u00e9t mer\u0151ben er\u0151sebb versenyt\u00e1rs l\u00e9pett a piacra.<\/li>\r\n \t<li>2012-ben megkezd\u0151d\u00f6tt az \u00faj lyoni stadion, a Stade des Lumieres (szponzor\u00e1lt nev\u00e9n: Groupama Stadium) \u00e9p\u00edt\u00e9se, melynek alapk\u00f6v\u00e9t nem lesz neh\u00e9z kital\u00e1lni, <a href=\"https:\/\/www.leprogres.fr\/multimedia\/2013\/11\/12\/la-premiere-pierre-du-grand-stade-a-ete-posee\">ki rakta le<\/a>.<\/li>\r\n<\/ul>\r\nAz \u00e9vtized elej\u00e9re nem az volt a legrosszabb, hogy Lyonnak vissza kellett fognia a k\u00f6lt\u00e9seit, hanem hogy egyre t\u00f6bben elhitt\u00e9k, hogy a francia Mid\u00e1sz kir\u00e1ly m\u00e9gsem v\u00e1ltoztat mindent aranny\u00e1.\r\n\r\nEgy ilyen szerencs\u00e9tlen csillag\u00e1ll\u00e1s m\u00e9g \u00edgy sem tudta megreccsenteni a klubot, mert Aulas tem\u00e9rdek p\u00e9nzt forgatott vissza a k\u00fcl\u00f6nb\u00f6z\u0151 szakoszt\u00e1lyokba. Az akad\u00e9mia az \u00e9vek alatt olyan j\u00e1t\u00e9kosokat adott, mint <strong>Florian Maurice, Sydney Govou, Karim Benzema, Gregory Coupet, Hatem Ben Arfa, Alexandre Lacazette, Nabil F\u00e9kir, Samuel Umtiti,<\/strong> vagy az ut\u00f3bbi id\u0151kben <strong>Rayan Cherki, Amine Gouiri<\/strong> \u00e9s <strong>Maxence Caqueret.<\/strong>\r\n\r\nA n\u0151i csapat pedig olyan j\u00e1t\u00e9kosokat tudott mag\u00e1hoz vonzani, mint <strong>Hope Solo, Megan Rapinoe, Marozs\u00e1n Dzsenifer, Alex Morgan<\/strong> vagy <strong>Wendy Renard.<\/strong>\r\n\r\nAulas az ellenfelekkel val\u00f3 \u00f6n\u00e9rzeten t\u00fal egy apafigura is volt. T\u00f6bb besz\u00e1mol\u00f3 szerint is sz\u00e1mon tartotta az \u00f6sszes j\u00e1t\u00e9kosa csal\u00e1dtagjainak nev\u00e9t. Ahogy <strong>R\u00e9my Vercoutre<\/strong> fogalmazott: \u201eA sz\u00fcl\u00e9szeten el\u0151bb oda\u00e9rt a csokor, mint miel\u0151tt megsz\u00fcletett a gyereked.\u201d\r\n\r\nAmikor <strong>Claudio Cacapa<\/strong> egy meccsen les\u00e9r\u00fclt, Aulas lej\u00f6tt hozz\u00e1 az \u00f6lt\u00f6z\u0151be, hogy megnyugtassa arr\u00f3l, hogy a s\u00e9r\u00fcl\u00e9se hossza nem befoly\u00e1solja a szerz\u0151d\u00e9shosszabb\u00edt\u00e1s\u00e1t. Az egyik bajnoki \u00e9vben egy fontos gy\u0151zelem ut\u00e1n Aulas bel\u00e9pett az \u00f6lt\u00f6z\u0151be, mire a j\u00e1t\u00e9kosok skand\u00e1lva dupla b\u00f3nuszt kezdtek el k\u00f6vetelni. Aulas a k\u00f6vetkez\u0151 v\u00e1laszolta:\r\n<blockquote>Fogj\u00e1tok be! Azt akarom, hogy mindenki fogja be, \u00e9rtettem? A b\u00f3nuszt megtripl\u00e1zom!<\/blockquote>\r\n\u00c1rulkod\u00f3, hogy a b\u00facs\u00faz\u00f3 kor\u00e1bbi j\u00e1t\u00e9kosok \u00e9s j\u00e1t\u00e9kosn\u0151k szinte egy\u00f6ntet\u0171en pozit\u00edvan eml\u00e9keztek meg r\u00f3la. Egy valakinek nem siker\u00fclt: <a href=\"https:\/\/sport24.24.hu\/foci\/2022\/02\/27\/hatem-ben-arfa-portre-palyafutas\/\">Hatem Ben Arf\u00e1nak<\/a>, aki szerint Aulas <a href=\"https:\/\/twitter.com\/Footballogue\/status\/1655567666587791361\">nem fog hi\u00e1nyozni<\/a> a futballnak. Karim Benzema vele ellent\u00e9tben csak Jef\u00e9nek (f\u0151n\u00f6knek) <a href=\"https:\/\/twitter.com\/eurofootcom\/status\/1655572750822432771\">nevezte<\/a> kor\u00e1bbi eln\u00f6k\u00e9t.\r\n\r\nAulas t\u00e1voz\u00e1sa, ha nem is tragikus, de nem \u00fagy alakult, ahogy sokan elk\u00e9pzeltek volna egy ilyen \u00e9letm\u0171 ut\u00e1n. \u00datja val\u00f3sz\u00edn\u0171leg a n\u0151i labdar\u00fag\u00f3 bajnoks\u00e1g vezet\u00e9s\u00e9ghez, vagy a Francia Labdar\u00fag\u00f3 Sz\u00f6vets\u00e9g eln\u00f6ks\u00e9g\u00e9hez vezethet. A Lyon \u00faj tulajdonosa pedig professzion\u00e1lisabb toborz\u00e1sban \u00e9s m\u00e9g modernebb j\u00e1t\u00e9koskiv\u00e1laszt\u00e1sban l\u00e1tja a j\u00f6v\u0151t.\r\n\r\n<span class=\"highlight-block-small\">A Lyon egy cirka \u00e9vi 2 milli\u00f3 eur\u00f3s bev\u00e9tel\u0171 c\u00e9gb\u0151l egy \u00e9vi 310 milli\u00f3 eur\u00f3s k\u00f6lts\u00e9gvet\u00e9s\u0171 v\u00e1llalat lett \u2013 \u00faj, saj\u00e1t tulajdon\u00fa stadionnal, vil\u00e1gbajnok n\u0151i kerettel \u00e9s akad\u00e9mi\u00e1val, valamint egy t\u00f6bb mint kompetens f\u00e9rfi szakoszt\u00e1llyal.<\/span>\r\n\r\nAulas egyszerre volt mesteri, l\u00e1tnok, proakt\u00edv, melegsz\u00edv\u0171 \u00e9s elviselhetetlen\u00fcl irrit\u00e1l\u00f3 szem\u00e9lyis\u00e9g. Franciaorsz\u00e1gban lehet, hogy nem fog a legkedveltebb szem\u00e9lyis\u00e9gek k\u00f6z\u00e9 tartozni, de helyi szinten \u00f6r\u00f6kre ott fog maradni az eml\u00e9kezetekben \u00e9s elmondhatja mag\u00e1r\u00f3l, hogy egy futballj\u00e1r\u00f3l sosem jelent\u0151s v\u00e1rost felrakott Eur\u00f3pa t\u00e9rk\u00e9p\u00e9re.\r\n\r\nAhogy egy volt j\u00e1t\u00e9kosa fogalmazott: \u201eLyon, az k\u00e9t nevet jelent: <strong>Paul Bocuse-t<\/strong> \u00e9s Jean-Michel Aulas-t.\u201d","type":"rich","thumbnail_url":"https:\/\/s.24.hu\/app\/uploads\/sites\/24\/2023\/05\/aulas-150x150.jpg","thumbnail_width":150,"thumbnail_height":150}