{"version":"1.0","provider_name":"Sport24","provider_url":"https:\/\/sport24.24.hu","author_name":"Bruckner G\u00e1bor","author_url":"https:\/\/sport24.24.hu\/author\/brucknerg\/","title":"S\u00f3s \u00e9s keser\u0171: egy h\u00e9t alatt menny \u00e9s pokol a magyar\u2013szovjet Eb-negyedd\u00f6nt\u0151n","html":"Revansot venni az 1966-os vil\u00e1gbajnoks\u00e1gon elszenvedett 2-1-es veres\u00e9g\u00e9rt \u2013 ez volt a k\u00edv\u00e1nalom 1968 tavasz\u00e1n, a magyar\u2013szovjet Eb-negyedd\u00f6nt\u0151 el\u0151tt. Csakhogy a magyar labdar\u00fag\u00f3-v\u00e1logatott addig egyszer sem gy\u0151zte le Budapesten a szovjet csapatot, igaz, 1967 v\u00e9g\u00e9n az eur\u00f3pai \u00e9s vil\u00e1granglist\u00e1k 1\u20133. hely\u00e9re tett\u00e9k k\u00fcl\u00f6nb\u00f6z\u0151 f\u00f3rumokon, m\u00edg vez\u00e9ralakja, <strong>Albert Fl\u00f3ri\u00e1n<\/strong> elnyerte az Aranylabd\u00e1t.\r\n\r\nE kit\u0171n\u0151 helyzetet siker\u00fclt magyarosan megnehez\u00edteni. <strong>Csan\u00e1di \u00c1rp\u00e1d<\/strong>, a sporthivatal eln\u00f6khelyettese f\u00farni kezdte <strong>Illovszky Rudolf<\/strong> sz\u00f6vets\u00e9gi kapit\u00e1nyt,\r\n\r\n<span class=\"highlight-block\">mert m\u0171veletlennek tartotta a tr\u00e9nert. <\/span>\r\n\r\n\u00c1m a mesternek nem <strong>Petrarca<\/strong> szonettjeit kellett elemeznie, hanem sikeres csapat kialak\u00edt\u00e1sa volt a tiszte, \u00e9s abban professzor volt: dirig\u00e1l\u00e1s\u00e1val t\u00edz m\u00e9rk\u0151z\u00e9sb\u0151l nyolcat megnyert, \u00e9s csak egyet-egyet z\u00e1rt d\u00f6ntetlennel, illetve veres\u00e9ggel a v\u00e1logatott. \u00c1m, amint az edz\u0151 \u00e9rtes\u00fclt az intrik\u00e1r\u00f3l, lemondott, majd hi\u00e1ba k\u00e9rlelte kip\u00e9c\u00e9z\u0151j\u00e9n k\u00edv\u00fcl szinte mindenki m\u00e1s, nem lehetett visszatartani.\r\n\r\nR\u00e1ad\u00e1sul a k\u00e9nyszerhelyzetbe ker\u00fclt sportvezet\u00e9s a legrosszabb megold\u00e1st v\u00e1lasztotta: Csan\u00e1di felvet\u00e9s\u00e9re hazarendelte a h\u00e9t \u00e9ven \u00e1t keletn\u00e9met kapit\u00e1nyk\u00e9nt dolgoz\u00f3 <strong>S\u00f3s K\u00e1rolyt<\/strong>, aki nem akarta v\u00e1llalni a feladatot, de hatalmilag r\u00e1parancsoltak. A hossz\u00fa t\u00e1voll\u00e9t tragikomikus fejlem\u00e9nyekkel j\u00e1rt: a j\u00e1t\u00e9kosok azt vett\u00e9k \u00e9szre, hogy <strong>Solymosi Ern\u0151<\/strong> helyett a szint\u00e9n sz\u0151ke <strong>M\u00e9sz\u00f6ly K\u00e1lm\u00e1nt<\/strong> h\u00edvja Pixinek, a Titinek bec\u00e9zett <strong>G\u00f6r\u00f6cs\u00f6t<\/strong> \u201eTichynek\u201d sz\u00f3l\u00edtja, <strong>Vinkovics<\/strong> gy\u00far\u00f3t pedig \u201eSinkovicsnak\u201d nevezi a szakvezet\u0151.\r\n\r\nElkezd\u0151d\u00f6tt a vil\u00e1g legjobb v\u00e1logatottjai egyik\u00e9nek kor\u00e1ntsem szisztematikus, de ann\u00e1l hat\u00e1sosabb sz\u00e9tver\u00e9se.\r\n<div class=\"payable-content-section\"><\/div>\r\nA f\u00e9lre\u00e9rt\u00e9sek elker\u00fcl\u00e9se v\u00e9gett: m\u00e9g v\u00e9letlen\u00fcl sem akarom azt a l\u00e1tszatot kelteni, mintha S\u00f3st beoltott\u00e1k volna futball ellen. Elv\u00e9gre k\u00f6z\u00e9pfedezetk\u00e9nt 122 m\u00e9rk\u0151z\u00e9st j\u00e1tszott a k\u00e9t vil\u00e1gh\u00e1bor\u00fa k\u00f6z\u00f6tt az els\u0151 oszt\u00e1lyban \u2013 f\u0151k\u00e9nt a Vasasban \u00e9s a Nemzeti SC-ben \u2013, azt\u00e1n az \u00f6tvenes \u00e9vekben egyar\u00e1nt h\u00e1rom esztendeig az FTC-t, majd a Honv\u00e9dot ir\u00e1ny\u00edtotta edz\u0151k\u00e9nt. De a hosszas kik\u00fcldet\u00e9s miatt az edz\u0151 szinte az ismeretlenbe \u00e9rkezett haza.\r\n\r\nA kereten nem nagyon v\u00e1ltoztatott, a mez\u0151nyj\u00e1t\u00e9kosok tekintet\u00e9ben a Ferencv\u00e1ros, \u00dajpest, Vasas szenth\u00e1roms\u00e1gra \u00e9p\u00edtett. A n\u00e9vsor \u00edgy festett: <strong>Nov\u00e1k, Sz\u0171cs, R\u00e1kosi, Varga<\/strong>, Albert (mind FTC), Solymosi, G\u00f6r\u00f6cs, <strong>Fazekas, Bene, Dunai II<\/strong> (mind \u00da. D\u00f3zsa), M\u00e9sz\u00f6ly, <strong>Ih\u00e1sz, Mathesz, Farkas<\/strong> (mind Vasas). Az \u00e1szokhoz t\u00e1rs\u00edtotta a di\u00f3sgy\u0151ri <strong>Tam\u00e1s<\/strong> kapust, valamint annak k\u00e9t \u00fajonc koll\u00e9g\u00e1j\u00e1t, <strong>Fat\u00e9rt<\/strong> (Csepel) \u00e9s <strong>Szark\u00e1t<\/strong> (Szombathely), tov\u00e1bb\u00e1 megh\u00edvta a v\u00e1logatottban kor\u00e1bban szint\u00e9n nem szerepl\u0151 gy\u0151ri Keglovichot.\r\n\r\n<span class=\"highlight-block-small\">Hogy mi\u00e9rt invit\u00e1lt \u00fajonc kapusokat e nagy jelent\u0151s\u00e9g\u0171 p\u00e1ros m\u00e9rk\u0151z\u00e9sre, az rejt\u00e9ly, <\/span>\r\n\r\nde ilyesmi megesett Illovszkyval is, aki \u2013 miut\u00e1n 1971-ben k\u00f6zponti utas\u00edt\u00e1ssal k\u00f6telezt\u00e9k a visszat\u00e9r\u00e9sre a v\u00e1logatott \u00e9l\u00e9re \u2013 a sorsd\u00f6nt\u0151 magyar\u2013sv\u00e9d vb-selejtez\u0151n (3-3) az \u00fajonc <strong>Bicskei Bertalant<\/strong> \u00e1ll\u00edtotta a kapuba. Magunk k\u00f6zt mondva, nem az volt legend\u00e1s edz\u0151i p\u00e1lyafut\u00e1s\u00e1nak legkiv\u00e1l\u00f3bb \u00f6tlete.\r\n\r\nS\u00f3s pechj\u00e9re Albert a negyedd\u00f6nt\u0151 els\u0151, pesti m\u00e9rk\u0151z\u00e9se el\u0151tt megs\u00e9r\u00fclt. A \u201eCs\u00e1sz\u00e1rnak\u201d hamarosan nem csup\u00e1n a l\u00e1ba, hanem a sz\u00edve is f\u00e1jt, mert \u00fagy volt, hogy <strong>Max Urbini<\/strong>, a France Football f\u0151szerkeszt\u0151je k\u00f6zvetlen\u00fcl a m\u00e9rk\u0151z\u00e9s el\u0151tt adja \u00e1t neki az Aranylabd\u00e1t, \u00e1m amikor kider\u00fclt, hogy a center nem j\u00e1tszhat, a magyar\u2013szovjet tal\u00e1lkoz\u00f3kt\u00f3l mindig (az 1963-ban rendezett FTC\u2013Dinamo Moszkva m\u00e9rk\u0151z\u00e9s botr\u00e1nya \u00f3ta kiv\u00e1ltk\u00e9pp) tart\u00f3 p\u00e1rtvezet\u00e9s letiltotta a cerem\u00f3ni\u00e1t. Albert a meccs ut\u00e1ni banketten, a Gundel \u00e9tteremben kapta meg \u00e9lete leg\u00e9rt\u00e9kesebb elismer\u00e9seinek egyik\u00e9t. (A m\u00e1sik az 1967 elej\u00e9n zajl\u00f3 kett\u0151s jutalomj\u00e1t\u00e9ka volt a ri\u00f3i Flameng\u00f3n\u00e1l.)\r\n\r\n<strong>Mihail Jakusin<\/strong> szovjet sz\u00f6vets\u00e9gi kapit\u00e1ny k\u00f6nnyed\u00e9n elint\u00e9zte a k\u00f6z\u00e9pcsat\u00e1r hi\u00e1ny\u00e1t:\r\n<blockquote>A magyarok Albertet nem tudj\u00e1k bevetni, mi pedig azt a <strong>Szab\u00f3 J\u00f3zsefet<\/strong> n\u00e9lk\u00fcl\u00f6zz\u00fck, aki n\u00e9h\u00e1ny napja Moszkv\u00e1ban, a belg\u00e1k elleni 1-0-s meccs\u00fcnk\u00f6n a g\u00f3lt l\u0151tte az utols\u00f3 percben.<\/blockquote>\r\nJakusin a moszkvai csapatokra \u00e9p\u00edtett, keret\u00e9ben tizenegy f\u0151v\u00e1rosi labdar\u00fag\u00f3 sorakozott. K\u00f6zt\u00fck volt az \u201eorosz <strong>Pel\u00e9nek<\/strong>\u201d nevezett <strong>Eduard Sztrelcov<\/strong>, aki \u00f6t \u00e9vet t\u00f6lt\u00f6tt a Gul\u00e1gon, majd tov\u00e1bbi k\u00e9t esztendeig egy aut\u00f3gy\u00e1rban robotolt, m\u00edgnem <strong>Leonyid Brezsnyevt\u0151l<\/strong> amneszti\u00e1t kapott, \u00e9s 1965-ben visszat\u00e9rhetett a Torped\u00f3hoz, egy \u00e9vvel k\u00e9s\u0151bb a v\u00e1logatotthoz is. A nem \u00e9ppen cinege M\u00e9sz\u00f6ly azt mondta r\u00f3la: \u201eIlyen bivaly er\u0151ss\u00e9g\u0171 embert rajta k\u00edv\u00fcl nem l\u00e1ttam.\u201d\r\n\r\nAz \u00f6tven\u00f6t \u00e9ve, 1968. m\u00e1jus 4-\u00e9n megrendezett tal\u00e1lkoz\u00f3 el\u0151tt \u00f6t nappal bejelentett\u00e9k: mind a 71 556 bel\u00e9p\u0151 elkelt. Ez annyit tett, hogy\r\n\r\n<span class=\"highlight-block\">nagyj\u00e1b\u00f3l 80 ezer futballbolond ugr\u00e1lt a N\u00e9pstadionban, <\/span>\r\n\r\namikor R\u00e1kosi Gyula labd\u00e1j\u00e1t Farkas J\u00e1nos brav\u00faros oxforddal a bal sarokba tov\u00e1bb\u00edtotta.\r\n\r\n[caption id=\"attachment_8766\" align=\"aligncenter\" width=\"5646\"]<img class=\"size-full wp-image-8766\" src=\"https:\/\/sport24.24.hu\/app\/uploads\/sites\/24\/2023\/05\/fortepan_50357.jpg\" alt=\"\" width=\"5646\" height=\"3531\" \/> Nyolcvanezer n\u00e9z\u0151 volt a N\u00e9pstadionban a magyar\u2013szovjet Eb-negyedd\u00f6nt\u0151 els\u0151 m\u00e9rk\u0151z\u00e9s\u00e9n.[\/caption]\r\n\r\n[caption id=\"attachment_8767\" align=\"aligncenter\" width=\"2000\"]<img class=\"size-full wp-image-8767\" src=\"https:\/\/sport24.24.hu\/app\/uploads\/sites\/24\/2023\/05\/fortepan_50361-masolat.jpg\" alt=\"\" width=\"2000\" height=\"1262\" \/> Szemben Varga, h\u00e1ttal Farkas a 2-0-ra megnyert budapesti meccsen.[\/caption]\r\n\r\nA g\u00f3lszerz\u0151, aki a Magyar Nemzet szerint a csat\u00e1rsor legjobbja volt, azt mondta: \u201eR\u00e1kosi bead\u00e1sait m\u00e1r majdnem \u00fagy \u00e9rzem, mint k\u00e9t klubt\u00e1rsa, Albert \u00e9s Varga.\u201d\r\n\r\nAprop\u00f3: Albert hely\u00e9n \u00e9ppen Varga Zolt\u00e1n j\u00e1tszott, \u00e9s S\u00f3s a jobbsz\u00e9len felavatta az el\u0151sz\u00f6r v\u00e1logatott Fazekas L\u00e1szl\u00f3t. Am\u00fagy meg nagyon \u00f3vatos taktik\u00e1t v\u00e1lasztott s\u00f6pr\u00f6get\u0151vel (Solymosi), n\u00e9gy v\u00e9d\u0151vel (Nov\u00e1k, M\u00e9sz\u00f6ly, Sz\u0171cs, Ih\u00e1sz), k\u00e9t k\u00f6z\u00e9pp\u00e1ly\u00e1ssal (G\u00f6r\u00f6cs, R\u00e1kosi) \u00e9s h\u00e1rom csat\u00e1rral (Fazekas, Varga, Farkas).\r\n\r\nDe b\u00e1rmennyire el\u0151vigy\u00e1zatos volt is az \u00f6ssze\u00e1ll\u00edt\u00e1s, megt\u00f6rt\u00e9nt az, ami kor\u00e1bban sohasem: a magyar v\u00e1logatott k\u00e9t g\u00f3lt r\u00fagott egy meccsen a szovjet egy\u00fcttesnek. A hajr\u00e1ban megint R\u00e1kosi pr\u00f3b\u00e1lta megj\u00e1tszani Farkast, aki centikkel lek\u00e9sett az \u00e1tad\u00e1sr\u00f3l, de megzavarta <strong>Anzor Kavazasvilit<\/strong>, \u00e9s a Torpedo gr\u00faz kapus\u00e1r\u00f3l tov\u00e1bbpattan\u00f3 labd\u00e1t G\u00f6r\u00f6cs J\u00e1nos az \u00fcres h\u00e1l\u00f3ba passzolta (2-0).\r\n\r\n\u201eCsat\u00e1raink sz\u00e1zsz\u00e1zal\u00e9kosan kihaszn\u00e1lt\u00e1k a szovjet v\u00e9delem meging\u00e1sait\u201d \u2013 \u00edrta a N\u00e9psport, \u00e9s b\u00e1r minden magyar lap hangs\u00falyozta, hogy m\u00e9g nem d\u0151lt el a tov\u00e1bbjut\u00e1s, a k\u00f6zv\u00e9lem\u00e9ny biztosra vette: egy h\u00e9t m\u00falva Moszkv\u00e1ban nem t\u00f6rt\u00e9nhet dr\u00e1mai fordulat, a magyar v\u00e1logatott 1964 ut\u00e1n \u00fajra ott lesz az Eb n\u00e9gyes d\u00f6nt\u0151j\u00e9ben.\r\n\r\nCsakhogy Fat\u00e9r az els\u0151 meccsen megs\u00e9r\u00fclt, Ih\u00e1sz K\u00e1lm\u00e1nra r\u00e1talpaltak, e miatt h\u00fazta a l\u00e1b\u00e1t, igaz, Albert kezdett meggy\u00f3gyulni. S\u00f3s nem akart m\u00e9g egy \u00fajoncot avatni a kapuban, ez\u00e9rt Tam\u00e1s Gyula reaktiv\u00e1l\u00e1s\u00e1t hat\u00e1rozta el, \u00e1m a h\u00e1l\u00f3 sok\u00e1ig s\u00e9r\u00fclt \u0151re maga mondta: \u201eTeljesen v\u00e1ratlanul \u00e9rt, hogy \u00e9n kapom az 1-es mezt. T\u00e9tm\u00e9rk\u0151z\u00e9sen m\u00e1rcius 24-\u00e9n v\u00e9dtem legut\u00f3bb.\u201d\r\n\r\n<span class=\"highlight-block\">A kapit\u00e1ny m\u00e1sik gondolata sem volt jobb: <\/span>\r\n\r\np\u00f3tl\u00f3lag megh\u00edvta<strong> Komora Imr\u00e9t<\/strong>, aki addig egyszer j\u00e1tszott a v\u00e1logatottban, az 1964-es Eb-el\u0151d\u00f6nt\u0151n Madridban a spanyolok ellen, m\u00e9gpedig az\u00e9rt, hogy kikapcsolja a h\u00e1zigazd\u00e1k karmester\u00e9t, <strong>Luis Suarezt<\/strong>. <strong>Bar\u00f3ti Lajos<\/strong> szakvezet\u0151 h\u00faz\u00e1sa nem v\u00e1lt be: a spanyolok \u2013 k\u00e9tszer 15 perces hosszabb\u00edt\u00e1s ut\u00e1n \u2013 2-1-re gy\u0151ztek, \u00e9s a mez\u0151ny legjobbja Suarez volt.\r\n\r\nS\u00f3s \u00fagy okoskodott: ha Moszkv\u00e1ban beteszi Albertet, akkor kihagyja G\u00f6r\u00f6cs\u00f6t, vagyis az \u00f6t v\u00e9d\u0151 el\u0151tt k\u00e9t \u201esz\u0171r\u0151t\u201d szerepeltet, Komor\u00e1t \u00e9s R\u00e1kosit. G\u00f6r\u00f6cs\u00f6t mell\u0151zni megmagyar\u00e1zhatatlan d\u00f6nt\u00e9s volt, hiszen az \u00fajpesti dirigens \u00e9lete legjobb form\u00e1j\u00e1ban futballozott, a N\u00e9psport posztonk\u00e9nti rangsor\u00e1t 8,16-os (!) \u00e1tlagoszt\u00e1lyzattal vezette.\r\n\r\nHogy mi\u00e9rt kellett mindk\u00e9tszer \u00f6t v\u00e9d\u0151t szerepeltetni, az sem tiszta, mivel M\u00e9sz\u00f6ly \u00e9s Sz\u0171cs vil\u00e1gsz\u00ednvonalon j\u00e1tszott, Solymosit pedig azzal szek\u00edrozt\u00e1k az \u00fajpesti t\u00e1mad\u00f3 j\u00e1t\u00e9kosok: \u201ePixi, ha el\u00f6l r\u00fagunk \u00f6t g\u00f3lt, el\u00e9g lesz?\u201d\r\n\r\nSajnos a \u201ebiztos\u00edt\u00f3\u201d Solymosi \u00f6ng\u00f3lj\u00e1val minden meger\u0151ltet\u00e9s n\u00e9lk\u00fcl szerzett vezet\u00e9st a visszav\u00e1g\u00f3n a szovjet csapat, majd <strong>Murtaz Hurcilava<\/strong> el\u0151re\u00edvel\u00e9snek tetsz\u0151 szabadr\u00fag\u00e1s\u00e1t Tam\u00e1s v\u00e1ratlanul a h\u00e1l\u00f3ba engedte. A k\u00e9t potyag\u00f3l t\u00f6nkretette a magyar egy\u00fcttest, \u00e9s <strong>Anatolij Bisovec<\/strong> megadta a kegyelemd\u00f6f\u00e9st (3-0).\r\n\r\n[caption id=\"attachment_8768\" align=\"aligncenter\" width=\"5132\"]<img class=\"wp-image-8768 size-full\" src=\"https:\/\/sport24.24.hu\/app\/uploads\/sites\/24\/2023\/05\/fortepan_50359.jpg\" alt=\"\" width=\"5132\" height=\"3054\" \/> A szovjet csapat a N\u00e9pstadionban.[\/caption]\r\n\r\nA reakci\u00f3k kegyetlenek voltak, z\u00e1poroztak a ledorongol\u00f3 kritik\u00e1k. Az egyik \u00edgy sz\u00f3lt:\r\n<blockquote>Elkeser\u00edt\u0151, hogy a k\u00f6zelm\u00falt valamennyi vil\u00e1gverseny\u00e9n cs\u0151d\u00f6t mondtak kapusaink. A sv\u00e1jci vil\u00e1gbajnoks\u00e1gon, azt\u00e1n Sv\u00e9dorsz\u00e1gban \u00e9s Chil\u00e9ben Grosics, Angli\u00e1ban Szentmih\u00e1lyi \u00e9s Gelei v\u00e9tett elemi hib\u00e1t, s ezek\u00e9rt mindig hasonl\u00f3an s\u00falyos \u00e1rat kellett fizetni: kiest\u00fcnk.<\/blockquote>\r\nAz egy\u00e9ni b\u00edr\u00e1latok ekk\u00e9ppen festettek:\r\n<ul>\r\n \t<li>\u201eTam\u00e1son megl\u00e1tszott, hogy nincs j\u00e1t\u00e9kban, m\u00e9lyen tud\u00e1sa alatt szerepelt.\u201d<\/li>\r\n \t<li>\u201eSz\u0171cs egyszer\u0171en nem tudott kibontakozni.\u201d<\/li>\r\n \t<li>\u201eKomora sokat tart\u00f3zkodott l\u00e9g\u00fcres t\u00e9rben, nem fogta ember\u00e9t, lass\u00fa \u00e9s k\u00f6r\u00fclm\u00e9nyes volt.\u201d<\/li>\r\n \t<li>\u201eVarga ez\u00fattal sem tudott j\u00f3 teljes\u00edtm\u00e9nyt ny\u00fajtani, Hurcilava kit\u0171n\u0151en semleges\u00edtette.\u201d<\/li>\r\n \t<li>\u201eAlbert rendk\u00edv\u00fcl tart\u00f3zkod\u00f3an j\u00e1tszott, \u0151rz\u0151j\u00e9t\u0151l egy pillanatra sem tudott elszabadulni.\u201d<\/li>\r\n<\/ul>\r\nA N\u00e9psport egyed\u00fcl M\u00e9sz\u00f6ly teljes\u00edtm\u00e9ny\u00e9t \u00e9rt\u00e9kelte kedvez\u0151en: \u201eA magyar csapat legjobbja volt. A j\u00f3 fizikum\u00fa szovjet csat\u00e1rokkal b\u00e1tran harcolt, megel\u0151z\u0151 szerel\u00e9sei, fejj\u00e1t\u00e9ka is kit\u0171n\u0151 volt.\u201d\r\n\r\nA blam\u00e1zs ut\u00e1n S\u00f3s egyr\u00e9szt azzal v\u00e9dekezett, hogy \u201ea k\u00f6zv\u00e9lem\u00e9ny csapat\u00e1t\u201d k\u00fcldte p\u00e1ly\u00e1ra, ami \u00f6sszess\u00e9g\u00e9ben nem volt igaz, m\u00e1sr\u00e9szt arr\u00f3l besz\u00e9lt: \u201eElmaradtunk a vil\u00e1gsz\u00ednvonalt\u00f3l.\u201d\r\n\r\n<span class=\"highlight-block-small\">De \u00f6t h\u00f3nappal kor\u00e1bban \u2013 \u00e1ltal\u00e1nos nemzetk\u00f6zi meg\u00edt\u00e9l\u00e9s szerint \u2013 m\u00e9g a f\u00f6ldkereks\u00e9g k\u00f6zvetlen elitj\u00e9hez tartozott a v\u00e1logatott!<\/span>\r\n\r\n\u00dagyhogy csak a kapit\u00e1ny magyar\u00e1zkod\u00e1s\u00e1hoz hasonl\u00f3an lehetett komolyan venni a sportlap elemz\u00e9s\u00e9t: \u201e\u00c9vek \u00f3ta l\u00e9nyeg\u00e9ben becsapjuk \u00f6nmagunkat azzal, hogy \u00e9lj\u00e1t\u00e9kosaink valami k\u00fcl\u00f6nleges technik\u00e1val rendelkeznek. Ez egyszer meg\u00e9rdemelne egy alaposabb elemz\u00e9st, mert k\u00e9ts\u00e9gk\u00edv\u00fcl van \u00e9rz\u00e9k\u00fck a v\u00e1ratlan megold\u00e1sokhoz (ez nem technikai k\u00e9rd\u00e9s), n\u00e9h\u00e1nyan \u00fcgyesen cselezgetnek kis ter\u00fcleten (ez ma m\u00e1r ink\u00e1bb v\u00e9tek), de egy k\u00e9zzel meg lehet sz\u00e1molni azokat, akik \u00fagy tudnak l\u0151ni, fejelni, mint a legjobb olasz, portug\u00e1l, spanyol, angol, nyugatn\u00e9met vagy szovjet j\u00e1t\u00e9kosok. Ha pedig szorosan v\u00e9dekez\u0151, kem\u00e9ny ellenfelekkel ker\u00fcl\u00fcnk szembe, az els\u0151 negyed\u00f3ra ut\u00e1n rendszerint csupa s\u00e9rt\u0151d\u00f6tts\u00e9g a csapat.\u201d\r\n\r\nAz \u00e9v november\u00e9ben n\u00e9gy magyar labdar\u00fag\u00f3 \u2013 Albert Fl\u00f3ri\u00e1n, Farkas J\u00e1nos, Nov\u00e1k Dezs\u0151, Sz\u0171cs Lajos \u2013 alkotta a Braz\u00edlia\u2013Vil\u00e1gv\u00e1logatott ri\u00f3i g\u00e1lam\u00e9rk\u0151z\u00e9sen (2-1) az All Star Team keret\u00e9nek negyed\u00e9t.\r\n\r\n<span class=\"highlight-block\">Nem a j\u00e1t\u00e9kosgarnit\u00fara, hanem a sportvezet\u00e9s \u00e9s a kapit\u00e1ny volt n\u00edv\u00f3n aluli. <\/span>\r\n\r\nAhogyan az bebizonyosodott egy \u00e9vvel k\u00e9s\u0151bb Marseille-ben is. A magyar futball az 1969-es vb-p\u00f3tselejtez\u0151n val\u00f3ban elindult a lejt\u0151n.\r\n\r\nAmi\u00e9rt Csan\u00e1di \u00e9s S\u00f3s \u2013 akarva-akaratlanul \u2013 t\u00f6bbet tett, mintha Solymosi k\u00e9t \u00f6ng\u00f3lt r\u00fagott vagy Tam\u00e1s h\u00e1rom potyag\u00f3lt kapott volna Moszkv\u00e1ban.\r\n\r\n[prefabricated_shortcode in_app=\"0\" code=\"%3Cdiv%20class%3D%22article_box_border%22%20style%3D%22background%3A%20url%28%27https%3A%2F%2F24.p3k.hu%2Fapp%2Fuploads%2Fsites%2F24%2F2021%2F05%2Fsport24-pattern.png%27%29%20no-repeat%20left%20-16px%20%23f3f3f4%3B%20border%3A%20none%3B%22%3E%0D%0A%3Cdiv%20class%3D%22article_solidheader%22%3E%0D%0A%3Ch2%20style%3D%22color%3A%20%23111115%21important%3B%20font-size%3A%2036px%3B%20font-weight%3A%20bold%3B%20margin-bottom%3A%2030px%3B%20margin-top%3A%2020px%3B%20text-align%3A%20center%3B%20line-height%3A%2036px%3B%22%3E%3Cimg%20class%3D%22aligncenter%20size-full%20wp-image-141%22%20src%3D%22https%3A%2F%2F24.p3k.hu%2Fapp%2Fuploads%2Fsites%2F24%2F2021%2F05%2Fs24-logo-dt.png%22%20alt%3D%22%22%20width%3D%22408%22%20height%3D%2290%22%20%2F%3E%3C%2Fh2%3E%0D%0A%3Ch2%20style%3D%22color%3A%20%23111115%21important%3B%20font-size%3A%2036px%3B%20font-weight%3A%20bold%3B%20margin-bottom%3A%2030px%3B%20margin-top%3A%2020px%3B%20text-align%3A%20center%3B%20line-height%3A%2040px%3B%22%3ECsatlakozz%20a%20Sport24%20k%C3%B6z%C3%B6ss%C3%A9ghez%2C%20mondd%20el%20v%C3%A9lem%C3%A9nyedet%20z%C3%A1rt%20Facebook-csoportunkban%2C%20%C3%A9s%20vegy%C3%A9l%20r%C3%A9szt%20csak%20el%C5%91fizet%C5%91knek%20el%C3%A9rhet%C5%91%20exkluz%C3%ADv%20esem%C3%A9nyeinken.%3C%2Fh2%3E%0D%0A%3C%2Fdiv%3E%0D%0A%3Cp%20style%3D%22background%3A%20%2357A600%3B%20margin-top%3A%2020px%3B%20padding%3A%2020px%3B%20text-align%3A%20center%3B%22%3E%3Ca%20style%3D%22color%3A%20%23ffffff%3B%20font-size%3A%2026px%3B%20font-weight%3A%20600%3B%22%20href%3D%22https%3A%2F%2Fwww.facebook.com%2Fgroups%2F212344460412327%22%3ECSATLAKOZOM%3C%2Fa%3E%3C%2Fp%3E%0D%0A%0D%0A%3C%2Fdiv%3E\"]","type":"rich","thumbnail_url":"https:\/\/s.24.hu\/app\/uploads\/sites\/24\/2023\/05\/fortepan_50358-masolat-150x150.jpg","thumbnail_width":150,"thumbnail_height":150}