{"version":"1.0","provider_name":"Sport24","provider_url":"https:\/\/sport24.24.hu","author_name":"Fut\u00f3 Csaba","author_url":"https:\/\/sport24.24.hu\/author\/futocs\/","title":"Minden \u00f6sszeesk\u00fcd\u00f6tt ellene, m\u00e9gis feljutott a Sheffield United","html":"Nem mondhatni, hogy a szurkol\u00f3k k\u00f3rusban k\u00f6vetelt\u00e9k volna <strong>Paul Heckingbottom<\/strong> edz\u0151i kinevez\u00e9s\u00e9t, amikor 2021 november\u00e9ben a Sheffield United menesztette <strong>Slavisa Jokanovicot<\/strong>, akivel a csapat a tabella m\u00e1sodik fel\u00e9ben horgonyzott le a Championshipben. A szerb edz\u0151t\u0151l nem t\u0171nt t\u00fal nagy k\u00e9r\u00e9snek a visszajut\u00e1s a Premier League-be, hiszen kor\u00e1bban el\u00e9rte m\u00e1r ezt a Fulham \u00e9s a Watford edz\u0151jek\u00e9nt is, a sheffieldi kaland azonban csal\u00f3d\u00e1snak bizonyult mindk\u00e9t f\u00e9l sz\u00e1m\u00e1ra: Jokanovic azt \u00e1ll\u00edtotta, nem kapott el\u00e9g p\u00e9nzt er\u0151s\u00edt\u00e9sekre, az eredm\u00e9nyek pedig nem j\u00f6ttek. A klubvezet\u00e9s ekkor fordult a klub U21-es csapat\u00e1t vezet\u0151 Heckingbottomhoz, aki egyfel\u0151l k\u00e9zenfekv\u0151 megold\u00e1s volt, m\u00e1sfel\u0151l viszont \u00f6ssze sem lehetett hasonl\u00edtani az edz\u0151i pedigr\u00e9j\u00e9t mondjuk Jokanovic\u00e9val.\r\n\r\nPaul Heckingbottom m\u00e1sod- \u00e9s harmadoszt\u00e1lybeli klubokban t\u00f6lt\u00f6tte j\u00e1t\u00e9koskarrierje legjav\u00e1t, majd az egykori sz\u00e9ls\u0151h\u00e1tv\u00e9d a sz\u00fcl\u0151v\u00e1rosa, Barnsley fociklubj\u00e1n\u00e1l helyezkedett el edz\u0151k\u00e9nt, ahol az ut\u00e1np\u00f3tl\u00e1s-nevel\u00e9sben dolgozott. Amikor azonban \u00fcresed\u00e9s t\u00f6rt\u00e9nt a feln\u0151tt csapat kispadj\u00e1n, \u0151t b\u00edzt\u00e1k meg \u00e1tmenetileg a csapat ir\u00e1ny\u00edt\u00e1s\u00e1val, \u00e9s ez olyan j\u00f3l siker\u00fclt, hogy felvitte a Barnsleyt a Championshipbe, ezek ut\u00e1n term\u00e9szetes volt, hogy rendes szerz\u0151d\u00e9st kapjon. Heckingbottom azt\u00e1n sikerrel bent is tartotta a csapatot, \u00e1m a m\u00e1sodik szezonja k\u00f6zep\u00e9n nem tudott nemet mondani a riv\u00e1lis yorkshire-i \u00f3ri\u00e1s, a Leeds United h\u00edv\u00e1s\u00e1nak.\r\n\r\n[caption id=\"attachment_8713\" align=\"alignnone\" width=\"5751\"]<img class=\"size-full wp-image-8713\" src=\"https:\/\/sport24.24.hu\/app\/uploads\/sites\/24\/2023\/04\/paul-heckingbottom.jpg\" alt=\"\" width=\"5751\" height=\"3837\" \/> Paul Heckingbottom[\/caption]\r\n\r\nTal\u00e1n vannak, akik eml\u00e9keznek m\u00e9g r\u00e1, hogy Heckingbottom volt az az edz\u0151, akit elk\u00fcldtek az\u00e9rt, hogy a hely\u00e9re <strong>Marcelo Biels\u00e1t<\/strong> szerz\u0151dtess\u00e9k. Ebb\u0151l m\u00e1r sejthet\u0151, hogy belet\u00f6rt a bicsk\u00e1ja a feladatba, \u00e9s nem v\u00e9gz\u0151d\u00f6tt jobban a k\u00f6vetkez\u0151 megb\u00edzat\u00e1sa sem, amikor a sk\u00f3t Hibernian kispadj\u00e1r\u00f3l \u00e1ll\u00edtott\u00e1k fel id\u0151 el\u0151tt. Nem ritka, hogy egy edz\u0151nek ennyi lehet\u0151s\u00e9g jut csak, \u00e9rthet\u0151 h\u00e1t, hogy Heckingbottom sem v\u00e1rt nagyon \u00fajabb aj\u00e1nlatra, hanem elv\u00e1llalta a Sheffield United U21-es csapat\u00e1nak vezet\u00e9s\u00e9t. Ekkor a klub m\u00e1r a Premier League-ben szerepelt, \u00e1m a rendk\u00edv\u00fcl sikeres els\u0151 \u00e9v ut\u00e1n j\u00f6tt a mindig neh\u00e9z m\u00e1sodik, mely pocs\u00e9knak bizonyult, a csapat v\u00e9gig a kies\u0151 z\u00f3n\u00e1ban rostokolt, \u00e9s a kudarcba v\u00e9g\u00fcl a nem sokkal kor\u00e1bban m\u00e9g \u00fcnnepelt <strong>Chris Wilder<\/strong> is belebukott. Ez 2021 tavasz\u00e1n t\u00f6rt\u00e9nt, amikor a klubvezet\u00e9s bel\u00e1tta, az id\u00e9ny h\u00e1tral\u00e9v\u0151 meccseire m\u00e1r felesleges k\u00edv\u00fclr\u0151l edz\u0151t hozni, \u00e9s akkor k\u00e9rt\u00e9k meg el\u0151sz\u00f6r Heckingbottomot, hogy vegye \u00e1t a nagycsapat ir\u00e1ny\u00edt\u00e1s\u00e1t. Csod\u00e1t tenni \u0151 se tudott, de legal\u00e1bb az id\u00e9ny legv\u00e9g\u00e9n nyert h\u00e1rom meccset a csapat, \u00e9s\r\n\r\n<span class=\"highlight-block-small\">ugyan a k\u00f6vetkez\u0151 id\u00e9nynek Jokanoviccsal v\u00e1gtak neki a Peng\u00e9k, a vezet\u0151s\u00e9g m\u00e1r tudta, hov\u00e1 ny\u00faljon, amikor a szerb edz\u0151t lap\u00e1tra tett\u00e9k.<\/span>\r\n\r\nHeckingbottom azt\u00e1n gyorsan \u00f6sszekapta a csapatot: visszat\u00e9rt a Wilder v\u00e9djegy\u00e9nek sz\u00e1m\u00edt\u00f3, h\u00e1romv\u00e9d\u0151s fel\u00e1ll\u00e1shoz, \u00e9s felr\u00e1zta a f\u00e1sultnak t\u0171n\u0151 j\u00e1t\u00e9kosokat is. A Sheffield egym\u00e1s ut\u00e1n aratta a gy\u0151zelmeket, \u00e9s a v\u00e9g\u00e9re oda is \u00e9rt a r\u00e1j\u00e1tsz\u00e1st \u00e9r\u0151 helyek egyik\u00e9re, s\u0151t m\u00e9lt\u00f3 ellenfele volt a bombaform\u00e1ban l\u00e9v\u0151 Nottingham Forestnek is, v\u00e9g\u00fcl b\u00fcntet\u0151p\u00e1rbajra ker\u00fclt a sor, amit a Forest nyert meg. A csal\u00f3d\u00e1st azonban gyorsan kihevert\u00e9k, \u00e9s a k\u00f6vetkez\u0151 id\u00e9nyre a c\u00e9l egy\u00e9rtelm\u0171en a feljut\u00e1s volt. A ny\u00e1ron er\u0151s\u00edteni is siker\u00fclt: megvett\u00e9k a bosny\u00e1k <strong>Anel Ahmedhodzicot<\/strong> a Malm\u0151t\u0151l, k\u00f6lcs\u00f6nbe pedig t\u00f6bbek k\u00f6z\u00f6tt k\u00e9t angol ifj\u00fas\u00e1gi v\u00e1logatott tehets\u00e9g is \u00e9rkezett a Manchester Cityt\u0151l: <strong>Tommy Doyle<\/strong> \u00e9s <strong>James McAtee<\/strong>, m\u00edg az er\u0151ss\u00e9geket \u2013 f\u0151k\u00e9nt a nagy klubok \u00e1ltal is ker\u00fclgetett norv\u00e9g k\u00f6z\u00e9pp\u00e1ly\u00e1st, <strong>Sander Berg\u00e9t<\/strong> \u2013 siker\u00fclt megtartani.\r\n\r\n<img class=\"alignnone size-full wp-image-8715\" src=\"https:\/\/sport24.24.hu\/app\/uploads\/sites\/24\/2023\/04\/berge.jpg\" alt=\"\" width=\"3791\" height=\"2560\" \/>\r\n\r\nA Sheffield most j\u00f3l is kezdte a szezont, olyannyira, hogy augusztusban \u00e9s szeptemberben is Heckingbottom kapta a h\u00f3nap edz\u0151je d\u00edjat a Championshipben. Tulajdonk\u00e9ppen ez a lend\u00fcletes kezd\u00e9s volt az egyik f\u0151 ok, hogy a v\u00e9g\u00e9n siker\u00fclt a feljut\u00e1s, ugyanis ezt a form\u00e1t nem tudta k\u00e9s\u0151bb megism\u00e9telni az egyre t\u00f6bbet botladoz\u00f3 csapat. M\u00e9gis belef\u00e9rt egy-egy hull\u00e1mv\u00f6lgy, \u00e9s egy j\u00f3 k\u00f6zepes teljes\u00edtm\u00e9ny az id\u00e9ny m\u00e1sodik fel\u00e9ben pedig m\u00e1r el\u00e9g volt ahhoz, hogy ne ker\u00fclj\u00f6n vesz\u00e9lybe a szintl\u00e9p\u00e9s. M\u00e1rciusban ugyan volt egy pillanat, amikor a f\u00e9lelmetes temp\u00f3t dikt\u00e1l\u00f3 Middlesbrough h\u00e1rom pontra is megk\u00f6zel\u00edtette a csapatot, de v\u00e9g\u00fcl a Sheffieldnek siker\u00fclt jobban az \u00e1prilis, \u00e9s nem nagyon kellett izgulnia.\r\n<div class=\"payable-content-section\"><\/div>\r\nMindezt \u00fagy siker\u00fclt el\u00e9rni, hogy az id\u00e9ny k\u00f6zben l\u00e1tv\u00e1nyosan fogyni kezdett a p\u00e9nz, a sza\u00fad-ar\u00e1biai tulajdonosok pedig <a href=\"https:\/\/www.bbc.com\/sport\/football\/65234802\">vev\u0151t kerestek a klubra<\/a>. Be is jelentkezett egy nig\u00e9riai \u00fczletember, <strong>Dozy Mmobuosi<\/strong>, \u00e1m nem siker\u00fclt ny\u00e9lbe \u00fctni az \u00fczletet, \u00e9s a h\u00f3napokon \u00e1t h\u00faz\u00f3d\u00f3 sztori v\u00e9g\u00fcl eredm\u00e9nytelen\u00fcl \u00e9rt v\u00e9get. Janu\u00e1rban azt\u00e1n a klub nem tudta teljes\u00edteni a fizet\u00e9si k\u00f6telezetts\u00e9geit, ez\u00e9rt kiz\u00e1rt\u00e1k az \u00e1tigazol\u00e1sb\u00f3l, vagyis\r\n\r\n<span class=\"highlight-block-small\">a Sheffield United kimaradt a teljes \u00e9vk\u00f6zbeni \u00e1tigazol\u00e1si szezonb\u00f3l,<\/span>\r\n\r\nmik\u00f6zben a vet\u00e9lyt\u00e1rsak term\u00e9szetesen er\u0151s\u00edtettek. F\u00e9l\u0151 volt, hogy be kell \u00e1ldoznia legal\u00e1bb egy kulcsj\u00e1t\u00e9kost a klubvezet\u00e9snek (megint csak Berge j\u00f6tt sz\u00f3ba), de v\u00e9g\u00fcl nem \u00edgy t\u00f6rt\u00e9nt, \u00e9s az is er\u0151s\u00edt\u00e9snek bizonyult, hogy legal\u00e1bb nem gyeng\u00fclt a keret.\r\n\r\n[caption id=\"attachment_8714\" align=\"alignnone\" width=\"1024\"]<img class=\"size-full wp-image-8714\" src=\"https:\/\/sport24.24.hu\/app\/uploads\/sites\/24\/2023\/04\/iliman-ndiaye.jpg\" alt=\"\" width=\"1024\" height=\"683\" \/> Iliman Ndiaye[\/caption]\r\n\r\nHa a csapat er\u0151ss\u00e9geit akarn\u00e1nk sz\u00e1mba venni, akkor a szeneg\u00e1li t\u00e1mad\u00f3val, <strong>Iliman Ndiaye-jal<\/strong> kell kezdeni a sort: a 23 \u00e9ves j\u00e1t\u00e9kos m\u00e9g tin\u00e9dzserk\u00e9nt ker\u00fclt Angli\u00e1ba, a klub 2019-ben hozta el a Boreham Wood csapat\u00e1t\u00f3l. Ndiaye a tavalyi szezonban robbant be, de igaz\u00e1n id\u00e9n mutatta meg, mit tud: nemcsak \u0151 szerezte a legt\u00f6bb g\u00f3lt a csapatban, hanem a t\u00e1rsait is sokszor hozta helyzetbe, ink\u00e1bb amolyan 10-es poz\u00edci\u00f3ban j\u00e1tszva. Ahmedhodzic is bizony\u00edtotta, hogy pont egy ilyen labdabiztos, az el\u0151rej\u00e1t\u00e9kban is haszn\u00e1lhat\u00f3 k\u00f6z\u00e9ps\u0151 v\u00e9d\u0151re volt sz\u00fcks\u00e9ge a csapatnak ebben a j\u00e1t\u00e9krendszerben, amit az \u00f6t g\u00f3lja is bizony\u00edt. A k\u00f6z\u00e9pp\u00e1ly\u00e1n ez\u00fattal is az ir\u00e1ny\u00edt\u00f3 <strong>Oli Norwood<\/strong> volt a legfontosabb l\u00e1ncszem, m\u00edg Sander Berge teljes\u00edtm\u00e9ny\u00e9n megl\u00e1tszott ugyan az \u00e1tigazol\u00e1si huzavona, de a szezon els\u0151 fel\u00e9ben \u0151 is \u00e1tlag felettit ny\u00fajtott.\r\n\r\nHeckingbottom tal\u00e1n t\u00fals\u00e1gosan is ragaszkodott hozz\u00e1, illetve a harmadoszt\u00e1ly \u00f3ta a klubn\u00e1l l\u00e9v\u0151 <strong>John Fleckhez<\/strong>, \u00e9s emiatt kapta a legt\u00f6bb b\u00edr\u00e1latot, hiszen a Fleck, Berge du\u00f3 b\u00e9relt helye miatt kevesebb lehet\u0151s\u00e9g jutott a k\u00e9t manchesteri k\u00f6lcs\u00f6nj\u00e1t\u00e9kosnak. Amikor azt\u00e1n v\u00e9gre beadta a derek\u00e1t, siker\u00fclt a statikusabb, m\u00e9lyebben j\u00e1tsz\u00f3 Doyle-t \u00e9s az eleinte b\u00e1tortalannak t\u0171n\u0151 McAtee-t is be\u00e9p\u00edteni a csapatba, noha ut\u00f3bbi eleinte fizikailag nem t\u0171nt el\u00e9g er\u0151snek a Championship szigor\u00fa k\u00f6vetelm\u00e9nyeihez, most viszont m\u00e1r folyamatosan l\u00f6vi a g\u00f3lokat. A feljut\u00e1s \u00e9rt\u00e9k\u00e9t az is emeli, hogy nincs igaz\u00e1n kiemelked\u0151 befejez\u0151 csat\u00e1ra a csapatnak: <strong>Rhian Brewster<\/strong> folyton s\u00e9r\u00fclt, <strong>Billy Sharp<\/strong> m\u00e1r 37 \u00e9ves, a tin\u00e9dzser <strong>Daniel Jebbison<\/strong> pedig m\u00e9g nincs azon a szinten, hogy \u00e1lland\u00f3 kezd\u0151 legyen. \u00cdgy azt\u00e1n <strong>Oli McBurnie<\/strong>-nek kellett \u00f6sszekapnia mag\u00e1t, noha el\u0151z\u0151leg csaknem egy \u00e9ven kereszt\u00fcl k\u00e9ptelen volt g\u00f3lt szerezni. Augusztusban azonban megt\u00f6rt a j\u00e9g, \u00e9s v\u00e9g\u00fcl \u0151 lett Ndiaye legstabilabb partnere el\u00f6l, \u00e9s ebben m\u00e9g a menet k\u00f6zben zajl\u00f3 rend\u0151rs\u00e9gi \u00fcgye sem h\u00e1tr\u00e1ltatta. Az sem mell\u00e9kes, hogy a Sheffield szerezte a m\u00e1sodik legt\u00f6bb g\u00f3lt pontr\u00fag\u00e1sok k\u00f6vetkezt\u00e9ben a lig\u00e1ban az id\u00e9n, \u00e9s erre kezdett\u0151l fogva <a href=\"https:\/\/theathletic.com\/4431965\/2023\/04\/26\/how-sheffield-united-defied-the-chaos-to-win-premier-league-promotion\/\">nagy hangs\u00falyt fektetett<\/a> Heckingbottom szakmai st\u00e1bja.\r\n\r\nAz biztos viszont, hogy a Premier League-ben ez a csat\u00e1rsor m\u00e1r er\u0151s\u00edt\u00e9sre szorul, \u00e9s az is dilemma lesz, hogy Doyle-t vagy McAtee-t pr\u00f3b\u00e1lj\u00e1k-e \u00fajabb egy \u00e9vre Sheffieldben tartani, mivel egy klubt\u00f3l csak egy k\u00f6lcs\u00f6nj\u00e1t\u00e9kos \u00e9rkezhet a Premier League-ben (az felett\u00e9bb val\u00f3sz\u00edn\u0171tlen, hogy b\u00e1rmelyik\u00fcket eladn\u00e1 a Manchester City). Sz\u00f3val lesz feladata b\u0151ven a szakvezet\u00e9snek a ny\u00e1ron, az viszont val\u00f3sz\u00edn\u0171s\u00edthet\u0151, hogy a PL-tags\u00e1g \u00fajra felkelti majd a befektet\u0151k \u00e9rdekl\u0151d\u00e9s\u00e9t, \u00edgy az anyagi h\u00e1tt\u00e9r is stabiliz\u00e1l\u00f3dhat. Paul Heckingbottom teh\u00e1t bizakodva n\u00e9zhet a j\u00f6v\u0151be, a szurkol\u00f3k \u00f6r\u00f6m\u00e9t pedig csak fokozhatja, hogy k\u00e9t fordul\u00f3val a befejez\u00e9s el\u0151tt \u00fagy t\u0171nik, a nagy vet\u00e9lyt\u00e1rs, a Sheffield Wednesday pont lecs\u00faszik az egyenes\u00e1gi feljut\u00e1sr\u00f3l a harmadoszt\u00e1lyban.","type":"rich","thumbnail_url":"https:\/\/s.24.hu\/app\/uploads\/sites\/24\/2023\/04\/sheffield-150x150.jpg","thumbnail_width":150,"thumbnail_height":150}