{"version":"1.0","provider_name":"Sport24","provider_url":"https:\/\/sport24.24.hu","author_name":"Fut\u00f3 Csaba","author_url":"https:\/\/sport24.24.hu\/author\/futocs\/","title":"Mutasd a kapusod, megmondom ki vagy \u2013 kapuselemz\u00e9s az NB I-ben","html":"Az elemz\u00e9s els\u0151 r\u00e9sz\u00e9ben a v\u00e9d\u00e9sekkel foglalkozunk. A modern futballban a kapusok szerepe is megv\u00e1ltozott, fel\u00e9rt\u00e9kel\u0151d\u00f6tt, de alapvet\u0151en m\u00e9g mindig az hat\u00e1rozza meg a teljes\u00edtm\u00e9ny\u00fcket, hogy h\u00e1ny labd\u00e1t fognak meg. Ebbe az elemz\u00e9sbe csak azok a kapusok ker\u00fcltek bele, akik m\u00e1r legal\u00e1bb 900 percet (t\u00edz meccset) v\u00e9dtek az idei szezonban. Ez minden csapat eset\u00e9ben az els\u0151 sz\u00e1m\u00fa kapust jelenti, kiv\u00e9ve a Vasast, ahol <strong>Uram J\u00e1nos<\/strong> 1165, <strong>Jova Levente<\/strong> pedig 1105 percet t\u00f6lt\u00f6tt a p\u00e1ly\u00e1n eddig.\r\n\r\n<img class=\"alignnone size-full wp-image-8696\" src=\"https:\/\/sport24.24.hu\/app\/uploads\/sites\/24\/2023\/04\/1.png\" alt=\"\" width=\"2400\" height=\"1590\" \/>\r\n\r\nA csapatok st\u00edlusa miatt a kapusok helyzete elt\u00e9r. Annak az egy\u00fcttesnek, amely a meccsek nagy r\u00e9sz\u00e9ben a saj\u00e1t tizenhatosa el\u0151ter\u00e9ben v\u00e9dekezik, \u00e1lland\u00f3 nyom\u00e1s alatt van a kapuja. A kapusnak ilyenkor folyamatosan \u00e9bernek kell lennie, mert b\u00e1rmelyik pillanatban kialakulhat l\u00f6v\u0151helyzet. Annak a kapusnak viszont, amelynek a csapata birtokolja a labd\u00e1t \u00e9s t\u00f6bbnyire az ellenf\u00e9l t\u00e9rfel\u00e9n j\u00e1tszik, csak ritk\u00e1n kell k\u00f6zbeavatkoznia \u2013 igaz, ilyen helyzetben rendszerint brav\u00farra van sz\u00fcks\u00e9g t\u0151le. K\u00fcl\u00f6n\u00f6sen az el\u0151bbi t\u00edpusnak a teljes\u00edtm\u00e9nye van nagy hat\u00e1ssal az eredm\u00e9nyekre,\r\n\r\n<span class=\"highlight-block-small\">hiszen az a csapat, amelyik m\u00e9lyen a t\u00e9rfel\u00e9re visszah\u00faz\u00f3dva v\u00e9dekezik, az ink\u00e1bb az ellenf\u00e9l g\u00f3ljait akarja minimaliz\u00e1lni, nem a saj\u00e1tjait maximaliz\u00e1lni.<\/span>\r\n\r\nEzek ut\u00e1n \u00e9rdemes r\u00e1n\u00e9zni az al\u00e1bbi grafikonra. A v\u00edzszintes tengely az ellenfelek kapura tart\u00f3 l\u00f6v\u00e9seinek sz\u00e1m\u00e1t mutatja 90 percenk\u00e9nt, m\u00edg a f\u00fcgg\u0151leges tengely a kapusok v\u00e9d\u00e9si hat\u00e9konys\u00e1g\u00e1t. Ez alapj\u00e1n meg\u00e1llap\u00edthat\u00f3, hogy <strong>Varga Bence<\/strong> (Kecskem\u00e9t, 83,33 sz\u00e1zal\u00e9k), <strong>Riccardo Piscitelli<\/strong> (Mez\u0151k\u00f6vesd, 76,98 sz\u00e1zal\u00e9k) \u00e9s <strong>Dibusz D\u00e9nes<\/strong> (Ferencv\u00e1ros, 76,47 sz\u00e1zal\u00e9k) v\u00e9di a legnagyobb ar\u00e1nyban a kapuj\u00e1ra tart\u00f3 l\u00f6v\u00e9seket. <strong>Megyeri Bal\u00e1zs<\/strong> (Debrecen, 74,14 sz\u00e1zal\u00e9k), Jova Levente (Vasas, 73,21 sz\u00e1zal\u00e9k) \u00e9s Uram J\u00e1nos (Vasas, 71,67 sz\u00e1zal\u00e9k) szint\u00e9n \u00e1tlag feletti v\u00e9d\u00e9si hat\u00e9konys\u00e1ggal b\u00edr az elemz\u00e9sben r\u00e9szt vev\u0151 kapusok k\u00f6z\u00f6tt.\r\n\r\nA kapura tart\u00f3 l\u00f6v\u00e9sek sz\u00e1m\u00e1b\u00f3l az is kider\u00fcl, hogy Piscitelli, Uram \u00e9s Jova az \u00e1tlaghoz k\u00e9pest t\u00f6bb l\u00f6v\u00e9st kell, hogy h\u00e1r\u00edtson, m\u00edg Dibusz, Megyeri \u00e9s Varga az \u00e1tlaghoz k\u00e9pest kevesebbet van foglalkoztatva. Ha m\u00e1r el\u0151bb a csapatok st\u00edlus\u00e1n kereszt\u00fcl kategoriz\u00e1ltuk a kapusokat; a Vasas jelenleg az utols\u00f3 helyen \u00e1ll a bajnoks\u00e1gban, a Mez\u0151k\u00f6vesd a nyolcadik, de csak n\u00e9gy pont v\u00e1lasztja el a kies\u0151z\u00f3n\u00e1t\u00f3l. Ezzel szemben a Ferencv\u00e1ros listavezet\u0151, a Kecskem\u00e9t a m\u00e1sodik, a Debrecen pedig a negyedik.\r\n\r\n<img class=\"alignnone size-full wp-image-8697\" src=\"https:\/\/sport24.24.hu\/app\/uploads\/sites\/24\/2023\/04\/2.png\" alt=\"\" width=\"2400\" height=\"1590\" \/>\r\n\r\nM\u00e1r ebb\u0151l is egy\u00e9rtelm\u0171en l\u00e1tszik, hogy kik az NB I legjobb kapusai, de eset\u00fckben fontos megn\u00e9zni azt is, hogy h\u00e1ny g\u00f3lt\u00f3l mentett\u00e9k meg a csapatukat. Ezt \u00fagy lehet meghat\u00e1rozni, hogy az ellenfelek kapura tart\u00f3 l\u00f6v\u00e9seinek min\u0151s\u00e9g\u00e9b\u0151l (xGOT) kivonjuk a t\u00e9nylegesen kapott g\u00f3lok sz\u00e1m\u00e1t. Ha ezut\u00e1n valakinek az \u00e9rt\u00e9ke pluszban van, az azt jelenti, hogy kevesebb g\u00f3lt kapott, mint ami a l\u00f6v\u00e9sek min\u0151s\u00e9g\u00e9b\u0151l k\u00f6vetkezett volna, ha pedig m\u00ednuszban, akkor t\u00f6bbet.\r\n<div class=\"payable-content-section\"><\/div>\r\nEzt a mutat\u00f3t vizsg\u00e1lva is ugyanazok a kapusok vannak el\u0151l. A Piscitelli kapuj\u00e1ra tart\u00f3 l\u00f6v\u00e9sek 39,72 g\u00f3lra voltak elegend\u0151k, ehhez k\u00e9pest a Mez\u0151k\u00f6vesd kapusa csak 32 g\u00f3lt kapott. Dibusz kapuj\u00e1t 31,62-es xGOT mellett 24-szer vett\u00e9k be, m\u00edg Varga 6,98 g\u00f3llal kapott kevesebbet (15), mint amennyi az ellenfelek l\u00f6v\u00e9seinek min\u0151s\u00e9g\u00e9b\u0151l (21,98) k\u00f6vetkezett volna. A Zalaegerszeg kapusa, <strong>Demj\u00e9n Patrik<\/strong> szint\u00e9n kiemelked\u0151 ebben a mutat\u00f3ban, az \u0151 kapuj\u00e1ra tart\u00f3 l\u00f6v\u00e9sek xGOT-ja 42,59 volt, mik\u00f6zben csak 36 g\u00f3lt kapott. Rajtuk k\u00edv\u00fcl m\u00e9g Megyeri \u00e9s <strong>Kov\u00e1cs D\u00e1niel<\/strong> (Feh\u00e9rv\u00e1r) azok, akik az ellenfelek l\u00f6v\u00e9seinek min\u0151s\u00e9g\u00e9hez k\u00e9pest kevesebb g\u00f3lt kaptak.\r\n\r\n<img class=\"alignnone size-full wp-image-8698\" src=\"https:\/\/sport24.24.hu\/app\/uploads\/sites\/24\/2023\/04\/3.png\" alt=\"\" width=\"2400\" height=\"1590\" \/>\r\n\r\n<span class=\"highlight-block-small\">Ez a k\u00e9t \u00e1bra j\u00f3l lefedi a kapusok v\u00e9d\u00e9si teljes\u00edtm\u00e9ny\u00e9t, \u00e9s kijelenthet\u0151, hogy a klasszikus kapuser\u00e9nyt illet\u0151en Piscitelli, Dibusz, Varga, Demj\u00e9n \u00e9s Megyeri biztosan kiemelkedik az NB I-es mez\u0151nyb\u0151l.<\/span>\r\n\r\nVan azonban m\u00e9g egy fontos faktor a kapusokkal kapcsolatban; ez pedig a kir\u00fag\u00e1s. A kir\u00fag\u00e1s t\u00edpus\u00e1b\u00f3l m\u00e1r lehet arra k\u00f6vetkeztetni, hogy milyen st\u00edlusban j\u00e1tszik egy csapat. Vannak, akik hosszan el\u0151re r\u00fagj\u00e1k a labd\u00e1t, hogy min\u00e9l t\u00e1volabb ker\u00fclj\u00f6n a kaput\u00f3l, \u00e9s egy esetleges labdaveszt\u00e9s ut\u00e1n ne tudjon azonnal g\u00f3lhelyzetbe ker\u00fclni az ellenf\u00e9l. Ez k\u00fcl\u00f6n\u00f6sen azokn\u00e1l a csapatokn\u00e1l hat\u00e1sos, amelyeknek van egy j\u00f3l megtermett k\u00f6z\u00e9pcsat\u00e1ra, aki a fel\u00edvelt labd\u00e1t meg tudja tartani vagy tov\u00e1bb tudja cs\u00fasztatni vesz\u00e9lyes ter\u00fcletre. M\u00e1sok viszont ink\u00e1bb h\u00e1tulr\u00f3l \u00e9p\u00edtik fel a t\u00e1mad\u00e1st, ezzel is cs\u00f6kkentve a labdaveszt\u00e9s kock\u00e1zat\u00e1t. Ez f\u0151leg a labdabiztos csapatokn\u00e1l m\u0171k\u00f6dik, amelyek k\u00e9pesek kij\u00e1tszani az ellenf\u00e9l let\u00e1mad\u00e1s\u00e1t. Ut\u00f3bbi t\u00edpus az\u00f3ta kapott nagy figyelmet \u00e9s jelent\u0151s\u00e9get, hogy a 2019\/2020-as szezont\u00f3l v\u00e1ltoztattak a szab\u00e1lyokon, \u00e9s a kapus m\u00e1r a tizenhatoson bel\u00fcl l\u00e9v\u0151 csapatt\u00e1rs\u00e1nak is odapasszolhatja a labd\u00e1t.\r\n\r\nKapuskir\u00fag\u00e1sb\u00f3l alapvet\u0151en kett\u0151t k\u00fcl\u00f6nb\u00f6ztet\u00fcnk meg; a r\u00f6videt, ami a negyven m\u00e9tern\u00e9l r\u00f6videbb passzokat jelenti, \u00e9s a hossz\u00fat, ami a negyven m\u00e9tern\u00e9l hosszabbakat. Mivel itt m\u00e1r nem egy-egy kapus teljes\u00edtm\u00e9ny\u00e9t \u00e9rt\u00e9kelj\u00fck, hanem a csapatok st\u00edlus\u00e1ra vagyunk k\u00edv\u00e1ncsiak, az \u00f6sszes kapus statisztik\u00e1j\u00e1t figyelembe vett\u00fck.\r\n\r\nM\u00e9g a 2022-es katari vil\u00e1gbajnoks\u00e1g els\u0151 napjaiban k\u00e9sz\u00fclt egy elemz\u00e9s arr\u00f3l, hogy a st\u00edlusle\u00edr\u00f3 mutat\u00f3kban hogyan v\u00e1ltozott a futball a 2014-es \u00e9s a 2018-as vil\u00e1gbajnoks\u00e1ghoz k\u00e9pest. Ebb\u0151l az der\u00fclt ki, hogy a braz\u00edliai vb-hez k\u00e9pest tizenh\u00e1rom, az oroszhoz k\u00e9pest tizenegy m\u00e9terrel cs\u00f6kkent a kapuskir\u00fag\u00e1sok \u00e1tlagos hossza. Az \u00f6t eur\u00f3pai topliga adatain is egy\u00e9rtelm\u0171en l\u00e1tszik, hogy a kapuskir\u00fag\u00e1sok hossza cs\u00f6kken\u0151 tendenci\u00e1t mutat.\r\n\r\nAz NB I mostani adatai alapj\u00e1n kijelenthet\u0151, hogy a Ferencv\u00e1ros a kapuskir\u00fag\u00e1sokat tekintve egy\u00e9rtelm\u0171en lek\u00f6veti a nemzetk\u00f6zi futball trendj\u00e9t. A listavezet\u0151 kir\u00fag\u00e1sainak 78 sz\u00e1zal\u00e9ka 40 m\u00e9tern\u00e9l r\u00f6videbb, teh\u00e1t a Fradi h\u00e1tulr\u00f3l kezdi meg az \u00e9p\u00edtkez\u00e9st. A Vasas (55 sz\u00e1zal\u00e9k) \u00e9s a Feh\u00e9rv\u00e1r (53 sz\u00e1zal\u00e9k) eset\u00e9ben is magasabb a r\u00f6vid kir\u00fag\u00e1sok ar\u00e1nya, m\u00edg a Debrecen kir\u00fag\u00e1sai teljesen kisz\u00e1m\u00edthatatlanok (50-50 sz\u00e1zal\u00e9k). Minden m\u00e1s csapat eset\u00e9ben t\u00f6bb a hossz\u00fa kir\u00fag\u00e1s, mint a r\u00f6vid, k\u00f6z\u00fcl\u00fck is a Kecskem\u00e9t (8-92 sz\u00e1zal\u00e9k) \u00e9s a Paks (13-87 sz\u00e1zal\u00e9k) v\u00e1lasztja a legt\u00f6bbsz\u00f6r ezt a megold\u00e1st. Ennek a k\u00e9t csapatnak a kapusai gyakorlatilag t\u00edzb\u0151l kilencszer mindig el\u0151re r\u00fagj\u00e1k a labd\u00e1t.\r\n\r\n<img class=\"alignnone size-full wp-image-8699\" src=\"https:\/\/sport24.24.hu\/app\/uploads\/sites\/24\/2023\/04\/4.png\" alt=\"\" width=\"2400\" height=\"1590\" \/>\r\n\r\nEzzel a sorrenddel szinte teljesen megegyezik az, amelyik a kapuskir\u00fag\u00e1sok \u00e1tlagos hossz\u00e1t szeml\u00e9lteti. A Ferencv\u00e1ros kir\u00fag\u00e1sai \u00e1tlagosan 25 m\u00e9ter messzire mennek, az aktu\u00e1lis c\u00edmv\u00e9d\u0151t k\u00f6vet\u0151 Vasas, Feh\u00e9rv\u00e1r \u00e9s Debrecen kapusai pedig 38 m\u00e9terre r\u00fagj\u00e1k a labd\u00e1t. Az NB I mez\u0151ny\u00e9nek fele \u00e1tlagban 40-50 m\u00e9teres kir\u00fag\u00e1sokkal j\u00e1tszik, m\u00edg a Paks 52, a Kecskem\u00e9t 58 m\u00e9terre r\u00fagja el a labd\u00e1t saj\u00e1t kapuj\u00e1t\u00f3l.\r\n\r\n<img class=\"alignnone size-full wp-image-8700\" src=\"https:\/\/sport24.24.hu\/app\/uploads\/sites\/24\/2023\/04\/5.png\" alt=\"\" width=\"2400\" height=\"1590\" \/>\r\n\r\nEzek tudat\u00e1ban \u00e9rdemes megvizsg\u00e1lni, hogy pontosan hov\u00e1 is mennek ezek a passzok. Az al\u00e1bbi \u00e1br\u00e1n z\u00f3n\u00e1nk\u00e9nti bont\u00e1sban l\u00e1that\u00f3, hogy az egyes csapatok kapusai hov\u00e1 r\u00fagj\u00e1k ki a labd\u00e1t. Min\u00e9l s\u00f6t\u00e9tebb egy z\u00f3na, ann\u00e1l kevesebb kir\u00fag\u00e1s ment oda a liga\u00e1tlaghoz k\u00e9pest, min\u00e9l vil\u00e1gosabb, ann\u00e1l t\u00f6bb. A Ferencv\u00e1ros eset\u00e9ben nagyon l\u00e1tv\u00e1nyos, hogy a legt\u00f6bb kir\u00fag\u00e1s el sem hagyja a tizenhatos ter\u00fclet\u00e9t. Dibusz\u00e9k teh\u00e1t a legk\u00f6zelebb \u00e1ll\u00f3 embernek passzolj\u00e1k oda a labd\u00e1t, \u00e9s a Ferencv\u00e1ros t\u00e1mad\u00e1sa h\u00e1tulr\u00f3l fejl\u0151dik fel. A Feh\u00e9rv\u00e1r \u00e9s a Vasas kapusai m\u00e1r gyakrabban v\u00e1ltogatj\u00e1k, hogy hov\u00e1 r\u00fagj\u00e1k a labd\u00e1t, de m\u00e9g n\u00e1luk is nagyon sok marad a tizenhatoson bel\u00fcl. Ha m\u00e9gis elr\u00fagj\u00e1k, akkor a Feh\u00e9rv\u00e1r a bal oldalt, a Vasas ink\u00e1bb a jobb oldalt prefer\u00e1lja. A legt\u00f6bb csapatra jellemz\u0151, hogy a magas, j\u00f3l fejel\u0151 k\u00f6z\u00e9pcsat\u00e1r\u00e1t keresi a leggyakrabban; ilyen p\u00e9ld\u00e1ul a Kecskem\u00e9t (<strong>T\u00f3th Barna<\/strong>), a Kisv\u00e1rda (<strong>Jasmin Mesanovic<\/strong>), a Honv\u00e9d (<strong>Nenad Lukic<\/strong>) vagy a Paks (<strong>Varga Barnab\u00e1s<\/strong>). Ez a jelens\u00e9g a Paks, a Kisv\u00e1rda \u00e9s a Kecskem\u00e9t \u00e1br\u00e1j\u00e1n l\u00e1tszik a legjobban \u2013 k\u00f6z\u00fcl\u00fck is a Kecskem\u00e9t\u00e9 \u00e9rdekes, amely gyakorlatilag meg sem pr\u00f3b\u00e1lja h\u00e1tul megj\u00e1tszani a labd\u00e1t, hanem az ellenf\u00e9l t\u00e9rfel\u00e9re, vagy egyenesen a t\u00e1mad\u00f3harmadba r\u00fagja \u00e1t.\r\n\r\n<img class=\"alignnone size-full wp-image-8701\" src=\"https:\/\/sport24.24.hu\/app\/uploads\/sites\/24\/2023\/04\/6.png\" alt=\"\" width=\"2400\" height=\"1590\" \/>\r\n\r\nMindez persze csak a csapatok st\u00edlus\u00e1nak le\u00edr\u00e1s\u00e1ra szolg\u00e1l, eredm\u00e9nyess\u00e9ggel kapcsolatos \u00f6sszef\u00fcgg\u00e9st neh\u00e9z lenne kik\u00f6vetkeztetni bel\u0151le. A Ferencv\u00e1ros kicsiben oldja meg a kir\u00fag\u00e1sokat, \u00fagy els\u0151, mik\u00f6zben a szint\u00e9n h\u00e1tulr\u00f3l \u00e9p\u00edtkez\u0151 Vasas utols\u00f3, a Feh\u00e9rv\u00e1r pedig a kies\u00e9s ellen k\u00fczd. A Kecskem\u00e9t \u00e9s a Paks \u00e1tr\u00fagja a labd\u00e1t az ellenf\u00e9l t\u00e9rfel\u00e9re, \u00edgy m\u00e1sodik \u00e9s harmadik, de p\u00e9ld\u00e1ul a Kisv\u00e1rda hasonl\u00f3an hossz\u00fa kir\u00fag\u00e1sok mellett csak hatodik.\r\n\r\n<span class=\"highlight-block-small\">Ett\u0151l f\u00fcggetlen\u00fcl az j\u00f3l l\u00e1tszik, hogy melyik csapat hogy pr\u00f3b\u00e1l meg \u00e9rv\u00e9nyes\u00fclni, amikor \u0151 kezdem\u00e9nyezhet t\u00e1mad\u00e1st.<\/span>\r\n\r\n<em>A szerz\u0151 Kov\u00e1cs G\u00e1bor, az MLSZ adatelemz\u0151je.\u00a0<\/em>","type":"rich","thumbnail_url":"https:\/\/s.24.hu\/app\/uploads\/sites\/24\/2023\/04\/dibusz-denes-150x150.jpg","thumbnail_width":150,"thumbnail_height":150}