{"version":"1.0","provider_name":"Sport24","provider_url":"https:\/\/sport24.24.hu","author_name":"Bruckner G\u00e1bor","author_url":"https:\/\/sport24.24.hu\/author\/brucknerg\/","title":"Ember nincs, aki megmondan\u00e1, melyik csapat lesz a brazil bajnoks\u00e1g befut\u00f3ja","html":"\u00d6sszehasonl\u00edt\u00e1sk\u00e9ppen: ugyanezen id\u0151szakban Franciaorsz\u00e1gban \u00e9s N\u00e9metorsz\u00e1gban 9-9, Olaszorsz\u00e1gban \u00e9s Angli\u00e1ban 11-11 klub \u00e9rt fel a cs\u00facsra. A kiegyenl\u00edtetts\u00e9g \u00e9s a kisz\u00e1m\u00edthatatlans\u00e1g teh\u00e1t igazolt, de hogy is ne lenne az egy olyan orsz\u00e1gban, amelyben 12 \u201enagycsapatr\u00f3l\u201d besz\u00e9lnek. Ami miatt a futball nemzetk\u00f6zi statisztik\u00e1ival foglalkoz\u00f3 \u2013 olykor meglep\u0151 eredm\u00e9nyekkel el\u0151rukkol\u00f3 \u2013 IFFHS a vil\u00e1g legjobb bajnoks\u00e1g\u00e1nak tartja a Brasileira\u00f3t, az nem m\u00e1s, mint a saj\u00e1t kontinens\u00e9n bel\u00fcli dominancia. Brazil csapatok nyert\u00e9k a legut\u00f3bbi n\u00e9gy Libertadores Kupa-d\u00f6nt\u0151t, \u00e9s egym\u00e1s k\u00f6z\u00f6tt j\u00e1tszott\u00e1k a legut\u00f3bbi h\u00e1rmat.\r\n\r\nA brazil futball az orsz\u00e1g n\u00e9pess\u00e9g\u00e9b\u0151l \u00e9s anyagi lehet\u0151s\u00e9geib\u0151l ered\u0151 er\u0151f\u00f6l\u00e9ny\u00e9t ennyire m\u00e9g sosem juttatta \u00e9rv\u00e9nyre, igaz, maga a labdar\u00fag\u00e1s sem sz\u00f3lt m\u00e9g soha ennyire az p\u00e9nzr\u0151l. A Pluri Consultoria \u00e1ltal h\u00e1rom \u00e9s f\u00e9l \u00e9ve k\u00e9sz\u00edtett felm\u00e9r\u00e9s szerint\r\n\r\n<span class=\"highlight-block\">D\u00e9l-Amerika t\u00edz legnagyobb bev\u00e9telt produk\u00e1l\u00f3 csapata k\u00f6z\u00fcl h\u00e9t brazil. <\/span>\r\n\r\nAmennyiben az\u00f3ta ebben jelent\u0151s v\u00e1ltoz\u00e1s t\u00f6rt\u00e9nt, az val\u00f3sz\u00edn\u0171leg az ar\u00e1nyok tov\u00e1bbi Ri\u00f3 fel\u00e9 tol\u00f3d\u00e1s\u00e1t jelentheti.\r\n\r\n<img class=\"size-full wp-image-8583\" src=\"https:\/\/sport24.24.hu\/app\/uploads\/sites\/24\/2023\/04\/055_agif474570-masolat.jpg\" alt=\"\" width=\"2000\" height=\"1333\" \/>\r\n\r\nA brazil klubokn\u00e1l megjelen\u0151 befektet\u0151knek k\u00f6sz\u00f6nhet\u0151en el\u0151sz\u00f6r a tehets\u00e9gek fill\u00e9rek\u00e9rt t\u00f6rt\u00e9n\u0151 ki\u00e1rus\u00edt\u00e1sa hagyott al\u00e1bb, majd a brazil csapatok el\u0151bb K\u00edn\u00e1b\u00f3l \u00e9s bizonyos esetekben az arab t\u00e9rs\u00e9gb\u0151l kezdt\u00e9k el visszacs\u00e1b\u00edtani a futballist\u00e1kat, azt\u00e1n az eur\u00f3pai k\u00f6z\u00e9pmez\u0151nyben sz\u00e1mba vehet\u0151 j\u00e1t\u00e9kosok eset\u00e9ben v\u00e1ltak konkurenci\u00e1v\u00e1. Egy febru\u00e1rban elfogadott \u00faj szab\u00e1lyoz\u00e1s \u2013 amely alapj\u00e1n az eddigi 5-tel szemben m\u00e1r 7 k\u00fclf\u00f6ldi labdar\u00fag\u00f3 nevezhet\u0151 csapatonk\u00e9nt egy-egy tal\u00e1lkoz\u00f3ra \u2013 \u00faj kaput nyit: Braz\u00edlia jelent\u0151s futballistaimport\u0151rr\u00e9 v\u00e1lhat, egyel\u0151re \u201ecsak\u201d a k\u00f6rnyez\u0151 orsz\u00e1gok nagy \u00edg\u00e9reteinek megszerz\u00e9s\u00e9vel. Az edz\u0151k fele a rajtn\u00e1l m\u00e1r k\u00fclf\u00f6ldi: 6 portug\u00e1l \u00e9s 4 argentin ir\u00e1ny\u00edt egy\u00fcttest a Serie A-ban.\r\n\r\nA bajnoks\u00e1g ezekb\u0151l is \u00e9rz\u00e9kelhet\u0151 m\u00f3don fejl\u0151dik, de a 2023-as sorozat az\u00e9rt is jelent m\u00e1s min\u0151s\u00e9get, mint az el\u0151z\u0151, mert a kies\u0151 kiscsapatok hely\u00e9re n\u00e9gy kor\u00e1bbi bajnok (Cruzeiro, Vasco, Gr\u00e9mio, Bahia) jutott fel. Ett\u0151l f\u00fcggetlen\u00fcl a szak\u00e9rt\u0151k t\u00f6bbs\u00e9ge szerint most l\u00e9nyegesen kevesebb egy\u00fcttes p\u00e1ly\u00e1zik es\u00e9llyel a bajnoki c\u00edm elh\u00f3d\u00edt\u00e1s\u00e1ra, mint a kor\u00e1bbi \u00e9vekben.\r\n<div class=\"payable-content-section\"><\/div>\r\n<span class=\"highlight-block-small\">A Flamengo volt tavaly az egyetlen, Eur\u00f3p\u00e1n k\u00edv\u00fcli, amely bef\u00e9rt a h\u00fasz legnagyobb bev\u00e9tel\u0171 futballklub k\u00f6z\u00e9, emellett a Libertadores Kupa \u00e9s a Brazil Kupa c\u00edmv\u00e9d\u0151je is. <\/span>\r\n\r\nEz egy\u00fcttesen biztosan elegend\u0151 ahhoz, hogy favoritnak tekints\u00fck. Az m\u00e1s k\u00e9rd\u00e9s, hogy a g\u00e1rda m\u00e1r h\u00e1rom d\u00f6nt\u0151t (D\u00e9l-amerikai Szuperkupa, Brazil Szuperkupa, ri\u00f3i bajnoki fin\u00e1l\u00e9) vesztett el ebben az \u00e9vben, a klubv\u00e9b\u00e9n pedig az el\u0151d\u00f6nt\u0151ben bukott el. Hi\u00e1ba az egy\u00e9bk\u00e9nt roppant er\u0151s keret, a k\u00f6zelm\u00falt kudarcai miatt a Flamengo bizonytalans\u00e1gban v\u00e1g neki a bajnoks\u00e1gnak, miut\u00e1n menesztett portug\u00e1l mestere hely\u00e9t a m\u00e1sodik fordul\u00f3 el\u0151tt veszi \u00e1t <strong>Jorge Sampaoli<\/strong>. K\u00f6nny\u0171 dolga biztosan nem lesz.\r\n\r\nA Flamengo szurkol\u00f3i \u00e9s vezet\u0151i <strong>Jorge Jesus<\/strong> t\u00e1voz\u00e1sa \u00f3ta Jorge Jesust keresik, ennek a v\u00e1rakoz\u00e1snak pedig az el\u0151z\u0151 szezon v\u00e9g\u00e9n a tr\u00f3fe\u00e1kat gy\u0171jt\u0151 <strong>Dorival<\/strong> is \u00e1ldozatul esett. Jorge Jesus csak egy van, \u00e9s m\u00e9g helyt\u00e1ll\u00f3bb, hogy csak egyszer volt: akkor, 2019-ben a bajnoks\u00e1got, a Libertadores Kup\u00e1t \u00e9s a Brazil Kup\u00e1t is megnyerte a ri\u00f3i piros-feket\u00e9kkel. Azt\u00e1n a haz\u00e1ja legnagyobb klubja \u00e1ltal elcs\u00e1b\u00edtott edz\u0151 el\u0151bb el\u00e9g l\u00e1tv\u00e1nyosat zak\u00f3zott a Benfic\u00e1n\u00e1l, \u00e9s az\u00f3ta is ink\u00e1bb csak keresi r\u00e9gi \u00f6nmag\u00e1t, mintsem az eredm\u00e9nyeket halmozn\u00e1.\r\n\r\nAz \u0151 \u00e9let\u00e9ben az \u00faj Flamengo megtal\u00e1l\u00e1sa a k\u00fcldet\u00e9s, \u00e9s mi\u00e9rt ne ugyanott lenne, Ri\u00f3ban, ugyanann\u00e1l a klubn\u00e1l, ahol eredetileg is fellelhet\u0151 volt? Nehezen elker\u00fclhet\u0151 frigy ez, amely vagy egy kergetett \u00e1lomk\u00e9p v\u00e9gleges elhesseget\u00e9s\u00e9hez vagy hatalmas sikerekhez vezet majd egyszer, ha megval\u00f3sul. Az el\u0151bbire t\u00f6bb az es\u00e9ly.\r\n\r\nJorge Jesust teh\u00e1t szerett\u00e9k volna \u00fajra szerz\u0151dtetni, de neki a Fenerbahc\u00e9n\u00e1l a t\u00f6r\u00f6k szezon v\u00e9g\u00e9ig m\u00e9g biztosan feladatai vannak. \u00cdgy most a kor\u00e1bban m\u00e1r a Santosn\u00e1l \u00e9s az Atletico MG-n\u00e9l is megfordult Sampaolit kergetik majd \u0151r\u00fcletbe a <strong>Gabigol<\/strong> \u00e9s <strong>Pedro<\/strong> \u2013 a csapat k\u00e9t csat\u00e1rszt\u00e1rja \u2013 egy\u00fctt vagy k\u00fcl\u00f6n szerepeltet\u00e9s\u00e9re vonatkoz\u00f3 felvet\u00e9sek, na meg Jorge Jesus r\u00e9mk\u00e9pe. Mindenesetre az els\u0151 meccs\u00e9t a csapat megb\u00edzott edz\u0151 ir\u00e1ny\u00edt\u00e1s\u00e1val is 3-0-ra nyerte a Coritiba ellen.\r\n\r\n[caption id=\"attachment_8584\" align=\"alignnone\" width=\"2000\"]<img class=\"size-full wp-image-8584\" src=\"https:\/\/sport24.24.hu\/app\/uploads\/sites\/24\/2023\/04\/055_agif344677-masolat.jpg\" alt=\"\" width=\"2000\" height=\"1331\" \/> Jorge Jesus, a Flamengo kor\u00e1bbi edz\u0151je a magasban.[\/caption]\r\n\r\n<span class=\"highlight-block\">Sokak kedvenc\u00e9v\u00e9 v\u00e1lt a Fluminense, <\/span>\r\n\r\namely tal\u00e1n a legjobb form\u00e1ban \u00e9rkezik a bajnoki rajthoz, hiszen <a href=\"https:\/\/sport24.24.hu\/foci\/2023\/04\/12\/fernando-diniz-dinizizmus-brazilia-szovetsegi-kapitany-fluminense\/\">nagyszer\u0171 gy\u0151zelmet aratott<\/a> az \u00e1llami bajnoki d\u00f6nt\u0151ben a Flamengo f\u00f6l\u00f6tt, \u00e9s a Libertadores Kup\u00e1t, valamint a Brazil Kup\u00e1t is magabiztos gy\u0151zelemmel kezdte. Az els\u0151 fordul\u00f3ban az America MG vend\u00e9gek\u00e9nt 3-0-s sikert arattak <a href=\"https:\/\/sport24.24.hu\/foci\/2023\/04\/12\/fernando-diniz-dinizizmus-brazilia-szovetsegi-kapitany-fluminense\/\"><strong>Fernando Diniz<\/strong><\/a> tan\u00edtv\u00e1nyai egy meglep\u0151 m\u00e1sodik j\u00e1t\u00e9kr\u00e9sszel, amikor is a mester h\u00e1rom, mag\u00e1t kilencesk\u00e9nt komfortosan \u00e9rz\u0151 j\u00e1t\u00e9kost egyszerre k\u00fcld\u00f6tt a gyepre. Mindh\u00e1rman g\u00f3lt is l\u0151ttek.\r\n\r\nA Fluminense es\u00e9lyeinek realit\u00e1s\u00e1val kapcsolatban sz\u00e1mos k\u00e9rd\u00e9s akad. A keret megfelel\u0151-e ahhoz, hogy h\u00e1rom sorozatban is helyt\u00e1lljon, mik\u00f6zben Diniz semmir\u0151l nem akar lemondani? K\u00fcl\u00f6n\u00f6sen az\u00e9rt \u00e9rdekes ez, mert a j\u00e1t\u00e9kosok k\u00f6z\u00f6tti meg\u00e9rt\u00e9sre \u00e9s kapcsolatokra alapozott sziszt\u00e9m\u00e1ban a tr\u00e9ner nem igaz\u00e1n szeret rot\u00e1lni, kulcsfutballist\u00e1i k\u00f6z\u00fcl pedig t\u00f6bben is korosak: az argentin g\u00f3lzs\u00e1k, <strong>Cano<\/strong> p\u00e9ld\u00e1ul 35, <strong>Ganso<\/strong>, a csapat ir\u00e1ny\u00edt\u00f3ja 33, <strong>Marcelo<\/strong> 34 \u00e9ves. Meddig b\u00edrj\u00e1k majd a ri\u00f3i trikolor j\u00e1t\u00e9kosai Diniz szellemi frissess\u00e9get \u00e9s sok fut\u00e1st k\u00f6vetel\u0151 j\u00e1t\u00e9k\u00e1t?\r\n\r\nAzonban\r\n\r\n<span class=\"highlight-block-small\">a Flamengo igazi nagy riv\u00e1lisa egy\u00e9rtelm\u0171en a Sao Paul\u00f3-i Palmeiras, amely c\u00edmv\u00e9d\u0151, \u00e9s az el\u0151z\u0151 h\u00e1rom \u00e9vadban k\u00e9tszer a d\u00e9l-amerikai BL-t is megnyerte. <\/span>\r\n\r\nA Palmeiras ebben az id\u00e9nyben a Brazil Szuperkup\u00e1ban m\u00e1r fel\u00fclm\u00falta a Flameng\u00f3t, megnyerte a Sao Paul\u00f3-i \u00e1llami bajnoks\u00e1got is. Igazi ereje az \u00e1lland\u00f3s\u00e1g, ami a keret viszonylag apr\u00f3 v\u00e1ltoz\u00e1sait \u00e9s az edz\u0151 szem\u00e9ly\u00e9nek v\u00e1ltozatlans\u00e1g\u00e1t jelenti. <strong>Abel Ferreira<\/strong> mindezek mellett pragmatikusan \u00e9p\u00edti csapat\u00e1t, ugyanakkor, ha m\u00f3d van r\u00e1, a g\u00f3ler\u0151s futballt prefer\u00e1lja. Az is elk\u00e9pzelhet\u0151, hogy fontos t\u00e9nyez\u0151 lehet majd a szezonban a brazil j\u00e1t\u00e9kvezet\u0151i test\u00fclet \u00e1ltal meghirdetett \u201ez\u00e9r\u00f3 tolerancia a reklam\u00e1l\u00e1sokkal szemben\u201d.\r\n\r\nEnnek keret\u00e9ben 21 s\u00e1rgalapot sz\u00f3rtak ki a b\u00edr\u00f3k az els\u0151 fordul\u00f3ban, \u00e9s k\u00e9t edz\u0151t \u2013 k\u00f6zt\u00fck a Palmeiras portug\u00e1l tr\u00e9ner\u00e9t is \u2013 elk\u00fcldtek a padt\u00f3l. Az \u00faj hozz\u00e1\u00e1ll\u00e1s a d\u00e9l-amerikai futballban mark\u00e1nsan \u00e9s ideg\u0151rl\u0151en megjelen\u0151 perleked\u00e9s megsz\u00fcntet\u00e9s\u00e9vel n\u00f6velheti a meccsek \u00e9lvezeti \u00e9rt\u00e9k\u00e9t, emellett viszont szem\u00e9lyesen Abel Ferreira sz\u00e1m\u00e1ra k\u00fcl\u00f6n csap\u00e1ss\u00e1 is v\u00e1lhat, mert konfliktusai sz\u00e1ma a j\u00e1t\u00e9kvezet\u0151i teammel eddig messze meghaladta nemcsak az \u00e1tlagot, hanem a norm\u00e1list is.\r\n\r\nA Palmeiras a legut\u00f3bbi v\u00e1logatott keretbe h\u00e1rom j\u00e1t\u00e9kost is adott (<strong>Weverton, Raphael Vega, Rony<\/strong>), m\u00e9gis egy 16 \u00e9ves futballist\u00e1n a vil\u00e1g szeme: a teljes bajnoks\u00e1g els\u0151 g\u00f3lj\u00e1t <a href=\"https:\/\/sport24.24.hu\/foci\/2022\/11\/07\/endrick-palmeiras-brazilia\/\">a Real \u00e1ltal m\u00e1r szerz\u0151dtetett<\/a> <strong>Endrick<\/strong> l\u0151tte, a Palmeiras pedig 2-1-re megverte a Cuiab\u00e1t.\r\n\r\n[caption id=\"attachment_8585\" align=\"alignnone\" width=\"2000\"]<img class=\"size-full wp-image-8585\" src=\"https:\/\/sport24.24.hu\/app\/uploads\/sites\/24\/2023\/04\/055_agif518852-masolat.jpg\" alt=\"\" width=\"2000\" height=\"1333\" \/> Abel Ferreira, a Palmeiras edz\u0151je.[\/caption]\r\n\r\nA h\u00e1rom eml\u00edtett egy\u00fcttes mell\u00e9 biztos, hogy minden brazil hozz\u00e1tenne m\u00e9g kett\u0151t-h\u00e1rmat, mondjuk, a nemzetk\u00f6zi szint\u0171 j\u00e1t\u00e9kosokkal telet\u0171zdelt Corinthianst, a <strong>Hulk<\/strong> \u00e1ltal vezetett Atletico MG-t vagy az els\u0151 fordul\u00f3ban tizenegyest ront\u00f3 <strong>Luis Suarez<\/strong> f\u00e9mjelezte Gr\u00e9mi\u00f3t, de a bajnoks\u00e1g egyedi \u00edz\u00e9t tov\u00e1bbra is a fiatal tehets\u00e9gek v\u00e1ratlan felbukkan\u00e1sa adja majd. <strong>Bruninh\u00f3ra<\/strong> (Bragantino), <strong>Alexenderre<\/strong> (Fluminense), <strong>Matheus Franc\u00e1ra<\/strong> (Flamengo), <strong>Marlon Gomezre<\/strong> \u00e9s <strong>Andrey Santosra<\/strong> (Vasco) m\u00e1r most eg\u00e9szen biztosan \u00e9rdemes legal\u00e1bb egy meccsnyi id\u0151t sz\u00e1nni. A helyiek ezt \u00e9rz\u00e9kelik is:\r\n\r\n<span class=\"highlight-block-small\">az el\u0151z\u0151 t\u00edz \u00e9v egyetlen bajnoki rajtj\u00e1ra sem voltak annyian k\u00edv\u00e1ncsiak a stadionokban, mint a mostanira. <\/span>\r\n\r\nA 23 ezret meghalad\u00f3 \u00e1tlagn\u00e9z\u0151sz\u00e1m 3500-zal m\u00falja fel\u00fcl az \u00e9vtizedes cs\u00facsot, \u00e9s ez k\u00fcl\u00f6n\u00f6sen az\u00e9rt nagy sz\u00e1m, mert az \u00e1llami bajnoks\u00e1gok dr\u00e1mai v\u00e9gj\u00e1t\u00e9k\u00e1t k\u00f6veti a nyit\u00e1ny, m\u00e1rpedig mindenki tudja: szeptember el\u0151tt szinte r\u00e1pillantani sem \u00e9rdemes a tabell\u00e1ra.\r\n\r\n[prefabricated_shortcode in_app=\"0\" code=\"%3Cdiv%20class%3D%22article_box_border%22%20style%3D%22background%3A%20url%28%27https%3A%2F%2F24.p3k.hu%2Fapp%2Fuploads%2Fsites%2F24%2F2021%2F05%2Fsport24-pattern.png%27%29%20no-repeat%20left%20-16px%20%23f3f3f4%3B%20border%3A%20none%3B%22%3E%0D%0A%3Cdiv%20class%3D%22article_solidheader%22%3E%0D%0A%3Ch2%20style%3D%22color%3A%20%23111115%21important%3B%20font-size%3A%2036px%3B%20font-weight%3A%20bold%3B%20margin-bottom%3A%2030px%3B%20margin-top%3A%2020px%3B%20text-align%3A%20center%3B%20line-height%3A%2036px%3B%22%3E%3Cimg%20class%3D%22aligncenter%20size-full%20wp-image-141%22%20src%3D%22https%3A%2F%2F24.p3k.hu%2Fapp%2Fuploads%2Fsites%2F24%2F2021%2F05%2Fs24-logo-dt.png%22%20alt%3D%22%22%20width%3D%22408%22%20height%3D%2290%22%20%2F%3E%3C%2Fh2%3E%0D%0A%3Ch2%20style%3D%22color%3A%20%23111115%21important%3B%20font-size%3A%2036px%3B%20font-weight%3A%20bold%3B%20margin-bottom%3A%2030px%3B%20margin-top%3A%2020px%3B%20text-align%3A%20center%3B%20line-height%3A%2040px%3B%22%3ECsatlakozz%20a%20Sport24%20k%C3%B6z%C3%B6ss%C3%A9ghez%2C%20mondd%20el%20v%C3%A9lem%C3%A9nyedet%20z%C3%A1rt%20Facebook-csoportunkban%2C%20%C3%A9s%20vegy%C3%A9l%20r%C3%A9szt%20csak%20el%C5%91fizet%C5%91knek%20el%C3%A9rhet%C5%91%20exkluz%C3%ADv%20esem%C3%A9nyeinken.%3C%2Fh2%3E%0D%0A%3C%2Fdiv%3E%0D%0A%3Cp%20style%3D%22background%3A%20%2357A600%3B%20margin-top%3A%2020px%3B%20padding%3A%2020px%3B%20text-align%3A%20center%3B%22%3E%3Ca%20style%3D%22color%3A%20%23ffffff%3B%20font-size%3A%2026px%3B%20font-weight%3A%20600%3B%22%20href%3D%22https%3A%2F%2Fwww.facebook.com%2Fgroups%2F212344460412327%22%3ECSATLAKOZOM%3C%2Fa%3E%3C%2Fp%3E%0D%0A%0D%0A%3C%2Fdiv%3E\"]","type":"rich","thumbnail_url":"https:\/\/s.24.hu\/app\/uploads\/sites\/24\/2023\/04\/056_gustavorabelo_atletico-bragantino_05122021-104-masolat-150x150.jpg","thumbnail_width":150,"thumbnail_height":150}