{"version":"1.0","provider_name":"Sport24","provider_url":"https:\/\/sport24.24.hu","author_name":"Fut\u00f3 Csaba","author_url":"https:\/\/sport24.24.hu\/author\/futocs\/","title":"Fiatalabb a Nizza csapatkapit\u00e1ny\u00e1n\u00e1l az \u00faj edz\u0151, aki m\u00e1r 16 \u00e9vesen csal\u00e1dapa volt","html":"Franciaorsz\u00e1g \u00f6t\u00f6dik legnagyobb v\u00e1rosa Nizza, ami a maga 343 ezres lakoss\u00e1gsz\u00e1m\u00e1val nagyj\u00e1b\u00f3l akkora, mintha k\u00e9tszer \u00f6sszeadn\u00e1nk Gy\u0151rt. Amikor id\u00e9n janu\u00e1rban a Francia Kup\u00e1ban kikaptak a \u201ehelyi F\u00f3tt\u00f3l\u201d (Le Puy, l\u00e9leksz\u00e1m: 19 ezer), tudni lehetett, hogy a Cote d\u2019Azur\u00f6n vannak bajok.\r\n\r\nA vezet\u0151edz\u0151, <strong>Lucien Favre<\/strong> \u00e9vekkel ezel\u0151tt m\u00e1r sikerrel z\u00e1rt egy ciklust, a m\u00e1sodik elj\u00f6vetele viszont t\u00fals\u00e1gosan elh\u00faz\u00f3dott. Minden, ami jellemz\u0151 volt Favre-ra, mintha megkopott volna. A Nice nem j\u00e1tszott se sz\u00e9pen, se j\u00f3l, a fiatalok nem vett\u00e9k \u00e1t a staf\u00e9tabotot, \u00e9s a r\u00e9giek sem \u00e9rezt\u00e9k, hogy k\u00f6z\u00f6ss\u00e9get kellene v\u00e1llalniuk. A Nizza az amat\u0151r csapat elleni kies\u00e9s mellett vesz\u00e9lyesen k\u00f6zel ker\u00fclt a kies\u0151z\u00f3n\u00e1hoz (Franciaorsz\u00e1g j\u00f6v\u0151re 20-r\u00f3l 18 csapatra v\u00e1lt, emiatt az id\u00e9n n\u00e9gyen esnek ki), ez\u00e9rt a vezet\u0151s\u00e9g megk\u00f6sz\u00f6nte Favre munk\u00e1j\u00e1t.\r\n\r\n<img class=\"alignnone size-full wp-image-8567\" src=\"https:\/\/sport24.24.hu\/app\/uploads\/sites\/24\/2023\/04\/lucien-favre.jpg\" alt=\"\" width=\"2360\" height=\"1574\" \/>\r\n\r\nA francia klubtulajok ilyenkor nem szoktak kock\u00e1zatot v\u00e1llalni. Aki \u00e9v k\u00f6zben edz\u0151t v\u00e1lt, az nem projektet akar \u00e9p\u00edteni, hanem k\u00e1rt menteni, ez\u00e9rt sokan ilyenkor a m\u00e1r ismert, c\u00edmet utolj\u00e1ra 10+ \u00e9ve nyer\u0151, m\u00e1r-m\u00e1r csak a nev\u00fckb\u0151l \u00e9l\u0151 t\u0171zolt\u00f3kat h\u00edvj\u00e1k a l\u00e1ngokhoz: ami Angli\u00e1ban <strong>Sam Allardyce<\/strong>, <strong>Guus Hiddink<\/strong> \u00e9s <strong>Steve Bruce<\/strong>, Spanyolorsz\u00e1gban <strong>Jos\u00e9 Luis Mendilibar<\/strong>, az Franciaorsz\u00e1gban <strong>Michel Der Zakarian<\/strong>, <strong>Eric Roy<\/strong> vagy <strong>Antoine Kombouar\u00e9<\/strong>.\r\n\r\nViszont mintha mostan\u00e1ban ez is v\u00e1ltozna. A Troyes \u2013 a City Group r\u00e9szek\u00e9nt \u2013 ink\u00e1bb a saj\u00e1t h\u00e1l\u00f3zat\u00e1b\u00f3l hozta el az eddig csak a Melbourne-ben dolgoz\u00f3 <strong>Patrick Kisnorb\u00f3t<\/strong>, de a Strasbourg \u00e9s a Lorient is h\u00e1zon bel\u00fclr\u0151l l\u00e9ptette el\u0151 a jelenlegi edz\u0151j\u00e9t. A Reims \u0151sszel szint\u00e9n nem egy \u00f6reg h\u00e1zmesterre b\u00edzta a h\u00e1zat, hanem a 30 \u00e9ves seg\u00e9det l\u00e9ptette el\u0151.\r\n\r\n<span class=\"highlight-block-small\">Will Still az\u00f3ta m\u00e1r a Coaches Voice-ban <a href=\"https:\/\/twitter.com\/CoachesVoice\/status\/1646166831693004800\">magyar\u00e1zza<\/a> a vil\u00e1gnak, hogyan p\u00f6rk\u00f6lt r\u00e1 a Paris Saint-Germain-re.<\/span>\r\n\r\nA Nizza is ezt az utat v\u00e1lasztotta. Favre ut\u00e1n nem egy \u201em\u00e1rkan\u00e9vre\u201d hajtott, hanem kiemelte a st\u00e1bj\u00e1b\u00f3l azt a 36 \u00e9ves <strong>Didier Digard-t<\/strong>, aki j\u00e1t\u00e9kosk\u00e9nt is t\u00f6bb \u00e9vig j\u00e1tszott a klubn\u00e1l.\r\n<div class=\"payable-content-section\"><\/div>\r\nDigard mindenki fej\u00e9ben \u00fagy \u00e9lt, mint egy k\u00f6z\u00e9pszer\u0171, \u00e1m \u00f6sszeszedett \u00e9s brusztol\u00f3s k\u00f6z\u00e9pp\u00e1ly\u00e1s, aki nem a focij\u00e1n, hanem a szem\u00e9lyis\u00e9g\u00e9n kereszt\u00fcl tesz rendet a p\u00e1ly\u00e1n. Megfordult kor\u00e1bban a PSG-n\u00e9l \u00e9s Spanyolorsz\u00e1gban is, \u00e1m egy t\u00e9rds\u00e9r\u00fcl\u00e9s miatt hamar abbahagyta a j\u00e1t\u00e9kot, igaz, szinte azonnal edz\u0151nek \u00e1llt. Most \u00fagy lett vezet\u0151edz\u0151, hogy csapatkapit\u00e1nya, a 39 \u00e9ves <strong>Dante<\/strong> id\u0151sebb n\u00e1la.\r\n\r\nDigard szinte tokostul rontott be. Els\u0151 meccs\u00e9n cip\u00f3ra vert\u00e9k a Montpellier-t, \u00e9s a r\u00e1k\u00f6vetkez\u0151 12 meccs\u00e9b\u0151l 8-at megnyert. Jelenleg \u00e9pp egy kisebb turbulenci\u00e1n mennek \u00e1t, \u00e1m a fordulat\u00e9rt \u00f6nmag\u00e1ban meg\u00e9rdemli a dics\u00e9retet. Amikor a j\u00e1t\u00e9kosait a gyors sikerekr\u0151l k\u00e9rdezt\u00e9k, szinte mindenki egy ir\u00e1nyba mutatott.\r\n<blockquote>Egy\u00e9rtelm\u0171en az edz\u0151 \u00e9rdeme<\/blockquote>\r\n\u2013 mondta <strong>Jordan Lotomba<\/strong>. \u201eA st\u00e1bj\u00e1val j\u00f3l dolgoznak, \u00f6nbizalmat adnak. Digard j\u00e1t\u00e9kos volt, ismeri az elv\u00e1r\u00e1sokat. Minden edz\u00e9sen arra \u00f6szt\u00f6n\u00f6z minket, hogy adjunk ki magunkb\u00f3l mindent.\u201d\r\n\r\nDigard-nak meglehet\u0151sen egyedi megjelen\u00e9se van. A meccseken kapucnis pulcsiban \u00e1ll a p\u00e1lya sz\u00e9l\u00e9n, \u00e1polt szak\u00e1ll\u00e1t hossz\u00fara n\u00f6vesztette, \u00e9s pontosan olyan \u00fctemben besz\u00e9l, mint <strong>Olivier Giroud<\/strong>: az \u00e1tlagos besz\u00e9dsebess\u00e9gn\u00e9l nagyj\u00e1b\u00f3l 20 sz\u00e1zal\u00e9kkal lassabban. Minden kor\u00e1bbi edz\u0151je az \u00e9retts\u00e9g\u00e9t szokta kiemelni, amihez hozz\u00e1j\u00e1rult, hogy m\u00e1r 16 \u00e9vesen gyermeke sz\u00fcletett (jelenleg \u00f6t gyereke van).\r\n\r\n\u201eDidier egy \u0151r\u00fclt\u201d \u2013 mondta r\u00f3la volt csapatt\u00e1rsa, az \u00e9vekkel kor\u00e1bban s\u00falyos aut\u00f3balesetet szenvedett <strong>Kevin Anin<\/strong>.\r\n<blockquote>Nem olyan volt, mint mi. Kamaszk\u00e9nt m\u00e1r gyereket nevelt, emiatt sokkal \u00e9rettebb volt. Rengeteget seg\u00edtett, mindig ott volt nekem.<\/blockquote>\r\n<img class=\"alignnone size-full wp-image-8566\" src=\"https:\/\/sport24.24.hu\/app\/uploads\/sites\/24\/2023\/04\/digard.jpg\" alt=\"\" width=\"1810\" height=\"1207\" \/>\r\n\r\nSzakmai n\u00e9zeteib\u0151l a nyitotts\u00e1got szokt\u00e1k kiemelni. Digard egyik elh\u00edres\u00fclt mond\u00e1sa, hogy \u201e\u00e9n d\u00f6nt\u00f6m el, hogy az ellenf\u00e9l hogyan hozhat engem neh\u00e9z helyzetbe\u201d. A sz\u00f3l\u00e1s kor\u00e1bbi edz\u0151j\u00e9t\u0151l, <strong>Quiqu\u00e9 Seti\u00e9nt\u0151l<\/strong> ered, akivel a Real Betisben dolgozott egy\u00fctt, \u00e9s aki saj\u00e1t bevall\u00e1sa szerint a legnagyobb hat\u00e1ssal volt edz\u0151i gondolkod\u00e1s\u00e1ra. \u201eK\u00e9szen \u00e1llt meghalni az elvei\u00e9rt, sosem vonta k\u00e9ts\u00e9gbe a filoz\u00f3fi\u00e1j\u00e1t az eredm\u00e9ny miatt. \u00c9n ugyan nem sz\u00e1nd\u00e9kozom meghalni, de ha m\u00e1r meg kell, akkor azt ink\u00e1bb a saj\u00e1t elveimmel teszem\u201d \u2013 mondta Digard Seti\u00e9nr\u0151l.\r\n\r\nTaktikailag n\u00e9zve Digard nem csavart t\u00fal nagyot a csapaton. A Favre idej\u00e9n elny\u00fal\u00f3 edz\u00e9sek id\u0151tartam\u00e1n \u00fagy r\u00f6vid\u00edtett, hogy k\u00f6zben n\u00f6velte az intenzit\u00e1sukat. A csapat agressz\u00edvebben l\u00e9p fel, jellemz\u0151en 4-3-3-as alakzatban, magas let\u00e1mad\u00e1ssal \u2013 labd\u00e1val pedig direktebben, c\u00e9lrat\u00f6r\u0151bben j\u00e1tszik. Janu\u00e1rban egy t\u00e9rds\u00e9r\u00fcl\u00e9s miatt elvesztett\u00e9k a k\u00f6lcs\u00f6nben j\u00e1tsz\u00f3 <strong>Nicolas P\u00e9p\u00e9t<\/strong>, <strong>Youcef Atalt<\/strong> vagy a Nantes-hoz igazolt <strong>Andy Delort-t<\/strong>, Digard-nak emiatt olyan akad\u00e9mist\u00e1kat kellett felhoznia, mint <strong>Antoine Mendy<\/strong>, <strong>Badredine Bouanani<\/strong> \u00e9s <strong>Billal Brahimi<\/strong>, akik hellyel-k\u00f6zzel kezdik megtal\u00e1lni a hely\u00fcket egy olyan klubn\u00e1l, amely sosem a j\u00e1t\u00e9kosnevel\u00e9sr\u0151l volt h\u00edres.\r\n\r\nA Nizza vezet\u0151i a b\u00e1tors\u00e1gon t\u00fal a p\u00e9nzt\u00e1rc\u00e1t is megvillantott\u00e1k. A tulajdonos <strong>Jim Ratcliffe-r\u0151l<\/strong> mostan\u00e1ban a Manchester United felv\u00e1s\u00e1rl\u00e1sa kapcs\u00e1n lehetett olvasni, \u00e9s a francia sajt\u00f3ban\r\n\r\n<span class=\"highlight-block-small\">nem ritk\u00e1k az olyan kritik\u00e1k, hogy csak az\u00e9rt v\u00e1s\u00e1rolta fel a Nizz\u00e1t, mert a k\u00f6zeli Monac\u00f3ban m\u0171k\u00f6dtet vitorl\u00e1s csapatot, ugyanakkor p\u00e9nz\u00fcgyileg olyannyira akt\u00edvak voltak, hogy Franciaorsz\u00e1gban a janu\u00e1ri \u00e1tigazol\u00e1si id\u0151szakban \u0151k k\u00f6lt\u00f6ttek a legt\u00f6bbet.<\/span>\r\n\r\nOlyan neveket siker\u00fclt igazolniuk, mint a v\u00e9delemben az\u00f3ta egy csap\u00e1sra be\u00e9p\u00fcl\u0151 <strong>Youssouf Ndayishimiye-t<\/strong>, vagy a Premier League klubok \u00e1ltal is figyelt <strong>Terem Moffit<\/strong>, aki az\u00f3ta k\u00e9t k\u00e9zzel sz\u00f3rja a g\u00f3lokat. A Nizza most a mozg\u00e1s \u00e9s a fizikalit\u00e1s egyedi kever\u00e9k\u00e9t testes\u00edti meg Franciaorsz\u00e1gban.\r\n\r\n<img class=\"alignnone size-full wp-image-8568\" src=\"https:\/\/sport24.24.hu\/app\/uploads\/sites\/24\/2023\/04\/digard1.jpg\" alt=\"\" width=\"5758\" height=\"3839\" \/>\r\n\r\nMint kider\u00fclt, az \u00e1polt szak\u00e1llnak k\u00fcl\u00f6n t\u00f6rt\u00e9nete van. Digard ugyan sosem besz\u00e9lt err\u0151l ny\u00edltan, de \u00e9vekkel ezel\u0151tt \u00e1tkonvert\u00e1lt a muzulm\u00e1n vall\u00e1sra, ami az\u00e9rt pik\u00e1ns r\u00e9szlet, mert a Nice-t tavaly edz\u0151, a jelenleg P\u00e1rizsban dolgoz\u00f3 <strong>Christophe Galtier-t<\/strong> azzal v\u00e1dolta meg a Nizza kor\u00e1bbi sportigazgat\u00f3ja, hogy a keret \u00f6ssze\u00e1ll\u00edt\u00e1sakor azt hangoztatta: t\u00fal sok a mohamed\u00e1n j\u00e1t\u00e9kos, ami nem felel meg az \u0151 \u00edzl\u00e9s\u00e9nek. Az \u00fcgy m\u00e9g csak p\u00e1r napja robbant ki, \u00e9s a peresked\u00e9sen k\u00edv\u00fcl m\u00e9g nem der\u00fclt f\u00e9ny minden r\u00e9szletre, Digard viszont sejtelmesen csak annyit <a href=\"https:\/\/www.sofoot.com\/breves\/la-verite-eclatera-promet-didier-digard-sur-laffaire-galtier\">mondott<\/a>:\r\n<blockquote>Hamarosan mindenki meg fogja tudni a teljes igazs\u00e1got. De ma m\u00e9g nem.<\/blockquote>\r\nDigard \u00e9rdeme, hogy a Nizza v\u00e1rhat\u00f3an a k\u00f6z\u00e9pmez\u0151nyben fogja z\u00e1rni az id\u00e9nyt, \u00e9s tal\u00e1n a Konferencia Liga-el\u0151d\u00f6nt\u0151be is el fognak jutni. Ha azon t\u00fal vezet az \u00fatjuk, akkor, ki tudja, tal\u00e1n m\u00e1s igazs\u00e1gokat is meg fogunk tudni Didier Digard-r\u00f3l.","type":"rich","thumbnail_url":"https:\/\/s.24.hu\/app\/uploads\/sites\/24\/2023\/04\/didier-digard-150x150.jpg","thumbnail_width":150,"thumbnail_height":150}